{"id":85,"date":"2022-04-05T12:52:19","date_gmt":"2022-04-05T12:52:19","guid":{"rendered":"https:\/\/blogsaverroes.juntadeandalucia.es\/eoeeatcadiz\/?page_id=85"},"modified":"2026-03-26T12:16:20","modified_gmt":"2026-03-26T12:16:20","slug":"enlaces","status":"publish","type":"page","link":"https:\/\/blogsaverroes.juntadeandalucia.es\/eoeeatcadiz\/enlaces-2\/enlaces\/","title":{"rendered":"ENLACES GENERALES"},"content":{"rendered":"<ul>\n<li><a href=\"https:\/\/orientacioncadiz.com\/\"><span style=\"color: #000080\">ORIENTACI\u00d3N C\u00c1DIZ<\/span><\/a><\/li>\n<li><a href=\"https:\/\/blogsaverroes.juntadeandalucia.es\/eoeespecializadocadiz\/\"><span style=\"color: #00ccff\">EOE-ESPECIALIZADO C\u00c1DIZ<\/span><\/a><\/li>\n<li><span style=\"color: #000080\">&nbsp;<a style=\"color: #000080\" href=\"https:\/\/equipotecnicoorientaciongranada.files.wordpress.com\/2019\/04\/0001.jpg\">IMAGEN CALENDARIO DE DESARROLLO 0-18 MESES<\/a><\/span><\/li>\n<li><a href=\"http:\/\/www.atenciontemprana-atai.es\/\"><span style=\"color: #00ccff\">ATAI (ASOCIACI\u00d3N INTERPROFESIONAL DE A.T. ANDALUCIA)<\/span><\/a><\/li>\n<li><a href=\"https:\/\/atenciontemprana.w2web.es\/\"><span style=\"color: #000080\">PLATAFORMA ANDALUC\u00cdA ATENCI\u00d3N TEMPRANA<\/span><\/a><\/li>\n<li><a href=\"http:\/\/orientacion.edurioja.org\/index.php\/cen03\"><span style=\"color: #00ccff\">ORIENTACI\u00d3N ED. LA RIOJA CENTROS 0-3 A\u00d1OS<\/span><\/a><\/li>\n<li><span style=\"color: #000080\"><a style=\"color: #000080\" href=\"http:\/\/atenciontempranayfamilia.blogspot.com.es\/\">ATENCI\u00d3N TEMPRANA Y FAMILIA<\/a><\/span><\/li>\n<li><a href=\"http:\/\/blog.tiching.com\/descubre-la-filosofia-de-las-escuelas-de-reggio-emilia\/\"><span style=\"color: #00ccff\">REGGIO EMILIA (Blog Tiching)<\/span><\/a><\/li>\n<li><a href=\"https:\/\/equipotecnicoorientaciongranada.files.wordpress.com\/2019\/04\/32.pdf\"><span style=\"color: #000080\">CRITERIOS DE CALIDAD ESTIMULAR 0-3 A\u00d1OS (REGI\u00d3N MURCIA)<\/span><\/a><\/li>\n<li><a href=\"https:\/\/poetisainsomne.com\/\"><span style=\"color: #00ccff\">POETISA INSOMNE<\/span><\/a><\/li>\n<li><a href=\"https:\/\/estimulaciontempranaydesarrollo.wordpress.com\/\"><span style=\"color: #000080\">BLOG ESTIMULACI\u00d3N TEMPRANA Y DESARROLLO INFANTIL<\/span><\/a><\/li>\n<li><a href=\"http:\/\/www.lauraestremera.com\/\"><span style=\"color: #00ccff\">LAURA ESTREMERA<\/span><\/a><\/li>\n<li><span style=\"color: #000080\"><a style=\"color: #000080\" href=\"https:\/\/ellocopeda.wordpress.com\/atencion-temprana\/a-t-videos\/\">V\u00cdDEOS Atenci\u00f3n Temprana (Blog El Locopeda)<\/a><\/span><\/li>\n<li><span style=\"color: #00ccff\"><a style=\"color: #00ccff\" href=\"https:\/\/rosinauriarte.com\/\">ROSINA URIARTE<\/a><\/span><\/li>\n<li><a href=\"https:\/\/educacion.once.es\/\"><span style=\"color: #000080\">EDUCACI\u00d3N ONCE<\/span><\/a><\/li>\n<li><span style=\"color: #00ccff\"><a style=\"color: #00ccff\" href=\"http:\/\/escuelainfantilandalucia.blogspot.com\/\">ESCUELAINFANTIL.ANDALUCIA<\/a><\/span><\/li>\n<li><span style=\"color: #000080\"><a style=\"color: #000080\" href=\"https:\/\/cadizaccesible.org\/que-hacemos\/\">C\u00c1DIZ ACCESIBLE<\/a><\/span><\/li>\n<li><span style=\"color: #00ccff\"><a style=\"color: #00ccff\" href=\"https:\/\/gloriapomares.com\/blog-ortopedia-infantil\/\">APRENDE ORTOPEDIA INFANTIL CON GLORIA POMARES<\/a><\/span><\/li>\n<li><a href=\"https:\/\/elsonidodelahierbaalcrecer.com\/\"><span style=\"color: #000080\">EL SONIDO DE LA HIERBA AL CRECER &#8211; AUTISMO<\/span><\/a><\/li>\n<\/ul>\n","protected":false},"excerpt":{"rendered":"<p>ORIENTACI\u00d3N C\u00c1DIZ EOE-ESPECIALIZADO C\u00c1DIZ &nbsp;IMAGEN CALENDARIO DE DESARROLLO 0-18 MESES ATAI (ASOCIACI\u00d3N INTERPROFESIONAL DE A.T. ANDALUCIA) PLATAFORMA ANDALUC\u00cdA ATENCI\u00d3N TEMPRANA ORIENTACI\u00d3N ED. LA RIOJA CENTROS 0-3 A\u00d1OS ATENCI\u00d3N TEMPRANA Y FAMILIA REGGIO EMILIA (Blog Tiching) CRITERIOS DE CALIDAD ESTIMULAR 0-3 A\u00d1OS (REGI\u00d3N MURCIA) POETISA INSOMNE BLOG ESTIMULACI\u00d3N TEMPRANA Y DESARROLLO INFANTIL LAURA ESTREMERA V\u00cdDEOS Atenci\u00f3n &hellip; <\/p>\n<p class=\"link-more\"><a href=\"https:\/\/blogsaverroes.juntadeandalucia.es\/eoeeatcadiz\/enlaces-2\/enlaces\/\" class=\"more-link\">Continuar leyendo<span class=\"screen-reader-text\"> \u00abENLACES GENERALES\u00bb<\/span><\/a><\/p>\n","protected":false},"author":11827,"featured_media":0,"parent":150,"menu_order":1,"comment_status":"closed","ping_status":"closed","template":"","meta":{"ngg_post_thumbnail":0,"footnotes":""},"aioseo_notices":[],"_links":{"self":[{"href":"https:\/\/blogsaverroes.juntadeandalucia.es\/eoeeatcadiz\/wp-json\/wp\/v2\/pages\/85"}],"collection":[{"href":"https:\/\/blogsaverroes.juntadeandalucia.es\/eoeeatcadiz\/wp-json\/wp\/v2\/pages"}],"about":[{"href":"https:\/\/blogsaverroes.juntadeandalucia.es\/eoeeatcadiz\/wp-json\/wp\/v2\/types\/page"}],"author":[{"embeddable":true,"href":"https:\/\/blogsaverroes.juntadeandalucia.es\/eoeeatcadiz\/wp-json\/wp\/v2\/users\/11827"}],"replies":[{"embeddable":true,"href":"https:\/\/blogsaverroes.juntadeandalucia.es\/eoeeatcadiz\/wp-json\/wp\/v2\/comments?post=85"}],"version-history":[{"count":24,"href":"https:\/\/blogsaverroes.juntadeandalucia.es\/eoeeatcadiz\/wp-json\/wp\/v2\/pages\/85\/revisions"}],"predecessor-version":[{"id":1284,"href":"https:\/\/blogsaverroes.juntadeandalucia.es\/eoeeatcadiz\/wp-json\/wp\/v2\/pages\/85\/revisions\/1284"}],"up":[{"embeddable":true,"href":"https:\/\/blogsaverroes.juntadeandalucia.es\/eoeeatcadiz\/wp-json\/wp\/v2\/pages\/150"}],"wp:attachment":[{"href":"https:\/\/blogsaverroes.juntadeandalucia.es\/eoeeatcadiz\/wp-json\/wp\/v2\/media?parent=85"}],"curies":[{"name":"wp","href":"https:\/\/api.w.org\/{rel}","templated":true}]}}