{"id":1254,"date":"2022-12-09T17:45:18","date_gmt":"2022-12-09T16:45:18","guid":{"rendered":"https:\/\/blogsaverroes.juntadeandalucia.es\/eoepriegodecordoba\/?page_id=1254"},"modified":"2022-12-09T18:13:10","modified_gmt":"2022-12-09T17:13:10","slug":"almedinilla","status":"publish","type":"page","link":"https:\/\/blogsaverroes.juntadeandalucia.es\/eoepriegodecordoba\/almedinilla\/","title":{"rendered":"Almedinilla"},"content":{"rendered":"<p><img loading=\"lazy\" decoding=\"async\" class=\"aligncenter wp-image-1279 size-full\" src=\"https:\/\/blogsaverroes.juntadeandalucia.es\/eoepriegodecordoba\/files\/2022\/12\/almedinilla-1.jpeg\" alt=\"\" width=\"545\" height=\"350\" srcset=\"https:\/\/blogsaverroes.juntadeandalucia.es\/eoepriegodecordoba\/files\/2022\/12\/almedinilla-1.jpeg 545w, https:\/\/blogsaverroes.juntadeandalucia.es\/eoepriegodecordoba\/files\/2022\/12\/almedinilla-1-300x193.jpeg 300w\" sizes=\"(max-width: 545px) 100vw, 545px\" \/><\/p>\n<p>&nbsp;<\/p>\n<p><span style=\"font-size: 14pt\"><strong>Almedinilla,<\/strong><\/span> este peque\u00f1o pueblo rodeado de pe\u00f1as y olivos, se encuentra situado en el extremo Suroeste de la provincia de C\u00f3rdoba, formando parte de la Mancomunidad de la Subb\u00e9tica, que agrupa a catorce municipios del Sur de la provincia, dentro de la depresi\u00f3n Priego-Alcaudete. Su t\u00e9rmino presenta una marcada forma triangular con una extensi\u00f3n de 55,5 kil\u00f3metros cuadrados, siendo uno de los municipios de menor superficie de la provincia, de la que representa el 0,41%.<\/p>\n<p>Sus l\u00edmites se corresponden con los tres lados del tri\u00e1ngulo que la caracteriza: al Este con Alcal\u00e1 la Real (Ja\u00e9n), al Oeste con Priego de C\u00f3rdoba y al Sur con Montefr\u00edo (Granada).<\/p>\n<p>El t\u00e9rmino se asienta sobre terrenos quebrados cuyas alturas est\u00e1n comprendidas entre los 595 &nbsp;y 1095 mts. La zona sur, apoyada en las estribaciones de la Sierra del Albayate, es la m\u00e1s accidentada y de mayores alturas, mientras que en la parte Norte, las estribaciones de la Sierra del Jud\u00edo, dan lugar a terrenos algo menos sinuosos con cotas entre 600 y 800 mts.<\/p>\n<p>Las principales elevaciones monta\u00f1osas enclavadas en el t\u00e9rmino de nuestro municipio son las siguientes: la Sierra Vizc\u00e1ntar&nbsp;al Noroeste del t\u00e9rmino&nbsp;con una altitud media de 800 mts; el Cerro de la Cruz, situado al Este de Almedinilla con una altura de 828 mts; los Castillejos, situado en las estribaciones de la Sierra de Albayate, hacia el Sur del t\u00e9rmino municipal; y la Sierra de Castilla, situada en el extremo Sur.<\/p>\n<p>Almedinilla es un pueblo vivo y din\u00e1mico en el que el blanco de sus casas, mezclado con la roca de su Sierra, se confunde con el verde de su olivar, invit\u00e1ndote a un paseo en el tiempo.<\/p>\n<p>Hablar de Almedinilla es hablar de arqueolog\u00eda, de cultura, como lo hacen sus importantes yacimientos arqueol\u00f3gicos: la Villa Romana de \u201cEl Ruedo\u201d (Declarada B.I.C), una de las superficies m\u00e1s importantes de la Pen\u00ednsula, el Poblado Ibero de El Cerro de la Cruz tambi\u00e9n declarado B.I.C., de los pocos de Baja \u00c9poca Ib\u00e9rica excavados en Andaluc\u00eda y su Museo Hist\u00f3rico\u2013Arqueol\u00f3gico que contiene las extraordinarias piezas que est\u00e1n aportando estos Yacimientos, destacando la cer\u00e1mica ibera y el conjunto escult\u00f3rico de la Villa, sobre todo el dios grecorromano del sue\u00f1o: Hypnos&nbsp;o Somnus, cuyo estado la convierte en la m\u00e1s&nbsp;importante de las pocas conservadas en el mundo.<\/p>\n<p>Ya desde \u00e9poca romana esta localidad destaca por la calidad de sus aceites de oliva virgen extra, pertenecientes a la Denominaci\u00f3n de Origen Priego de C\u00f3rdoba, extra\u00eddos de los olivares que forman su bello paisaje por el que discurre el r\u00edo Caicena, habl\u00e1ndonos de historia, tradiciones, costumbres, que se reflejan en su rica gastronom\u00eda tradicional.<\/p>\n<p>&nbsp;<\/p>\n<p>M\u00e1s informaci\u00f3n:&nbsp; <a href=\"https:\/\/almedinilla.es\/\" target=\"_blank\" rel=\"noopener noreferrer\">Ayuntamiento de Almedinilla<\/a><\/p>\n","protected":false},"excerpt":{"rendered":"<p>&nbsp; Almedinilla, este peque\u00f1o pueblo rodeado de pe\u00f1as y olivos, se encuentra situado en el extremo Suroeste de la provincia de C\u00f3rdoba, formando parte de la Mancomunidad de la Subb\u00e9tica, que agrupa a catorce&#46;&#46;&#46;<\/p>\n","protected":false},"author":15677,"featured_media":0,"parent":0,"menu_order":0,"comment_status":"closed","ping_status":"closed","template":"","meta":{"_exactmetrics_skip_tracking":false,"_exactmetrics_sitenote_active":false,"_exactmetrics_sitenote_note":"","_exactmetrics_sitenote_category":0,"ngg_post_thumbnail":0,"footnotes":""},"aioseo_notices":[],"_links":{"self":[{"href":"https:\/\/blogsaverroes.juntadeandalucia.es\/eoepriegodecordoba\/wp-json\/wp\/v2\/pages\/1254"}],"collection":[{"href":"https:\/\/blogsaverroes.juntadeandalucia.es\/eoepriegodecordoba\/wp-json\/wp\/v2\/pages"}],"about":[{"href":"https:\/\/blogsaverroes.juntadeandalucia.es\/eoepriegodecordoba\/wp-json\/wp\/v2\/types\/page"}],"author":[{"embeddable":true,"href":"https:\/\/blogsaverroes.juntadeandalucia.es\/eoepriegodecordoba\/wp-json\/wp\/v2\/users\/15677"}],"replies":[{"embeddable":true,"href":"https:\/\/blogsaverroes.juntadeandalucia.es\/eoepriegodecordoba\/wp-json\/wp\/v2\/comments?post=1254"}],"version-history":[{"count":5,"href":"https:\/\/blogsaverroes.juntadeandalucia.es\/eoepriegodecordoba\/wp-json\/wp\/v2\/pages\/1254\/revisions"}],"predecessor-version":[{"id":1286,"href":"https:\/\/blogsaverroes.juntadeandalucia.es\/eoepriegodecordoba\/wp-json\/wp\/v2\/pages\/1254\/revisions\/1286"}],"wp:attachment":[{"href":"https:\/\/blogsaverroes.juntadeandalucia.es\/eoepriegodecordoba\/wp-json\/wp\/v2\/media?parent=1254"}],"curies":[{"name":"wp","href":"https:\/\/api.w.org\/{rel}","templated":true}]}}