{"id":277,"date":"2024-09-07T19:52:37","date_gmt":"2024-09-07T17:52:37","guid":{"rendered":"https:\/\/blogsaverroes.juntadeandalucia.es\/erasmuscomares\/?page_id=277"},"modified":"2024-09-07T20:12:46","modified_gmt":"2024-09-07T18:12:46","slug":"objetivos","status":"publish","type":"page","link":"https:\/\/blogsaverroes.juntadeandalucia.es\/erasmuscomares\/objetivos\/","title":{"rendered":"Objetivos"},"content":{"rendered":"<p dir=\"ltr\"><span style=\"font-size: 14pt\"><strong>\u00bfQu\u00e9 pretende el Plan Erasmus+?&nbsp;<\/strong><\/span><\/p>\n<ul>\n<li dir=\"ltr\">\n<p dir=\"ltr\" role=\"presentation\">En primer lugar, se busca<strong> convertir el centro en una ecoescuela<\/strong> en t\u00e9rminos estructurales y organizativos. Esto se lograr\u00e1 aprovechando nuestro entorno natural, la amplia experiencia en actividades medioambientales, la colaboraci\u00f3n con entidades locales y la creencia de que la educaci\u00f3n ambiental puede ser el eje central del Programa Erasmus +.<\/p>\n<\/li>\n<li dir=\"ltr\">\n<p dir=\"ltr\" role=\"presentation\">El segundo desaf\u00edo es <strong>promover la inclusi\u00f3n y la igualdad de oportunidades<\/strong>.<\/p>\n<\/li>\n<li dir=\"ltr\">\n<p dir=\"ltr\" role=\"presentation\">El tercero es <strong>impulsar la competencia digital<\/strong> tanto del profesorado como de los alumnos.&nbsp;<\/p>\n<\/li>\n<\/ul>\n<p>Para alcanzar estos retos, se han establecido los siguientes objetivos. En la p\u00e1gina de novedades se publicar\u00e1n todas las acciones que llevemos a cabo en el Plan Erasmus+, y aqu\u00ed se categorizar\u00e1n por objetivos vinculados.<\/p>\n<table style=\"width: 100%;border-collapse: collapse;background-color: #ffffff;height: 319px\">\n<tbody>\n<tr style=\"height: 287px\">\n<td style=\"width: 25%;height: 287px\"><img loading=\"lazy\" decoding=\"async\" class=\"aligncenter wp-image-282 \" src=\"https:\/\/blogsaverroes.juntadeandalucia.es\/erasmuscomares\/files\/2024\/09\/biodiversidad-e1725731916863-300x293.jpg\" alt=\"\" width=\"273\" height=\"267\"><\/td>\n<td style=\"width: 25%;height: 287px\"><img loading=\"lazy\" decoding=\"async\" class=\"aligncenter size-medium wp-image-287\" src=\"https:\/\/blogsaverroes.juntadeandalucia.es\/erasmuscomares\/files\/2024\/09\/media-2-300x300.png\" alt=\"\" width=\"300\" height=\"300\" srcset=\"https:\/\/blogsaverroes.juntadeandalucia.es\/erasmuscomares\/files\/2024\/09\/media-2-300x300.png 300w, https:\/\/blogsaverroes.juntadeandalucia.es\/erasmuscomares\/files\/2024\/09\/media-2-150x150.png 150w, https:\/\/blogsaverroes.juntadeandalucia.es\/erasmuscomares\/files\/2024\/09\/media-2-80x80.png 80w, https:\/\/blogsaverroes.juntadeandalucia.es\/erasmuscomares\/files\/2024\/09\/media-2.png 307w\" sizes=\"(max-width: 300px) 100vw, 300px\" \/><\/td>\n<td style=\"width: 25%;height: 287px\"><img loading=\"lazy\" decoding=\"async\" class=\"aligncenter size-medium wp-image-285\" src=\"https:\/\/blogsaverroes.juntadeandalucia.es\/erasmuscomares\/files\/2024\/09\/media-300x300.png\" alt=\"\" width=\"300\" height=\"300\" srcset=\"https:\/\/blogsaverroes.juntadeandalucia.es\/erasmuscomares\/files\/2024\/09\/media-300x300.png 300w, https:\/\/blogsaverroes.juntadeandalucia.es\/erasmuscomares\/files\/2024\/09\/media-150x150.png 150w, https:\/\/blogsaverroes.juntadeandalucia.es\/erasmuscomares\/files\/2024\/09\/media-80x80.png 80w, https:\/\/blogsaverroes.juntadeandalucia.es\/erasmuscomares\/files\/2024\/09\/media-320x320.png 320w, https:\/\/blogsaverroes.juntadeandalucia.es\/erasmuscomares\/files\/2024\/09\/media.png 365w\" sizes=\"(max-width: 300px) 100vw, 300px\" \/><\/td>\n<td style=\"width: 25%;height: 287px\"><img loading=\"lazy\" decoding=\"async\" class=\"aligncenter size-medium wp-image-286\" src=\"https:\/\/blogsaverroes.juntadeandalucia.es\/erasmuscomares\/files\/2024\/09\/media-1-300x300.png\" alt=\"\" width=\"300\" height=\"300\" srcset=\"https:\/\/blogsaverroes.juntadeandalucia.es\/erasmuscomares\/files\/2024\/09\/media-1-300x300.png 300w, https:\/\/blogsaverroes.juntadeandalucia.es\/erasmuscomares\/files\/2024\/09\/media-1-150x150.png 150w, https:\/\/blogsaverroes.juntadeandalucia.es\/erasmuscomares\/files\/2024\/09\/media-1-80x80.png 80w, https:\/\/blogsaverroes.juntadeandalucia.es\/erasmuscomares\/files\/2024\/09\/media-1-320x320.png 320w, https:\/\/blogsaverroes.juntadeandalucia.es\/erasmuscomares\/files\/2024\/09\/media-1.png 552w\" sizes=\"(max-width: 300px) 100vw, 300px\" \/><\/td>\n<\/tr>\n<tr style=\"height: 32px\">\n<td style=\"width: 25%;text-align: center;height: 32px\"><a href=\"https:\/\/blogsaverroes.juntadeandalucia.es\/erasmuscomares\/category\/obj\/biodiversidad\/\"><strong><span class=\"C9DxTc aw5Odc \">Conservaci\u00f3n y mejora de la biodiversidad<\/span><\/strong><\/a><\/td>\n<td style=\"width: 25%;text-align: center;height: 32px\"><a href=\"https:\/\/blogsaverroes.juntadeandalucia.es\/erasmuscomares\/category\/obj\/reduccion-y-salud\/\"><strong><span class=\"C9DxTc aw5Odc \">Reducci\u00f3n de residuos y fomento de h\u00e1bitos de vida saludable<\/span><\/strong><\/a><\/td>\n<td style=\"width: 25%;text-align: center;height: 32px\"><a href=\"https:\/\/blogsaverroes.juntadeandalucia.es\/erasmuscomares\/category\/obj\/inclusion-e-igualdad-stem\/\"><strong><span class=\"C9DxTc aw5Odc \">Inclusi\u00f3n e igualdad de g\u00e9nero STEM<\/span><\/strong><\/a><\/td>\n<td style=\"width: 25%;height: 32px;text-align: center\"><a href=\"https:\/\/blogsaverroes.juntadeandalucia.es\/erasmuscomares\/category\/obj\/digital-y-cultura-europea\/\"><strong><span class=\"C9DxTc aw5Odc \">Competencia digital y cultura europea<\/span><\/strong><\/a><\/td>\n<\/tr>\n<\/tbody>\n<\/table>\n<p dir=\"ltr\">&nbsp;<\/p>\n<p dir=\"ltr\">&nbsp;<\/p>\n<p dir=\"ltr\">&nbsp;<\/p>\n<p dir=\"ltr\">&nbsp;<\/p>\n<p dir=\"ltr\">&nbsp;<\/p>\n<p dir=\"ltr\">&nbsp;<\/p>\n","protected":false},"excerpt":{"rendered":"<p>\u00bfQu\u00e9 pretende el Plan Erasmus+?&nbsp; En primer lugar, se busca convertir el centro en una ecoescuela en t\u00e9rminos estructurales y organizativos. Esto se lograr\u00e1 aprovechando nuestro entorno natural, la amplia experiencia en actividades medioambientales,&#46;&#46;&#46;<\/p>\n","protected":false},"author":356,"featured_media":0,"parent":0,"menu_order":0,"comment_status":"closed","ping_status":"closed","template":"","meta":{"ngg_post_thumbnail":0,"footnotes":""},"aioseo_notices":[],"_links":{"self":[{"href":"https:\/\/blogsaverroes.juntadeandalucia.es\/erasmuscomares\/wp-json\/wp\/v2\/pages\/277"}],"collection":[{"href":"https:\/\/blogsaverroes.juntadeandalucia.es\/erasmuscomares\/wp-json\/wp\/v2\/pages"}],"about":[{"href":"https:\/\/blogsaverroes.juntadeandalucia.es\/erasmuscomares\/wp-json\/wp\/v2\/types\/page"}],"author":[{"embeddable":true,"href":"https:\/\/blogsaverroes.juntadeandalucia.es\/erasmuscomares\/wp-json\/wp\/v2\/users\/356"}],"replies":[{"embeddable":true,"href":"https:\/\/blogsaverroes.juntadeandalucia.es\/erasmuscomares\/wp-json\/wp\/v2\/comments?post=277"}],"version-history":[{"count":4,"href":"https:\/\/blogsaverroes.juntadeandalucia.es\/erasmuscomares\/wp-json\/wp\/v2\/pages\/277\/revisions"}],"predecessor-version":[{"id":289,"href":"https:\/\/blogsaverroes.juntadeandalucia.es\/erasmuscomares\/wp-json\/wp\/v2\/pages\/277\/revisions\/289"}],"wp:attachment":[{"href":"https:\/\/blogsaverroes.juntadeandalucia.es\/erasmuscomares\/wp-json\/wp\/v2\/media?parent=277"}],"curies":[{"name":"wp","href":"https:\/\/api.w.org\/{rel}","templated":true}]}}