{"id":31,"date":"2021-12-20T16:11:49","date_gmt":"2021-12-20T16:11:49","guid":{"rendered":"https:\/\/blogsaverroes.juntadeandalucia.es\/erasmuscsmmanuelcastillo\/?page_id=31"},"modified":"2021-12-20T16:11:49","modified_gmt":"2021-12-20T16:11:49","slug":"instituciones-socias-erasmus","status":"publish","type":"page","link":"https:\/\/blogsaverroes.juntadeandalucia.es\/erasmuscsmmanuelcastillo\/instituciones-socias-erasmus\/","title":{"rendered":"INSTITUCIONES SOCIAS- ERASMUS +"},"content":{"rendered":"<p>El&nbsp;<strong>Conservatorio Superior de M\u00fasica \u201cManuel Castillo\u201d<\/strong>&nbsp;tiene convenio con los siguientes centros de educaci\u00f3n musical superior dentro de la acci\u00f3n K103:<\/p>\n<h2>Alemania<\/h2>\n<ul>\n<li><a title=\"Hochschule f\u00fcr K\u00fcnste Bremen - University of the Arts Bremen\" href=\"http:\/\/www.hfk-bremen.de\/\" target=\"_blank\" rel=\"noopener noreferrer\">Hochschule f\u00fcr K\u00fcnste Bremen \u2013 University of the Arts Bremen<\/a><\/li>\n<li><a title=\"Folkwang Universit\u00e4t der K\u00fcnste Essen- Folkwang University of the Arts Essen\" href=\"http:\/\/www.folkwang-uni.de\/\" target=\"_blank\" rel=\"noopener noreferrer\">Folkwang Universit\u00e4t der K\u00fcnste Essen- Folkwang University of the Arts Essen<\/a><\/li>\n<li><a href=\"https:\/\/www.mh-freiburg.de\/start\/\" target=\"_blank\" rel=\"noopener noreferrer\">Hochschule f\u00fcr Musik Freiburg<\/a><\/li>\n<li><a title=\"Hochschule f\u00fcr Musick und Theater \u201cFelix Mendelssohn Bartholdy\u201d Leipzig\" href=\"http:\/\/www.hmt-leipzig.de\/\" target=\"_blank\" rel=\"noopener noreferrer\">Hochschule f\u00fcr Musick und Theater \u201cFelix Mendelssohn Bartholdy\u201d Leipzig<\/a><\/li>\n<li><a title=\"Johannes Gutenberg-Universit\u00e4t- Mainz\" href=\"http:\/\/www.uni-mainz.de\/\" target=\"_blank\" rel=\"noopener noreferrer\">Johannes Gutenberg-Universit\u00e4t \u2013 Mainz<\/a><\/li>\n<li><a title=\"Staatliche Hochschule f\u00fcr Musik und darstellende Kunst Mannheim\" href=\"http:\/\/www.muho-mannheim.de\/\" target=\"_blank\" rel=\"noopener noreferrer\">Staatliche Hochschule f\u00fcr Musik und darstellende Kunst Mannheim<\/a><\/li>\n<li><a title=\"Hochschule f\u00fcr Musik M\u00fcnster\" href=\"http:\/\/www.uni-muenster.de\/Musikhochschule\" target=\"_blank\" rel=\"noopener noreferrer\">Hochschule f\u00fcr Musik M\u00fcnster<\/a><\/li>\n<li><a href=\"http:\/\/www.hfmt-hamburg.de\/\" target=\"_blank\" rel=\"noopener noreferrer\">Hochschule f\u00fcr Musik und theatre Hamburg<\/a><\/li>\n<li><a href=\"https:\/\/www.hmt-rostock.de\/\" target=\"_blank\" rel=\"noopener noreferrer\">Hochschule f\u00fcr Musik un theatre Rostock<\/a><\/li>\n<li><a title=\"Hochschule f\u00fcr Musik Franz Liszt Weimar \" href=\"http:\/\/www.hfm-weimar.de\/\" target=\"_blank\" rel=\"noopener noreferrer\">Hochschule f\u00fcr Musik Franz Liszt Weimar&nbsp;<\/a><\/li>\n<li><a title=\"Hochschule f\u00fcr Musik W\u00fcrzburg \" href=\"http:\/\/www.hfm-wuerzburg.de\/\" target=\"_blank\" rel=\"noopener noreferrer\">Hochschule f\u00fcr Musik W\u00fcrzburg&nbsp;<\/a><\/li>\n<\/ul>\n<h2>Austria<\/h2>\n<ul>\n<li><a title=\"University of Music and Dramatic Arts Graz\" href=\"http:\/\/www.kug.ac.at\/\" target=\"_blank\" rel=\"noopener noreferrer\">University of Music and Dramatic Arts Graz<\/a><\/li>\n<li><a title=\"Voralberger Landeskonservatorium Feldkirch\" href=\"http:\/\/www.vorarlbergerlandeskonservatorium.ac.at\/\" target=\"_blank\" rel=\"noopener noreferrer\">Voralberger Landeskonservatorium Feldkirch<\/a><\/li>\n<li><a href=\"https:\/\/www.bruckneruni.at\/\" target=\"_blank\" rel=\"noopener noreferrer\">Anton Bruckner Privatuniversit\u00e4t Linz<\/a><\/li>\n<li><a title=\"Universit\u00e4t Mozarteum Salzburgo\" href=\"http:\/\/www.moz.ac.at\/\" target=\"_blank\" rel=\"noopener noreferrer\">Universit\u00e4t Mozarteum Salzburgo<\/a><\/li>\n<li><a title=\"Konservatorium Wien Privatuniversit\u00e4t- Viena\" href=\"http:\/\/www.konservatorium-wien.ac.at\/\" target=\"_blank\" rel=\"noopener noreferrer\">Konservatorium Wien Privatuniversit\u00e4t \u2013 Viena<\/a><\/li>\n<\/ul>\n<h2>B\u00e9lgica<\/h2>\n<ul>\n<li><a href=\"http:\/\/www.ap.be\/koninklijk-conservatorium\/royal-conservatoire-antwerp\/401\" target=\"_blank\" rel=\"noopener noreferrer\">Artesis Hogelschool Antwerpen \u2013 Koninklijk Conservatorium&nbsp;<\/a>Amberes<\/li>\n<li><a href=\"http:\/\/www.conservatoire.be\/\" target=\"_blank\" rel=\"noopener noreferrer\">Conservatoire Royal de Bruxelles \u2013 Koninklijk Conservatorium Brussels<\/a>&nbsp;Bruselas<\/li>\n<li><a href=\"https:\/\/www.luca-arts.be\/nl\" target=\"_blank\" rel=\"noopener noreferrer\">Hogeschool voor Wetenschap en Kunst \u2013 Lemmensinstituut Leuven<\/a>&nbsp;Lovaina<\/li>\n<\/ul>\n<h2>Bulgaria<\/h2>\n<ul>\n<li><a href=\"http:\/\/www.artacademyplovdiv.com\/EN\/home.html\" target=\"_blank\" rel=\"noopener noreferrer\">Academy of Music, Dance and Fine Arts<\/a>&nbsp;Plovdiv<\/li>\n<\/ul>\n<h2>Dinamarca<\/h2>\n<ul>\n<li><a href=\"http:\/\/www.nordkons.dk\/\" target=\"_blank\" rel=\"noopener noreferrer\">Nordjysk Musikkonservaorium \u2013 Academy of Music<\/a>&nbsp;Aalborg<\/li>\n<li><a href=\"http:\/\/www.musikkons.dk\/\" target=\"_blank\" rel=\"noopener noreferrer\">Det Jyske Musikkonservatorium \u2013 Royal Academy of Music&nbsp;<\/a>Aahrus<\/li>\n<li><a href=\"http:\/\/www.dkdm.dk\/\" target=\"_blank\" rel=\"noopener noreferrer\">Det Kongelige Danske Musikkonservatorium \u2013 The Royal Danish Academy of Music<\/a>&nbsp;Copenhague<\/li>\n<li><a href=\"https:\/\/www.sdmk.dk\/en.html\" target=\"_blank\" rel=\"noopener noreferrer\">The Academy of Music and Dramatic Arts, Southern Denmark. Odense<\/a><\/li>\n<\/ul>\n<h2>Eslovaquia<\/h2>\n<ul>\n<li>&nbsp;<a href=\"http:\/\/www.aku.sk\/\" target=\"_blank\" rel=\"noopener noreferrer\">Akademi Umeni y Banskej Bystrici&nbsp;<\/a>Banska Brystica<\/li>\n<\/ul>\n<h2>Estonia<\/h2>\n<ul>\n<li><a href=\"http:\/\/www.ema.edu.ee\/?lang=eng\" target=\"_blank\" rel=\"noopener noreferrer\">Estoniam Academy of Music and Theatre&nbsp;<\/a>Tallin<\/li>\n<\/ul>\n<h2>Finlandia<\/h2>\n<ul>\n<li><a href=\"https:\/\/www.uniarts.fi\/\" target=\"_blank\" rel=\"noopener noreferrer\">Sibelius Academy \u2013 University of the Arts Helsinki&nbsp;<\/a><\/li>\n<li><a href=\"http:\/\/www.metropolia.fi\/\" target=\"_blank\" rel=\"noopener noreferrer\">Helsinki Metropolia University of Applied Sciences&nbsp;<\/a><\/li>\n<li><a href=\"http:\/\/www.tuas.fi\/en\/about-us\/faculties-and-campuses\/arts-academy\/\" target=\"_blank\" rel=\"noopener noreferrer\">Turku University of Applied Sciences<\/a><\/li>\n<\/ul>\n<h2>Francia<\/h2>\n<ul>\n<li><a href=\"https:\/\/www.dijon.fr\/Sortir-Bouger\/Conservatoire-a-Rayonnement-Regional\/Le-conservatoire-a-rayonnement-regional\" target=\"_blank\" rel=\"noopener noreferrer\">Conservatoire \u00e0 rayonnement r\u00e9gional Jean Philippe Rameau<\/a>&nbsp;Dijon<\/li>\n<li><a href=\"https:\/\/www.conservatoire-rennes.fr\/\" target=\"_blank\" rel=\"noopener noreferrer\">Conservatoire Nationale de R\u00e9gion Musique\/Dance\/Th\u00e9\u00e2tre&nbsp;<\/a>Rennes<\/li>\n<\/ul>\n<h2>Holanda<\/h2>\n<ul>\n<li><a href=\"http:\/\/www.ahk.nl\/en\/conservatorium\" target=\"_blank\" rel=\"noopener noreferrer\">Conservatorium van Amsterdam<\/a><\/li>\n<li><a href=\"https:\/\/www.koncon.nl\/\" target=\"_blank\" rel=\"noopener noreferrer\">Koninklijk Conservatorium Den Haag<\/a><\/li>\n<li><a href=\"https:\/\/www.artez.nl\/dit-is-artez\/onderwijsinstituten\/artez-conservatorium\" target=\"_blank\" rel=\"noopener noreferrer\">ArtEZ Conservatorium Zwolle<\/a><\/li>\n<\/ul>\n<h2>Hungr\u00eda<\/h2>\n<ul>\n<li><a href=\"https:\/\/lfze.hu\/\" target=\"_blank\" rel=\"noopener noreferrer\">Liszt Ferenc Academy of Music Budapest<\/a><\/li>\n<\/ul>\n<h2>Italia<\/h2>\n<ul>\n<li><a href=\"http:\/\/www.conservatoriovivaldi.it\/\" target=\"_blank\" rel=\"noopener noreferrer\">Conservatorio di Musica A. Vivaldi<\/a>&nbsp;Alessandria<\/li>\n<li><a href=\"http:\/\/www.conservatoriopiccinni.eu\/\" target=\"_blank\" rel=\"noopener noreferrer\">Conservatorio Niccolo Piccinni<\/a>&nbsp;Bari<\/li>\n<li><a href=\"http:\/\/www.conservatoriobolzano.it\/\" target=\"_blank\" rel=\"noopener noreferrer\">Conservatorio di Musica C. Monteverdi \u2013 Musikkonservatorium<\/a>&nbsp;Bolzano<\/li>\n<li><a href=\"http:\/\/www.consbo.it\/flex\/cm\/pages\/ServeBLOB.php\/L\/IT\/IDPagina\/1\" target=\"_blank\" rel=\"noopener noreferrer\">Conservatorio di Musica Giovan Battista Martini<\/a>&nbsp;Bologna<\/li>\n<li><a href=\"http:\/\/www.conservatorio.bn.it\/\" target=\"_blank\" rel=\"noopener noreferrer\">Conservatorio Statale di Musica di Benevento<\/a><\/li>\n<li><a href=\"http:\/\/www.conservatoriobolzano.it\/\" target=\"_blank\" rel=\"noopener noreferrer\">Conservatorio di Musica C. Monteverdi \u2013 Musikkonservatorium<\/a>&nbsp;Bolzano<\/li>\n<li><a href=\"http:\/\/www.conservatoriocagliari.it\/\" target=\"_blank\" rel=\"noopener noreferrer\">Conservatorio Statale G.P. Da Palestrina<\/a>&nbsp;Cagliari<\/li>\n<li><a href=\"http:\/\/www.conservatorioperosi.it\/\" target=\"_blank\" rel=\"noopener noreferrer\">Conservatorio Statale di Musica Lorenzo Perosi<\/a>&nbsp;Campobasso<\/li>\n<li><a href=\"https:\/\/www.conscfv.it\/\" target=\"_blank\" rel=\"noopener noreferrer\">Conservatorio di Musica Agostino Steffani<\/a>&nbsp;Castelfranco Veneto<\/li>\n<li><a href=\"http:\/\/www.conservatoriomaderna-cesena.it\/\" target=\"_blank\" rel=\"noopener noreferrer\">Conservatorio Bruno Maderna<\/a>&nbsp;Cesena<\/li>\n<li><a href=\"http:\/\/www.conservatoriocomo.it\/\" target=\"_blank\" rel=\"noopener noreferrer\">Conservatorio Statale di Musica G. Verdi&nbsp;<\/a>Como<\/li>\n<li><a href=\"http:\/\/www.conservatorio.net\/\" target=\"_blank\" rel=\"noopener noreferrer\">Conservatorio di Fermo<\/a><\/li>\n<li><a href=\"https:\/\/www.conservatorioferrara.it\/\" target=\"_blank\" rel=\"noopener noreferrer\">Conservatorio Statale di Musica G. Frescobaldi<\/a>&nbsp;Ferrara<\/li>\n<li><a href=\"http:\/\/www.conservatorio.firenze.it\/\" target=\"_blank\" rel=\"noopener noreferrer\">Conservatorio di Musica L Cherubini&nbsp;<\/a>Florencia<\/li>\n<li><a href=\"http:\/\/www.conservatoriolecce.it\/\" target=\"_blank\" rel=\"noopener noreferrer\">Conservatorio Tito Shipa Lecce<\/a><\/li>\n<li><a href=\"http:\/\/www.istitutomascagni.it\/\" target=\"_blank\" rel=\"noopener noreferrer\">Istituto Superiore di Studi Musicali P. Mascagni<\/a>&nbsp;Livorno<\/li>\n<li><a href=\"https:\/\/musica.fondazionemilano.eu\/\" target=\"_blank\" rel=\"noopener noreferrer\">Civica Scuola di Musica Claudio Abbado<\/a>&nbsp;Milan&nbsp;<\/li>\n<li><a href=\"http:\/\/www.consmilano.it\/\" target=\"_blank\" rel=\"noopener noreferrer\">Conservatorio di Musica G. Verdi&nbsp;<\/a>Milan<\/li>\n<li><a href=\"http:\/\/www.conservatoriodimonopoli.org\/\" target=\"_blank\" rel=\"noopener noreferrer\">Conservatorio di Musica Nino Rota<\/a>&nbsp;Monopoli<\/li>\n<li><a href=\"http:\/\/www.conservatoriopollini.it\/erasmus\" target=\"_blank\" rel=\"noopener noreferrer\">Conservatorio Statale di Musica \u00abC. Pollini\u00bb&nbsp;<\/a>Padova<\/li>\n<li><a href=\"http:\/\/www.conservatoriorossini.it\/\" target=\"_blank\" rel=\"noopener noreferrer\">Conservatorio di Musica G. Rossini&nbsp;<\/a>Pesaro<\/li>\n<li><a href=\"http:\/\/www.conservatoriosantacecilia.it\/\" target=\"_blank\" rel=\"noopener noreferrer\">Conservatorio di Musica Santa Cecilia&nbsp;<\/a>Roma<\/li>\n<li><a href=\"http:\/\/www.conservatorio-rovigo.it\/\" target=\"_blank\" rel=\"noopener noreferrer\">Conservatorio di Musica Francesco Venezze<\/a>&nbsp;Rovigo<\/li>\n<li><a href=\"http:\/\/www.university-directory.eu\/Italy\/State-Conservatory-Giuseppe-Verdi.html#.ULyHg4P8Kxk\" target=\"_blank\" rel=\"noopener noreferrer\">Conservatorio Statale di Musica Giuseppe Verdi&nbsp;<\/a>Tur\u00edn<\/li>\n<li><a href=\"http:\/\/www.conservatorio.udine.it\/\" target=\"_blank\" rel=\"noopener noreferrer\">Conservatorio Statale di Musica J. Tomadini&nbsp;<\/a>Udine<\/li>\n<li><a href=\"https:\/\/www.consvi.it\/\" target=\"_blank\" rel=\"noopener noreferrer\">Conservatorio di Musica Arrigo Predollo di Vicenza<\/a><\/li>\n<li><a href=\"http:\/\/www.conservatoriovenezia.net\/\" target=\"_blank\" rel=\"noopener noreferrer\">Conservatorio di Musica Benedetto Marcello di Venezia<\/a><\/li>\n<\/ul>\n<h2>Letonia<\/h2>\n<ul>\n<li><a href=\"http:\/\/www.jvlma.lv\/\" target=\"_blank\" rel=\"noopener noreferrer\">Latvian Academy of Music<\/a>&nbsp;Riga<\/li>\n<\/ul>\n<h2>Lituania<\/h2>\n<ul>\n<li><a href=\"http:\/\/http\/\/lmta.lt\/english\/\" target=\"_blank\" rel=\"noopener noreferrer\">Lithuanian Academy of Music and Theatre<\/a>&nbsp;Vilnius<\/li>\n<\/ul>\n<h2>Noruega<\/h2>\n<ul>\n<li><a href=\"http:\/\/www.nmh.no\/\" target=\"_blank\" rel=\"noopener noreferrer\">Norges Musikkhogskole<\/a>&nbsp;Oslo<\/li>\n<\/ul>\n<h2>Polonia<\/h2>\n<ul>\n<li><a href=\"http:\/\/www.chopin.edu.pl\/angielskie\" target=\"_blank\" rel=\"noopener noreferrer\">Fryderyc Chopin Academy of Music<\/a>&nbsp;Varsovia<\/li>\n<\/ul>\n<h2>Portugal<\/h2>\n<ul>\n<li><a href=\"http:\/\/www.esml.ipl.pt\/\" target=\"_blank\" rel=\"noopener noreferrer\">Escola Superior de Musica de Lisboa<\/a><\/li>\n<li><a href=\"http:\/\/www.esmae-ipp.pt\/\" target=\"_blank\" rel=\"noopener noreferrer\">Escola Superior de Musica e Artes de Espectaculo<\/a>&nbsp;Oporto<\/li>\n<\/ul>\n<h2>Rep\u00fablica Checa<\/h2>\n<ul>\n<li><a href=\"https:\/\/www.hamu.cz\/music-faculty-of-the-academy-of-performing-arts?set_language=en\" target=\"_blank\" rel=\"noopener noreferrer\">Music and Dance Faculty of the Academy of Performing Arts<\/a>&nbsp;Praga<\/li>\n<\/ul>\n<h2>Ruman\u00eda<\/h2>\n<ul>\n<li><a href=\"http:\/\/www.unmb.ro\/en\" target=\"_blank\" rel=\"noopener noreferrer\">National University of Music Bucarest<\/a><\/li>\n<\/ul>\n<h2>Suecia<\/h2>\n<ul>\n<li><a href=\"http:\/\/www.kmh.se\/\" target=\"_blank\" rel=\"noopener noreferrer\">Royal College of Music<\/a>&nbsp;Estocolmo<\/li>\n<li><a href=\"http:\/\/www.mhm.lu.se\/o.o.i.s\/19648\" target=\"_blank\" rel=\"noopener noreferrer\">Academy of Music Malm\u00f6<\/a><\/li>\n<\/ul>\n<h2>Turqu\u00eda<\/h2>\n<ul>\n<li><a href=\"http:\/\/www.audk.ankara.edu.tr\/\" target=\"_blank\" rel=\"noopener noreferrer\">Universitesi deviet Konservatuvan G\u00fcm\u00fcsdere Yerleskesy Ankara<\/a><\/li>\n<li><a href=\"http:\/\/www.erciyes.edu.tr\/\" target=\"_blank\" rel=\"noopener noreferrer\">Erciyes University<\/a>&nbsp;Kayseri<\/li>\n<li><a href=\"http:\/\/www.mersin.edu.tr\/\" target=\"_blank\" rel=\"noopener noreferrer\">Mersin University<\/a><\/li>\n<li><a href=\"http:\/\/www.msgsu.edu.tr\/\" target=\"_blank\" rel=\"noopener noreferrer\">Mimar Sinan Fine Arts University Estanbul<\/a><\/li>\n<\/ul>\n<p>&nbsp;<\/p>\n","protected":false},"excerpt":{"rendered":"<p>El&nbsp;Conservatorio Superior de M\u00fasica \u201cManuel Castillo\u201d&nbsp;tiene convenio con los siguientes centros de educaci\u00f3n musical superior dentro de la acci\u00f3n K103: Alemania Hochschule f\u00fcr K\u00fcnste Bremen \u2013 University of the Arts Bremen Folkwang Universit\u00e4t der K\u00fcnste Essen- Folkwang University of the Arts Essen Hochschule f\u00fcr Musik Freiburg Hochschule f\u00fcr Musick und Theater \u201cFelix Mendelssohn Bartholdy\u201d Leipzig &hellip; <a href=\"https:\/\/blogsaverroes.juntadeandalucia.es\/erasmuscsmmanuelcastillo\/instituciones-socias-erasmus\/\" class=\"more-link\">Sigue leyendo <span class=\"screen-reader-text\">INSTITUCIONES SOCIAS- ERASMUS +<\/span><\/a><\/p>\n","protected":false},"author":14218,"featured_media":0,"parent":0,"menu_order":0,"comment_status":"closed","ping_status":"closed","template":"","meta":{"ngg_post_thumbnail":0,"footnotes":""},"aioseo_notices":[],"_links":{"self":[{"href":"https:\/\/blogsaverroes.juntadeandalucia.es\/erasmuscsmmanuelcastillo\/wp-json\/wp\/v2\/pages\/31"}],"collection":[{"href":"https:\/\/blogsaverroes.juntadeandalucia.es\/erasmuscsmmanuelcastillo\/wp-json\/wp\/v2\/pages"}],"about":[{"href":"https:\/\/blogsaverroes.juntadeandalucia.es\/erasmuscsmmanuelcastillo\/wp-json\/wp\/v2\/types\/page"}],"author":[{"embeddable":true,"href":"https:\/\/blogsaverroes.juntadeandalucia.es\/erasmuscsmmanuelcastillo\/wp-json\/wp\/v2\/users\/14218"}],"replies":[{"embeddable":true,"href":"https:\/\/blogsaverroes.juntadeandalucia.es\/erasmuscsmmanuelcastillo\/wp-json\/wp\/v2\/comments?post=31"}],"version-history":[{"count":3,"href":"https:\/\/blogsaverroes.juntadeandalucia.es\/erasmuscsmmanuelcastillo\/wp-json\/wp\/v2\/pages\/31\/revisions"}],"predecessor-version":[{"id":35,"href":"https:\/\/blogsaverroes.juntadeandalucia.es\/erasmuscsmmanuelcastillo\/wp-json\/wp\/v2\/pages\/31\/revisions\/35"}],"wp:attachment":[{"href":"https:\/\/blogsaverroes.juntadeandalucia.es\/erasmuscsmmanuelcastillo\/wp-json\/wp\/v2\/media?parent=31"}],"curies":[{"name":"wp","href":"https:\/\/api.w.org\/{rel}","templated":true}]}}