{"id":45,"date":"2023-02-19T12:46:56","date_gmt":"2023-02-19T11:46:56","guid":{"rendered":"http:\/\/blogsaverroes.juntadeandalucia.es\/pre\/nuevoceip2v2\/?page_id=45"},"modified":"2026-03-23T12:24:12","modified_gmt":"2026-03-23T11:24:12","slug":"conoce-nuestro-centro","status":"publish","type":"page","link":"https:\/\/blogsaverroes.juntadeandalucia.es\/escuelainfantillosclaveles\/conoce-nuestro-centro\/","title":{"rendered":"CONOCE NUESTRO CENTRO"},"content":{"rendered":"<p>PINCHANDO ABAJO,&nbsp; PODR\u00c9IS TENER UN VISIONADO DE TODO EL FUNCIONAMIENTO Y ORGANIZACI\u00d3N DEL CENTRO<\/p>\n<a href='https:\/\/view.genially.com\/68233664a01e9fdd1abe6e73\/presentation-presentacion-2025-eei-los-claveles.' class='small-button smallblue'>NUESTRO CENTRO EN IM\u00c1GENES<\/a>\n<p>&nbsp;<\/p>\n<div id=\"attachment_2855\" style=\"width: 1034px\" class=\"wp-caption aligncenter\"><a href=\"https:\/\/blogsaverroes.juntadeandalucia.es\/escuelainfantillosclaveles\/files\/2025\/05\/CONSTRUYENDO-EL-MUNDO-scaled.jpg\"><img loading=\"lazy\" decoding=\"async\" aria-describedby=\"caption-attachment-2855\" class=\"wp-image-2855 size-large\" src=\"https:\/\/blogsaverroes.juntadeandalucia.es\/escuelainfantillosclaveles\/files\/2025\/05\/CONSTRUYENDO-EL-MUNDO-1024x627.jpg\" alt=\"\" width=\"1024\" height=\"627\" srcset=\"https:\/\/blogsaverroes.juntadeandalucia.es\/escuelainfantillosclaveles\/files\/2025\/05\/CONSTRUYENDO-EL-MUNDO-980x599.jpg 980w, https:\/\/blogsaverroes.juntadeandalucia.es\/escuelainfantillosclaveles\/files\/2025\/05\/CONSTRUYENDO-EL-MUNDO-480x294.jpg 480w\" sizes=\"(min-width: 0px) and (max-width: 480px) 480px, (min-width: 481px) and (max-width: 980px) 980px, (min-width: 981px) 1024px, 100vw\" \/><\/a><p id=\"caption-attachment-2855\" class=\"wp-caption-text\"><span style=\"font-size: 18pt;color: #ff6600\"><strong>M\u00d3DULO NARANJA<\/strong><\/span><\/p><\/div>\n<p><a href=\"https:\/\/blogsaverroes.juntadeandalucia.es\/escuelainfantillosclaveles\/files\/2023\/07\/IMG_20230706_130544-scaled.jpg\"><img loading=\"lazy\" decoding=\"async\" class=\"alignleft wp-image-1768 size-large\" src=\"https:\/\/blogsaverroes.juntadeandalucia.es\/escuelainfantillosclaveles\/files\/2023\/07\/IMG_20230706_130544-1024x413.jpg\" alt=\"\" width=\"1024\" height=\"413\" srcset=\"https:\/\/blogsaverroes.juntadeandalucia.es\/escuelainfantillosclaveles\/files\/2023\/07\/IMG_20230706_130544-980x395.jpg 980w, https:\/\/blogsaverroes.juntadeandalucia.es\/escuelainfantillosclaveles\/files\/2023\/07\/IMG_20230706_130544-480x194.jpg 480w\" sizes=\"(min-width: 0px) and (max-width: 480px) 480px, (min-width: 481px) and (max-width: 980px) 980px, (min-width: 981px) 1024px, 100vw\" \/><\/a><\/p>\n<div id=\"attachment_2154\" style=\"width: 1034px\" class=\"wp-caption alignright\"><a href=\"https:\/\/blogsaverroes.juntadeandalucia.es\/escuelainfantillosclaveles\/files\/2024\/02\/1709641176922-scaled.jpg\"><img loading=\"lazy\" decoding=\"async\" aria-describedby=\"caption-attachment-2154\" class=\"wp-image-2154 size-large\" src=\"https:\/\/blogsaverroes.juntadeandalucia.es\/escuelainfantillosclaveles\/files\/2024\/02\/1709641176922-1024x554.jpg\" alt=\"\" width=\"1024\" height=\"554\" srcset=\"https:\/\/blogsaverroes.juntadeandalucia.es\/escuelainfantillosclaveles\/files\/2024\/02\/1709641176922-980x530.jpg 980w, https:\/\/blogsaverroes.juntadeandalucia.es\/escuelainfantillosclaveles\/files\/2024\/02\/1709641176922-480x260.jpg 480w\" sizes=\"(min-width: 0px) and (max-width: 480px) 480px, (min-width: 481px) and (max-width: 980px) 980px, (min-width: 981px) 1024px, 100vw\" \/><\/a><p id=\"caption-attachment-2154\" class=\"wp-caption-text\"><span style=\"color: #99cc00;font-size: 18pt\"><strong>M\u00d3DULO VERDE<\/strong><\/span><\/p><\/div>\n<p><a href=\"https:\/\/docs.google.com\/presentation\/d\/13axdSiqUx3HP-Lvs2Ng-kpI1uOwFegX3\/edit?usp=sharing&amp;ouid=104620234086878443474&amp;rtpof=true&amp;sd=true\"><img loading=\"lazy\" decoding=\"async\" class=\"alignright wp-image-1467 size-large\" src=\"https:\/\/blogsaverroes.juntadeandalucia.es\/escuelainfantillosclaveles\/files\/2023\/02\/20230330_191739-1001x1024.jpg\" alt=\"\" width=\"1001\" height=\"1024\" srcset=\"https:\/\/blogsaverroes.juntadeandalucia.es\/escuelainfantillosclaveles\/files\/2023\/02\/20230330_191739-980x1002.jpg 980w, https:\/\/blogsaverroes.juntadeandalucia.es\/escuelainfantillosclaveles\/files\/2023\/02\/20230330_191739-480x491.jpg 480w\" sizes=\"(min-width: 0px) and (max-width: 480px) 480px, (min-width: 481px) and (max-width: 980px) 980px, (min-width: 981px) 1001px, 100vw\" \/><\/a><a href=\"https:\/\/docs.google.com\/presentation\/d\/13axdSiqUx3HP-Lvs2Ng-kpI1uOwFegX3\/edit?usp=sharing&amp;ouid=104620234086878443474&amp;rtpof=true&amp;sd=true\"><img loading=\"lazy\" decoding=\"async\" class=\"aligncenter wp-image-1767 size-large\" src=\"https:\/\/blogsaverroes.juntadeandalucia.es\/escuelainfantillosclaveles\/files\/2023\/07\/FONDO-DEL-MAR-1024x586.jpg\" alt=\"\" width=\"1024\" height=\"586\" srcset=\"https:\/\/blogsaverroes.juntadeandalucia.es\/escuelainfantillosclaveles\/files\/2023\/07\/FONDO-DEL-MAR-1024x586.jpg 1024w, https:\/\/blogsaverroes.juntadeandalucia.es\/escuelainfantillosclaveles\/files\/2023\/07\/FONDO-DEL-MAR-980x561.jpg 980w, https:\/\/blogsaverroes.juntadeandalucia.es\/escuelainfantillosclaveles\/files\/2023\/07\/FONDO-DEL-MAR-480x275.jpg 480w\" sizes=\"(min-width: 0px) and (max-width: 480px) 480px, (min-width: 481px) and (max-width: 980px) 980px, (min-width: 981px) 1024px, 100vw\" \/><\/a><\/p>\n<p>PINCHANDO ABAJO,&nbsp; LA ORIENTADORA DEL EQUIPO DE ORIENTACI\u00d3N OS OFRECE&nbsp; UNAS PAUTAS PARA UNA&nbsp; MEJOR ADAPTACI\u00d3N A LA NUEVA ETAPA<\/p>\n<p><a href=\"https:\/\/docs.google.com\/presentation\/d\/13axdSiqUx3HP-Lvs2Ng-kpI1uOwFegX3\/edit?usp=sharing&amp;ouid=104620234086878443474&amp;rtpof=true&amp;sd=true\"><a href='https:\/\/youtu.be\/jrQ3zbf-EmE' class='small-button smallred' target=\"_blank\">LA ORIENTADORA INFORMA A LAS FAMILIAS DE ALUMNADO DE NUEVO INGRESO<\/a><\/a><\/p>\n<p><a href=\"https:\/\/docs.google.com\/presentation\/d\/13axdSiqUx3HP-Lvs2Ng-kpI1uOwFegX3\/edit?usp=sharing&amp;ouid=104620234086878443474&amp;rtpof=true&amp;sd=true\"><br \/>\n<img loading=\"lazy\" decoding=\"async\" class=\"aligncenter size-full wp-image-699\" src=\"https:\/\/blogsaverroes.juntadeandalucia.es\/escuelainfantillosclaveles\/files\/2023\/02\/Imagen1.jpg\" alt=\"\" width=\"1015\" height=\"632\" srcset=\"https:\/\/blogsaverroes.juntadeandalucia.es\/escuelainfantillosclaveles\/files\/2023\/02\/Imagen1.jpg 1015w, https:\/\/blogsaverroes.juntadeandalucia.es\/escuelainfantillosclaveles\/files\/2023\/02\/Imagen1-980x610.jpg 980w, https:\/\/blogsaverroes.juntadeandalucia.es\/escuelainfantillosclaveles\/files\/2023\/02\/Imagen1-480x299.jpg 480w\" sizes=\"(min-width: 0px) and (max-width: 480px) 480px, (min-width: 481px) and (max-width: 980px) 980px, (min-width: 981px) 1015px, 100vw\" \/><\/a><\/p>\n<p>&nbsp;<\/p>\n<p><img loading=\"lazy\" decoding=\"async\" class=\"alignright size-medium wp-image-1452\" src=\"https:\/\/blogsaverroes.juntadeandalucia.es\/escuelainfantillosclaveles\/files\/2023\/03\/A.DIRECTORA..ROSA-SANCHEZ-CARRILLO-e1680175288988-210x300.jpg\" alt=\"\" width=\"210\" height=\"300\"\/><\/p>\n<p>&nbsp;<\/p>\n<p>&nbsp;<\/p>\n","protected":false},"excerpt":{"rendered":"<p>PINCHANDO ABAJO,&nbsp; PODR\u00c9IS TENER UN VISIONADO DE TODO EL FUNCIONAMIENTO Y ORGANIZACI\u00d3N DEL CENTRO &nbsp; PINCHANDO ABAJO,&nbsp; LA ORIENTADORA DEL EQUIPO DE ORIENTACI\u00d3N OS OFRECE&nbsp; UNAS PAUTAS PARA UNA&nbsp; MEJOR ADAPTACI\u00d3N A LA NUEVA ETAPA &nbsp; &nbsp; &nbsp;<\/p>\n","protected":false},"author":17521,"featured_media":700,"parent":0,"menu_order":1,"comment_status":"closed","ping_status":"closed","template":"","meta":{"_et_pb_use_builder":"off","_et_pb_old_content":"","_et_gb_content_width":"","ngg_post_thumbnail":0,"footnotes":""},"aioseo_notices":[],"_links":{"self":[{"href":"https:\/\/blogsaverroes.juntadeandalucia.es\/escuelainfantillosclaveles\/wp-json\/wp\/v2\/pages\/45"}],"collection":[{"href":"https:\/\/blogsaverroes.juntadeandalucia.es\/escuelainfantillosclaveles\/wp-json\/wp\/v2\/pages"}],"about":[{"href":"https:\/\/blogsaverroes.juntadeandalucia.es\/escuelainfantillosclaveles\/wp-json\/wp\/v2\/types\/page"}],"author":[{"embeddable":true,"href":"https:\/\/blogsaverroes.juntadeandalucia.es\/escuelainfantillosclaveles\/wp-json\/wp\/v2\/users\/17521"}],"replies":[{"embeddable":true,"href":"https:\/\/blogsaverroes.juntadeandalucia.es\/escuelainfantillosclaveles\/wp-json\/wp\/v2\/comments?post=45"}],"version-history":[{"count":44,"href":"https:\/\/blogsaverroes.juntadeandalucia.es\/escuelainfantillosclaveles\/wp-json\/wp\/v2\/pages\/45\/revisions"}],"predecessor-version":[{"id":3581,"href":"https:\/\/blogsaverroes.juntadeandalucia.es\/escuelainfantillosclaveles\/wp-json\/wp\/v2\/pages\/45\/revisions\/3581"}],"wp:featuredmedia":[{"embeddable":true,"href":"https:\/\/blogsaverroes.juntadeandalucia.es\/escuelainfantillosclaveles\/wp-json\/wp\/v2\/media\/700"}],"wp:attachment":[{"href":"https:\/\/blogsaverroes.juntadeandalucia.es\/escuelainfantillosclaveles\/wp-json\/wp\/v2\/media?parent=45"}],"curies":[{"name":"wp","href":"https:\/\/api.w.org\/{rel}","templated":true}]}}