{"id":626,"date":"2025-05-21T10:00:47","date_gmt":"2025-05-21T09:00:47","guid":{"rendered":"https:\/\/blogsaverroes.juntadeandalucia.es\/escuelainfantillosclaveles\/?page_id=626"},"modified":"2026-03-23T11:38:32","modified_gmt":"2026-03-23T10:38:32","slug":"secretaria","status":"publish","type":"page","link":"https:\/\/blogsaverroes.juntadeandalucia.es\/escuelainfantillosclaveles\/secretaria\/","title":{"rendered":"ESCOLARIZACI\u00d3N 26-27"},"content":{"rendered":"<p><img loading=\"lazy\" decoding=\"async\" class=\"alignnone size-medium wp-image-212\" src=\"https:\/\/blogsaverroes.juntadeandalucia.es\/escuelainfantillosclaveles\/files\/2020\/02\/online-3412473_1280-1024x682-2-300x200.jpg\" alt=\"\" width=\"300\" height=\"200\"\/><\/p>\n<p><strong>SECRETARIA<\/strong>&nbsp; &nbsp;<\/p>\n<p><em>HORARIO<\/em>-MARTES Y JUEVES 9.15H. a 11.00H.<\/p>\n<p><em>MAIL<\/em>-EEILOSCLAVELES9@ GMAIL.COM<\/p>\n<p><em>TELE\u00c9FONO<\/em>&#8211; 951269536<\/p>\n<p><strong><span style=\"color: #008000\"> ESCOL<\/span><\/strong><em><strong><span style=\"color: #008000\">ARIZACI\u00d3N 26-27<\/span><\/strong><\/em><\/p>\n<p><a href=\"https:\/\/blogsaverroes.juntadeandalucia.es\/escuelainfantillosclaveles\/conoce-nuestro-centro\/conoce-nuestro-centro\/\">CONOCE NUESTRO CENTRO &#8211; E.I. LOS CLAVELES<\/a><\/p>\n<p><a href=\"https:\/\/view.genially.com\/68233664a01e9fdd1abe6e73\/presentation-presentacion-2025-eei-los-claveles\">https:\/\/view.genially.com\/68233664a01e9fdd1abe6e73\/presentation-presentacion-2025-eei-los-claveles<\/a>.<\/p>\n<p><em><span style=\"color: #0000ff\"><span style=\"font-size: 18pt\">Publicaci\u00f3n inicial de escolarizaci\u00f3n<\/span>&nbsp;<\/span><\/em><\/p>\n<p><span style=\"color: #0000ff\"><strong><a style=\"color: #0000ff\" href=\"https:\/\/blogsaverroes.juntadeandalucia.es\/escuelainfantillosclaveles\/files\/2026\/03\/PROCEDIMIENTO-DE-ADMISION-26-27.pdf\">PROCEDIMIENTO DE ESCOLARIZACI\u00d3N<\/a><a style=\"color: #0000ff\" href=\"https:\/\/blogsaverroes.juntadeandalucia.es\/escuelainfantillosclaveles\/files\/2026\/03\/PROCEDIMIENTO-DE-ADMISION-26-27.pdf\">&nbsp;ADMISION 26 27<\/a><\/strong><\/span><\/p>\n<p><span style=\"color: #0000ff;font-size: 14pt\">2026_29070_I_P_09_VIALES<\/span><\/p>\n<p><span style=\"color: #0000ff\"><a style=\"color: #0000ff\" href=\"https:\/\/blogsaverroes.juntadeandalucia.es\/escuelainfantillosclaveles\/files\/2026\/03\/2026_29070_I_P_09.pdf\">2026_29070- MAPAS DE ESCOLARIZACI\u00d3N DE NUESTRA ZONA DE INFLUENCIA<\/a><\/span><\/p>\n<p><span style=\"color: #0000ff\"><strong style=\"color: #666666\">ADMISI\u00d3N EN CENTROS DOCENTES P\u00daBLICOS<\/strong><span style=\"color: #666666\">&nbsp;<\/span><span style=\"color: #666666\">Y PRIVADOS CONCERTADOS PARA CURSAR LAS ENSE\u00d1ANZA<\/span><\/span><strong>&nbsp;DE SEGUNDO CICLO DE EDUCACI\u00d3N INFANTIL<\/strong>, EDUCACI\u00d3N PRIMARIA, EDUCACI\u00d3N ESPECIAL, EDUCACI\u00d3N SECUNDARIA OBLIGATORIA Y BACHILLERATO<\/p>\n<div class=\"et_pb_module et_pb_text et_pb_text_0 et_pb_text_align_left et_pb_bg_layout_light\">\n<div class=\"et_pb_text_inner\"><em><strong>ALUMNADO DE NUEVO INGRESO<\/strong><\/em><\/div>\n<div class=\"et_pb_text_inner\">En el siguiente enlace encontrar\u00e1 la informaci\u00f3n relacionada con el proceso de admisi\u00f3n .Accediendo al portal de la secretaria virtual podr\u00e1 inscribir a su hijo\/a en el centro elegido a partir del 1 de marzo, con clave I ande, que le dar\u00e1n en el centro infantil donde su hijo est\u00e9 matriculado. Si es de nueva incorporaci\u00f3n debe pasarse en horario de secretar\u00eda durante todo el mes de marzo y formalizar la prescripci\u00f3n presencialmente.<\/div>\n<div>&nbsp;<\/div>\n<div><span style=\"color: #0000ff\"><strong>PARA SOLICITAR PLAZA CON CLAVE,&nbsp; IANDE O CERTIFICADO DIGITAL, PINCHE EL SIGUIENTE ENLACE, O ACCEDA DIRECTAMENTE DESDE LOS ICONOS CORRESPONDIENTES<\/strong><\/span><\/div>\n<div><a href=\"https:\/\/www.juntadeandalucia.es\/educacion\/secretariavirtual\/accesoTramite\/543\/\">&nbsp; &nbsp; &nbsp; https:\/\/www.juntadeandalucia.es\/educacion\/secretariavirtual\/accesoTramite\/543\/<\/a><\/div>\n<div>&nbsp;<\/div>\n<\/div>\n<div>\n<div class=\"row row-middle\">\n<div class=\"col-md-2 col-middle\"><img loading=\"lazy\" decoding=\"async\" src=\"https:\/\/www.juntadeandalucia.es\/educacion\/secretariavirtual\/images\/acceso\/1024.svg\" alt=\"Acceso Autenticaci\u00f3n - Identificador Educativo Andaluz\" width=\"100\" height=\"70\"\/><\/div>\n<div class=\"col-md-2 col-middle\">\n<p class=\"mobile-center \"><b>Autenticaci\u00f3n &#8211; Identificador Educativo Andaluz<\/b><\/p>\n<\/div>\n<div class=\"col-md-6 col-middle\">\n<p class=\"italic text-justify\">Acceda al tr\u00e1mite usando la clave iANDE.<\/p>\n<\/div>\n<div class=\"col-md-2 col-middle\"><a class=\"btn btn-success\" href=\"https:\/\/www.juntadeandalucia.es\/educacion\/secretariavirtual\/acceso\/1024\/543\/\"><i class=\"fa fa-fixed-width fa-sign-in\"><\/i>&nbsp;Acceder<\/a><\/div>\n<\/div>\n<div class=\"row row-middle\">\n<div class=\"col-md-2 col-middle\"><img loading=\"lazy\" decoding=\"async\" src=\"https:\/\/www.juntadeandalucia.es\/educacion\/secretariavirtual\/images\/acceso\/64.svg\" alt=\"Acceso Autenticaci\u00f3n - Cl@ve\" width=\"100\" height=\"70\"\/><\/div>\n<div class=\"col-md-2 col-middle\">\n<p class=\"mobile-center \"><b>Autenticaci\u00f3n &#8211; Cl@ve<\/b><\/p>\n<\/div>\n<div class=\"col-md-6 col-middle\">\n<p class=\"italic text-justify\">Acceda al tr\u00e1mite con un certificado digital reconocido, con CL@VE-PIN o CL@AVE-PERMANENTE.<\/p>\n<\/div>\n<div class=\"col-md-2 col-middle\"><a class=\"btn btn-success\" href=\"https:\/\/www.juntadeandalucia.es\/educacion\/secretariavirtual\/acceso\/64\/543\/\"><i class=\"fa fa-fixed-width fa-sign-in\"><\/i>&nbsp;Acceder<\/a><\/div>\n<\/div>\n<div class=\"row row-middle\">\n<div class=\"col-md-2 col-middle\"><img loading=\"lazy\" decoding=\"async\" src=\"https:\/\/www.juntadeandalucia.es\/educacion\/secretariavirtual\/images\/acceso\/2.svg\" alt=\"Acceso Certificado Digital\" width=\"100\" height=\"70\"\/><\/div>\n<div class=\"col-md-2 col-middle\">\n<p class=\"mobile-center \"><b>Certificado Digital<\/b><\/p>\n<\/div>\n<div class=\"col-md-6 col-middle\">\n<p class=\"italic text-justify\">&nbsp;<\/p>\n<p>Acceda al tr\u00e1mite utilizando un certificado digital de la FNMT o su DNI-e<\/p>\n<\/div>\n<\/div>\n<\/div>\n<div class=\"et_pb_module et_pb_text et_pb_text_0 et_pb_text_align_left et_pb_bg_layout_light\">\n<div>PARA INFORMACI\u00d3N DEL PROCESO , PINCHE EL SIGUIENTE ENLACE<\/div>\n<div><a href=\"https:\/\/juntadeandalucia.es\/temas\/estudiar\/primaria-eso\/matriculacion.html#toc-presentaci-n-telem-tica-de-la-solicitud-de-admisi-n-matriculaci-n\">https:\/\/juntadeandalucia.es\/temas\/estudiar\/primaria-eso\/matriculacion.html#toc-presentaci-n-telem-tica-de-la-solicitud-de-admisi-n-matriculaci-n<\/a><\/div>\n<div class=\"et_pb_text_inner\">&nbsp;<\/div>\n<div>&#8211; ANEXO III &#8211; ALUMNADO DE NUEVO INGRESO QUE NO PUEDE HACER LA INSCRIPCI\u00d3N TELEM\u00c1TICA , PUEDE EDITAR EL ANEXO III AUTORRELLENABLE Y ENVIARLO AL CORREO DEL CENTRO, O ENTREGARLO EN MANO, ADJUNTANDO LA DOCUMENTACI\u00d3N QUE SE SOLICITE.<\/div>\n<div>\n<p><a href=\"https:\/\/blogsaverroes.juntadeandalucia.es\/escuelainfantillosclaveles\/files\/2025\/02\/ANEXO-III.pdf\">ANEXO III&nbsp;<\/a><\/p>\n<\/div>\n<div class=\"et_pb_text_inner\"><strong>EL ALUMNADO QUE PERMANCEZCA EN NUESTRO CENTRO O QUE VAYA A CONTINUAR EN EL CEPR EL CHAPARRAL, NO TENDR\u00c1 QUE HACER NADA, HASTA JUNIO, (1-8) DONDE REALIZAR\u00c1 LA MATRICULA.<\/strong>&nbsp;&nbsp; &nbsp;<\/div>\n<\/div>\n<div class=\"et_pb_with_border et_pb_module et_pb_gallery et_pb_gallery_0 et_clickable et_pb_bg_layout_light et_pb_gallery_grid\">\n<div class=\"et_pb_gallery_items et_post_gallery clearfix\">\n<div class=\"et_pb_gallery_item et_pb_grid_item et_pb_bg_layout_light et_pb_gallery_item_0_0 first_in_row on_last_row\">\n<div>&nbsp;<\/div>\n<div class=\"et_pb_gallery_image landscape\"><a href=\"https:\/\/blogsaverroes.juntadeandalucia.es\/escuelainfantillosclaveles\/files\/2025\/02\/ADSCRIPCION-AUTORIZADA-A-UN-UNICO-CENTRO.pdf\">ADSCRIPCI\u00d3N AUTORIZADA A UN \u00daNICO CENTRO.<\/a><a title=\"Escolarizacion2021.22-1024x1024\" href=\"https:\/\/blogsaverroes.juntadeandalucia.es\/escuelainfantillosclaveles\/files\/2023\/02\/Escolarizacion2021.22-1024x1024-1.jpg\"><img loading=\"lazy\" decoding=\"async\" class=\"wp-image-794\" src=\"https:\/\/blogsaverroes.juntadeandalucia.es\/escuelainfantillosclaveles\/files\/2023\/02\/Escolarizacion2021.22-1024x1024-1-400x284.jpg\" width=\"321\" height=\"228\"\/><\/a><\/div>\n<\/div>\n<\/div>\n<\/div>\n","protected":false},"excerpt":{"rendered":"<p>OFICINA DE TR\u00c1MITES ADMINISTRATIVOS. PLAN DE APOYO A LAS FAMILIAS. ESCOLARIZACI\u00d3N<\/p>\n","protected":false},"author":17496,"featured_media":794,"parent":0,"menu_order":1,"comment_status":"closed","ping_status":"closed","template":"","meta":{"_et_pb_use_builder":"off","_et_pb_old_content":"","_et_gb_content_width":"","ngg_post_thumbnail":0,"footnotes":""},"aioseo_notices":[],"_links":{"self":[{"href":"https:\/\/blogsaverroes.juntadeandalucia.es\/escuelainfantillosclaveles\/wp-json\/wp\/v2\/pages\/626"}],"collection":[{"href":"https:\/\/blogsaverroes.juntadeandalucia.es\/escuelainfantillosclaveles\/wp-json\/wp\/v2\/pages"}],"about":[{"href":"https:\/\/blogsaverroes.juntadeandalucia.es\/escuelainfantillosclaveles\/wp-json\/wp\/v2\/types\/page"}],"author":[{"embeddable":true,"href":"https:\/\/blogsaverroes.juntadeandalucia.es\/escuelainfantillosclaveles\/wp-json\/wp\/v2\/users\/17496"}],"replies":[{"embeddable":true,"href":"https:\/\/blogsaverroes.juntadeandalucia.es\/escuelainfantillosclaveles\/wp-json\/wp\/v2\/comments?post=626"}],"version-history":[{"count":59,"href":"https:\/\/blogsaverroes.juntadeandalucia.es\/escuelainfantillosclaveles\/wp-json\/wp\/v2\/pages\/626\/revisions"}],"predecessor-version":[{"id":3576,"href":"https:\/\/blogsaverroes.juntadeandalucia.es\/escuelainfantillosclaveles\/wp-json\/wp\/v2\/pages\/626\/revisions\/3576"}],"wp:featuredmedia":[{"embeddable":true,"href":"https:\/\/blogsaverroes.juntadeandalucia.es\/escuelainfantillosclaveles\/wp-json\/wp\/v2\/media\/794"}],"wp:attachment":[{"href":"https:\/\/blogsaverroes.juntadeandalucia.es\/escuelainfantillosclaveles\/wp-json\/wp\/v2\/media?parent=626"}],"curies":[{"name":"wp","href":"https:\/\/api.w.org\/{rel}","templated":true}]}}