{"id":663,"date":"2023-02-14T13:40:09","date_gmt":"2023-02-14T12:40:09","guid":{"rendered":"https:\/\/blogsaverroes.juntadeandalucia.es\/escuelainfantillosclaveles\/?page_id=663"},"modified":"2025-05-27T12:35:54","modified_gmt":"2025-05-27T11:35:54","slug":"plan-de-apertura","status":"publish","type":"page","link":"https:\/\/blogsaverroes.juntadeandalucia.es\/escuelainfantillosclaveles\/plan-de-apertura\/","title":{"rendered":"Plan de Apertura"},"content":{"rendered":"<p>Todos los servicios del Centro, excepto el autob\u00fas escolar, son de pago. La gesti\u00f3n de altas y bajas se realizar\u00e1n en la secretar\u00eda del Centro. Los cobros y demandas o preguntas referentes al Servicio, se realizar\u00e1n directamente con la empresa adjudicataria.<\/p>\n<p><strong>*AULA MATINAL- <\/strong>EMPRESA<strong>&#8211; EDUCAJUNIOR <\/strong>(637 270 608&nbsp;&#8211;&nbsp;952298471 <a href=\"http:\/\/www.educajunior.com\/\">www.educajunior.com &nbsp;<\/a><u>TARIFA-16,81\u20ac MENSUAL<\/u><\/p>\n<p><strong>*COMEDOR-<\/strong>Empresa de comedor: <strong><span style=\"color: #33cccc\">Catering El C\u00e1ntaro, S.L<\/span>. <\/strong>El precio por d\u00eda de comedor sin bonificaci\u00f3n, publicado en el BOE el pasado 27 de julio, es<br \/>\n4,98 \u20ac IVA incluido<\/p>\n<ul>\n<li style=\"text-align: left\">recibos@cateringelcantaro.com&nbsp;(Para solicitud o cancelaci\u00f3n de d\u00edas)<br \/>\ninfo@cateringelcantaro.com (Para cualquier otra cuesti\u00f3n relativa al servicio).<br \/>\nTambi\u00e9n pueden efectuar estas gestiones, desde nuestra web www.cateringelcantaro.com en la zona padres<br \/>\no a trav\u00e9s de la herramienta m\u00f3vil www.cateringelcantaro\/movil, seleccionando el colegio e introduciendo su<br \/>\nDNI. De esta manera pueden ver los d\u00edas solicitados y los importes de los recibos.<\/li>\n<\/ul>\n<p><strong>*ACTIVIDADES EXTRAESCOLARES<\/strong><u>&#8211;<\/u>Empresa de actividades extraescolares-<strong> INCIDE<\/strong><\/p>\n<p>LAS ALTAS-BAJAS Y SOLICITUD DE INFORMACI\u00d3N EN EL EMAIL: <a href=\"mailto:extraescolareslosclaveles@gmail.com\"><strong>extraescolareslosclaveles@gmail.com<\/strong><\/a><\/p>\n<p><u>TARIFA-17.51\u20ac MENSUAL\/por cada actividad contratada<\/u><\/p>\n<p><a href=\"https:\/\/blogsaverroes.juntadeandalucia.es\/escuelainfantillosclaveles\/files\/2025\/05\/oferta-actividades-extraescolares-25-scaled.jpg\"><img loading=\"lazy\" decoding=\"async\" class=\"aligncenter size-large wp-image-2899\" src=\"https:\/\/blogsaverroes.juntadeandalucia.es\/escuelainfantillosclaveles\/files\/2025\/05\/oferta-actividades-extraescolares-25-719x1024.jpg\" alt=\"\" width=\"719\" height=\"1024\"\/><\/a><\/p>\n<p>&nbsp;<\/p>\n","protected":false},"excerpt":{"rendered":"<p>Todos los servicios del Centro, excepto el autob\u00fas escolar, son de pago. La gesti\u00f3n de altas y bajas se realizar\u00e1n en la secretar\u00eda del Centro. Los cobros y demandas o preguntas referentes al Servicio, se realizar\u00e1n directamente con la empresa adjudicataria. *AULA MATINAL- EMPRESA&#8211; EDUCAJUNIOR (637 270 608&nbsp;&#8211;&nbsp;952298471 www.educajunior.com &nbsp;TARIFA-16,81\u20ac MENSUAL *COMEDOR-Empresa de comedor: Catering [&hellip;]<\/p>\n","protected":false},"author":17496,"featured_media":0,"parent":0,"menu_order":0,"comment_status":"closed","ping_status":"closed","template":"","meta":{"_et_pb_use_builder":"off","_et_pb_old_content":"","_et_gb_content_width":"","ngg_post_thumbnail":0,"footnotes":""},"aioseo_notices":[],"_links":{"self":[{"href":"https:\/\/blogsaverroes.juntadeandalucia.es\/escuelainfantillosclaveles\/wp-json\/wp\/v2\/pages\/663"}],"collection":[{"href":"https:\/\/blogsaverroes.juntadeandalucia.es\/escuelainfantillosclaveles\/wp-json\/wp\/v2\/pages"}],"about":[{"href":"https:\/\/blogsaverroes.juntadeandalucia.es\/escuelainfantillosclaveles\/wp-json\/wp\/v2\/types\/page"}],"author":[{"embeddable":true,"href":"https:\/\/blogsaverroes.juntadeandalucia.es\/escuelainfantillosclaveles\/wp-json\/wp\/v2\/users\/17496"}],"replies":[{"embeddable":true,"href":"https:\/\/blogsaverroes.juntadeandalucia.es\/escuelainfantillosclaveles\/wp-json\/wp\/v2\/comments?post=663"}],"version-history":[{"count":11,"href":"https:\/\/blogsaverroes.juntadeandalucia.es\/escuelainfantillosclaveles\/wp-json\/wp\/v2\/pages\/663\/revisions"}],"predecessor-version":[{"id":2902,"href":"https:\/\/blogsaverroes.juntadeandalucia.es\/escuelainfantillosclaveles\/wp-json\/wp\/v2\/pages\/663\/revisions\/2902"}],"wp:attachment":[{"href":"https:\/\/blogsaverroes.juntadeandalucia.es\/escuelainfantillosclaveles\/wp-json\/wp\/v2\/media?parent=663"}],"curies":[{"name":"wp","href":"https:\/\/api.w.org\/{rel}","templated":true}]}}