{"id":330,"date":"2015-03-18T07:11:43","date_gmt":"2015-03-18T07:11:43","guid":{"rendered":"http:\/\/blogsaverroes.juntadeandalucia.es\/pre\/ceip\/?page_id=330"},"modified":"2022-04-06T16:16:32","modified_gmt":"2022-04-06T16:16:32","slug":"20172018-2","status":"publish","type":"page","link":"https:\/\/blogsaverroes.juntadeandalucia.es\/escuelainfantilsantoangel\/20172018-2\/","title":{"rendered":"Curso 2017\/2018"},"content":{"rendered":"<h2><span style=\"color: #ff0000\">VISITA A LOS BOMBEROS<\/span><\/h2>\n<h5><span style=\"color: #000000\">El pasado 10 de mayo, los ni\u00f1os y ni\u00f1as del cole nos fuimos a visitar el parque de los Bomberos.<\/span><\/h5>\n<h5><span style=\"color: #000000\">Fuimos en un autob\u00fas muy chulo y nos dej\u00f3 cerca, pero tuvimos que cruzar la calle con mucho cuidado acompa\u00f1ados de las se\u00f1os.<\/span><\/h5>\n<div id=\"attachment_2490\" style=\"width: 4298px\" class=\"wp-caption aligncenter\"><a href=\"https:\/\/blogsaverroes.juntadeandalucia.es\/escuelainfantilsantoangel\/files\/2015\/03\/Mayo-056.jpg\"><img loading=\"lazy\" decoding=\"async\" aria-describedby=\"caption-attachment-2490\" class=\"wp-image-2490 size-full\" src=\"https:\/\/blogsaverroes.juntadeandalucia.es\/escuelainfantilsantoangel\/files\/2015\/03\/Mayo-056.jpg\" alt=\"\" width=\"4288\" height=\"3216\" srcset=\"https:\/\/blogsaverroes.juntadeandalucia.es\/escuelainfantilsantoangel\/files\/2015\/03\/Mayo-056.jpg 1600w, https:\/\/blogsaverroes.juntadeandalucia.es\/escuelainfantilsantoangel\/files\/2015\/03\/Mayo-056-300x225.jpg 300w, https:\/\/blogsaverroes.juntadeandalucia.es\/escuelainfantilsantoangel\/files\/2015\/03\/Mayo-056-768x576.jpg 768w, https:\/\/blogsaverroes.juntadeandalucia.es\/escuelainfantilsantoangel\/files\/2015\/03\/Mayo-056-1024x768.jpg 1024w, https:\/\/blogsaverroes.juntadeandalucia.es\/escuelainfantilsantoangel\/files\/2015\/03\/Mayo-056-700x525.jpg 700w, https:\/\/blogsaverroes.juntadeandalucia.es\/escuelainfantilsantoangel\/files\/2015\/03\/Mayo-056-24x18.jpg 24w, https:\/\/blogsaverroes.juntadeandalucia.es\/escuelainfantilsantoangel\/files\/2015\/03\/Mayo-056-36x27.jpg 36w, https:\/\/blogsaverroes.juntadeandalucia.es\/escuelainfantilsantoangel\/files\/2015\/03\/Mayo-056-48x36.jpg 48w\" sizes=\"(max-width: 4288px) 100vw, 4288px\" \/><\/a><p id=\"caption-attachment-2490\" class=\"wp-caption-text\">Camino a los Bomberos<\/p><\/div>\n<h5><span style=\"color: #000000\">Dentro, nos ense\u00f1aron las instalaciones y estuvimos muy atentos.<\/span><\/h5>\n<div id=\"attachment_2489\" style=\"width: 4298px\" class=\"wp-caption aligncenter\"><a href=\"https:\/\/blogsaverroes.juntadeandalucia.es\/escuelainfantilsantoangel\/files\/2015\/03\/Mayo-090.jpg\"><img loading=\"lazy\" decoding=\"async\" aria-describedby=\"caption-attachment-2489\" class=\"wp-image-2489 size-full\" src=\"https:\/\/blogsaverroes.juntadeandalucia.es\/escuelainfantilsantoangel\/files\/2015\/03\/Mayo-090.jpg\" alt=\"\" width=\"4288\" height=\"3216\" srcset=\"https:\/\/blogsaverroes.juntadeandalucia.es\/escuelainfantilsantoangel\/files\/2015\/03\/Mayo-090.jpg 1600w, https:\/\/blogsaverroes.juntadeandalucia.es\/escuelainfantilsantoangel\/files\/2015\/03\/Mayo-090-300x225.jpg 300w, https:\/\/blogsaverroes.juntadeandalucia.es\/escuelainfantilsantoangel\/files\/2015\/03\/Mayo-090-768x576.jpg 768w, https:\/\/blogsaverroes.juntadeandalucia.es\/escuelainfantilsantoangel\/files\/2015\/03\/Mayo-090-1024x768.jpg 1024w, https:\/\/blogsaverroes.juntadeandalucia.es\/escuelainfantilsantoangel\/files\/2015\/03\/Mayo-090-700x525.jpg 700w, https:\/\/blogsaverroes.juntadeandalucia.es\/escuelainfantilsantoangel\/files\/2015\/03\/Mayo-090-24x18.jpg 24w, https:\/\/blogsaverroes.juntadeandalucia.es\/escuelainfantilsantoangel\/files\/2015\/03\/Mayo-090-36x27.jpg 36w, https:\/\/blogsaverroes.juntadeandalucia.es\/escuelainfantilsantoangel\/files\/2015\/03\/Mayo-090-48x36.jpg 48w\" sizes=\"(max-width: 4288px) 100vw, 4288px\" \/><\/a><p id=\"caption-attachment-2489\" class=\"wp-caption-text\">Viendo el cami\u00f3n de bomberos<\/p><\/div>\n<h5><span style=\"color: #000000\">Hasta nos dejaron echar agua con una manguera.<\/span><\/h5>\n<div id=\"attachment_2495\" style=\"width: 4298px\" class=\"wp-caption aligncenter\"><a href=\"https:\/\/blogsaverroes.juntadeandalucia.es\/escuelainfantilsantoangel\/files\/2015\/03\/Mayo-102.jpg\"><img loading=\"lazy\" decoding=\"async\" aria-describedby=\"caption-attachment-2495\" class=\"wp-image-2495 size-full\" src=\"https:\/\/blogsaverroes.juntadeandalucia.es\/escuelainfantilsantoangel\/files\/2015\/03\/Mayo-102.jpg\" alt=\"\" width=\"4288\" height=\"3216\" srcset=\"https:\/\/blogsaverroes.juntadeandalucia.es\/escuelainfantilsantoangel\/files\/2015\/03\/Mayo-102.jpg 1600w, https:\/\/blogsaverroes.juntadeandalucia.es\/escuelainfantilsantoangel\/files\/2015\/03\/Mayo-102-300x225.jpg 300w, https:\/\/blogsaverroes.juntadeandalucia.es\/escuelainfantilsantoangel\/files\/2015\/03\/Mayo-102-768x576.jpg 768w, https:\/\/blogsaverroes.juntadeandalucia.es\/escuelainfantilsantoangel\/files\/2015\/03\/Mayo-102-1024x768.jpg 1024w, https:\/\/blogsaverroes.juntadeandalucia.es\/escuelainfantilsantoangel\/files\/2015\/03\/Mayo-102-700x525.jpg 700w, https:\/\/blogsaverroes.juntadeandalucia.es\/escuelainfantilsantoangel\/files\/2015\/03\/Mayo-102-24x18.jpg 24w, https:\/\/blogsaverroes.juntadeandalucia.es\/escuelainfantilsantoangel\/files\/2015\/03\/Mayo-102-36x27.jpg 36w, https:\/\/blogsaverroes.juntadeandalucia.es\/escuelainfantilsantoangel\/files\/2015\/03\/Mayo-102-48x36.jpg 48w\" sizes=\"(max-width: 4288px) 100vw, 4288px\" \/><\/a><p id=\"caption-attachment-2495\" class=\"wp-caption-text\">Con la manguera<\/p><\/div>\n<h2>&#8212;&#8212;&#8212;&#8212;&#8212;&#8212;&#8212;&#8212;&#8212;&#8212;&#8212;&#8212;<\/h2>\n<h2>8 MAYO 2018<\/h2>\n<h5><span style=\"color: #000000\">Haci\u00e9ndonos eco de una de las tradiciones del pueblo, los ni\u00f1os y ni\u00f1as de la Escuela ayudaron a crear la Cruz de Mayo. Sus manos son las flores de esta cruz. El mural del fondo nos lo dibuj\u00f3 un pap\u00e1, vestimos a la Mascota \u00abPipo\u00bb con el refajo t\u00edpico de Baza.<\/span><\/h5>\n<h5><span style=\"color: #000000\">Entre todos la decoramos y nos qued\u00f3 as\u00ed de chula. \ud83d\ude06&nbsp;<\/span><\/h5>\n<div id=\"attachment_2485\" style=\"width: 3978px\" class=\"wp-caption aligncenter\"><a href=\"https:\/\/blogsaverroes.juntadeandalucia.es\/escuelainfantilsantoangel\/files\/2015\/03\/IMG_20180503_151925.jpg\"><img loading=\"lazy\" decoding=\"async\" aria-describedby=\"caption-attachment-2485\" class=\"wp-image-2485 size-full\" src=\"https:\/\/blogsaverroes.juntadeandalucia.es\/escuelainfantilsantoangel\/files\/2015\/03\/IMG_20180503_151925.jpg\" alt=\"\" width=\"3968\" height=\"2976\" srcset=\"https:\/\/blogsaverroes.juntadeandalucia.es\/escuelainfantilsantoangel\/files\/2015\/03\/IMG_20180503_151925.jpg 1600w, https:\/\/blogsaverroes.juntadeandalucia.es\/escuelainfantilsantoangel\/files\/2015\/03\/IMG_20180503_151925-300x225.jpg 300w, https:\/\/blogsaverroes.juntadeandalucia.es\/escuelainfantilsantoangel\/files\/2015\/03\/IMG_20180503_151925-768x576.jpg 768w, https:\/\/blogsaverroes.juntadeandalucia.es\/escuelainfantilsantoangel\/files\/2015\/03\/IMG_20180503_151925-1024x768.jpg 1024w, https:\/\/blogsaverroes.juntadeandalucia.es\/escuelainfantilsantoangel\/files\/2015\/03\/IMG_20180503_151925-700x525.jpg 700w, https:\/\/blogsaverroes.juntadeandalucia.es\/escuelainfantilsantoangel\/files\/2015\/03\/IMG_20180503_151925-24x18.jpg 24w, https:\/\/blogsaverroes.juntadeandalucia.es\/escuelainfantilsantoangel\/files\/2015\/03\/IMG_20180503_151925-36x27.jpg 36w, https:\/\/blogsaverroes.juntadeandalucia.es\/escuelainfantilsantoangel\/files\/2015\/03\/IMG_20180503_151925-48x36.jpg 48w\" sizes=\"(max-width: 3968px) 100vw, 3968px\" \/><\/a><p id=\"caption-attachment-2485\" class=\"wp-caption-text\">Cruz de Mayo 2018<\/p><\/div>\n<div id=\"attachment_2486\" style=\"width: 2986px\" class=\"wp-caption aligncenter\"><a href=\"https:\/\/blogsaverroes.juntadeandalucia.es\/escuelainfantilsantoangel\/files\/2015\/03\/IMG_20180503_124226.jpg\"><img loading=\"lazy\" decoding=\"async\" aria-describedby=\"caption-attachment-2486\" class=\"wp-image-2486 size-full\" src=\"https:\/\/blogsaverroes.juntadeandalucia.es\/escuelainfantilsantoangel\/files\/2015\/03\/IMG_20180503_124226.jpg\" alt=\"\" width=\"2976\" height=\"3968\" srcset=\"https:\/\/blogsaverroes.juntadeandalucia.es\/escuelainfantilsantoangel\/files\/2015\/03\/IMG_20180503_124226.jpg 1200w, https:\/\/blogsaverroes.juntadeandalucia.es\/escuelainfantilsantoangel\/files\/2015\/03\/IMG_20180503_124226-225x300.jpg 225w, https:\/\/blogsaverroes.juntadeandalucia.es\/escuelainfantilsantoangel\/files\/2015\/03\/IMG_20180503_124226-768x1024.jpg 768w, https:\/\/blogsaverroes.juntadeandalucia.es\/escuelainfantilsantoangel\/files\/2015\/03\/IMG_20180503_124226-700x933.jpg 700w, https:\/\/blogsaverroes.juntadeandalucia.es\/escuelainfantilsantoangel\/files\/2015\/03\/IMG_20180503_124226-18x24.jpg 18w, https:\/\/blogsaverroes.juntadeandalucia.es\/escuelainfantilsantoangel\/files\/2015\/03\/IMG_20180503_124226-27x36.jpg 27w, https:\/\/blogsaverroes.juntadeandalucia.es\/escuelainfantilsantoangel\/files\/2015\/03\/IMG_20180503_124226-36x48.jpg 36w\" sizes=\"(max-width: 2976px) 100vw, 2976px\" \/><\/a><p id=\"caption-attachment-2486\" class=\"wp-caption-text\">Decorando la Cruz<\/p><\/div>\n<h2>&#8212;&#8212;&#8212;&#8212;&#8212;&#8212;&#8212;&#8212;&#8212;&#8212;&#8212;&#8212;&#8212;&#8212;-<\/h2>\n<h2>7 MAYO 2018<\/h2>\n<h5><span style=\"color: #000000\">En el tabl\u00f3n de anuncios de la Escuela, quedan expuestas las listas provisionales de las solicitudes baremadas y no admitidas (incluidas las de reserva de plaza).<\/span><\/h5>\n<h5><span style=\"color: #000000\">Se abre un plazo de tr\u00e1mite audiencia y alegaciones.<\/span><\/h5>\n<h5><span style=\"color: #000000\">El <strong>28 de Mayo<\/strong> se publicar\u00e1n la relaci\u00f3n definitiva de solicitudes admitidas, en lista de espera y excluidas.<\/span><\/h5>\n<h2>&#8212;&#8212;&#8212;&#8212;&#8212;&#8212;&#8212;&#8212;&#8212;&#8212;&#8212;&#8212;&#8212;&#8212;<\/h2>\n<h2><span style=\"color: #ff0000\">23 ABRIL 2018. D\u00cdA DEL LIBRO<\/span><\/h2>\n<h5><strong><span style=\"color: #000000\">No pod\u00eda faltar celebrar el D\u00eda del Libro con nuestros alumnos y alumnas a trav\u00e9s de actividades divertidas y educativas.<\/span><\/strong><\/h5>\n<h5><span style=\"color: #000000\">Adem\u00e1s de trabajar en el aula trayendo cuentos de casa, los grupos mayores de la escuela contaron con dos visitas:<\/span><\/h5>\n<h5><span style=\"color: #000000\">&#8211; Manolo Zafra.<\/span><\/h5>\n<h5><span style=\"color: #000000\">Con mucha ilusi\u00f3n se desplaz\u00f3 a nuestro centro a leerles dos cuentos, que entusiasm\u00f3 a los ni\u00f1os y ni\u00f1as.<\/span><\/h5>\n<div id=\"attachment_2476\" style=\"width: 3668px\" class=\"wp-caption aligncenter\"><a href=\"https:\/\/blogsaverroes.juntadeandalucia.es\/escuelainfantilsantoangel\/files\/2015\/03\/IMG_20180423_105010.jpg\"><img loading=\"lazy\" decoding=\"async\" aria-describedby=\"caption-attachment-2476\" class=\"wp-image-2476 size-full\" src=\"https:\/\/blogsaverroes.juntadeandalucia.es\/escuelainfantilsantoangel\/files\/2015\/03\/IMG_20180423_105010.jpg\" alt=\"\" width=\"3658\" height=\"2842\" srcset=\"https:\/\/blogsaverroes.juntadeandalucia.es\/escuelainfantilsantoangel\/files\/2015\/03\/IMG_20180423_105010.jpg 1600w, https:\/\/blogsaverroes.juntadeandalucia.es\/escuelainfantilsantoangel\/files\/2015\/03\/IMG_20180423_105010-300x233.jpg 300w, https:\/\/blogsaverroes.juntadeandalucia.es\/escuelainfantilsantoangel\/files\/2015\/03\/IMG_20180423_105010-768x597.jpg 768w, https:\/\/blogsaverroes.juntadeandalucia.es\/escuelainfantilsantoangel\/files\/2015\/03\/IMG_20180423_105010-1024x796.jpg 1024w, https:\/\/blogsaverroes.juntadeandalucia.es\/escuelainfantilsantoangel\/files\/2015\/03\/IMG_20180423_105010-700x544.jpg 700w, https:\/\/blogsaverroes.juntadeandalucia.es\/escuelainfantilsantoangel\/files\/2015\/03\/IMG_20180423_105010-24x19.jpg 24w, https:\/\/blogsaverroes.juntadeandalucia.es\/escuelainfantilsantoangel\/files\/2015\/03\/IMG_20180423_105010-36x28.jpg 36w, https:\/\/blogsaverroes.juntadeandalucia.es\/escuelainfantilsantoangel\/files\/2015\/03\/IMG_20180423_105010-48x37.jpg 48w\" sizes=\"(max-width: 3658px) 100vw, 3658px\" \/><\/a><p id=\"caption-attachment-2476\" class=\"wp-caption-text\">Manolo contando el cuento<\/p><\/div>\n<h5><span style=\"color: #000000\">&#8211; Los ni\u00f1os y ni\u00f1as de Educaci\u00f3n Infantil del C.E.I.P. \u00abFrancisco Velasco\u00bb, escenificaron el cuento titulado \u00abLos bichitos\u00bb; cuyos protagonistas fueron el hada de los libros, el mago recuchufletas y muchos bichitos, que hicieron la magia de este cuento.<\/span><\/h5>\n<h5><span style=\"color: #000000\">Una experiencia con los alumnos de Infantil que seguro repetiremos.<\/span><\/h5>\n<h5 style=\"text-align: center\"><span style=\"color: #000000\">\u00a1\u00a1\u00a1Nos encant\u00f3!!!<\/span><\/h5>\n<div id=\"attachment_2477\" style=\"width: 3898px\" class=\"wp-caption alignnone\"><a href=\"https:\/\/blogsaverroes.juntadeandalucia.es\/escuelainfantilsantoangel\/files\/2015\/03\/IMG_20180424_102731.jpg\"><img loading=\"lazy\" decoding=\"async\" aria-describedby=\"caption-attachment-2477\" class=\"size-full wp-image-2477\" src=\"https:\/\/blogsaverroes.juntadeandalucia.es\/escuelainfantilsantoangel\/files\/2015\/03\/IMG_20180424_102731.jpg\" alt=\"\" width=\"3888\" height=\"2722\" srcset=\"https:\/\/blogsaverroes.juntadeandalucia.es\/escuelainfantilsantoangel\/files\/2015\/03\/IMG_20180424_102731.jpg 1600w, https:\/\/blogsaverroes.juntadeandalucia.es\/escuelainfantilsantoangel\/files\/2015\/03\/IMG_20180424_102731-300x210.jpg 300w, https:\/\/blogsaverroes.juntadeandalucia.es\/escuelainfantilsantoangel\/files\/2015\/03\/IMG_20180424_102731-768x538.jpg 768w, https:\/\/blogsaverroes.juntadeandalucia.es\/escuelainfantilsantoangel\/files\/2015\/03\/IMG_20180424_102731-1024x717.jpg 1024w, https:\/\/blogsaverroes.juntadeandalucia.es\/escuelainfantilsantoangel\/files\/2015\/03\/IMG_20180424_102731-700x490.jpg 700w, https:\/\/blogsaverroes.juntadeandalucia.es\/escuelainfantilsantoangel\/files\/2015\/03\/IMG_20180424_102731-24x17.jpg 24w, https:\/\/blogsaverroes.juntadeandalucia.es\/escuelainfantilsantoangel\/files\/2015\/03\/IMG_20180424_102731-36x25.jpg 36w, https:\/\/blogsaverroes.juntadeandalucia.es\/escuelainfantilsantoangel\/files\/2015\/03\/IMG_20180424_102731-48x34.jpg 48w\" sizes=\"(max-width: 3888px) 100vw, 3888px\" \/><\/a><p id=\"caption-attachment-2477\" class=\"wp-caption-text\">C.E.I.P. Francisco Velasco<\/p><\/div>\n<h5>&nbsp;<\/h5>\n","protected":false},"excerpt":{"rendered":"<p>VISITA A LOS BOMBEROS El pasado 10 de mayo, los ni\u00f1os y ni\u00f1as del cole nos fuimos a visitar el parque de los Bomberos. Fuimos en un autob\u00fas muy chulo y nos dej\u00f3 cerca,&#46;&#46;&#46;<\/p>\n","protected":false},"author":1,"featured_media":0,"parent":0,"menu_order":0,"comment_status":"closed","ping_status":"closed","template":"","meta":{"ngg_post_thumbnail":0,"footnotes":"","_mc_calendar":[]},"aioseo_notices":[],"_links":{"self":[{"href":"https:\/\/blogsaverroes.juntadeandalucia.es\/escuelainfantilsantoangel\/wp-json\/wp\/v2\/pages\/330"}],"collection":[{"href":"https:\/\/blogsaverroes.juntadeandalucia.es\/escuelainfantilsantoangel\/wp-json\/wp\/v2\/pages"}],"about":[{"href":"https:\/\/blogsaverroes.juntadeandalucia.es\/escuelainfantilsantoangel\/wp-json\/wp\/v2\/types\/page"}],"author":[{"embeddable":true,"href":"https:\/\/blogsaverroes.juntadeandalucia.es\/escuelainfantilsantoangel\/wp-json\/wp\/v2\/users\/1"}],"replies":[{"embeddable":true,"href":"https:\/\/blogsaverroes.juntadeandalucia.es\/escuelainfantilsantoangel\/wp-json\/wp\/v2\/comments?post=330"}],"version-history":[{"count":21,"href":"https:\/\/blogsaverroes.juntadeandalucia.es\/escuelainfantilsantoangel\/wp-json\/wp\/v2\/pages\/330\/revisions"}],"predecessor-version":[{"id":3144,"href":"https:\/\/blogsaverroes.juntadeandalucia.es\/escuelainfantilsantoangel\/wp-json\/wp\/v2\/pages\/330\/revisions\/3144"}],"wp:attachment":[{"href":"https:\/\/blogsaverroes.juntadeandalucia.es\/escuelainfantilsantoangel\/wp-json\/wp\/v2\/media?parent=330"}],"curies":[{"name":"wp","href":"https:\/\/api.w.org\/{rel}","templated":true}]}}