{"id":1131,"date":"2022-06-02T07:47:07","date_gmt":"2022-06-02T06:47:07","guid":{"rendered":"https:\/\/blogsaverroes.juntadeandalucia.es\/etpoepsevilla\/?page_id=1131"},"modified":"2024-10-29T14:01:23","modified_gmt":"2024-10-29T13:01:23","slug":"eoe-sevilla","status":"publish","type":"page","link":"https:\/\/blogsaverroes.juntadeandalucia.es\/etpoepsevilla\/eoe-sevilla\/","title":{"rendered":"EOE SEVILLA"},"content":{"rendered":"<p>[et_pb_section fb_built=&#8221;1&#8243; _builder_version=&#8221;4.16&#8243; _module_preset=&#8221;default&#8221; global_colors_info=&#8221;{}&#8221;][et_pb_row _builder_version=&#8221;4.16&#8243; _module_preset=&#8221;default&#8221; custom_margin=&#8221;|auto|-148px|auto||&#8221; global_colors_info=&#8221;{}&#8221;][et_pb_column type=&#8221;4_4&#8243; _builder_version=&#8221;4.16&#8243; _module_preset=&#8221;default&#8221; global_colors_info=&#8221;{}&#8221;][et_pb_text _builder_version=&#8221;4.16&#8243; _module_preset=&#8221;default&#8221; global_colors_info=&#8221;{}&#8221;]<\/p>\n<h1><strong>EQUIPOS DE ORIENTACI\u00d3N EDUCATIVA<\/strong><\/h1>\n<h1><span style=\"color: #808080\">Sevilla<\/span><\/h1>\n<h4><\/h4>\n<p>[\/et_pb_text][et_pb_text _builder_version=&#8221;4.16&#8243; _module_preset=&#8221;default&#8221; background_image=&#8221;https:\/\/blogsaverroes.juntadeandalucia.es\/etpoepsevilla\/files\/2020\/02\/225841-P1LAHG-280.jpg&#8221; parallax=&#8221;on&#8221; min_height=&#8221;292px&#8221; custom_margin=&#8221;||50px|||&#8221; global_colors_info=&#8221;{}&#8221;][\/et_pb_text][\/et_pb_column][\/et_pb_row][et_pb_row column_structure=&#8221;1_2,1_2&#8243; _builder_version=&#8221;4.16&#8243; _module_preset=&#8221;default&#8221; global_colors_info=&#8221;{}&#8221;][et_pb_column type=&#8221;1_2&#8243; _builder_version=&#8221;4.16&#8243; _module_preset=&#8221;default&#8221; global_colors_info=&#8221;{}&#8221;][et_pb_toggle title=&#8221;EOE ALCAL\u00c1 DE GUADA\u00cdRA&#8221; _builder_version=&#8221;4.16&#8243; _module_preset=&#8221;default&#8221; body_quote_border_color=&#8221;#919191&#8243; body_quote_line_height=&#8221;2.1em&#8221; global_colors_info=&#8221;{}&#8221;]<\/p>\n<blockquote>\n<p>CEIP Federico Garc\u00eda Lorca &#8211; C\/ Maestro Jos\u00e9 Casado N 4<\/p>\n<p>955624636\/37 &#8211; 399636<\/p>\n<p>41080206.edu@juntadeandalucia.es<\/p>\n<\/blockquote>\n<p>[\/et_pb_toggle][et_pb_toggle title=&#8221;EOE CAMAS&#8221; _builder_version=&#8221;4.16&#8243; _module_preset=&#8221;default&#8221; body_quote_border_color=&#8221;#919191&#8243; body_quote_line_height=&#8221;2.1em&#8221; global_colors_info=&#8221;{}&#8221;]<\/p>\n<blockquote>\n<p>CEIP LA COLINA &#8211;\u00a0 Prolongaci\u00f3n Calle Julio C\u00e9sar<\/p>\n<p>955624611 &#8211; 399611<\/p>\n<p>41014179.edu@juntadeandalucia.es<\/p>\n<\/blockquote>\n<p>[\/et_pb_toggle][et_pb_toggle title=&#8221;EOE CARMONA&#8221; _builder_version=&#8221;4.24.2&#8243; _module_preset=&#8221;default&#8221; body_quote_border_color=&#8221;#919191&#8243; body_quote_line_height=&#8221;2.1em&#8221; custom_padding=&#8221;20px|||||&#8221; global_colors_info=&#8221;{}&#8221;]<\/p>\n<blockquote>\n<p>Pastora Pav\u00f3n 24<\/p>\n<p>955624596 &#8211; 399596<\/p>\n<p>41014179.edu@juntadeandalucia.es<\/p>\n<\/blockquote>\n<p>[\/et_pb_toggle][et_pb_toggle title=&#8221;EOE CASTILLEJA DE LA CUESTA&#8221; _builder_version=&#8221;4.16&#8243; _module_preset=&#8221;default&#8221; body_quote_border_color=&#8221;#919191&#8243; body_quote_line_height=&#8221;2.1em&#8221; global_colors_info=&#8221;{}&#8221;]<\/p>\n<blockquote>\n<p>CEP Castilleja de la Cuesta &#8211; Avda. de la Diputaci\u00f3n s\/n<\/p>\n<p>955624591 -399591<\/p>\n<p>41080243.edu@juntadeandalucia.es<\/p>\n<\/blockquote>\n<p>[\/et_pb_toggle][et_pb_toggle title=&#8221;EOE CONSTANTINA&#8221; _builder_version=&#8221;4.16&#8243; _module_preset=&#8221;default&#8221; body_quote_border_color=&#8221;#919191&#8243; body_quote_line_height=&#8221;2.1em&#8221; global_colors_info=&#8221;{}&#8221;]<\/p>\n<blockquote>\n<p>C\/ Mesones 31 1\u00aa planta<\/p>\n<p>955889643 &#8211; 384643<\/p>\n<p>41080152.edu@juntadeandalucia.es<\/p>\n<\/blockquote>\n<p>[\/et_pb_toggle][et_pb_toggle title=&#8221;EOE COR\u00cdA DEL R\u00cdO&#8221; _builder_version=&#8221;4.24.2&#8243; _module_preset=&#8221;default&#8221; body_quote_border_color=&#8221;#919191&#8243; body_quote_line_height=&#8221;2.1em&#8221; global_colors_info=&#8221;{}&#8221;]<\/p>\n<blockquote>\n<p>Avd. Rep\u00fablica Argentina N 28<\/p>\n<p>(La Puebla del R\u00edo)<\/p>\n<p>955624189 &#8211; 399189<\/p>\n<p>41080309.edu@juntadeandalucia.es<\/p>\n<\/blockquote>\n<p>[\/et_pb_toggle][et_pb_toggle title=&#8221;EOE DOS HERMANAS&#8221; _builder_version=&#8221;4.16&#8243; _module_preset=&#8221;default&#8221; body_quote_border_color=&#8221;#919191&#8243; body_quote_line_height=&#8221;2.1em&#8221; global_colors_info=&#8221;{}&#8221;]<\/p>\n<blockquote>\n<p>Parque Mpal. de la Alquer\u00eda del Pilar \u2013 Avda. 28 Febrero<\/p>\n<p>955624900 &#8211; 399900<\/p>\n<p>697958319\u00a0 &#8211; 758319<\/p>\n<p>41080097.edu@juntadeandalucia.es<\/p>\n<\/blockquote>\n<p>[\/et_pb_toggle][et_pb_toggle title=&#8221;EOE \u00c9CIJA&#8221; _builder_version=&#8221;4.16&#8243; _module_preset=&#8221;default&#8221; body_quote_border_color=&#8221;#919191&#8243; body_quote_line_height=&#8221;2.1em&#8221; global_colors_info=&#8221;{}&#8221;]<\/p>\n<blockquote>\n<p>C\/ Emilio Castelar, 45<\/p>\n<p>955 87 95 55\u00a0 &#8211;\u00a0 385555<\/p>\n<p>41080103.edu@juntadeandalucia.es<\/p>\n<\/blockquote>\n<p>[\/et_pb_toggle][et_pb_toggle title=&#8221;EOE ESTEPA&#8221; _builder_version=&#8221;4.24.2&#8243; _module_preset=&#8221;default&#8221; body_quote_border_color=&#8221;#919191&#8243; body_quote_line_height=&#8221;2.1em&#8221; hover_enabled=&#8221;0&#8243; global_colors_info=&#8221;{}&#8221; sticky_enabled=&#8221;0&#8243;]<\/p>\n<blockquote>\n<p>Avda. Bad\u00eda Polesine, 28<\/p>\n<p>954822747<\/p>\n<p>41080218.edu@juntadeandalucia.es<\/p>\n<\/blockquote>\n<p>[\/et_pb_toggle][et_pb_toggle title=&#8221;EOE GERENA&#8221; _builder_version=&#8221;4.16&#8243; _module_preset=&#8221;default&#8221; body_quote_border_color=&#8221;#919191&#8243; body_quote_line_height=&#8221;2.1em&#8221; global_colors_info=&#8221;{}&#8221;]<\/p>\n<blockquote>\n<p>C\/ Dr. Fleming, s\/n<\/p>\n<p>955624465 \/ 399465<\/p>\n<p>41080127.edu@juntadeandalucia.es<\/p>\n<\/blockquote>\n<p>[\/et_pb_toggle][et_pb_toggle title=&#8221;EOE LA RINCONADA&#8221; _builder_version=&#8221;4.16&#8243; _module_preset=&#8221;default&#8221; body_quote_border_color=&#8221;#919191&#8243; body_quote_line_height=&#8221;2.1em&#8221; hover_enabled=&#8221;0&#8243; global_colors_info=&#8221;{}&#8221; sticky_enabled=&#8221;0&#8243;]<\/p>\n<blockquote>\n<p>CEIP Guadalquivir &#8211; Avda. 28 Febrero, s\/n<\/p>\n<p>955 62 46 03 \/ 399603<\/p>\n<p>41080115.edu@juntadeandalucia.es<\/p>\n<\/blockquote>\n<p>[\/et_pb_toggle][et_pb_toggle title=&#8221;EOE LEBRIJA&#8221; _builder_version=&#8221;4.16&#8243; _module_preset=&#8221;default&#8221; body_quote_border_color=&#8221;#919191&#8243; body_quote_line_height=&#8221;2.1em&#8221; global_colors_info=&#8221;{}&#8221;]<\/p>\n<blockquote>\n<p>CEIP Blas Infante &#8211; C\/ Manuel de Falla, 2<\/p>\n<p>955 83 89 12\/396912<\/p>\n<p>41080140.edu@juntadeandalucia.es<\/p>\n<\/blockquote>\n<p>[\/et_pb_toggle][et_pb_toggle title=&#8221;EOE LORA DEL R\u00cdO&#8221; _builder_version=&#8221;4.24.2&#8243; _module_preset=&#8221;default&#8221; body_quote_border_color=&#8221;#919191&#8243; body_quote_line_height=&#8221;2.1em&#8221; hover_enabled=&#8221;0&#8243; global_colors_info=&#8221;{}&#8221; sticky_enabled=&#8221;0&#8243;]<\/p>\n<blockquote>\n<p><span style=\"font-family: Source Sans Pro, sans-serif\"><span style=\"font-size: small\">CEIP Virgen de Setefilla<\/span><\/span><\/p>\n<p><span style=\"font-family: Source Sans Pro, sans-serif\"><span style=\"font-size: small\">C\/ Jes\u00fas del Gran Poder, s\/n<\/span><\/span><\/p>\n<p>955808592&nbsp; \/&nbsp; 386592<\/p>\n<p>41080310.edu@juntadeandalucia.es<\/p>\n<\/blockquote>\n<p>[\/et_pb_toggle][et_pb_toggle title=&#8221;EOE LOS PALACIOS&#8221; _builder_version=&#8221;4.16&#8243; _module_preset=&#8221;default&#8221; body_quote_border_color=&#8221;#919191&#8243; body_quote_line_height=&#8221;2.1em&#8221; global_colors_info=&#8221;{}&#8221;]<\/p>\n<blockquote>\n<p>C\/ H\u00edspalis, 3-B &#8211; Apto. Correos 124<\/p>\n<p>955838910 \/ 396910<\/p>\n<p>41080292.edu@juntadeandalucia.es<\/p>\n<\/blockquote>\n<p>[\/et_pb_toggle][et_pb_toggle title=&#8221;EOE MAIRENA DEL ALCOR&#8221; _builder_version=&#8221;4.16&#8243; _module_preset=&#8221;default&#8221; body_quote_border_color=&#8221;#919191&#8243; body_quote_line_height=&#8221;2.1em&#8221; global_colors_info=&#8221;{}&#8221;]<\/p>\n<blockquote>\n<p>C\/ D. Agust\u00edn Jim\u00e9nez Jim\u00e9nez-Vallejo s\/n. Villa del Conocimiento y de las Artes<\/p>\n<p>955649758 \/ 383758<\/p>\n<p align=\"center\" style=\"text-align: left\">41014210.edu@juntadeandalucia.es<\/p>\n<\/blockquote>\n<p>[\/et_pb_toggle][et_pb_toggle title=&#8221;EOE MAIRENA DEL ALJARAFE&#8221; _builder_version=&#8221;4.16&#8243; _module_preset=&#8221;default&#8221; body_quote_border_color=&#8221;#919191&#8243; body_quote_line_height=&#8221;2.1em&#8221; hover_enabled=&#8221;0&#8243; global_colors_info=&#8221;{}&#8221; sticky_enabled=&#8221;0&#8243;]<\/p>\n<blockquote>\n<p>Ciudad Aljarafe, Conjunto 21. S\u00f3tano B.<\/p>\n<p>55624597 \/ 399597<br \/>955624598 \/ 399598<\/p>\n<p align=\"center\" style=\"text-align: left\">41014222.edu@juntadeandalucia.es<\/p>\n<\/blockquote>\n<p>[\/et_pb_toggle][et_pb_toggle title=&#8221;EOE MARCHENA&#8221; _builder_version=&#8221;4.16&#8243; _module_preset=&#8221;default&#8221; body_quote_border_color=&#8221;#919191&#8243; body_quote_line_height=&#8221;2.1em&#8221; hover_enabled=&#8221;0&#8243; global_colors_info=&#8221;{}&#8221; sticky_enabled=&#8221;0&#8243;]<\/p>\n<blockquote>\n<p>IES San Albino &#8211; C\/San Albino, s\/n<\/p>\n<p>955967630 \/ 381630<\/p>\n<p align=\"center\" style=\"text-align: left\">41080322.edu@juntadeandalucia.es<\/p>\n<\/blockquote>\n<p>[\/et_pb_toggle][et_pb_toggle title=&#8221;EOE MOR\u00d3N DE LA FRONTERA&#8221; _builder_version=&#8221;4.16&#8243; _module_preset=&#8221;default&#8221; body_quote_border_color=&#8221;#919191&#8243; body_quote_line_height=&#8221;2.1em&#8221; hover_enabled=&#8221;0&#8243; global_colors_info=&#8221;{}&#8221; sticky_enabled=&#8221;0&#8243;]<\/p>\n<blockquote>\n<p>Centro de Adultos Federico Garc\u00eda Lorca &#8211; C\/ Vicente Aleixandre, s\/n\u00a0<\/p>\n<p>955 85 95 98 \/ 387598<\/p>\n<p align=\"center\" style=\"text-align: left\">41080139.edu@juntadeandalucia.es<\/p>\n<\/blockquote>\n<p>[\/et_pb_toggle][et_pb_toggle title=&#8221;EOE OLIVARES&#8221; _builder_version=&#8221;4.24.2&#8243; _module_preset=&#8221;default&#8221; body_quote_border_color=&#8221;#919191&#8243; body_quote_line_height=&#8221;2.1em&#8221; hover_enabled=&#8221;0&#8243; global_colors_info=&#8221;{}&#8221; sticky_enabled=&#8221;0&#8243;]<\/p>\n<blockquote>\n<p>C\/ Hermanos Machado, n\u00ba 20B<\/p>\n<p>955 62 45 95 \/ 399595<\/p>\n<p style=\"text-align: left\" align=\"center\">41080279.edu@juntadeandalucia.es<\/p>\n<\/blockquote>\n<p>[\/et_pb_toggle][et_pb_toggle title=&#8221;EOE OSUNA&#8221; _builder_version=&#8221;4.16&#8243; _module_preset=&#8221;default&#8221; body_quote_border_color=&#8221;#919191&#8243; body_quote_line_height=&#8221;2.1em&#8221; hover_enabled=&#8221;0&#8243; global_colors_info=&#8221;{}&#8221; sticky_enabled=&#8221;0&#8243;]<\/p>\n<blockquote>\n<p>C\/ CAPIT\u00c1N, 32<\/p>\n<p>954822748 \/ 388748<\/p>\n<p align=\"center\" style=\"text-align: left\">41014234.edu@juntadeandalucia.es<\/p>\n<\/blockquote>\n<p>[\/et_pb_toggle][et_pb_toggle title=&#8221;EOE PILAS&#8221; _builder_version=&#8221;4.24.2&#8243; _module_preset=&#8221;default&#8221; body_quote_border_color=&#8221;#919191&#8243; body_quote_line_height=&#8221;2.1em&#8221; hover_enabled=&#8221;0&#8243; global_colors_info=&#8221;{}&#8221; sticky_enabled=&#8221;0&#8243;]<\/p>\n<blockquote>\n<p>C\/ Aguas, n\u00ba 9<\/p>\n<p>689870368 \/ 614273<\/p>\n<p style=\"text-align: left\" align=\"center\">41080231.edu@juntadeandalucia.es<\/p>\n<\/blockquote>\n<p>[\/et_pb_toggle][et_pb_toggle title=&#8221;EOE UTRERA&#8221; _builder_version=&#8221;4.24.2&#8243; _module_preset=&#8221;default&#8221; body_quote_border_color=&#8221;#919191&#8243; body_quote_line_height=&#8221;2.1em&#8221; hover_enabled=&#8221;0&#8243; global_colors_info=&#8221;{}&#8221; sticky_enabled=&#8221;0&#8243;]<\/p>\n<blockquote>\n<p>C\/ Crist\u00f3bal Col\u00f3n, 28B<\/p>\n<p>955838908 \/ 396908<\/p>\n<p>41080280.edu@juntadeandalucia.es<\/p>\n<\/blockquote>\n<p>[\/et_pb_toggle][\/et_pb_column][et_pb_column type=&#8221;1_2&#8243; _builder_version=&#8221;4.16&#8243; _module_preset=&#8221;default&#8221; global_colors_info=&#8221;{}&#8221;][et_pb_toggle title=&#8221;EOE BELLAVISTA &#8211; BAMI&#8221; _builder_version=&#8221;4.16&#8243; _module_preset=&#8221;default&#8221; body_quote_border_color=&#8221;#919191&#8243; body_quote_line_height=&#8221;2.1em&#8221; global_colors_info=&#8221;{}&#8221;]<\/p>\n<p><span style=\"color: #000000\"><span style=\"font-family: Source Sans Pro, sans-serif\"><span style=\"font-size: small\"><span>C.E.I.P. Juan Sebasti\u00e1n El cano<\/span> <\/span><\/span><\/span><span style=\"color: #000000\"><span style=\"font-family: Source Sans Pro, sans-serif\"><span style=\"font-size: small\"><span>C\/ Lyon, s\/n. Bda. Los Bermejales<\/span> <\/span><\/span><\/span><\/p>\n<p>955624589 \/ 399589<\/p>\n<p>41080048.edu@juntadeandalucia.es<\/p>\n<p>[\/et_pb_toggle][et_pb_toggle title=&#8221;EOE SEVILLA ESTE &#8211; TORREBLANCA&#8221; _builder_version=&#8221;4.16&#8243; _module_preset=&#8221;default&#8221; body_quote_border_color=&#8221;#919191&#8243; body_quote_line_height=&#8221;2.1em&#8221; global_colors_info=&#8221;{}&#8221;]<\/p>\n<blockquote>\n<p>CEIP Arrayanes &#8211; Avda Ciudad de Chiva, 32<\/p>\n<p>955624995 \/ 399995<\/p>\n<p>41080073.edu@juntadeandalucia.es<\/p>\n<\/blockquote>\n<p>[\/et_pb_toggle][et_pb_toggle title=&#8221;EOE  MACARENA &#8211; POL\u00cdGONO NORTE&#8221; _builder_version=&#8221;4.16&#8243; _module_preset=&#8221;default&#8221; body_quote_border_color=&#8221;#919191&#8243; body_quote_line_height=&#8221;2.1em&#8221; global_colors_info=&#8221;{}&#8221;]<\/p>\n<blockquote>\n<p>CEIP Blas Infante &#8211; C\/ Fray Seraf\u00edn Madrid, s\/n<\/p>\n<p>955624187 \/ 399187<\/p>\n<p>41080164.edu@juntadeandalucia.es<\/p>\n<\/blockquote>\n<p>[\/et_pb_toggle][et_pb_toggle title=&#8221;EOE  PALMETE&#8221; _builder_version=&#8221;4.24.2&#8243; _module_preset=&#8221;default&#8221; body_quote_border_color=&#8221;#919191&#8243; body_quote_line_height=&#8221;2.1em&#8221; hover_enabled=&#8221;0&#8243; global_colors_info=&#8221;{}&#8221; sticky_enabled=&#8221;0&#8243;]<\/p>\n<blockquote>\n<p>C\/ Ana Valencia Vilches s\/n<\/p>\n<p>955624600 \/ 399600<\/p>\n<p>41080051.edu@juntadeandalucia.es<\/p>\n<\/blockquote>\n<p>[\/et_pb_toggle][et_pb_toggle title=&#8221;EOE  POL\u00cdGONO SUR &#8211; LA OLIVA&#8221; _builder_version=&#8221;4.24.2&#8243; _module_preset=&#8221;default&#8221; body_quote_border_color=&#8221;#919191&#8243; body_quote_line_height=&#8221;2.1em&#8221; hover_enabled=&#8221;0&#8243; global_colors_info=&#8221;{}&#8221; sticky_enabled=&#8221;0&#8243;]<\/p>\n<blockquote>\n<p>CEIP Fray Bartolom\u00e9 de las Casas &#8211; 2\u00aa Ronda Ntra Sra de la Oliva s\/n<\/p>\n<p>955622114 \/ 392114<\/p>\n<p>41080085.edu@juntadeandalucia.es<\/p>\n<\/blockquote>\n<p>[\/et_pb_toggle][et_pb_toggle title=&#8221;EOE  PORVENIR &#8211; NERVI\u00d3N&#8221; _builder_version=&#8221;4.24.2&#8243; _module_preset=&#8221;default&#8221; body_quote_border_color=&#8221;#919191&#8243; body_quote_line_height=&#8221;2.1em&#8221; hover_enabled=&#8221;0&#8243; global_colors_info=&#8221;{}&#8221; sticky_enabled=&#8221;0&#8243;]<\/p>\n<blockquote>\n<p>C\/ Puerto de las Pedrizas s\/n<\/p>\n<p>955624289 \/ 399289<br \/>955624290 \/ 399290<\/p>\n<p>41080255.edu@juntadeandalucia.es<\/p>\n<\/blockquote>\n<p>[\/et_pb_toggle][et_pb_toggle title=&#8221;EOE  SAN PABLO &#8211; SANTA JUSTA&#8221; _builder_version=&#8221;4.16&#8243; _module_preset=&#8221;default&#8221; body_quote_border_color=&#8221;#919191&#8243; body_quote_line_height=&#8221;2.1em&#8221; global_colors_info=&#8221;{}&#8221;]<\/p>\n<blockquote>\n<p>CEA &#8211; C\/ Gallega a la Ventana, 5<\/p>\n<p>955624587 \/ 399587<\/p>\n<p>41080036.edu@juntadeandalucia.es<\/p>\n<\/blockquote>\n<p>[\/et_pb_toggle][et_pb_toggle title=&#8221;EOE TRIANA&#8221; _builder_version=&#8221;4.16&#8243; _module_preset=&#8221;default&#8221; body_quote_border_color=&#8221;#919191&#8243; body_quote_line_height=&#8221;2.1em&#8221; global_colors_info=&#8221;{}&#8221;]<\/p>\n<blockquote>\n<p>CEIP Juan Ram\u00f3n Jim\u00e9nez &#8211; C\/ San Jos\u00e9 de Calasanz, s\/n<\/p>\n<p>955624605 \/ 399605<\/p>\n<p>41080191.edu@juntadeandalucia.es<\/p>\n<\/blockquote>\n<p>[\/et_pb_toggle][et_pb_toggle title=&#8221;EOE ESPECIALIZADO&#8221; _builder_version=&#8221;4.16&#8243; _module_preset=&#8221;default&#8221; body_quote_border_color=&#8221;#919191&#8243; body_quote_line_height=&#8221;2.1em&#8221; global_colors_info=&#8221;{}&#8221;]<\/p>\n<blockquote>\n<p>Delegaci\u00f3n Territorial de Educaci\u00f3n<br \/>Ronda del Tamarguillo, s\/n<\/p>\n<p>955624613 \/ 399613<\/p>\n<p>41080334.edu@juntadeandalucia.es<\/p>\n<\/blockquote>\n<p>[\/et_pb_toggle][et_pb_toggle title=&#8221;ONCE&#8221; _builder_version=&#8221;4.16&#8243; _module_preset=&#8221;default&#8221; body_quote_border_color=&#8221;#919191&#8243; body_quote_line_height=&#8221;2.1em&#8221; global_colors_info=&#8221;{}&#8221;]<\/p>\n<blockquote>\n<p>C.R.E. Luis Braille &#8211; Campo de los M\u00e1rtires, 10<\/p>\n<p>954989311 \/ 954989314<\/p>\n<p>semom@once.es<\/p>\n<\/blockquote>\n<p>[\/et_pb_toggle][\/et_pb_column][\/et_pb_row][\/et_pb_section]<\/p>\n","protected":false},"excerpt":{"rendered":"<p>EQUIPOS DE ORIENTACI\u00d3N EDUCATIVA Sevilla CEIP Federico Garc\u00eda Lorca &#8211; C\/ Maestro Jos\u00e9 Casado N 4 955624636\/37 &#8211; 399636 41080206.edu@juntadeandalucia.es CEIP LA COLINA &#8211;\u00a0 Prolongaci\u00f3n Calle Julio C\u00e9sar 955624611 &#8211; 399611 41014179.edu@juntadeandalucia.es Pastora Pav\u00f3n 24 955624596 &#8211; 399596 41014179.edu@juntadeandalucia.es CEP Castilleja de la Cuesta &#8211; Avda. de la Diputaci\u00f3n s\/n 955624591 -399591 41080243.edu@juntadeandalucia.es C\/ Mesones [&hellip;]<\/p>\n","protected":false},"author":14835,"featured_media":0,"parent":0,"menu_order":0,"comment_status":"closed","ping_status":"closed","template":"","meta":{"_et_pb_use_builder":"on","_et_pb_old_content":"","_et_gb_content_width":"","ngg_post_thumbnail":0,"footnotes":""},"aioseo_notices":[],"_links":{"self":[{"href":"https:\/\/blogsaverroes.juntadeandalucia.es\/etpoepsevilla\/wp-json\/wp\/v2\/pages\/1131"}],"collection":[{"href":"https:\/\/blogsaverroes.juntadeandalucia.es\/etpoepsevilla\/wp-json\/wp\/v2\/pages"}],"about":[{"href":"https:\/\/blogsaverroes.juntadeandalucia.es\/etpoepsevilla\/wp-json\/wp\/v2\/types\/page"}],"author":[{"embeddable":true,"href":"https:\/\/blogsaverroes.juntadeandalucia.es\/etpoepsevilla\/wp-json\/wp\/v2\/users\/14835"}],"replies":[{"embeddable":true,"href":"https:\/\/blogsaverroes.juntadeandalucia.es\/etpoepsevilla\/wp-json\/wp\/v2\/comments?post=1131"}],"version-history":[{"count":14,"href":"https:\/\/blogsaverroes.juntadeandalucia.es\/etpoepsevilla\/wp-json\/wp\/v2\/pages\/1131\/revisions"}],"predecessor-version":[{"id":2460,"href":"https:\/\/blogsaverroes.juntadeandalucia.es\/etpoepsevilla\/wp-json\/wp\/v2\/pages\/1131\/revisions\/2460"}],"wp:attachment":[{"href":"https:\/\/blogsaverroes.juntadeandalucia.es\/etpoepsevilla\/wp-json\/wp\/v2\/media?parent=1131"}],"curies":[{"name":"wp","href":"https:\/\/api.w.org\/{rel}","templated":true}]}}