{"id":1232,"date":"2022-07-15T09:09:29","date_gmt":"2022-07-15T08:09:29","guid":{"rendered":"https:\/\/blogsaverroes.juntadeandalucia.es\/etpoepsevilla\/?page_id=1232"},"modified":"2026-03-02T13:00:52","modified_gmt":"2026-03-02T12:00:52","slug":"igualdad","status":"publish","type":"page","link":"https:\/\/blogsaverroes.juntadeandalucia.es\/etpoepsevilla\/igualdad\/","title":{"rendered":"IGUALDAD GCI"},"content":{"rendered":"<p>[et_pb_section fb_built=&#8221;1&#8243; _builder_version=&#8221;4.16&#8243; custom_margin=&#8221;||66px|||&#8221; custom_padding=&#8221;0px||0px|&#8221; z_index_tablet=&#8221;500&#8243; box_shadow_horizontal_tablet=&#8221;0px&#8221; box_shadow_vertical_tablet=&#8221;0px&#8221; box_shadow_blur_tablet=&#8221;40px&#8221; box_shadow_spread_tablet=&#8221;0px&#8221; global_colors_info=&#8221;{}&#8221;][et_pb_row _builder_version=&#8221;4.16&#8243; background_size=&#8221;initial&#8221; background_position=&#8221;top_left&#8221; background_repeat=&#8221;repeat&#8221; min_height=&#8221;83px&#8221; height=&#8221;82px&#8221; max_height=&#8221;1000px&#8221; global_colors_info=&#8221;{}&#8221;][et_pb_column type=&#8221;4_4&#8243; _builder_version=&#8221;4.16&#8243; custom_padding=&#8221;|||&#8221; global_colors_info=&#8221;{}&#8221; custom_padding__hover=&#8221;|||&#8221;][et_pb_text admin_label=&#8221;Texto descriptivo&#8221; _builder_version=&#8221;4.16&#8243; text_font=&#8221;Atma||||||||&#8221; header_3_font=&#8221;Actor||||||||&#8221; min_height=&#8221;58px&#8221; custom_margin=&#8221;||-153px|||&#8221; custom_padding=&#8221;0px|||||&#8221; z_index_tablet=&#8221;500&#8243; text_text_shadow_horizontal_length_tablet=&#8221;0px&#8221; text_text_shadow_vertical_length_tablet=&#8221;0px&#8221; text_text_shadow_blur_strength_tablet=&#8221;1px&#8221; link_text_shadow_horizontal_length_tablet=&#8221;0px&#8221; link_text_shadow_vertical_length_tablet=&#8221;0px&#8221; link_text_shadow_blur_strength_tablet=&#8221;1px&#8221; ul_text_shadow_horizontal_length_tablet=&#8221;0px&#8221; ul_text_shadow_vertical_length_tablet=&#8221;0px&#8221; ul_text_shadow_blur_strength_tablet=&#8221;1px&#8221; ol_text_shadow_horizontal_length_tablet=&#8221;0px&#8221; ol_text_shadow_vertical_length_tablet=&#8221;0px&#8221; ol_text_shadow_blur_strength_tablet=&#8221;1px&#8221; quote_text_shadow_horizontal_length_tablet=&#8221;0px&#8221; quote_text_shadow_vertical_length_tablet=&#8221;0px&#8221; quote_text_shadow_blur_strength_tablet=&#8221;1px&#8221; header_text_shadow_horizontal_length_tablet=&#8221;0px&#8221; header_text_shadow_vertical_length_tablet=&#8221;0px&#8221; header_text_shadow_blur_strength_tablet=&#8221;1px&#8221; header_2_text_shadow_horizontal_length_tablet=&#8221;0px&#8221; header_2_text_shadow_vertical_length_tablet=&#8221;0px&#8221; header_2_text_shadow_blur_strength_tablet=&#8221;1px&#8221; header_3_text_shadow_horizontal_length_tablet=&#8221;0px&#8221; header_3_text_shadow_vertical_length_tablet=&#8221;0px&#8221; header_3_text_shadow_blur_strength_tablet=&#8221;1px&#8221; header_4_text_shadow_horizontal_length_tablet=&#8221;0px&#8221; header_4_text_shadow_vertical_length_tablet=&#8221;0px&#8221; header_4_text_shadow_blur_strength_tablet=&#8221;1px&#8221; header_5_text_shadow_horizontal_length_tablet=&#8221;0px&#8221; header_5_text_shadow_vertical_length_tablet=&#8221;0px&#8221; header_5_text_shadow_blur_strength_tablet=&#8221;1px&#8221; header_6_text_shadow_horizontal_length_tablet=&#8221;0px&#8221; header_6_text_shadow_vertical_length_tablet=&#8221;0px&#8221; header_6_text_shadow_blur_strength_tablet=&#8221;1px&#8221; box_shadow_horizontal_tablet=&#8221;0px&#8221; box_shadow_vertical_tablet=&#8221;0px&#8221; box_shadow_blur_tablet=&#8221;40px&#8221; box_shadow_spread_tablet=&#8221;0px&#8221; global_colors_info=&#8221;{}&#8221;]<\/p>\n<h1><strong>IGUALDAD<\/strong><\/h1>\n<h2>Gabinete de Convivencia e Igualdad<\/h2>\n<p>&nbsp;<\/p>\n<p>&nbsp;<\/p>\n<p>[\/et_pb_text][\/et_pb_column][\/et_pb_row][et_pb_row _builder_version=&#8221;4.16&#8243; _module_preset=&#8221;default&#8221; min_height=&#8221;593px&#8221; custom_margin=&#8221;-6px|auto||auto||&#8221; custom_padding=&#8221;||0px|||&#8221; global_colors_info=&#8221;{}&#8221;][et_pb_column type=&#8221;4_4&#8243; _builder_version=&#8221;4.16&#8243; _module_preset=&#8221;default&#8221; global_colors_info=&#8221;{}&#8221;][et_pb_toggle title=&#8221;Plan de Igualdad entre Hombres y Mujeres en Educaci\u00f3n&#8221; open_toggle_text_color=&#8221;#FFFFFF&#8221; open_toggle_background_color=&#8221;#FFFFFF&#8221; closed_toggle_background_color=&#8221;RGBA(255,255,255,0)&#8221; icon_color=&#8221;#FFFFFF&#8221; toggle_icon=&#8221;&#xe04c;||divi||400&#8243; use_icon_font_size=&#8221;on&#8221; icon_font_size=&#8221;20px&#8221; open_icon_color=&#8221;#FFFFFF&#8221; open_toggle_icon=&#8221;&#xe04b;||divi||400&#8243; open_use_icon_font_size=&#8221;on&#8221; open_icon_font_size=&#8221;20px&#8221; _builder_version=&#8221;4.24.2&#8243; _module_preset=&#8221;default&#8221; title_text_color=&#8221;#FFFFFF&#8221; title_level=&#8221;h3&#8243; title_font=&#8221;|600|||||||&#8221; title_text_align=&#8221;right&#8221; title_font_size=&#8221;30px&#8221; body_font=&#8221;||||||||&#8221; body_text_align=&#8221;left&#8221; body_text_color=&#8221;#FFFFFF&#8221; body_font_size=&#8221;18px&#8221; body_line_height=&#8221;2.7em&#8221; body_ol_line_height=&#8221;3em&#8221; body_quote_line_height=&#8221;3em&#8221; background_color=&#8221;#161613&#8243; background_image=&#8221;https:\/\/blogsaverroes.juntadeandalucia.es\/etpoepsevilla\/files\/2022\/07\/3828825.jpg&#8221; text_orientation=&#8221;left&#8221; min_height=&#8221;175px&#8221; hover_enabled=&#8221;0&#8243; title_text_shadow_style=&#8221;preset1&#8243; global_colors_info=&#8221;{}&#8221; sticky_enabled=&#8221;0&#8243;]<\/p>\n<blockquote>\n<p><span style=\"color: #ff00ff\"><a style=\"color: #ff00ff\" href=\"https:\/\/www.juntadeandalucia.es\/educacion\/portals\/delegate\/content\/47f2db05-7777-488b-90b9-f35e30850766\/Texto%20del%20Plan%20de%20Igualdad%20-%20Reedici%C3%B3n%20(plan1_igualdad_r.pdf)\">I Plan de Igualdad<\/a><\/span><\/p>\n<p><span style=\"color: #ff00ff\"><a style=\"color: #ff00ff\" href=\"https:\/\/www.juntadeandalucia.es\/educacion\/portals\/delegate\/content\/c8458d47-056d-4d79-a1bc-4d0129f567e2\/II_Plan_maquetado\">II Plan de Igualdad&nbsp;<\/a><\/span><\/p>\n<p><a href=\"https:\/\/drive.google.com\/file\/d\/1-GTRcexyj_D5PjyeNY5ggVEFgAmBtKbw\/view?usp=sharing\"><span style=\"color: #ff00ff\">III Plan de Igualdad<\/span><\/a><\/p>\n<p><span style=\"color: #ff00ff\"><a style=\"color: #ff00ff\" href=\"https:\/\/juntadeandalucia.es\/boja\/2006\/99\/d4.pdf\" target=\"_blank\" rel=\"noopener noreferrer\">Normativa<\/a><\/span><\/p>\n<p><span style=\"color: #ff00ff\"><a style=\"color: #ff00ff\" href=\"https:\/\/drive.google.com\/file\/d\/1k8zlboSz26a-ccsaWDfw45SYPgCOmsc6\/view?usp=sharing\" target=\"_blank\" rel=\"noopener noreferrer\">Estructura Plan de Igualda<\/a>d<\/span><\/p>\n<p><span style=\"color: #ff00ff\"><a style=\"color: #ff00ff\" href=\"https:\/\/www.juntadeandalucia.es\/educacion\/portals\/web\/igualdad\/diagnostico\">Herramientas para el diagn\u00f3stico<\/a><\/span><\/p>\n<p><span style=\"color: #ff00ff\"><a style=\"color: #ff00ff\" href=\"https:\/\/www.juntadeandalucia.es\/educacion\/portals\/web\/igualdad\/lenguaje-no-sexista\">Lenguaje no sexista<\/a><\/span><\/p>\n<p><span style=\"color: #ff00ff\">&nbsp;<\/span><\/p>\n<\/blockquote>\n<p>[\/et_pb_toggle][et_pb_toggle title=&#8221;Proyectos Pacto de Estado Contra l Violencia de G\u00e9nero&#8221; open_toggle_text_color=&#8221;#FFFFFF&#8221; icon_color=&#8221;#FFFFFF&#8221; toggle_icon=&#8221;&#xe04c;||divi||400&#8243; use_icon_font_size=&#8221;on&#8221; icon_font_size=&#8221;20px&#8221; open_icon_color=&#8221;#FFFFFF&#8221; open_toggle_icon=&#8221;&#xe04b;||divi||400&#8243; open_use_icon_font_size=&#8221;on&#8221; open_icon_font_size=&#8221;20px&#8221; _builder_version=&#8221;4.16&#8243; _module_preset=&#8221;default&#8221; title_text_color=&#8221;#FFFFFF&#8221; title_level=&#8221;h3&#8243; title_font=&#8221;|600|||||||&#8221; title_text_align=&#8221;right&#8221; title_font_size=&#8221;30px&#8221; body_text_color=&#8221;#FFFFFF&#8221; body_font_size=&#8221;18px&#8221; body_line_height=&#8221;2.1em&#8221; background_image=&#8221;https:\/\/blogsaverroes.juntadeandalucia.es\/etpoepsevilla\/files\/2022\/07\/5042508-1.jpg&#8221; min_height=&#8221;175px&#8221; title_text_shadow_style=&#8221;preset1&#8243; global_colors_info=&#8221;{}&#8221;]<\/p>\n<blockquote>\n<p><span style=\"color: #000000\"><a href=\"https:\/\/www.juntadeandalucia.es\/educacion\/portals\/web\/igualdad\/actuaciones\/pacto-de-estado-contra-violencia-de-genero\" target=\"_blank\" rel=\"noopener noreferrer\" style=\"color: #000000\">Normativa<\/a><\/span><\/p>\n<p><span style=\"color: #000000\"><a href=\"https:\/\/juntadeandalucia.es\/export\/drupaljda\/el_novio_de_mi_hija_la_maltrata.pdf\" style=\"color: #000000\">El novio de mi hija la maltrata<\/a><\/span><\/p>\n<p><a href=\"http:\/\/www.iam.junta-andalucia.es\/images\/FONDO_DOCUMENTAL\/PUBLICACIONES\/MONOGRAFIAS_Y_OTRAS_PUBLICACIONES_DE_CARACTER_MONOGRAFICO\/GUIAS_Y_MANUALES\/guia_padres-y_madres_con_hijas_adolescentes_que_sufre_violencia_de_genero.pdf\"><span style=\"color: #000000\">Gu\u00eda para madres y padres con hijas adolescentes que sufren violencia de g\u00e9nero<\/span><\/a><\/p>\n<p><span style=\"color: #000000\">Gu\u00eda de actuaci\u00f3n contra la violencia de g\u00e9nero<\/span><\/p>\n<p><a href=\"http:\/\/www.iam.junta-andalucia.es\/images\/FONDO_DOCUMENTAL\/VIOLENCIA_DE_GENERO\/GUIA%20profesionales%20ante%20chicas%20adolescentes%20que%20sufren%20Violencia%20de%20G%C3%A9nero.%20Saber%20mirar,%20saber%20acoger,%20saber%20acompa%C3%B1ar.pdf\"><span style=\"color: #000000\">Gu\u00eda para profesionales ante chicas adolescentes que sufren violencia de g\u00e9nero<\/span><\/a><\/p>\n<p><a href=\"http:\/\/www.iam.junta-andalucia.es.\/index.php\/areas-tematicas-coeducacion\/2021-2022\/pepuka\"><span style=\"color: #000000\">25N. Gu\u00eda did\u00e1ctica para la prevenci\u00f3n de la violencia de g\u00e9nero en Infantil y Primaria<\/span><\/a><\/p>\n<p><a href=\"http:\/\/www.iam.junta-andalucia.es.\/index.php\/areas-tematicas-coeducacion\/campana-del-juego-y-el-juguete-no-sexista-no-violento-2022-23\"><span style=\"color: #000000\">Campa\u00f1a del juego y el juguete no sexista, no violento 2022\/23<\/span><\/a><\/p>\n<p><a href=\"https:\/\/www.iam.junta-andalucia.es\/calendariocoeducativo22-23\/\"><span style=\"color: #000000\">Calendario Coeducativo 2022\/2023<\/span><\/a><\/p>\n<p><a href=\"http:\/\/www.iam.junta-andalucia.es.\/index.php\/areas-tematicas-coeducacion\/2021-2022\/creciendo-en-igualdad-con-pompa-y-pompo\"><span style=\"color: #000000\">Creciendo en Igualdad<\/span><\/a><\/p>\n<p><a href=\"http:\/\/www.iam.junta-andalucia.es.\/index.php\/areas-tematicas-coeducacion\/2020-2021\/app-afectivo-sexual-olimpia\"><span style=\"color: #000000\">Educaci\u00f3n Afectivo Sexual<\/span><\/a><\/p>\n<p><a href=\"http:\/\/www.iam.junta-andalucia.es.\/files\/Coeducacion\/GUIA%20DIDACTICA%20Jornada%20Competencias%20Digitales%20IAM.pdf\"><span style=\"color: #000000\">Competencias Digitales y Nuevas Profesiones de Futuro<\/span><\/a><\/p>\n<p><a href=\"http:\/\/www.iam.junta-andalucia.es.\/files\/Guia_Piensas_como_hablas_definitiva.pdf\"><span style=\"color: #000000\">\u00bfPiensas como hablas?<\/span><\/a><\/p>\n<p><span style=\"color: #000000\">\u00a0<\/span><\/p>\n<\/blockquote>\n<p>&nbsp;<\/p>\n<p>[\/et_pb_toggle][et_pb_toggle title=&#8221;Identidad de G\u00e9nero&#8221; open_toggle_text_color=&#8221;#FFFFFF&#8221; icon_color=&#8221;#FFFFFF&#8221; toggle_icon=&#8221;&#xe04c;||divi||400&#8243; use_icon_font_size=&#8221;on&#8221; icon_font_size=&#8221;20px&#8221; open_icon_color=&#8221;#FFFFFF&#8221; open_toggle_icon=&#8221;&#xe04b;||divi||400&#8243; open_use_icon_font_size=&#8221;on&#8221; open_icon_font_size=&#8221;20px&#8221; _builder_version=&#8221;4.16&#8243; _module_preset=&#8221;default&#8221; title_text_color=&#8221;#FFFFFF&#8221; title_level=&#8221;h3&#8243; title_font=&#8221;|600|||||||&#8221; title_text_align=&#8221;right&#8221; title_font_size=&#8221;30px&#8221; body_text_color=&#8221;#FFFFFF&#8221; body_font_size=&#8221;18px&#8221; body_line_height=&#8221;2.1em&#8221; background_image=&#8221;https:\/\/blogsaverroes.juntadeandalucia.es\/etpoepsevilla\/files\/2023\/01\/13.jpg&#8221; min_height=&#8221;175px&#8221; title_text_shadow_style=&#8221;preset1&#8243; global_colors_info=&#8221;{}&#8221;]<\/p>\n<blockquote>\n<p><a href=\"https:\/\/www.juntadeandalucia.es\/educacion\/portals\/web\/igualdad\/diversidad-genero\">Diversidad de G\u00e9nero\u00a0<\/a><\/p>\n<p><a href=\"https:\/\/www.juntadeandalucia.es\/educacion\/portals\/delegate\/content\/93ccd930-873f-4e81-a5fe-dcd2b404cbbb\">Gu\u00eda de Conceptos<\/a><\/p>\n<p><a href=\"https:\/\/juntadeandalucia.es\/export\/drupaljda\/publicacion\/19\/01\/Guia%20LGTBIfobia.pdf\"><span style=\"color: #000000\">Gu\u00eda de delitos de odio LGTBI<\/span><\/a><\/p>\n<p><a href=\"https:\/\/chrysallis.org\/recursos_trans_lgtbiq\/guia-para-docentes_trans_lgtbiq\/\"><span style=\"color: #000000\">Gu\u00eda para Docentes<\/span><\/a><\/p>\n<p><a href=\"https:\/\/chrysallis.org\/recursos_trans_lgtbiq\/material-didactico_trans_lgtbiq\/\"><span style=\"color: #000000\">Material Did\u00e1ctico<\/span><\/a><\/p>\n<\/blockquote>\n<p>&nbsp;<\/p>\n<p>[\/et_pb_toggle][et_pb_toggle title=&#8221;Protocolos&#8221; open_toggle_text_color=&#8221;#FFFFFF&#8221; open_toggle_background_color=&#8221;#FFFFFF&#8221; icon_color=&#8221;#FFFFFF&#8221; toggle_icon=&#8221;&#xe04c;||divi||400&#8243; use_icon_font_size=&#8221;on&#8221; icon_font_size=&#8221;20px&#8221; open_icon_color=&#8221;#FFFFFF&#8221; open_toggle_icon=&#8221;&#xe04b;||divi||400&#8243; open_use_icon_font_size=&#8221;on&#8221; open_icon_font_size=&#8221;20px&#8221; _builder_version=&#8221;4.16&#8243; _module_preset=&#8221;default&#8221; title_text_color=&#8221;#FFFFFF&#8221; title_level=&#8221;h3&#8243; title_font=&#8221;|600|||||||&#8221; title_text_align=&#8221;right&#8221; title_font_size=&#8221;30px&#8221; body_font=&#8221;||||||||&#8221; body_text_color=&#8221;#000000&#8243; body_font_size=&#8221;18px&#8221; body_line_height=&#8221;2em&#8221; body_quote_border_color=&#8221;rgba(0,0,0,0.46)&#8221; body_quote_text_color=&#8221;#000000&#8243; background_image=&#8221;https:\/\/blogsaverroes.juntadeandalucia.es\/etpoepsevilla\/files\/2023\/01\/27036-scaled.jpg&#8221; min_height=&#8221;175px&#8221; title_text_shadow_style=&#8221;preset3&#8243; body_text_shadow_style=&#8221;preset5&#8243; body_text_shadow_horizontal_length=&#8221;0.07em&#8221; body_text_shadow_color=&#8221;#FFFFFF&#8221; text_shadow_style=&#8221;preset3&#8243; text_shadow_color=&#8221;#000000&#8243; global_colors_info=&#8221;{}&#8221;]<\/p>\n<blockquote>\n<p><span style=\"color: #ffffff\"><a href=\"https:\/\/drive.google.com\/file\/d\/1CVLvxpD5eDqUaPsGiWH_LiCZtbqstw7W\/view?usp=share_link\" target=\"_blank\" rel=\"noopener noreferrer\" style=\"color: #ffffff\" title=\"PROTOCOLO DE VIOLENCIA DE G\u00c9NERO\">Protocolo de Violencia de G\u00e9nero en el \u00c1mbito<\/a><a href=\"https:\/\/drive.google.com\/file\/d\/1CVLvxpD5eDqUaPsGiWH_LiCZtbqstw7W\/view?usp=share_link\" target=\"_blank\" rel=\"noopener noreferrer\" title=\"PROTOCOLO DE VIOLENCIA DE G\u00c9NERO\" style=\"color: #ffffff\"> Escolar<\/a><\/span><\/p>\n<p><span style=\"color: #ffffff\"><a href=\"https:\/\/drive.google.com\/file\/d\/14PvTDluSg58xzmJOKbxqdj_TUF0jHvqP\/view?usp=share_link\" target=\"_blank\" rel=\"noopener noreferrer\" style=\"color: #ffffff\" title=\"PROTOCOLO IDENTIDAD DE G\u00c9NERO\">Protocolo de Identidad de G\u00e9nero<\/a><\/span><\/p>\n<p><span style=\"color: #ffffff\"><a href=\"https:\/\/juntadeandalucia.es\/boja\/2011\/132\/1\" style=\"color: #ffffff\">Orden de 20 de junio de 2011<\/a><\/span><\/p>\n<p><a href=\"https:\/\/juntadeandalucia.es\/boja\/2015\/96\/1\"><span style=\"color: #ffffff\">Orden de 28 de abril de 2015<\/span><\/a><\/p>\n<\/blockquote>\n<p>[\/et_pb_toggle][et_pb_toggle title=&#8221;Actuaciones y Recursos para la Comunidad Educativa&#8221; open_toggle_text_color=&#8221;#FFFFFF&#8221; icon_color=&#8221;#FFFFFF&#8221; toggle_icon=&#8221;&#xe04c;||divi||400&#8243; use_icon_font_size=&#8221;on&#8221; icon_font_size=&#8221;20px&#8221; open_icon_color=&#8221;#FFFFFF&#8221; open_toggle_icon=&#8221;&#xe04b;||divi||400&#8243; open_use_icon_font_size=&#8221;on&#8221; open_icon_font_size=&#8221;20px&#8221; _builder_version=&#8221;4.16&#8243; _module_preset=&#8221;default&#8221; title_text_color=&#8221;#FFFFFF&#8221; title_level=&#8221;h3&#8243; title_font=&#8221;|600|||||||&#8221; title_text_align=&#8221;right&#8221; title_font_size=&#8221;30px&#8221; body_text_color=&#8221;#FFFFFF&#8221; body_font_size=&#8221;18px&#8221; body_line_height=&#8221;2.6em&#8221; background_image=&#8221;https:\/\/blogsaverroes.juntadeandalucia.es\/etpoepsevilla\/files\/2023\/01\/Dise\u00f1o-sin-t\u00edtulo.png&#8221; min_height=&#8221;175px&#8221; title_text_shadow_style=&#8221;preset3&#8243; global_colors_info=&#8221;{}&#8221;]<\/p>\n<blockquote>\n<p><span style=\"color: #2d0099\"><a href=\"https:\/\/www.juntadeandalucia.es\/educacion\/portals\/web\/igualdad\/premio-rosa-regas\" target=\"_blank\" rel=\"noopener noreferrer\" style=\"color: #2d0099\">Premios Rosa Reg\u00e1s<\/a><\/span><\/p>\n<p><span style=\"color: #2d0099\">Otros Premios<\/span><\/p>\n<p><span style=\"color: #2d0099\"><a href=\"https:\/\/www.juntadeandalucia.es\/educacion\/portals\/web\/igualdad\/subvenciones-ampa\" target=\"_blank\" rel=\"noopener noreferrer\" style=\"color: #2d0099\">Subvenciones dirigidas a AMPAS para proyectos de Coeducaci\u00f3n<\/a><\/span><\/p>\n<p><span style=\"color: #2d0099\"><a href=\"https:\/\/congresoandaluzcoeducacion.com\/\" style=\"color: #2d0099\">3<span style=\"text-decoration: underline\">er<\/span> Congreso Andaluz de Coeducaci\u00f3n<\/a><\/span><\/p>\n<p><span style=\"color: #2d0099\"><a href=\"https:\/\/congresoandaluzcoeducacion.com\/2021\/\" style=\"color: #2d0099\">2<span style=\"text-decoration: underline\">\u00ba<\/span> Congreso Andaluz de Coeducaci\u00f3n<\/a><\/span><\/p>\n<p><span style=\"color: #2d0099\"><a href=\"https:\/\/congresoandaluzeducacionyfeminismo.es\/\" style=\"color: #2d0099\">1<span style=\"text-decoration: underline\">er<\/span> Congreso Andaluz de Coeducaci\u00f3n<\/a><\/span><\/p>\n<\/blockquote>\n<p>[\/et_pb_toggle][et_pb_text _builder_version=&#8221;4.16&#8243; _module_preset=&#8221;default&#8221; background_color=&#8221;#FFFFFF&#8221; border_color_all=&#8221;#000000&#8243; global_colors_info=&#8221;{}&#8221;]<\/p>\n<h1 style=\"text-align: center\"><\/h1>\n<p><span style=\"color: #666699\">\u00a0<\/span><\/p>\n<h1 style=\"text-align: center\"><span style=\"color: #666699\">Preguntas Frecuentes<\/span><\/h1>\n<p>&nbsp;<\/p>\n<p><span style=\"color: #ffffff\"><\/span><\/p>\n<p>[\/et_pb_text][\/et_pb_column][\/et_pb_row][\/et_pb_section]<\/p>\n","protected":false},"excerpt":{"rendered":"<p>IGUALDAD Gabinete de Convivencia e Igualdad &nbsp; &nbsp;I Plan de Igualdad II Plan de Igualdad&nbsp; III Plan de Igualdad Normativa Estructura Plan de Igualdad Herramientas para el diagn\u00f3stico Lenguaje no sexista &nbsp; Normativa El novio de mi hija la maltrata Gu\u00eda para madres y padres con hijas adolescentes que sufren violencia de g\u00e9nero Gu\u00eda de [&hellip;]<\/p>\n","protected":false},"author":14835,"featured_media":0,"parent":0,"menu_order":0,"comment_status":"closed","ping_status":"closed","template":"","meta":{"_et_pb_use_builder":"on","_et_pb_old_content":"","_et_gb_content_width":"","ngg_post_thumbnail":0,"footnotes":""},"aioseo_notices":[],"_links":{"self":[{"href":"https:\/\/blogsaverroes.juntadeandalucia.es\/etpoepsevilla\/wp-json\/wp\/v2\/pages\/1232"}],"collection":[{"href":"https:\/\/blogsaverroes.juntadeandalucia.es\/etpoepsevilla\/wp-json\/wp\/v2\/pages"}],"about":[{"href":"https:\/\/blogsaverroes.juntadeandalucia.es\/etpoepsevilla\/wp-json\/wp\/v2\/types\/page"}],"author":[{"embeddable":true,"href":"https:\/\/blogsaverroes.juntadeandalucia.es\/etpoepsevilla\/wp-json\/wp\/v2\/users\/14835"}],"replies":[{"embeddable":true,"href":"https:\/\/blogsaverroes.juntadeandalucia.es\/etpoepsevilla\/wp-json\/wp\/v2\/comments?post=1232"}],"version-history":[{"count":25,"href":"https:\/\/blogsaverroes.juntadeandalucia.es\/etpoepsevilla\/wp-json\/wp\/v2\/pages\/1232\/revisions"}],"predecessor-version":[{"id":2540,"href":"https:\/\/blogsaverroes.juntadeandalucia.es\/etpoepsevilla\/wp-json\/wp\/v2\/pages\/1232\/revisions\/2540"}],"wp:attachment":[{"href":"https:\/\/blogsaverroes.juntadeandalucia.es\/etpoepsevilla\/wp-json\/wp\/v2\/media?parent=1232"}],"curies":[{"name":"wp","href":"https:\/\/api.w.org\/{rel}","templated":true}]}}