{"id":46,"date":"2023-02-06T17:14:51","date_gmt":"2023-02-06T17:14:51","guid":{"rendered":"https:\/\/blogsaverroes.juntadeandalucia.es\/fallasiespdelaguila\/?page_id=46"},"modified":"2023-02-16T16:51:06","modified_gmt":"2023-02-16T16:51:06","slug":"the-situation","status":"publish","type":"page","link":"https:\/\/blogsaverroes.juntadeandalucia.es\/fallasiespdelaguila\/the-situation\/","title":{"rendered":"The situation"},"content":{"rendered":"\t\t<div data-elementor-type=\"wp-page\" data-elementor-id=\"46\" class=\"elementor elementor-46\">\n\t\t\t\t\t\t<section class=\"elementor-section elementor-top-section elementor-element elementor-element-c1d346c elementor-section-boxed elementor-section-height-default elementor-section-height-default\" data-id=\"c1d346c\" data-element_type=\"section\">\n\t\t\t\t\t\t<div class=\"elementor-container elementor-column-gap-default\">\n\t\t\t\t\t<div class=\"elementor-column elementor-col-100 elementor-top-column elementor-element elementor-element-673d3786\" data-id=\"673d3786\" data-element_type=\"column\">\n\t\t\t<div class=\"elementor-widget-wrap elementor-element-populated\">\n\t\t\t\t\t\t<div class=\"elementor-element elementor-element-4a6ee3dc elementor-widget elementor-widget-text-editor\" data-id=\"4a6ee3dc\" data-element_type=\"widget\" data-widget_type=\"text-editor.default\">\n\t\t\t\t<div class=\"elementor-widget-container\">\n\t\t\t\t\t\t\t\t\t<p style=\"text-align: justify\">Reflexionamos sobre la globalidad del mundo que nos rodea. Esta globallidad define y condiciona la resoluci\u00f3n de distintas problem\u00e1ticas y necesidades actuales y futuras. Necesidades derivadas de nuestra actuaciones en el presente.<\/p><p style=\"text-align: justify\">En este mundo global, el alumnado tiene que ser capaz no s\u00f3lo de adaptarse a los cambios, sino tambi\u00e9n implicarse en la soluci\u00f3n de problemas, liderar, compartir, trabajar juntos&#8230; y para ello nosotros tambi\u00e9n tenemos que ser profesores globales, formando y preparando a las futuras generaciones .Conectar el aprendizaje con la vida desde todas las materias del curr\u00edculum ser\u00e1 clave. La resoluci\u00f3n de problemas del mundo real requiere siempre de un enfoque interdisciplinar.<\/p><p style=\"text-align: justify\">Bajo esta idea de globalidad planteamos llevar a cabo un proyecto de Centro que tiene como punto de partida la consecuci\u00f3n de unos objetivos generales:<\/p><ul style=\"text-align: justify\"><li>Cooperaci\u00f3n y fomento del trabajo en equipo y despliegue de softskills.<\/li><li>Aprendizaje y aplicaci\u00f3n did\u00e1ctica de metodolog\u00edas activas. gamificaci\u00f3n, ABP, Cooperativo..<\/li><li>Reforzar y ampliar el equipo humano de docentes innovadores del centro.<\/li><li>Desarrollar proyectos colaborativos a nivel de centro como estrategia de integraci\u00f3n de planes y programas.<\/li><li>Generar en el alumnado identidad de centro.<\/li><li>Presencia e implicaci\u00f3n del centro en los problemas de la comunidad.<\/li><li>Compartir nuestro patrimonio cultural.<\/li><li>Preparaci\u00f3n para integraci\u00f3n en movilidad Erasmus+ diferente.<\/li><\/ul><p style=\"text-align: justify\">Peguntamos al alumnado para tratar de definir una situaci\u00f3n de aprendizaje original, con relevancia desde la perspectiva del alumnado y con acceso a una amplia variedad de materias, para que el alumnado aplique los conocimientos aprendidos, a trav\u00e9s del desarrollo de un proyecto.<\/p><ul style=\"text-align: justify\"><li>\u00bf C\u00f3mo te gustar\u00eda que fuese tu ciudad y tu vida futura?<\/li><li>\u00bf Qu\u00e9 actuaciones nos impiden tener un mundo mejor y m\u00e1s sostenible?<\/li><li>\u00bfnuestro planeta ser un lugar mejor en el futuro?<\/li><\/ul><p style=\"text-align: justify\">El an\u00e1lisis de las respuestas del alumnado nos ayuda a definir como situaci\u00f3n de aprendizaje.<\/p>\t\t\t\t\t\t\t\t<\/div>\n\t\t\t\t<\/div>\n\t\t\t\t\t<\/div>\n\t\t<\/div>\n\t\t\t\t\t<\/div>\n\t\t<\/section>\n\t\t\t\t<\/div>\n\t\t","protected":false},"excerpt":{"rendered":"<p>Reflexionamos sobre la globalidad del mundo que nos rodea. Esta globallidad define y condiciona la resoluci\u00f3n de distintas problem\u00e1ticas y necesidades actuales y futuras. Necesidades derivadas de nuestra actuaciones en el presente. En este&#46;&#46;&#46;<\/p>\n","protected":false},"author":7916,"featured_media":0,"parent":0,"menu_order":0,"comment_status":"closed","ping_status":"closed","template":"","meta":{"ngg_post_thumbnail":0,"footnotes":""},"aioseo_notices":[],"_links":{"self":[{"href":"https:\/\/blogsaverroes.juntadeandalucia.es\/fallasiespdelaguila\/wp-json\/wp\/v2\/pages\/46"}],"collection":[{"href":"https:\/\/blogsaverroes.juntadeandalucia.es\/fallasiespdelaguila\/wp-json\/wp\/v2\/pages"}],"about":[{"href":"https:\/\/blogsaverroes.juntadeandalucia.es\/fallasiespdelaguila\/wp-json\/wp\/v2\/types\/page"}],"author":[{"embeddable":true,"href":"https:\/\/blogsaverroes.juntadeandalucia.es\/fallasiespdelaguila\/wp-json\/wp\/v2\/users\/7916"}],"replies":[{"embeddable":true,"href":"https:\/\/blogsaverroes.juntadeandalucia.es\/fallasiespdelaguila\/wp-json\/wp\/v2\/comments?post=46"}],"version-history":[{"count":8,"href":"https:\/\/blogsaverroes.juntadeandalucia.es\/fallasiespdelaguila\/wp-json\/wp\/v2\/pages\/46\/revisions"}],"predecessor-version":[{"id":319,"href":"https:\/\/blogsaverroes.juntadeandalucia.es\/fallasiespdelaguila\/wp-json\/wp\/v2\/pages\/46\/revisions\/319"}],"wp:attachment":[{"href":"https:\/\/blogsaverroes.juntadeandalucia.es\/fallasiespdelaguila\/wp-json\/wp\/v2\/media?parent=46"}],"curies":[{"name":"wp","href":"https:\/\/api.w.org\/{rel}","templated":true}]}}