{"id":147,"date":"2022-09-18T20:20:19","date_gmt":"2022-09-18T18:20:19","guid":{"rendered":"https:\/\/blogsaverroes.juntadeandalucia.es\/feieramonycajal\/?page_id=147"},"modified":"2025-10-08T20:38:35","modified_gmt":"2025-10-08T18:38:35","slug":"programas-para-la-innovacion-educativa","status":"publish","type":"page","link":"https:\/\/blogsaverroes.juntadeandalucia.es\/feieramonycajal\/programas-para-la-innovacion-educativa\/","title":{"rendered":"Programas Educativos de la Consejer\u00eda"},"content":{"rendered":"<p>&nbsp;<\/p>\n<p><img loading=\"lazy\" decoding=\"async\" class=\"wp-image-1885 aligncenter\" src=\"https:\/\/blogsaverroes.juntadeandalucia.es\/feieramonycajal\/files\/2025\/09\/progr-educativos.jpg\" alt=\"\" width=\"348\" height=\"210\" srcset=\"https:\/\/blogsaverroes.juntadeandalucia.es\/feieramonycajal\/files\/2025\/09\/progr-educativos.jpg 555w, https:\/\/blogsaverroes.juntadeandalucia.es\/feieramonycajal\/files\/2025\/09\/progr-educativos-300x181.jpg 300w\" sizes=\"(max-width: 348px) 100vw, 348px\" \/><\/p>\n<p>&nbsp;<\/p>\n<p>&nbsp;<\/p>\n<table style=\"width: 100%;border-collapse: collapse;border-style: solid;border-color: #bd8a8a;background-color: #cbe8c1\">\n<tbody>\n<tr>\n<td style=\"width: 50%\" colspan=\"2\">&nbsp;<\/p>\n<p style=\"text-align: center\"><strong><span style=\"color: #993366;font-size: 18pt\">CONVOCATORIA PROGRAMAS EDUCATIVOS, 2025-2026<\/span><\/strong><\/p>\n<p style=\"text-align: center\"><strong><span style=\"color: #993366;font-size: 18pt\"><a style=\"color: #993366\" href=\"https:\/\/www.juntadeandalucia.es\/educacion\/portales\/web\/educacion\/w\/publicada-resolucion-de-01-de-septiembre-de-2025-por-la-que-articula-la-integracion-y-unificacion-de-los-distintos-programas-educativos-gestionados-por-ambas-direcciones-se-establece-el-procedimiento-de-participacion-en-los-mismos-asi-como-su-organizacion?redirect=%2Feducacion%2Fportales%2Fes%2Fweb%2Feducacion%2Fnovedades-portada\" target=\"_blank\" rel=\"noopener\">Resoluci\u00f3n 1 de septiembre de 2025<\/a><\/span><\/strong><\/p>\n<p>&nbsp;<\/p>\n<p style=\"text-align: center\">&nbsp;<\/p>\n<table style=\"height: 869px;width: 97.9567%;border-collapse: collapse\" border=\"1\">\n<tbody>\n<tr style=\"height: 0px\">\n<td style=\"width: 25%;text-align: center;background-color: #507da1;height: 108px\" rowspan=\"2\"><strong><span style=\"color: #ffffff\">\u00c1MBITOS DE CONOCIMIENTO<\/span><\/strong><\/td>\n<td style=\"text-align: center;background-color: #507da1;height: 108px;width: 34.1889%\" rowspan=\"2\"><strong><span style=\"color: #ffffff\">PROGRAMAS EDUCATIVOS<\/span><\/strong><\/td>\n<td style=\"text-align: center;background-color: #507da1;width: 31.4168%;height: 108px\" rowspan=\"2\"><strong><span style=\"color: #ffffff\">COORDINADORES<\/span><\/strong><\/td>\n<td style=\"height: 24px;width: 0.308008%\">&nbsp;<\/td>\n<\/tr>\n<tr style=\"height: 24px\">\n<td style=\"width: 0.308008%;height: 84px;text-align: center\">&nbsp;<\/td>\n<\/tr>\n<tr style=\"height: 66px\">\n<td style=\"width: 25%;height: 198px\" rowspan=\"3\">\n<h4 style=\"text-align: center\"><span style=\"color: #ff6600\">ESCUELAS SOSTENIBLES Y SALUDABLES<\/span><\/h4>\n<h4>&nbsp;<\/h4>\n<\/td>\n<td style=\"width: 34.1889%;height: 66px\">\n<h4 class=\"cima_h4\" style=\"text-align: center\"><strong><span style=\"color: #ff6600\">BIENESTAR EMOCIONAL<\/span><\/strong><\/h4>\n<\/td>\n<td style=\"width: 31.4168%;text-align: center;height: 66px\"><strong><span style=\"color: #ff6600\">Encarnaci\u00f3n Mora<\/span><\/strong><\/td>\n<td style=\"height: 66px;width: 0.308008%\">&nbsp;<\/td>\n<\/tr>\n<tr style=\"height: 66px\">\n<td style=\"width: 34.1889%;height: 66px\">\n<h4 class=\"cima_h4\" style=\"text-align: center\"><strong><span style=\"color: #ff6600\">H\u00c1BITOS DE VIDA SALUDABLE<\/span><\/strong><\/h4>\n<\/td>\n<td style=\"width: 31.4168%;text-align: center;height: 66px\"><strong><span style=\"color: #ff6600\">Miguel Prados<\/span><\/strong><\/td>\n<td style=\"height: 66px;width: 0.308008%\">&nbsp;<\/td>\n<\/tr>\n<tr style=\"height: 66px\">\n<td style=\"width: 34.1889%;height: 66px\">\n<h4 class=\"cima_h4\" style=\"text-align: center\"><strong><span style=\"color: #ff6600\">ALDEA<\/span><\/strong><\/h4>\n<\/td>\n<td style=\"width: 31.4168%;text-align: center;height: 66px\"><strong><span style=\"color: #ff6600\">Santiago S\u00e1nchez<\/span><\/strong><\/td>\n<td style=\"height: 66px;width: 0.308008%\">&nbsp;<\/td>\n<\/tr>\n<tr style=\"height: 24px\">\n<td style=\"width: 25%;height: 309px\" rowspan=\"4\">\n<h4>&nbsp;<\/h4>\n<h4 class=\"cima_h4\" style=\"text-align: center\"><strong><span style=\"color: #ff6600\">COMUNICACI\u00d3N, ARTE Y EMPRENDIMIENTO<\/span><\/strong><\/h4>\n<h4 class=\"cima_h4\" style=\"text-align: center\">&nbsp;<\/h4>\n<\/td>\n<td style=\"width: 34.1889%;height: 24px\">\n<h4 class=\"cima_h4\" style=\"text-align: center\"><strong><span style=\"color: #ff6600\">COMUNICA<br \/>\n<\/span><\/strong><\/h4>\n<\/td>\n<td style=\"width: 31.4168%;height: 24px;text-align: center\"><strong><span style=\"color: #ff6600\">Marta Prieto<\/span><\/strong><\/td>\n<td style=\"height: 24px;width: 0.308008%\">&nbsp;<\/td>\n<\/tr>\n<tr style=\"height: 95px\">\n<td style=\"width: 34.1889%;height: 95px\">\n<h4 class=\"cima_h4\" style=\"text-align: center\"><strong><span style=\"color: #ff6600\">aulaDjaque<\/span><\/strong><\/h4>\n<\/td>\n<td style=\"width: 31.4168%;text-align: center;height: 95px\"><strong><span style=\"color: #ff6600\">Nicole Poikat<\/span><\/strong><\/td>\n<td style=\"height: 95px;width: 0.308008%\">&nbsp;<\/td>\n<\/tr>\n<tr style=\"height: 95px\">\n<td style=\"width: 34.1889%;height: 95px\">\n<h4 class=\"cima_h4\" style=\"text-align: center\"><strong><span style=\"color: #ff6600\">PROGRAMAS CULTURALES<\/span><\/strong><\/h4>\n<\/td>\n<td style=\"width: 31.4168%;text-align: center;height: 95px\"><strong><span style=\"color: #ff6600\">Sara Varela<\/span><\/strong><\/td>\n<td style=\"height: 95px;width: 0.308008%\">&nbsp;<\/td>\n<\/tr>\n<tr style=\"height: 95px\">\n<td style=\"width: 34.1889%;height: 95px\">\n<h4 class=\"cima_h4\" style=\"text-align: center\"><strong><span style=\"color: #ff6600\">BIBLIOTECAS ESCOLARES<\/span><\/strong><\/h4>\n<\/td>\n<td style=\"width: 31.4168%;text-align: center;height: 95px\"><strong><span style=\"color: #ff6600\">Nicolasa S\u00e1nchez<\/span><\/strong><\/td>\n<td style=\"height: 95px;width: 0.308008%\">&nbsp;<\/td>\n<\/tr>\n<tr style=\"height: 24px\">\n<td style=\"width: 25%;height: 58px\" rowspan=\"3\">\n<h4>&nbsp;<\/h4>\n<h4>&nbsp;<\/h4>\n<h4 class=\"cima_h4\" style=\"text-align: center\"><strong><span style=\"color: #ff6600\">INNOVACI\u00d3N<\/span><\/strong><\/h4>\n<h4 class=\"cima_h4\" style=\"text-align: center\"><strong><span style=\"color: #ff6600\">&nbsp;<\/span><\/strong><\/h4>\n<\/td>\n<td style=\"width: 34.1889%;height: 24px;text-align: center\"><strong><span style=\"color: #ff6600\">Escuela C\u00f3digo 4.0<\/span><\/strong><\/td>\n<td style=\"width: 31.4168%;height: 24px;text-align: center\"><strong><span style=\"color: #ff6600\">Eva Gonz\u00e1lez<\/span><\/strong><\/td>\n<td style=\"height: 24px;width: 0.308008%\">&nbsp;<\/td>\n<\/tr>\n<tr style=\"height: 24px\">\n<td style=\"width: 34.1889%;height: 24px;text-align: center\"><strong><span style=\"color: #ff6600\">TDE<\/span><\/strong><\/td>\n<td style=\"width: 31.4168%;height: 24px;text-align: center\"><strong><span style=\"color: #ff6600\">Loli Esturillo<\/span><\/strong><\/td>\n<td style=\"height: 24px;width: 0.308008%\">&nbsp;<\/td>\n<\/tr>\n<tr style=\"height: 10px\">\n<td style=\"width: 34.1889%;text-align: center;height: 10px\"><strong><span style=\"color: #ff6600\">Pr\u00e1cticum<\/span><\/strong><\/td>\n<td style=\"width: 31.4168%;text-align: center;height: 10px\"><strong><span style=\"color: #ff6600\">Carmen Cambil<\/span><\/strong><\/td>\n<td style=\"height: 10px;width: 0.308008%\">&nbsp;<\/td>\n<\/tr>\n<tr style=\"height: 66px\">\n<td style=\"width: 25%;height: 196px\" rowspan=\"3\">\n<h4 class=\"cima_h4\" style=\"text-align: center\"><strong><span style=\"color: #ff6600\">INCLUSI\u00d3N Y PARTICIPACI\u00d3N<\/span><\/strong><\/h4>\n<\/td>\n<td style=\"width: 34.1889%;text-align: center;height: 66px\"><strong><span style=\"color: #ff6600\">Red Andaluza: Escuela \u00abEspacio de Paz\u00bb<\/span><\/strong><\/td>\n<td style=\"width: 31.4168%;text-align: center;height: 66px\"><strong><span style=\"color: #ff6600\">Pepa Campos<\/span><\/strong><\/td>\n<td style=\"height: 66px;width: 0.308008%\">&nbsp;<\/td>\n<\/tr>\n<tr style=\"height: 66px\">\n<td style=\"width: 34.1889%;text-align: center;height: 66px\"><strong><span style=\"color: #ff6600\">M\u00e1s Equidad<\/span><\/strong><\/td>\n<td style=\"width: 31.4168%;text-align: center;height: 66px\"><strong><span style=\"color: #ff6600\">Marta Gonz\u00e1lez<\/span><\/strong><\/td>\n<td style=\"height: 66px;width: 0.308008%\">&nbsp;<\/td>\n<\/tr>\n<tr style=\"height: 64px\">\n<td style=\"width: 34.1889%;text-align: center;height: 64px\"><strong><span style=\"color: #ff6600\">Plan de Igualdad de G\u00e9nero en Educaci\u00f3n de Andaluc\u00eda<\/span><\/strong><\/td>\n<td style=\"width: 31.4168%;text-align: center;height: 64px\"><strong><span style=\"color: #ff6600\">Pepi Cort\u00e9s<\/span><\/strong><\/td>\n<td style=\"height: 64px;width: 0.308008%\">&nbsp;<\/td>\n<\/tr>\n<\/tbody>\n<\/table>\n<p>&nbsp;<\/p>\n<p>&nbsp;<\/p>\n<p style=\"text-align: center\">&nbsp;<\/p>\n<p style=\"text-align: center\">&nbsp;<\/p>\n<p>&nbsp;<\/td>\n<\/tr>\n<\/tbody>\n<\/table>\n<!--themify_builder_content-->\n<div id=\"themify_builder_content-147\" data-postid=\"147\" class=\"themify_builder_content themify_builder_content-147 themify_builder tf_clear\">\n                    <div  data-lazy=\"1\" class=\"module_row themify_builder_row tb_cq6u702 tb_first tf_w\">\n                        <div class=\"row_inner col_align_top tb_col_count_1 tf_box tf_rel\">\n                        <div  data-lazy=\"1\" class=\"module_column tb-column col-full tb_kp30703 first\">\n                            <div  data-lazy=\"1\" class=\"module_subrow themify_builder_sub_row tf_w col_align_top tb_col_count_1 tb_sqax532\">\n                <div  data-lazy=\"1\" class=\"module_column sub_column col-full tb_s4f6533 first\">\n                    <!-- module image -->\n<div  class=\"module module-image tb_hpvo431 image-center rounded drop-shadow bordered  tf_mw wow\" data-tf-animation=\"bounce\" data-lazy=\"1\">\n        <div class=\"image-wrap tf_rel tf_mw\">\n                \n        <\/div>\n    <!-- \/image-wrap -->\n    \n        <\/div>\n<!-- \/module image -->        <\/div>\n                    <\/div>\n                <\/div>\n                        <\/div>\n        <\/div>\n                        <div  data-lazy=\"1\" class=\"module_row themify_builder_row tb_2g4e984 tf_w\">\n                        <div class=\"row_inner col_align_top tb_col_count_5 tf_box tf_rel\">\n                        <div  data-lazy=\"1\" class=\"module_column tb-column col5-1 tb_gjkl985 first\">\n                            <\/div>\n                    <div  data-lazy=\"1\" class=\"module_column tb-column col5-1 tb_53oq985\">\n                            <\/div>\n                    <div  data-lazy=\"1\" class=\"module_column tb-column col5-1 tb_n7vn986\">\n                            <\/div>\n                    <div  data-lazy=\"1\" class=\"module_column tb-column col5-1 tb_em4r986\">\n                            <\/div>\n                    <div  data-lazy=\"1\" class=\"module_column tb-column col5-1 tb_9jw0986 last\">\n                            <\/div>\n                        <\/div>\n        <\/div>\n        <\/div>\n<!--\/themify_builder_content-->","protected":false},"excerpt":{"rendered":"<p>&nbsp; &nbsp; &nbsp; &nbsp; CONVOCATORIA PROGRAMAS EDUCATIVOS, 2025-2026 Resoluci\u00f3n 1 de septiembre de 2025 &nbsp; &nbsp; \u00c1MBITOS DE CONOCIMIENTO PROGRAMAS EDUCATIVOS COORDINADORES &nbsp; &nbsp; ESCUELAS SOSTENIBLES Y SALUDABLES &nbsp; BIENESTAR EMOCIONAL Encarnaci\u00f3n Mora &nbsp; H\u00c1BITOS DE VIDA SALUDABLE Miguel Prados &nbsp; ALDEA Santiago S\u00e1nchez &nbsp; &nbsp; COMUNICACI\u00d3N, ARTE Y EMPRENDIMIENTO &nbsp; COMUNICA Marta Prieto &nbsp; [&hellip;]<\/p>\n","protected":false},"author":2391,"featured_media":0,"parent":0,"menu_order":0,"comment_status":"closed","ping_status":"closed","template":"","meta":{"ngg_post_thumbnail":0,"footnotes":""},"aioseo_notices":[],"_links":{"self":[{"href":"https:\/\/blogsaverroes.juntadeandalucia.es\/feieramonycajal\/wp-json\/wp\/v2\/pages\/147"}],"collection":[{"href":"https:\/\/blogsaverroes.juntadeandalucia.es\/feieramonycajal\/wp-json\/wp\/v2\/pages"}],"about":[{"href":"https:\/\/blogsaverroes.juntadeandalucia.es\/feieramonycajal\/wp-json\/wp\/v2\/types\/page"}],"author":[{"embeddable":true,"href":"https:\/\/blogsaverroes.juntadeandalucia.es\/feieramonycajal\/wp-json\/wp\/v2\/users\/2391"}],"replies":[{"embeddable":true,"href":"https:\/\/blogsaverroes.juntadeandalucia.es\/feieramonycajal\/wp-json\/wp\/v2\/comments?post=147"}],"version-history":[{"count":31,"href":"https:\/\/blogsaverroes.juntadeandalucia.es\/feieramonycajal\/wp-json\/wp\/v2\/pages\/147\/revisions"}],"predecessor-version":[{"id":1963,"href":"https:\/\/blogsaverroes.juntadeandalucia.es\/feieramonycajal\/wp-json\/wp\/v2\/pages\/147\/revisions\/1963"}],"wp:attachment":[{"href":"https:\/\/blogsaverroes.juntadeandalucia.es\/feieramonycajal\/wp-json\/wp\/v2\/media?parent=147"}],"curies":[{"name":"wp","href":"https:\/\/api.w.org\/{rel}","templated":true}]}}