{"id":13740,"date":"2024-01-30T19:10:30","date_gmt":"2024-01-30T18:10:30","guid":{"rendered":"https:\/\/blogsaverroes.juntadeandalucia.es\/fglorca\/?page_id=13740"},"modified":"2025-06-16T19:30:22","modified_gmt":"2025-06-16T18:30:22","slug":"biblioteca","status":"publish","type":"page","link":"https:\/\/blogsaverroes.juntadeandalucia.es\/fglorca\/biblioteca\/","title":{"rendered":"BIBLIOTECA VIRTUAL"},"content":{"rendered":"\t\t<div data-elementor-type=\"wp-page\" data-elementor-id=\"13740\" class=\"elementor elementor-13740\">\n\t\t\t\t\t\t<section class=\"elementor-section elementor-top-section elementor-element elementor-element-9184488 elementor-section-boxed elementor-section-height-default elementor-section-height-default\" data-id=\"9184488\" data-element_type=\"section\">\n\t\t\t\t\t\t<div class=\"elementor-container elementor-column-gap-default\">\n\t\t\t\t\t<div class=\"elementor-column elementor-col-100 elementor-top-column elementor-element elementor-element-95a5af5\" data-id=\"95a5af5\" data-element_type=\"column\">\n\t\t\t<div class=\"elementor-widget-wrap elementor-element-populated\">\n\t\t\t\t\t\t<div class=\"elementor-element elementor-element-8c4acf5 elementor-widget elementor-widget-wp-widget-media_audio\" data-id=\"8c4acf5\" data-element_type=\"widget\" data-widget_type=\"wp-widget-media_audio.default\">\n\t\t\t\t<div class=\"elementor-widget-container\">\n\t\t\t\t\t<!--[if lt IE 9]><script>document.createElement('audio');<\/script><![endif]-->\n<audio class=\"wp-audio-shortcode\" id=\"audio-13740-1\" preload=\"none\" style=\"width: 100%;\" controls=\"controls\"><source type=\"audio\/mpeg\" src=\"https:\/\/blogsaverroes.juntadeandalucia.es\/fglorca\/files\/2025\/06\/Anuncio-de-bibliotecas-.mp3?_=1\" \/><source type=\"audio\/mpeg\" src=\"https:\/\/blogsaverroes.juntadeandalucia.es\/fglorca\/files\/2025\/06\/Anuncio-de-bibliotecas-.mp3?_=1\" \/><a href=\"https:\/\/blogsaverroes.juntadeandalucia.es\/fglorca\/files\/2025\/06\/Anuncio-de-bibliotecas-.mp3\">https:\/\/blogsaverroes.juntadeandalucia.es\/fglorca\/files\/2025\/06\/Anuncio-de-bibliotecas-.mp3<\/a><\/audio>\t\t\t\t<\/div>\n\t\t\t\t<\/div>\n\t\t\t\t\t<\/div>\n\t\t<\/div>\n\t\t\t\t\t<\/div>\n\t\t<\/section>\n\t\t\t\t<section class=\"elementor-section elementor-top-section elementor-element elementor-element-c9da4b1 elementor-section-boxed elementor-section-height-default elementor-section-height-default\" data-id=\"c9da4b1\" data-element_type=\"section\">\n\t\t\t\t\t\t<div class=\"elementor-container elementor-column-gap-default\">\n\t\t\t\t\t<div class=\"elementor-column elementor-col-100 elementor-top-column elementor-element elementor-element-a8d312a\" data-id=\"a8d312a\" data-element_type=\"column\">\n\t\t\t<div class=\"elementor-widget-wrap elementor-element-populated\">\n\t\t\t\t\t\t<div class=\"elementor-element elementor-element-676b204 elementor-widget elementor-widget-wp-widget-custom_html\" data-id=\"676b204\" data-element_type=\"widget\" data-widget_type=\"wp-widget-custom_html.default\">\n\t\t\t\t<div class=\"elementor-widget-container\">\n\t\t\t\t\t<div class=\"textwidget custom-html-widget\"><div style=\"width: 100%\"><div style=\"padding-bottom: 56.25%;padding-top: 0;height: 0\"><iframe frameborder=\"0\" width=\"1200\" height=\"675\" src=\"https:\/\/view.genial.ly\/65ce553942d9530013557005\" scrolling=\"yes\"><\/iframe> <\/div> <\/div><\/div>\t\t\t\t<\/div>\n\t\t\t\t<\/div>\n\t\t\t\t\t<\/div>\n\t\t<\/div>\n\t\t\t\t\t<\/div>\n\t\t<\/section>\n\t\t\t\t<section class=\"elementor-section elementor-top-section elementor-element elementor-element-ea39521 elementor-section-boxed elementor-section-height-default elementor-section-height-default\" data-id=\"ea39521\" data-element_type=\"section\">\n\t\t\t\t\t\t<div class=\"elementor-container elementor-column-gap-default\">\n\t\t\t\t\t<div class=\"elementor-column elementor-col-100 elementor-top-column elementor-element elementor-element-85548ab\" data-id=\"85548ab\" data-element_type=\"column\">\n\t\t\t<div class=\"elementor-widget-wrap elementor-element-populated\">\n\t\t\t\t\t\t<div class=\"elementor-element elementor-element-88efa53 elementor-widget elementor-widget-spacer\" data-id=\"88efa53\" data-element_type=\"widget\" data-widget_type=\"spacer.default\">\n\t\t\t\t<div class=\"elementor-widget-container\">\n\t\t\t\t\t\t\t<div class=\"elementor-spacer\">\n\t\t\t<div class=\"elementor-spacer-inner\"><\/div>\n\t\t<\/div>\n\t\t\t\t\t\t<\/div>\n\t\t\t\t<\/div>\n\t\t\t\t\t<\/div>\n\t\t<\/div>\n\t\t\t\t\t<\/div>\n\t\t<\/section>\n\t\t\t\t<section class=\"elementor-section elementor-top-section elementor-element elementor-element-2795b8a elementor-section-boxed elementor-section-height-default elementor-section-height-default\" data-id=\"2795b8a\" data-element_type=\"section\">\n\t\t\t\t\t\t<div class=\"elementor-container elementor-column-gap-default\">\n\t\t\t\t\t<div class=\"elementor-column elementor-col-100 elementor-top-column elementor-element elementor-element-69d0657\" data-id=\"69d0657\" data-element_type=\"column\">\n\t\t\t<div class=\"elementor-widget-wrap\">\n\t\t\t\t\t\t\t<\/div>\n\t\t<\/div>\n\t\t\t\t\t<\/div>\n\t\t<\/section>\n\t\t\t\t<section class=\"elementor-section elementor-top-section elementor-element elementor-element-739c843 elementor-section-boxed elementor-section-height-default elementor-section-height-default\" data-id=\"739c843\" data-element_type=\"section\">\n\t\t\t\t\t\t<div class=\"elementor-container elementor-column-gap-default\">\n\t\t\t\t\t<div class=\"elementor-column elementor-col-100 elementor-top-column elementor-element elementor-element-9aaec0e\" data-id=\"9aaec0e\" data-element_type=\"column\">\n\t\t\t<div class=\"elementor-widget-wrap\">\n\t\t\t\t\t\t\t<\/div>\n\t\t<\/div>\n\t\t\t\t\t<\/div>\n\t\t<\/section>\n\t\t\t\t<section class=\"elementor-section elementor-top-section elementor-element elementor-element-b06e0de elementor-section-boxed elementor-section-height-default elementor-section-height-default\" data-id=\"b06e0de\" data-element_type=\"section\">\n\t\t\t\t\t\t<div class=\"elementor-container elementor-column-gap-default\">\n\t\t\t\t\t<div class=\"elementor-column elementor-col-33 elementor-top-column elementor-element elementor-element-c35dfcb\" data-id=\"c35dfcb\" data-element_type=\"column\">\n\t\t\t<div class=\"elementor-widget-wrap elementor-element-populated\">\n\t\t\t\t\t\t<div class=\"elementor-element elementor-element-799adf9 elementor-widget elementor-widget-image\" data-id=\"799adf9\" data-element_type=\"widget\" data-widget_type=\"image.default\">\n\t\t\t\t<div class=\"elementor-widget-container\">\n\t\t\t\t\t\t\t\t\t\t\t\t\t\t\t\t<a href=\"https:\/\/www.juntadeandalucia.es\/educacion\/senecav2\/seneca\/biblioweb\/portal\/04601701\" target=\"_blank\">\n\t\t\t\t\t\t\t<img fetchpriority=\"high\" decoding=\"async\" width=\"300\" height=\"264\" src=\"https:\/\/blogsaverroes.juntadeandalucia.es\/fglorca\/files\/2021\/11\/BIBLIOTECA-VIRTUAL-300x264.jpg\" class=\"attachment-medium size-medium wp-image-7163\" alt=\"\" srcset=\"https:\/\/blogsaverroes.juntadeandalucia.es\/fglorca\/files\/2021\/11\/BIBLIOTECA-VIRTUAL-300x264.jpg 300w, https:\/\/blogsaverroes.juntadeandalucia.es\/fglorca\/files\/2021\/11\/BIBLIOTECA-VIRTUAL-1024x900.jpg 1024w, https:\/\/blogsaverroes.juntadeandalucia.es\/fglorca\/files\/2021\/11\/BIBLIOTECA-VIRTUAL-768x675.jpg 768w, https:\/\/blogsaverroes.juntadeandalucia.es\/fglorca\/files\/2021\/11\/BIBLIOTECA-VIRTUAL-24x21.jpg 24w, https:\/\/blogsaverroes.juntadeandalucia.es\/fglorca\/files\/2021\/11\/BIBLIOTECA-VIRTUAL-36x32.jpg 36w, https:\/\/blogsaverroes.juntadeandalucia.es\/fglorca\/files\/2021\/11\/BIBLIOTECA-VIRTUAL-48x42.jpg 48w, https:\/\/blogsaverroes.juntadeandalucia.es\/fglorca\/files\/2021\/11\/BIBLIOTECA-VIRTUAL.jpg 1236w\" sizes=\"(max-width: 300px) 100vw, 300px\" \/>\t\t\t\t\t\t\t\t<\/a>\n\t\t\t\t\t\t\t\t\t\t\t\t\t\t\t<\/div>\n\t\t\t\t<\/div>\n\t\t\t\t<div class=\"elementor-element elementor-element-8898b18 elementor-widget elementor-widget-text-editor\" data-id=\"8898b18\" data-element_type=\"widget\" data-widget_type=\"text-editor.default\">\n\t\t\t\t<div class=\"elementor-widget-container\">\n\t\t\t\t\t\t\t\t\t<p style=\"text-align: center\"><a href=\"https:\/\/www.juntadeandalucia.es\/educacion\/senecav2\/seneca\/biblioweb\/portal\/04601701\"><strong><span style=\"font-size: 14pt\">Si quieres saber los libros que tenemos en el centro, pedir pr\u00e9stamos, ver la ubicaci\u00f3n de cada libro, etc. puedes entrar en en bibioweb s\u00e9neca de nuestro centro.\u00a0<\/span><\/strong><\/a><\/p>\t\t\t\t\t\t\t\t<\/div>\n\t\t\t\t<\/div>\n\t\t\t\t\t<\/div>\n\t\t<\/div>\n\t\t\t\t<div class=\"elementor-column elementor-col-33 elementor-top-column elementor-element elementor-element-0700990\" data-id=\"0700990\" data-element_type=\"column\">\n\t\t\t<div class=\"elementor-widget-wrap elementor-element-populated\">\n\t\t\t\t\t\t<div class=\"elementor-element elementor-element-825a0b3 elementor-widget elementor-widget-text-editor\" data-id=\"825a0b3\" data-element_type=\"widget\" data-widget_type=\"text-editor.default\">\n\t\t\t\t<div class=\"elementor-widget-container\">\n\t\t\t\t\t\t\t\t\t<p style=\"text-align: center\"><a href=\"https:\/\/planbiblioteca.fglorca.es\/\" target=\"_blank\" rel=\"noopener\"><br \/><img decoding=\"async\" class=\"aligncenter  wp-image-20083\" src=\"https:\/\/blogsaverroes.juntadeandalucia.es\/fglorca\/files\/2025\/06\/Plan-anual-de-etrabajo-de-la-biblio-300x242.png\" alt=\"\" width=\"418\" height=\"337\" srcset=\"https:\/\/blogsaverroes.juntadeandalucia.es\/fglorca\/files\/2025\/06\/Plan-anual-de-etrabajo-de-la-biblio-300x242.png 300w, https:\/\/blogsaverroes.juntadeandalucia.es\/fglorca\/files\/2025\/06\/Plan-anual-de-etrabajo-de-la-biblio-1024x826.png 1024w, https:\/\/blogsaverroes.juntadeandalucia.es\/fglorca\/files\/2025\/06\/Plan-anual-de-etrabajo-de-la-biblio-768x619.png 768w, https:\/\/blogsaverroes.juntadeandalucia.es\/fglorca\/files\/2025\/06\/Plan-anual-de-etrabajo-de-la-biblio-1536x1238.png 1536w, https:\/\/blogsaverroes.juntadeandalucia.es\/fglorca\/files\/2025\/06\/Plan-anual-de-etrabajo-de-la-biblio.png 1982w\" sizes=\"(max-width: 418px) 100vw, 418px\" \/><\/a><a href=\"\/\/planbiblioteca.fglorca.es\" target=\"_blank\" rel=\"noopener\">VER PLAN ANUAL DE TRABAJO DE LA BIBLIOTECA<\/a><\/p>\t\t\t\t\t\t\t\t<\/div>\n\t\t\t\t<\/div>\n\t\t\t\t\t<\/div>\n\t\t<\/div>\n\t\t\t\t<div class=\"elementor-column elementor-col-33 elementor-top-column elementor-element elementor-element-abc65a9\" data-id=\"abc65a9\" data-element_type=\"column\">\n\t\t\t<div class=\"elementor-widget-wrap elementor-element-populated\">\n\t\t\t\t\t\t<div class=\"elementor-element elementor-element-18a3598 elementor-widget elementor-widget-toggle\" data-id=\"18a3598\" data-element_type=\"widget\" data-widget_type=\"toggle.default\">\n\t\t\t\t<div class=\"elementor-widget-container\">\n\t\t\t\t\t\t\t<div class=\"elementor-toggle\">\n\t\t\t\t\t\t\t<div class=\"elementor-toggle-item\">\n\t\t\t\t\t<div id=\"elementor-tab-title-2581\" class=\"elementor-tab-title\" data-tab=\"1\" role=\"button\" aria-controls=\"elementor-tab-content-2581\" aria-expanded=\"false\">\n\t\t\t\t\t\t\t\t\t\t\t\t<span class=\"elementor-toggle-icon elementor-toggle-icon-left\" aria-hidden=\"true\">\n\t\t\t\t\t\t\t\t\t\t\t\t\t\t\t<span class=\"elementor-toggle-icon-closed\"><i class=\"fas fa-caret-right\"><\/i><\/span>\n\t\t\t\t\t\t\t\t<span class=\"elementor-toggle-icon-opened\"><i class=\"elementor-toggle-icon-opened fas fa-caret-up\"><\/i><\/span>\n\t\t\t\t\t\t\t\t\t\t\t\t\t<\/span>\n\t\t\t\t\t\t\t\t\t\t\t\t<a class=\"elementor-toggle-title\" tabindex=\"0\">Biblioteca Virtual Cervantes<\/a>\n\t\t\t\t\t<\/div>\n\n\t\t\t\t\t<div id=\"elementor-tab-content-2581\" class=\"elementor-tab-content elementor-clearfix\" data-tab=\"1\" role=\"region\" aria-labelledby=\"elementor-tab-title-2581\"><p><a href=\"https:\/\/www.cervantesvirtual.com\/portales\/biblioteca_literatura_infantil_juvenil\/\" target=\"_blank\" rel=\"noopener\">BIBLIOTECA CERVANTES La\u00a0<strong>Biblioteca Virtual Miguel de Cervantes<\/strong>, la primera en lengua castellana, es un fondo bibliogr\u00e1fico con obras de Literatura, Historia, Ciencias, etc., de libre acceso. Incluye trabajos de investigaci\u00f3n, cat\u00e1logo en otras lenguas y bibliotecas del mundo.<\/a><\/p><\/div>\n\t\t\t\t<\/div>\n\t\t\t\t\t\t\t<div class=\"elementor-toggle-item\">\n\t\t\t\t\t<div id=\"elementor-tab-title-2582\" class=\"elementor-tab-title\" data-tab=\"2\" role=\"button\" aria-controls=\"elementor-tab-content-2582\" aria-expanded=\"false\">\n\t\t\t\t\t\t\t\t\t\t\t\t<span class=\"elementor-toggle-icon elementor-toggle-icon-left\" aria-hidden=\"true\">\n\t\t\t\t\t\t\t\t\t\t\t\t\t\t\t<span class=\"elementor-toggle-icon-closed\"><i class=\"fas fa-caret-right\"><\/i><\/span>\n\t\t\t\t\t\t\t\t<span class=\"elementor-toggle-icon-opened\"><i class=\"elementor-toggle-icon-opened fas fa-caret-up\"><\/i><\/span>\n\t\t\t\t\t\t\t\t\t\t\t\t\t<\/span>\n\t\t\t\t\t\t\t\t\t\t\t\t<a class=\"elementor-toggle-title\" tabindex=\"0\">Biblioteca Hispania<\/a>\n\t\t\t\t\t<\/div>\n\n\t\t\t\t\t<div id=\"elementor-tab-content-2582\" class=\"elementor-tab-content elementor-clearfix\" data-tab=\"2\" role=\"region\" aria-labelledby=\"elementor-tab-title-2582\"><p><a href=\"https:\/\/hispana.mcu.es\/es\/inicio\/inicio.do\" target=\"_blank\" rel=\"noopener\"><strong>Hispana<\/strong>\u00a0<\/a>es un directorio y recolector de recursos digitales. Entre las colecciones que Hispana recolecta destacan los repositorios institucionales de las universidades espa\u00f1olas y las bibliotecas digitales de las Comunidades Aut\u00f3nomas, que ofrecen acceso a conjuntos crecientes de todo tipo de materiales (manuscritos, libros impresos, fotograf\u00edas, mapas\u2026) del patrimonio bibliogr\u00e1fico espa\u00f1ol.<\/p><\/div>\n\t\t\t\t<\/div>\n\t\t\t\t\t\t\t<div class=\"elementor-toggle-item\">\n\t\t\t\t\t<div id=\"elementor-tab-title-2583\" class=\"elementor-tab-title\" data-tab=\"3\" role=\"button\" aria-controls=\"elementor-tab-content-2583\" aria-expanded=\"false\">\n\t\t\t\t\t\t\t\t\t\t\t\t<span class=\"elementor-toggle-icon elementor-toggle-icon-left\" aria-hidden=\"true\">\n\t\t\t\t\t\t\t\t\t\t\t\t\t\t\t<span class=\"elementor-toggle-icon-closed\"><i class=\"fas fa-caret-right\"><\/i><\/span>\n\t\t\t\t\t\t\t\t<span class=\"elementor-toggle-icon-opened\"><i class=\"elementor-toggle-icon-opened fas fa-caret-up\"><\/i><\/span>\n\t\t\t\t\t\t\t\t\t\t\t\t\t<\/span>\n\t\t\t\t\t\t\t\t\t\t\t\t<a class=\"elementor-toggle-title\" tabindex=\"0\">Biblioteca Virtual de Prensa Hist\u00f3rica<\/a>\n\t\t\t\t\t<\/div>\n\n\t\t\t\t\t<div id=\"elementor-tab-content-2583\" class=\"elementor-tab-content elementor-clearfix\" data-tab=\"3\" role=\"region\" aria-labelledby=\"elementor-tab-title-2583\"><p><a href=\"https:\/\/prensahistorica.mcu.es\/es\/inicio\/inicio.do\" target=\"_blank\" rel=\"noopener\">La\u00a0<strong>Biblioteca Virtual de Prensa Hist\u00f3rica<\/strong><\/a>\u00a0es el resultado de un proceso de digitalizaci\u00f3n cooperativa del Ministerio de Cultura, las Comunidades Aut\u00f3nomas y otras instituciones de la memoria para preservar y hacer accesibles la Prensa Hist\u00f3rica publicada en Espa\u00f1a.<\/p><\/div>\n\t\t\t\t<\/div>\n\t\t\t\t\t\t\t<div class=\"elementor-toggle-item\">\n\t\t\t\t\t<div id=\"elementor-tab-title-2584\" class=\"elementor-tab-title\" data-tab=\"4\" role=\"button\" aria-controls=\"elementor-tab-content-2584\" aria-expanded=\"false\">\n\t\t\t\t\t\t\t\t\t\t\t\t<span class=\"elementor-toggle-icon elementor-toggle-icon-left\" aria-hidden=\"true\">\n\t\t\t\t\t\t\t\t\t\t\t\t\t\t\t<span class=\"elementor-toggle-icon-closed\"><i class=\"fas fa-caret-right\"><\/i><\/span>\n\t\t\t\t\t\t\t\t<span class=\"elementor-toggle-icon-opened\"><i class=\"elementor-toggle-icon-opened fas fa-caret-up\"><\/i><\/span>\n\t\t\t\t\t\t\t\t\t\t\t\t\t<\/span>\n\t\t\t\t\t\t\t\t\t\t\t\t<a class=\"elementor-toggle-title\" tabindex=\"0\">Biblioteca Virtual de Andaluc\u00eda<\/a>\n\t\t\t\t\t<\/div>\n\n\t\t\t\t\t<div id=\"elementor-tab-content-2584\" class=\"elementor-tab-content elementor-clearfix\" data-tab=\"4\" role=\"region\" aria-labelledby=\"elementor-tab-title-2584\"><p>La\u00a0<strong>Biblioteca Virtual de Andaluc\u00eda<\/strong>\u00a0se define como un conjunto organizado de colecciones de documentos digitalizados del patrimonio bibliogr\u00e1fico andaluz accesibles a trav\u00e9s de Internet. Se orienta especialmente a dar acceso a obras de dominio p\u00fablico, no sujetas a derechos de autor, y que sean consideradas andaluzas por un triple criterio: 1) Por ser obras de autor\/a andaluz\/a o vinculado\/a con Andaluc\u00eda. 2) Por ser de tema o contenido relacionado con Andaluc\u00eda. 3) Por ser impresas o publicadas en Andaluc\u00eda.<\/p><\/div>\n\t\t\t\t<\/div>\n\t\t\t\t\t\t\t<div class=\"elementor-toggle-item\">\n\t\t\t\t\t<div id=\"elementor-tab-title-2585\" class=\"elementor-tab-title\" data-tab=\"5\" role=\"button\" aria-controls=\"elementor-tab-content-2585\" aria-expanded=\"false\">\n\t\t\t\t\t\t\t\t\t\t\t\t<span class=\"elementor-toggle-icon elementor-toggle-icon-left\" aria-hidden=\"true\">\n\t\t\t\t\t\t\t\t\t\t\t\t\t\t\t<span class=\"elementor-toggle-icon-closed\"><i class=\"fas fa-caret-right\"><\/i><\/span>\n\t\t\t\t\t\t\t\t<span class=\"elementor-toggle-icon-opened\"><i class=\"elementor-toggle-icon-opened fas fa-caret-up\"><\/i><\/span>\n\t\t\t\t\t\t\t\t\t\t\t\t\t<\/span>\n\t\t\t\t\t\t\t\t\t\t\t\t<a class=\"elementor-toggle-title\" tabindex=\"0\">Biblioteca Digital Mundial<\/a>\n\t\t\t\t\t<\/div>\n\n\t\t\t\t\t<div id=\"elementor-tab-content-2585\" class=\"elementor-tab-content elementor-clearfix\" data-tab=\"5\" role=\"region\" aria-labelledby=\"elementor-tab-title-2585\"><header role=\"banner\"><div class=\"ps_microsite_container\"><div class=\"ps_header_site_2_col ps_header_site_2_col-left-right\"><div class=\"ps_header_site_2_col_content\"><div class=\"header_site_right\"><div class=\"region region-header-site-2-2\">\u00a0<\/div><\/div><\/div><\/div><\/div><\/header><div class=\"ps_layout ps-left-main ps-content-margins\"><div class=\"layout-content\"><div class=\"region region-content\"><div id=\"block-views-block-rrss-block-2-3\" class=\"views-element-container block block-views block-views-blockrrss-block-2\"><div><div class=\"ps-rrss-share view view-rrss view-id-rrss view-display-id-block_2 js-view-dom-id-1d42e8b566fe67b3e5438071ab63f13156e15c81f16323729acd9c1bc817c2e5\"><div class=\"view-header\"><div class=\"clearfix text-formatted field field--name-body field--type-text-with-summary field--label-hidden field__item\"><p><a href=\"https:\/\/www.loc.gov\/collections\/world-digital-library\/about-this-collection\/\" target=\"_blank\" rel=\"noopener\">La Biblioteca Digital Mundial<\/a> pone a disposici\u00f3n en Internet, de manera gratuita y en formato multiling\u00fce, importantes materiales fundamentales de culturas de todo el mundo. La idea b\u00e1sica, puesta en marcha en abril de 2009, consist\u00eda en crear una colecci\u00f3n en Internet, de f\u00e1cil acceso, de todos los tesoros culturales del mundo que contaran las historias y destacaran los logros de todos los pa\u00edses y culturas, promoviendo as\u00ed la sensibilizaci\u00f3n y el entendimiento intercultural.<\/p><\/div><\/div><\/div><\/div><\/div><div id=\"block-bne-theme-contenidoprincipaldelapagina\" class=\"block block-system block-system-main-block\"><article class=\"node node--type-entrada-de-blog node--promoted node--view-mode-full\" role=\"article\"><div class=\"node__content\"><div class=\"layout layout--onecol\"><div class=\"layout__region layout__region--content\"><div class=\"block block-layout-builder block-field-blocknodeentrada-de-blogbody\"><div class=\"clearfix text-formatted field field--name-body field--type-text-with-summary field--label-hidden field__item\"><p>La Biblioteca Digital Mundial representa un cambio en los proyectos de bibliotecas digitales, centr\u00e1ndose en la calidad frente a la cantidad; la cantidad sigue siendo una prioridad, pero no a expensas de los est\u00e1ndares de calidad establecidos en sus inicios.<\/p><p>Actualmente la Biblioteca Digital Mundial la componen m\u00e1s de 200 socios, entre bibliotecas, archivos y otras instituciones que poseen colecciones con contenido cultural.<\/p><p class=\"has-text-align-right\"><a href=\"https:\/\/www.wdl.org\/es\/\" target=\"_blank\" rel=\"noreferrer noopener\" aria-label=\"enlace\">Enlace al recurso<\/a><\/p><\/div><\/div><\/div><\/div><\/div><\/article><\/div><\/div><\/div><\/div><\/div>\n\t\t\t\t<\/div>\n\t\t\t\t\t\t\t\t<\/div>\n\t\t\t\t\t\t<\/div>\n\t\t\t\t<\/div>\n\t\t\t\t\t<\/div>\n\t\t<\/div>\n\t\t\t\t\t<\/div>\n\t\t<\/section>\n\t\t\t\t<section class=\"elementor-section elementor-top-section elementor-element elementor-element-5a6c2b7 elementor-section-boxed elementor-section-height-default elementor-section-height-default\" data-id=\"5a6c2b7\" data-element_type=\"section\">\n\t\t\t\t\t\t<div class=\"elementor-container elementor-column-gap-default\">\n\t\t\t\t\t<div class=\"elementor-column elementor-col-100 elementor-top-column elementor-element elementor-element-1724467\" data-id=\"1724467\" data-element_type=\"column\">\n\t\t\t<div class=\"elementor-widget-wrap\">\n\t\t\t\t\t\t\t<\/div>\n\t\t<\/div>\n\t\t\t\t\t<\/div>\n\t\t<\/section>\n\t\t\t\t<section class=\"elementor-section elementor-top-section elementor-element elementor-element-65633af elementor-section-boxed elementor-section-height-default elementor-section-height-default\" data-id=\"65633af\" data-element_type=\"section\">\n\t\t\t\t\t\t<div class=\"elementor-container elementor-column-gap-default\">\n\t\t\t\t\t<div class=\"elementor-column elementor-col-50 elementor-top-column elementor-element elementor-element-5d8383f\" data-id=\"5d8383f\" data-element_type=\"column\">\n\t\t\t<div class=\"elementor-widget-wrap elementor-element-populated\">\n\t\t\t\t\t\t<div class=\"elementor-element elementor-element-7b880fc elementor-widget elementor-widget-image\" data-id=\"7b880fc\" data-element_type=\"widget\" data-widget_type=\"image.default\">\n\t\t\t\t<div class=\"elementor-widget-container\">\n\t\t\t\t\t\t\t\t\t\t\t\t\t\t\t\t<a href=\"https:\/\/blogsaverroes.juntadeandalucia.es\/fglorca\/radio-federico\/\" target=\"_blank\">\n\t\t\t\t\t\t\t<img decoding=\"async\" width=\"300\" height=\"300\" src=\"https:\/\/blogsaverroes.juntadeandalucia.es\/fglorca\/files\/2022\/05\/RADIO-FEDERICO-LOGOTRANS-300x300.png\" class=\"attachment-medium size-medium wp-image-7958\" alt=\"\" srcset=\"https:\/\/blogsaverroes.juntadeandalucia.es\/fglorca\/files\/2022\/05\/RADIO-FEDERICO-LOGOTRANS-300x300.png 300w, https:\/\/blogsaverroes.juntadeandalucia.es\/fglorca\/files\/2022\/05\/RADIO-FEDERICO-LOGOTRANS-150x150.png 150w, https:\/\/blogsaverroes.juntadeandalucia.es\/fglorca\/files\/2022\/05\/RADIO-FEDERICO-LOGOTRANS-768x768.png 768w, https:\/\/blogsaverroes.juntadeandalucia.es\/fglorca\/files\/2022\/05\/RADIO-FEDERICO-LOGOTRANS-100x100.png 100w, https:\/\/blogsaverroes.juntadeandalucia.es\/fglorca\/files\/2022\/05\/RADIO-FEDERICO-LOGOTRANS-80x80.png 80w, https:\/\/blogsaverroes.juntadeandalucia.es\/fglorca\/files\/2022\/05\/RADIO-FEDERICO-LOGOTRANS-320x320.png 320w, https:\/\/blogsaverroes.juntadeandalucia.es\/fglorca\/files\/2022\/05\/RADIO-FEDERICO-LOGOTRANS-24x24.png 24w, https:\/\/blogsaverroes.juntadeandalucia.es\/fglorca\/files\/2022\/05\/RADIO-FEDERICO-LOGOTRANS-36x36.png 36w, https:\/\/blogsaverroes.juntadeandalucia.es\/fglorca\/files\/2022\/05\/RADIO-FEDERICO-LOGOTRANS-48x48.png 48w, https:\/\/blogsaverroes.juntadeandalucia.es\/fglorca\/files\/2022\/05\/RADIO-FEDERICO-LOGOTRANS.png 800w\" sizes=\"(max-width: 300px) 100vw, 300px\" \/>\t\t\t\t\t\t\t\t<\/a>\n\t\t\t\t\t\t\t\t\t\t\t\t\t\t\t<\/div>\n\t\t\t\t<\/div>\n\t\t\t\t<div class=\"elementor-element elementor-element-be0435d elementor-widget elementor-widget-text-editor\" data-id=\"be0435d\" data-element_type=\"widget\" data-widget_type=\"text-editor.default\">\n\t\t\t\t<div class=\"elementor-widget-container\">\n\t\t\t\t\t\t\t\t\t<p style=\"text-align: center\">Nuestra <a href=\"https:\/\/blogsaverroes.juntadeandalucia.es\/fglorca\/radio-federico\/\">Radio Federico<\/a> es una parte importante de la Biblioteca y del tratamiento de la competencia ling\u00fc\u00edstica del centro.<\/p>\t\t\t\t\t\t\t\t<\/div>\n\t\t\t\t<\/div>\n\t\t\t\t\t<\/div>\n\t\t<\/div>\n\t\t\t\t<div class=\"elementor-column elementor-col-50 elementor-top-column elementor-element elementor-element-be06a70\" data-id=\"be06a70\" data-element_type=\"column\">\n\t\t\t<div class=\"elementor-widget-wrap elementor-element-populated\">\n\t\t\t\t\t\t<div class=\"elementor-element elementor-element-20baea1 elementor-alert-info elementor-widget elementor-widget-alert\" data-id=\"20baea1\" data-element_type=\"widget\" data-widget_type=\"alert.default\">\n\t\t\t\t<div class=\"elementor-widget-container\">\n\t\t\t\t\t\t\t<div class=\"elementor-alert\" role=\"alert\">\n\n\t\t\t\t\t\t<span class=\"elementor-alert-title\">BIBLIOMAKERS<\/span>\n\t\t\t\n\t\t\t\t\t\t<span class=\"elementor-alert-description\">Pr\u00f3ximamente. Estamos preparando una secci\u00f3n especial.<\/span>\n\t\t\t\n\t\t\t\n\t\t<\/div>\n\t\t\t\t\t\t<\/div>\n\t\t\t\t<\/div>\n\t\t\t\t\t<\/div>\n\t\t<\/div>\n\t\t\t\t\t<\/div>\n\t\t<\/section>\n\t\t\t\t<section class=\"elementor-section elementor-top-section elementor-element elementor-element-9738c47 elementor-section-boxed elementor-section-height-default elementor-section-height-default\" data-id=\"9738c47\" data-element_type=\"section\">\n\t\t\t\t\t\t<div class=\"elementor-container elementor-column-gap-default\">\n\t\t\t\t\t<div class=\"elementor-column elementor-col-100 elementor-top-column elementor-element elementor-element-bca9a9b\" data-id=\"bca9a9b\" data-element_type=\"column\">\n\t\t\t<div class=\"elementor-widget-wrap elementor-element-populated\">\n\t\t\t\t\t\t<div class=\"elementor-element elementor-element-d092224 elementor-widget elementor-widget-contentviews_widget_overlay1\" data-id=\"d092224\" data-element_type=\"widget\" data-widget_type=\"contentviews_widget_overlay1.default\">\n\t\t\t\t<div class=\"elementor-widget-container\">\n\t\t\t\t\t<div class='pt-cv-wrapper'> <h1 class='pt-cv-heading-container heading1' data-blockid='d092224'><span class='pt-cv-heading'> PUBLICACIONES EN LA BIBLIOTECA ESCOLAR <\/span><\/h1><div class=\"pt-cv-view pt-cv-overlaygrid iscvblock iscvelementor overlay1 layout1 cveffect-zoomin\" id=\"pt-cv-view-d092224\"><div data-id=\"pt-cv-page-1\" class=\"pt-cv-page\" data-cvc=\"4\"><div class=\" pt-cv-content-item pt-cv-1-col\" ><div class=\"pt-cv-thumb-wrapper  \"><a href=\"https:\/\/blogsaverroes.juntadeandalucia.es\/fglorca\/2026\/04\/25\/programa-aldea\/\" class=\"_self pt-cv-href-thumbnail pt-cv-thumb-default\" target=\"_self\" ><img loading=\"lazy\" decoding=\"async\" width=\"811\" height=\"1024\" src=\"https:\/\/blogsaverroes.juntadeandalucia.es\/fglorca\/files\/2026\/04\/Imagen-destacada22El-pajarito22-811x1024.jpeg\" class=\"pt-cv-thumbnail\" alt=\"\" srcset=\"https:\/\/blogsaverroes.juntadeandalucia.es\/fglorca\/files\/2026\/04\/Imagen-destacada22El-pajarito22-811x1024.jpeg 811w, https:\/\/blogsaverroes.juntadeandalucia.es\/fglorca\/files\/2026\/04\/Imagen-destacada22El-pajarito22-238x300.jpeg 238w, https:\/\/blogsaverroes.juntadeandalucia.es\/fglorca\/files\/2026\/04\/Imagen-destacada22El-pajarito22-768x970.jpeg 768w, https:\/\/blogsaverroes.juntadeandalucia.es\/fglorca\/files\/2026\/04\/Imagen-destacada22El-pajarito22-1216x1536.jpeg 1216w, https:\/\/blogsaverroes.juntadeandalucia.es\/fglorca\/files\/2026\/04\/Imagen-destacada22El-pajarito22.jpeg 1267w\" sizes=\"(max-width: 811px) 100vw, 811px\" \/><\/a><\/div>\n<div class=\"pt-cv-overlay-wrapper\"><h6 class=\"pt-cv-title\"><a href=\"https:\/\/blogsaverroes.juntadeandalucia.es\/fglorca\/2026\/04\/25\/programa-aldea\/\" class=\"_self\" target=\"_self\" >Programa Aldea<\/a><\/h6><div class=\"pt-cv-rmwrap\"><a href=\"https:\/\/blogsaverroes.juntadeandalucia.es\/fglorca\/2026\/04\/25\/programa-aldea\/\" class=\"_self pt-cv-readmore btn btn-success\" target=\"_self\" >Leer M\u00e1s<\/a><\/div><div class=\"pt-cv-meta-fields\"><span class=\"entry-date\"> <time datetime=\"2026-04-25T10:01:26+01:00\">25 abril, 2026<\/time><\/span><span> \/ <\/span><span class=\"author\"> <a href=\"https:\/\/blogsaverroes.juntadeandalucia.es\/fglorca\/author\/pilar-ortega-martin\/\" rel=\"author\">Pilar Ortega Mart\u00edn<\/a><\/span><\/div><\/div><\/div>\n<div class=\" pt-cv-content-item pt-cv-1-col\" ><div class=\"pt-cv-thumb-wrapper  \"><a href=\"https:\/\/blogsaverroes.juntadeandalucia.es\/fglorca\/2026\/04\/24\/antorcha-de-las-letras-vicar\/\" class=\"_self pt-cv-href-thumbnail pt-cv-thumb-default\" target=\"_self\" ><img loading=\"lazy\" decoding=\"async\" width=\"768\" height=\"1024\" src=\"https:\/\/blogsaverroes.juntadeandalucia.es\/fglorca\/files\/2026\/04\/Imagen-destacada-Antorcha-letras-768x1024.jpeg\" class=\"pt-cv-thumbnail\" alt=\"\" srcset=\"https:\/\/blogsaverroes.juntadeandalucia.es\/fglorca\/files\/2026\/04\/Imagen-destacada-Antorcha-letras-768x1024.jpeg 768w, https:\/\/blogsaverroes.juntadeandalucia.es\/fglorca\/files\/2026\/04\/Imagen-destacada-Antorcha-letras-225x300.jpeg 225w, https:\/\/blogsaverroes.juntadeandalucia.es\/fglorca\/files\/2026\/04\/Imagen-destacada-Antorcha-letras-1152x1536.jpeg 1152w, https:\/\/blogsaverroes.juntadeandalucia.es\/fglorca\/files\/2026\/04\/Imagen-destacada-Antorcha-letras.jpeg 1200w\" sizes=\"(max-width: 768px) 100vw, 768px\" \/><\/a><\/div>\n<div class=\"pt-cv-overlay-wrapper\"><h6 class=\"pt-cv-title\"><a href=\"https:\/\/blogsaverroes.juntadeandalucia.es\/fglorca\/2026\/04\/24\/antorcha-de-las-letras-vicar\/\" class=\"_self\" target=\"_self\" >Antorcha de Las Letras V\u00edcar<\/a><\/h6><div class=\"pt-cv-rmwrap\"><a href=\"https:\/\/blogsaverroes.juntadeandalucia.es\/fglorca\/2026\/04\/24\/antorcha-de-las-letras-vicar\/\" class=\"_self pt-cv-readmore btn btn-success\" target=\"_self\" >Leer M\u00e1s<\/a><\/div><div class=\"pt-cv-meta-fields\"><span class=\"entry-date\"> <time datetime=\"2026-04-24T15:49:11+01:00\">24 abril, 2026<\/time><\/span><span> \/ <\/span><span class=\"author\"> <a href=\"https:\/\/blogsaverroes.juntadeandalucia.es\/fglorca\/author\/pilar-ortega-martin\/\" rel=\"author\">Pilar Ortega Mart\u00edn<\/a><\/span><\/div><\/div><\/div>\n<div class=\" pt-cv-content-item pt-cv-1-col\" ><div class=\"pt-cv-thumb-wrapper  \"><a href=\"https:\/\/blogsaverroes.juntadeandalucia.es\/fglorca\/2026\/04\/23\/english-language-day-y-dia-internacional-del-libro\/\" class=\"_self pt-cv-href-thumbnail pt-cv-thumb-default\" target=\"_self\" ><img loading=\"lazy\" decoding=\"async\" width=\"750\" height=\"1024\" src=\"https:\/\/blogsaverroes.juntadeandalucia.es\/fglorca\/files\/2026\/04\/WhatsApp-Image-2026-04-23-at-22.33.02-750x1024.jpeg\" class=\"pt-cv-thumbnail\" alt=\"\" srcset=\"https:\/\/blogsaverroes.juntadeandalucia.es\/fglorca\/files\/2026\/04\/WhatsApp-Image-2026-04-23-at-22.33.02-750x1024.jpeg 750w, https:\/\/blogsaverroes.juntadeandalucia.es\/fglorca\/files\/2026\/04\/WhatsApp-Image-2026-04-23-at-22.33.02-220x300.jpeg 220w, https:\/\/blogsaverroes.juntadeandalucia.es\/fglorca\/files\/2026\/04\/WhatsApp-Image-2026-04-23-at-22.33.02-768x1048.jpeg 768w, https:\/\/blogsaverroes.juntadeandalucia.es\/fglorca\/files\/2026\/04\/WhatsApp-Image-2026-04-23-at-22.33.02-1125x1536.jpeg 1125w, https:\/\/blogsaverroes.juntadeandalucia.es\/fglorca\/files\/2026\/04\/WhatsApp-Image-2026-04-23-at-22.33.02.jpeg 1172w\" sizes=\"(max-width: 750px) 100vw, 750px\" \/><\/a><\/div>\n<div class=\"pt-cv-overlay-wrapper\"><h6 class=\"pt-cv-title\"><a href=\"https:\/\/blogsaverroes.juntadeandalucia.es\/fglorca\/2026\/04\/23\/english-language-day-y-dia-internacional-del-libro\/\" class=\"_self\" target=\"_self\" >English Language Day y D\u00eda Internacional del Libro<\/a><\/h6><div class=\"pt-cv-rmwrap\"><a href=\"https:\/\/blogsaverroes.juntadeandalucia.es\/fglorca\/2026\/04\/23\/english-language-day-y-dia-internacional-del-libro\/\" class=\"_self pt-cv-readmore btn btn-success\" target=\"_self\" >Leer M\u00e1s<\/a><\/div><div class=\"pt-cv-meta-fields\"><span class=\"entry-date\"> <time datetime=\"2026-04-23T21:34:22+01:00\">23 abril, 2026<\/time><\/span><span> \/ <\/span><span class=\"author\"> <a href=\"https:\/\/blogsaverroes.juntadeandalucia.es\/fglorca\/author\/pilar-ortega-martin\/\" rel=\"author\">Pilar Ortega Mart\u00edn<\/a><\/span><\/div><\/div><\/div>\n<div class=\" pt-cv-content-item pt-cv-1-col\" ><div class=\"pt-cv-thumb-wrapper  \"><a href=\"https:\/\/blogsaverroes.juntadeandalucia.es\/fglorca\/2026\/03\/22\/dia-de-la-francofonia\/\" class=\"_self pt-cv-href-thumbnail pt-cv-thumb-default\" target=\"_self\" ><img loading=\"lazy\" decoding=\"async\" width=\"1024\" height=\"636\" src=\"https:\/\/blogsaverroes.juntadeandalucia.es\/fglorca\/files\/2026\/03\/Captura-de-pantalla-2026-03-25-a-las-19.20.14-1024x636.png\" class=\"pt-cv-thumbnail\" alt=\"\" srcset=\"https:\/\/blogsaverroes.juntadeandalucia.es\/fglorca\/files\/2026\/03\/Captura-de-pantalla-2026-03-25-a-las-19.20.14-1024x636.png 1024w, https:\/\/blogsaverroes.juntadeandalucia.es\/fglorca\/files\/2026\/03\/Captura-de-pantalla-2026-03-25-a-las-19.20.14-300x186.png 300w, https:\/\/blogsaverroes.juntadeandalucia.es\/fglorca\/files\/2026\/03\/Captura-de-pantalla-2026-03-25-a-las-19.20.14-768x477.png 768w, https:\/\/blogsaverroes.juntadeandalucia.es\/fglorca\/files\/2026\/03\/Captura-de-pantalla-2026-03-25-a-las-19.20.14-1536x954.png 1536w, https:\/\/blogsaverroes.juntadeandalucia.es\/fglorca\/files\/2026\/03\/Captura-de-pantalla-2026-03-25-a-las-19.20.14-2048x1272.png 2048w\" sizes=\"(max-width: 1024px) 100vw, 1024px\" \/><\/a><\/div>\n<div class=\"pt-cv-overlay-wrapper\"><h6 class=\"pt-cv-title\"><a href=\"https:\/\/blogsaverroes.juntadeandalucia.es\/fglorca\/2026\/03\/22\/dia-de-la-francofonia\/\" class=\"_self\" target=\"_self\" >D\u00cdA DE LA FRANCOFON\u00cdA<\/a><\/h6><div class=\"pt-cv-rmwrap\"><a href=\"https:\/\/blogsaverroes.juntadeandalucia.es\/fglorca\/2026\/03\/22\/dia-de-la-francofonia\/\" class=\"_self pt-cv-readmore btn btn-success\" target=\"_self\" >Leer M\u00e1s<\/a><\/div><div class=\"pt-cv-meta-fields\"><span class=\"entry-date\"> <time datetime=\"2026-03-22T19:27:27+01:00\">22 marzo, 2026<\/time><\/span><span> \/ <\/span><span class=\"author\"> <a href=\"https:\/\/blogsaverroes.juntadeandalucia.es\/fglorca\/author\/agustin-ramirez-vallecillos\/\" rel=\"author\">Agust\u00edn Ram\u00edrez Vallecillos<\/a><\/span><\/div><\/div><\/div>\n<div class=\" pt-cv-content-item pt-cv-1-col\" ><div class=\"pt-cv-thumb-wrapper  \"><a href=\"https:\/\/blogsaverroes.juntadeandalucia.es\/fglorca\/2026\/03\/21\/cuentacuentos-e-s-o\/\" class=\"_self pt-cv-href-thumbnail pt-cv-thumb-default\" target=\"_self\" ><img loading=\"lazy\" decoding=\"async\" width=\"1024\" height=\"805\" src=\"https:\/\/blogsaverroes.juntadeandalucia.es\/fglorca\/files\/2026\/03\/ESO-imagen-destacada-1024x805.jpeg\" class=\"pt-cv-thumbnail\" alt=\"\" srcset=\"https:\/\/blogsaverroes.juntadeandalucia.es\/fglorca\/files\/2026\/03\/ESO-imagen-destacada-1024x805.jpeg 1024w, https:\/\/blogsaverroes.juntadeandalucia.es\/fglorca\/files\/2026\/03\/ESO-imagen-destacada-300x236.jpeg 300w, https:\/\/blogsaverroes.juntadeandalucia.es\/fglorca\/files\/2026\/03\/ESO-imagen-destacada-768x604.jpeg 768w, https:\/\/blogsaverroes.juntadeandalucia.es\/fglorca\/files\/2026\/03\/ESO-imagen-destacada.jpeg 1279w\" sizes=\"(max-width: 1024px) 100vw, 1024px\" \/><\/a><\/div>\n<div class=\"pt-cv-overlay-wrapper\"><h6 class=\"pt-cv-title\"><a href=\"https:\/\/blogsaverroes.juntadeandalucia.es\/fglorca\/2026\/03\/21\/cuentacuentos-e-s-o\/\" class=\"_self\" target=\"_self\" >Cuentacuentos E.S.O.<\/a><\/h6><div class=\"pt-cv-rmwrap\"><a href=\"https:\/\/blogsaverroes.juntadeandalucia.es\/fglorca\/2026\/03\/21\/cuentacuentos-e-s-o\/\" class=\"_self pt-cv-readmore btn btn-success\" target=\"_self\" >Leer M\u00e1s<\/a><\/div><div class=\"pt-cv-meta-fields\"><span class=\"entry-date\"> <time datetime=\"2026-03-21T21:15:37+01:00\">21 marzo, 2026<\/time><\/span><span> \/ <\/span><span class=\"author\"> <a href=\"https:\/\/blogsaverroes.juntadeandalucia.es\/fglorca\/author\/pilar-ortega-martin\/\" rel=\"author\">Pilar Ortega Mart\u00edn<\/a><\/span><\/div><\/div><\/div>\n<div class=\" pt-cv-content-item pt-cv-1-col\" ><div class=\"pt-cv-thumb-wrapper  \"><a href=\"https:\/\/blogsaverroes.juntadeandalucia.es\/fglorca\/2026\/03\/17\/st-patricks-day\/\" class=\"_self pt-cv-href-thumbnail pt-cv-thumb-default\" target=\"_self\" ><img loading=\"lazy\" decoding=\"async\" width=\"1024\" height=\"559\" src=\"https:\/\/blogsaverroes.juntadeandalucia.es\/fglorca\/files\/2026\/03\/St.Patricks-Day-1024x559.png\" class=\"pt-cv-thumbnail\" alt=\"\" srcset=\"https:\/\/blogsaverroes.juntadeandalucia.es\/fglorca\/files\/2026\/03\/St.Patricks-Day-1024x559.png 1024w, https:\/\/blogsaverroes.juntadeandalucia.es\/fglorca\/files\/2026\/03\/St.Patricks-Day-300x164.png 300w, https:\/\/blogsaverroes.juntadeandalucia.es\/fglorca\/files\/2026\/03\/St.Patricks-Day-768x419.png 768w, https:\/\/blogsaverroes.juntadeandalucia.es\/fglorca\/files\/2026\/03\/St.Patricks-Day.png 1408w\" sizes=\"(max-width: 1024px) 100vw, 1024px\" \/><\/a><\/div>\n<div class=\"pt-cv-overlay-wrapper\"><h6 class=\"pt-cv-title\"><a href=\"https:\/\/blogsaverroes.juntadeandalucia.es\/fglorca\/2026\/03\/17\/st-patricks-day\/\" class=\"_self\" target=\"_self\" >St. Patrick\u2019s Day<\/a><\/h6><div class=\"pt-cv-rmwrap\"><a href=\"https:\/\/blogsaverroes.juntadeandalucia.es\/fglorca\/2026\/03\/17\/st-patricks-day\/\" class=\"_self pt-cv-readmore btn btn-success\" target=\"_self\" >Leer M\u00e1s<\/a><\/div><div class=\"pt-cv-meta-fields\"><span class=\"entry-date\"> <time datetime=\"2026-03-17T22:25:18+01:00\">17 marzo, 2026<\/time><\/span><span> \/ <\/span><span class=\"author\"> <a href=\"https:\/\/blogsaverroes.juntadeandalucia.es\/fglorca\/author\/pilar-ortega-martin\/\" rel=\"author\">Pilar Ortega Mart\u00edn<\/a><\/span><\/div><\/div><\/div>\n<div class=\" pt-cv-content-item pt-cv-1-col\" ><div class=\"pt-cv-thumb-wrapper  \"><a href=\"https:\/\/blogsaverroes.juntadeandalucia.es\/fglorca\/2026\/03\/13\/cerramos-radio-federico\/\" class=\"_self pt-cv-href-thumbnail pt-cv-thumb-default\" target=\"_self\" ><img loading=\"lazy\" decoding=\"async\" width=\"1024\" height=\"559\" src=\"https:\/\/blogsaverroes.juntadeandalucia.es\/fglorca\/files\/2026\/03\/CERRAMOS-LA-RADIO-1024x559.png\" class=\"pt-cv-thumbnail\" alt=\"\" srcset=\"https:\/\/blogsaverroes.juntadeandalucia.es\/fglorca\/files\/2026\/03\/CERRAMOS-LA-RADIO-1024x559.png 1024w, https:\/\/blogsaverroes.juntadeandalucia.es\/fglorca\/files\/2026\/03\/CERRAMOS-LA-RADIO-300x164.png 300w, https:\/\/blogsaverroes.juntadeandalucia.es\/fglorca\/files\/2026\/03\/CERRAMOS-LA-RADIO-768x419.png 768w, https:\/\/blogsaverroes.juntadeandalucia.es\/fglorca\/files\/2026\/03\/CERRAMOS-LA-RADIO.png 1408w\" sizes=\"(max-width: 1024px) 100vw, 1024px\" \/><\/a><\/div>\n<div class=\"pt-cv-overlay-wrapper\"><h6 class=\"pt-cv-title\"><a href=\"https:\/\/blogsaverroes.juntadeandalucia.es\/fglorca\/2026\/03\/13\/cerramos-radio-federico\/\" class=\"_self\" target=\"_self\" >\u00a1CERRAMOS RADIO FEDERICO!<\/a><\/h6><div class=\"pt-cv-rmwrap\"><a href=\"https:\/\/blogsaverroes.juntadeandalucia.es\/fglorca\/2026\/03\/13\/cerramos-radio-federico\/\" class=\"_self pt-cv-readmore btn btn-success\" target=\"_self\" >Leer M\u00e1s<\/a><\/div><div class=\"pt-cv-meta-fields\"><span class=\"entry-date\"> <time datetime=\"2026-03-13T22:30:30+01:00\">13 marzo, 2026<\/time><\/span><span> \/ <\/span><span class=\"author\"> <a href=\"https:\/\/blogsaverroes.juntadeandalucia.es\/fglorca\/author\/agustin-ramirez-vallecillos\/\" rel=\"author\">Agust\u00edn Ram\u00edrez Vallecillos<\/a><\/span><\/div><\/div><\/div>\n<div class=\" pt-cv-content-item pt-cv-1-col\" ><div class=\"pt-cv-thumb-wrapper  \"><a href=\"https:\/\/blogsaverroes.juntadeandalucia.es\/fglorca\/2026\/03\/08\/dia-internacional-de-la-mujer\/\" class=\"_self pt-cv-href-thumbnail pt-cv-thumb-default\" target=\"_self\" ><img loading=\"lazy\" decoding=\"async\" width=\"760\" height=\"1024\" src=\"https:\/\/blogsaverroes.juntadeandalucia.es\/fglorca\/files\/2026\/03\/Dia-Mujer-Imagen-destacada-760x1024.jpeg\" class=\"pt-cv-thumbnail\" alt=\"\" srcset=\"https:\/\/blogsaverroes.juntadeandalucia.es\/fglorca\/files\/2026\/03\/Dia-Mujer-Imagen-destacada-760x1024.jpeg 760w, https:\/\/blogsaverroes.juntadeandalucia.es\/fglorca\/files\/2026\/03\/Dia-Mujer-Imagen-destacada-223x300.jpeg 223w, https:\/\/blogsaverroes.juntadeandalucia.es\/fglorca\/files\/2026\/03\/Dia-Mujer-Imagen-destacada-768x1034.jpeg 768w, https:\/\/blogsaverroes.juntadeandalucia.es\/fglorca\/files\/2026\/03\/Dia-Mujer-Imagen-destacada-1140x1536.jpeg 1140w, https:\/\/blogsaverroes.juntadeandalucia.es\/fglorca\/files\/2026\/03\/Dia-Mujer-Imagen-destacada.jpeg 1188w\" sizes=\"(max-width: 760px) 100vw, 760px\" \/><\/a><\/div>\n<div class=\"pt-cv-overlay-wrapper\"><h6 class=\"pt-cv-title\"><a href=\"https:\/\/blogsaverroes.juntadeandalucia.es\/fglorca\/2026\/03\/08\/dia-internacional-de-la-mujer\/\" class=\"_self\" target=\"_self\" >D\u00eda Internacional de la Mujer<\/a><\/h6><div class=\"pt-cv-rmwrap\"><a href=\"https:\/\/blogsaverroes.juntadeandalucia.es\/fglorca\/2026\/03\/08\/dia-internacional-de-la-mujer\/\" class=\"_self pt-cv-readmore btn btn-success\" target=\"_self\" >Leer M\u00e1s<\/a><\/div><div class=\"pt-cv-meta-fields\"><span class=\"entry-date\"> <time datetime=\"2026-03-08T08:11:42+01:00\">8 marzo, 2026<\/time><\/span><span> \/ <\/span><span class=\"author\"> <a href=\"https:\/\/blogsaverroes.juntadeandalucia.es\/fglorca\/author\/pilar-ortega-martin\/\" rel=\"author\">Pilar Ortega Mart\u00edn<\/a><\/span><\/div><\/div><\/div>\n<div class=\" pt-cv-content-item pt-cv-1-col\" ><div class=\"pt-cv-thumb-wrapper  \"><a href=\"https:\/\/blogsaverroes.juntadeandalucia.es\/fglorca\/2026\/03\/06\/visita-de-nuestra-enfermera\/\" class=\"_self pt-cv-href-thumbnail pt-cv-thumb-default\" target=\"_self\" ><img loading=\"lazy\" decoding=\"async\" width=\"768\" height=\"1024\" src=\"https:\/\/blogsaverroes.juntadeandalucia.es\/fglorca\/files\/2026\/03\/Taller-buco-dental-768x1024.jpeg\" class=\"pt-cv-thumbnail\" alt=\"\" srcset=\"https:\/\/blogsaverroes.juntadeandalucia.es\/fglorca\/files\/2026\/03\/Taller-buco-dental-768x1024.jpeg 768w, https:\/\/blogsaverroes.juntadeandalucia.es\/fglorca\/files\/2026\/03\/Taller-buco-dental-225x300.jpeg 225w, https:\/\/blogsaverroes.juntadeandalucia.es\/fglorca\/files\/2026\/03\/Taller-buco-dental-1152x1536.jpeg 1152w, https:\/\/blogsaverroes.juntadeandalucia.es\/fglorca\/files\/2026\/03\/Taller-buco-dental.jpeg 1200w\" sizes=\"(max-width: 768px) 100vw, 768px\" \/><\/a><\/div>\n<div class=\"pt-cv-overlay-wrapper\"><h6 class=\"pt-cv-title\"><a href=\"https:\/\/blogsaverroes.juntadeandalucia.es\/fglorca\/2026\/03\/06\/visita-de-nuestra-enfermera\/\" class=\"_self\" target=\"_self\" >Visita de nuestra enfermera<\/a><\/h6><div class=\"pt-cv-rmwrap\"><a href=\"https:\/\/blogsaverroes.juntadeandalucia.es\/fglorca\/2026\/03\/06\/visita-de-nuestra-enfermera\/\" class=\"_self pt-cv-readmore btn btn-success\" target=\"_self\" >Leer M\u00e1s<\/a><\/div><div class=\"pt-cv-meta-fields\"><span class=\"entry-date\"> <time datetime=\"2026-03-06T19:31:40+01:00\">6 marzo, 2026<\/time><\/span><span> \/ <\/span><span class=\"author\"> <a href=\"https:\/\/blogsaverroes.juntadeandalucia.es\/fglorca\/author\/pilar-ortega-martin\/\" rel=\"author\">Pilar Ortega Mart\u00edn<\/a><\/span><\/div><\/div><\/div>\n<div class=\" pt-cv-content-item pt-cv-1-col\" ><div class=\"pt-cv-thumb-wrapper  \"><a href=\"https:\/\/blogsaverroes.juntadeandalucia.es\/fglorca\/2026\/03\/05\/destacando\/\" class=\"_self pt-cv-href-thumbnail pt-cv-thumb-default\" target=\"_self\" ><img loading=\"lazy\" decoding=\"async\" width=\"768\" height=\"1024\" src=\"https:\/\/blogsaverroes.juntadeandalucia.es\/fglorca\/files\/2026\/03\/Destacando-768x1024.jpeg\" class=\"pt-cv-thumbnail\" alt=\"\" srcset=\"https:\/\/blogsaverroes.juntadeandalucia.es\/fglorca\/files\/2026\/03\/Destacando-768x1024.jpeg 768w, https:\/\/blogsaverroes.juntadeandalucia.es\/fglorca\/files\/2026\/03\/Destacando-225x300.jpeg 225w, https:\/\/blogsaverroes.juntadeandalucia.es\/fglorca\/files\/2026\/03\/Destacando-1152x1536.jpeg 1152w, https:\/\/blogsaverroes.juntadeandalucia.es\/fglorca\/files\/2026\/03\/Destacando.jpeg 1200w\" sizes=\"(max-width: 768px) 100vw, 768px\" \/><\/a><\/div>\n<div class=\"pt-cv-overlay-wrapper\"><h6 class=\"pt-cv-title\"><a href=\"https:\/\/blogsaverroes.juntadeandalucia.es\/fglorca\/2026\/03\/05\/destacando\/\" class=\"_self\" target=\"_self\" >Destacando<\/a><\/h6><div class=\"pt-cv-rmwrap\"><a href=\"https:\/\/blogsaverroes.juntadeandalucia.es\/fglorca\/2026\/03\/05\/destacando\/\" class=\"_self pt-cv-readmore btn btn-success\" target=\"_self\" >Leer M\u00e1s<\/a><\/div><div class=\"pt-cv-meta-fields\"><span class=\"entry-date\"> <time datetime=\"2026-03-05T19:00:07+01:00\">5 marzo, 2026<\/time><\/span><span> \/ <\/span><span class=\"author\"> <a href=\"https:\/\/blogsaverroes.juntadeandalucia.es\/fglorca\/author\/pilar-ortega-martin\/\" rel=\"author\">Pilar Ortega Mart\u00edn<\/a><\/span><\/div><\/div><\/div>\n<div class=\" pt-cv-content-item pt-cv-1-col\" ><div class=\"pt-cv-thumb-wrapper  \"><a href=\"https:\/\/blogsaverroes.juntadeandalucia.es\/fglorca\/2026\/02\/28\/dia-de-andalucia\/\" class=\"_self pt-cv-href-thumbnail pt-cv-thumb-default\" target=\"_self\" ><img loading=\"lazy\" decoding=\"async\" width=\"682\" height=\"1024\" src=\"https:\/\/blogsaverroes.juntadeandalucia.es\/fglorca\/files\/2026\/02\/Andalucia0-682x1024.jpeg\" class=\"pt-cv-thumbnail\" alt=\"\" srcset=\"https:\/\/blogsaverroes.juntadeandalucia.es\/fglorca\/files\/2026\/02\/Andalucia0-682x1024.jpeg 682w, https:\/\/blogsaverroes.juntadeandalucia.es\/fglorca\/files\/2026\/02\/Andalucia0-200x300.jpeg 200w, https:\/\/blogsaverroes.juntadeandalucia.es\/fglorca\/files\/2026\/02\/Andalucia0-768x1153.jpeg 768w, https:\/\/blogsaverroes.juntadeandalucia.es\/fglorca\/files\/2026\/02\/Andalucia0-1023x1536.jpeg 1023w, https:\/\/blogsaverroes.juntadeandalucia.es\/fglorca\/files\/2026\/02\/Andalucia0.jpeg 1066w\" sizes=\"(max-width: 682px) 100vw, 682px\" \/><\/a><\/div>\n<div class=\"pt-cv-overlay-wrapper\"><h6 class=\"pt-cv-title\"><a href=\"https:\/\/blogsaverroes.juntadeandalucia.es\/fglorca\/2026\/02\/28\/dia-de-andalucia\/\" class=\"_self\" target=\"_self\" >D\u00eda de Andaluc\u00eda<\/a><\/h6><div class=\"pt-cv-rmwrap\"><a href=\"https:\/\/blogsaverroes.juntadeandalucia.es\/fglorca\/2026\/02\/28\/dia-de-andalucia\/\" class=\"_self pt-cv-readmore btn btn-success\" target=\"_self\" >Leer M\u00e1s<\/a><\/div><div class=\"pt-cv-meta-fields\"><span class=\"entry-date\"> <time datetime=\"2026-02-28T09:45:00+01:00\">28 febrero, 2026<\/time><\/span><span> \/ <\/span><span class=\"author\"> <a href=\"https:\/\/blogsaverroes.juntadeandalucia.es\/fglorca\/author\/pilar-ortega-martin\/\" rel=\"author\">Pilar Ortega Mart\u00edn<\/a><\/span><\/div><\/div><\/div>\n<div class=\" pt-cv-content-item pt-cv-1-col\" ><div class=\"pt-cv-thumb-wrapper  \"><a href=\"https:\/\/blogsaverroes.juntadeandalucia.es\/fglorca\/2026\/02\/24\/admision-26-27\/\" class=\"_self pt-cv-href-thumbnail pt-cv-thumb-default\" target=\"_self\" ><img decoding=\"async\" src=\"https:\/\/blogsaverroes.juntadeandalucia.es\/fglorca\/wp-content\/plugins\/content-views-query-and-display-post-page\/public\/assets\/images\/default_image.png\" class=\"pt-cv-thumbnail cv-default-img\" alt=\"Admisi\u00f3n 26\/27\" title=\"\" \/><\/a><\/div>\n<div class=\"pt-cv-overlay-wrapper\"><h6 class=\"pt-cv-title\"><a href=\"https:\/\/blogsaverroes.juntadeandalucia.es\/fglorca\/2026\/02\/24\/admision-26-27\/\" class=\"_self\" target=\"_self\" >Admisi\u00f3n 26\/27<\/a><\/h6><div class=\"pt-cv-rmwrap\"><a href=\"https:\/\/blogsaverroes.juntadeandalucia.es\/fglorca\/2026\/02\/24\/admision-26-27\/\" class=\"_self pt-cv-readmore btn btn-success\" target=\"_self\" >Leer M\u00e1s<\/a><\/div><div class=\"pt-cv-meta-fields\"><span class=\"entry-date\"> <time datetime=\"2026-02-24T13:24:58+01:00\">24 febrero, 2026<\/time><\/span><span> \/ <\/span><span class=\"author\"> <a href=\"https:\/\/blogsaverroes.juntadeandalucia.es\/fglorca\/author\/agustin-ramirez-vallecillos\/\" rel=\"author\">Agust\u00edn Ram\u00edrez Vallecillos<\/a><\/span><\/div><\/div><\/div>\n<div class=\" pt-cv-content-item pt-cv-1-col\" ><div class=\"pt-cv-thumb-wrapper  \"><a href=\"https:\/\/blogsaverroes.juntadeandalucia.es\/fglorca\/2026\/02\/22\/carnaval-2026\/\" class=\"_self pt-cv-href-thumbnail pt-cv-thumb-default\" target=\"_self\" ><img loading=\"lazy\" decoding=\"async\" width=\"772\" height=\"1024\" src=\"https:\/\/blogsaverroes.juntadeandalucia.es\/fglorca\/files\/2026\/02\/Imagen-destacada-carnaval-772x1024.jpeg\" class=\"pt-cv-thumbnail\" alt=\"\" srcset=\"https:\/\/blogsaverroes.juntadeandalucia.es\/fglorca\/files\/2026\/02\/Imagen-destacada-carnaval-772x1024.jpeg 772w, https:\/\/blogsaverroes.juntadeandalucia.es\/fglorca\/files\/2026\/02\/Imagen-destacada-carnaval-226x300.jpeg 226w, https:\/\/blogsaverroes.juntadeandalucia.es\/fglorca\/files\/2026\/02\/Imagen-destacada-carnaval-768x1018.jpeg 768w, https:\/\/blogsaverroes.juntadeandalucia.es\/fglorca\/files\/2026\/02\/Imagen-destacada-carnaval-1159x1536.jpeg 1159w, https:\/\/blogsaverroes.juntadeandalucia.es\/fglorca\/files\/2026\/02\/Imagen-destacada-carnaval.jpeg 1167w\" sizes=\"(max-width: 772px) 100vw, 772px\" \/><\/a><\/div>\n<div class=\"pt-cv-overlay-wrapper\"><h6 class=\"pt-cv-title\"><a href=\"https:\/\/blogsaverroes.juntadeandalucia.es\/fglorca\/2026\/02\/22\/carnaval-2026\/\" class=\"_self\" target=\"_self\" >Carnaval 2026<\/a><\/h6><div class=\"pt-cv-rmwrap\"><a href=\"https:\/\/blogsaverroes.juntadeandalucia.es\/fglorca\/2026\/02\/22\/carnaval-2026\/\" class=\"_self pt-cv-readmore btn btn-success\" target=\"_self\" >Leer M\u00e1s<\/a><\/div><div class=\"pt-cv-meta-fields\"><span class=\"entry-date\"> <time datetime=\"2026-02-22T16:17:48+01:00\">22 febrero, 2026<\/time><\/span><span> \/ <\/span><span class=\"author\"> <a href=\"https:\/\/blogsaverroes.juntadeandalucia.es\/fglorca\/author\/pilar-ortega-martin\/\" rel=\"author\">Pilar Ortega Mart\u00edn<\/a><\/span><\/div><\/div><\/div>\n<div class=\" pt-cv-content-item pt-cv-1-col\" ><div class=\"pt-cv-thumb-wrapper  \"><a href=\"https:\/\/blogsaverroes.juntadeandalucia.es\/fglorca\/2026\/02\/16\/velocidad-ingenieria-y-radio-el-ies-abdera-visita-radio-federico\/\" class=\"_self pt-cv-href-thumbnail pt-cv-thumb-default\" target=\"_self\" ><img loading=\"lazy\" decoding=\"async\" width=\"724\" height=\"1024\" src=\"https:\/\/blogsaverroes.juntadeandalucia.es\/fglorca\/files\/2026\/02\/NITRODASH_NDS_ADRA-724x1024.png\" class=\"pt-cv-thumbnail\" alt=\"\" srcset=\"https:\/\/blogsaverroes.juntadeandalucia.es\/fglorca\/files\/2026\/02\/NITRODASH_NDS_ADRA-724x1024.png 724w, https:\/\/blogsaverroes.juntadeandalucia.es\/fglorca\/files\/2026\/02\/NITRODASH_NDS_ADRA-212x300.png 212w, https:\/\/blogsaverroes.juntadeandalucia.es\/fglorca\/files\/2026\/02\/NITRODASH_NDS_ADRA-768x1087.png 768w, https:\/\/blogsaverroes.juntadeandalucia.es\/fglorca\/files\/2026\/02\/NITRODASH_NDS_ADRA-1085x1536.png 1085w, https:\/\/blogsaverroes.juntadeandalucia.es\/fglorca\/files\/2026\/02\/NITRODASH_NDS_ADRA.png 1130w\" sizes=\"(max-width: 724px) 100vw, 724px\" \/><\/a><\/div>\n<div class=\"pt-cv-overlay-wrapper\"><h6 class=\"pt-cv-title\"><a href=\"https:\/\/blogsaverroes.juntadeandalucia.es\/fglorca\/2026\/02\/16\/velocidad-ingenieria-y-radio-el-ies-abdera-visita-radio-federico\/\" class=\"_self\" target=\"_self\" >Velocidad, Ingenier\u00eda y Radio: El IES Abdera visita Radio Federico<\/a><\/h6><div class=\"pt-cv-rmwrap\"><a href=\"https:\/\/blogsaverroes.juntadeandalucia.es\/fglorca\/2026\/02\/16\/velocidad-ingenieria-y-radio-el-ies-abdera-visita-radio-federico\/\" class=\"_self pt-cv-readmore btn btn-success\" target=\"_self\" >Leer M\u00e1s<\/a><\/div><div class=\"pt-cv-meta-fields\"><span class=\"entry-date\"> <time datetime=\"2026-02-16T18:31:34+01:00\">16 febrero, 2026<\/time><\/span><span> \/ <\/span><span class=\"author\"> <a href=\"https:\/\/blogsaverroes.juntadeandalucia.es\/fglorca\/author\/agustin-ramirez-vallecillos\/\" rel=\"author\">Agust\u00edn Ram\u00edrez Vallecillos<\/a><\/span><\/div><\/div><\/div>\n<div class=\" pt-cv-content-item pt-cv-1-col\" ><div class=\"pt-cv-thumb-wrapper  \"><a href=\"https:\/\/blogsaverroes.juntadeandalucia.es\/fglorca\/2026\/02\/16\/fiesta-de-carnaval-y-concurso-de-disfraces\/\" class=\"_self pt-cv-href-thumbnail pt-cv-thumb-default\" target=\"_self\" ><img loading=\"lazy\" decoding=\"async\" width=\"800\" height=\"1000\" src=\"https:\/\/blogsaverroes.juntadeandalucia.es\/fglorca\/files\/2026\/02\/Carnaval-ampa-2026.jpeg\" class=\"pt-cv-thumbnail\" alt=\"\" srcset=\"https:\/\/blogsaverroes.juntadeandalucia.es\/fglorca\/files\/2026\/02\/Carnaval-ampa-2026.jpeg 800w, https:\/\/blogsaverroes.juntadeandalucia.es\/fglorca\/files\/2026\/02\/Carnaval-ampa-2026-240x300.jpeg 240w, https:\/\/blogsaverroes.juntadeandalucia.es\/fglorca\/files\/2026\/02\/Carnaval-ampa-2026-768x960.jpeg 768w\" sizes=\"(max-width: 800px) 100vw, 800px\" \/><\/a><\/div>\n<div class=\"pt-cv-overlay-wrapper\"><h6 class=\"pt-cv-title\"><a href=\"https:\/\/blogsaverroes.juntadeandalucia.es\/fglorca\/2026\/02\/16\/fiesta-de-carnaval-y-concurso-de-disfraces\/\" class=\"_self\" target=\"_self\" >Fiesta de Carnaval y Concurso de Disfraces<\/a><\/h6><div class=\"pt-cv-rmwrap\"><a href=\"https:\/\/blogsaverroes.juntadeandalucia.es\/fglorca\/2026\/02\/16\/fiesta-de-carnaval-y-concurso-de-disfraces\/\" class=\"_self pt-cv-readmore btn btn-success\" target=\"_self\" >Leer M\u00e1s<\/a><\/div><div class=\"pt-cv-meta-fields\"><span class=\"entry-date\"> <time datetime=\"2026-02-16T17:14:14+01:00\">16 febrero, 2026<\/time><\/span><span> \/ <\/span><span class=\"author\"> <a href=\"https:\/\/blogsaverroes.juntadeandalucia.es\/fglorca\/author\/agustin-ramirez-vallecillos\/\" rel=\"author\">Agust\u00edn Ram\u00edrez Vallecillos<\/a><\/span><\/div><\/div><\/div>\n<div class=\" pt-cv-content-item pt-cv-1-col\" ><div class=\"pt-cv-thumb-wrapper  \"><a href=\"https:\/\/blogsaverroes.juntadeandalucia.es\/fglorca\/2026\/02\/14\/dia-del-amor-y-la-amistad\/\" class=\"_self pt-cv-href-thumbnail pt-cv-thumb-default\" target=\"_self\" ><img loading=\"lazy\" decoding=\"async\" width=\"1024\" height=\"976\" src=\"https:\/\/blogsaverroes.juntadeandalucia.es\/fglorca\/files\/2026\/02\/Dia-Amistad-1024x976.png\" class=\"pt-cv-thumbnail\" alt=\"\" srcset=\"https:\/\/blogsaverroes.juntadeandalucia.es\/fglorca\/files\/2026\/02\/Dia-Amistad-1024x976.png 1024w, https:\/\/blogsaverroes.juntadeandalucia.es\/fglorca\/files\/2026\/02\/Dia-Amistad-300x286.png 300w, https:\/\/blogsaverroes.juntadeandalucia.es\/fglorca\/files\/2026\/02\/Dia-Amistad-768x732.png 768w, https:\/\/blogsaverroes.juntadeandalucia.es\/fglorca\/files\/2026\/02\/Dia-Amistad-1536x1464.png 1536w, https:\/\/blogsaverroes.juntadeandalucia.es\/fglorca\/files\/2026\/02\/Dia-Amistad-2048x1952.png 2048w\" sizes=\"(max-width: 1024px) 100vw, 1024px\" \/><\/a><\/div>\n<div class=\"pt-cv-overlay-wrapper\"><h6 class=\"pt-cv-title\"><a href=\"https:\/\/blogsaverroes.juntadeandalucia.es\/fglorca\/2026\/02\/14\/dia-del-amor-y-la-amistad\/\" class=\"_self\" target=\"_self\" >D\u00eda del amor y la amistad<\/a><\/h6><div class=\"pt-cv-rmwrap\"><a href=\"https:\/\/blogsaverroes.juntadeandalucia.es\/fglorca\/2026\/02\/14\/dia-del-amor-y-la-amistad\/\" class=\"_self pt-cv-readmore btn btn-success\" target=\"_self\" >Leer M\u00e1s<\/a><\/div><div class=\"pt-cv-meta-fields\"><span class=\"entry-date\"> <time datetime=\"2026-02-14T16:58:19+01:00\">14 febrero, 2026<\/time><\/span><span> \/ <\/span><span class=\"author\"> <a href=\"https:\/\/blogsaverroes.juntadeandalucia.es\/fglorca\/author\/pilar-ortega-martin\/\" rel=\"author\">Pilar Ortega Mart\u00edn<\/a><\/span><\/div><\/div><\/div><\/div><\/div>\n<div class=\" pt-cv-pagination-wrapper\"><ul class=\"pt-cv-pagination pt-cv-ajax pagination\" data-totalpages=\"28\" data-currentpage=\"1\" data-sid=\"d092224\" data-unid=\"\" data-iselementor=\"d092224\" data-postid=\"0\"><li class=\"active\"><a href=\"#\">1<\/a><\/li>\n\t<li ><a class=\"\" href=\"https:\/\/blogsaverroes.juntadeandalucia.es\/fglorca\/wp-json\/wp\/v2\/pages\/13740\/?_page=2\">2<\/a><\/li>\n\t<li ><a class=\"\" href=\"https:\/\/blogsaverroes.juntadeandalucia.es\/fglorca\/wp-json\/wp\/v2\/pages\/13740\/?_page=3\">3<\/a><\/li>\n\t<li ><a href=\"#\">&hellip;<\/a><\/li>\n\t<li ><a class=\"\" href=\"https:\/\/blogsaverroes.juntadeandalucia.es\/fglorca\/wp-json\/wp\/v2\/pages\/13740\/?_page=28\">28<\/a><\/li>\n\t<li ><a class=\" \" href=\"https:\/\/blogsaverroes.juntadeandalucia.es\/fglorca\/wp-json\/wp\/v2\/pages\/13740\/?_page=2\">&rsaquo;<\/a><\/li>\n\t<\/ul><img loading=\"lazy\" decoding=\"async\" width=\"15\" height=\"15\" class=\"pt-cv-spinner\" alt=\"Cargando...\" src=\"data:image\/gif;base64,R0lGODlhDwAPALMPAMrKygwMDJOTkz09PZWVla+vr3p6euTk5M7OzuXl5TMzMwAAAJmZmWZmZszMzP\/\/\/yH\/C05FVFNDQVBFMi4wAwEAAAAh+QQFCgAPACwAAAAADwAPAAAEQvDJaZaZOIcV8iQK8VRX4iTYoAwZ4iCYoAjZ4RxejhVNoT+mRGP4cyF4Pp0N98sBGIBMEMOotl6YZ3S61Bmbkm4mAgAh+QQFCgAPACwAAAAADQANAAAENPDJSRSZeA418itN8QiK8BiLITVsFiyBBIoYqnoewAD4xPw9iY4XLGYSjkQR4UAUD45DLwIAIfkEBQoADwAsAAAAAA8ACQAABC\/wyVlamTi3nSdgwFNdhEJgTJoNyoB9ISYoQmdjiZPcj7EYCAeCF1gEDo4Dz2eIAAAh+QQFCgAPACwCAAAADQANAAAEM\/DJBxiYeLKdX3IJZT1FU0iIg2RNKx3OkZVnZ98ToRD4MyiDnkAh6BkNC0MvsAj0kMpHBAAh+QQFCgAPACwGAAAACQAPAAAEMDC59KpFDll73HkAA2wVY5KgiK5b0RRoI6MuzG6EQqCDMlSGheEhUAgqgUUAFRySIgAh+QQFCgAPACwCAAIADQANAAAEM\/DJKZNLND\/kkKaHc3xk+QAMYDKsiaqmZCxGVjSFFCxB1vwy2oOgIDxuucxAMTAJFAJNBAAh+QQFCgAPACwAAAYADwAJAAAEMNAs86q1yaWwwv2Ig0jUZx3OYa4XoRAfwADXoAwfo1+CIjyFRuEho60aSNYlOPxEAAAh+QQFCgAPACwAAAIADQANAAAENPA9s4y8+IUVcqaWJ4qEQozSoAzoIyhCK2NFU2SJk0hNnyEOhKR2AzAAj4Pj4GE4W0bkJQIAOw==\" \/><div class=\"clear pt-cv-clear-pagination\"><\/div><\/div> <\/div> \t\t\t\t<\/div>\n\t\t\t\t<\/div>\n\t\t\t\t\t<\/div>\n\t\t<\/div>\n\t\t\t\t\t<\/div>\n\t\t<\/section>\n\t\t\t\t<section class=\"elementor-section elementor-top-section elementor-element elementor-element-fe922bd elementor-section-boxed elementor-section-height-default elementor-section-height-default\" data-id=\"fe922bd\" data-element_type=\"section\">\n\t\t\t\t\t\t<div class=\"elementor-container elementor-column-gap-default\">\n\t\t\t\t\t<div class=\"elementor-column elementor-col-100 elementor-top-column elementor-element elementor-element-d1dcb5b\" data-id=\"d1dcb5b\" data-element_type=\"column\">\n\t\t\t<div class=\"elementor-widget-wrap\">\n\t\t\t\t\t\t\t<\/div>\n\t\t<\/div>\n\t\t\t\t\t<\/div>\n\t\t<\/section>\n\t\t\t\t<section class=\"elementor-section elementor-top-section elementor-element elementor-element-274a7d4 elementor-section-boxed elementor-section-height-default elementor-section-height-default\" data-id=\"274a7d4\" data-element_type=\"section\">\n\t\t\t\t\t\t<div class=\"elementor-container elementor-column-gap-default\">\n\t\t\t\t\t<div class=\"elementor-column elementor-col-100 elementor-top-column elementor-element elementor-element-256d7dd\" data-id=\"256d7dd\" data-element_type=\"column\">\n\t\t\t<div class=\"elementor-widget-wrap\">\n\t\t\t\t\t\t\t<\/div>\n\t\t<\/div>\n\t\t\t\t\t<\/div>\n\t\t<\/section>\n\t\t\t\t<\/div>\n\t\t","protected":false},"excerpt":{"rendered":"<p>Si quieres saber los libros que tenemos en el centro, pedir pr\u00e9stamos, ver la ubicaci\u00f3n de cada libro, etc. puedes entrar en en bibioweb s\u00e9neca de nuestro centro.\u00a0 VER PLAN ANUAL DE TRABAJO DE&#46;&#46;&#46;<\/p>\n","protected":false},"author":3326,"featured_media":7163,"parent":0,"menu_order":0,"comment_status":"closed","ping_status":"closed","template":"","meta":{"ngg_post_thumbnail":0,"footnotes":"","_mc_calendar":[]},"aioseo_notices":[],"_links":{"self":[{"href":"https:\/\/blogsaverroes.juntadeandalucia.es\/fglorca\/wp-json\/wp\/v2\/pages\/13740"}],"collection":[{"href":"https:\/\/blogsaverroes.juntadeandalucia.es\/fglorca\/wp-json\/wp\/v2\/pages"}],"about":[{"href":"https:\/\/blogsaverroes.juntadeandalucia.es\/fglorca\/wp-json\/wp\/v2\/types\/page"}],"author":[{"embeddable":true,"href":"https:\/\/blogsaverroes.juntadeandalucia.es\/fglorca\/wp-json\/wp\/v2\/users\/3326"}],"replies":[{"embeddable":true,"href":"https:\/\/blogsaverroes.juntadeandalucia.es\/fglorca\/wp-json\/wp\/v2\/comments?post=13740"}],"version-history":[{"count":4,"href":"https:\/\/blogsaverroes.juntadeandalucia.es\/fglorca\/wp-json\/wp\/v2\/pages\/13740\/revisions"}],"predecessor-version":[{"id":20089,"href":"https:\/\/blogsaverroes.juntadeandalucia.es\/fglorca\/wp-json\/wp\/v2\/pages\/13740\/revisions\/20089"}],"wp:featuredmedia":[{"embeddable":true,"href":"https:\/\/blogsaverroes.juntadeandalucia.es\/fglorca\/wp-json\/wp\/v2\/media\/7163"}],"wp:attachment":[{"href":"https:\/\/blogsaverroes.juntadeandalucia.es\/fglorca\/wp-json\/wp\/v2\/media?parent=13740"}],"curies":[{"name":"wp","href":"https:\/\/api.w.org\/{rel}","templated":true}]}}