{"id":18664,"date":"2025-03-22T19:01:12","date_gmt":"2025-03-22T18:01:12","guid":{"rendered":"https:\/\/blogsaverroes.juntadeandalucia.es\/fglorca\/?page_id=18664"},"modified":"2025-03-23T11:51:50","modified_gmt":"2025-03-23T10:51:50","slug":"bilinguismo","status":"publish","type":"page","link":"https:\/\/blogsaverroes.juntadeandalucia.es\/fglorca\/planes-y-proyectos-del-centro\/bilinguismo\/","title":{"rendered":"Biling\u00fcismo"},"content":{"rendered":"\t\t<div data-elementor-type=\"wp-page\" data-elementor-id=\"18664\" class=\"elementor elementor-18664\">\n\t\t\t\t\t\t<section class=\"elementor-section elementor-top-section elementor-element elementor-element-7e6f97b elementor-section-content-middle elementor-section-full_width elementor-section-height-default elementor-section-height-default\" data-id=\"7e6f97b\" data-element_type=\"section\">\n\t\t\t\t\t\t<div class=\"elementor-container elementor-column-gap-no\">\n\t\t\t\t\t<div class=\"elementor-column elementor-col-100 elementor-top-column elementor-element elementor-element-248ab3d3\" data-id=\"248ab3d3\" data-element_type=\"column\">\n\t\t\t<div class=\"elementor-widget-wrap elementor-element-populated\">\n\t\t\t\t\t\t<div class=\"elementor-element elementor-element-36abfcf9 elementor-widget__width-initial elementor-widget elementor-widget-heading\" data-id=\"36abfcf9\" data-element_type=\"widget\" data-widget_type=\"heading.default\">\n\t\t\t\t<div class=\"elementor-widget-container\">\n\t\t\t\t\t<h1 class=\"elementor-heading-title elementor-size-default\">AUXILIARES DE CONVERSACI\u00d3N<\/h1>\t\t\t\t<\/div>\n\t\t\t\t<\/div>\n\t\t\t\t<div class=\"elementor-element elementor-element-faf33 elementor-widget__width-initial elementor-widget elementor-widget-text-editor\" data-id=\"faf33\" data-element_type=\"widget\" data-widget_type=\"text-editor.default\">\n\t\t\t\t<div class=\"elementor-widget-container\">\n\t\t\t\t\t\t\t\t\t<p style=\"text-align: center\">Informaci\u00f3n \u00fatil para nuestros auxiliares de conversaci\u00f3n<\/p>\t\t\t\t\t\t\t\t<\/div>\n\t\t\t\t<\/div>\n\t\t\t\t<div class=\"elementor-element elementor-element-66c1cc49 elementor-align-left elementor-mobile-align-center elementor-widget__width-initial elementor-invisible elementor-widget elementor-widget-button\" data-id=\"66c1cc49\" data-element_type=\"widget\" data-settings=\"{&quot;_animation&quot;:&quot;fadeInDown&quot;}\" data-widget_type=\"button.default\">\n\t\t\t\t<div class=\"elementor-widget-container\">\n\t\t\t\t\t\t\t\t\t<div class=\"elementor-button-wrapper\">\n\t\t\t\t\t<a class=\"elementor-button elementor-button-link elementor-size-sm\" href=\"https:\/\/blogsaverroes.juntadeandalucia.es\/fglorca\/auxiliares-de-conversacion\/\">\n\t\t\t\t\t\t<span class=\"elementor-button-content-wrapper\">\n\t\t\t\t\t\t\t\t\t<span class=\"elementor-button-text\">Learn More<\/span>\n\t\t\t\t\t<\/span>\n\t\t\t\t\t<\/a>\n\t\t\t\t<\/div>\n\t\t\t\t\t\t\t\t<\/div>\n\t\t\t\t<\/div>\n\t\t\t\t\t<\/div>\n\t\t<\/div>\n\t\t\t\t\t<\/div>\n\t\t<\/section>\n\t\t\t\t<section class=\"elementor-section elementor-top-section elementor-element elementor-element-62cf0b28 elementor-section-full_width elementor-section-content-middle elementor-section-height-default elementor-section-height-default\" data-id=\"62cf0b28\" data-element_type=\"section\">\n\t\t\t\t\t\t<div class=\"elementor-container elementor-column-gap-no\">\n\t\t\t\t\t<div class=\"elementor-column elementor-col-100 elementor-top-column elementor-element elementor-element-7dab6eab\" data-id=\"7dab6eab\" data-element_type=\"column\">\n\t\t\t<div class=\"elementor-widget-wrap elementor-element-populated\">\n\t\t\t\t\t\t<div class=\"elementor-element elementor-element-a52690a elementor-widget elementor-widget-heading\" data-id=\"a52690a\" data-element_type=\"widget\" data-widget_type=\"heading.default\">\n\t\t\t\t<div class=\"elementor-widget-container\">\n\t\t\t\t\t<h2 class=\"elementor-heading-title elementor-size-default\">ENFOQUE<\/h2>\t\t\t\t<\/div>\n\t\t\t\t<\/div>\n\t\t\t\t\t<\/div>\n\t\t<\/div>\n\t\t\t\t\t<\/div>\n\t\t<\/section>\n\t\t\t\t<section class=\"elementor-section elementor-top-section elementor-element elementor-element-bbc65f5 elementor-section-boxed elementor-section-height-default elementor-section-height-default\" data-id=\"bbc65f5\" data-element_type=\"section\">\n\t\t\t\t\t\t<div class=\"elementor-container elementor-column-gap-default\">\n\t\t\t\t\t<div class=\"elementor-column elementor-col-100 elementor-top-column elementor-element elementor-element-ff182b2\" data-id=\"ff182b2\" data-element_type=\"column\">\n\t\t\t<div class=\"elementor-widget-wrap\">\n\t\t\t\t\t\t\t<\/div>\n\t\t<\/div>\n\t\t\t\t\t<\/div>\n\t\t<\/section>\n\t\t\t\t<section class=\"elementor-section elementor-top-section elementor-element elementor-element-f4ee9eb elementor-section-boxed elementor-section-height-default elementor-section-height-default\" data-id=\"f4ee9eb\" data-element_type=\"section\">\n\t\t\t\t\t\t<div class=\"elementor-container elementor-column-gap-default\">\n\t\t\t\t\t<div class=\"elementor-column elementor-col-100 elementor-top-column elementor-element elementor-element-85828a4\" data-id=\"85828a4\" data-element_type=\"column\">\n\t\t\t<div class=\"elementor-widget-wrap elementor-element-populated\">\n\t\t\t\t\t\t<div class=\"elementor-element elementor-element-1d045a2a elementor-position-top elementor-widget elementor-widget-image-box\" data-id=\"1d045a2a\" data-element_type=\"widget\" data-widget_type=\"image-box.default\">\n\t\t\t\t<div class=\"elementor-widget-container\">\n\t\t\t\t\t<div class=\"elementor-image-box-wrapper\"><figure class=\"elementor-image-box-img\"><a href=\"#\" tabindex=\"-1\"><img fetchpriority=\"high\" decoding=\"async\" width=\"1600\" height=\"1200\" src=\"https:\/\/blogsaverroes.juntadeandalucia.es\/fglorca\/files\/2024\/02\/Infantil-3.jpg\" class=\"elementor-animation-grow attachment-full size-full wp-image-13980\" alt=\"\" srcset=\"https:\/\/blogsaverroes.juntadeandalucia.es\/fglorca\/files\/2024\/02\/Infantil-3.jpg 1600w, https:\/\/blogsaverroes.juntadeandalucia.es\/fglorca\/files\/2024\/02\/Infantil-3-300x225.jpg 300w, https:\/\/blogsaverroes.juntadeandalucia.es\/fglorca\/files\/2024\/02\/Infantil-3-1024x768.jpg 1024w, https:\/\/blogsaverroes.juntadeandalucia.es\/fglorca\/files\/2024\/02\/Infantil-3-768x576.jpg 768w, https:\/\/blogsaverroes.juntadeandalucia.es\/fglorca\/files\/2024\/02\/Infantil-3-1536x1152.jpg 1536w, https:\/\/blogsaverroes.juntadeandalucia.es\/fglorca\/files\/2024\/02\/Infantil-3-24x18.jpg 24w, https:\/\/blogsaverroes.juntadeandalucia.es\/fglorca\/files\/2024\/02\/Infantil-3-36x27.jpg 36w, https:\/\/blogsaverroes.juntadeandalucia.es\/fglorca\/files\/2024\/02\/Infantil-3-48x36.jpg 48w\" sizes=\"(max-width: 1600px) 100vw, 1600px\" \/><\/a><\/figure><div class=\"elementor-image-box-content\"><h4 class=\"elementor-image-box-title\"><a href=\"#\">INFANTIL<\/a><\/h4><p class=\"elementor-image-box-description\">En el segundo ciclo de la  Educaci\u00f3n Infantil, la ense\u00f1anza biling\u00fce se concreta en una introducci\u00f3n a la L2 que conlleva una hora y treinta minutos semanales por grupo.<\/p><\/div><\/div>\t\t\t\t<\/div>\n\t\t\t\t<\/div>\n\t\t\t\t<div class=\"elementor-element elementor-element-5557a770 elementor-position-top elementor-widget elementor-widget-image-box\" data-id=\"5557a770\" data-element_type=\"widget\" data-widget_type=\"image-box.default\">\n\t\t\t\t<div class=\"elementor-widget-container\">\n\t\t\t\t\t<div class=\"elementor-image-box-wrapper\"><figure class=\"elementor-image-box-img\"><a href=\"#\" tabindex=\"-1\"><img decoding=\"async\" width=\"1600\" height=\"1200\" src=\"https:\/\/blogsaverroes.juntadeandalucia.es\/fglorca\/files\/2025\/02\/La-Carpa-teatro15.jpeg\" class=\"elementor-animation-grow attachment-full size-full wp-image-17285\" alt=\"\" srcset=\"https:\/\/blogsaverroes.juntadeandalucia.es\/fglorca\/files\/2025\/02\/La-Carpa-teatro15.jpeg 1600w, https:\/\/blogsaverroes.juntadeandalucia.es\/fglorca\/files\/2025\/02\/La-Carpa-teatro15-300x225.jpeg 300w, https:\/\/blogsaverroes.juntadeandalucia.es\/fglorca\/files\/2025\/02\/La-Carpa-teatro15-1024x768.jpeg 1024w, https:\/\/blogsaverroes.juntadeandalucia.es\/fglorca\/files\/2025\/02\/La-Carpa-teatro15-768x576.jpeg 768w, https:\/\/blogsaverroes.juntadeandalucia.es\/fglorca\/files\/2025\/02\/La-Carpa-teatro15-1536x1152.jpeg 1536w\" sizes=\"(max-width: 1600px) 100vw, 1600px\" \/><\/a><\/figure><div class=\"elementor-image-box-content\"><h4 class=\"elementor-image-box-title\"><a href=\"#\">PRIMARIA<\/a><\/h4><p class=\"elementor-image-box-description\">En la Educaci\u00f3n Primaria, el \u00e1rea biling\u00fce obligatoria es Conocimiento del Medio Natural, Social y Cultural. Tambi\u00e9n se puede impartir (si se cuenta con los recursos para ello) Educaci\u00f3n en Valores C\u00edvicos y \u00c9ticos, Educaci\u00f3n F\u00edsica y Educaci\u00f3n Art\u00edstica (posible desdoblamiento en Educaci\u00f3n Pl\u00e1stica y Visual por un lado,  y M\u00fasica y Danza por otro, para poder impartir solo una de las dos materias en L2).\n<\/p><\/div><\/div>\t\t\t\t<\/div>\n\t\t\t\t<\/div>\n\t\t\t\t<div class=\"elementor-element elementor-element-5b2a902c elementor-position-top elementor-widget elementor-widget-image-box\" data-id=\"5b2a902c\" data-element_type=\"widget\" data-widget_type=\"image-box.default\">\n\t\t\t\t<div class=\"elementor-widget-container\">\n\t\t\t\t\t<div class=\"elementor-image-box-wrapper\"><figure class=\"elementor-image-box-img\"><a href=\"#\" tabindex=\"-1\"><img decoding=\"async\" width=\"1600\" height=\"1200\" src=\"https:\/\/blogsaverroes.juntadeandalucia.es\/fglorca\/files\/2024\/11\/IMG-20241030-WA0048.jpg\" class=\"elementor-animation-grow attachment-full size-full wp-image-16191\" alt=\"\" srcset=\"https:\/\/blogsaverroes.juntadeandalucia.es\/fglorca\/files\/2024\/11\/IMG-20241030-WA0048.jpg 1600w, https:\/\/blogsaverroes.juntadeandalucia.es\/fglorca\/files\/2024\/11\/IMG-20241030-WA0048-300x225.jpg 300w, https:\/\/blogsaverroes.juntadeandalucia.es\/fglorca\/files\/2024\/11\/IMG-20241030-WA0048-1024x768.jpg 1024w, https:\/\/blogsaverroes.juntadeandalucia.es\/fglorca\/files\/2024\/11\/IMG-20241030-WA0048-768x576.jpg 768w, https:\/\/blogsaverroes.juntadeandalucia.es\/fglorca\/files\/2024\/11\/IMG-20241030-WA0048-1536x1152.jpg 1536w\" sizes=\"(max-width: 1600px) 100vw, 1600px\" \/><\/a><\/figure><div class=\"elementor-image-box-content\"><h4 class=\"elementor-image-box-title\"><a href=\"#\">SECUNDARIA<\/a><\/h4><p class=\"elementor-image-box-description\">En la Educaci\u00f3n Secundaria, se pueden impartir en L2 las materias comunes obligatorias, teniendo car\u00e1cter preferente las materias vinculadas a las \u00e1reas de ciencias sociales y ciencias naturales. Si no se disponen de los recursos necesarios para impartir las materias comunes, se pueden ofrecer optativas con la condici\u00f3n de que todo el alumnado de cada curso tenga el mismo n\u00famero de horas semanales de ense\u00f1anza biling\u00fce. <\/p><\/div><\/div>\t\t\t\t<\/div>\n\t\t\t\t<\/div>\n\t\t\t\t\t<\/div>\n\t\t<\/div>\n\t\t\t\t\t<\/div>\n\t\t<\/section>\n\t\t\t\t<section class=\"elementor-section elementor-top-section elementor-element elementor-element-7a9a4cd0 elementor-section-full_width elementor-section-height-default elementor-section-height-default\" data-id=\"7a9a4cd0\" data-element_type=\"section\">\n\t\t\t\t\t\t<div class=\"elementor-container elementor-column-gap-no\">\n\t\t\t\t\t<div class=\"elementor-column elementor-col-100 elementor-top-column elementor-element elementor-element-3d21924e\" data-id=\"3d21924e\" data-element_type=\"column\">\n\t\t\t<div class=\"elementor-widget-wrap elementor-element-populated\">\n\t\t\t\t\t\t<div class=\"elementor-element elementor-element-cdfed3e elementor-widget elementor-widget-heading\" data-id=\"cdfed3e\" data-element_type=\"widget\" data-widget_type=\"heading.default\">\n\t\t\t\t<div class=\"elementor-widget-container\">\n\t\t\t\t\t<h2 class=\"elementor-heading-title elementor-size-default\">Our Team<\/h2>\t\t\t\t<\/div>\n\t\t\t\t<\/div>\n\t\t\t\t<div class=\"elementor-element elementor-element-2bb6c1e0 elementor-widget elementor-widget-text-editor\" data-id=\"2bb6c1e0\" data-element_type=\"widget\" data-widget_type=\"text-editor.default\">\n\t\t\t\t<div class=\"elementor-widget-container\">\n\t\t\t\t\t\t\t\t\t<p>A short introduction to your team members and why their background should inspire potential clients\u2019 confidence.<\/p>\t\t\t\t\t\t\t\t<\/div>\n\t\t\t\t<\/div>\n\t\t\t\t<section class=\"elementor-section elementor-inner-section elementor-element elementor-element-2bd064b7 elementor-section-full_width elementor-section-height-default elementor-section-height-default\" data-id=\"2bd064b7\" data-element_type=\"section\">\n\t\t\t\t\t\t<div class=\"elementor-container elementor-column-gap-no\">\n\t\t\t\t\t<div class=\"elementor-column elementor-col-25 elementor-inner-column elementor-element elementor-element-17f4db2f\" data-id=\"17f4db2f\" data-element_type=\"column\">\n\t\t\t<div class=\"elementor-widget-wrap elementor-element-populated\">\n\t\t\t\t\t\t<div class=\"elementor-element elementor-element-f81176a elementor-position-top elementor-widget elementor-widget-image-box\" data-id=\"f81176a\" data-element_type=\"widget\" data-widget_type=\"image-box.default\">\n\t\t\t\t<div class=\"elementor-widget-container\">\n\t\t\t\t\t<div class=\"elementor-image-box-wrapper\"><figure class=\"elementor-image-box-img\"><img loading=\"lazy\" decoding=\"async\" width=\"413\" height=\"413\" src=\"https:\/\/blogsaverroes.juntadeandalucia.es\/fglorca\/files\/2025\/03\/Team.jpg\" class=\"elementor-animation-grow attachment-full size-full wp-image-18668\" alt=\"\" srcset=\"https:\/\/blogsaverroes.juntadeandalucia.es\/fglorca\/files\/2025\/03\/Team.jpg 413w, https:\/\/blogsaverroes.juntadeandalucia.es\/fglorca\/files\/2025\/03\/Team-300x300.jpg 300w, https:\/\/blogsaverroes.juntadeandalucia.es\/fglorca\/files\/2025\/03\/Team-150x150.jpg 150w, https:\/\/blogsaverroes.juntadeandalucia.es\/fglorca\/files\/2025\/03\/Team-100x100.jpg 100w, https:\/\/blogsaverroes.juntadeandalucia.es\/fglorca\/files\/2025\/03\/Team-80x80.jpg 80w, https:\/\/blogsaverroes.juntadeandalucia.es\/fglorca\/files\/2025\/03\/Team-320x320.jpg 320w\" sizes=\"(max-width: 413px) 100vw, 413px\" \/><\/figure><div class=\"elementor-image-box-content\"><h4 class=\"elementor-image-box-title\">Employee Name<\/h4><p class=\"elementor-image-box-description\">Job title<\/p><\/div><\/div>\t\t\t\t<\/div>\n\t\t\t\t<\/div>\n\t\t\t\t\t<\/div>\n\t\t<\/div>\n\t\t\t\t<div class=\"elementor-column elementor-col-25 elementor-inner-column elementor-element elementor-element-5388217f\" data-id=\"5388217f\" data-element_type=\"column\">\n\t\t\t<div class=\"elementor-widget-wrap elementor-element-populated\">\n\t\t\t\t\t\t<div class=\"elementor-element elementor-element-1a2bc351 elementor-position-top elementor-widget elementor-widget-image-box\" data-id=\"1a2bc351\" data-element_type=\"widget\" data-widget_type=\"image-box.default\">\n\t\t\t\t<div class=\"elementor-widget-container\">\n\t\t\t\t\t<div class=\"elementor-image-box-wrapper\"><figure class=\"elementor-image-box-img\"><img loading=\"lazy\" decoding=\"async\" width=\"413\" height=\"413\" src=\"https:\/\/blogsaverroes.juntadeandalucia.es\/fglorca\/files\/2025\/03\/Team.jpg\" class=\"elementor-animation-grow attachment-full size-full wp-image-18668\" alt=\"\" srcset=\"https:\/\/blogsaverroes.juntadeandalucia.es\/fglorca\/files\/2025\/03\/Team.jpg 413w, https:\/\/blogsaverroes.juntadeandalucia.es\/fglorca\/files\/2025\/03\/Team-300x300.jpg 300w, https:\/\/blogsaverroes.juntadeandalucia.es\/fglorca\/files\/2025\/03\/Team-150x150.jpg 150w, https:\/\/blogsaverroes.juntadeandalucia.es\/fglorca\/files\/2025\/03\/Team-100x100.jpg 100w, https:\/\/blogsaverroes.juntadeandalucia.es\/fglorca\/files\/2025\/03\/Team-80x80.jpg 80w, https:\/\/blogsaverroes.juntadeandalucia.es\/fglorca\/files\/2025\/03\/Team-320x320.jpg 320w\" sizes=\"(max-width: 413px) 100vw, 413px\" \/><\/figure><div class=\"elementor-image-box-content\"><h4 class=\"elementor-image-box-title\">Employee Name<\/h4><p class=\"elementor-image-box-description\">Job title<\/p><\/div><\/div>\t\t\t\t<\/div>\n\t\t\t\t<\/div>\n\t\t\t\t\t<\/div>\n\t\t<\/div>\n\t\t\t\t<div class=\"elementor-column elementor-col-25 elementor-inner-column elementor-element elementor-element-3105ae01\" data-id=\"3105ae01\" data-element_type=\"column\">\n\t\t\t<div class=\"elementor-widget-wrap elementor-element-populated\">\n\t\t\t\t\t\t<div class=\"elementor-element elementor-element-166464a2 elementor-position-top elementor-widget elementor-widget-image-box\" data-id=\"166464a2\" data-element_type=\"widget\" data-widget_type=\"image-box.default\">\n\t\t\t\t<div class=\"elementor-widget-container\">\n\t\t\t\t\t<div class=\"elementor-image-box-wrapper\"><figure class=\"elementor-image-box-img\"><img loading=\"lazy\" decoding=\"async\" width=\"413\" height=\"413\" src=\"https:\/\/blogsaverroes.juntadeandalucia.es\/fglorca\/files\/2025\/03\/Team.jpg\" class=\"elementor-animation-grow attachment-full size-full wp-image-18668\" alt=\"\" srcset=\"https:\/\/blogsaverroes.juntadeandalucia.es\/fglorca\/files\/2025\/03\/Team.jpg 413w, https:\/\/blogsaverroes.juntadeandalucia.es\/fglorca\/files\/2025\/03\/Team-300x300.jpg 300w, https:\/\/blogsaverroes.juntadeandalucia.es\/fglorca\/files\/2025\/03\/Team-150x150.jpg 150w, https:\/\/blogsaverroes.juntadeandalucia.es\/fglorca\/files\/2025\/03\/Team-100x100.jpg 100w, https:\/\/blogsaverroes.juntadeandalucia.es\/fglorca\/files\/2025\/03\/Team-80x80.jpg 80w, https:\/\/blogsaverroes.juntadeandalucia.es\/fglorca\/files\/2025\/03\/Team-320x320.jpg 320w\" sizes=\"(max-width: 413px) 100vw, 413px\" \/><\/figure><div class=\"elementor-image-box-content\"><h4 class=\"elementor-image-box-title\">Employee Name<\/h4><p class=\"elementor-image-box-description\">Job title<\/p><\/div><\/div>\t\t\t\t<\/div>\n\t\t\t\t<\/div>\n\t\t\t\t\t<\/div>\n\t\t<\/div>\n\t\t\t\t<div class=\"elementor-column elementor-col-25 elementor-inner-column elementor-element elementor-element-3ec552cd\" data-id=\"3ec552cd\" data-element_type=\"column\">\n\t\t\t<div class=\"elementor-widget-wrap elementor-element-populated\">\n\t\t\t\t\t\t<div class=\"elementor-element elementor-element-3dd9a734 elementor-position-top elementor-widget elementor-widget-image-box\" data-id=\"3dd9a734\" data-element_type=\"widget\" data-widget_type=\"image-box.default\">\n\t\t\t\t<div class=\"elementor-widget-container\">\n\t\t\t\t\t<div class=\"elementor-image-box-wrapper\"><figure class=\"elementor-image-box-img\"><img loading=\"lazy\" decoding=\"async\" width=\"413\" height=\"413\" src=\"https:\/\/blogsaverroes.juntadeandalucia.es\/fglorca\/files\/2025\/03\/Team.jpg\" class=\"elementor-animation-grow attachment-full size-full wp-image-18668\" alt=\"\" srcset=\"https:\/\/blogsaverroes.juntadeandalucia.es\/fglorca\/files\/2025\/03\/Team.jpg 413w, https:\/\/blogsaverroes.juntadeandalucia.es\/fglorca\/files\/2025\/03\/Team-300x300.jpg 300w, https:\/\/blogsaverroes.juntadeandalucia.es\/fglorca\/files\/2025\/03\/Team-150x150.jpg 150w, https:\/\/blogsaverroes.juntadeandalucia.es\/fglorca\/files\/2025\/03\/Team-100x100.jpg 100w, https:\/\/blogsaverroes.juntadeandalucia.es\/fglorca\/files\/2025\/03\/Team-80x80.jpg 80w, https:\/\/blogsaverroes.juntadeandalucia.es\/fglorca\/files\/2025\/03\/Team-320x320.jpg 320w\" sizes=\"(max-width: 413px) 100vw, 413px\" \/><\/figure><div class=\"elementor-image-box-content\"><h4 class=\"elementor-image-box-title\">Employee Name<\/h4><p class=\"elementor-image-box-description\">Job title<\/p><\/div><\/div>\t\t\t\t<\/div>\n\t\t\t\t<\/div>\n\t\t\t\t\t<\/div>\n\t\t<\/div>\n\t\t\t\t\t<\/div>\n\t\t<\/section>\n\t\t\t\t\t<\/div>\n\t\t<\/div>\n\t\t\t\t\t<\/div>\n\t\t<\/section>\n\t\t\t\t<footer class=\"elementor-section elementor-top-section elementor-element elementor-element-50e575c5 elementor-section-full_width elementor-section-content-middle elementor-section-height-default elementor-section-height-default\" data-id=\"50e575c5\" data-element_type=\"section\">\n\t\t\t\t\t\t<div class=\"elementor-container elementor-column-gap-no\">\n\t\t\t\t\t<div class=\"elementor-column elementor-col-50 elementor-top-column elementor-element elementor-element-7993c09d\" data-id=\"7993c09d\" data-element_type=\"column\">\n\t\t\t<div class=\"elementor-widget-wrap elementor-element-populated\">\n\t\t\t\t\t\t<div class=\"elementor-element elementor-element-2df460a5 elementor-widget elementor-widget-image\" data-id=\"2df460a5\" data-element_type=\"widget\" data-widget_type=\"image.default\">\n\t\t\t\t<div class=\"elementor-widget-container\">\n\t\t\t\t\t\t\t\t\t\t\t\t\t\t\t<img loading=\"lazy\" decoding=\"async\" width=\"512\" height=\"512\" src=\"https:\/\/blogsaverroes.juntadeandalucia.es\/fglorca\/files\/2024\/06\/cropped-Logo_cole_completo-1.png\" class=\"attachment-full size-full wp-image-16971\" alt=\"\" srcset=\"https:\/\/blogsaverroes.juntadeandalucia.es\/fglorca\/files\/2024\/06\/cropped-Logo_cole_completo-1.png 512w, https:\/\/blogsaverroes.juntadeandalucia.es\/fglorca\/files\/2024\/06\/cropped-Logo_cole_completo-1-300x300.png 300w, https:\/\/blogsaverroes.juntadeandalucia.es\/fglorca\/files\/2024\/06\/cropped-Logo_cole_completo-1-150x150.png 150w, https:\/\/blogsaverroes.juntadeandalucia.es\/fglorca\/files\/2024\/06\/cropped-Logo_cole_completo-1-100x100.png 100w, https:\/\/blogsaverroes.juntadeandalucia.es\/fglorca\/files\/2024\/06\/cropped-Logo_cole_completo-1-80x80.png 80w, https:\/\/blogsaverroes.juntadeandalucia.es\/fglorca\/files\/2024\/06\/cropped-Logo_cole_completo-1-320x320.png 320w, https:\/\/blogsaverroes.juntadeandalucia.es\/fglorca\/files\/2024\/06\/cropped-Logo_cole_completo-1-270x270.png 270w, https:\/\/blogsaverroes.juntadeandalucia.es\/fglorca\/files\/2024\/06\/cropped-Logo_cole_completo-1-192x192.png 192w, https:\/\/blogsaverroes.juntadeandalucia.es\/fglorca\/files\/2024\/06\/cropped-Logo_cole_completo-1-180x180.png 180w, https:\/\/blogsaverroes.juntadeandalucia.es\/fglorca\/files\/2024\/06\/cropped-Logo_cole_completo-1-32x32.png 32w\" sizes=\"(max-width: 512px) 100vw, 512px\" \/>\t\t\t\t\t\t\t\t\t\t\t\t\t\t\t<\/div>\n\t\t\t\t<\/div>\n\t\t\t\t\t<\/div>\n\t\t<\/div>\n\t\t\t\t<div class=\"elementor-column elementor-col-50 elementor-top-column elementor-element elementor-element-7cd3fd39\" data-id=\"7cd3fd39\" data-element_type=\"column\">\n\t\t\t<div class=\"elementor-widget-wrap elementor-element-populated\">\n\t\t\t\t\t\t<div class=\"elementor-element elementor-element-2a530cc elementor-icon-list--layout-inline elementor-tablet-align-center elementor-align-center elementor-list-item-link-full_width elementor-widget elementor-widget-icon-list\" data-id=\"2a530cc\" data-element_type=\"widget\" data-widget_type=\"icon-list.default\">\n\t\t\t\t<div class=\"elementor-widget-container\">\n\t\t\t\t\t\t\t<ul class=\"elementor-icon-list-items elementor-inline-items\">\n\t\t\t\t\t\t\t<li class=\"elementor-icon-list-item elementor-inline-item\">\n\t\t\t\t\t\t\t\t\t\t\t<span class=\"elementor-icon-list-icon\">\n\t\t\t\t\t\t\t<i aria-hidden=\"true\" class=\"fas fa-phone-square\"><\/i>\t\t\t\t\t\t<\/span>\n\t\t\t\t\t\t\t\t\t\t<span class=\"elementor-icon-list-text\">950156895<\/span>\n\t\t\t\t\t\t\t\t\t<\/li>\n\t\t\t\t\t\t\t\t<li class=\"elementor-icon-list-item elementor-inline-item\">\n\t\t\t\t\t\t\t\t\t\t\t<span class=\"elementor-icon-list-icon\">\n\t\t\t\t\t\t\t<i aria-hidden=\"true\" class=\"far fa-address-book\"><\/i>\t\t\t\t\t\t<\/span>\n\t\t\t\t\t\t\t\t\t\t<span class=\"elementor-icon-list-text\">AVD. FEDERICO GARC\u00cdA LORCA 110. 04738. VENTA- GUIT\u00c9RREZ- LAS CABA\u00d1UELAS. V\u00cdCAR. ALMER\u00cdA<\/span>\n\t\t\t\t\t\t\t\t\t<\/li>\n\t\t\t\t\t\t\t\t<li class=\"elementor-icon-list-item elementor-inline-item\">\n\t\t\t\t\t\t\t\t\t\t\t<span class=\"elementor-icon-list-icon\">\n\t\t\t\t\t\t\t<i aria-hidden=\"true\" class=\"far fa-calendar-alt\"><\/i>\t\t\t\t\t\t<\/span>\n\t\t\t\t\t\t\t\t\t\t<span class=\"elementor-icon-list-text\">Lun-Vier 7:030 AM - 16:00PM<\/span>\n\t\t\t\t\t\t\t\t\t<\/li>\n\t\t\t\t\t\t<\/ul>\n\t\t\t\t\t\t<\/div>\n\t\t\t\t<\/div>\n\t\t\t\t\t<\/div>\n\t\t<\/div>\n\t\t\t\t\t<\/div>\n\t\t<\/footer>\n\t\t\t\t<section class=\"elementor-section elementor-top-section elementor-element elementor-element-7b6ab995 elementor-section-height-min-height elementor-section-content-middle elementor-section-full_width elementor-section-height-default elementor-section-items-middle\" data-id=\"7b6ab995\" data-element_type=\"section\" data-settings=\"{&quot;background_background&quot;:&quot;classic&quot;}\">\n\t\t\t\t\t\t<div class=\"elementor-container elementor-column-gap-no\">\n\t\t\t\t\t<div class=\"elementor-column elementor-col-100 elementor-top-column elementor-element elementor-element-12332f53\" data-id=\"12332f53\" data-element_type=\"column\">\n\t\t\t<div class=\"elementor-widget-wrap elementor-element-populated\">\n\t\t\t\t\t\t<div class=\"elementor-element elementor-element-5b40954a elementor-widget elementor-widget-heading\" data-id=\"5b40954a\" data-element_type=\"widget\" data-widget_type=\"heading.default\">\n\t\t\t\t<div class=\"elementor-widget-container\">\n\t\t\t\t\t<p class=\"elementor-heading-title elementor-size-default\">\u00a9 2025 All Rights Reserved.<\/p>\t\t\t\t<\/div>\n\t\t\t\t<\/div>\n\t\t\t\t\t<\/div>\n\t\t<\/div>\n\t\t\t\t\t<\/div>\n\t\t<\/section>\n\t\t\t\t<section class=\"elementor-section elementor-top-section elementor-element elementor-element-d110331 elementor-section-boxed elementor-section-height-default elementor-section-height-default\" data-id=\"d110331\" data-element_type=\"section\">\n\t\t\t\t\t\t<div class=\"elementor-container elementor-column-gap-default\">\n\t\t\t\t\t<div class=\"elementor-column elementor-col-100 elementor-top-column elementor-element elementor-element-2e87378\" data-id=\"2e87378\" data-element_type=\"column\">\n\t\t\t<div class=\"elementor-widget-wrap elementor-element-populated\">\n\t\t\t\t\t\t<div class=\"elementor-element elementor-element-2bc60c6 elementor-widget elementor-widget-image\" data-id=\"2bc60c6\" data-element_type=\"widget\" data-widget_type=\"image.default\">\n\t\t\t\t<div class=\"elementor-widget-container\">\n\t\t\t\t\t\t\t\t\t\t\t\t\t\t\t<img loading=\"lazy\" decoding=\"async\" width=\"1024\" height=\"62\" src=\"https:\/\/blogsaverroes.juntadeandalucia.es\/fglorca\/files\/2025\/03\/BILIBGUISMO-BANNER-1024x62.png\" class=\"attachment-large size-large wp-image-18674\" alt=\"\" srcset=\"https:\/\/blogsaverroes.juntadeandalucia.es\/fglorca\/files\/2025\/03\/BILIBGUISMO-BANNER-1024x62.png 1024w, https:\/\/blogsaverroes.juntadeandalucia.es\/fglorca\/files\/2025\/03\/BILIBGUISMO-BANNER-300x18.png 300w, https:\/\/blogsaverroes.juntadeandalucia.es\/fglorca\/files\/2025\/03\/BILIBGUISMO-BANNER-768x46.png 768w, https:\/\/blogsaverroes.juntadeandalucia.es\/fglorca\/files\/2025\/03\/BILIBGUISMO-BANNER-1536x93.png 1536w, https:\/\/blogsaverroes.juntadeandalucia.es\/fglorca\/files\/2025\/03\/BILIBGUISMO-BANNER-2048x123.png 2048w, https:\/\/blogsaverroes.juntadeandalucia.es\/fglorca\/files\/2025\/03\/BILIBGUISMO-BANNER.png 1600w\" sizes=\"(max-width: 1024px) 100vw, 1024px\" \/>\t\t\t\t\t\t\t\t\t\t\t\t\t\t\t<\/div>\n\t\t\t\t<\/div>\n\t\t\t\t\t<\/div>\n\t\t<\/div>\n\t\t\t\t\t<\/div>\n\t\t<\/section>\n\t\t\t\t<section class=\"elementor-section elementor-top-section elementor-element elementor-element-cee1b6e elementor-section-boxed elementor-section-height-default elementor-section-height-default\" data-id=\"cee1b6e\" data-element_type=\"section\">\n\t\t\t\t\t\t<div class=\"elementor-container elementor-column-gap-default\">\n\t\t\t\t\t<div class=\"elementor-column elementor-col-100 elementor-top-column elementor-element elementor-element-9b72ed0\" data-id=\"9b72ed0\" data-element_type=\"column\">\n\t\t\t<div class=\"elementor-widget-wrap\">\n\t\t\t\t\t\t\t<\/div>\n\t\t<\/div>\n\t\t\t\t\t<\/div>\n\t\t<\/section>\n\t\t\t\t<\/div>\n\t\t","protected":false},"excerpt":{"rendered":"<p>AUXILIARES DE CONVERSACI\u00d3N Informaci\u00f3n \u00fatil para nuestros auxiliares de conversaci\u00f3n Learn More ENFOQUE INFANTIL En el segundo ciclo de la Educaci\u00f3n Infantil, la ense\u00f1anza biling\u00fce se concreta en una introducci\u00f3n a la L2 que&#46;&#46;&#46;<\/p>\n","protected":false},"author":2224,"featured_media":4824,"parent":687,"menu_order":0,"comment_status":"closed","ping_status":"closed","template":"","meta":{"ngg_post_thumbnail":0,"footnotes":"","_mc_calendar":[]},"aioseo_notices":[],"_links":{"self":[{"href":"https:\/\/blogsaverroes.juntadeandalucia.es\/fglorca\/wp-json\/wp\/v2\/pages\/18664"}],"collection":[{"href":"https:\/\/blogsaverroes.juntadeandalucia.es\/fglorca\/wp-json\/wp\/v2\/pages"}],"about":[{"href":"https:\/\/blogsaverroes.juntadeandalucia.es\/fglorca\/wp-json\/wp\/v2\/types\/page"}],"author":[{"embeddable":true,"href":"https:\/\/blogsaverroes.juntadeandalucia.es\/fglorca\/wp-json\/wp\/v2\/users\/2224"}],"replies":[{"embeddable":true,"href":"https:\/\/blogsaverroes.juntadeandalucia.es\/fglorca\/wp-json\/wp\/v2\/comments?post=18664"}],"version-history":[{"count":4,"href":"https:\/\/blogsaverroes.juntadeandalucia.es\/fglorca\/wp-json\/wp\/v2\/pages\/18664\/revisions"}],"predecessor-version":[{"id":18679,"href":"https:\/\/blogsaverroes.juntadeandalucia.es\/fglorca\/wp-json\/wp\/v2\/pages\/18664\/revisions\/18679"}],"up":[{"embeddable":true,"href":"https:\/\/blogsaverroes.juntadeandalucia.es\/fglorca\/wp-json\/wp\/v2\/pages\/687"}],"wp:featuredmedia":[{"embeddable":true,"href":"https:\/\/blogsaverroes.juntadeandalucia.es\/fglorca\/wp-json\/wp\/v2\/media\/4824"}],"wp:attachment":[{"href":"https:\/\/blogsaverroes.juntadeandalucia.es\/fglorca\/wp-json\/wp\/v2\/media?parent=18664"}],"curies":[{"name":"wp","href":"https:\/\/api.w.org\/{rel}","templated":true}]}}