{"id":3675,"date":"2017-11-14T12:20:20","date_gmt":"2017-11-14T12:20:20","guid":{"rendered":"http:\/\/blogsaverroes.juntadeandalucia.es\/fglorca\/?page_id=3675"},"modified":"2018-10-06T16:19:24","modified_gmt":"2018-10-06T16:19:24","slug":"comunica","status":"publish","type":"page","link":"https:\/\/blogsaverroes.juntadeandalucia.es\/fglorca\/planes-y-proyectos-del-centro\/comunica\/","title":{"rendered":"ComunicA"},"content":{"rendered":"<p><a href=\"https:\/\/blogsaverroes.juntadeandalucia.es\/fglorca\/files\/2017\/11\/ComunicA_logo.png\"><img fetchpriority=\"high\" decoding=\"async\" class=\"aligncenter size-full wp-image-3676\" src=\"https:\/\/blogsaverroes.juntadeandalucia.es\/fglorca\/files\/2017\/11\/ComunicA_logo.png\" alt=\"\" width=\"600\" height=\"200\" srcset=\"https:\/\/blogsaverroes.juntadeandalucia.es\/fglorca\/files\/2017\/11\/ComunicA_logo.png 600w, https:\/\/blogsaverroes.juntadeandalucia.es\/fglorca\/files\/2017\/11\/ComunicA_logo-300x100.png 300w, https:\/\/blogsaverroes.juntadeandalucia.es\/fglorca\/files\/2017\/11\/ComunicA_logo-24x8.png 24w, https:\/\/blogsaverroes.juntadeandalucia.es\/fglorca\/files\/2017\/11\/ComunicA_logo-36x12.png 36w, https:\/\/blogsaverroes.juntadeandalucia.es\/fglorca\/files\/2017\/11\/ComunicA_logo-48x16.png 48w\" sizes=\"(max-width: 600px) 100vw, 600px\" \/><\/a><\/p>\n<p>En el marco del&nbsp;<em>Programa para el desarrollo de la Competencia en Comunicaci\u00f3n Ling\u00fc\u00edstica: leer, escribir, escuchar, hablar para la vida<\/em>, el recorrido Comunic<em>A<\/em>&nbsp;(P2) presenta una visi\u00f3n integradora de las tipolog\u00edas textuales como manifestaci\u00f3n cultural, ling\u00fc\u00edstica, est\u00e9tica, social, \u00e9tica e individual que se vinculan con las competencias clave y las nuevas metodolog\u00edas educativas.&nbsp;<\/p>\n<p>Comunic<em>A<\/em>&nbsp;tiene como objetivo primordial ofrecer estrategias y recursos metodol\u00f3gicos que puedan complementar el curr\u00edculum escolar con medidas de apoyo para la mejora de la lectura, la escritura y la lengua oral.<\/p>\n<p>Aqu\u00ed encontrar\u00e1s todo lo relacionado con el proyecto ComunicA en nuestro colegio.<\/p>\n<p><a href=\"https:\/\/blogsaverroes.juntadeandalucia.es\/fglorca\/tag\/ComunicA\/\">Pulsa para ver la actividad de ComunicA<\/a><\/p>\n<p>&nbsp;<br \/>\n<div class=\"pt-cv-wrapper\"><div class=\"pt-cv-view pt-cv-grid pt-cv-colsys\" id=\"pt-cv-view-d2512b61uj\"><div data-id=\"pt-cv-page-1\" class=\"pt-cv-page\" data-cvc=\"2\"><div class=\"col-md-6 col-sm-6 col-xs-12 pt-cv-content-item pt-cv-2-col\" ><div class='pt-cv-ifield'><a href=\"https:\/\/blogsaverroes.juntadeandalucia.es\/fglorca\/2026\/02\/28\/dia-de-andalucia\/\" class=\"_self pt-cv-href-thumbnail pt-cv-thumb-left\" target=\"_self\" ><img decoding=\"async\" width=\"520\" height=\"245\" src=\"https:\/\/blogsaverroes.juntadeandalucia.es\/fglorca\/files\/2026\/02\/Andalucia0-520x245.jpeg\" class=\"pt-cv-thumbnail pull-left\" alt=\"\" srcset=\"https:\/\/blogsaverroes.juntadeandalucia.es\/fglorca\/files\/2026\/02\/Andalucia0-520x245.jpeg 520w, https:\/\/blogsaverroes.juntadeandalucia.es\/fglorca\/files\/2026\/02\/Andalucia0-720x340.jpeg 720w, https:\/\/blogsaverroes.juntadeandalucia.es\/fglorca\/files\/2026\/02\/Andalucia0-1066x500.jpeg 1066w\" sizes=\"(max-width: 520px) 100vw, 520px\" \/><\/a>\n<h4 class=\"pt-cv-title\"><a href=\"https:\/\/blogsaverroes.juntadeandalucia.es\/fglorca\/2026\/02\/28\/dia-de-andalucia\/\" class=\"_self\" target=\"_self\" >D\u00eda de Andaluc\u00eda<\/a><\/h4>\n<div class=\"pt-cv-content\">28 de febrero. Infantil. Celebramos el D\u00eda de Andaluc\u00eda al ritmo de su himno, compartiendo nuestras tradicionales tostadas de tomate y aceite, con o sin jam\u00f3n, en un ambiente festivo ...<br \/><div class=\"pt-cv-rmwrap\"><a href=\"https:\/\/blogsaverroes.juntadeandalucia.es\/fglorca\/2026\/02\/28\/dia-de-andalucia\/\" class=\"_self pt-cv-readmore btn btn-success\" target=\"_self\">Leer M\u00e1s<\/a><\/div><\/div><\/div><\/div>\n<div class=\"col-md-6 col-sm-6 col-xs-12 pt-cv-content-item pt-cv-2-col\" ><div class='pt-cv-ifield'><a href=\"https:\/\/blogsaverroes.juntadeandalucia.es\/fglorca\/2026\/02\/13\/felicidades-a-radio-federico-en-el-dia-mundial-de-la-radio\/\" class=\"_self pt-cv-href-thumbnail pt-cv-thumb-left\" target=\"_self\" ><img decoding=\"async\" width=\"520\" height=\"245\" src=\"https:\/\/blogsaverroes.juntadeandalucia.es\/fglorca\/files\/2026\/02\/Sabias-que-520x245.png\" class=\"pt-cv-thumbnail pull-left\" alt=\"\" srcset=\"https:\/\/blogsaverroes.juntadeandalucia.es\/fglorca\/files\/2026\/02\/Sabias-que-520x245.png 520w, https:\/\/blogsaverroes.juntadeandalucia.es\/fglorca\/files\/2026\/02\/Sabias-que-720x340.png 720w\" sizes=\"(max-width: 520px) 100vw, 520px\" \/><\/a>\n<h4 class=\"pt-cv-title\"><a href=\"https:\/\/blogsaverroes.juntadeandalucia.es\/fglorca\/2026\/02\/13\/felicidades-a-radio-federico-en-el-dia-mundial-de-la-radio\/\" class=\"_self\" target=\"_self\" >Felicidades a las Radios Escolares en el D\u00eda Mundial de la Radio \ud83d\udcfb\u2728<\/a><\/h4>\n<div class=\"pt-cv-content\">Hoy es un d\u00eda muy especial en el calendario. Cada 13 de febrero, el mundo entero celebra el D\u00eda Mundial de la Radio, ese medio m\u00e1gico que nos permite imaginar, ...<br \/><div class=\"pt-cv-rmwrap\"><a href=\"https:\/\/blogsaverroes.juntadeandalucia.es\/fglorca\/2026\/02\/13\/felicidades-a-radio-federico-en-el-dia-mundial-de-la-radio\/\" class=\"_self pt-cv-readmore btn btn-success\" target=\"_self\">Leer M\u00e1s<\/a><\/div><\/div><\/div><\/div>\n<div class=\"col-md-6 col-sm-6 col-xs-12 pt-cv-content-item pt-cv-2-col\" ><div class='pt-cv-ifield'><a href=\"https:\/\/blogsaverroes.juntadeandalucia.es\/fglorca\/2022\/04\/20\/paz-en-el-mundo\/\" class=\"_self pt-cv-href-thumbnail pt-cv-thumb-left\" target=\"_self\" ><img loading=\"lazy\" decoding=\"async\" width=\"520\" height=\"245\" src=\"https:\/\/blogsaverroes.juntadeandalucia.es\/fglorca\/files\/2022\/04\/WhatsApp-Image-2022-04-24-at-4.28.07-PM-7-520x245.jpeg\" class=\"pt-cv-thumbnail pull-left\" alt=\"\" srcset=\"https:\/\/blogsaverroes.juntadeandalucia.es\/fglorca\/files\/2022\/04\/WhatsApp-Image-2022-04-24-at-4.28.07-PM-7-520x245.jpeg 520w, https:\/\/blogsaverroes.juntadeandalucia.es\/fglorca\/files\/2022\/04\/WhatsApp-Image-2022-04-24-at-4.28.07-PM-7-720x340.jpeg 720w\" sizes=\"(max-width: 520px) 100vw, 520px\" \/><\/a>\n<h4 class=\"pt-cv-title\"><a href=\"https:\/\/blogsaverroes.juntadeandalucia.es\/fglorca\/2022\/04\/20\/paz-en-el-mundo\/\" class=\"_self\" target=\"_self\" >PAZ EN EL MUNDO<\/a><\/h4>\n<div class=\"pt-cv-content\">NO HAY CAMINO PARA LA PAZ, LA PAZ ES EL CAMINO. (MAHATMA GANDHI) Estamos rodeados e inmersos en un mundo lleno de digitalizaci\u00f3n e informaci\u00f3n. Es por ello, que tenemos ...<br \/><div class=\"pt-cv-rmwrap\"><a href=\"https:\/\/blogsaverroes.juntadeandalucia.es\/fglorca\/2022\/04\/20\/paz-en-el-mundo\/\" class=\"_self pt-cv-readmore btn btn-success\" target=\"_self\">Leer M\u00e1s<\/a><\/div><\/div><\/div><\/div>\n<div class=\"col-md-6 col-sm-6 col-xs-12 pt-cv-content-item pt-cv-2-col\" ><div class='pt-cv-ifield'><a href=\"https:\/\/blogsaverroes.juntadeandalucia.es\/fglorca\/2020\/04\/23\/otro-reto-de-adivinanzas-ahora-secundaria\/\" class=\"_self pt-cv-href-thumbnail pt-cv-thumb-left\" target=\"_self\" ><img loading=\"lazy\" decoding=\"async\" width=\"520\" height=\"245\" src=\"https:\/\/blogsaverroes.juntadeandalucia.es\/fglorca\/files\/2020\/04\/Dia-del-libro-secundaria-520x245.png\" class=\"pt-cv-thumbnail pull-left\" alt=\"\" srcset=\"https:\/\/blogsaverroes.juntadeandalucia.es\/fglorca\/files\/2020\/04\/Dia-del-libro-secundaria-520x245.png 520w, https:\/\/blogsaverroes.juntadeandalucia.es\/fglorca\/files\/2020\/04\/Dia-del-libro-secundaria-720x340.png 720w\" sizes=\"(max-width: 520px) 100vw, 520px\" \/><\/a>\n<h4 class=\"pt-cv-title\"><a href=\"https:\/\/blogsaverroes.juntadeandalucia.es\/fglorca\/2020\/04\/23\/otro-reto-de-adivinanzas-ahora-secundaria\/\" class=\"_self\" target=\"_self\" >Otro reto de Adivinanzas. Ahora Secundaria.<\/a><\/h4>\n<div class=\"pt-cv-content\">\u00a1HOLA Y FELIZ D\u00cdA DEL LIBRO 2020 A TOD@S! Los maestros y maestras de Secundaria del Federico Garc\u00eda Lorca tambi\u00e9n os proponemos unos acertijos. \u00bfTe atreves a demostrar que eres ...<br \/><div class=\"pt-cv-rmwrap\"><a href=\"https:\/\/blogsaverroes.juntadeandalucia.es\/fglorca\/2020\/04\/23\/otro-reto-de-adivinanzas-ahora-secundaria\/\" class=\"_self pt-cv-readmore btn btn-success\" target=\"_self\">Leer M\u00e1s<\/a><\/div><\/div><\/div><\/div>\n<div class=\"col-md-6 col-sm-6 col-xs-12 pt-cv-content-item pt-cv-2-col\" ><div class='pt-cv-ifield'><a href=\"https:\/\/blogsaverroes.juntadeandalucia.es\/fglorca\/2020\/04\/23\/adivina-quien-soy\/\" class=\"_self pt-cv-href-thumbnail pt-cv-thumb-left\" target=\"_self\" ><img loading=\"lazy\" decoding=\"async\" width=\"400\" height=\"225\" src=\"https:\/\/blogsaverroes.juntadeandalucia.es\/fglorca\/files\/2020\/04\/CUENTO.jpg\" class=\"pt-cv-thumbnail pull-left\" alt=\"\" srcset=\"https:\/\/blogsaverroes.juntadeandalucia.es\/fglorca\/files\/2020\/04\/CUENTO.jpg 400w, https:\/\/blogsaverroes.juntadeandalucia.es\/fglorca\/files\/2020\/04\/CUENTO-300x169.jpg 300w, https:\/\/blogsaverroes.juntadeandalucia.es\/fglorca\/files\/2020\/04\/CUENTO-24x14.jpg 24w, https:\/\/blogsaverroes.juntadeandalucia.es\/fglorca\/files\/2020\/04\/CUENTO-36x20.jpg 36w, https:\/\/blogsaverroes.juntadeandalucia.es\/fglorca\/files\/2020\/04\/CUENTO-48x27.jpg 48w\" sizes=\"(max-width: 400px) 100vw, 400px\" \/><\/a>\n<h4 class=\"pt-cv-title\"><a href=\"https:\/\/blogsaverroes.juntadeandalucia.es\/fglorca\/2020\/04\/23\/adivina-quien-soy\/\" class=\"_self\" target=\"_self\" >\u00a1\u00a1Adivina!! \u00bfQui\u00e9n soy?<\/a><\/h4>\n<div class=\"pt-cv-content\">HOY, 23 de abril, CON MOTIVO DEL D\u00cdA INTERNACIONAL DEL LIBRO LAS SE\u00d1OS DE INFANTIL OS PROPONEMOS UN DIVERTIDO JUEGO TITULADO : \ud835\udcd0\ud835\udced\ud835\udcf2\ud835\udcff\ud835\udcf2\ud835\udcf7\ud835\udcea, \u00bf\ud835\udce0\ud835\udce4\ud835\udcd8\u00c9\ud835\udcdd \ud835\udce2\ud835\udcde\ud835\udce8? REGLAS DEL JUEGO: ESCUCHAR CON ...<br \/><div class=\"pt-cv-rmwrap\"><a href=\"https:\/\/blogsaverroes.juntadeandalucia.es\/fglorca\/2020\/04\/23\/adivina-quien-soy\/\" class=\"_self pt-cv-readmore btn btn-success\" target=\"_self\">Leer M\u00e1s<\/a><\/div><\/div><\/div><\/div>\n<div class=\"col-md-6 col-sm-6 col-xs-12 pt-cv-content-item pt-cv-2-col\" ><div class='pt-cv-ifield'><a href=\"https:\/\/blogsaverroes.juntadeandalucia.es\/fglorca\/2020\/04\/22\/el-reto-de-las-adivinazas-maestras-dia-del-libro\/\" class=\"_self pt-cv-href-thumbnail pt-cv-thumb-left\" target=\"_self\" ><img loading=\"lazy\" decoding=\"async\" width=\"466\" height=\"245\" src=\"https:\/\/blogsaverroes.juntadeandalucia.es\/fglorca\/files\/2020\/04\/dia-del-libro-ciclo-3-2020-466x245.png\" class=\"pt-cv-thumbnail pull-left\" alt=\"\" \/><\/a>\n<h4 class=\"pt-cv-title\"><a href=\"https:\/\/blogsaverroes.juntadeandalucia.es\/fglorca\/2020\/04\/22\/el-reto-de-las-adivinazas-maestras-dia-del-libro\/\" class=\"_self\" target=\"_self\" >El reto de las ADIVINAZAS MAESTRAS. D\u00eda del libro<\/a><\/h4>\n<div class=\"pt-cv-content\">\u00a1HOLA Y FELIZ D\u00cdA DEL LIBRO 2020 A TOD@S! Aunque hoy no podamos estar juntos en el cole, tus maestr@s de 5\u00ba y 6\u00badel Federico Garc\u00eda Lorca queremos celebrar el ...<br \/><div class=\"pt-cv-rmwrap\"><a href=\"https:\/\/blogsaverroes.juntadeandalucia.es\/fglorca\/2020\/04\/22\/el-reto-de-las-adivinazas-maestras-dia-del-libro\/\" class=\"_self pt-cv-readmore btn btn-success\" target=\"_self\">Leer M\u00e1s<\/a><\/div><\/div><\/div><\/div>\n<div class=\"col-md-6 col-sm-6 col-xs-12 pt-cv-content-item pt-cv-2-col\" ><div class='pt-cv-ifield'><a href=\"https:\/\/blogsaverroes.juntadeandalucia.es\/fglorca\/2020\/02\/28\/el-tercer-ciclo-trabaja-sobre-el-dia-de-andalucia\/\" class=\"_self pt-cv-href-thumbnail pt-cv-thumb-left\" target=\"_self\" ><img loading=\"lazy\" decoding=\"async\" width=\"520\" height=\"245\" src=\"https:\/\/blogsaverroes.juntadeandalucia.es\/fglorca\/files\/2020\/02\/DIaandalciaciclo3202000004-520x245.jpg\" class=\"pt-cv-thumbnail pull-left\" alt=\"\" srcset=\"https:\/\/blogsaverroes.juntadeandalucia.es\/fglorca\/files\/2020\/02\/DIaandalciaciclo3202000004-520x245.jpg 520w, https:\/\/blogsaverroes.juntadeandalucia.es\/fglorca\/files\/2020\/02\/DIaandalciaciclo3202000004-720x340.jpg 720w\" sizes=\"(max-width: 520px) 100vw, 520px\" \/><\/a>\n<h4 class=\"pt-cv-title\"><a href=\"https:\/\/blogsaverroes.juntadeandalucia.es\/fglorca\/2020\/02\/28\/el-tercer-ciclo-trabaja-sobre-el-dia-de-andalucia\/\" class=\"_self\" target=\"_self\" >El Tercer ciclo trabaja sobre el D\u00eda de Andaluc\u00eda.<\/a><\/h4>\n<div class=\"pt-cv-content\">Para celebrar este d\u00eda de Andaluc\u00eda el alumnado del tercer ciclo de educaci\u00f3n primaria del CEIP Federico Garcia Lorca, hemos realizado diferentes actividades que nos han llevado a un mejor ...<br \/><div class=\"pt-cv-rmwrap\"><a href=\"https:\/\/blogsaverroes.juntadeandalucia.es\/fglorca\/2020\/02\/28\/el-tercer-ciclo-trabaja-sobre-el-dia-de-andalucia\/\" class=\"_self pt-cv-readmore btn btn-success\" target=\"_self\">Leer M\u00e1s<\/a><\/div><\/div><\/div><\/div><\/div><\/div>\n<div class=\" pt-cv-pagination-wrapper\"><ul class=\"pt-cv-pagination pt-cv-ajax pagination\" data-totalpages=\"5\" data-currentpage=\"1\" data-sid=\"d2512b61uj\" data-unid=\"\" data-isblock=\"\" data-postid=\"\"><li class=\"active\"><a href=\"#\">1<\/a><\/li>\n\t<li ><a class=\"\" href=\"https:\/\/blogsaverroes.juntadeandalucia.es\/fglorca\/wp-json\/wp\/v2\/pages\/3675\/?_page=2\">2<\/a><\/li>\n\t<li ><a class=\"\" href=\"https:\/\/blogsaverroes.juntadeandalucia.es\/fglorca\/wp-json\/wp\/v2\/pages\/3675\/?_page=3\">3<\/a><\/li>\n\t<li ><a href=\"#\">&hellip;<\/a><\/li>\n\t<li ><a class=\"\" href=\"https:\/\/blogsaverroes.juntadeandalucia.es\/fglorca\/wp-json\/wp\/v2\/pages\/3675\/?_page=5\">5<\/a><\/li>\n\t<li ><a class=\" \" href=\"https:\/\/blogsaverroes.juntadeandalucia.es\/fglorca\/wp-json\/wp\/v2\/pages\/3675\/?_page=2\">&rsaquo;<\/a><\/li>\n\t<\/ul><img loading=\"lazy\" decoding=\"async\" width=\"15\" height=\"15\" class=\"pt-cv-spinner\" alt=\"Cargando...\" src=\"data:image\/gif;base64,R0lGODlhDwAPALMPAMrKygwMDJOTkz09PZWVla+vr3p6euTk5M7OzuXl5TMzMwAAAJmZmWZmZszMzP\/\/\/yH\/C05FVFNDQVBFMi4wAwEAAAAh+QQFCgAPACwAAAAADwAPAAAEQvDJaZaZOIcV8iQK8VRX4iTYoAwZ4iCYoAjZ4RxejhVNoT+mRGP4cyF4Pp0N98sBGIBMEMOotl6YZ3S61Bmbkm4mAgAh+QQFCgAPACwAAAAADQANAAAENPDJSRSZeA418itN8QiK8BiLITVsFiyBBIoYqnoewAD4xPw9iY4XLGYSjkQR4UAUD45DLwIAIfkEBQoADwAsAAAAAA8ACQAABC\/wyVlamTi3nSdgwFNdhEJgTJoNyoB9ISYoQmdjiZPcj7EYCAeCF1gEDo4Dz2eIAAAh+QQFCgAPACwCAAAADQANAAAEM\/DJBxiYeLKdX3IJZT1FU0iIg2RNKx3OkZVnZ98ToRD4MyiDnkAh6BkNC0MvsAj0kMpHBAAh+QQFCgAPACwGAAAACQAPAAAEMDC59KpFDll73HkAA2wVY5KgiK5b0RRoI6MuzG6EQqCDMlSGheEhUAgqgUUAFRySIgAh+QQFCgAPACwCAAIADQANAAAEM\/DJKZNLND\/kkKaHc3xk+QAMYDKsiaqmZCxGVjSFFCxB1vwy2oOgIDxuucxAMTAJFAJNBAAh+QQFCgAPACwAAAYADwAJAAAEMNAs86q1yaWwwv2Ig0jUZx3OYa4XoRAfwADXoAwfo1+CIjyFRuEho60aSNYlOPxEAAAh+QQFCgAPACwAAAIADQANAAAENPA9s4y8+IUVcqaWJ4qEQozSoAzoIyhCK2NFU2SJk0hNnyEOhKR2AzAAj4Pj4GE4W0bkJQIAOw==\" \/><div class=\"clear pt-cv-clear-pagination\"><\/div><\/div><\/div>\n","protected":false},"excerpt":{"rendered":"<p>En el marco del&nbsp;Programa para el desarrollo de la Competencia en Comunicaci\u00f3n Ling\u00fc\u00edstica: leer, escribir, escuchar, hablar para la vida, el recorrido ComunicA&nbsp;(P2) presenta una visi\u00f3n integradora de las tipolog\u00edas textuales como manifestaci\u00f3n cultural,&#46;&#46;&#46;<\/p>\n","protected":false},"author":2224,"featured_media":3676,"parent":687,"menu_order":0,"comment_status":"closed","ping_status":"closed","template":"","meta":{"ngg_post_thumbnail":0,"footnotes":"","_mc_calendar":[]},"aioseo_notices":[],"_links":{"self":[{"href":"https:\/\/blogsaverroes.juntadeandalucia.es\/fglorca\/wp-json\/wp\/v2\/pages\/3675"}],"collection":[{"href":"https:\/\/blogsaverroes.juntadeandalucia.es\/fglorca\/wp-json\/wp\/v2\/pages"}],"about":[{"href":"https:\/\/blogsaverroes.juntadeandalucia.es\/fglorca\/wp-json\/wp\/v2\/types\/page"}],"author":[{"embeddable":true,"href":"https:\/\/blogsaverroes.juntadeandalucia.es\/fglorca\/wp-json\/wp\/v2\/users\/2224"}],"replies":[{"embeddable":true,"href":"https:\/\/blogsaverroes.juntadeandalucia.es\/fglorca\/wp-json\/wp\/v2\/comments?post=3675"}],"version-history":[{"count":3,"href":"https:\/\/blogsaverroes.juntadeandalucia.es\/fglorca\/wp-json\/wp\/v2\/pages\/3675\/revisions"}],"predecessor-version":[{"id":3856,"href":"https:\/\/blogsaverroes.juntadeandalucia.es\/fglorca\/wp-json\/wp\/v2\/pages\/3675\/revisions\/3856"}],"up":[{"embeddable":true,"href":"https:\/\/blogsaverroes.juntadeandalucia.es\/fglorca\/wp-json\/wp\/v2\/pages\/687"}],"wp:featuredmedia":[{"embeddable":true,"href":"https:\/\/blogsaverroes.juntadeandalucia.es\/fglorca\/wp-json\/wp\/v2\/media\/3676"}],"wp:attachment":[{"href":"https:\/\/blogsaverroes.juntadeandalucia.es\/fglorca\/wp-json\/wp\/v2\/media?parent=3675"}],"curies":[{"name":"wp","href":"https:\/\/api.w.org\/{rel}","templated":true}]}}