{"id":176,"date":"2021-02-27T19:33:04","date_gmt":"2021-02-27T19:33:04","guid":{"rendered":"https:\/\/blogsaverroes.juntadeandalucia.es\/fpmalaga\/?page_id=176"},"modified":"2023-10-04T10:02:05","modified_gmt":"2023-10-04T10:02:05","slug":"fp-a-distancia","status":"publish","type":"page","link":"https:\/\/blogsaverroes.juntadeandalucia.es\/fpmalaga\/fp-a-distancia\/","title":{"rendered":"FP A DISTANCIA"},"content":{"rendered":"<p><strong><span style=\"color: #000000\">\u00bfQUIERES ESTUDIAR A DISTANCIA?<\/span><\/strong><\/p>\n<ul>\n<li><a href=\"https:\/\/www.ipepmalaga.es\/\" target=\"_blank\" rel=\"noopener noreferrer\"><strong>IPEP M\u00c1LAGA<\/strong><\/a><\/li>\n<li><span style=\"color: #000000\">SEMIPRESENCIAL: Consulta la oferta en la<\/span> <a href=\"https:\/\/www.juntadeandalucia.es\/educacion\/secretariavirtual\/consultas\/\" target=\"_blank\" rel=\"noopener noreferrer\">web SECRETAR\u00cdA VIRTUAL<\/a><\/li>\n<li><span style=\"font-size: 12pt\"><a href=\"https:\/\/blogsaverroes.juntadeandalucia.es\/fpmalaga\/files\/2023\/10\/OFERTA-DE-FP-A-DISTANCIA-EN-ANDALUCIA.pdf\">OFERTA DE FP A DISTANCIA EN ANDALUCIA<\/a><\/span><\/li>\n<li>&nbsp;<\/li>\n<\/ul>\n<div class=\"listaPlegable\">\n<ul>\n<li><span style=\"color: #ff0000\"><a style=\"color: #ff0000\" href=\"https:\/\/www.educacionyfp.gob.es\/mc\/cidead\/centro-integrado\/nuestro-centro.html\" target=\"_blank\" rel=\"noopener noreferrer\">CIDEAD: Centro Integrado de Educaci\u00f3n a distancia de Ense\u00f1anzas Regladas, del Ministerio de Educaci\u00f3n y Formaci\u00f3n profesional.&nbsp;<\/a><\/span><\/li>\n<\/ul>\n<p style=\"padding-left: 40px\"><span style=\"color: #000000\">Si tienes una causa que te impida asistir a un centro docente, puedes solicitar autorizaci\u00f3n en tu Delegaci\u00f3n para cursar un ciclo a distancia. Para m\u00e1s informaci\u00f3n, consulta la web CIDEAD. Oferta de FP para el curso 2020-21:&nbsp;<\/span><\/p>\n<ul>\n<li style=\"list-style-type: none\">\n<ul>\n<li><strong><span style=\"color: #000000\">Ciclos formativos de grado medio.<\/span><\/strong>\n<ul>\n<li><strong><span style=\"color: #000000\">Sistemas microinform\u00e1ticos y redes.<\/span><\/strong><\/li>\n<\/ul>\n<\/li>\n<li><span style=\"color: #000000\">Ciclos formativos de grado superior.<\/span>\n<ul>\n<li><strong><span style=\"color: #000000\">Administraci\u00f3n de sistemas inform\u00e1ticos en red.<\/span><\/strong><\/li>\n<li><strong><span style=\"color: #000000\">Desarrollo de aplicaciones multiplataforma.<\/span><\/strong><\/li>\n<li><strong><span style=\"color: #000000\">Desarrollo de aplicaciones web.<\/span><\/strong><\/li>\n<li><strong><span style=\"color: #000000\">Eficiencia energ\u00e9tica y energ\u00eda solar t\u00e9rmica.<\/span><\/strong><\/li>\n<li><strong><span style=\"color: #000000\">Gesti\u00f3n del agua.<\/span><\/strong><\/li>\n<\/ul>\n<\/li>\n<li><strong><span style=\"color: #000000\">Curso de acceso a los ciclos formativos de grado medio.<\/span><\/strong><\/li>\n<li><strong><span style=\"color: #000000\">Curso de preparaci\u00f3n para las pruebas de acceso a los ciclos formativos de grado superior.<\/span><\/strong><\/li>\n<\/ul>\n<\/li>\n<\/ul>\n<p>&nbsp;<\/p>\n<ul>\n<li><span style=\"color: #000000\">OFERTA SEMIPRESENCIAL DE CICLOS FORMATIVOS.<\/span><\/li>\n<\/ul>\n<p>&nbsp;<\/p>\n<ul>\n<li><a href=\"https:\/\/www.juntadeandalucia.es\/educacion\/portals\/web\/formacion-profesional-andaluza\/quiero-formarme\/pruebas-y-procedimientos\/pruebas-obtencion-titulos\" target=\"_blank\" rel=\"noopener noreferrer\"><span style=\"color: #000000\">PRUEBAS LIBRES PARA LA OBTENCI\u00d3N DEL T\u00cdTULO DE FORMACI\u00d3N PROFESIONAL<\/span><\/a><\/li>\n<\/ul>\n<\/div>\n<div class=\"listaPlegable\">&nbsp;<\/div>\n","protected":false},"excerpt":{"rendered":"<p>\u00bfQUIERES ESTUDIAR A DISTANCIA? IPEP M\u00c1LAGA SEMIPRESENCIAL: Consulta la oferta en la web SECRETAR\u00cdA VIRTUAL OFERTA DE FP A DISTANCIA EN ANDALUCIA &nbsp; CIDEAD: Centro Integrado de Educaci\u00f3n a distancia de Ense\u00f1anzas Regladas, del&#46;&#46;&#46;<\/p>\n","protected":false},"author":12235,"featured_media":0,"parent":0,"menu_order":0,"comment_status":"closed","ping_status":"closed","template":"","meta":{"ngg_post_thumbnail":0,"footnotes":""},"aioseo_notices":[],"_links":{"self":[{"href":"https:\/\/blogsaverroes.juntadeandalucia.es\/fpmalaga\/wp-json\/wp\/v2\/pages\/176"}],"collection":[{"href":"https:\/\/blogsaverroes.juntadeandalucia.es\/fpmalaga\/wp-json\/wp\/v2\/pages"}],"about":[{"href":"https:\/\/blogsaverroes.juntadeandalucia.es\/fpmalaga\/wp-json\/wp\/v2\/types\/page"}],"author":[{"embeddable":true,"href":"https:\/\/blogsaverroes.juntadeandalucia.es\/fpmalaga\/wp-json\/wp\/v2\/users\/12235"}],"replies":[{"embeddable":true,"href":"https:\/\/blogsaverroes.juntadeandalucia.es\/fpmalaga\/wp-json\/wp\/v2\/comments?post=176"}],"version-history":[{"count":8,"href":"https:\/\/blogsaverroes.juntadeandalucia.es\/fpmalaga\/wp-json\/wp\/v2\/pages\/176\/revisions"}],"predecessor-version":[{"id":647,"href":"https:\/\/blogsaverroes.juntadeandalucia.es\/fpmalaga\/wp-json\/wp\/v2\/pages\/176\/revisions\/647"}],"wp:attachment":[{"href":"https:\/\/blogsaverroes.juntadeandalucia.es\/fpmalaga\/wp-json\/wp\/v2\/media?parent=176"}],"curies":[{"name":"wp","href":"https:\/\/api.w.org\/{rel}","templated":true}]}}