{"id":1475,"date":"2024-09-20T10:46:02","date_gmt":"2024-09-20T08:46:02","guid":{"rendered":"https:\/\/blogsaverroes.juntadeandalucia.es\/franmdibujotecnico\/?page_id=1475"},"modified":"2026-03-17T13:18:15","modified_gmt":"2026-03-17T12:18:15","slug":"dibujo-tecnico-4o-eso","status":"publish","type":"page","link":"https:\/\/blogsaverroes.juntadeandalucia.es\/franmdibujotecnico\/dibujo-tecnico-4o-eso\/","title":{"rendered":"DIBUJO T\u00c9CNICO 4\u00ba ESO"},"content":{"rendered":"<h4>&nbsp;<\/h4>\n<div class=\"entry-media\">\n<div class=\"entry-media-thumb\">&nbsp;<\/div>\n<\/div>\n<div class=\"entry-inner\">\n<header class=\"entry-header\">\n<div class=\"entry-meta\">&nbsp;<\/div>\n<h1 class=\"entry-title\">Geometr\u00eda en la naturaleza<\/h1>\n<div class=\"entry-posted\">\n<div class=\"posted-info\">&nbsp;<\/div>\n<\/div>\n<\/header>\n<div class=\"entry-content\">\n<p>El intento por dominar racionalmente el espacio, dio lugar a la Geometr\u00eda. Los griegos,&nbsp; se preocuparon por reflexionar sobre la naturaleza de los n\u00fameros y la geometr\u00eda. Seg\u00fan \u00c1lvarez (2007):<\/p>\n<blockquote><p>La Escuela J\u00f3nica fundada por Tales de Mileto fue la primera en comenzar el estudio cient\u00edfico de la Geometr\u00eda. M\u00e1s tarde fue la escuela pitag\u00f3rica fundada por Pit\u00e1goras, a ellos se le atribuyen numerosos descubrimientos matem\u00e1ticos, como el Teorema de Pit\u00e1goras, la aritm\u00e9tica, la m\u00fasica, la geometr\u00eda plana y la geometr\u00eda esf\u00e9rica. (p. 105).<\/p><\/blockquote>\n<p>La continua observaci\u00f3n del hombre &nbsp;lo ha conducido a abstraer las matem\u00e1ticas de la naturaleza. A continuaci\u00f3n veremos algunos ejemplos de la geometr\u00eda inmersa en nuestro alrededor.<br \/>\n<strong><u>Copo de nieve<\/u><\/strong><\/p>\n<p><img loading=\"lazy\" decoding=\"async\" class=\"alignnone wp-image-605\" role=\"button\" src=\"https:\/\/elrinocerontematematico.wordpress.com\/wp-content\/uploads\/2016\/10\/copo-de-nieve.jpg?w=380&amp;h=271\" alt=\"copo-de-nieve\" width=\"380\" height=\"271\" data-attachment-id=\"605\" data-permalink=\"https:\/\/elrinocerontematematico.wordpress.com\/2016\/10\/17\/geometria-en-la-naturaleza\/copo-de-nieve\/\" data-orig-file=\"https:\/\/elrinocerontematematico.wordpress.com\/wp-content\/uploads\/2016\/10\/copo-de-nieve.jpg\" data-orig-size=\"700,500\" data-comments-opened=\"1\" data-image-meta=\"{&quot;aperture&quot;:&quot;0&quot;,&quot;credit&quot;:&quot;&quot;,&quot;camera&quot;:&quot;&quot;,&quot;caption&quot;:&quot;&quot;,&quot;created_timestamp&quot;:&quot;0&quot;,&quot;copyright&quot;:&quot;&quot;,&quot;focal_length&quot;:&quot;0&quot;,&quot;iso&quot;:&quot;0&quot;,&quot;shutter_speed&quot;:&quot;0&quot;,&quot;title&quot;:&quot;&quot;,&quot;orientation&quot;:&quot;0&quot;}\" data-image-title=\"copo-de-nieve\" data-image-description=\"\" data-image-caption=\"\" data-medium-file=\"https:\/\/elrinocerontematematico.wordpress.com\/wp-content\/uploads\/2016\/10\/copo-de-nieve.jpg?w=300\" data-large-file=\"https:\/\/elrinocerontematematico.wordpress.com\/wp-content\/uploads\/2016\/10\/copo-de-nieve.jpg?w=700\"><\/p>\n<blockquote><p>Figura 1. Copo de nieve.<\/p><\/blockquote>\n<p>Los copos de nieve adoptan com\u00fanmente una forma geom\u00e9trica basada en el hex\u00e1gono, aunque dependiendo de las condiciones de humedad y temperatura, se pueden llegar a formar copos de nieve cuya geometr\u00eda est\u00e1 basada en el tri\u00e1ngulo o el dodec\u00e1gono.<\/p>\n<p><strong><u>Petunia<\/u><\/strong><\/p>\n<div class=\"wordads-ad-wrapper\">\n<div class=\"wordads-ad wordads-ad-responsive\">\n<div class=\"wordads-ad-controls\">&nbsp;<\/div>\n<\/div>\n<\/div>\n<p><img loading=\"lazy\" decoding=\"async\" class=\"alignnone wp-image-483\" role=\"button\" src=\"https:\/\/elrinocerontematematico.wordpress.com\/wp-content\/uploads\/2016\/10\/pentc3a1gonos_en_petunias.png?w=318&amp;h=249\" alt=\"pentagonos_en_petunias\" width=\"318\" height=\"249\" data-attachment-id=\"483\" data-permalink=\"https:\/\/elrinocerontematematico.wordpress.com\/2016\/10\/17\/geometria-en-la-naturaleza\/pentagonos_en_petunias\/\" data-orig-file=\"https:\/\/elrinocerontematematico.wordpress.com\/wp-content\/uploads\/2016\/10\/pentc3a1gonos_en_petunias.png\" data-orig-size=\"549,430\" data-comments-opened=\"1\" data-image-meta=\"{&quot;aperture&quot;:&quot;0&quot;,&quot;credit&quot;:&quot;&quot;,&quot;camera&quot;:&quot;&quot;,&quot;caption&quot;:&quot;&quot;,&quot;created_timestamp&quot;:&quot;0&quot;,&quot;copyright&quot;:&quot;&quot;,&quot;focal_length&quot;:&quot;0&quot;,&quot;iso&quot;:&quot;0&quot;,&quot;shutter_speed&quot;:&quot;0&quot;,&quot;title&quot;:&quot;&quot;,&quot;orientation&quot;:&quot;0&quot;}\" data-image-title=\"pentagonos_en_petunias\" data-image-description=\"\" data-image-caption=\"\" data-medium-file=\"https:\/\/elrinocerontematematico.wordpress.com\/wp-content\/uploads\/2016\/10\/pentc3a1gonos_en_petunias.png?w=300\" data-large-file=\"https:\/\/elrinocerontematematico.wordpress.com\/wp-content\/uploads\/2016\/10\/pentc3a1gonos_en_petunias.png?w=549\"><\/p>\n<blockquote><p>Figura 2. Petunia.<\/p><\/blockquote>\n<p>En esta figura se observa como los p\u00e9talos de la petunia forman un pent\u00e1gono. Aunque no es un pent\u00e1gono en s\u00ed, la flor nos recuerda mucho a dicho pol\u00edgono regular.<\/p>\n<p>&nbsp;<\/p>\n<p><strong><u>Panel de abejas<\/u><\/strong><\/p>\n<p><img loading=\"lazy\" decoding=\"async\" class=\"alignnone wp-image-561\" role=\"button\" src=\"https:\/\/elrinocerontematematico.wordpress.com\/wp-content\/uploads\/2016\/10\/panel-de-abeja.jpg?w=306&amp;h=201\" alt=\"panel-de-abeja\" width=\"306\" height=\"201\" data-attachment-id=\"561\" data-permalink=\"https:\/\/elrinocerontematematico.wordpress.com\/2016\/10\/17\/geometria-en-la-naturaleza\/panel-de-abeja\/\" data-orig-file=\"https:\/\/elrinocerontematematico.wordpress.com\/wp-content\/uploads\/2016\/10\/panel-de-abeja.jpg\" data-orig-size=\"558,367\" data-comments-opened=\"1\" data-image-meta=\"{&quot;aperture&quot;:&quot;0&quot;,&quot;credit&quot;:&quot;&quot;,&quot;camera&quot;:&quot;&quot;,&quot;caption&quot;:&quot;&quot;,&quot;created_timestamp&quot;:&quot;0&quot;,&quot;copyright&quot;:&quot;&quot;,&quot;focal_length&quot;:&quot;0&quot;,&quot;iso&quot;:&quot;0&quot;,&quot;shutter_speed&quot;:&quot;0&quot;,&quot;title&quot;:&quot;&quot;,&quot;orientation&quot;:&quot;0&quot;}\" data-image-title=\"panel-de-abeja\" data-image-description=\"\" data-image-caption=\"\" data-medium-file=\"https:\/\/elrinocerontematematico.wordpress.com\/wp-content\/uploads\/2016\/10\/panel-de-abeja.jpg?w=300\" data-large-file=\"https:\/\/elrinocerontematematico.wordpress.com\/wp-content\/uploads\/2016\/10\/panel-de-abeja.jpg?w=558\"><\/p>\n<blockquote><p>Figura 3. Panel de abejas.<\/p><\/blockquote>\n<p>Si consideramos la imagen de este panal en relaci\u00f3n a la geometr\u00eda, podemos ver que las abejas construyen sus panales vibrando en resonancia con la geometr\u00eda de la Creaci\u00f3n del Universo. Las abejas construyen las celdillas de los panales con una geometr\u00eda hexagonal. Y se dice que desde el punto de vista arquitect\u00f3nico, todas las caras del hex\u00e1gono est\u00e1n unidad entre s\u00ed permitiendo una distribuci\u00f3n de manera que no queden huecos libres, aprovechamiento as\u00ed todo el espacio.<\/p>\n<p>&nbsp;<\/p>\n<p><strong><u>Aloe Espiral<\/u><\/strong><\/p>\n<p><img loading=\"lazy\" decoding=\"async\" class=\"alignnone wp-image-668\" role=\"button\" src=\"https:\/\/elrinocerontematematico.wordpress.com\/wp-content\/uploads\/2016\/10\/el-aloe-espiral-naturaleza-geometrica-02.jpg?w=336&amp;h=320\" alt=\"el-aloe-espiral-naturaleza-geometrica-02.jpg\" width=\"336\" height=\"320\" data-attachment-id=\"668\" data-permalink=\"https:\/\/elrinocerontematematico.wordpress.com\/2016\/10\/17\/geometria-en-la-naturaleza\/el-aloe-espiral-naturaleza-geometrica-02\/\" data-orig-file=\"https:\/\/elrinocerontematematico.wordpress.com\/wp-content\/uploads\/2016\/10\/el-aloe-espiral-naturaleza-geometrica-02.jpg\" data-orig-size=\"575,548\" data-comments-opened=\"1\" data-image-meta=\"{&quot;aperture&quot;:&quot;0&quot;,&quot;credit&quot;:&quot;&quot;,&quot;camera&quot;:&quot;&quot;,&quot;caption&quot;:&quot;&quot;,&quot;created_timestamp&quot;:&quot;0&quot;,&quot;copyright&quot;:&quot;&quot;,&quot;focal_length&quot;:&quot;0&quot;,&quot;iso&quot;:&quot;0&quot;,&quot;shutter_speed&quot;:&quot;0&quot;,&quot;title&quot;:&quot;&quot;,&quot;orientation&quot;:&quot;0&quot;}\" data-image-title=\"el-aloe-espiral-naturaleza-geometrica-02\" data-image-description=\"\" data-image-caption=\"\" data-medium-file=\"https:\/\/elrinocerontematematico.wordpress.com\/wp-content\/uploads\/2016\/10\/el-aloe-espiral-naturaleza-geometrica-02.jpg?w=300\" data-large-file=\"https:\/\/elrinocerontematematico.wordpress.com\/wp-content\/uploads\/2016\/10\/el-aloe-espiral-naturaleza-geometrica-02.jpg?w=575\"><\/p>\n<blockquote><p>Figura 4. Aloe espiral en sentido antihorario.<\/p><\/blockquote>\n<p>El aloe espiral es una planta de forma circular y con una fascinante disposici\u00f3n de las hojas en espiral. Crece hasta 3 metros de ancho, con docenas de hojas superpuestas en espiral en sentido de las agujas del reloj o al contrario. Por desgracia es una especie que se encuentra en peligro de extinci\u00f3n en su tierra natal, Lesoto, un peque\u00f1o pa\u00eds rodeado completamente por Sud\u00e1frica.<\/p>\n<p>&nbsp;<\/p>\n<p><strong><u>Hojas<\/u><\/strong><\/p>\n<p><img decoding=\"async\" class=\"alignnone size-full wp-image-738\" role=\"button\" src=\"https:\/\/elrinocerontematematico.wordpress.com\/wp-content\/uploads\/2016\/10\/helecho.gif?w=1000\" alt=\"helecho\" data-attachment-id=\"738\" data-permalink=\"https:\/\/elrinocerontematematico.wordpress.com\/2016\/10\/17\/geometria-en-la-naturaleza\/helecho\/\" data-orig-file=\"https:\/\/elrinocerontematematico.wordpress.com\/wp-content\/uploads\/2016\/10\/helecho.gif\" data-orig-size=\"320,252\" data-comments-opened=\"1\" data-image-meta=\"{&quot;aperture&quot;:&quot;0&quot;,&quot;credit&quot;:&quot;&quot;,&quot;camera&quot;:&quot;&quot;,&quot;caption&quot;:&quot;&quot;,&quot;created_timestamp&quot;:&quot;0&quot;,&quot;copyright&quot;:&quot;&quot;,&quot;focal_length&quot;:&quot;0&quot;,&quot;iso&quot;:&quot;0&quot;,&quot;shutter_speed&quot;:&quot;0&quot;,&quot;title&quot;:&quot;&quot;,&quot;orientation&quot;:&quot;0&quot;}\" data-image-title=\"helecho\" data-image-description=\"\" data-image-caption=\"\" data-medium-file=\"https:\/\/elrinocerontematematico.wordpress.com\/wp-content\/uploads\/2016\/10\/helecho.gif?w=300\" data-large-file=\"https:\/\/elrinocerontematematico.wordpress.com\/wp-content\/uploads\/2016\/10\/helecho.gif?w=320\"><\/p>\n<blockquote><p>Figura 5. Hoja de helecho.<\/p><\/blockquote>\n<p>En esta fotograf\u00eda se muestra una hoja de un \u00e1rbol en la que se puede apreciar su forma triangular, dando lugar a la geometr\u00eda fractal.<\/p>\n<div class=\"wordads-ad-wrapper\">\n<div class=\"wordads-ad wordads-ad-responsive\">\n<div class=\"wordads-ad-controls\">&nbsp;<\/div>\n<\/div>\n<\/div>\n<p>&nbsp;<\/p>\n<p><strong><u>Telara\u00f1a<\/u><\/strong><\/p>\n<p><img decoding=\"async\" class=\"alignnone size-full wp-image-770\" role=\"button\" src=\"https:\/\/elrinocerontematematico.wordpress.com\/wp-content\/uploads\/2016\/10\/la-telarac3b1a.jpg?w=1000\" alt=\"la-telarana\" data-attachment-id=\"770\" data-permalink=\"https:\/\/elrinocerontematematico.wordpress.com\/2016\/10\/17\/geometria-en-la-naturaleza\/la-telarana\/\" data-orig-file=\"https:\/\/elrinocerontematematico.wordpress.com\/wp-content\/uploads\/2016\/10\/la-telarac3b1a.jpg\" data-orig-size=\"400,300\" data-comments-opened=\"1\" data-image-meta=\"{&quot;aperture&quot;:&quot;0&quot;,&quot;credit&quot;:&quot;&quot;,&quot;camera&quot;:&quot;&quot;,&quot;caption&quot;:&quot;&quot;,&quot;created_timestamp&quot;:&quot;0&quot;,&quot;copyright&quot;:&quot;&quot;,&quot;focal_length&quot;:&quot;0&quot;,&quot;iso&quot;:&quot;0&quot;,&quot;shutter_speed&quot;:&quot;0&quot;,&quot;title&quot;:&quot;&quot;,&quot;orientation&quot;:&quot;1&quot;}\" data-image-title=\"la-telarana\" data-image-description=\"\" data-image-caption=\"\" data-medium-file=\"https:\/\/elrinocerontematematico.wordpress.com\/wp-content\/uploads\/2016\/10\/la-telarac3b1a.jpg?w=300\" data-large-file=\"https:\/\/elrinocerontematematico.wordpress.com\/wp-content\/uploads\/2016\/10\/la-telarac3b1a.jpg?w=400\"><\/p>\n<blockquote><p>Figura 6. Telara\u00f1a.<\/p><\/blockquote>\n<p>Tejida con esmero, la telara\u00f1a con su geometr\u00eda perfecta se transforma en una trampa mortal para los insectos que tengan la mala suerte de caer en ella. All\u00ed, les espera la ara\u00f1a, cuidadosa, vigilante, siempre a la espera en su trampa silenciosa e invisible. Al amanecer, las gotas de roc\u00edo se depositan en ella colm\u00e1ndola de trasl\u00facidos y et\u00e9reos diamantes, haciendo aun m\u00e1s hermosa su f\u00fanebre estructura.<\/p>\n<p>&nbsp;<\/p>\n<p><strong><u>Los Altos del Gol\u00e1n, Israel<\/u><\/strong><\/p>\n<p><img loading=\"lazy\" decoding=\"async\" class=\"alignnone wp-image-808\" role=\"button\" src=\"https:\/\/elrinocerontematematico.wordpress.com\/wp-content\/uploads\/2016\/10\/the-hexagon-pool-israel-golan-heights-2.jpg?w=312&amp;h=234\" alt=\"the-hexagon-pool-israel-golan-heights-2\" width=\"312\" height=\"234\" data-attachment-id=\"808\" data-permalink=\"https:\/\/elrinocerontematematico.wordpress.com\/2016\/10\/17\/geometria-en-la-naturaleza\/the-hexagon-pool-israel-golan-heights-2\/\" data-orig-file=\"https:\/\/elrinocerontematematico.wordpress.com\/wp-content\/uploads\/2016\/10\/the-hexagon-pool-israel-golan-heights-2.jpg\" data-orig-size=\"1024,768\" data-comments-opened=\"1\" data-image-meta=\"{&quot;aperture&quot;:&quot;0&quot;,&quot;credit&quot;:&quot;&quot;,&quot;camera&quot;:&quot;&quot;,&quot;caption&quot;:&quot;&quot;,&quot;created_timestamp&quot;:&quot;0&quot;,&quot;copyright&quot;:&quot;&quot;,&quot;focal_length&quot;:&quot;0&quot;,&quot;iso&quot;:&quot;0&quot;,&quot;shutter_speed&quot;:&quot;0&quot;,&quot;title&quot;:&quot;&quot;,&quot;orientation&quot;:&quot;0&quot;}\" data-image-title=\"the-hexagon-pool-israel-golan-heights-2\" data-image-description=\"\" data-image-caption=\"\" data-medium-file=\"https:\/\/elrinocerontematematico.wordpress.com\/wp-content\/uploads\/2016\/10\/the-hexagon-pool-israel-golan-heights-2.jpg?w=300\" data-large-file=\"https:\/\/elrinocerontematematico.wordpress.com\/wp-content\/uploads\/2016\/10\/the-hexagon-pool-israel-golan-heights-2.jpg?w=1000\">&nbsp; &nbsp;<img loading=\"lazy\" decoding=\"async\" class=\"alignnone wp-image-863\" role=\"button\" src=\"https:\/\/elrinocerontematematico.wordpress.com\/wp-content\/uploads\/2016\/10\/golan.jpg?w=292&amp;h=177\" alt=\"golan\" width=\"292\" height=\"177\" data-attachment-id=\"863\" data-permalink=\"https:\/\/elrinocerontematematico.wordpress.com\/2016\/10\/17\/geometria-en-la-naturaleza\/golan\/\" data-orig-file=\"https:\/\/elrinocerontematematico.wordpress.com\/wp-content\/uploads\/2016\/10\/golan.jpg\" data-orig-size=\"495,300\" data-comments-opened=\"1\" data-image-meta=\"{&quot;aperture&quot;:&quot;0&quot;,&quot;credit&quot;:&quot;&quot;,&quot;camera&quot;:&quot;&quot;,&quot;caption&quot;:&quot;&quot;,&quot;created_timestamp&quot;:&quot;0&quot;,&quot;copyright&quot;:&quot;&quot;,&quot;focal_length&quot;:&quot;0&quot;,&quot;iso&quot;:&quot;0&quot;,&quot;shutter_speed&quot;:&quot;0&quot;,&quot;title&quot;:&quot;&quot;,&quot;orientation&quot;:&quot;0&quot;}\" data-image-title=\"golan\" data-image-description=\"\" data-image-caption=\"\" data-medium-file=\"https:\/\/elrinocerontematematico.wordpress.com\/wp-content\/uploads\/2016\/10\/golan.jpg?w=300\" data-large-file=\"https:\/\/elrinocerontematematico.wordpress.com\/wp-content\/uploads\/2016\/10\/golan.jpg?w=495\"><\/p>\n<blockquote><p>Figura 6. Piscina de los hex\u00e1gonos&nbsp;&nbsp;&nbsp;&nbsp;&nbsp;&nbsp;&nbsp;&nbsp;&nbsp;&nbsp;&nbsp;&nbsp;&nbsp;&nbsp;&nbsp;&nbsp;&nbsp; &nbsp;&nbsp;&nbsp;&nbsp;&nbsp;&nbsp;&nbsp;Figura 7. Rocas en forma de hex\u00e1gono<\/p><\/blockquote>\n<p>Ya hemos dejado muestra de la presencia del hex\u00e1gono en la Naturaleza. Se trata de una piscina en Israel,&nbsp;Brehat HaMeshushim (la piscina de los hex\u00e1gonos), en los Altos del Gol\u00e1n, sobre el r\u00edo&nbsp;Nahal Zvitan,&nbsp;que sigue se solidifica con la m\u00ednima energ\u00eda posible, formando un pol\u00edgono, el m\u00e1s cercano a la forma redonda.<\/p>\n<p><strong>CONCLUSI\u00d3N<\/strong><\/p>\n<p>La naturaleza est\u00e1 compuesta por formas geom\u00e9tricas y m\u00e1gicas, sucesiones de n\u00fameros que asombran al ser humano. Un ejemplo de ello son las plantas, que adoran las formas geom\u00e9tricas, las flores de una petunia son pent\u00e1gonos perfectos (Fig. 2), las hojas de la capuchina muestran los radios de la circunferencia, las palmeras desarrollan sus hojas en semic\u00edrculos\u2026. Tambi\u00e9n encontramos otras muchas formas como son el copo de nieve (Fig. 1) o creaciones de animales como el panel de abeja (Fig. 3). Podemos encontrar muchas formas irregulares en la naturaleza, y tambi\u00e9n podemos encontrar muchas otras muy regulares las cuales pueden ser descritas &nbsp;con detallada precisi\u00f3n matem\u00e1tica, como la concha del nautilo por ejemplo, que puede ser asociada con una espiral logar\u00edtmica. Se pretende hacer ver que las matem\u00e1ticas est\u00e1n en todos lados y que no se trata de cuentas y n\u00fameros solamente sino que, constantemente estamos interactuando con las matem\u00e1ticas sin apenas darnos cuenta de ello. En conclusi\u00f3n podemos ver como la geometr\u00eda se encuentra en nuestro alrededor constantemente y que forma parte de la creaci\u00f3n, una creaci\u00f3n muy detallada y compleja que incluso nosotros mismos la formamos.<\/p>\n<\/div>\n<p><strong>PROYECTO<\/strong><\/p>\n<\/div>\n<p>En este proyecto de clase, vamos a explorar c\u00f3mo la geometr\u00eda se encuentra presente en la naturaleza y en otros conocimientos matem\u00e1ticos. Los estudiantes tendr\u00e1n la oportunidad de investigar y analizar las diferentes formas y patrones que se encuentran en el mundo natural, y c\u00f3mo estos se relacionan con conceptos matem\u00e1ticos como la geometr\u00eda y el c\u00e1lculo. Adem\u00e1s, se fomentar\u00e1 la creatividad de los estudiantes al desarrollar composiciones escritas y art\u00edsticas inspiradas en estos descubrimientos. El objetivo principal del proyecto es que los estudiantes comprendan c\u00f3mo las matem\u00e1ticas y la geometr\u00eda est\u00e1n presentes en nuestro entorno y c\u00f3mo podemos apreciar y utilizar estos conocimientos en nuestra vida diaria.<\/p>\n<p>&nbsp;<\/p>\n<div class=\"entry-inner\">\n<table>\n<tbody>\n<tr>\n<th>Criterios<\/th>\n<th>Excelente<\/th>\n<th>Sobresaliente<\/th>\n<th>Aceptable<\/th>\n<th>Bajo<\/th>\n<\/tr>\n<tr>\n<td>Investigaci\u00f3n y an\u00e1lisis<\/td>\n<td>El estudiante presenta una investigaci\u00f3n exhaustiva y an\u00e1lisis profundos de formas y patrones en la naturaleza.<\/td>\n<td>El estudiante presenta una investigaci\u00f3n detallada y an\u00e1lisis claros de formas y patrones en la naturaleza.<\/td>\n<td>El estudiante presenta una investigaci\u00f3n b\u00e1sica y an\u00e1lisis adecuados de formas y patrones en la naturaleza.<\/td>\n<td>El estudiante presenta una investigaci\u00f3n limitada y an\u00e1lisis superficiales de formas y patrones en la naturaleza.<\/td>\n<\/tr>\n<tr>\n<td>Presentaci\u00f3n y organizaci\u00f3n<\/td>\n<td>El estudiante presenta de manera clara y organizada sus hallazgos utilizando recursos visuales y verbales adecuados.<\/td>\n<td>El estudiante presenta de manera clara sus hallazgos utilizando recursos visuales y verbales adecuados.<\/td>\n<td>El estudiante presenta de manera adecuada sus hallazgos utilizando recursos visuales y verbales limitados.<\/td>\n<td>El estudiante presenta de manera confusa o desorganizada sus hallazgos sin usar recursos visuales ni verbales adecuados.<\/td>\n<\/tr>\n<tr>\n<td>Composici\u00f3n escrita y art\u00edstica<\/td>\n<td>El estudiante crea una composici\u00f3n escrita y art\u00edstica original y bien elaborada, demostrando una comprensi\u00f3n profunda de la geometr\u00eda y otros conceptos matem\u00e1ticos.<\/td>\n<td>El estudiante crea una composici\u00f3n escrita y art\u00edstica bien elaborada, demostrando una comprensi\u00f3n clara de la geometr\u00eda y otros conceptos matem\u00e1ticos.<\/td>\n<td>El estudiante crea una composici\u00f3n escrita y art\u00edstica adecuada, demostrando una comprensi\u00f3n b\u00e1sica de la geometr\u00eda y otros conceptos matem\u00e1ticos.<\/td>\n<td>El estudiante crea una composici\u00f3n escrita y art\u00edstica limitada, sin demostrar una comprensi\u00f3n clara de la geometr\u00eda y otros conceptos matem\u00e1ticos.<\/td>\n<\/tr>\n<tr>\n<td>Participaci\u00f3n y colaboraci\u00f3n<\/td>\n<td>El estudiante participa activamente en todas las actividades del proyecto y colabora eficientemente con sus compa\u00f1eros.<\/td>\n<td>El estudiante participa activamente en la mayor\u00eda de las actividades del proyecto y colabora de manera adecuada con sus compa\u00f1eros.<\/td>\n<td>El estudiante participa de manera limitada en las actividades del proyecto y colabora de manera limitada con sus compa\u00f1eros.<\/td>\n<td>El estudiante muestra poca participaci\u00f3n y colaboraci\u00f3n en las actividades del proyecto.<\/td>\n<\/tr>\n<\/tbody>\n<\/table>\n<\/div>\n<h1 class=\"entry-title\">Geometr\u00eda en el arte<\/h1>\n<p><a href=\"http:\/\/www.museobbaa.com\/wp-content\/uploads\/2015\/10\/LA_GEOMETRIA_EN_EL_ARTE_ARTE_Y_MATEMATICASESO.pdf\">http:\/\/www.museobbaa.com\/wp-content\/uploads\/2015\/10\/LA_GEOMETRIA_EN_EL_ARTE_ARTE_Y_MATEMATICASESO.pdf<\/a><\/p>\n<p><span dir=\"ltr\">\u2022 <\/span><span dir=\"ltr\">Matem\u00e1tica y Arte <\/span><span dir=\"ltr\">han estado siempre estrechamente vinculadas: el n\u00famero de oro, las <\/span><span dir=\"ltr\">simetr\u00edas, las proporciones, la geometr\u00eda, son elementos presentes en el arte; no en vano <\/span><span dir=\"ltr\">muchos grandes artistas de la historia han sido grandes matem\u00e1ticos; se han apoyado en la <\/span><span dir=\"ltr\">matem\u00e1tica para expresar la realidad con un lenguaje art\u00edstico.<\/span><span dir=\"ltr\">La geometr\u00eda en el Arte. <\/span><span dir=\"ltr\">Arte y Matem\u00e1ticas.<\/span><span dir=\"ltr\">visita guiada<\/span><span dir=\"ltr\">1\u00ba y 2\u00ba de la E.S.O.<\/span><span dir=\"ltr\">\u2022 <\/span><span dir=\"ltr\">Geometr\u00eda <\/span><span dir=\"ltr\">viene del griego ge = tierra y de metr\u00f3n = medida. Es decir, es la ciencias que <\/span><span dir=\"ltr\">estudia la medida de la Tierra. En definitiva, la exploraci\u00f3n del mundo exterior.<\/span><span dir=\"ltr\">\u2022 <\/span><span dir=\"ltr\">EUCLIDES<\/span><span dir=\"ltr\">, <\/span><span dir=\"ltr\">en el siglo III a.de C. condens\u00f3 todo el conocimiento matem\u00e1tico de la antig\u00fcedad <\/span><span dir=\"ltr\">en los trece vol\u00famenes de los \u201cElementos\u201d que conten\u00edan el estudio de las figuras geom\u00e9tri<\/span><span dir=\"ltr\">&#8211;<\/span><span dir=\"ltr\">cas y sus relaciones, configuraciones y proporciones.<\/span><span dir=\"ltr\">\u2022 <\/span><span dir=\"ltr\">PLAT\u00d3N<\/span><span dir=\"ltr\">, <\/span><span dir=\"ltr\">consideraban la geometr\u00eda como una ciencia pura que exist\u00eda por derecho propio. <\/span><span dir=\"ltr\">\u201cQue no entre aqu\u00ed quien no sepa de geometr\u00eda\u201d, se le\u00eda en la puerta de la Academia. Era <\/span><span dir=\"ltr\">inevitable que otras ciencias y el arte, adoptaran sus descubrimientos. <\/span><span dir=\"ltr\">\u2022 <\/span><span dir=\"ltr\">Los n\u00fameros <\/span><span dir=\"ltr\">son la base, son las palabras de la geometr\u00eda. Si hay que contar, tienen una <\/span><span dir=\"ltr\">importancia absoluta (tres es vez y media m\u00e1s que dos y un cuarto menos que cuatro) pero <\/span><span dir=\"ltr\">a la hora de medir, su importancia es relativa, se debe contar con un criterio, una medida <\/span><span dir=\"ltr\">absoluta, espec\u00edfica para cada rama de la ciencia. Para el ge\u00f3metra es la circunferencia de la <\/span><span dir=\"ltr\">tierra, para el inform\u00e1tico el bit, para el f\u00edsico la velocidad de la luz, para el artista, el hombre <\/span><span dir=\"ltr\">es la medida de todas las cosas.<\/span><span dir=\"ltr\">\u2022 <\/span><span dir=\"ltr\">La geometr\u00eda abunda en la naturaleza<\/span><span dir=\"ltr\">y se manifiesta a <\/span><span dir=\"ltr\">distintos niveles. Las formas esf\u00e9ricas se dan en gran va<\/span><span dir=\"ltr\">&#8211;<\/span><span dir=\"ltr\">riedad de organismos unicelulares flotantes en el agua, <\/span><span dir=\"ltr\">como por ejemplo los huevos de los peces. La forma <\/span><span dir=\"ltr\">cil\u00edndrica se encuentra fundamentalmente en el reino <\/span><span dir=\"ltr\">vegetal: troncos de \u00e1rboles, tallos de plantas, etc.. La <\/span><span dir=\"ltr\">espuma formada por pompas de jab\u00f3n en contacto unas <\/span><span dir=\"ltr\">con otras, forma, en secci\u00f3n, hex\u00e1gonos, excepto en la <\/span><span dir=\"ltr\">capa exterior que por estar en contacto con el aire, curva <\/span><span dir=\"ltr\">su superficie. El esquema hexagonal se da con mucha <\/span><span dir=\"ltr\">frecuencia bajo muy variadas circunstancias (paneles de las abejas, cristales de nieve, esque<\/span><span dir=\"ltr\">&#8211;<\/span><span dir=\"ltr\">letos de los radiolos, y en flores como la lila y el tulip\u00e1n). \u00bfSe te ocurre alg\u00fan otro ejemplo? <\/span><span dir=\"ltr\">\u2022 <\/span><span dir=\"ltr\">Los griegos, <\/span><span dir=\"ltr\">de quienes viene toda nuestra cultura occiden<\/span><span dir=\"ltr\">&#8211;<\/span><span dir=\"ltr\">tal y, por tanto, nuestra manera de asimilar el espacio exterior, <\/span><span dir=\"ltr\">sentaron las bases de la geometr\u00eda y la filosof\u00eda, si bien se apo<\/span><span dir=\"ltr\">&#8211;<\/span><span dir=\"ltr\">yaron en experiencias anteriores de Egipto y Babilonia. Ambas <\/span><span dir=\"ltr\">se desarrollaron juntas y a partir de la geometr\u00eda empez\u00f3 el <\/span><span dir=\"ltr\">desarrollo de las dem\u00e1s ciencias. No inventaron la geometr\u00eda, <\/span><span dir=\"ltr\">pero la convirtieron en un instrumento racional para adquirir co<\/span><span dir=\"ltr\">nocimiento del mundo. Concibieron el punto como un elemento <\/span><span dir=\"ltr\">sin dimensiones, la l\u00ednea como una serie de puntos, el plano <\/span><span dir=\"ltr\">como un conjunto de l\u00edneas y el volumen como un conjunto de <\/span><span dir=\"ltr\">planos. Desarrollaron un m\u00e9todo de demostrar sus afirmaciones <\/span><span dir=\"ltr\">por deducci\u00f3n l\u00f3gica (por ejemplo, el teorema de Pit\u00e1goras).<\/span><\/p>\n<div class=\"canvasWrapper\">&nbsp;<\/div>\n<p><span dir=\"ltr\">\u2022 <\/span><span dir=\"ltr\">Observa. <\/span><span dir=\"ltr\">Muchas veces habr\u00e1s observado que <\/span><span dir=\"ltr\">infinidad de objetos tienen formas geom\u00e9tricas <\/span><span dir=\"ltr\">tan definidas, que no es preciso forzar la imagina<\/span><span dir=\"ltr\">&#8211;<\/span><span dir=\"ltr\">ci\u00f3n para descubrir en ellos c\u00edrculos, \u00f3valos, cua<\/span><span dir=\"ltr\">&#8211;<\/span><span dir=\"ltr\">drados, tri\u00e1ngulos, etc. Levanta ahora la cabeza <\/span><span dir=\"ltr\">y mira alrededor tuyo, \u00bfreconoces alguna forma <\/span><span dir=\"ltr\">geom\u00e9trica en tu cuarto, tu casa, o ciudad&#8230;? <\/span><span dir=\"ltr\">Puedes recopilar fotos de tu entorno y trazar en<\/span><span dir=\"ltr\">&#8211;<\/span><span dir=\"ltr\">cima encima con un rotulador, todas las formas <\/span><span dir=\"ltr\">geom\u00e9tricas que observas.<\/span><span dir=\"ltr\">\u201cCubos de la memoria\u201d de Ibarrola en Llanes.<\/span><span dir=\"ltr\">\u2022 <\/span><span dir=\"ltr\">Juegos on-line. <\/span><span dir=\"ltr\">-\u00bfQu\u00e9 casilla falta para completar un cubo? Desc\u00fabrelo en:<\/span><span dir=\"ltr\">www.harcourtschool.com\/activity\/elab2002\/grade_4\/021.html<\/span><span dir=\"ltr\">-Vistas:<\/span><span dir=\"ltr\">http:\/\/www.isftic.mepsyd.es\/w3\/eos\/MaterialesEducativos\/mem2002\/<\/span><span dir=\"ltr\">geometria_vistas\/pelicula1.swf<\/span><span dir=\"ltr\">\u2022 <\/span><span dir=\"ltr\">Divina proporci\u00f3n <\/span><span dir=\"ltr\">o secci\u00f3n \u00e1urea es una proporci\u00f3n geom\u00e9trica \u2014que se remonta a Plat\u00f3n y <\/span><span dir=\"ltr\">Euclides\u2014 usada frecuentemente por artistas y arquitectos (consciente o inconscientemente) <\/span><span dir=\"ltr\">en la composici\u00f3n de pinturas y edificios, e interpretada como la \u201cley <\/span><span dir=\"ltr\">universal de la armon\u00eda\u201d en el arte y la naturaleza. Consiste en dividir <\/span><span dir=\"ltr\">una l\u00ednea de modo que la parte m\u00e1s corta sea a la m\u00e1s larga como la m\u00e1s <\/span><span dir=\"ltr\">larga es a toda la l\u00ednea. Se atribuye un car\u00e1cter est\u00e9tico especial a los <\/span><span dir=\"ltr\">objetos que siguen la raz\u00f3n \u00e1urea, as\u00ed como una importancia m\u00edstica. <\/span><span dir=\"ltr\">La divina proporci\u00f3n en Youtube: http:\/\/www.youtube.com\/watch?v=j9e0auhmxnc<\/span><span dir=\"ltr\">\u2022 <\/span><span dir=\"ltr\">Relaciona <\/span><span dir=\"ltr\">los siguientes prefijos y sufijos con su significado. <\/span><span dir=\"ltr\">\u00bfSe te ocurre alguna palabra con ellos?<\/span><span dir=\"ltr\">1. edro<\/span><span dir=\"ltr\">2. gono<\/span><span dir=\"ltr\">3. poli<\/span><span dir=\"ltr\">4. hexa<\/span><span dir=\"ltr\">5. hepta<\/span><span dir=\"ltr\">6. deca<\/span><span dir=\"ltr\">7. penta<\/span><span dir=\"ltr\">8. nono<\/span><span dir=\"ltr\">9. tetra<\/span><span dir=\"ltr\">10. bi<\/span><span dir=\"ltr\">11. equi<\/span><span dir=\"ltr\">12. octa<\/span><span dir=\"ltr\">13. tri<\/span><span dir=\"ltr\">14. dodeca<\/span><span dir=\"ltr\">a. tres<\/span><span dir=\"ltr\">b. cuatro<\/span><span dir=\"ltr\">c. dos<\/span><span dir=\"ltr\">d. doce<\/span><span dir=\"ltr\">e. ocho<\/span><span dir=\"ltr\">f. varios<\/span><span dir=\"ltr\">g. igual<\/span><span dir=\"ltr\">h. siete<\/span><span dir=\"ltr\">i. cara o lado<\/span><span dir=\"ltr\">j. nueve<\/span><span dir=\"ltr\">k. seis<\/span><span dir=\"ltr\">l. diez<\/span><span dir=\"ltr\">m. \u00e1ngulo<\/span><span dir=\"ltr\">n. cinco<\/span><span dir=\"ltr\">palabras<\/span><span dir=\"ltr\">\u2022 <\/span><span dir=\"ltr\">Busca <\/span><span dir=\"ltr\">construcciones y edificaciones a lo largo de la historia, en las que identifiques figuras <\/span><span dir=\"ltr\">geom\u00e9tricas. Un ejemplo, un zigurat, \u00bfsabes lo que es?<\/span><span dir=\"ltr\">La geometr\u00eda en el Arte. <\/span><span dir=\"ltr\">Arte y Matem\u00e1ticas.<\/span><span dir=\"ltr\">visita guiada<\/span><\/p>\n<div class=\"canvasWrapper\">&nbsp;<\/div>\n<p><span dir=\"ltr\">La geometr\u00eda en el Arte. <\/span><span dir=\"ltr\">Arte y Matem\u00e1ticas.<\/span><span dir=\"ltr\">visita guiada<\/span><span dir=\"ltr\">\u2022 <\/span><span dir=\"ltr\">Identifica <\/span><span dir=\"ltr\">en las siguientes im\u00e1genes, el mayor n\u00famero de figuras geom\u00e9tricas posible.<\/span><span dir=\"ltr\">\u2022 <\/span><span dir=\"ltr\">Examina <\/span><span dir=\"ltr\">las diferentes partes de una pir\u00e1mide.<\/span><span dir=\"ltr\">-\u00bfCu\u00e1ntos bloques tiene en total la pir\u00e1mide de Lewit?<\/span><span dir=\"ltr\">-Cuenta los bloques por l\u00edneas de simetr\u00eda. \u00bfC\u00f3mo es el n\u00famero de bloques en cada columna <\/span><span dir=\"ltr\">en relaci\u00f3n al n\u00famero de bloques de la columna adyacente? \u00bfExiste alg\u00fan patr\u00f3n entre ellos? <\/span><span dir=\"ltr\">Este patr\u00f3n se denomina serie aritm\u00e9tica.<\/span><span dir=\"ltr\">Sol Lewitt fue un artista ligado al arte minimalista, un estilo conocido por su uso de formas <\/span><span dir=\"ltr\">geom\u00e9tricas simples junto con el empleo de materiales industriales, para crear obras a gran <\/span><span dir=\"ltr\">escala, a menudo fr\u00edas e impersonales. Investiga y encuentra m\u00e1s obras de este artista. <\/span><span dir=\"ltr\">Arista<\/span><span dir=\"ltr\">L\u00ednea de <\/span><span dir=\"ltr\">simetr\u00eda<\/span><span dir=\"ltr\">V\u00e9rtice<\/span><span dir=\"ltr\">Cara<\/span><span dir=\"ltr\">Altura<\/span><span dir=\"ltr\">Pir\u00e1mide de Sol LeWitt<\/span><span dir=\"ltr\">\u2022 <\/span><span dir=\"ltr\">Construye <\/span><span dir=\"ltr\">un dodecaedro vistoso y f\u00e1cil de hacer con la t\u00e9cnica del origa<\/span><span dir=\"ltr\">&#8211;<\/span><span dir=\"ltr\">mi: con varios trozos de papel plegados de la misma forma y entrelazados <\/span><span dir=\"ltr\">entre s\u00ed. Aprende a hacerlo en <\/span><span dir=\"ltr\">http:\/\/www.youtube.com\/watch?v=JexZ3NIa<\/span><span dir=\"ltr\">oEw&amp;feature=player_embedded<\/span><span dir=\"ltr\">Imagen 1. \u201cPlaza de Trascorrales <\/span><span dir=\"ltr\">(Oviedo)\u201d de S\u00f3crates Quintana<\/span><span dir=\"ltr\">Imagen 2. \u201cBodeg\u00f3n\u201d cubista <\/span><span dir=\"ltr\">de Joaqu\u00edn Torres Garc\u00eda<\/span><span dir=\"ltr\">Formas<\/span><span dir=\"ltr\">n\u00ba de lados<\/span><span dir=\"ltr\">Imagen 1.<\/span><span dir=\"ltr\">Formas<\/span><span dir=\"ltr\">n\u00ba de lados<\/span><span dir=\"ltr\">Imagen 2.<\/span><\/p>\n<div class=\"canvasWrapper\">&nbsp;<\/div>\n<p><span dir=\"ltr\">La geometr\u00eda en el Arte. <\/span><span dir=\"ltr\">Arte y Matem\u00e1ticas.<\/span><span dir=\"ltr\">visita guiada<\/span><span dir=\"ltr\">\u2022<\/span><span dir=\"ltr\">M.C. ESCHER<\/span><span dir=\"ltr\">(1898 &#8211; 1972)<\/span><span dir=\"ltr\"> artista gr\u00e1fico holand\u00e9s, es un ejem<\/span><span dir=\"ltr\">&#8211;<\/span><span dir=\"ltr\">plo privilegiado de la relaci\u00f3n entre el arte y las matem\u00e1ticas. <\/span><span dir=\"ltr\">Invent\u00f3 un sistema propio que utiliz\u00f3 como base de datos para <\/span><span dir=\"ltr\">elaborar a lo largo de los a\u00f1os sus famosos mosaicos peri\u00f3dicos. <\/span><span dir=\"ltr\">Se relacion\u00f3 con los matem\u00e1ticos Penrose y Coxeter, y aplic\u00f3 <\/span><span dir=\"ltr\">sus investigaciones para crear construcciones geom\u00e9tricas. Sus <\/span><span dir=\"ltr\">obras atraen hoy en d\u00eda a matem\u00e1ticos, grafistas y expertos de <\/span><span dir=\"ltr\">la comunicaci\u00f3n visual. Puedes conocer m\u00e1s sobre \u00e9l y su obra <\/span><span dir=\"ltr\">en http:\/\/www.mcescher.com, su web oficial.<\/span><span dir=\"ltr\">\u2022 <\/span><span dir=\"ltr\">Vocabulario:<\/span><span dir=\"ltr\">\u2022 <\/span><span dir=\"ltr\">Reproducir las tres dimensiones.<\/span><span dir=\"ltr\">Cuando se reproduce en una pintura una <\/span><span dir=\"ltr\">escena tomada del natural, un retrato, un paisaje, etc, hay que resolver el <\/span><span dir=\"ltr\">problema de proyectar el espacio tridimensional en una superficie de dos <\/span><span dir=\"ltr\">dimensiones. Un problema de geometr\u00eda. Un ejercicio b\u00e1sico para ayudar <\/span><span dir=\"ltr\">a comprenderlo puede ser construir un visor (un marco de cartulina negra <\/span><span dir=\"ltr\">y un acetato sobre el que trazamos los ejes de simetr\u00eda). Podemos mirar <\/span><span dir=\"ltr\">a trav\u00e9s de \u00e9l aquello que queremos reproducir, una <\/span><span dir=\"ltr\">mano por ejemplo, y contornearlo con un rotulador <\/span><span dir=\"ltr\">permantente. Este visor, es un artificio simplificado <\/span><span dir=\"ltr\">de otro mayor inventado por <\/span><span dir=\"ltr\">ALBERTO DURERO<\/span><span dir=\"ltr\">(1471-1528)<\/span><span dir=\"ltr\">para dibujar proporcionadamente y en perspectiva, <\/span><span dir=\"ltr\">trasladando los puntos de contacto a una cuadr\u00edcula.<\/span><span dir=\"ltr\">Pero, \u00bfc\u00f3mo podemos entonces construir la ilusi\u00f3n de las tres dimensiones? los artistas del <\/span><span dir=\"ltr\">siglo XV descubrieron la soluci\u00f3n: <\/span><span dir=\"ltr\">la perspectiva c\u00f3nica. <\/span><span dir=\"ltr\">Artistas como <\/span><span dir=\"ltr\">LEONE BATTISTA ALBERTI <\/span><span dir=\"ltr\">(1404-1472)<\/span><span dir=\"ltr\">, <\/span><span dir=\"ltr\">PIERO DELLA FRANCESCA <\/span><span dir=\"ltr\">(1416-1492) <\/span><span dir=\"ltr\">y<\/span><span dir=\"ltr\"> PAOLO UCCELLO <\/span><span dir=\"ltr\">(1397-1475)<\/span><span dir=\"ltr\">fueron unos verdaderos <\/span><span dir=\"ltr\">ge\u00f3metras de su tiempo. Fueron los primeros en descubrir las leyes de construcci\u00f3n con un <\/span><span dir=\"ltr\">solo punto de fuga o perspectiva c\u00f3nica. Los pintores aprendieron a ajustar sus perspectivas <\/span><span dir=\"ltr\">a voluntad, y a proyectar correctamente las sombras, todo con el fin de darle al cuadro mayor <\/span><span dir=\"ltr\">realismo posible.<\/span><span dir=\"ltr\">ARTE EN DOS <\/span><span dir=\"ltr\">DIMENSIONES:<\/span><span dir=\"ltr\">arte plano, como dibujos, pinturas, y fotograf\u00edas.<\/span><span dir=\"ltr\">CUBISMO:<\/span><span dir=\"ltr\">estilo art\u00edstico iniciado por Picasso en 1907, caracterizado por la re-interpretaci\u00f3n <\/span><span dir=\"ltr\">de las formas en t\u00e9rminos de contornos geom\u00e9tricos desde m\u00faltiples perspectivas.<\/span><span dir=\"ltr\">POL\u00cdGONO:<\/span><span dir=\"ltr\">figura geom\u00e9trica limitada por segmentos consecutivos no alineados, llamados <\/span><span dir=\"ltr\">lados. Pueden ser regulares o irregulares.<\/span><span dir=\"ltr\">POLIEDRO:<\/span><span dir=\"ltr\">es un cuerpo geom\u00e9trico cuyas caras son planas y encierran un volumen finito.<\/span><span dir=\"ltr\">PRISMA:<\/span><span dir=\"ltr\">s\u00f3lido terminado por dos pol\u00edgonos paralelos e iguales que se denominan bases, <\/span><span dir=\"ltr\">y por tanto paralelogramos como lados tengan las bases, lo que se denominan <\/span><span dir=\"ltr\">lados.<\/span><span dir=\"ltr\">el arte que ocupa un espacio, como la arquitectura y la escultura.<\/span><span dir=\"ltr\">ARTE EN TRES <\/span><span dir=\"ltr\">DIMENSIONES:<\/span><span dir=\"ltr\">* Materiales y ejercicios elaborados por Editorial Pintar-Pintar para elMuseo de Bellas Artes de Asturias.<br \/>\n<\/span><\/p>\n<h4>&nbsp;<\/h4>\n<h4>La geometr\u00eda en el arte<\/h4>\n<p>&nbsp;<\/p>\n<p><strong>La geometr\u00eda matem\u00e1tica de los alicatados<\/strong><\/p>\n<p><a href=\"https:\/\/www.alhambra-patronato.es\/geometria-matematicGeometr\u00eda \u00e1rabe: el lenguaje ornamentala-alicatados\">https:\/\/www.alhambra-patronato.es\/geometria-matematicGeometr\u00eda \u00e1rabe: el lenguaje ornamentala-alicatados<\/a><\/p>\n<p><strong>Geometr\u00eda \u00e1rabe: el lenguaje ornamental<\/strong><\/p>\n<p><a href=\"https:\/\/terraeantiqvae.com\/profiles\/blogs\/geometria-arabe-el-lenguaje-ornamental\">https:\/\/terraeantiqvae.com\/profiles\/blogs\/geometria-arabe-el-lenguaje-ornamental<\/a><\/p>\n<p>Construcci\u00f3n del m\u00f3dulo de Kamal Ali<\/p>\n<p><a href=\"https:\/\/blogsaverroes.juntadeandalucia.es\/franmdibujotecnico\/files\/2024\/10\/kamal_ali_apuntes.pdf\">kamal_ali_apuntes<\/a><\/p>\n<p><iframe loading=\"lazy\" title=\"La compleja geometr\u00eda del dise\u00f1o isl\u00e1mico - Eric Broug\" width=\"525\" height=\"295\" src=\"https:\/\/www.youtube.com\/embed\/PFCdddqW2Q4?feature=oembed\" frameborder=\"0\" allow=\"accelerometer; autoplay; clipboard-write; encrypted-media; gyroscope; picture-in-picture; web-share\" referrerpolicy=\"strict-origin-when-cross-origin\" allowfullscreen><\/iframe><\/p>\n<h4>&nbsp;<\/h4>\n<h4>&nbsp;<\/h4>\n<h4>&nbsp;<\/h4>\n<h4>&nbsp;<\/h4>\n<h4>TANGENCIAS<\/h4>\n<p>&nbsp;<\/p>\n<p><a href=\"https:\/\/blogsaverroes.juntadeandalucia.es\/franmdibujotecnico\/files\/2026\/01\/diseNo_con_tangencias.pdf\">dise\u00d1o_con_tangencias<\/a><\/p>\n<h4>&nbsp;<\/h4>\n<h4>&nbsp;<\/h4>\n<h4>&nbsp;<\/h4>\n<h4>&nbsp;<\/h4>\n<h4>&nbsp;<\/h4>\n<h4>&nbsp;<\/h4>\n<h4>&nbsp;<\/h4>\n<h4>&nbsp;<\/h4>\n<h4>&nbsp;<\/h4>\n<h4>&nbsp;<\/h4>\n<h4>&nbsp;<\/h4>\n<h4>&nbsp;<\/h4>\n<h4>&nbsp;<\/h4>\n<h4>&nbsp;<\/h4>\n<h4>&nbsp;<\/h4>\n<h4>&nbsp;<\/h4>\n<h4>&nbsp;<\/h4>\n<h4>&nbsp;<\/h4>\n<h4>&nbsp;<\/h4>\n<h4>&nbsp;<\/h4>\n<h4>&nbsp;<\/h4>\n<h4>&nbsp;<\/h4>\n<h4>&nbsp;<\/h4>\n<h4>&nbsp;<\/h4>\n<h4>&nbsp;<\/h4>\n<h4>&nbsp;<\/h4>\n<h4>PERSPECTIVA C\u00d3NICA<\/h4>\n<p data-adtags-visited=\"true\"><a href=\"https:\/\/www.youtube.com\/watch?v=kUCFpaCk9o0&amp;list=PLl0SsM0QYYkQtS2Se29Tsr3Krg1uG6YFs&amp;index=4\" target=\"_blank\" rel=\"noopener\">PERSPECTIVA C\u00d3NICA. PROCEDIMIENTO.<\/a><\/p>\n<p data-adtags-visited=\"true\"><a href=\"https:\/\/www.youtube.com\/watch?v=MH5APcxXSGY\" target=\"_blank\" rel=\"noopener\">PERSPECTIVA C\u00d3NICA. CONSIDERACIONES B\u00c1SICAS<\/a><\/p>\n<p data-adtags-visited=\"true\"><a href=\"https:\/\/www.youtube.com\/watch?v=IREoh0PkgTw\" target=\"_blank\" rel=\"noopener\">PERSPECTIVA C\u00d3NICA FRONTAL Y OBLICUA<\/a>&nbsp;Videotutorial L\u00c1MINA C1 y L\u00c1MINA C4<\/p>\n<p data-adtags-visited=\"true\"><a href=\"https:\/\/www.youtube.com\/watch?v=tnpQgbxw2yQ\" target=\"_blank\" rel=\"noopener\">PERSPECTIVA C\u00d3NICA FRONTAL<\/a>&nbsp;Videotutorial L\u00c1MINA C2<\/p>\n<p data-adtags-visited=\"true\"><a href=\"https:\/\/www.youtube.com\/watch?v=uQZs8QDQox4&amp;feature=emb_logo\" target=\"_blank\" rel=\"noopener\">DIBUJO URBANO. PERSPECTIVA C\u00d3NICA OBLICUA<\/a>&nbsp;Videotutorial L\u00c1MINA C3 y L\u00c1MINA C5<\/p>\n<p data-adtags-visited=\"true\">&nbsp;<\/p>\n<p data-adtags-visited=\"true\"><a title=\"L\u00c1MIAN C1. C\u00d3NICA FRONTAL 1\" href=\"https:\/\/dibujoparasecundaria.wordpress.com\/wp-content\/uploads\/2020\/12\/lamian-c1.-conica-frontal-1.pdf\">L\u00c1MINA C1. C\u00d3NICA FRONTAL 1<\/a><\/p>\n<p data-adtags-visited=\"true\"><a title=\"L\u00c1MIAN C1A. C\u00d3NICA FRONTAL 1A\" href=\"https:\/\/dibujoparasecundaria.wordpress.com\/wp-content\/uploads\/2020\/12\/lamian-c1a.-conica-frontal-1a-1.pdf\">L\u00c1MIAN C1A. C\u00d3NICA FRONTAL 1A<\/a><\/p>\n<p id=\"inline-ad-10\" class=\"inline-ad-slot\" data-adtags-width=\"889\" data-adtags-visited=\"true\">&nbsp;<\/p>\n<p data-adtags-visited=\"true\">SOLUCION L\u00c1MINA C1A. <a title=\"SOLUCI\u00d3N L\u00c1MIAN C1A. C\u00d3NICA FRONTAL 1A\" href=\"https:\/\/dibujoparasecundaria.wordpress.com\/wp-content\/uploads\/2020\/12\/solucion-lamian-c1a.-conica-frontal-1a.pdf\">&nbsp;Haz click aqu\u00ed.<\/a><\/p>\n<p data-adtags-visited=\"true\"><a title=\"L\u00c1MIAN C2. C\u00d3NICA FRONTAL 2\" href=\"https:\/\/dibujoparasecundaria.wordpress.com\/wp-content\/uploads\/2020\/12\/lamian-c2.-conica-frontal-2.pdf\">L\u00c1MINA C2. C\u00d3NICA FRONTAL 2<\/a><\/p>\n<p data-adtags-visited=\"true\"><a title=\"L\u00c1MIAN C3. C\u00d3NICA OBLICUA 3\" href=\"https:\/\/dibujoparasecundaria.wordpress.com\/wp-content\/uploads\/2020\/12\/lamian-c3.-conica-oblicua-3.pdf\">L\u00c1MINA C3. C\u00d3NICA OBLICUA 3<\/a><\/p>\n<p data-adtags-visited=\"true\"><a title=\"L\u00c1MIAN C4. C\u00d3NICA OBLICUA 4\" href=\"https:\/\/dibujoparasecundaria.wordpress.com\/wp-content\/uploads\/2020\/12\/lamian-c4.-conica-oblicua-4.pdf\">L\u00c1MINA C4. C\u00d3NICA OBLICUA 4<\/a><\/p>\n<p data-adtags-visited=\"true\"><img loading=\"lazy\" decoding=\"async\" class=\"alignnone wp-image-3079\" role=\"button\" src=\"https:\/\/dibujoparasecundaria.wordpress.com\/wp-content\/uploads\/2020\/12\/captura-de-pantalla-2020-12-27-a-las-12.55.21.png\" alt=\"Captura de pantalla 2020-12-27 a las 12.55.21\" width=\"417\" height=\"197\" data-attachment-id=\"3079\" data-permalink=\"https:\/\/dibujoparasecundaria.wordpress.com\/4o-eso\/bloque-2-dibujo-tecnico-aplicado-a-proyectos\/captura-de-pantalla-2020-12-27-a-las-12-55-21\/#main\" data-orig-file=\"https:\/\/dibujoparasecundaria.wordpress.com\/wp-content\/uploads\/2020\/12\/captura-de-pantalla-2020-12-27-a-las-12.55.21.png\" data-orig-size=\"2224,1052\" data-comments-opened=\"1\" data-image-meta=\"{&quot;aperture&quot;:&quot;0&quot;,&quot;credit&quot;:&quot;&quot;,&quot;camera&quot;:&quot;&quot;,&quot;caption&quot;:&quot;&quot;,&quot;created_timestamp&quot;:&quot;0&quot;,&quot;copyright&quot;:&quot;&quot;,&quot;focal_length&quot;:&quot;0&quot;,&quot;iso&quot;:&quot;0&quot;,&quot;shutter_speed&quot;:&quot;0&quot;,&quot;title&quot;:&quot;&quot;,&quot;orientation&quot;:&quot;0&quot;}\" data-image-title=\"Captura de pantalla 2020-12-27 a las 12.55.21\" data-image-description=\"\" data-image-caption=\"\" data-medium-file=\"https:\/\/dibujoparasecundaria.wordpress.com\/wp-content\/uploads\/2020\/12\/captura-de-pantalla-2020-12-27-a-las-12.55.21.png?w=300\" data-large-file=\"https:\/\/dibujoparasecundaria.wordpress.com\/wp-content\/uploads\/2020\/12\/captura-de-pantalla-2020-12-27-a-las-12.55.21.png?w=700\"><\/p>\n<p data-adtags-visited=\"true\"><a title=\"L\u00c1MIAN C5. C\u00d3NICA OBLICUA 5\" href=\"https:\/\/dibujoparasecundaria.wordpress.com\/wp-content\/uploads\/2020\/12\/lamian-c5.-conica-oblicua-5.pdf\">L\u00c1MINA C5. C\u00d3NICA OBLICUA 5<\/a><\/p>\n<p data-adtags-visited=\"true\"><img loading=\"lazy\" decoding=\"async\" class=\"alignnone wp-image-3081\" role=\"button\" src=\"https:\/\/dibujoparasecundaria.wordpress.com\/wp-content\/uploads\/2020\/12\/captura-de-pantalla-2020-11-06-a-las-15.07.46.png\" alt=\"Captura de pantalla 2020-11-06 a las 15.07.46\" width=\"516\" height=\"250\" data-attachment-id=\"3081\" data-permalink=\"https:\/\/dibujoparasecundaria.wordpress.com\/4o-eso\/bloque-2-dibujo-tecnico-aplicado-a-proyectos\/captura-de-pantalla-2020-11-06-a-las-15-07-46\/#main\" data-orig-file=\"https:\/\/dibujoparasecundaria.wordpress.com\/wp-content\/uploads\/2020\/12\/captura-de-pantalla-2020-11-06-a-las-15.07.46.png\" data-orig-size=\"1346,652\" data-comments-opened=\"1\" data-image-meta=\"{&quot;aperture&quot;:&quot;0&quot;,&quot;credit&quot;:&quot;&quot;,&quot;camera&quot;:&quot;&quot;,&quot;caption&quot;:&quot;&quot;,&quot;created_timestamp&quot;:&quot;0&quot;,&quot;copyright&quot;:&quot;&quot;,&quot;focal_length&quot;:&quot;0&quot;,&quot;iso&quot;:&quot;0&quot;,&quot;shutter_speed&quot;:&quot;0&quot;,&quot;title&quot;:&quot;&quot;,&quot;orientation&quot;:&quot;0&quot;}\" data-image-title=\"Captura de pantalla 2020-11-06 a las 15.07.46\" data-image-description=\"\" data-image-caption=\"\" data-medium-file=\"https:\/\/dibujoparasecundaria.wordpress.com\/wp-content\/uploads\/2020\/12\/captura-de-pantalla-2020-11-06-a-las-15.07.46.png?w=300\" data-large-file=\"https:\/\/dibujoparasecundaria.wordpress.com\/wp-content\/uploads\/2020\/12\/captura-de-pantalla-2020-11-06-a-las-15.07.46.png?w=700\"><\/p>\n<p data-adtags-visited=\"true\"><a title=\"L\u00c1MIAN C6. C\u00d3NICA OBLICUA 6\" href=\"https:\/\/dibujoparasecundaria.wordpress.com\/wp-content\/uploads\/2020\/12\/lamian-c6.-conica-oblicua-6.pdf\">L\u00c1MINA C6. C\u00d3NICA OBLICUA 6<\/a><\/p>\n<p data-adtags-visited=\"true\"><img loading=\"lazy\" decoding=\"async\" class=\"alignnone wp-image-3082\" role=\"button\" src=\"https:\/\/dibujoparasecundaria.wordpress.com\/wp-content\/uploads\/2020\/12\/captura-de-pantalla-2020-11-06-a-las-15.04.06.png\" alt=\"Captura de pantalla 2020-11-06 a las 15.04.06\" width=\"446\" height=\"318\" data-attachment-id=\"3082\" data-permalink=\"https:\/\/dibujoparasecundaria.wordpress.com\/4o-eso\/bloque-2-dibujo-tecnico-aplicado-a-proyectos\/captura-de-pantalla-2020-11-06-a-las-15-04-06\/#main\" data-orig-file=\"https:\/\/dibujoparasecundaria.wordpress.com\/wp-content\/uploads\/2020\/12\/captura-de-pantalla-2020-11-06-a-las-15.04.06.png\" data-orig-size=\"1218,868\" data-comments-opened=\"1\" data-image-meta=\"{&quot;aperture&quot;:&quot;0&quot;,&quot;credit&quot;:&quot;&quot;,&quot;camera&quot;:&quot;&quot;,&quot;caption&quot;:&quot;&quot;,&quot;created_timestamp&quot;:&quot;0&quot;,&quot;copyright&quot;:&quot;&quot;,&quot;focal_length&quot;:&quot;0&quot;,&quot;iso&quot;:&quot;0&quot;,&quot;shutter_speed&quot;:&quot;0&quot;,&quot;title&quot;:&quot;&quot;,&quot;orientation&quot;:&quot;0&quot;}\" data-image-title=\"Captura de pantalla 2020-11-06 a las 15.04.06\" data-image-description=\"\" data-image-caption=\"\" data-medium-file=\"https:\/\/dibujoparasecundaria.wordpress.com\/wp-content\/uploads\/2020\/12\/captura-de-pantalla-2020-11-06-a-las-15.04.06.png?w=300\" data-large-file=\"https:\/\/dibujoparasecundaria.wordpress.com\/wp-content\/uploads\/2020\/12\/captura-de-pantalla-2020-11-06-a-las-15.04.06.png?w=700\"><\/p>\n<p id=\"inline-ad-11\" class=\"inline-ad-slot\" data-adtags-width=\"889\" data-adtags-visited=\"true\">&nbsp;<\/p>\n<p data-adtags-visited=\"true\"><a title=\"L\u00c1MIAN C7. C\u00d3NICA OBLICUA 7\" href=\"https:\/\/dibujoparasecundaria.wordpress.com\/wp-content\/uploads\/2020\/12\/lamian-c7.-conica-oblicua-7.pdf\">L\u00c1MINA C7. C\u00d3NICA OBLICUA 7<\/a><\/p>\n<p data-adtags-visited=\"true\">&nbsp;<\/p>\n<p data-adtags-visited=\"true\"><a href=\"https:\/\/blogsaverroes.juntadeandalucia.es\/franmdibujotecnico\/files\/2026\/03\/431bb37ca7401b8365fec1fd6444bebf.png\"><img loading=\"lazy\" decoding=\"async\" class=\"alignnone wp-image-1658\" src=\"https:\/\/blogsaverroes.juntadeandalucia.es\/franmdibujotecnico\/files\/2026\/03\/431bb37ca7401b8365fec1fd6444bebf-275x300.png\" alt=\"\" width=\"374\" height=\"408\" srcset=\"https:\/\/blogsaverroes.juntadeandalucia.es\/franmdibujotecnico\/files\/2026\/03\/431bb37ca7401b8365fec1fd6444bebf-275x300.png 275w, https:\/\/blogsaverroes.juntadeandalucia.es\/franmdibujotecnico\/files\/2026\/03\/431bb37ca7401b8365fec1fd6444bebf.png 732w\" sizes=\"(max-width: 374px) 100vw, 374px\" \/><\/a><\/p>\n<p data-adtags-visited=\"true\"><a style=\"font-size: 1rem\" href=\"https:\/\/blogsaverroes.juntadeandalucia.es\/franmdibujotecnico\/files\/2026\/03\/de17e42606d5b376af4e89f311026645-scaled.jpg\"><img loading=\"lazy\" decoding=\"async\" class=\"alignnone wp-image-1664\" src=\"https:\/\/blogsaverroes.juntadeandalucia.es\/franmdibujotecnico\/files\/2026\/03\/de17e42606d5b376af4e89f311026645-300x205.jpg\" alt=\"\" width=\"369\" height=\"252\" srcset=\"https:\/\/blogsaverroes.juntadeandalucia.es\/franmdibujotecnico\/files\/2026\/03\/de17e42606d5b376af4e89f311026645-300x205.jpg 300w, https:\/\/blogsaverroes.juntadeandalucia.es\/franmdibujotecnico\/files\/2026\/03\/de17e42606d5b376af4e89f311026645-1024x699.jpg 1024w, https:\/\/blogsaverroes.juntadeandalucia.es\/franmdibujotecnico\/files\/2026\/03\/de17e42606d5b376af4e89f311026645-768x524.jpg 768w, https:\/\/blogsaverroes.juntadeandalucia.es\/franmdibujotecnico\/files\/2026\/03\/de17e42606d5b376af4e89f311026645-1536x1048.jpg 1536w, https:\/\/blogsaverroes.juntadeandalucia.es\/franmdibujotecnico\/files\/2026\/03\/de17e42606d5b376af4e89f311026645-2048x1398.jpg 2048w\" sizes=\"(max-width: 369px) 100vw, 369px\" \/><\/a><\/p>\n<p data-adtags-visited=\"true\"><a style=\"font-size: 1rem\" href=\"https:\/\/blogsaverroes.juntadeandalucia.es\/franmdibujotecnico\/files\/2026\/03\/maxresdefault.jpg\"><img loading=\"lazy\" decoding=\"async\" class=\"alignnone wp-image-1669\" src=\"https:\/\/blogsaverroes.juntadeandalucia.es\/franmdibujotecnico\/files\/2026\/03\/maxresdefault-300x169.jpg\" alt=\"\" width=\"533\" height=\"300\" srcset=\"https:\/\/blogsaverroes.juntadeandalucia.es\/franmdibujotecnico\/files\/2026\/03\/maxresdefault-300x169.jpg 300w, https:\/\/blogsaverroes.juntadeandalucia.es\/franmdibujotecnico\/files\/2026\/03\/maxresdefault-1024x576.jpg 1024w, https:\/\/blogsaverroes.juntadeandalucia.es\/franmdibujotecnico\/files\/2026\/03\/maxresdefault-768x432.jpg 768w, https:\/\/blogsaverroes.juntadeandalucia.es\/franmdibujotecnico\/files\/2026\/03\/maxresdefault.jpg 1280w\" sizes=\"(max-width: 533px) 100vw, 533px\" \/><\/a><\/p>\n<p data-adtags-visited=\"true\">&nbsp;<\/p>\n<p data-adtags-visited=\"true\"><a style=\"font-size: 1rem\" href=\"https:\/\/blogsaverroes.juntadeandalucia.es\/franmdibujotecnico\/files\/2026\/03\/eb6af98477965d321a5fdb7fb1b1d054.jpg\"><img loading=\"lazy\" decoding=\"async\" class=\"alignnone wp-image-1665\" src=\"https:\/\/blogsaverroes.juntadeandalucia.es\/franmdibujotecnico\/files\/2026\/03\/eb6af98477965d321a5fdb7fb1b1d054-207x300.jpg\" alt=\"\" width=\"352\" height=\"510\" srcset=\"https:\/\/blogsaverroes.juntadeandalucia.es\/franmdibujotecnico\/files\/2026\/03\/eb6af98477965d321a5fdb7fb1b1d054-207x300.jpg 207w, https:\/\/blogsaverroes.juntadeandalucia.es\/franmdibujotecnico\/files\/2026\/03\/eb6af98477965d321a5fdb7fb1b1d054.jpg 650w\" sizes=\"(max-width: 352px) 100vw, 352px\" \/><\/a><a style=\"font-size: 1rem\" href=\"https:\/\/blogsaverroes.juntadeandalucia.es\/franmdibujotecnico\/files\/2026\/03\/IMG_3857.jpg\"><img loading=\"lazy\" decoding=\"async\" class=\"alignnone wp-image-1668\" src=\"https:\/\/blogsaverroes.juntadeandalucia.es\/franmdibujotecnico\/files\/2026\/03\/IMG_3857-300x225.jpg\" alt=\"\" width=\"437\" height=\"328\" srcset=\"https:\/\/blogsaverroes.juntadeandalucia.es\/franmdibujotecnico\/files\/2026\/03\/IMG_3857-300x225.jpg 300w, https:\/\/blogsaverroes.juntadeandalucia.es\/franmdibujotecnico\/files\/2026\/03\/IMG_3857-1024x767.jpg 1024w, https:\/\/blogsaverroes.juntadeandalucia.es\/franmdibujotecnico\/files\/2026\/03\/IMG_3857-768x576.jpg 768w, https:\/\/blogsaverroes.juntadeandalucia.es\/franmdibujotecnico\/files\/2026\/03\/IMG_3857-1536x1151.jpg 1536w, https:\/\/blogsaverroes.juntadeandalucia.es\/franmdibujotecnico\/files\/2026\/03\/IMG_3857.jpg 1600w\" sizes=\"(max-width: 437px) 100vw, 437px\" \/><\/a><\/p>\n<p data-adtags-visited=\"true\"><a style=\"font-size: 1rem\" href=\"https:\/\/blogsaverroes.juntadeandalucia.es\/franmdibujotecnico\/files\/2026\/03\/Pconej18.jpg\"><img loading=\"lazy\" decoding=\"async\" class=\"alignnone wp-image-1670\" src=\"https:\/\/blogsaverroes.juntadeandalucia.es\/franmdibujotecnico\/files\/2026\/03\/Pconej18-300x188.jpg\" alt=\"\" width=\"436\" height=\"273\" srcset=\"https:\/\/blogsaverroes.juntadeandalucia.es\/franmdibujotecnico\/files\/2026\/03\/Pconej18-300x188.jpg 300w, https:\/\/blogsaverroes.juntadeandalucia.es\/franmdibujotecnico\/files\/2026\/03\/Pconej18-1024x642.jpg 1024w, https:\/\/blogsaverroes.juntadeandalucia.es\/franmdibujotecnico\/files\/2026\/03\/Pconej18-768x481.jpg 768w, https:\/\/blogsaverroes.juntadeandalucia.es\/franmdibujotecnico\/files\/2026\/03\/Pconej18-1536x963.jpg 1536w, https:\/\/blogsaverroes.juntadeandalucia.es\/franmdibujotecnico\/files\/2026\/03\/Pconej18.jpg 1600w\" sizes=\"(max-width: 436px) 100vw, 436px\" \/><\/a><\/p>\n<p data-adtags-visited=\"true\"><a style=\"font-size: 1rem\" href=\"https:\/\/blogsaverroes.juntadeandalucia.es\/franmdibujotecnico\/files\/2026\/03\/R.jpg\"><img loading=\"lazy\" decoding=\"async\" class=\"alignnone wp-image-1673\" src=\"https:\/\/blogsaverroes.juntadeandalucia.es\/franmdibujotecnico\/files\/2026\/03\/R-300x232.jpg\" alt=\"\" width=\"435\" height=\"337\" srcset=\"https:\/\/blogsaverroes.juntadeandalucia.es\/franmdibujotecnico\/files\/2026\/03\/R-300x232.jpg 300w, https:\/\/blogsaverroes.juntadeandalucia.es\/franmdibujotecnico\/files\/2026\/03\/R-1024x791.jpg 1024w, https:\/\/blogsaverroes.juntadeandalucia.es\/franmdibujotecnico\/files\/2026\/03\/R-768x593.jpg 768w, https:\/\/blogsaverroes.juntadeandalucia.es\/franmdibujotecnico\/files\/2026\/03\/R-1536x1187.jpg 1536w, https:\/\/blogsaverroes.juntadeandalucia.es\/franmdibujotecnico\/files\/2026\/03\/R.jpg 1600w\" sizes=\"(max-width: 435px) 100vw, 435px\" \/><\/a><\/p>\n<p data-adtags-visited=\"true\"><a style=\"font-size: 1rem\" href=\"https:\/\/blogsaverroes.juntadeandalucia.es\/franmdibujotecnico\/files\/2026\/03\/Untitled-52.jpg\"><img loading=\"lazy\" decoding=\"async\" class=\"alignnone wp-image-1674\" src=\"https:\/\/blogsaverroes.juntadeandalucia.es\/franmdibujotecnico\/files\/2026\/03\/Untitled-52-300x210.jpg\" alt=\"\" width=\"430\" height=\"301\" srcset=\"https:\/\/blogsaverroes.juntadeandalucia.es\/franmdibujotecnico\/files\/2026\/03\/Untitled-52-300x210.jpg 300w, https:\/\/blogsaverroes.juntadeandalucia.es\/franmdibujotecnico\/files\/2026\/03\/Untitled-52-1024x717.jpg 1024w, https:\/\/blogsaverroes.juntadeandalucia.es\/franmdibujotecnico\/files\/2026\/03\/Untitled-52-768x538.jpg 768w, https:\/\/blogsaverroes.juntadeandalucia.es\/franmdibujotecnico\/files\/2026\/03\/Untitled-52.jpg 1462w\" sizes=\"(max-width: 430px) 100vw, 430px\" \/><\/a><\/p>\n<p data-adtags-visited=\"true\"><a style=\"font-size: 1rem\" href=\"https:\/\/blogsaverroes.juntadeandalucia.es\/franmdibujotecnico\/files\/2026\/03\/Perspectiva-conica-oblicua-3.jpg\"><img loading=\"lazy\" decoding=\"async\" class=\"alignnone wp-image-1671\" src=\"https:\/\/blogsaverroes.juntadeandalucia.es\/franmdibujotecnico\/files\/2026\/03\/Perspectiva-conica-oblicua-3-300x215.jpg\" alt=\"\" width=\"448\" height=\"321\" srcset=\"https:\/\/blogsaverroes.juntadeandalucia.es\/franmdibujotecnico\/files\/2026\/03\/Perspectiva-conica-oblicua-3-300x215.jpg 300w, https:\/\/blogsaverroes.juntadeandalucia.es\/franmdibujotecnico\/files\/2026\/03\/Perspectiva-conica-oblicua-3-1024x736.jpg 1024w, https:\/\/blogsaverroes.juntadeandalucia.es\/franmdibujotecnico\/files\/2026\/03\/Perspectiva-conica-oblicua-3-768x552.jpg 768w, https:\/\/blogsaverroes.juntadeandalucia.es\/franmdibujotecnico\/files\/2026\/03\/Perspectiva-conica-oblicua-3-1536x1103.jpg 1536w, https:\/\/blogsaverroes.juntadeandalucia.es\/franmdibujotecnico\/files\/2026\/03\/Perspectiva-conica-oblicua-3.jpg 1569w\" sizes=\"(max-width: 448px) 100vw, 448px\" \/><\/a><\/p>\n<p data-adtags-visited=\"true\"><a style=\"font-size: 1rem\" href=\"https:\/\/blogsaverroes.juntadeandalucia.es\/franmdibujotecnico\/files\/2026\/03\/perspectiva-conica-oblicua.jpg\"><img loading=\"lazy\" decoding=\"async\" class=\"alignnone wp-image-1672\" src=\"https:\/\/blogsaverroes.juntadeandalucia.es\/franmdibujotecnico\/files\/2026\/03\/perspectiva-conica-oblicua-300x212.jpg\" alt=\"\" width=\"439\" height=\"310\" srcset=\"https:\/\/blogsaverroes.juntadeandalucia.es\/franmdibujotecnico\/files\/2026\/03\/perspectiva-conica-oblicua-300x212.jpg 300w, https:\/\/blogsaverroes.juntadeandalucia.es\/franmdibujotecnico\/files\/2026\/03\/perspectiva-conica-oblicua-1024x725.jpg 1024w, https:\/\/blogsaverroes.juntadeandalucia.es\/franmdibujotecnico\/files\/2026\/03\/perspectiva-conica-oblicua-768x544.jpg 768w, https:\/\/blogsaverroes.juntadeandalucia.es\/franmdibujotecnico\/files\/2026\/03\/perspectiva-conica-oblicua-1536x1087.jpg 1536w, https:\/\/blogsaverroes.juntadeandalucia.es\/franmdibujotecnico\/files\/2026\/03\/perspectiva-conica-oblicua-2048x1449.jpg 2048w\" sizes=\"(max-width: 439px) 100vw, 439px\" \/><\/a><\/p>\n<p data-adtags-visited=\"true\"><a style=\"font-size: 1rem\" href=\"https:\/\/blogsaverroes.juntadeandalucia.es\/franmdibujotecnico\/files\/2026\/03\/CCI16112016_0002.jpg\"><img loading=\"lazy\" decoding=\"async\" class=\"alignnone wp-image-1663\" src=\"https:\/\/blogsaverroes.juntadeandalucia.es\/franmdibujotecnico\/files\/2026\/03\/CCI16112016_0002-300x210.jpg\" alt=\"\" width=\"421\" height=\"295\" srcset=\"https:\/\/blogsaverroes.juntadeandalucia.es\/franmdibujotecnico\/files\/2026\/03\/CCI16112016_0002-300x210.jpg 300w, https:\/\/blogsaverroes.juntadeandalucia.es\/franmdibujotecnico\/files\/2026\/03\/CCI16112016_0002-1024x718.jpg 1024w, https:\/\/blogsaverroes.juntadeandalucia.es\/franmdibujotecnico\/files\/2026\/03\/CCI16112016_0002-768x539.jpg 768w, https:\/\/blogsaverroes.juntadeandalucia.es\/franmdibujotecnico\/files\/2026\/03\/CCI16112016_0002-1536x1077.jpg 1536w, https:\/\/blogsaverroes.juntadeandalucia.es\/franmdibujotecnico\/files\/2026\/03\/CCI16112016_0002.jpg 1600w\" sizes=\"(max-width: 421px) 100vw, 421px\" \/><\/a><\/p>\n<div id=\"atatags-370373-66ec770c689bc\">&nbsp;<\/div>\n<div id=\"atatags-26942-66ec770c68b3d\" data-adtags-width=\"889\">&nbsp;<\/div>\n<div id=\"jp-post-flair\" class=\"sharedaddy sd-like-enabled sd-sharing-enabled\">\n<div id=\"like-post-wrapper-71749479-734-66ec770c69289\" class=\"sharedaddy sd-block sd-like jetpack-likes-widget-wrapper jetpack-likes-widget-loaded\" data-src=\"\/\/widgets.wp.com\/likes\/index.html?ver=20240919#blog_id=71749479&amp;post_id=734&amp;origin=dibujoparasecundaria.wordpress.com&amp;obj_id=71749479-734-66ec770c69289\" data-name=\"like-post-frame-71749479-734-66ec770c69289\" data-title=\"Me gusta o Compartir\">&nbsp;<\/div>\n<\/div>\n","protected":false},"excerpt":{"rendered":"<p>&nbsp; &nbsp; &nbsp; Geometr\u00eda en la naturaleza &nbsp; El intento por dominar racionalmente el espacio, dio lugar a la Geometr\u00eda. Los griegos,&nbsp; se preocuparon por reflexionar sobre la naturaleza de los n\u00fameros y la geometr\u00eda. Seg\u00fan \u00c1lvarez (2007): La Escuela J\u00f3nica fundada por Tales de Mileto fue la primera en comenzar el estudio cient\u00edfico de &hellip; <\/p>\n<p class=\"link-more\"><a href=\"https:\/\/blogsaverroes.juntadeandalucia.es\/franmdibujotecnico\/dibujo-tecnico-4o-eso\/\" class=\"more-link\">Continuar leyendo<span class=\"screen-reader-text\"> \u00abDIBUJO T\u00c9CNICO 4\u00ba ESO\u00bb<\/span><\/a><\/p>\n","protected":false},"author":8096,"featured_media":0,"parent":0,"menu_order":0,"comment_status":"closed","ping_status":"closed","template":"","meta":{"ngg_post_thumbnail":0,"footnotes":""},"aioseo_notices":[],"_links":{"self":[{"href":"https:\/\/blogsaverroes.juntadeandalucia.es\/franmdibujotecnico\/wp-json\/wp\/v2\/pages\/1475"}],"collection":[{"href":"https:\/\/blogsaverroes.juntadeandalucia.es\/franmdibujotecnico\/wp-json\/wp\/v2\/pages"}],"about":[{"href":"https:\/\/blogsaverroes.juntadeandalucia.es\/franmdibujotecnico\/wp-json\/wp\/v2\/types\/page"}],"author":[{"embeddable":true,"href":"https:\/\/blogsaverroes.juntadeandalucia.es\/franmdibujotecnico\/wp-json\/wp\/v2\/users\/8096"}],"replies":[{"embeddable":true,"href":"https:\/\/blogsaverroes.juntadeandalucia.es\/franmdibujotecnico\/wp-json\/wp\/v2\/comments?post=1475"}],"version-history":[{"count":9,"href":"https:\/\/blogsaverroes.juntadeandalucia.es\/franmdibujotecnico\/wp-json\/wp\/v2\/pages\/1475\/revisions"}],"predecessor-version":[{"id":1679,"href":"https:\/\/blogsaverroes.juntadeandalucia.es\/franmdibujotecnico\/wp-json\/wp\/v2\/pages\/1475\/revisions\/1679"}],"wp:attachment":[{"href":"https:\/\/blogsaverroes.juntadeandalucia.es\/franmdibujotecnico\/wp-json\/wp\/v2\/media?parent=1475"}],"curies":[{"name":"wp","href":"https:\/\/api.w.org\/{rel}","templated":true}]}}