{"id":126,"date":"2017-09-11T09:56:38","date_gmt":"2017-09-11T09:56:38","guid":{"rendered":"http:\/\/www.educacionenmalaga.es\/gbellasartes\/?page_id=126"},"modified":"2024-06-14T13:32:17","modified_gmt":"2024-06-14T11:32:17","slug":"recursosprogramas","status":"publish","type":"page","link":"https:\/\/blogsaverroes.juntadeandalucia.es\/gbellasartesmalaga\/recursosprogramas\/","title":{"rendered":"RECURSOS PROGRAMAS INNOVACI\u00d3N"},"content":{"rendered":"<p>A lo largo de estos a\u00f1os, desde el Gabinete de Bellas Artes de la Delegaci\u00f3n de Desarrollo Educativo y Formaci\u00f3n Profesional de M\u00e1laga ha ido recopilando recursos as\u00ed como dando difusi\u00f3n de las experiencias de \u00e9xito de los centros educativos de nuestra provincia en el marco de los programas de Innovaci\u00f3n Educativa.<\/p>\n<p>Fruto de ello ha sido un extenso banco de publicaciones que hemos decidido agrupar y organizar por \u00e1mbito de conocimiento para situarlo en un lugar m\u00e1s accesible, como es el men\u00fa superior de nuestro blog, organizados en submen\u00fas del mismo.<\/p>\n<p>Esperamos que sea de vuestra utilidad.<\/p>\n<p>&nbsp;<\/p>\n","protected":false},"excerpt":{"rendered":"<p>A lo largo de estos a\u00f1os, desde el Gabinete de Bellas Artes de la Delegaci\u00f3n de Desarrollo Educativo y Formaci\u00f3n Profesional de M\u00e1laga ha ido recopilando recursos as\u00ed como dando difusi\u00f3n de las experiencias&#46;&#46;&#46;<\/p>\n","protected":false},"author":8061,"featured_media":0,"parent":0,"menu_order":0,"comment_status":"closed","ping_status":"closed","template":"","meta":{"ngg_post_thumbnail":0,"footnotes":""},"aioseo_notices":[],"_links":{"self":[{"href":"https:\/\/blogsaverroes.juntadeandalucia.es\/gbellasartesmalaga\/wp-json\/wp\/v2\/pages\/126"}],"collection":[{"href":"https:\/\/blogsaverroes.juntadeandalucia.es\/gbellasartesmalaga\/wp-json\/wp\/v2\/pages"}],"about":[{"href":"https:\/\/blogsaverroes.juntadeandalucia.es\/gbellasartesmalaga\/wp-json\/wp\/v2\/types\/page"}],"author":[{"embeddable":true,"href":"https:\/\/blogsaverroes.juntadeandalucia.es\/gbellasartesmalaga\/wp-json\/wp\/v2\/users\/8061"}],"replies":[{"embeddable":true,"href":"https:\/\/blogsaverroes.juntadeandalucia.es\/gbellasartesmalaga\/wp-json\/wp\/v2\/comments?post=126"}],"version-history":[{"count":9,"href":"https:\/\/blogsaverroes.juntadeandalucia.es\/gbellasartesmalaga\/wp-json\/wp\/v2\/pages\/126\/revisions"}],"predecessor-version":[{"id":13171,"href":"https:\/\/blogsaverroes.juntadeandalucia.es\/gbellasartesmalaga\/wp-json\/wp\/v2\/pages\/126\/revisions\/13171"}],"wp:attachment":[{"href":"https:\/\/blogsaverroes.juntadeandalucia.es\/gbellasartesmalaga\/wp-json\/wp\/v2\/media?parent=126"}],"curies":[{"name":"wp","href":"https:\/\/api.w.org\/{rel}","templated":true}]}}