{"id":13162,"date":"2024-06-14T13:24:05","date_gmt":"2024-06-14T11:24:05","guid":{"rendered":"https:\/\/blogsaverroes.juntadeandalucia.es\/gbellasartesmalaga\/?page_id=13162"},"modified":"2024-07-02T09:10:01","modified_gmt":"2024-07-02T07:10:01","slug":"cultura-emprendedora","status":"publish","type":"page","link":"https:\/\/blogsaverroes.juntadeandalucia.es\/gbellasartesmalaga\/cultura-emprendedora\/","title":{"rendered":"CULTURA EMPRENDEDORA"},"content":{"rendered":"<h1><img loading=\"lazy\" decoding=\"async\" class=\"alignleft size-large wp-image-13137\" src=\"https:\/\/blogsaverroes.juntadeandalucia.es\/gbellasartesmalaga\/files\/2024\/06\/About-World-Heritage-Day7-1024x256.png\" alt=\"\" width=\"1024\" height=\"256\" srcset=\"https:\/\/blogsaverroes.juntadeandalucia.es\/gbellasartesmalaga\/files\/2024\/06\/About-World-Heritage-Day7-1024x256.png 1024w, https:\/\/blogsaverroes.juntadeandalucia.es\/gbellasartesmalaga\/files\/2024\/06\/About-World-Heritage-Day7-300x75.png 300w, https:\/\/blogsaverroes.juntadeandalucia.es\/gbellasartesmalaga\/files\/2024\/06\/About-World-Heritage-Day7-150x37.png 150w, https:\/\/blogsaverroes.juntadeandalucia.es\/gbellasartesmalaga\/files\/2024\/06\/About-World-Heritage-Day7-768x192.png 768w, https:\/\/blogsaverroes.juntadeandalucia.es\/gbellasartesmalaga\/files\/2024\/06\/About-World-Heritage-Day7-1536x384.png 1536w, https:\/\/blogsaverroes.juntadeandalucia.es\/gbellasartesmalaga\/files\/2024\/06\/About-World-Heritage-Day7-2048x512.png 2048w\" sizes=\"(max-width: 1024px) 100vw, 1024px\" \/><\/h1>\n<blockquote class=\"wp-embedded-content\" data-secret=\"s3mWiHbVeh\"><p><a href=\"https:\/\/blogsaverroes.juntadeandalucia.es\/gbellasartesmalaga\/2023\/11\/30\/programa-finanzas-para-jovenes-cultura-emprendedora\/\">Programa Finanzas para J\u00f3venes. Cultura Emprendedora.<\/a><\/p><\/blockquote>\n<p><iframe class=\"wp-embedded-content\" sandbox=\"allow-scripts\" security=\"restricted\" style=\"position: absolute; clip: rect(1px, 1px, 1px, 1px);\" title=\"\u00abPrograma Finanzas para J\u00f3venes. Cultura Emprendedora.\u00bb \u2014 Gabinete de Bellas Artes de M\u00e1laga\" src=\"https:\/\/blogsaverroes.juntadeandalucia.es\/gbellasartesmalaga\/2023\/11\/30\/programa-finanzas-para-jovenes-cultura-emprendedora\/embed\/#?secret=dqANlE1e0X#?secret=s3mWiHbVeh\" data-secret=\"s3mWiHbVeh\" width=\"500\" height=\"282\" frameborder=\"0\" marginwidth=\"0\" marginheight=\"0\" scrolling=\"no\"><\/iframe><\/p>\n<blockquote class=\"wp-embedded-content\" data-secret=\"mLL82ZomC8\"><p><a href=\"https:\/\/blogsaverroes.juntadeandalucia.es\/gbellasartesmalaga\/2024\/03\/05\/el-turismo-es-bueno-cuidemoslo-charlas-gratuitas-a-centros-de-primaria-para-concienciar-de-la-importancia-del-turismo\/\">&#8220;El turismo es bueno.!Cuid\u00e9moslo!&#8221;. Charlas gratuitas a centros de Primaria para concienciar de la importancia del turismo.<\/a><\/p><\/blockquote>\n<p><iframe class=\"wp-embedded-content\" sandbox=\"allow-scripts\" security=\"restricted\" style=\"position: absolute; clip: rect(1px, 1px, 1px, 1px);\" title=\"\u00ab&#8220;El turismo es bueno.!Cuid\u00e9moslo!&#8221;. Charlas gratuitas a centros de Primaria para concienciar de la importancia del turismo.\u00bb \u2014 Gabinete de Bellas Artes de M\u00e1laga\" src=\"https:\/\/blogsaverroes.juntadeandalucia.es\/gbellasartesmalaga\/2024\/03\/05\/el-turismo-es-bueno-cuidemoslo-charlas-gratuitas-a-centros-de-primaria-para-concienciar-de-la-importancia-del-turismo\/embed\/#?secret=hGEPGIg4t0#?secret=mLL82ZomC8\" data-secret=\"mLL82ZomC8\" width=\"500\" height=\"282\" frameborder=\"0\" marginwidth=\"0\" marginheight=\"0\" scrolling=\"no\"><\/iframe><\/p>\n<blockquote class=\"wp-embedded-content\" data-secret=\"ugBjvVt1Dr\"><p><a href=\"https:\/\/blogsaverroes.juntadeandalucia.es\/gbellasartesmalaga\/2023\/01\/30\/oleoturismo-en-el-ceip-san-agustin-de-la-localidad-de-el-burgo\/\">Oleoturismo en el CEIP San Agust\u00edn de la localidad de El Burgo<\/a><\/p><\/blockquote>\n<p><iframe class=\"wp-embedded-content\" sandbox=\"allow-scripts\" security=\"restricted\" style=\"position: absolute; clip: rect(1px, 1px, 1px, 1px);\" title=\"\u00abOleoturismo en el CEIP San Agust\u00edn de la localidad de El Burgo\u00bb \u2014 Gabinete de Bellas Artes de M\u00e1laga\" src=\"https:\/\/blogsaverroes.juntadeandalucia.es\/gbellasartesmalaga\/2023\/01\/30\/oleoturismo-en-el-ceip-san-agustin-de-la-localidad-de-el-burgo\/embed\/#?secret=dsXiUaMbNo#?secret=ugBjvVt1Dr\" data-secret=\"ugBjvVt1Dr\" width=\"500\" height=\"282\" frameborder=\"0\" marginwidth=\"0\" marginheight=\"0\" scrolling=\"no\"><\/iframe><\/p>\n<blockquote class=\"wp-embedded-content\" data-secret=\"D1tu0oFtAh\"><p><a href=\"https:\/\/blogsaverroes.juntadeandalucia.es\/gbellasartesmalaga\/2018\/06\/06\/guia-de-turismo-industrial-en-la-provincia-de-malaga\/\">Gu\u00eda de Turismo Industrial en la Provincia de M\u00e1laga<\/a><\/p><\/blockquote>\n<p><iframe class=\"wp-embedded-content\" sandbox=\"allow-scripts\" security=\"restricted\" style=\"position: absolute; clip: rect(1px, 1px, 1px, 1px);\" title=\"\u00abGu\u00eda de Turismo Industrial en la Provincia de M\u00e1laga\u00bb \u2014 Gabinete de Bellas Artes de M\u00e1laga\" src=\"https:\/\/blogsaverroes.juntadeandalucia.es\/gbellasartesmalaga\/2018\/06\/06\/guia-de-turismo-industrial-en-la-provincia-de-malaga\/embed\/#?secret=qZTy4SEVxK#?secret=D1tu0oFtAh\" data-secret=\"D1tu0oFtAh\" width=\"500\" height=\"282\" frameborder=\"0\" marginwidth=\"0\" marginheight=\"0\" scrolling=\"no\"><\/iframe><\/p>\n<blockquote class=\"wp-embedded-content\" data-secret=\"VoI39FgX9A\"><p><a href=\"https:\/\/blogsaverroes.juntadeandalucia.es\/gbellasartesmalaga\/2023\/10\/16\/el-gran-quiz-para-celebrar-el-dia-de-la-empresa-andaluza\/\">\u201cEl Gran Quiz\u201d para celebrar el D\u00eda de la Empresa Andaluza<\/a><\/p><\/blockquote>\n<p><iframe class=\"wp-embedded-content\" sandbox=\"allow-scripts\" security=\"restricted\" style=\"position: absolute; clip: rect(1px, 1px, 1px, 1px);\" title=\"\u00ab\u201cEl Gran Quiz\u201d para celebrar el D\u00eda de la Empresa Andaluza\u00bb \u2014 Gabinete de Bellas Artes de M\u00e1laga\" src=\"https:\/\/blogsaverroes.juntadeandalucia.es\/gbellasartesmalaga\/2023\/10\/16\/el-gran-quiz-para-celebrar-el-dia-de-la-empresa-andaluza\/embed\/#?secret=rm6ShN51Kd#?secret=VoI39FgX9A\" data-secret=\"VoI39FgX9A\" width=\"500\" height=\"282\" frameborder=\"0\" marginwidth=\"0\" marginheight=\"0\" scrolling=\"no\"><\/iframe><\/p>\n<blockquote class=\"wp-embedded-content\" data-secret=\"CQYuX9M8xx\"><p><a href=\"https:\/\/blogsaverroes.juntadeandalucia.es\/gbellasartesmalaga\/2023\/09\/26\/publicada-la-instruccion-para-la-celebracion-del-dia-de-la-empresa-andaluza-en-los-centros-docentes-de-la-comunidad-autonoma\/\">Publicada la Instrucci\u00f3n para la Celebraci\u00f3n del D\u00eda de la Empresa Andaluza en los Centros Docentes de la Comunidad Aut\u00f3noma<\/a><\/p><\/blockquote>\n<p><iframe class=\"wp-embedded-content\" sandbox=\"allow-scripts\" security=\"restricted\" style=\"position: absolute; clip: rect(1px, 1px, 1px, 1px);\" title=\"\u00abPublicada la Instrucci\u00f3n para la Celebraci\u00f3n del D\u00eda de la Empresa Andaluza en los Centros Docentes de la Comunidad Aut\u00f3noma\u00bb \u2014 Gabinete de Bellas Artes de M\u00e1laga\" src=\"https:\/\/blogsaverroes.juntadeandalucia.es\/gbellasartesmalaga\/2023\/09\/26\/publicada-la-instruccion-para-la-celebracion-del-dia-de-la-empresa-andaluza-en-los-centros-docentes-de-la-comunidad-autonoma\/embed\/#?secret=UUahnaaxaB#?secret=CQYuX9M8xx\" data-secret=\"CQYuX9M8xx\" width=\"500\" height=\"282\" frameborder=\"0\" marginwidth=\"0\" marginheight=\"0\" scrolling=\"no\"><\/iframe><\/p>\n<blockquote class=\"wp-embedded-content\" data-secret=\"scQ9yoK29h\"><p><a href=\"https:\/\/blogsaverroes.juntadeandalucia.es\/gbellasartesmalaga\/2020\/09\/17\/webinarprogramas-para-la-innovacion-educativa-taller-creatividad-en-tiempos-de-crisis\/\">Webinar+Programas para la Innovaci\u00f3n Educativa: Taller &#8220;Creatividad en tiempos de crisis &#8220;<\/a><\/p><\/blockquote>\n<p><iframe class=\"wp-embedded-content\" sandbox=\"allow-scripts\" security=\"restricted\" style=\"position: absolute; clip: rect(1px, 1px, 1px, 1px);\" title=\"\u00abWebinar+Programas para la Innovaci\u00f3n Educativa: Taller &#8220;Creatividad en tiempos de crisis &#8220;\u00bb \u2014 Gabinete de Bellas Artes de M\u00e1laga\" src=\"https:\/\/blogsaverroes.juntadeandalucia.es\/gbellasartesmalaga\/2020\/09\/17\/webinarprogramas-para-la-innovacion-educativa-taller-creatividad-en-tiempos-de-crisis\/embed\/#?secret=DlUxSbzMke#?secret=scQ9yoK29h\" data-secret=\"scQ9yoK29h\" width=\"500\" height=\"282\" frameborder=\"0\" marginwidth=\"0\" marginheight=\"0\" scrolling=\"no\"><\/iframe><\/p>\n<blockquote class=\"wp-embedded-content\" data-secret=\"Gx06cqxBeL\"><p><a href=\"https:\/\/blogsaverroes.juntadeandalucia.es\/gbellasartesmalaga\/2024\/04\/10\/talleres-educativos-dias-europeos-de-la-artesania-del-2-al-7-de-abril-tradicion-y-modernidad\/\">Talleres educativos D\u00edas Europeos de la Artesan\u00eda ( del 2 al 7 de abril). Tradici\u00f3n y modernidad.<\/a><\/p><\/blockquote>\n<p><iframe class=\"wp-embedded-content\" sandbox=\"allow-scripts\" security=\"restricted\" style=\"position: absolute; clip: rect(1px, 1px, 1px, 1px);\" title=\"\u00abTalleres educativos D\u00edas Europeos de la Artesan\u00eda ( del 2 al 7 de abril). Tradici\u00f3n y modernidad.\u00bb \u2014 Gabinete de Bellas Artes de M\u00e1laga\" src=\"https:\/\/blogsaverroes.juntadeandalucia.es\/gbellasartesmalaga\/2024\/04\/10\/talleres-educativos-dias-europeos-de-la-artesania-del-2-al-7-de-abril-tradicion-y-modernidad\/embed\/#?secret=N2W7TGl48B#?secret=Gx06cqxBeL\" data-secret=\"Gx06cqxBeL\" width=\"500\" height=\"282\" frameborder=\"0\" marginwidth=\"0\" marginheight=\"0\" scrolling=\"no\"><\/iframe><\/p>\n<blockquote class=\"wp-embedded-content\" data-secret=\"C5YRF5JadA\"><p><a href=\"https:\/\/blogsaverroes.juntadeandalucia.es\/gbellasartesmalaga\/2023\/09\/19\/empoderalive-2023\/\">EmpoderaLive 2023<\/a><\/p><\/blockquote>\n<p><iframe class=\"wp-embedded-content\" sandbox=\"allow-scripts\" security=\"restricted\" style=\"position: absolute; clip: rect(1px, 1px, 1px, 1px);\" title=\"\u00abEmpoderaLive 2023\u00bb \u2014 Gabinete de Bellas Artes de M\u00e1laga\" src=\"https:\/\/blogsaverroes.juntadeandalucia.es\/gbellasartesmalaga\/2023\/09\/19\/empoderalive-2023\/embed\/#?secret=surYzJ1HPs#?secret=C5YRF5JadA\" data-secret=\"C5YRF5JadA\" width=\"500\" height=\"282\" frameborder=\"0\" marginwidth=\"0\" marginheight=\"0\" scrolling=\"no\"><\/iframe><\/p>\n<p>&nbsp;<\/p>\n","protected":false},"excerpt":{"rendered":"<p>Programa Finanzas para J\u00f3venes. Cultura Emprendedora. &#8220;El turismo es bueno.!Cuid\u00e9moslo!&#8221;. Charlas gratuitas a centros de Primaria para concienciar de la importancia del turismo. Oleoturismo en el CEIP San Agust\u00edn de la localidad de El&#46;&#46;&#46;<\/p>\n","protected":false},"author":8061,"featured_media":0,"parent":0,"menu_order":0,"comment_status":"closed","ping_status":"closed","template":"","meta":{"ngg_post_thumbnail":0,"footnotes":""},"aioseo_notices":[],"_links":{"self":[{"href":"https:\/\/blogsaverroes.juntadeandalucia.es\/gbellasartesmalaga\/wp-json\/wp\/v2\/pages\/13162"}],"collection":[{"href":"https:\/\/blogsaverroes.juntadeandalucia.es\/gbellasartesmalaga\/wp-json\/wp\/v2\/pages"}],"about":[{"href":"https:\/\/blogsaverroes.juntadeandalucia.es\/gbellasartesmalaga\/wp-json\/wp\/v2\/types\/page"}],"author":[{"embeddable":true,"href":"https:\/\/blogsaverroes.juntadeandalucia.es\/gbellasartesmalaga\/wp-json\/wp\/v2\/users\/8061"}],"replies":[{"embeddable":true,"href":"https:\/\/blogsaverroes.juntadeandalucia.es\/gbellasartesmalaga\/wp-json\/wp\/v2\/comments?post=13162"}],"version-history":[{"count":4,"href":"https:\/\/blogsaverroes.juntadeandalucia.es\/gbellasartesmalaga\/wp-json\/wp\/v2\/pages\/13162\/revisions"}],"predecessor-version":[{"id":13243,"href":"https:\/\/blogsaverroes.juntadeandalucia.es\/gbellasartesmalaga\/wp-json\/wp\/v2\/pages\/13162\/revisions\/13243"}],"wp:attachment":[{"href":"https:\/\/blogsaverroes.juntadeandalucia.es\/gbellasartesmalaga\/wp-json\/wp\/v2\/media?parent=13162"}],"curies":[{"name":"wp","href":"https:\/\/api.w.org\/{rel}","templated":true}]}}