{"id":13169,"date":"2024-06-14T13:26:28","date_gmt":"2024-06-14T11:26:28","guid":{"rendered":"https:\/\/blogsaverroes.juntadeandalucia.es\/gbellasartesmalaga\/?page_id=13169"},"modified":"2025-02-18T12:05:11","modified_gmt":"2025-02-18T11:05:11","slug":"igualdad","status":"publish","type":"page","link":"https:\/\/blogsaverroes.juntadeandalucia.es\/gbellasartesmalaga\/igualdad\/","title":{"rendered":"IGUALDAD"},"content":{"rendered":"<p><img loading=\"lazy\" decoding=\"async\" class=\"size-large wp-image-13134 aligncenter\" src=\"https:\/\/blogsaverroes.juntadeandalucia.es\/gbellasartesmalaga\/files\/2024\/06\/About-World-Heritage-Day6-1024x256.png\" alt=\"\" width=\"1024\" height=\"256\" srcset=\"https:\/\/blogsaverroes.juntadeandalucia.es\/gbellasartesmalaga\/files\/2024\/06\/About-World-Heritage-Day6-1024x256.png 1024w, https:\/\/blogsaverroes.juntadeandalucia.es\/gbellasartesmalaga\/files\/2024\/06\/About-World-Heritage-Day6-300x75.png 300w, https:\/\/blogsaverroes.juntadeandalucia.es\/gbellasartesmalaga\/files\/2024\/06\/About-World-Heritage-Day6-150x37.png 150w, https:\/\/blogsaverroes.juntadeandalucia.es\/gbellasartesmalaga\/files\/2024\/06\/About-World-Heritage-Day6-768x192.png 768w, https:\/\/blogsaverroes.juntadeandalucia.es\/gbellasartesmalaga\/files\/2024\/06\/About-World-Heritage-Day6-1536x384.png 1536w, https:\/\/blogsaverroes.juntadeandalucia.es\/gbellasartesmalaga\/files\/2024\/06\/About-World-Heritage-Day6-2048x512.png 2048w\" sizes=\"(max-width: 1024px) 100vw, 1024px\" \/><\/p>\n<h1 class=\"post-title entry-title\">IGUALDAD<\/h1>\n<blockquote class=\"wp-embedded-content\" data-secret=\"DcFDHeXkdh\"><p><a href=\"https:\/\/blogsaverroes.juntadeandalucia.es\/gbellasartesmalaga\/2021\/02\/09\/mujeres-cientificas-y-el-cine\/\">Mujeres cient\u00edficas y el cine<\/a><\/p><\/blockquote>\n<p><iframe class=\"wp-embedded-content\" sandbox=\"allow-scripts\" security=\"restricted\" style=\"position: absolute; clip: rect(1px, 1px, 1px, 1px);\" title=\"\u00abMujeres cient\u00edficas y el cine\u00bb \u2014 Gabinete de Bellas Artes de M\u00e1laga\" src=\"https:\/\/blogsaverroes.juntadeandalucia.es\/gbellasartesmalaga\/2021\/02\/09\/mujeres-cientificas-y-el-cine\/embed\/#?secret=t0RRICUmjn#?secret=DcFDHeXkdh\" data-secret=\"DcFDHeXkdh\" width=\"500\" height=\"282\" frameborder=\"0\" marginwidth=\"0\" marginheight=\"0\" scrolling=\"no\"><\/iframe><\/p>\n<blockquote class=\"wp-embedded-content\" data-secret=\"B9HToMwZ5Z\"><p><a href=\"https:\/\/blogsaverroes.juntadeandalucia.es\/gbellasartesmalaga\/2020\/04\/16\/mujeres-con-historia-michaela-deprince\/\">Mujeres con Historia: Michaela Deprince.<\/a><\/p><\/blockquote>\n<p><iframe class=\"wp-embedded-content\" sandbox=\"allow-scripts\" security=\"restricted\" style=\"position: absolute; clip: rect(1px, 1px, 1px, 1px);\" title=\"\u00abMujeres con Historia: Michaela Deprince.\u00bb \u2014 Gabinete de Bellas Artes de M\u00e1laga\" src=\"https:\/\/blogsaverroes.juntadeandalucia.es\/gbellasartesmalaga\/2020\/04\/16\/mujeres-con-historia-michaela-deprince\/embed\/#?secret=UeKF9uS7Ez#?secret=B9HToMwZ5Z\" data-secret=\"B9HToMwZ5Z\" width=\"500\" height=\"282\" frameborder=\"0\" marginwidth=\"0\" marginheight=\"0\" scrolling=\"no\"><\/iframe><\/p>\n<p>https:\/\/code.intef.es\/noticias\/recursos-educativos-digitales-de-airbus-foundation\/<\/p>\n<p>&nbsp;<\/p>\n<p>&nbsp;<\/p>\n<blockquote class=\"wp-embedded-content\" data-secret=\"WoNjoXe2V7\"><p><a href=\"https:\/\/blogsaverroes.juntadeandalucia.es\/gbellasartesmalaga\/2019\/03\/08\/el-arte-prohibido-de-las-mujeres\/\">El arte prohibido de las mujeres.<\/a><\/p><\/blockquote>\n<p><iframe class=\"wp-embedded-content\" sandbox=\"allow-scripts\" security=\"restricted\" style=\"position: absolute; clip: rect(1px, 1px, 1px, 1px);\" title=\"\u00abEl arte prohibido de las mujeres.\u00bb \u2014 Gabinete de Bellas Artes de M\u00e1laga\" src=\"https:\/\/blogsaverroes.juntadeandalucia.es\/gbellasartesmalaga\/2019\/03\/08\/el-arte-prohibido-de-las-mujeres\/embed\/#?secret=Bf9mUoWCxZ#?secret=WoNjoXe2V7\" data-secret=\"WoNjoXe2V7\" width=\"500\" height=\"282\" frameborder=\"0\" marginwidth=\"0\" marginheight=\"0\" scrolling=\"no\"><\/iframe><\/p>\n<blockquote class=\"wp-embedded-content\" data-secret=\"EQNXL4npRO\"><p><a href=\"https:\/\/blogsaverroes.juntadeandalucia.es\/gbellasartesmalaga\/2017\/12\/07\/la-mujer-en-la-historia-del-ajedrez\/\">La mujer en la Historia del Ajedrez<\/a><\/p><\/blockquote>\n<p><iframe class=\"wp-embedded-content\" sandbox=\"allow-scripts\" security=\"restricted\" style=\"position: absolute; clip: rect(1px, 1px, 1px, 1px);\" title=\"\u00abLa mujer en la Historia del Ajedrez\u00bb \u2014 Gabinete de Bellas Artes de M\u00e1laga\" src=\"https:\/\/blogsaverroes.juntadeandalucia.es\/gbellasartesmalaga\/2017\/12\/07\/la-mujer-en-la-historia-del-ajedrez\/embed\/#?secret=BFy8Y9O2eD#?secret=EQNXL4npRO\" data-secret=\"EQNXL4npRO\" width=\"500\" height=\"282\" frameborder=\"0\" marginwidth=\"0\" marginheight=\"0\" scrolling=\"no\"><\/iframe><\/p>\n<blockquote class=\"wp-embedded-content\" data-secret=\"VTBIDxuctz\"><p><a href=\"https:\/\/blogsaverroes.juntadeandalucia.es\/gbellasartesmalaga\/2024\/03\/06\/tras-las-huellas-de-la-creatividad-femenina-explorando-la-historia-del-arte-a-traves-de-las-mujeres-artistas\/\">Tras las huellas de la creatividad femenina: Explorando la Historia del Arte a trav\u00e9s de las Mujeres Artistas.<\/a><\/p><\/blockquote>\n<p><iframe class=\"wp-embedded-content\" sandbox=\"allow-scripts\" security=\"restricted\" style=\"position: absolute; clip: rect(1px, 1px, 1px, 1px);\" title=\"\u00abTras las huellas de la creatividad femenina: Explorando la Historia del Arte a trav\u00e9s de las Mujeres Artistas.\u00bb \u2014 Gabinete de Bellas Artes de M\u00e1laga\" src=\"https:\/\/blogsaverroes.juntadeandalucia.es\/gbellasartesmalaga\/2024\/03\/06\/tras-las-huellas-de-la-creatividad-femenina-explorando-la-historia-del-arte-a-traves-de-las-mujeres-artistas\/embed\/#?secret=ueUU1B5evu#?secret=VTBIDxuctz\" data-secret=\"VTBIDxuctz\" width=\"500\" height=\"282\" frameborder=\"0\" marginwidth=\"0\" marginheight=\"0\" scrolling=\"no\"><\/iframe><\/p>\n<blockquote class=\"wp-embedded-content\" data-secret=\"J4txfD9jdG\"><p><a href=\"https:\/\/blogsaverroes.juntadeandalucia.es\/gbellasartesmalaga\/2024\/02\/09\/11-de-febrero-2024-dia-internacional-de-la-mujer-y-la-nina-en-la-ciencia\/\">11 de febrero 2024. D\u00eda Internacional de la Mujer y la Ni\u00f1a en la Ciencia.<\/a><\/p><\/blockquote>\n<p><iframe class=\"wp-embedded-content\" sandbox=\"allow-scripts\" security=\"restricted\" style=\"position: absolute; clip: rect(1px, 1px, 1px, 1px);\" title=\"\u00ab11 de febrero 2024. D\u00eda Internacional de la Mujer y la Ni\u00f1a en la Ciencia.\u00bb \u2014 Gabinete de Bellas Artes de M\u00e1laga\" src=\"https:\/\/blogsaverroes.juntadeandalucia.es\/gbellasartesmalaga\/2024\/02\/09\/11-de-febrero-2024-dia-internacional-de-la-mujer-y-la-nina-en-la-ciencia\/embed\/#?secret=cjorjKOTz0#?secret=J4txfD9jdG\" data-secret=\"J4txfD9jdG\" width=\"500\" height=\"282\" frameborder=\"0\" marginwidth=\"0\" marginheight=\"0\" scrolling=\"no\"><\/iframe><\/p>\n<blockquote class=\"wp-embedded-content\" data-secret=\"kdlIh6tRit\"><p><a href=\"https:\/\/blogsaverroes.juntadeandalucia.es\/gbellasartesmalaga\/2024\/01\/31\/encuentro-online-con-cientificas-con-motivo-de-la-celebracion-del-dia-de-la-mujer-y-la-nina-en-la-ciencia\/\">Encuentro online con cient\u00edficas con motivo de la celebraci\u00f3n del D\u00eda de la Mujer y la Ni\u00f1a en la Ciencia.<\/a><\/p><\/blockquote>\n<p><iframe class=\"wp-embedded-content\" sandbox=\"allow-scripts\" security=\"restricted\" style=\"position: absolute; clip: rect(1px, 1px, 1px, 1px);\" title=\"\u00abEncuentro online con cient\u00edficas con motivo de la celebraci\u00f3n del D\u00eda de la Mujer y la Ni\u00f1a en la Ciencia.\u00bb \u2014 Gabinete de Bellas Artes de M\u00e1laga\" src=\"https:\/\/blogsaverroes.juntadeandalucia.es\/gbellasartesmalaga\/2024\/01\/31\/encuentro-online-con-cientificas-con-motivo-de-la-celebracion-del-dia-de-la-mujer-y-la-nina-en-la-ciencia\/embed\/#?secret=Q3eRicDxPi#?secret=kdlIh6tRit\" data-secret=\"kdlIh6tRit\" width=\"500\" height=\"282\" frameborder=\"0\" marginwidth=\"0\" marginheight=\"0\" scrolling=\"no\"><\/iframe><\/p>\n<blockquote class=\"wp-embedded-content\" data-secret=\"DWr73aMBz8\"><p><a href=\"https:\/\/blogsaverroes.juntadeandalucia.es\/gbellasartesmalaga\/2023\/03\/29\/legado-del-practicas-no-1-mujeres-relevantes-en-la-formacion-de-maestras-en-malaga\/\">Legado del Pr\u00e1cticas n\u00ba 1: Mujeres relevantes en la formaci\u00f3n de maestras en M\u00e1laga.<\/a><\/p><\/blockquote>\n<p><iframe class=\"wp-embedded-content\" sandbox=\"allow-scripts\" security=\"restricted\" style=\"position: absolute; clip: rect(1px, 1px, 1px, 1px);\" title=\"\u00abLegado del Pr\u00e1cticas n\u00ba 1: Mujeres relevantes en la formaci\u00f3n de maestras en M\u00e1laga.\u00bb \u2014 Gabinete de Bellas Artes de M\u00e1laga\" src=\"https:\/\/blogsaverroes.juntadeandalucia.es\/gbellasartesmalaga\/2023\/03\/29\/legado-del-practicas-no-1-mujeres-relevantes-en-la-formacion-de-maestras-en-malaga\/embed\/#?secret=468kryouNC#?secret=DWr73aMBz8\" data-secret=\"DWr73aMBz8\" width=\"500\" height=\"282\" frameborder=\"0\" marginwidth=\"0\" marginheight=\"0\" scrolling=\"no\"><\/iframe><\/p>\n<blockquote class=\"wp-embedded-content\" data-secret=\"0D9PEYsM6g\"><p><a href=\"https:\/\/blogsaverroes.juntadeandalucia.es\/gbellasartesmalaga\/2021\/05\/25\/vi-seminario-museos-pedagogicos-espacios-culturales-para-la-visibilizacion-de-la-historia-de-la-educacion-de-las-ninas-y-las-mujeres\/\">VI Seminario &#8220;Museos pedag\u00f3gicos, espacios culturales para la visibilizaci\u00f3n de la Historia de la Educaci\u00f3n de las ni\u00f1as y las mujeres&#8221;<\/a><\/p><\/blockquote>\n<p><iframe class=\"wp-embedded-content\" sandbox=\"allow-scripts\" security=\"restricted\" style=\"position: absolute; clip: rect(1px, 1px, 1px, 1px);\" title=\"\u00abVI Seminario &#8220;Museos pedag\u00f3gicos, espacios culturales para la visibilizaci\u00f3n de la Historia de la Educaci\u00f3n de las ni\u00f1as y las mujeres&#8221;\u00bb \u2014 Gabinete de Bellas Artes de M\u00e1laga\" src=\"https:\/\/blogsaverroes.juntadeandalucia.es\/gbellasartesmalaga\/2021\/05\/25\/vi-seminario-museos-pedagogicos-espacios-culturales-para-la-visibilizacion-de-la-historia-de-la-educacion-de-las-ninas-y-las-mujeres\/embed\/#?secret=WmE2P3S37g#?secret=0D9PEYsM6g\" data-secret=\"0D9PEYsM6g\" width=\"500\" height=\"282\" frameborder=\"0\" marginwidth=\"0\" marginheight=\"0\" scrolling=\"no\"><\/iframe><\/p>\n<blockquote class=\"wp-embedded-content\" data-secret=\"OQDLUxkYQ2\"><p><a href=\"https:\/\/blogsaverroes.juntadeandalucia.es\/gbellasartesmalaga\/2021\/03\/23\/historicas-mentiras-sobre-mujeres-historicas-radio-por-el-ceip-el-tejar-de-fuengirola\/\">Hist\u00f3ricas mentiras sobre mujeres hist\u00f3ricas (radio), por el CEIP El Tejar de Fuengirola.<\/a><\/p><\/blockquote>\n<p><iframe class=\"wp-embedded-content\" sandbox=\"allow-scripts\" security=\"restricted\" style=\"position: absolute; clip: rect(1px, 1px, 1px, 1px);\" title=\"\u00abHist\u00f3ricas mentiras sobre mujeres hist\u00f3ricas (radio), por el CEIP El Tejar de Fuengirola.\u00bb \u2014 Gabinete de Bellas Artes de M\u00e1laga\" src=\"https:\/\/blogsaverroes.juntadeandalucia.es\/gbellasartesmalaga\/2021\/03\/23\/historicas-mentiras-sobre-mujeres-historicas-radio-por-el-ceip-el-tejar-de-fuengirola\/embed\/#?secret=GB4RTJvRx2#?secret=OQDLUxkYQ2\" data-secret=\"OQDLUxkYQ2\" width=\"500\" height=\"282\" frameborder=\"0\" marginwidth=\"0\" marginheight=\"0\" scrolling=\"no\"><\/iframe><\/p>\n<blockquote class=\"wp-embedded-content\" data-secret=\"v7UQmDEPpU\"><p><a href=\"https:\/\/blogsaverroes.juntadeandalucia.es\/gbellasartesmalaga\/2020\/11\/24\/sonrisas-escondidas-ceip-cano-cartamon-25-n-dia-internacional-de-la-eliminacion-de-la-violencia-contra-la-mujer\/\">Sonrisas Escondidas. CEIP Cano Cartam\u00f3n. 25-N. D\u00eda Internacional de la Eliminaci\u00f3n de la Violencia contra la Mujer.<\/a><\/p><\/blockquote>\n<p><iframe class=\"wp-embedded-content\" sandbox=\"allow-scripts\" security=\"restricted\" style=\"position: absolute; clip: rect(1px, 1px, 1px, 1px);\" title=\"\u00abSonrisas Escondidas. CEIP Cano Cartam\u00f3n. 25-N. D\u00eda Internacional de la Eliminaci\u00f3n de la Violencia contra la Mujer.\u00bb \u2014 Gabinete de Bellas Artes de M\u00e1laga\" src=\"https:\/\/blogsaverroes.juntadeandalucia.es\/gbellasartesmalaga\/2020\/11\/24\/sonrisas-escondidas-ceip-cano-cartamon-25-n-dia-internacional-de-la-eliminacion-de-la-violencia-contra-la-mujer\/embed\/#?secret=0A11f6hZWl#?secret=v7UQmDEPpU\" data-secret=\"v7UQmDEPpU\" width=\"500\" height=\"282\" frameborder=\"0\" marginwidth=\"0\" marginheight=\"0\" scrolling=\"no\"><\/iframe><\/p>\n<blockquote class=\"wp-embedded-content\" data-secret=\"SyqlQ8tOMA\"><p><a href=\"https:\/\/blogsaverroes.juntadeandalucia.es\/gbellasartesmalaga\/2019\/12\/16\/serie-de-animacion-la-mujer-en-la-ciencia\/\">Serie de animaci\u00f3n \u201cLa mujer en la ciencia\u201d<\/a><\/p><\/blockquote>\n<p><iframe class=\"wp-embedded-content\" sandbox=\"allow-scripts\" security=\"restricted\" style=\"position: absolute; clip: rect(1px, 1px, 1px, 1px);\" title=\"\u00abSerie de animaci\u00f3n \u201cLa mujer en la ciencia\u201d\u00bb \u2014 Gabinete de Bellas Artes de M\u00e1laga\" src=\"https:\/\/blogsaverroes.juntadeandalucia.es\/gbellasartesmalaga\/2019\/12\/16\/serie-de-animacion-la-mujer-en-la-ciencia\/embed\/#?secret=4IK3MIa3HM#?secret=SyqlQ8tOMA\" data-secret=\"SyqlQ8tOMA\" width=\"500\" height=\"282\" frameborder=\"0\" marginwidth=\"0\" marginheight=\"0\" scrolling=\"no\"><\/iframe><\/p>\n<blockquote class=\"wp-embedded-content\" data-secret=\"nQBhbsOLMF\"><p><a href=\"https:\/\/blogsaverroes.juntadeandalucia.es\/gbellasartesmalaga\/2019\/05\/06\/ceptalk-ciencia-grandes-mujeres-para-cambiar-el-mundo\/\">CEPTALK CIENCIA Grandes mujeres para cambiar el mundo.<\/a><\/p><\/blockquote>\n<p><iframe class=\"wp-embedded-content\" sandbox=\"allow-scripts\" security=\"restricted\" style=\"position: absolute; clip: rect(1px, 1px, 1px, 1px);\" title=\"\u00abCEPTALK CIENCIA Grandes mujeres para cambiar el mundo.\u00bb \u2014 Gabinete de Bellas Artes de M\u00e1laga\" src=\"https:\/\/blogsaverroes.juntadeandalucia.es\/gbellasartesmalaga\/2019\/05\/06\/ceptalk-ciencia-grandes-mujeres-para-cambiar-el-mundo\/embed\/#?secret=wNZfu6JZJa#?secret=nQBhbsOLMF\" data-secret=\"nQBhbsOLMF\" width=\"500\" height=\"282\" frameborder=\"0\" marginwidth=\"0\" marginheight=\"0\" scrolling=\"no\"><\/iframe><\/p>\n<blockquote class=\"wp-embedded-content\" data-secret=\"YKVMbpIA4G\"><p><a href=\"https:\/\/blogsaverroes.juntadeandalucia.es\/gbellasartesmalaga\/2019\/04\/04\/perversidad-mujeres-fatales-museo-carmen-thyssen-de-malaga\/\">&#8216;Perversidad. Mujeres fatales&#8217;. Museo Carmen Thyssen de M\u00e1laga.<\/a><\/p><\/blockquote>\n<p><iframe class=\"wp-embedded-content\" sandbox=\"allow-scripts\" security=\"restricted\" style=\"position: absolute; clip: rect(1px, 1px, 1px, 1px);\" title=\"\u00ab&#8216;Perversidad. Mujeres fatales&#8217;. Museo Carmen Thyssen de M\u00e1laga.\u00bb \u2014 Gabinete de Bellas Artes de M\u00e1laga\" src=\"https:\/\/blogsaverroes.juntadeandalucia.es\/gbellasartesmalaga\/2019\/04\/04\/perversidad-mujeres-fatales-museo-carmen-thyssen-de-malaga\/embed\/#?secret=0R1YHQGF85#?secret=YKVMbpIA4G\" data-secret=\"YKVMbpIA4G\" width=\"500\" height=\"282\" frameborder=\"0\" marginwidth=\"0\" marginheight=\"0\" scrolling=\"no\"><\/iframe><\/p>\n<blockquote class=\"wp-embedded-content\" data-secret=\"9RRlEeZUys\"><p><a href=\"https:\/\/blogsaverroes.juntadeandalucia.es\/gbellasartesmalaga\/2019\/03\/22\/las-mujeres-de-lorca-en-el-ies-monterroso-estepona\/\">Las mujeres de Lorca, en el IES Monterroso ( Estepona )<\/a><\/p><\/blockquote>\n<p><iframe class=\"wp-embedded-content\" sandbox=\"allow-scripts\" security=\"restricted\" style=\"position: absolute; clip: rect(1px, 1px, 1px, 1px);\" title=\"\u00abLas mujeres de Lorca, en el IES Monterroso ( Estepona )\u00bb \u2014 Gabinete de Bellas Artes de M\u00e1laga\" src=\"https:\/\/blogsaverroes.juntadeandalucia.es\/gbellasartesmalaga\/2019\/03\/22\/las-mujeres-de-lorca-en-el-ies-monterroso-estepona\/embed\/#?secret=X3LatM2mtg#?secret=9RRlEeZUys\" data-secret=\"9RRlEeZUys\" width=\"500\" height=\"282\" frameborder=\"0\" marginwidth=\"0\" marginheight=\"0\" scrolling=\"no\"><\/iframe><\/p>\n<blockquote class=\"wp-embedded-content\" data-secret=\"8j1CSHkBN4\"><p><a href=\"https:\/\/blogsaverroes.juntadeandalucia.es\/gbellasartesmalaga\/2018\/06\/06\/recursos-didacticos-para-celebrar-la-memoria-historica\/\">La Mujer desde la Rep\u00fablica a la actualidad. Actividades para el 14 de junio, D\u00eda de la Memoria Hist\u00f3rica.<\/a><\/p><\/blockquote>\n<p><iframe class=\"wp-embedded-content\" sandbox=\"allow-scripts\" security=\"restricted\" style=\"position: absolute; clip: rect(1px, 1px, 1px, 1px);\" title=\"\u00abLa Mujer desde la Rep\u00fablica a la actualidad. Actividades para el 14 de junio, D\u00eda de la Memoria Hist\u00f3rica.\u00bb \u2014 Gabinete de Bellas Artes de M\u00e1laga\" src=\"https:\/\/blogsaverroes.juntadeandalucia.es\/gbellasartesmalaga\/2018\/06\/06\/recursos-didacticos-para-celebrar-la-memoria-historica\/embed\/#?secret=Cg3LElBoto#?secret=8j1CSHkBN4\" data-secret=\"8j1CSHkBN4\" width=\"500\" height=\"282\" frameborder=\"0\" marginwidth=\"0\" marginheight=\"0\" scrolling=\"no\"><\/iframe><\/p>\n<blockquote class=\"wp-embedded-content\" data-secret=\"x1aeCvu1WZ\"><p><a href=\"https:\/\/blogsaverroes.juntadeandalucia.es\/gbellasartesmalaga\/2023\/12\/21\/x-jornada-cientifica-del-ies-pedro-espinosa-mi-amiga-la-ciencia\/\">X Jornada Cient\u00edfica del IES \u201cPedro Espinosa\u201d: Mi Amiga la Ciencia<\/a><\/p><\/blockquote>\n<p><iframe class=\"wp-embedded-content\" sandbox=\"allow-scripts\" security=\"restricted\" style=\"position: absolute; clip: rect(1px, 1px, 1px, 1px);\" title=\"\u00abX Jornada Cient\u00edfica del IES \u201cPedro Espinosa\u201d: Mi Amiga la Ciencia\u00bb \u2014 Gabinete de Bellas Artes de M\u00e1laga\" src=\"https:\/\/blogsaverroes.juntadeandalucia.es\/gbellasartesmalaga\/2023\/12\/21\/x-jornada-cientifica-del-ies-pedro-espinosa-mi-amiga-la-ciencia\/embed\/#?secret=YTUCHGQlBv#?secret=x1aeCvu1WZ\" data-secret=\"x1aeCvu1WZ\" width=\"500\" height=\"282\" frameborder=\"0\" marginwidth=\"0\" marginheight=\"0\" scrolling=\"no\"><\/iframe><\/p>\n<blockquote class=\"wp-embedded-content\" data-secret=\"yGSinvK4JC\"><p><a href=\"https:\/\/blogsaverroes.juntadeandalucia.es\/gbellasartesmalaga\/2022\/05\/23\/proyecto-callejeras-por-el-ies-valle-del-azahar\/\">Proyecto &#8220;Callejeras&#8221; por el IES Valle del Azahar<\/a><\/p><\/blockquote>\n<p><iframe class=\"wp-embedded-content\" sandbox=\"allow-scripts\" security=\"restricted\" style=\"position: absolute; clip: rect(1px, 1px, 1px, 1px);\" title=\"\u00abProyecto &#8220;Callejeras&#8221; por el IES Valle del Azahar\u00bb \u2014 Gabinete de Bellas Artes de M\u00e1laga\" src=\"https:\/\/blogsaverroes.juntadeandalucia.es\/gbellasartesmalaga\/2022\/05\/23\/proyecto-callejeras-por-el-ies-valle-del-azahar\/embed\/#?secret=MvQugnVZ7S#?secret=yGSinvK4JC\" data-secret=\"yGSinvK4JC\" width=\"500\" height=\"282\" frameborder=\"0\" marginwidth=\"0\" marginheight=\"0\" scrolling=\"no\"><\/iframe><\/p>\n<blockquote class=\"wp-embedded-content\" data-secret=\"RyWN4GVei2\"><p><a href=\"https:\/\/blogsaverroes.juntadeandalucia.es\/gbellasartesmalaga\/2022\/05\/06\/maria-zambrano-y-sentir-el-patrimonio-por-el-ceip-juan-herrera-alcausa\/\">Mar\u00eda Zambrano y sentir el patrimonio, por el CEIP Juan Herrera Alcausa<\/a><\/p><\/blockquote>\n<p><iframe class=\"wp-embedded-content\" sandbox=\"allow-scripts\" security=\"restricted\" style=\"position: absolute; clip: rect(1px, 1px, 1px, 1px);\" title=\"\u00abMar\u00eda Zambrano y sentir el patrimonio, por el CEIP Juan Herrera Alcausa\u00bb \u2014 Gabinete de Bellas Artes de M\u00e1laga\" src=\"https:\/\/blogsaverroes.juntadeandalucia.es\/gbellasartesmalaga\/2022\/05\/06\/maria-zambrano-y-sentir-el-patrimonio-por-el-ceip-juan-herrera-alcausa\/embed\/#?secret=f3WYweyPxF#?secret=RyWN4GVei2\" data-secret=\"RyWN4GVei2\" width=\"500\" height=\"282\" frameborder=\"0\" marginwidth=\"0\" marginheight=\"0\" scrolling=\"no\"><\/iframe><\/p>\n<blockquote class=\"wp-embedded-content\" data-secret=\"1hz4gxbjtJ\"><p><a href=\"https:\/\/blogsaverroes.juntadeandalucia.es\/gbellasartesmalaga\/2022\/03\/15\/exposicion-fotografica-bailando-con-flores-en-el-ies-canovas-del-castillo\/\">Exposici\u00f3n fotogr\u00e1fica &#8220;Bailando con flores&#8221; en el IES C\u00e1novas del Castillo<\/a><\/p><\/blockquote>\n<p><iframe class=\"wp-embedded-content\" sandbox=\"allow-scripts\" security=\"restricted\" style=\"position: absolute; clip: rect(1px, 1px, 1px, 1px);\" title=\"\u00abExposici\u00f3n fotogr\u00e1fica &#8220;Bailando con flores&#8221; en el IES C\u00e1novas del Castillo\u00bb \u2014 Gabinete de Bellas Artes de M\u00e1laga\" src=\"https:\/\/blogsaverroes.juntadeandalucia.es\/gbellasartesmalaga\/2022\/03\/15\/exposicion-fotografica-bailando-con-flores-en-el-ies-canovas-del-castillo\/embed\/#?secret=SYOCpWxvFc#?secret=1hz4gxbjtJ\" data-secret=\"1hz4gxbjtJ\" width=\"500\" height=\"282\" frameborder=\"0\" marginwidth=\"0\" marginheight=\"0\" scrolling=\"no\"><\/iframe><\/p>\n<blockquote class=\"wp-embedded-content\" data-secret=\"evrHcg9e7f\"><p><a href=\"https:\/\/blogsaverroes.juntadeandalucia.es\/gbellasartesmalaga\/2022\/03\/08\/el-feminismo-llega-a-la-escuela-por-el-ies-alfaguar-de-torrox\/\">&#8220;El feminismo llega a la escuela&#8221;, por el IES Alfaguar de Torrox<\/a><\/p><\/blockquote>\n<p><iframe class=\"wp-embedded-content\" sandbox=\"allow-scripts\" security=\"restricted\" style=\"position: absolute; clip: rect(1px, 1px, 1px, 1px);\" title=\"\u00ab&#8220;El feminismo llega a la escuela&#8221;, por el IES Alfaguar de Torrox\u00bb \u2014 Gabinete de Bellas Artes de M\u00e1laga\" src=\"https:\/\/blogsaverroes.juntadeandalucia.es\/gbellasartesmalaga\/2022\/03\/08\/el-feminismo-llega-a-la-escuela-por-el-ies-alfaguar-de-torrox\/embed\/#?secret=wKW7BoQY9p#?secret=evrHcg9e7f\" data-secret=\"evrHcg9e7f\" width=\"500\" height=\"282\" frameborder=\"0\" marginwidth=\"0\" marginheight=\"0\" scrolling=\"no\"><\/iframe><\/p>\n<blockquote class=\"wp-embedded-content\" data-secret=\"ljQuWu4UQh\"><p><a href=\"https:\/\/blogsaverroes.juntadeandalucia.es\/gbellasartesmalaga\/2022\/01\/26\/proyecto-de-figuras-femeninas-proyecto-audiovisual-sobre-igualdad-por-el-ies-fuente-lucena\/\">Proyecto de Figuras femeninas. Proyecto audiovisual sobre Igualdad por el IES Fuente Lucena.<\/a><\/p><\/blockquote>\n<p><iframe class=\"wp-embedded-content\" sandbox=\"allow-scripts\" security=\"restricted\" style=\"position: absolute; clip: rect(1px, 1px, 1px, 1px);\" title=\"\u00abProyecto de Figuras femeninas. Proyecto audiovisual sobre Igualdad por el IES Fuente Lucena.\u00bb \u2014 Gabinete de Bellas Artes de M\u00e1laga\" src=\"https:\/\/blogsaverroes.juntadeandalucia.es\/gbellasartesmalaga\/2022\/01\/26\/proyecto-de-figuras-femeninas-proyecto-audiovisual-sobre-igualdad-por-el-ies-fuente-lucena\/embed\/#?secret=SHule1DLGC#?secret=ljQuWu4UQh\" data-secret=\"ljQuWu4UQh\" width=\"500\" height=\"282\" frameborder=\"0\" marginwidth=\"0\" marginheight=\"0\" scrolling=\"no\"><\/iframe><\/p>\n<blockquote class=\"wp-embedded-content\" data-secret=\"y2IKQWldEU\"><p><a href=\"https:\/\/blogsaverroes.juntadeandalucia.es\/gbellasartesmalaga\/2021\/04\/15\/la-decision-de-andrea-corto-del-alumnado-del-ies-alfaguar-contra-la-violencia-de-genero\/\">&#8220;La decisi\u00f3n de Andrea&#8221;, corto del alumnado del IES Alfaguar contra la violencia de g\u00e9nero<\/a><\/p><\/blockquote>\n<p><iframe class=\"wp-embedded-content\" sandbox=\"allow-scripts\" security=\"restricted\" style=\"position: absolute; clip: rect(1px, 1px, 1px, 1px);\" title=\"\u00ab&#8220;La decisi\u00f3n de Andrea&#8221;, corto del alumnado del IES Alfaguar contra la violencia de g\u00e9nero\u00bb \u2014 Gabinete de Bellas Artes de M\u00e1laga\" src=\"https:\/\/blogsaverroes.juntadeandalucia.es\/gbellasartesmalaga\/2021\/04\/15\/la-decision-de-andrea-corto-del-alumnado-del-ies-alfaguar-contra-la-violencia-de-genero\/embed\/#?secret=zP16TszKuM#?secret=y2IKQWldEU\" data-secret=\"y2IKQWldEU\" width=\"500\" height=\"282\" frameborder=\"0\" marginwidth=\"0\" marginheight=\"0\" scrolling=\"no\"><\/iframe><\/p>\n<blockquote class=\"wp-embedded-content\" data-secret=\"KHHGLlkc24\"><p><a href=\"https:\/\/blogsaverroes.juntadeandalucia.es\/gbellasartesmalaga\/2021\/03\/05\/proyecto-las-sinsombrero-en-las-aulas-del-ceip-clara-campoamor-alhaurin-de-la-torre\/\">Proyecto &#8220;Las SinSombrero en las aulas&#8221; del CEIP Clara Campoamor (Alhaur\u00edn de la Torre)<\/a><\/p><\/blockquote>\n<p><iframe class=\"wp-embedded-content\" sandbox=\"allow-scripts\" security=\"restricted\" style=\"position: absolute; clip: rect(1px, 1px, 1px, 1px);\" title=\"\u00abProyecto &#8220;Las SinSombrero en las aulas&#8221; del CEIP Clara Campoamor (Alhaur\u00edn de la Torre)\u00bb \u2014 Gabinete de Bellas Artes de M\u00e1laga\" src=\"https:\/\/blogsaverroes.juntadeandalucia.es\/gbellasartesmalaga\/2021\/03\/05\/proyecto-las-sinsombrero-en-las-aulas-del-ceip-clara-campoamor-alhaurin-de-la-torre\/embed\/#?secret=q3MPadaxG3#?secret=KHHGLlkc24\" data-secret=\"KHHGLlkc24\" width=\"500\" height=\"282\" frameborder=\"0\" marginwidth=\"0\" marginheight=\"0\" scrolling=\"no\"><\/iframe><\/p>\n<blockquote class=\"wp-embedded-content\" data-secret=\"m3K1LWTB9P\"><p><a href=\"https:\/\/blogsaverroes.juntadeandalucia.es\/gbellasartesmalaga\/2020\/09\/09\/que-hace-una-chica-como-tu-en-una-escuela-como-esta\/\">\u00bfQu\u00e9 hace una chica como t\u00fa en una Escuela como esta?<\/a><\/p><\/blockquote>\n<p><iframe class=\"wp-embedded-content\" sandbox=\"allow-scripts\" security=\"restricted\" style=\"position: absolute; clip: rect(1px, 1px, 1px, 1px);\" title=\"\u00ab\u00bfQu\u00e9 hace una chica como t\u00fa en una Escuela como esta?\u00bb \u2014 Gabinete de Bellas Artes de M\u00e1laga\" src=\"https:\/\/blogsaverroes.juntadeandalucia.es\/gbellasartesmalaga\/2020\/09\/09\/que-hace-una-chica-como-tu-en-una-escuela-como-esta\/embed\/#?secret=auvlZoQyur#?secret=m3K1LWTB9P\" data-secret=\"m3K1LWTB9P\" width=\"500\" height=\"282\" frameborder=\"0\" marginwidth=\"0\" marginheight=\"0\" scrolling=\"no\"><\/iframe><\/p>\n<blockquote class=\"wp-embedded-content\" data-secret=\"0L6grF7DDd\"><p><a href=\"https:\/\/blogsaverroes.juntadeandalucia.es\/gbellasartesmalaga\/2018\/03\/05\/las-sinsombrero-proyecto-educativo\/\">Las Sinsombrero. Proyecto educativo.<\/a><\/p><\/blockquote>\n<p><iframe class=\"wp-embedded-content\" sandbox=\"allow-scripts\" security=\"restricted\" style=\"position: absolute; clip: rect(1px, 1px, 1px, 1px);\" title=\"\u00abLas Sinsombrero. Proyecto educativo.\u00bb \u2014 Gabinete de Bellas Artes de M\u00e1laga\" src=\"https:\/\/blogsaverroes.juntadeandalucia.es\/gbellasartesmalaga\/2018\/03\/05\/las-sinsombrero-proyecto-educativo\/embed\/#?secret=pMTF11pQH3#?secret=0L6grF7DDd\" data-secret=\"0L6grF7DDd\" width=\"500\" height=\"282\" frameborder=\"0\" marginwidth=\"0\" marginheight=\"0\" scrolling=\"no\"><\/iframe><\/p>\n<blockquote class=\"wp-embedded-content\" data-secret=\"qZbi5oHr5j\"><p><a href=\"https:\/\/blogsaverroes.juntadeandalucia.es\/gbellasartesmalaga\/2020\/07\/22\/malaga-capitanea-el-camino-hacia-la-igualdad-en-el-arte-andaluz-e-a-san-telmo\/\">M\u00e1laga capitanea el camino hacia la igualdad en el arte andaluz. E.A. San Telmo.<\/a><\/p><\/blockquote>\n<p><iframe class=\"wp-embedded-content\" sandbox=\"allow-scripts\" security=\"restricted\" style=\"position: absolute; clip: rect(1px, 1px, 1px, 1px);\" title=\"\u00abM\u00e1laga capitanea el camino hacia la igualdad en el arte andaluz. E.A. San Telmo.\u00bb \u2014 Gabinete de Bellas Artes de M\u00e1laga\" src=\"https:\/\/blogsaverroes.juntadeandalucia.es\/gbellasartesmalaga\/2020\/07\/22\/malaga-capitanea-el-camino-hacia-la-igualdad-en-el-arte-andaluz-e-a-san-telmo\/embed\/#?secret=UInlJvy1kM#?secret=qZbi5oHr5j\" data-secret=\"qZbi5oHr5j\" width=\"500\" height=\"282\" frameborder=\"0\" marginwidth=\"0\" marginheight=\"0\" scrolling=\"no\"><\/iframe><\/p>\n<blockquote class=\"wp-embedded-content\" data-secret=\"2jIHLSXQgx\"><p><a href=\"https:\/\/blogsaverroes.juntadeandalucia.es\/gbellasartesmalaga\/2024\/01\/22\/30-de-enero-dia-escolar-de-la-no-violencia-y-la-paz\/\">30 de enero:  D\u00eda Escolar de la No Violencia y la Paz<\/a><\/p><\/blockquote>\n<p><iframe class=\"wp-embedded-content\" sandbox=\"allow-scripts\" security=\"restricted\" style=\"position: absolute; clip: rect(1px, 1px, 1px, 1px);\" title=\"\u00ab30 de enero:  D\u00eda Escolar de la No Violencia y la Paz\u00bb \u2014 Gabinete de Bellas Artes de M\u00e1laga\" src=\"https:\/\/blogsaverroes.juntadeandalucia.es\/gbellasartesmalaga\/2024\/01\/22\/30-de-enero-dia-escolar-de-la-no-violencia-y-la-paz\/embed\/#?secret=zro6DpVvFo#?secret=2jIHLSXQgx\" data-secret=\"2jIHLSXQgx\" width=\"500\" height=\"282\" frameborder=\"0\" marginwidth=\"0\" marginheight=\"0\" scrolling=\"no\"><\/iframe><\/p>\n<blockquote class=\"wp-embedded-content\" data-secret=\"1AvhgNxFQr\"><p><a href=\"https:\/\/blogsaverroes.juntadeandalucia.es\/gbellasartesmalaga\/2022\/02\/11\/dia-internacional-de-la-nina-y-la-mujer-en-la-ciencia-en-el-ies-valle-del-azahar-cartama-estacion\/\">D\u00eda Internacional de la Ni\u00f1a y la Mujer en la Ciencia en el IES Valle del Azahar (C\u00e1rtama-Estaci\u00f3n)<\/a><\/p><\/blockquote>\n<p><iframe class=\"wp-embedded-content\" sandbox=\"allow-scripts\" security=\"restricted\" style=\"position: absolute; clip: rect(1px, 1px, 1px, 1px);\" title=\"\u00abD\u00eda Internacional de la Ni\u00f1a y la Mujer en la Ciencia en el IES Valle del Azahar (C\u00e1rtama-Estaci\u00f3n)\u00bb \u2014 Gabinete de Bellas Artes de M\u00e1laga\" src=\"https:\/\/blogsaverroes.juntadeandalucia.es\/gbellasartesmalaga\/2022\/02\/11\/dia-internacional-de-la-nina-y-la-mujer-en-la-ciencia-en-el-ies-valle-del-azahar-cartama-estacion\/embed\/#?secret=CmJO1EQlUp#?secret=1AvhgNxFQr\" data-secret=\"1AvhgNxFQr\" width=\"500\" height=\"282\" frameborder=\"0\" marginwidth=\"0\" marginheight=\"0\" scrolling=\"no\"><\/iframe><\/p>\n<blockquote class=\"wp-embedded-content\" data-secret=\"XnHKsGP3aP\"><p><a href=\"https:\/\/blogsaverroes.juntadeandalucia.es\/gbellasartesmalaga\/2021\/11\/25\/25n-dia-contra-la-violencia-de-genero-por-el-ies-sierra-de-mijas\/\">25N. D\u00eda contra la Violencia de G\u00e9nero por el IES Sierra de Mijas<\/a><\/p><\/blockquote>\n<p><iframe class=\"wp-embedded-content\" sandbox=\"allow-scripts\" security=\"restricted\" style=\"position: absolute; clip: rect(1px, 1px, 1px, 1px);\" title=\"\u00ab25N. D\u00eda contra la Violencia de G\u00e9nero por el IES Sierra de Mijas\u00bb \u2014 Gabinete de Bellas Artes de M\u00e1laga\" src=\"https:\/\/blogsaverroes.juntadeandalucia.es\/gbellasartesmalaga\/2021\/11\/25\/25n-dia-contra-la-violencia-de-genero-por-el-ies-sierra-de-mijas\/embed\/#?secret=22Iq90WfXD#?secret=XnHKsGP3aP\" data-secret=\"XnHKsGP3aP\" width=\"500\" height=\"282\" frameborder=\"0\" marginwidth=\"0\" marginheight=\"0\" scrolling=\"no\"><\/iframe><\/p>\n<blockquote class=\"wp-embedded-content\" data-secret=\"v7UQmDEPpU\"><p><a href=\"https:\/\/blogsaverroes.juntadeandalucia.es\/gbellasartesmalaga\/2020\/11\/24\/sonrisas-escondidas-ceip-cano-cartamon-25-n-dia-internacional-de-la-eliminacion-de-la-violencia-contra-la-mujer\/\">Sonrisas Escondidas. CEIP Cano Cartam\u00f3n. 25-N. D\u00eda Internacional de la Eliminaci\u00f3n de la Violencia contra la Mujer.<\/a><\/p><\/blockquote>\n<p><iframe class=\"wp-embedded-content\" sandbox=\"allow-scripts\" security=\"restricted\" style=\"position: absolute; clip: rect(1px, 1px, 1px, 1px);\" title=\"\u00abSonrisas Escondidas. CEIP Cano Cartam\u00f3n. 25-N. D\u00eda Internacional de la Eliminaci\u00f3n de la Violencia contra la Mujer.\u00bb \u2014 Gabinete de Bellas Artes de M\u00e1laga\" src=\"https:\/\/blogsaverroes.juntadeandalucia.es\/gbellasartesmalaga\/2020\/11\/24\/sonrisas-escondidas-ceip-cano-cartamon-25-n-dia-internacional-de-la-eliminacion-de-la-violencia-contra-la-mujer\/embed\/#?secret=0A11f6hZWl#?secret=v7UQmDEPpU\" data-secret=\"v7UQmDEPpU\" width=\"500\" height=\"282\" frameborder=\"0\" marginwidth=\"0\" marginheight=\"0\" scrolling=\"no\"><\/iframe><\/p>\n<blockquote class=\"wp-embedded-content\" data-secret=\"jjlkat0CWC\"><p><a href=\"https:\/\/blogsaverroes.juntadeandalucia.es\/gbellasartesmalaga\/2018\/11\/29\/dia-internacional-contra-la-violencia-de-genero-en-el-ceip-luis-cernuda\/\">D\u00cdA INTERNACIONAL CONTRA LA VIOLENCIA DE G\u00c9NERO en el CEIP Luis Cernuda<\/a><\/p><\/blockquote>\n<p><iframe class=\"wp-embedded-content\" sandbox=\"allow-scripts\" security=\"restricted\" style=\"position: absolute; clip: rect(1px, 1px, 1px, 1px);\" title=\"\u00abD\u00cdA INTERNACIONAL CONTRA LA VIOLENCIA DE G\u00c9NERO en el CEIP Luis Cernuda\u00bb \u2014 Gabinete de Bellas Artes de M\u00e1laga\" src=\"https:\/\/blogsaverroes.juntadeandalucia.es\/gbellasartesmalaga\/2018\/11\/29\/dia-internacional-contra-la-violencia-de-genero-en-el-ceip-luis-cernuda\/embed\/#?secret=I5BanXuGDW#?secret=jjlkat0CWC\" data-secret=\"jjlkat0CWC\" width=\"500\" height=\"282\" frameborder=\"0\" marginwidth=\"0\" marginheight=\"0\" scrolling=\"no\"><\/iframe><\/p>\n<blockquote class=\"wp-embedded-content\" data-secret=\"6HFdTen2IX\"><p><a href=\"https:\/\/blogsaverroes.juntadeandalucia.es\/gbellasartesmalaga\/2022\/04\/05\/micromachismos-por-el-ies-valle-del-azahar\/\">Micromachismos por el IES Valle del Azahar.<\/a><\/p><\/blockquote>\n<p><iframe class=\"wp-embedded-content\" sandbox=\"allow-scripts\" security=\"restricted\" style=\"position: absolute; clip: rect(1px, 1px, 1px, 1px);\" title=\"\u00abMicromachismos por el IES Valle del Azahar.\u00bb \u2014 Gabinete de Bellas Artes de M\u00e1laga\" src=\"https:\/\/blogsaverroes.juntadeandalucia.es\/gbellasartesmalaga\/2022\/04\/05\/micromachismos-por-el-ies-valle-del-azahar\/embed\/#?secret=6Qy0ywJtBO#?secret=6HFdTen2IX\" data-secret=\"6HFdTen2IX\" width=\"500\" height=\"282\" frameborder=\"0\" marginwidth=\"0\" marginheight=\"0\" scrolling=\"no\"><\/iframe><\/p>\n<blockquote class=\"wp-embedded-content\" data-secret=\"y2IKQWldEU\"><p><a href=\"https:\/\/blogsaverroes.juntadeandalucia.es\/gbellasartesmalaga\/2021\/04\/15\/la-decision-de-andrea-corto-del-alumnado-del-ies-alfaguar-contra-la-violencia-de-genero\/\">&#8220;La decisi\u00f3n de Andrea&#8221;, corto del alumnado del IES Alfaguar contra la violencia de g\u00e9nero<\/a><\/p><\/blockquote>\n<p><iframe class=\"wp-embedded-content\" sandbox=\"allow-scripts\" security=\"restricted\" style=\"position: absolute; clip: rect(1px, 1px, 1px, 1px);\" title=\"\u00ab&#8220;La decisi\u00f3n de Andrea&#8221;, corto del alumnado del IES Alfaguar contra la violencia de g\u00e9nero\u00bb \u2014 Gabinete de Bellas Artes de M\u00e1laga\" src=\"https:\/\/blogsaverroes.juntadeandalucia.es\/gbellasartesmalaga\/2021\/04\/15\/la-decision-de-andrea-corto-del-alumnado-del-ies-alfaguar-contra-la-violencia-de-genero\/embed\/#?secret=zP16TszKuM#?secret=y2IKQWldEU\" data-secret=\"y2IKQWldEU\" width=\"500\" height=\"282\" frameborder=\"0\" marginwidth=\"0\" marginheight=\"0\" scrolling=\"no\"><\/iframe><\/p>\n<p>&nbsp;<\/p>\n<p class=\"post-title entry-title\">&nbsp;<\/p>\n<p>&nbsp;<\/p>\n<p class=\"post-title entry-title\">&nbsp;<\/p>\n","protected":false},"excerpt":{"rendered":"<p>IGUALDAD Mujeres cient\u00edficas y el cine Mujeres con Historia: Michaela Deprince. https:\/\/code.intef.es\/noticias\/recursos-educativos-digitales-de-airbus-foundation\/ &nbsp; &nbsp; El arte prohibido de las mujeres. La mujer en la Historia del Ajedrez Tras las huellas de la creatividad femenina:&#46;&#46;&#46;<\/p>\n","protected":false},"author":8061,"featured_media":0,"parent":0,"menu_order":0,"comment_status":"closed","ping_status":"closed","template":"","meta":{"ngg_post_thumbnail":0,"footnotes":""},"aioseo_notices":[],"_links":{"self":[{"href":"https:\/\/blogsaverroes.juntadeandalucia.es\/gbellasartesmalaga\/wp-json\/wp\/v2\/pages\/13169"}],"collection":[{"href":"https:\/\/blogsaverroes.juntadeandalucia.es\/gbellasartesmalaga\/wp-json\/wp\/v2\/pages"}],"about":[{"href":"https:\/\/blogsaverroes.juntadeandalucia.es\/gbellasartesmalaga\/wp-json\/wp\/v2\/types\/page"}],"author":[{"embeddable":true,"href":"https:\/\/blogsaverroes.juntadeandalucia.es\/gbellasartesmalaga\/wp-json\/wp\/v2\/users\/8061"}],"replies":[{"embeddable":true,"href":"https:\/\/blogsaverroes.juntadeandalucia.es\/gbellasartesmalaga\/wp-json\/wp\/v2\/comments?post=13169"}],"version-history":[{"count":4,"href":"https:\/\/blogsaverroes.juntadeandalucia.es\/gbellasartesmalaga\/wp-json\/wp\/v2\/pages\/13169\/revisions"}],"predecessor-version":[{"id":13776,"href":"https:\/\/blogsaverroes.juntadeandalucia.es\/gbellasartesmalaga\/wp-json\/wp\/v2\/pages\/13169\/revisions\/13776"}],"wp:attachment":[{"href":"https:\/\/blogsaverroes.juntadeandalucia.es\/gbellasartesmalaga\/wp-json\/wp\/v2\/media?parent=13169"}],"curies":[{"name":"wp","href":"https:\/\/api.w.org\/{rel}","templated":true}]}}