{"id":13282,"date":"2024-09-02T08:04:12","date_gmt":"2024-09-02T06:04:12","guid":{"rendered":"https:\/\/blogsaverroes.juntadeandalucia.es\/gbellasartesmalaga\/?page_id=13282"},"modified":"2024-11-25T13:00:11","modified_gmt":"2024-11-25T12:00:11","slug":"artis","status":"publish","type":"page","link":"https:\/\/blogsaverroes.juntadeandalucia.es\/gbellasartesmalaga\/artis\/","title":{"rendered":"ARTIS"},"content":{"rendered":"<div>\n<p><img loading=\"lazy\" decoding=\"async\" class=\" wp-image-13311 aligncenter\" src=\"https:\/\/blogsaverroes.juntadeandalucia.es\/gbellasartesmalaga\/files\/2024\/09\/Capturaukyfuk.png\" alt=\"\" width=\"835\" height=\"535\" srcset=\"https:\/\/blogsaverroes.juntadeandalucia.es\/gbellasartesmalaga\/files\/2024\/09\/Capturaukyfuk.png 599w, https:\/\/blogsaverroes.juntadeandalucia.es\/gbellasartesmalaga\/files\/2024\/09\/Capturaukyfuk-300x192.png 300w, https:\/\/blogsaverroes.juntadeandalucia.es\/gbellasartesmalaga\/files\/2024\/09\/Capturaukyfuk-150x96.png 150w\" sizes=\"(max-width: 835px) 100vw, 835px\" \/><\/p>\n<p>Desde el Gabinete de Bellas Artes de la Delegaci\u00f3n Territorial de Desarrollo Educativo y Formaci\u00f3n Profesional, llevamos siete a\u00f1os trabajando en el marco de los programas para la innovaci\u00f3n educativa en el \u00e1mbito escolar. Nuestro objetivo es dar a conocer y difundir la importancia del arte en la formaci\u00f3n integral de los estudiantes. A lo largo de estos a\u00f1os, hemos impulsado el conocimiento y difusi\u00f3n del patrimonio, la cultura y las ense\u00f1anzas art\u00edsticas de nuestra provincia.<\/p>\n<p>El arte en la educaci\u00f3n no solo fomenta el talento art\u00edstico, sino que tambi\u00e9n promueven valores como la creatividad y el pensamiento cr\u00edtico. Estamos comprometidos con la idea de que el arte debe ser una parte esencial del proceso educativo, contribuyendo al desarrollo de habilidades emocionales y sociales, adem\u00e1s de las competencias acad\u00e9micas tradicionales.<\/p>\n<p>A trav\u00e9s de esta publicaci\u00f3n trataremos de difundir las buenas pr\u00e1cticas de los centros educativos, dar a conocer la oferta educativa art\u00edstica, ofrecer recursos de \u00e1mbito art\u00edstico, entrevistas y m\u00e1s, con el fin de inspirar a los estudiantes y docentes, ofreciendo las herramientas necesarias para expresarse y comprender el mundo que les rodea.<\/p>\n<\/div>\n<h2><span style=\"color: #ff0000\">ARTIS N\u00ba 1<\/span><\/h2>\n<p><strong>PDF PARA DESCARGA:<\/strong>&nbsp; <a href=\"https:\/\/blogsaverroes.juntadeandalucia.es\/gbellasartesmalaga\/files\/2024\/09\/ARTIS-1-SEPT-2024-2.pdf\">ARTIS 1 SEPT 2024<\/a><\/p>\n<p><strong>ENLACE PARA VISUALIZAR FORMATO REVISTA:&nbsp; <a href=\"https:\/\/heyzine.com\/flip-book\/be260b0fc8.html\">https:\/\/heyzine.com\/flip-book\/be260b0fc8.html<\/a><\/strong><\/p>\n<p><img loading=\"lazy\" decoding=\"async\" class=\"size-large wp-image-13320 aligncenter\" src=\"https:\/\/blogsaverroes.juntadeandalucia.es\/gbellasartesmalaga\/files\/2024\/09\/Captura-de-pantalla-2024-09-12-222138-1024x578.png\" alt=\"\" width=\"1024\" height=\"578\" srcset=\"https:\/\/blogsaverroes.juntadeandalucia.es\/gbellasartesmalaga\/files\/2024\/09\/Captura-de-pantalla-2024-09-12-222138-1024x578.png 1024w, https:\/\/blogsaverroes.juntadeandalucia.es\/gbellasartesmalaga\/files\/2024\/09\/Captura-de-pantalla-2024-09-12-222138-300x169.png 300w, https:\/\/blogsaverroes.juntadeandalucia.es\/gbellasartesmalaga\/files\/2024\/09\/Captura-de-pantalla-2024-09-12-222138-150x85.png 150w, https:\/\/blogsaverroes.juntadeandalucia.es\/gbellasartesmalaga\/files\/2024\/09\/Captura-de-pantalla-2024-09-12-222138-768x433.png 768w, https:\/\/blogsaverroes.juntadeandalucia.es\/gbellasartesmalaga\/files\/2024\/09\/Captura-de-pantalla-2024-09-12-222138.png 1042w\" sizes=\"(max-width: 1024px) 100vw, 1024px\" \/><\/p>\n<h2><span style=\"color: #ff0000\">ARTIS N\u00ba 2<\/span><\/h2>\n<p><strong>PDF PARA DESCARGA:<\/strong>&nbsp; <a href=\"https:\/\/blogsaverroes.juntadeandalucia.es\/gbellasartesmalaga\/files\/2024\/10\/ARTIS-2-OCTUBRE-2024-4.pdf\">ARTIS 2 OCTUBRE 2024<\/a><\/p>\n<p><strong>ENLACE PARA VISUALIZAR FORMATO REVISTA:&nbsp; <a href=\"https:\/\/heyzine.com\/flip-book\/fb4a1d1e2d.html\">https:\/\/heyzine.com\/flip-book\/fb4a1d1e2d.html<\/a><\/strong><\/p>\n<p><img loading=\"lazy\" decoding=\"async\" class=\"size-full wp-image-13384 aligncenter\" src=\"https:\/\/blogsaverroes.juntadeandalucia.es\/gbellasartesmalaga\/files\/2024\/10\/Captura.png\" alt=\"\" width=\"652\" height=\"441\" srcset=\"https:\/\/blogsaverroes.juntadeandalucia.es\/gbellasartesmalaga\/files\/2024\/10\/Captura.png 652w, https:\/\/blogsaverroes.juntadeandalucia.es\/gbellasartesmalaga\/files\/2024\/10\/Captura-300x203.png 300w, https:\/\/blogsaverroes.juntadeandalucia.es\/gbellasartesmalaga\/files\/2024\/10\/Captura-150x101.png 150w\" sizes=\"(max-width: 652px) 100vw, 652px\" \/><\/p>\n<h2><span style=\"color: #ff0000\">ARTIS N\u00ba 3<\/span><\/h2>\n<p><strong>PDF PARA DESCARGA:<\/strong>&nbsp; <a href=\"https:\/\/blogsaverroes.juntadeandalucia.es\/gbellasartesmalaga\/files\/2024\/11\/ARTIS-3-NOV-2024-12-1.pdf\">ARTIS-3-NOV-2024-12<\/a><\/p>\n<p><strong>ENLACE PARA VISUALIZAR FORMATO REVISTA:&nbsp;<a href=\"https:\/\/heyzine.com\/flip-book\/953fc7526f.html\"> https:\/\/heyzine.com\/flip-book\/953fc7526f.html<\/a><\/strong><\/p>\n<p><span style=\"color: #ff0000\"><img loading=\"lazy\" decoding=\"async\" class=\"wp-image-13486 aligncenter\" src=\"https:\/\/blogsaverroes.juntadeandalucia.es\/gbellasartesmalaga\/files\/2024\/11\/uju.png\" alt=\"\" width=\"698\" height=\"479\" srcset=\"https:\/\/blogsaverroes.juntadeandalucia.es\/gbellasartesmalaga\/files\/2024\/11\/uju.png 874w, https:\/\/blogsaverroes.juntadeandalucia.es\/gbellasartesmalaga\/files\/2024\/11\/uju-300x206.png 300w, https:\/\/blogsaverroes.juntadeandalucia.es\/gbellasartesmalaga\/files\/2024\/11\/uju-150x103.png 150w, https:\/\/blogsaverroes.juntadeandalucia.es\/gbellasartesmalaga\/files\/2024\/11\/uju-768x527.png 768w\" sizes=\"(max-width: 698px) 100vw, 698px\" \/><\/span><\/p>\n<h2>ARTIS N\u00ba 4<\/h2>\n<p><strong>PDF PARA DESCARGA:<\/strong>&nbsp;<\/p>\n<p><strong>ENLACE PARA VISUALIZAR FORMATO REVISTA:&nbsp;<\/strong><\/p>\n","protected":false},"excerpt":{"rendered":"<p>Desde el Gabinete de Bellas Artes de la Delegaci\u00f3n Territorial de Desarrollo Educativo y Formaci\u00f3n Profesional, llevamos siete a\u00f1os trabajando en el marco de los programas para la innovaci\u00f3n educativa en el \u00e1mbito escolar.&#46;&#46;&#46;<\/p>\n","protected":false},"author":8061,"featured_media":0,"parent":0,"menu_order":0,"comment_status":"closed","ping_status":"closed","template":"","meta":{"ngg_post_thumbnail":0,"footnotes":""},"aioseo_notices":[],"_links":{"self":[{"href":"https:\/\/blogsaverroes.juntadeandalucia.es\/gbellasartesmalaga\/wp-json\/wp\/v2\/pages\/13282"}],"collection":[{"href":"https:\/\/blogsaverroes.juntadeandalucia.es\/gbellasartesmalaga\/wp-json\/wp\/v2\/pages"}],"about":[{"href":"https:\/\/blogsaverroes.juntadeandalucia.es\/gbellasartesmalaga\/wp-json\/wp\/v2\/types\/page"}],"author":[{"embeddable":true,"href":"https:\/\/blogsaverroes.juntadeandalucia.es\/gbellasartesmalaga\/wp-json\/wp\/v2\/users\/8061"}],"replies":[{"embeddable":true,"href":"https:\/\/blogsaverroes.juntadeandalucia.es\/gbellasartesmalaga\/wp-json\/wp\/v2\/comments?post=13282"}],"version-history":[{"count":19,"href":"https:\/\/blogsaverroes.juntadeandalucia.es\/gbellasartesmalaga\/wp-json\/wp\/v2\/pages\/13282\/revisions"}],"predecessor-version":[{"id":13585,"href":"https:\/\/blogsaverroes.juntadeandalucia.es\/gbellasartesmalaga\/wp-json\/wp\/v2\/pages\/13282\/revisions\/13585"}],"wp:attachment":[{"href":"https:\/\/blogsaverroes.juntadeandalucia.es\/gbellasartesmalaga\/wp-json\/wp\/v2\/media?parent=13282"}],"curies":[{"name":"wp","href":"https:\/\/api.w.org\/{rel}","templated":true}]}}