{"id":242,"date":"2017-09-12T07:01:54","date_gmt":"2017-09-12T07:01:54","guid":{"rendered":"http:\/\/www.educacionenmalaga.es\/gbellasartes\/?page_id=242"},"modified":"2020-03-25T08:58:38","modified_gmt":"2020-03-25T07:58:38","slug":"jornadas-patrimonio","status":"publish","type":"page","link":"https:\/\/blogsaverroes.juntadeandalucia.es\/gbellasartesmalaga\/jornadas-patrimonio\/","title":{"rendered":"Jornadas Europeas de Patrimonio"},"content":{"rendered":"<h2><img loading=\"lazy\" decoding=\"async\" class=\" wp-image-378 alignright\" src=\"http:\/\/www.educacionenmalaga.es\/gbellasartes\/files\/2017\/09\/ehd-banner_0-300x185.jpg\" alt=\"\" width=\"233\" height=\"150\" srcset=\"https:\/\/blogsaverroes.juntadeandalucia.es\/gbellasartesmalaga\/files\/2017\/09\/ehd-banner_0-24x15.jpg 24w, https:\/\/blogsaverroes.juntadeandalucia.es\/gbellasartesmalaga\/files\/2017\/09\/ehd-banner_0-36x22.jpg 36w, https:\/\/blogsaverroes.juntadeandalucia.es\/gbellasartesmalaga\/files\/2017\/09\/ehd-banner_0-48x30.jpg 48w\" sizes=\"(max-width: 233px) 100vw, 233px\" \/>\u00bfQU\u00c9 SON?<\/h2>\n<p>Las Jornadas Europeas de Patrimonio permiten cada a\u00f1o a m\u00e1s de 20 millones de personas visitar miles de sitios que normalmente no suelen estar abiertos y participar en actividades \u00fanicas.<\/p>\n<p>Durante las Jornadas Europeas del Patrimonio se abren las puertas de miles de monumentos y lugares de inter\u00e9s (algunos normalmente cerrados al p\u00fablico). Las visitas, gratuitas, permiten apreciar su legado cultural y participar activamente en la conservaci\u00f3n del patrimonio cultural europeo para las generaciones presentes y futuras.<\/p>\n<p>Las Jornadas Europeas del Patrimonio son el acontecimiento cultural participativo de mayor amplitud en Europa.\u00a0Las cre\u00f3 el Consejo de Europa en 1985 y pasaron a ser una acci\u00f3n com\u00fan organizada conjuntamente con la Uni\u00f3n Europea en 1999.<\/p>\n<h2>\u00bfCU\u00c1LES SON SUS OBJETIVOS?<\/h2>\n<p>La iniciativa est\u00e1 pensada para:<\/p>\n<ul>\n<li>sensibilizar sobre la riqueza y diversidad culturales de Europa<\/li>\n<li>potenciar el inter\u00e9s por el patrimonio cultural europeo<\/li>\n<li>luchar contra el racismo y la xenofobia y fomentar la tolerancia con otras culturas en Europa<\/li>\n<li>inculcar al ciudadano y a las administraciones (o responsables pol\u00edticos) la necesidad de proteger el patrimonio cultural<\/li>\n<li>invitar a Europa a responder a los retos sociales, pol\u00edticos y econ\u00f3micos del sector cultural.<\/li>\n<\/ul>\n<h2>\u00bfD\u00d3NDE? \u00bfCU\u00c1NDO?<\/h2>\n<p>Las Jornadas Europeas del Patrimonio se celebran cada a\u00f1o, en septiembre, en los 50 pa\u00edses firmantes del <a href=\"http:\/\/www.coe.int\/en\/web\/conventions\/full-list\/-\/conventions\/treaty\/018\">Convenio Cultural Europeo<\/a>. Se organizan en estrecha colaboraci\u00f3n con los coordinadores nacionales.<\/p>\n<p>En cada pa\u00eds hay una red de administraciones regionales y locales, grupos c\u00edvicos y privados y miles de voluntarios, encargada de organizar los actos anuales, que giran en torno a un tema com\u00fan concreto. La participaci\u00f3n de cada pa\u00eds en la celebraci\u00f3n de un tema paneuropeo es facultativa y se acepta plenamente la adaptaci\u00f3n nacional o local del mismo. Los pa\u00edses que optan por no participar en la celebraci\u00f3n del tema com\u00fan pueden organizar actos en torno a un tema espec\u00edfico de su elecci\u00f3n.<\/p>\n<h2>M\u00c1S INFORMACI\u00d3N<\/h2>\n<p>Se puede encontrar m\u00e1s informaci\u00f3n en la <a href=\"http:\/\/www.europeanheritagedays.com\/\" target=\"_blank\" rel=\"noopener noreferrer\">web de las Jornadas Europeas del Patrimonio<\/a>.<\/p>\n<p>&nbsp;<\/p>\n<p>&nbsp;<\/p>\n<ul>\n<li>\n<h3>Jornadas Europeas de Patrimonio. Separatas de la provincia de M\u00e1laga<\/h3>\n<\/li>\n<\/ul>\n<ul>\n<li style=\"list-style-type: none\">\n<ul>\n<li><a href=\"https:\/\/drive.google.com\/open?id=0B-Kwkt6ufx-gUlhncG1NamlVd0E\" target=\"_blank\" rel=\"noopener noreferrer\">Jornadas Europeas de Patrimonio 1992.<\/a><\/li>\n<li><a href=\"https:\/\/drive.google.com\/open?id=0B-Kwkt6ufx-gUXNfS08zTTdVS1U\" target=\"_blank\" rel=\"noopener noreferrer\">Jornadas Europeas de Patrimonio 1993.<\/a><\/li>\n<li><a href=\"https:\/\/drive.google.com\/open?id=0B-Kwkt6ufx-gbHlaektKUHEyV1k\" target=\"_blank\" rel=\"noopener noreferrer\">Jornadas Europeas de Patrimonio 1994. El legado romano en Andaluc\u00eda.<\/a><\/li>\n<li><a href=\"https:\/\/drive.google.com\/open?id=0B-Kwkt6ufx-gbWNXSmZfTXVocG8\" target=\"_blank\" rel=\"noopener noreferrer\">Jornadas Europeas de Patrimonio 1995. La cultura isl\u00e1mica en Andaluc\u00eda.<\/a><\/li>\n<li><a href=\"https:\/\/drive.google.com\/open?id=0B-Kwkt6ufx-gNXJ1SUhTQTdRZG8\" target=\"_blank\" rel=\"noopener noreferrer\">Jornadas Europeas de Patrimonio 1996. Patrimonio y ciudad.<\/a><\/li>\n<li><a href=\"https:\/\/drive.google.com\/open?id=0B-Kwkt6ufx-gUG1TSUxOeDR4blE\" target=\"_blank\" rel=\"noopener noreferrer\">Jornadas Europeas de Patrimonio 1997. Los castillos a trav\u00e9s de la Historia.<\/a><\/li>\n<li><a href=\"https:\/\/drive.google.com\/open?id=0B-Kwkt6ufx-geHRYcmtGcVE2a0U\" target=\"_blank\" rel=\"noopener noreferrer\">Jornadas Europeas de Patrimonio 1998. Museos de Andaluc\u00eda.<\/a><\/li>\n<li><a href=\"https:\/\/drive.google.com\/open?id=0B-Kwkt6ufx-gWHFQV2tMNUxFTGs\" target=\"_blank\" rel=\"noopener noreferrer\">Jornadas Europeas de Patrimonio 1999. Monasterios y conventos andaluces.<\/a><\/li>\n<li><a href=\"https:\/\/drive.google.com\/open?id=0B-Kwkt6ufx-gcXJhcTcxbVVvOFU\" target=\"_blank\" rel=\"noopener noreferrer\">Jornadas Europeas de Patrimonio 2000. El Mud\u00e9jar en Andaluc\u00eda.<\/a><\/li>\n<li><a href=\"https:\/\/drive.google.com\/open?id=0B-Kwkt6ufx-gZjR5azc0OE51Zlk\" target=\"_blank\" rel=\"noopener noreferrer\">Jornadas Europeas de Patrimonio 2001. El Patrimonio Industrial en Andaluc\u00eda.<\/a><\/li>\n<li><a href=\"https:\/\/drive.google.com\/open?id=0B-Kwkt6ufx-gcDVaNmJQVk1rTWM\" target=\"_blank\" rel=\"noopener noreferrer\">Jornadas Europeas de Patrimonio 2002. Arquitectura dom\u00e9stica tradicional en Andaluc\u00eda.<\/a><\/li>\n<li><a href=\"https:\/\/drive.google.com\/open?id=0B-Kwkt6ufx-gVlBEMGcyeWJwVzA\" target=\"_blank\" rel=\"noopener noreferrer\">Jornadas Europeas de Patrimonio 2003. Edificios hist\u00f3ricos recuperados de uso p\u00fablico en Andaluc\u00eda.<\/a><\/li>\n<li><a href=\"https:\/\/drive.google.com\/open?id=0B-Kwkt6ufx-gMUNIUzd2RUM4RkU\" target=\"_blank\" rel=\"noopener noreferrer\">Jornadas Europeas de Patrimonio 2004. Plazas y jardines en Andaluc\u00eda.<\/a><\/li>\n<li><a href=\"https:\/\/drive.google.com\/open?id=0B-Kwkt6ufx-gZDViV1VVSEY2QTQ\" target=\"_blank\" rel=\"noopener noreferrer\">Jornadas Europeas de Patrimonio 2005. Conjuntos hist\u00f3ricos en Andaluc\u00eda.<\/a><\/li>\n<li><a href=\"https:\/\/drive.google.com\/open?id=0B-Kwkt6ufx-gYWxhMmN0cjd3Rms\" target=\"_blank\" rel=\"noopener noreferrer\">Jornadas Europeas de Patrimonio 2006. El Renacimiento en Andaluc\u00eda.<\/a><\/li>\n<li><a href=\"https:\/\/drive.google.com\/open?id=0B-Kwkt6ufx-gQXhVLXdlMWJ3TEU\" target=\"_blank\" rel=\"noopener noreferrer\">Jornadas Europeas de Patrimonio 2007. El Barroco en Andaluc\u00eda.<\/a><\/li>\n<li><a href=\"https:\/\/drive.google.com\/open?id=0B-Kwkt6ufx-gbHlYdTdoR3hrSFE\" target=\"_blank\" rel=\"noopener noreferrer\">Jornadas Europeas de Patrimonio 2008. El paisaje industrial en Andaluc\u00eda.<\/a><\/li>\n<\/ul>\n<\/li>\n<\/ul>\n","protected":false},"excerpt":{"rendered":"<p>\u00bfQU\u00c9 SON? Las Jornadas Europeas de Patrimonio permiten cada a\u00f1o a m\u00e1s de 20 millones de personas visitar miles de sitios que normalmente no suelen estar abiertos y participar en actividades \u00fanicas. Durante las&#46;&#46;&#46;<\/p>\n","protected":false},"author":8061,"featured_media":0,"parent":0,"menu_order":0,"comment_status":"closed","ping_status":"closed","template":"","meta":{"ngg_post_thumbnail":0,"footnotes":""},"aioseo_notices":[],"_links":{"self":[{"href":"https:\/\/blogsaverroes.juntadeandalucia.es\/gbellasartesmalaga\/wp-json\/wp\/v2\/pages\/242"}],"collection":[{"href":"https:\/\/blogsaverroes.juntadeandalucia.es\/gbellasartesmalaga\/wp-json\/wp\/v2\/pages"}],"about":[{"href":"https:\/\/blogsaverroes.juntadeandalucia.es\/gbellasartesmalaga\/wp-json\/wp\/v2\/types\/page"}],"author":[{"embeddable":true,"href":"https:\/\/blogsaverroes.juntadeandalucia.es\/gbellasartesmalaga\/wp-json\/wp\/v2\/users\/8061"}],"replies":[{"embeddable":true,"href":"https:\/\/blogsaverroes.juntadeandalucia.es\/gbellasartesmalaga\/wp-json\/wp\/v2\/comments?post=242"}],"version-history":[{"count":1,"href":"https:\/\/blogsaverroes.juntadeandalucia.es\/gbellasartesmalaga\/wp-json\/wp\/v2\/pages\/242\/revisions"}],"predecessor-version":[{"id":7194,"href":"https:\/\/blogsaverroes.juntadeandalucia.es\/gbellasartesmalaga\/wp-json\/wp\/v2\/pages\/242\/revisions\/7194"}],"wp:attachment":[{"href":"https:\/\/blogsaverroes.juntadeandalucia.es\/gbellasartesmalaga\/wp-json\/wp\/v2\/media?parent=242"}],"curies":[{"name":"wp","href":"https:\/\/api.w.org\/{rel}","templated":true}]}}