{"id":268,"date":"2017-09-12T09:09:11","date_gmt":"2017-09-12T09:09:11","guid":{"rendered":"http:\/\/www.educacionenmalaga.es\/gbellasartes\/?page_id=268"},"modified":"2024-07-04T13:46:53","modified_gmt":"2024-07-04T11:46:53","slug":"monumentos","status":"publish","type":"page","link":"https:\/\/blogsaverroes.juntadeandalucia.es\/gbellasartesmalaga\/monumentos\/","title":{"rendered":"Monumentos"},"content":{"rendered":"<p><img loading=\"lazy\" decoding=\"async\" class=\" wp-image-13262 aligncenter\" src=\"https:\/\/blogsaverroes.juntadeandalucia.es\/gbellasartesmalaga\/files\/2024\/07\/u.png\" alt=\"\" width=\"950\" height=\"182\" srcset=\"https:\/\/blogsaverroes.juntadeandalucia.es\/gbellasartesmalaga\/files\/2024\/07\/u.png 840w, https:\/\/blogsaverroes.juntadeandalucia.es\/gbellasartesmalaga\/files\/2024\/07\/u-300x58.png 300w, https:\/\/blogsaverroes.juntadeandalucia.es\/gbellasartesmalaga\/files\/2024\/07\/u-150x29.png 150w, https:\/\/blogsaverroes.juntadeandalucia.es\/gbellasartesmalaga\/files\/2024\/07\/u-768x147.png 768w\" sizes=\"(max-width: 950px) 100vw, 950px\" \/><\/p>\n<p>En esta secci\u00f3n del men\u00fa de nuestra web encontrar\u00e1s enlaces de los principales enclaves arqueol\u00f3gicos y monumentales, tanto de Andaluc\u00eda como de nuestra provincia.<\/p>\n<h2 data-wpview-marker=\"https%3A%2F%2Fwww.juntadeandalucia.es%2Fcultura%2Fenclaves%2F\"><strong>WEB DE ENCLAVES CULTURALES DE ANDALUC\u00cdA<\/strong><\/h2>\n<ul>\n<li data-wpview-marker=\"https%3A%2F%2Fwww.juntadeandalucia.es%2Fcultura%2Fenclaves%2F\"><a href=\"https:\/\/www.juntadeandalucia.es\/cultura\/enclaves\/\"><strong><span style=\"color: #0000ff\">https:\/\/www.juntadeandalucia.es\/cultura\/enclaves\/<\/span><\/strong><\/a><\/li>\n<\/ul>\n<h2 data-wpview-marker=\"https%3A%2F%2Fwww.juntadeandalucia.es%2Fcultura%2Fenclaves%2F\"><strong>M\u00c1LAGA CAPITAL<\/strong><\/h2>\n<ul>\n<li>\n<h3>Catedral de M\u00e1laga<\/h3>\n<\/li>\n<li>\n<h3><a href=\"http:\/\/www.andalucia.org\/es\/turismo-cultural\/visitas\/malaga\/monumentos\/alcazaba-de-malaga\/\" target=\"_blank\" rel=\"noopener\">Alcazaba <\/a><\/h3>\n<\/li>\n<li>\n<h3><a href=\"http:\/\/www.andalucia.org\/es\/turismo-cultural\/visitas\/malaga\/monumentos\/teatro-romano-de-malaga-trm\/\" target=\"_blank\" rel=\"noopener\">Teatro Romano M\u00e1laga <\/a><\/h3>\n<\/li>\n<li>\n<h3><a href=\"http:\/\/www.andalucia.org\/es\/turismo-cultural\/visitas\/malaga\/monumentos\/castillo-de-gibralfaro\/\" target=\"_blank\" rel=\"noopener\">Castillo de Gibralfaro<\/a><\/h3>\n<\/li>\n<li><a href=\"https:\/\/www.juntadeandalucia.es\/cultura\/enclaves\/enclave-arqueologico-teatro-romano-de-malaga\"><strong>Enclave Teatro Romano de M\u00e1laga<\/strong><\/a><\/li>\n<\/ul>\n<h2>ANTEQUERA<\/h2>\n<ul>\n<li>\n<h3><a href=\"http:\/\/www.museosdeandalucia.es\/cultura\/museos\/CADA\/index.jsp?redirect=S2_3_1_1Espacios.jsp&amp;idpieza=11354\" target=\"_blank\" rel=\"noopener\">Conjunto Monumental D\u00f3lmenes de Antequera<\/a><\/h3>\n<\/li>\n<li>\n<h3><a href=\"http:\/\/www.rutadeltempranillo.es\/termas-romanas\/\" target=\"_blank\" rel=\"noopener\">Centro Tem\u00e1tico Termas Romanas de Alameda <\/a><\/h3>\n<\/li>\n<li>\n<h3><a href=\"http:\/\/www.europeanheritagedays.com\/Event\/126ff\/RECINTO-AMURALLADO-DE-MADINAT-ANTAQUIRA.html\" target=\"_blank\" rel=\"noopener\">Recinto amurallado Madinat Antaquira<\/a><\/h3>\n<\/li>\n<li>\n<h3><a href=\"https:\/\/es.scribd.com\/doc\/309327520\/El-Torcal-guia-pdf\" target=\"_blank\" rel=\"noopener\">Torcal de Antequera. Gu\u00eda ambiental y did\u00e1ctica<\/a><\/h3>\n<\/li>\n<\/ul>\n<p>&nbsp;<\/p>\n","protected":false},"excerpt":{"rendered":"<p>En esta secci\u00f3n del men\u00fa de nuestra web encontrar\u00e1s enlaces de los principales enclaves arqueol\u00f3gicos y monumentales, tanto de Andaluc\u00eda como de nuestra provincia. WEB DE ENCLAVES CULTURALES DE ANDALUC\u00cdA https:\/\/www.juntadeandalucia.es\/cultura\/enclaves\/ M\u00c1LAGA CAPITAL Catedral&#46;&#46;&#46;<\/p>\n","protected":false},"author":8061,"featured_media":0,"parent":0,"menu_order":0,"comment_status":"closed","ping_status":"closed","template":"","meta":{"ngg_post_thumbnail":0,"footnotes":""},"aioseo_notices":[],"_links":{"self":[{"href":"https:\/\/blogsaverroes.juntadeandalucia.es\/gbellasartesmalaga\/wp-json\/wp\/v2\/pages\/268"}],"collection":[{"href":"https:\/\/blogsaverroes.juntadeandalucia.es\/gbellasartesmalaga\/wp-json\/wp\/v2\/pages"}],"about":[{"href":"https:\/\/blogsaverroes.juntadeandalucia.es\/gbellasartesmalaga\/wp-json\/wp\/v2\/types\/page"}],"author":[{"embeddable":true,"href":"https:\/\/blogsaverroes.juntadeandalucia.es\/gbellasartesmalaga\/wp-json\/wp\/v2\/users\/8061"}],"replies":[{"embeddable":true,"href":"https:\/\/blogsaverroes.juntadeandalucia.es\/gbellasartesmalaga\/wp-json\/wp\/v2\/comments?post=268"}],"version-history":[{"count":3,"href":"https:\/\/blogsaverroes.juntadeandalucia.es\/gbellasartesmalaga\/wp-json\/wp\/v2\/pages\/268\/revisions"}],"predecessor-version":[{"id":13264,"href":"https:\/\/blogsaverroes.juntadeandalucia.es\/gbellasartesmalaga\/wp-json\/wp\/v2\/pages\/268\/revisions\/13264"}],"wp:attachment":[{"href":"https:\/\/blogsaverroes.juntadeandalucia.es\/gbellasartesmalaga\/wp-json\/wp\/v2\/media?parent=268"}],"curies":[{"name":"wp","href":"https:\/\/api.w.org\/{rel}","templated":true}]}}