{"id":716,"date":"2017-12-01T13:01:36","date_gmt":"2017-12-01T13:01:36","guid":{"rendered":"http:\/\/www.educacionenmalaga.es\/gbellasartes\/?page_id=716"},"modified":"2020-07-07T16:35:11","modified_gmt":"2020-07-07T14:35:11","slug":"asignacion-de-perfiles","status":"publish","type":"page","link":"https:\/\/blogsaverroes.juntadeandalucia.es\/gbellasartesmalaga\/asignacion-de-perfiles\/","title":{"rendered":"Asignaci\u00f3n de perfiles"},"content":{"rendered":"<h1><span style=\"color: #008000\"><strong>Instrucciones para la asignaci\u00f3n de perfiles de gesti\u00f3n en S\u00e9neca ( coordinaci\u00f3n del programa )<br \/>\n<\/strong><\/span><\/h1>\n<div class=\"detalle web\">\n<div class=\"contenido_detalle\">\n<section class=\"cuerpo detalle_html\">\n<div class=\"inner_cuerpo\">\n<ul>\n<li>Se ha de acceder al Sistema de Gesti\u00f3n S\u00e9neca con perfil de <strong>Direcci\u00f3n <\/strong>del centro educativo.<\/li>\n<li>Es preciso seleccionar <strong>Personal <\/strong>en el men\u00fa desplegable y, en el men\u00fa lateral, seleccionar <strong>Personal del centro.<\/strong><\/li>\n<li>Aparecer\u00e1 la relaci\u00f3n del Profesorado del centro y en el men\u00fa superior un icono para acceder a la <strong>Asignaci\u00f3n de perfiles<\/strong>. Para pasar a la siguiente pantalla hay que pulsar ese icono.<\/li>\n<\/ul>\n<p><img decoding=\"async\" class=\"aligncenter\" title=\"asignaci\u00f3n de (perfiles_01.jpg)\" src=\"http:\/\/www.juntadeandalucia.es\/educacion\/portals\/ishare-servlet\/content\/9e24ddaf-727b-49f6-8261-6f807c309d12\" alt=\"asignaci\u00f3n de (perfiles_01.jpg)\"><\/p>\n<ul>\n<li>Aparecen las operaciones a realizar, en este caso <strong>Asignar<\/strong>, y los perfiles posibles, en este caso <strong>Coordinador\/a de Programa Educativo<\/strong>. Seleccionando ambos se pasa a la pantalla siguiente.<\/li>\n<\/ul>\n<p><img decoding=\"async\" class=\"aligncenter\" title=\"asignaci\u00f3n de (perfiles_02.jpg)\" src=\"http:\/\/www.juntadeandalucia.es\/educacion\/portals\/ishare-servlet\/content\/9d8029e4-8c4b-47c6-974f-a72f9297d2fe\" alt=\"asignaci\u00f3n de (perfiles_02.jpg)\"><\/p>\n<ul>\n<li>Se muestran todas aquellas personas que son coordinadoras de alg\u00fan programa educativo en el centro. <strong>Marcando<\/strong> a aquella a la que se le vaya a asignar el perfil y picando <strong>Aceptar<\/strong> en el icono de la parte superior derecha se habr\u00e1 completado la operaci\u00f3n.<\/li>\n<li>En ese momento el nombre de la persona a la que se le ha asignado el perfil ya no aparecer\u00e1 en esta lista. Para comprobar que la operaci\u00f3n se ha realizado correctamente, se puede elegir la operaci\u00f3n Desasignar, en el desplegable, y ver que se encuentra en ese listado.<\/li>\n<\/ul>\n<p><img decoding=\"async\" class=\"aligncenter\" title=\"asignaci\u00f3n de (perfiles_03.jpg)\" src=\"http:\/\/www.juntadeandalucia.es\/educacion\/portals\/ishare-servlet\/content\/2d3ff35b-67d1-4953-b56e-79c9677f74f4\" alt=\"asignaci\u00f3n de (perfiles_03.jpg)\"><\/p>\n<\/div>\n<\/section>\n<\/div>\n<\/div>\n<div class=\"wrapper-volver\">&nbsp;<\/div>\n","protected":false},"excerpt":{"rendered":"<p>Instrucciones para la asignaci\u00f3n de perfiles de gesti\u00f3n en S\u00e9neca ( coordinaci\u00f3n del programa ) Se ha de acceder al Sistema de Gesti\u00f3n S\u00e9neca con perfil de Direcci\u00f3n del centro educativo. Es preciso seleccionar&#46;&#46;&#46;<\/p>\n","protected":false},"author":8061,"featured_media":0,"parent":0,"menu_order":0,"comment_status":"closed","ping_status":"closed","template":"","meta":{"ngg_post_thumbnail":0,"footnotes":""},"aioseo_notices":[],"_links":{"self":[{"href":"https:\/\/blogsaverroes.juntadeandalucia.es\/gbellasartesmalaga\/wp-json\/wp\/v2\/pages\/716"}],"collection":[{"href":"https:\/\/blogsaverroes.juntadeandalucia.es\/gbellasartesmalaga\/wp-json\/wp\/v2\/pages"}],"about":[{"href":"https:\/\/blogsaverroes.juntadeandalucia.es\/gbellasartesmalaga\/wp-json\/wp\/v2\/types\/page"}],"author":[{"embeddable":true,"href":"https:\/\/blogsaverroes.juntadeandalucia.es\/gbellasartesmalaga\/wp-json\/wp\/v2\/users\/8061"}],"replies":[{"embeddable":true,"href":"https:\/\/blogsaverroes.juntadeandalucia.es\/gbellasartesmalaga\/wp-json\/wp\/v2\/comments?post=716"}],"version-history":[{"count":4,"href":"https:\/\/blogsaverroes.juntadeandalucia.es\/gbellasartesmalaga\/wp-json\/wp\/v2\/pages\/716\/revisions"}],"predecessor-version":[{"id":8190,"href":"https:\/\/blogsaverroes.juntadeandalucia.es\/gbellasartesmalaga\/wp-json\/wp\/v2\/pages\/716\/revisions\/8190"}],"wp:attachment":[{"href":"https:\/\/blogsaverroes.juntadeandalucia.es\/gbellasartesmalaga\/wp-json\/wp\/v2\/media?parent=716"}],"curies":[{"name":"wp","href":"https:\/\/api.w.org\/{rel}","templated":true}]}}