{"id":62,"date":"2022-10-19T11:21:14","date_gmt":"2022-10-19T11:21:14","guid":{"rendered":"https:\/\/blogsaverroes.juntadeandalucia.es\/granadainfantil\/?page_id=62"},"modified":"2023-04-13T10:30:23","modified_gmt":"2023-04-13T10:30:23","slug":"cursos-cep-motril","status":"publish","type":"page","link":"https:\/\/blogsaverroes.juntadeandalucia.es\/granadainfantil\/cursos-cep-motril\/","title":{"rendered":"Cursos CEP MOTRIL"},"content":{"rendered":"<div class=\"pt-cv-wrapper\"><div class=\"pt-cv-view pt-cv-grid pt-cv-colsys\" id=\"pt-cv-view-254fe0fl8r\"><div data-id=\"pt-cv-page-1\" class=\"pt-cv-page\" data-cvc=\"2\"><div class=\"col-md-6 col-sm-6 col-xs-12 pt-cv-content-item pt-cv-1-col\" ><div class='pt-cv-ifield'><a href=\"https:\/\/blogsaverroes.juntadeandalucia.es\/granadainfantil\/2023\/05\/07\/elaboracion-de-programaciones-a-traves-de-seneca-en-educacion-infantil\/\" class=\"_self pt-cv-href-thumbnail pt-cv-thumb-default\" target=\"_self\" ><img fetchpriority=\"high\" decoding=\"async\" width=\"300\" height=\"300\" src=\"https:\/\/blogsaverroes.juntadeandalucia.es\/granadainfantil\/files\/2023\/05\/Copia-de-CURSOS-3-6-A\u00d1OS-Post-de-Instagram-Cuadrado-300x300.png\" class=\"pt-cv-thumbnail\" alt=\"\" srcset=\"https:\/\/blogsaverroes.juntadeandalucia.es\/granadainfantil\/files\/2023\/05\/Copia-de-CURSOS-3-6-A\u00d1OS-Post-de-Instagram-Cuadrado-300x300.png 300w, https:\/\/blogsaverroes.juntadeandalucia.es\/granadainfantil\/files\/2023\/05\/Copia-de-CURSOS-3-6-A\u00d1OS-Post-de-Instagram-Cuadrado-1024x1024.png 1024w, https:\/\/blogsaverroes.juntadeandalucia.es\/granadainfantil\/files\/2023\/05\/Copia-de-CURSOS-3-6-A\u00d1OS-Post-de-Instagram-Cuadrado-150x150.png 150w, https:\/\/blogsaverroes.juntadeandalucia.es\/granadainfantil\/files\/2023\/05\/Copia-de-CURSOS-3-6-A\u00d1OS-Post-de-Instagram-Cuadrado-768x768.png 768w, https:\/\/blogsaverroes.juntadeandalucia.es\/granadainfantil\/files\/2023\/05\/Copia-de-CURSOS-3-6-A\u00d1OS-Post-de-Instagram-Cuadrado-80x80.png 80w, https:\/\/blogsaverroes.juntadeandalucia.es\/granadainfantil\/files\/2023\/05\/Copia-de-CURSOS-3-6-A\u00d1OS-Post-de-Instagram-Cuadrado-320x320.png 320w, https:\/\/blogsaverroes.juntadeandalucia.es\/granadainfantil\/files\/2023\/05\/Copia-de-CURSOS-3-6-A\u00d1OS-Post-de-Instagram-Cuadrado.png 1080w\" sizes=\"(max-width: 300px) 100vw, 300px\" \/><\/a>\n<h4 class=\"pt-cv-title\"><a href=\"https:\/\/blogsaverroes.juntadeandalucia.es\/granadainfantil\/2023\/05\/07\/elaboracion-de-programaciones-a-traves-de-seneca-en-educacion-infantil\/\" class=\"_self\" target=\"_self\" >ELABORACI\u00d3N DE PROGRAMACIONES A TRAV\u00c9S DE S\u00c9NECA EN EDUCACI\u00d3N INFANTIL<\/a><\/h4>\n<div class=\"pt-cv-content\">- Con esta actividad formativa pretendemos reflexionar, debatir y analizar la pr\u00e1ctica educativa con los docentes de Educaci\u00f3n Infantil. - ...<br \/><div class=\"pt-cv-rmwrap\"><a href=\"https:\/\/blogsaverroes.juntadeandalucia.es\/granadainfantil\/2023\/05\/07\/elaboracion-de-programaciones-a-traves-de-seneca-en-educacion-infantil\/\" class=\"_self pt-cv-readmore btn btn-success\" target=\"_self\">Leer M\u00e1s<\/a><\/div><\/div><\/div><\/div>\n<div class=\"col-md-6 col-sm-6 col-xs-12 pt-cv-content-item pt-cv-1-col\" ><div class='pt-cv-ifield'><a href=\"https:\/\/blogsaverroes.juntadeandalucia.es\/granadainfantil\/2023\/05\/05\/beneficios-que-nos-ofrece-seneca\/\" class=\"_self pt-cv-href-thumbnail pt-cv-thumb-default\" target=\"_self\" ><img decoding=\"async\" width=\"300\" height=\"300\" src=\"https:\/\/blogsaverroes.juntadeandalucia.es\/granadainfantil\/files\/2023\/05\/Beneficios-de-S\u00e9neca-218-2-300x300.png\" class=\"pt-cv-thumbnail\" alt=\"\" srcset=\"https:\/\/blogsaverroes.juntadeandalucia.es\/granadainfantil\/files\/2023\/05\/Beneficios-de-S\u00e9neca-218-2-300x300.png 300w, https:\/\/blogsaverroes.juntadeandalucia.es\/granadainfantil\/files\/2023\/05\/Beneficios-de-S\u00e9neca-218-2-1024x1024.png 1024w, https:\/\/blogsaverroes.juntadeandalucia.es\/granadainfantil\/files\/2023\/05\/Beneficios-de-S\u00e9neca-218-2-150x150.png 150w, https:\/\/blogsaverroes.juntadeandalucia.es\/granadainfantil\/files\/2023\/05\/Beneficios-de-S\u00e9neca-218-2-768x768.png 768w, https:\/\/blogsaverroes.juntadeandalucia.es\/granadainfantil\/files\/2023\/05\/Beneficios-de-S\u00e9neca-218-2-80x80.png 80w, https:\/\/blogsaverroes.juntadeandalucia.es\/granadainfantil\/files\/2023\/05\/Beneficios-de-S\u00e9neca-218-2-320x320.png 320w, https:\/\/blogsaverroes.juntadeandalucia.es\/granadainfantil\/files\/2023\/05\/Beneficios-de-S\u00e9neca-218-2.png 1080w\" sizes=\"(max-width: 300px) 100vw, 300px\" \/><\/a>\n<h4 class=\"pt-cv-title\"><a href=\"https:\/\/blogsaverroes.juntadeandalucia.es\/granadainfantil\/2023\/05\/05\/beneficios-que-nos-ofrece-seneca\/\" class=\"_self\" target=\"_self\" >BENEFICIOS QUE NOS OFRECE S\u00c9NECA<\/a><\/h4>\n<div class=\"pt-cv-content\">La intenci\u00f3n es fomentar estrategias de mejora de la acci\u00f3n tutorial y el uso de las herramientas de gesti\u00f3n y ...<br \/><div class=\"pt-cv-rmwrap\"><a href=\"https:\/\/blogsaverroes.juntadeandalucia.es\/granadainfantil\/2023\/05\/05\/beneficios-que-nos-ofrece-seneca\/\" class=\"_self pt-cv-readmore btn btn-success\" target=\"_self\">Leer M\u00e1s<\/a><\/div><\/div><\/div><\/div>\n<div class=\"col-md-6 col-sm-6 col-xs-12 pt-cv-content-item pt-cv-1-col\" ><div class='pt-cv-ifield'><a href=\"https:\/\/blogsaverroes.juntadeandalucia.es\/granadainfantil\/2023\/04\/28\/estimulacion-del-lenguaje-recursos-y-materiales-practicos-0-3-anos\/\" class=\"_self pt-cv-href-thumbnail pt-cv-thumb-default\" target=\"_self\" ><img decoding=\"async\" width=\"300\" height=\"300\" src=\"https:\/\/blogsaverroes.juntadeandalucia.es\/granadainfantil\/files\/2023\/04\/ESTIMULACI\u00d3N-DEL-LENGUAJE.-RECURSOS-Y-MATERIALES-PR\u00c1CTICOS-0-3-A\u00d1OS-300x300.png\" class=\"pt-cv-thumbnail\" alt=\"\" srcset=\"https:\/\/blogsaverroes.juntadeandalucia.es\/granadainfantil\/files\/2023\/04\/ESTIMULACI\u00d3N-DEL-LENGUAJE.-RECURSOS-Y-MATERIALES-PR\u00c1CTICOS-0-3-A\u00d1OS-300x300.png 300w, https:\/\/blogsaverroes.juntadeandalucia.es\/granadainfantil\/files\/2023\/04\/ESTIMULACI\u00d3N-DEL-LENGUAJE.-RECURSOS-Y-MATERIALES-PR\u00c1CTICOS-0-3-A\u00d1OS-1024x1024.png 1024w, https:\/\/blogsaverroes.juntadeandalucia.es\/granadainfantil\/files\/2023\/04\/ESTIMULACI\u00d3N-DEL-LENGUAJE.-RECURSOS-Y-MATERIALES-PR\u00c1CTICOS-0-3-A\u00d1OS-150x150.png 150w, https:\/\/blogsaverroes.juntadeandalucia.es\/granadainfantil\/files\/2023\/04\/ESTIMULACI\u00d3N-DEL-LENGUAJE.-RECURSOS-Y-MATERIALES-PR\u00c1CTICOS-0-3-A\u00d1OS-768x768.png 768w, https:\/\/blogsaverroes.juntadeandalucia.es\/granadainfantil\/files\/2023\/04\/ESTIMULACI\u00d3N-DEL-LENGUAJE.-RECURSOS-Y-MATERIALES-PR\u00c1CTICOS-0-3-A\u00d1OS-80x80.png 80w, https:\/\/blogsaverroes.juntadeandalucia.es\/granadainfantil\/files\/2023\/04\/ESTIMULACI\u00d3N-DEL-LENGUAJE.-RECURSOS-Y-MATERIALES-PR\u00c1CTICOS-0-3-A\u00d1OS-320x320.png 320w, https:\/\/blogsaverroes.juntadeandalucia.es\/granadainfantil\/files\/2023\/04\/ESTIMULACI\u00d3N-DEL-LENGUAJE.-RECURSOS-Y-MATERIALES-PR\u00c1CTICOS-0-3-A\u00d1OS.png 1080w\" sizes=\"(max-width: 300px) 100vw, 300px\" \/><\/a>\n<h4 class=\"pt-cv-title\"><a href=\"https:\/\/blogsaverroes.juntadeandalucia.es\/granadainfantil\/2023\/04\/28\/estimulacion-del-lenguaje-recursos-y-materiales-practicos-0-3-anos\/\" class=\"_self\" target=\"_self\" >ESTIMULACI\u00d3N DEL LENGUAJE. RECURSOS Y MATERIALES PR\u00c1CTICOS (0-3 A\u00d1OS)<\/a><\/h4>\n<div class=\"pt-cv-content\">Nos surge la necesidad de estimular el lenguaje lo m\u00e1s tempranamente posible con un alumnado en proceso de adquisici\u00f3n ling\u00fc\u00edstica ...<br \/><div class=\"pt-cv-rmwrap\"><a href=\"https:\/\/blogsaverroes.juntadeandalucia.es\/granadainfantil\/2023\/04\/28\/estimulacion-del-lenguaje-recursos-y-materiales-practicos-0-3-anos\/\" class=\"_self pt-cv-readmore btn btn-success\" target=\"_self\">Leer M\u00e1s<\/a><\/div><\/div><\/div><\/div>\n<div class=\"col-md-6 col-sm-6 col-xs-12 pt-cv-content-item pt-cv-1-col\" ><div class='pt-cv-ifield'><a href=\"https:\/\/blogsaverroes.juntadeandalucia.es\/granadainfantil\/2023\/04\/28\/primeros-auxilios-nos-ponemos-al-dia-0-3-anos\/\" class=\"_self pt-cv-href-thumbnail pt-cv-thumb-default\" target=\"_self\" ><img loading=\"lazy\" decoding=\"async\" width=\"300\" height=\"300\" src=\"https:\/\/blogsaverroes.juntadeandalucia.es\/granadainfantil\/files\/2023\/04\/PRIMEROS-AUXILIOS-NOS-PONEMOS-AL-D\u00cdA-0-3-A\u00d1OS-300x300.jpg\" class=\"pt-cv-thumbnail\" alt=\"\" srcset=\"https:\/\/blogsaverroes.juntadeandalucia.es\/granadainfantil\/files\/2023\/04\/PRIMEROS-AUXILIOS-NOS-PONEMOS-AL-D\u00cdA-0-3-A\u00d1OS-300x300.jpg 300w, https:\/\/blogsaverroes.juntadeandalucia.es\/granadainfantil\/files\/2023\/04\/PRIMEROS-AUXILIOS-NOS-PONEMOS-AL-D\u00cdA-0-3-A\u00d1OS-1024x1024.jpg 1024w, https:\/\/blogsaverroes.juntadeandalucia.es\/granadainfantil\/files\/2023\/04\/PRIMEROS-AUXILIOS-NOS-PONEMOS-AL-D\u00cdA-0-3-A\u00d1OS-150x150.jpg 150w, https:\/\/blogsaverroes.juntadeandalucia.es\/granadainfantil\/files\/2023\/04\/PRIMEROS-AUXILIOS-NOS-PONEMOS-AL-D\u00cdA-0-3-A\u00d1OS-768x768.jpg 768w, https:\/\/blogsaverroes.juntadeandalucia.es\/granadainfantil\/files\/2023\/04\/PRIMEROS-AUXILIOS-NOS-PONEMOS-AL-D\u00cdA-0-3-A\u00d1OS-80x80.jpg 80w, https:\/\/blogsaverroes.juntadeandalucia.es\/granadainfantil\/files\/2023\/04\/PRIMEROS-AUXILIOS-NOS-PONEMOS-AL-D\u00cdA-0-3-A\u00d1OS-320x320.jpg 320w, https:\/\/blogsaverroes.juntadeandalucia.es\/granadainfantil\/files\/2023\/04\/PRIMEROS-AUXILIOS-NOS-PONEMOS-AL-D\u00cdA-0-3-A\u00d1OS.jpg 1080w\" sizes=\"(max-width: 300px) 100vw, 300px\" \/><\/a>\n<h4 class=\"pt-cv-title\"><a href=\"https:\/\/blogsaverroes.juntadeandalucia.es\/granadainfantil\/2023\/04\/28\/primeros-auxilios-nos-ponemos-al-dia-0-3-anos\/\" class=\"_self\" target=\"_self\" >PRIMEROS AUXILIOS: \u00bbNOS PONEMOS AL D\u00cdA\u00bb (0-3 A\u00d1OS)<\/a><\/h4>\n<div class=\"pt-cv-content\">Los accidentes ocurren y, muchas veces, nadie los puede evitar, pero lo que si podemos evitar es no estar preparados ...<br \/><div class=\"pt-cv-rmwrap\"><a href=\"https:\/\/blogsaverroes.juntadeandalucia.es\/granadainfantil\/2023\/04\/28\/primeros-auxilios-nos-ponemos-al-dia-0-3-anos\/\" class=\"_self pt-cv-readmore btn btn-success\" target=\"_self\">Leer M\u00e1s<\/a><\/div><\/div><\/div><\/div>\n<div class=\"col-md-6 col-sm-6 col-xs-12 pt-cv-content-item pt-cv-1-col\" ><div class='pt-cv-ifield'><a href=\"https:\/\/blogsaverroes.juntadeandalucia.es\/granadainfantil\/2023\/04\/26\/motril-se-convierte-en-la-capital-de-la-educacion-infantil-con-el-ii-encuentro-de-formacion-del-profesorado\/\" class=\"_self pt-cv-href-thumbnail pt-cv-thumb-default\" target=\"_self\" ><img loading=\"lazy\" decoding=\"async\" width=\"300\" height=\"225\" src=\"https:\/\/blogsaverroes.juntadeandalucia.es\/granadainfantil\/files\/2023\/04\/9b822e1c-810c-4366-bb3b-6d68708d4221-300x225.jpg\" class=\"pt-cv-thumbnail\" alt=\"\" srcset=\"https:\/\/blogsaverroes.juntadeandalucia.es\/granadainfantil\/files\/2023\/04\/9b822e1c-810c-4366-bb3b-6d68708d4221-300x225.jpg 300w, https:\/\/blogsaverroes.juntadeandalucia.es\/granadainfantil\/files\/2023\/04\/9b822e1c-810c-4366-bb3b-6d68708d4221-768x576.jpg 768w, https:\/\/blogsaverroes.juntadeandalucia.es\/granadainfantil\/files\/2023\/04\/9b822e1c-810c-4366-bb3b-6d68708d4221.jpg 1024w\" sizes=\"(max-width: 300px) 100vw, 300px\" \/><\/a>\n<h4 class=\"pt-cv-title\"><a href=\"https:\/\/blogsaverroes.juntadeandalucia.es\/granadainfantil\/2023\/04\/26\/motril-se-convierte-en-la-capital-de-la-educacion-infantil-con-el-ii-encuentro-de-formacion-del-profesorado\/\" class=\"_self\" target=\"_self\" >Motril se convierte en la capital de la educaci\u00f3n infantil con el II Encuentro de Formaci\u00f3n del Profesorado<\/a><\/h4>\n<div class=\"pt-cv-content\">\u00a1Motril se convierte en la capital de la educaci\u00f3n infantil con el II Encuentro de Formaci\u00f3n del Profesorado de toda ...<br \/><div class=\"pt-cv-rmwrap\"><a href=\"https:\/\/blogsaverroes.juntadeandalucia.es\/granadainfantil\/2023\/04\/26\/motril-se-convierte-en-la-capital-de-la-educacion-infantil-con-el-ii-encuentro-de-formacion-del-profesorado\/\" class=\"_self pt-cv-readmore btn btn-success\" target=\"_self\">Leer M\u00e1s<\/a><\/div><\/div><\/div><\/div>\n<div class=\"col-md-6 col-sm-6 col-xs-12 pt-cv-content-item pt-cv-1-col\" ><div class='pt-cv-ifield'><a href=\"https:\/\/blogsaverroes.juntadeandalucia.es\/granadainfantil\/2023\/04\/21\/apego-y-regulacion-emocional-en-la-primera-infancia-0-a-3-anos\/\" class=\"_self pt-cv-href-thumbnail pt-cv-thumb-default\" target=\"_self\" ><img loading=\"lazy\" decoding=\"async\" width=\"300\" height=\"195\" src=\"https:\/\/blogsaverroes.juntadeandalucia.es\/granadainfantil\/files\/2023\/04\/APEGO-300x195.jpg\" class=\"pt-cv-thumbnail\" alt=\"\" srcset=\"https:\/\/blogsaverroes.juntadeandalucia.es\/granadainfantil\/files\/2023\/04\/APEGO-300x195.jpg 300w, https:\/\/blogsaverroes.juntadeandalucia.es\/granadainfantil\/files\/2023\/04\/APEGO.jpg 360w\" sizes=\"(max-width: 300px) 100vw, 300px\" \/><\/a>\n<h4 class=\"pt-cv-title\"><a href=\"https:\/\/blogsaverroes.juntadeandalucia.es\/granadainfantil\/2023\/04\/21\/apego-y-regulacion-emocional-en-la-primera-infancia-0-a-3-anos\/\" class=\"_self\" target=\"_self\" >APEGO Y REGULACI\u00d3N EMOCIONAL EN LA PRIMERA INFANCIA (0 A 3 A\u00d1OS)<\/a><\/h4>\n<div class=\"pt-cv-content\"> ...<br \/><div class=\"pt-cv-rmwrap\"><a href=\"https:\/\/blogsaverroes.juntadeandalucia.es\/granadainfantil\/2023\/04\/21\/apego-y-regulacion-emocional-en-la-primera-infancia-0-a-3-anos\/\" class=\"_self pt-cv-readmore btn btn-success\" target=\"_self\">Leer M\u00e1s<\/a><\/div><\/div><\/div><\/div>\n<div class=\"col-md-6 col-sm-6 col-xs-12 pt-cv-content-item pt-cv-1-col\" ><div class='pt-cv-ifield'><a href=\"https:\/\/blogsaverroes.juntadeandalucia.es\/granadainfantil\/2023\/04\/19\/ii-encuentro-provincial-de-educacion-infantil-0-6-anos\/\" class=\"_self pt-cv-href-thumbnail pt-cv-thumb-default\" target=\"_self\" ><img loading=\"lazy\" decoding=\"async\" width=\"300\" height=\"300\" src=\"https:\/\/blogsaverroes.juntadeandalucia.es\/granadainfantil\/files\/2023\/04\/II-ENCUENTRO-PROVINCIAL-DE-EDUCACI\u00d3N-INFANTIL-0-6-A\u00d1OS-post-300x300.png\" class=\"pt-cv-thumbnail\" alt=\"\" srcset=\"https:\/\/blogsaverroes.juntadeandalucia.es\/granadainfantil\/files\/2023\/04\/II-ENCUENTRO-PROVINCIAL-DE-EDUCACI\u00d3N-INFANTIL-0-6-A\u00d1OS-post-300x300.png 300w, https:\/\/blogsaverroes.juntadeandalucia.es\/granadainfantil\/files\/2023\/04\/II-ENCUENTRO-PROVINCIAL-DE-EDUCACI\u00d3N-INFANTIL-0-6-A\u00d1OS-post-1024x1024.png 1024w, https:\/\/blogsaverroes.juntadeandalucia.es\/granadainfantil\/files\/2023\/04\/II-ENCUENTRO-PROVINCIAL-DE-EDUCACI\u00d3N-INFANTIL-0-6-A\u00d1OS-post-150x150.png 150w, https:\/\/blogsaverroes.juntadeandalucia.es\/granadainfantil\/files\/2023\/04\/II-ENCUENTRO-PROVINCIAL-DE-EDUCACI\u00d3N-INFANTIL-0-6-A\u00d1OS-post-768x768.png 768w, https:\/\/blogsaverroes.juntadeandalucia.es\/granadainfantil\/files\/2023\/04\/II-ENCUENTRO-PROVINCIAL-DE-EDUCACI\u00d3N-INFANTIL-0-6-A\u00d1OS-post-80x80.png 80w, https:\/\/blogsaverroes.juntadeandalucia.es\/granadainfantil\/files\/2023\/04\/II-ENCUENTRO-PROVINCIAL-DE-EDUCACI\u00d3N-INFANTIL-0-6-A\u00d1OS-post-320x320.png 320w, https:\/\/blogsaverroes.juntadeandalucia.es\/granadainfantil\/files\/2023\/04\/II-ENCUENTRO-PROVINCIAL-DE-EDUCACI\u00d3N-INFANTIL-0-6-A\u00d1OS-post.png 1080w\" sizes=\"(max-width: 300px) 100vw, 300px\" \/><\/a>\n<h4 class=\"pt-cv-title\"><a href=\"https:\/\/blogsaverroes.juntadeandalucia.es\/granadainfantil\/2023\/04\/19\/ii-encuentro-provincial-de-educacion-infantil-0-6-anos\/\" class=\"_self\" target=\"_self\" >II ENCUENTRO PROVINCIAL DE EDUCACI\u00d3N INFANTIL 0-6 A\u00d1OS<\/a><\/h4>\n<div class=\"pt-cv-content\">Crearemos un lugar de encuentro, participaci\u00f3n y colaboraci\u00f3n de los profesionales de esta etapa educativa. Ampliaremos nuestra formaci\u00f3n en torno ...<br \/><div class=\"pt-cv-rmwrap\"><a href=\"https:\/\/blogsaverroes.juntadeandalucia.es\/granadainfantil\/2023\/04\/19\/ii-encuentro-provincial-de-educacion-infantil-0-6-anos\/\" class=\"_self pt-cv-readmore btn btn-success\" target=\"_self\">Leer M\u00e1s<\/a><\/div><\/div><\/div><\/div>\n<div class=\"col-md-6 col-sm-6 col-xs-12 pt-cv-content-item pt-cv-1-col\" ><div class='pt-cv-ifield'><a href=\"https:\/\/blogsaverroes.juntadeandalucia.es\/granadainfantil\/2023\/04\/13\/deteccion-signos-de-alerta-en-el-desarrollo-infantil-0-3\/\" class=\"_self pt-cv-href-thumbnail pt-cv-thumb-default\" target=\"_self\" ><img loading=\"lazy\" decoding=\"async\" width=\"212\" height=\"300\" src=\"https:\/\/blogsaverroes.juntadeandalucia.es\/granadainfantil\/files\/2023\/04\/AVFP-Signos-Alerta-212x300.jpeg\" class=\"pt-cv-thumbnail\" alt=\"\" srcset=\"https:\/\/blogsaverroes.juntadeandalucia.es\/granadainfantil\/files\/2023\/04\/AVFP-Signos-Alerta-212x300.jpeg 212w, https:\/\/blogsaverroes.juntadeandalucia.es\/granadainfantil\/files\/2023\/04\/AVFP-Signos-Alerta-724x1024.jpeg 724w, https:\/\/blogsaverroes.juntadeandalucia.es\/granadainfantil\/files\/2023\/04\/AVFP-Signos-Alerta-768x1086.jpeg 768w, https:\/\/blogsaverroes.juntadeandalucia.es\/granadainfantil\/files\/2023\/04\/AVFP-Signos-Alerta.jpeg 905w\" sizes=\"(max-width: 212px) 100vw, 212px\" \/><\/a>\n<h4 class=\"pt-cv-title\"><a href=\"https:\/\/blogsaverroes.juntadeandalucia.es\/granadainfantil\/2023\/04\/13\/deteccion-signos-de-alerta-en-el-desarrollo-infantil-0-3\/\" class=\"_self\" target=\"_self\" >DETECCI\u00d3N SIGNOS DE ALERTA EN EL DESARROLLO INFANTIL 0-3<\/a><\/h4>\n<div class=\"pt-cv-content\"> ...<br \/><div class=\"pt-cv-rmwrap\"><a href=\"https:\/\/blogsaverroes.juntadeandalucia.es\/granadainfantil\/2023\/04\/13\/deteccion-signos-de-alerta-en-el-desarrollo-infantil-0-3\/\" class=\"_self pt-cv-readmore btn btn-success\" target=\"_self\">Leer M\u00e1s<\/a><\/div><\/div><\/div><\/div>\n<div class=\"col-md-6 col-sm-6 col-xs-12 pt-cv-content-item pt-cv-1-col\" ><div class='pt-cv-ifield'><a href=\"https:\/\/blogsaverroes.juntadeandalucia.es\/granadainfantil\/2023\/04\/13\/situaciones-de-aprendizaje-en-educacion-infantil-3-6-anos\/\" class=\"_self pt-cv-href-thumbnail pt-cv-thumb-default\" target=\"_self\" ><img loading=\"lazy\" decoding=\"async\" width=\"212\" height=\"300\" src=\"https:\/\/blogsaverroes.juntadeandalucia.es\/granadainfantil\/files\/2023\/04\/WhatsApp-Image-2023-04-12-at-10.02.35-212x300.jpeg\" class=\"pt-cv-thumbnail\" alt=\"\" srcset=\"https:\/\/blogsaverroes.juntadeandalucia.es\/granadainfantil\/files\/2023\/04\/WhatsApp-Image-2023-04-12-at-10.02.35-212x300.jpeg 212w, https:\/\/blogsaverroes.juntadeandalucia.es\/granadainfantil\/files\/2023\/04\/WhatsApp-Image-2023-04-12-at-10.02.35-724x1024.jpeg 724w, https:\/\/blogsaverroes.juntadeandalucia.es\/granadainfantil\/files\/2023\/04\/WhatsApp-Image-2023-04-12-at-10.02.35-768x1086.jpeg 768w, https:\/\/blogsaverroes.juntadeandalucia.es\/granadainfantil\/files\/2023\/04\/WhatsApp-Image-2023-04-12-at-10.02.35-1086x1536.jpeg 1086w, https:\/\/blogsaverroes.juntadeandalucia.es\/granadainfantil\/files\/2023\/04\/WhatsApp-Image-2023-04-12-at-10.02.35.jpeg 1131w\" sizes=\"(max-width: 212px) 100vw, 212px\" \/><\/a>\n<h4 class=\"pt-cv-title\"><a href=\"https:\/\/blogsaverroes.juntadeandalucia.es\/granadainfantil\/2023\/04\/13\/situaciones-de-aprendizaje-en-educacion-infantil-3-6-anos\/\" class=\"_self\" target=\"_self\" >SITUACIONES DE APRENDIZAJE EN EDUCACI\u00d3N INFANTIL (3-6 A\u00d1OS)<\/a><\/h4>\n<div class=\"pt-cv-content\">Con esta actividad formativa pretendemos reflexionar, debatir y analizar la pr\u00e1ctica educativa con los docentes de Educaci\u00f3n Infantil. Crearemos un ...<br \/><div class=\"pt-cv-rmwrap\"><a href=\"https:\/\/blogsaverroes.juntadeandalucia.es\/granadainfantil\/2023\/04\/13\/situaciones-de-aprendizaje-en-educacion-infantil-3-6-anos\/\" class=\"_self pt-cv-readmore btn btn-success\" target=\"_self\">Leer M\u00e1s<\/a><\/div><\/div><\/div><\/div>\n<div class=\"col-md-6 col-sm-6 col-xs-12 pt-cv-content-item pt-cv-1-col\" ><div class='pt-cv-ifield'><a href=\"https:\/\/blogsaverroes.juntadeandalucia.es\/granadainfantil\/2023\/04\/13\/signos-de-alerta-y-estrategias-de-intervencion-en-el-desarrollo-de-0-3-anos\/\" class=\"_self pt-cv-href-thumbnail pt-cv-thumb-default\" target=\"_self\" ><img loading=\"lazy\" decoding=\"async\" width=\"212\" height=\"300\" src=\"https:\/\/blogsaverroes.juntadeandalucia.es\/granadainfantil\/files\/2023\/04\/Signos-Alerta-212x300.jpeg\" class=\"pt-cv-thumbnail\" alt=\"\" srcset=\"https:\/\/blogsaverroes.juntadeandalucia.es\/granadainfantil\/files\/2023\/04\/Signos-Alerta-212x300.jpeg 212w, https:\/\/blogsaverroes.juntadeandalucia.es\/granadainfantil\/files\/2023\/04\/Signos-Alerta-724x1024.jpeg 724w, https:\/\/blogsaverroes.juntadeandalucia.es\/granadainfantil\/files\/2023\/04\/Signos-Alerta-768x1086.jpeg 768w, https:\/\/blogsaverroes.juntadeandalucia.es\/granadainfantil\/files\/2023\/04\/Signos-Alerta-1086x1536.jpeg 1086w, https:\/\/blogsaverroes.juntadeandalucia.es\/granadainfantil\/files\/2023\/04\/Signos-Alerta.jpeg 1131w\" sizes=\"(max-width: 212px) 100vw, 212px\" \/><\/a>\n<h4 class=\"pt-cv-title\"><a href=\"https:\/\/blogsaverroes.juntadeandalucia.es\/granadainfantil\/2023\/04\/13\/signos-de-alerta-y-estrategias-de-intervencion-en-el-desarrollo-de-0-3-anos\/\" class=\"_self\" target=\"_self\" >SIGNOS DE ALERTA Y ESTRATEGIAS DE INTERVENCI\u00d3N EN EL DESARROLLO DE 0-3 A\u00d1OS<\/a><\/h4>\n<div class=\"pt-cv-content\">La detecci\u00f3n de las posibles alteraciones en el desarrollo infantil es un aspecto fundamental de la Atenci\u00f3n Temprana en la ...<br \/><div class=\"pt-cv-rmwrap\"><a href=\"https:\/\/blogsaverroes.juntadeandalucia.es\/granadainfantil\/2023\/04\/13\/signos-de-alerta-y-estrategias-de-intervencion-en-el-desarrollo-de-0-3-anos\/\" class=\"_self pt-cv-readmore btn btn-success\" target=\"_self\">Leer M\u00e1s<\/a><\/div><\/div><\/div><\/div><\/div><\/div><\/div>\n","protected":false},"excerpt":{"rendered":"","protected":false},"author":3720,"featured_media":0,"parent":0,"menu_order":0,"comment_status":"closed","ping_status":"closed","template":"","meta":{"ngg_post_thumbnail":0,"footnotes":""},"aioseo_notices":[],"_links":{"self":[{"href":"https:\/\/blogsaverroes.juntadeandalucia.es\/granadainfantil\/wp-json\/wp\/v2\/pages\/62"}],"collection":[{"href":"https:\/\/blogsaverroes.juntadeandalucia.es\/granadainfantil\/wp-json\/wp\/v2\/pages"}],"about":[{"href":"https:\/\/blogsaverroes.juntadeandalucia.es\/granadainfantil\/wp-json\/wp\/v2\/types\/page"}],"author":[{"embeddable":true,"href":"https:\/\/blogsaverroes.juntadeandalucia.es\/granadainfantil\/wp-json\/wp\/v2\/users\/3720"}],"replies":[{"embeddable":true,"href":"https:\/\/blogsaverroes.juntadeandalucia.es\/granadainfantil\/wp-json\/wp\/v2\/comments?post=62"}],"version-history":[{"count":11,"href":"https:\/\/blogsaverroes.juntadeandalucia.es\/granadainfantil\/wp-json\/wp\/v2\/pages\/62\/revisions"}],"predecessor-version":[{"id":467,"href":"https:\/\/blogsaverroes.juntadeandalucia.es\/granadainfantil\/wp-json\/wp\/v2\/pages\/62\/revisions\/467"}],"wp:attachment":[{"href":"https:\/\/blogsaverroes.juntadeandalucia.es\/granadainfantil\/wp-json\/wp\/v2\/media?parent=62"}],"curies":[{"name":"wp","href":"https:\/\/api.w.org\/{rel}","templated":true}]}}