{"id":99,"date":"2015-10-25T22:30:22","date_gmt":"2015-10-25T22:30:22","guid":{"rendered":"http:\/\/blogsaverroes.juntadeandalucia.es\/hudeca1\/?page_id=99"},"modified":"2023-02-05T13:13:11","modified_gmt":"2023-02-05T13:13:11","slug":"profesorado-2","status":"publish","type":"page","link":"https:\/\/blogsaverroes.juntadeandalucia.es\/hudeca3\/profesorado-2\/","title":{"rendered":"Nuestras P\u00e1ginas"},"content":{"rendered":"<section class=\"content\">\n<div class=\"pad group\">\n<article class=\"group post-38 page type-page status-publish hentry\">\n<div class=\"entry themeform\">\n<p style=\"text-align: left\">&nbsp;<\/p>\n<h1 style=\"text-align: left\"><span style=\"font-family: 'arial black', sans-serif\"><em><strong>NUESTRO BLOG:<\/strong><\/em><\/span><\/h1>\n<p style=\"text-align: left\"><a href=\"http:\/\/ceiphuertadelcarmensevilla.blogspot.com\/\"><img loading=\"lazy\" decoding=\"async\" class=\"aligncenter wp-image-1819 size-full\" src=\"https:\/\/blogsaverroes.juntadeandalucia.es\/hudeca3\/files\/2023\/02\/UN-COLEGIO-DE-COLORES.png\" alt=\"\" width=\"1705\" height=\"192\" srcset=\"https:\/\/blogsaverroes.juntadeandalucia.es\/hudeca3\/files\/2023\/02\/UN-COLEGIO-DE-COLORES.png 1705w, https:\/\/blogsaverroes.juntadeandalucia.es\/hudeca3\/files\/2023\/02\/UN-COLEGIO-DE-COLORES-300x34.png 300w, https:\/\/blogsaverroes.juntadeandalucia.es\/hudeca3\/files\/2023\/02\/UN-COLEGIO-DE-COLORES-1024x115.png 1024w, https:\/\/blogsaverroes.juntadeandalucia.es\/hudeca3\/files\/2023\/02\/UN-COLEGIO-DE-COLORES-768x86.png 768w, https:\/\/blogsaverroes.juntadeandalucia.es\/hudeca3\/files\/2023\/02\/UN-COLEGIO-DE-COLORES-1536x173.png 1536w, https:\/\/blogsaverroes.juntadeandalucia.es\/hudeca3\/files\/2023\/02\/UN-COLEGIO-DE-COLORES-24x3.png 24w, https:\/\/blogsaverroes.juntadeandalucia.es\/hudeca3\/files\/2023\/02\/UN-COLEGIO-DE-COLORES-36x4.png 36w, https:\/\/blogsaverroes.juntadeandalucia.es\/hudeca3\/files\/2023\/02\/UN-COLEGIO-DE-COLORES-48x5.png 48w\" sizes=\"(max-width: 767px) 89vw, (max-width: 1000px) 54vw, (max-width: 1071px) 543px, 580px\" \/><\/a><\/p>\n<h1><span style=\"font-family: 'arial black', sans-serif\"><em><strong>WISIBIL\u00cdZALAS:<\/strong><\/em><\/span><\/h1>\n<p><a href=\"https:\/\/blogsaverroes.juntadeandalucia.es\/hudeca3\/wisibilizalas\/\"><img loading=\"lazy\" decoding=\"async\" class=\"aligncenter wp-image-1829 size-full\" src=\"https:\/\/blogsaverroes.juntadeandalucia.es\/hudeca3\/files\/2023\/02\/WISIBIL\u00cdZALAS.png\" alt=\"\" width=\"983\" height=\"211\" srcset=\"https:\/\/blogsaverroes.juntadeandalucia.es\/hudeca3\/files\/2023\/02\/WISIBIL\u00cdZALAS.png 983w, https:\/\/blogsaverroes.juntadeandalucia.es\/hudeca3\/files\/2023\/02\/WISIBIL\u00cdZALAS-300x64.png 300w, https:\/\/blogsaverroes.juntadeandalucia.es\/hudeca3\/files\/2023\/02\/WISIBIL\u00cdZALAS-768x165.png 768w, https:\/\/blogsaverroes.juntadeandalucia.es\/hudeca3\/files\/2023\/02\/WISIBIL\u00cdZALAS-24x5.png 24w, https:\/\/blogsaverroes.juntadeandalucia.es\/hudeca3\/files\/2023\/02\/WISIBIL\u00cdZALAS-36x8.png 36w, https:\/\/blogsaverroes.juntadeandalucia.es\/hudeca3\/files\/2023\/02\/WISIBIL\u00cdZALAS-48x10.png 48w\" sizes=\"(max-width: 767px) 89vw, (max-width: 1000px) 54vw, (max-width: 1071px) 543px, 580px\" \/><\/a><\/p>\n<h1 style=\"text-align: left\"><span style=\"font-family: 'arial black', sans-serif\"><em><strong><span class=\"titulo\">NUESTRAS WEBS:<\/span><\/strong><\/em><\/span><\/h1>\n<p><strong>CURSO 2022- 2023<\/strong><\/p>\n<p><a href=\"https:\/\/sites.google.com\/hudeca.site\/cambiaelmundo22-23\/inicio\"><img loading=\"lazy\" decoding=\"async\" class=\"aligncenter wp-image-1822 size-full\" src=\"https:\/\/blogsaverroes.juntadeandalucia.es\/hudeca3\/files\/2023\/02\/22_23.png\" alt=\"\" width=\"1916\" height=\"362\" srcset=\"https:\/\/blogsaverroes.juntadeandalucia.es\/hudeca3\/files\/2023\/02\/22_23.png 1916w, https:\/\/blogsaverroes.juntadeandalucia.es\/hudeca3\/files\/2023\/02\/22_23-300x57.png 300w, https:\/\/blogsaverroes.juntadeandalucia.es\/hudeca3\/files\/2023\/02\/22_23-1024x193.png 1024w, https:\/\/blogsaverroes.juntadeandalucia.es\/hudeca3\/files\/2023\/02\/22_23-768x145.png 768w, https:\/\/blogsaverroes.juntadeandalucia.es\/hudeca3\/files\/2023\/02\/22_23-1536x290.png 1536w, https:\/\/blogsaverroes.juntadeandalucia.es\/hudeca3\/files\/2023\/02\/22_23-24x5.png 24w, https:\/\/blogsaverroes.juntadeandalucia.es\/hudeca3\/files\/2023\/02\/22_23-36x7.png 36w, https:\/\/blogsaverroes.juntadeandalucia.es\/hudeca3\/files\/2023\/02\/22_23-48x9.png 48w\" sizes=\"(max-width: 767px) 89vw, (max-width: 1000px) 54vw, (max-width: 1071px) 543px, 580px\" \/><\/a><\/p>\n<p><strong>CURSO 2021- 2022<\/strong><\/p>\n<p><a href=\"https:\/\/sites.google.com\/hudeca.site\/cambiaelmundo\/inicio\"><img loading=\"lazy\" decoding=\"async\" class=\"aligncenter wp-image-1824 size-full\" src=\"https:\/\/blogsaverroes.juntadeandalucia.es\/hudeca3\/files\/2023\/02\/21_22.png\" alt=\"\" width=\"1920\" height=\"361\" srcset=\"https:\/\/blogsaverroes.juntadeandalucia.es\/hudeca3\/files\/2023\/02\/21_22.png 1920w, https:\/\/blogsaverroes.juntadeandalucia.es\/hudeca3\/files\/2023\/02\/21_22-300x56.png 300w, https:\/\/blogsaverroes.juntadeandalucia.es\/hudeca3\/files\/2023\/02\/21_22-1024x193.png 1024w, https:\/\/blogsaverroes.juntadeandalucia.es\/hudeca3\/files\/2023\/02\/21_22-768x144.png 768w, https:\/\/blogsaverroes.juntadeandalucia.es\/hudeca3\/files\/2023\/02\/21_22-1536x289.png 1536w, https:\/\/blogsaverroes.juntadeandalucia.es\/hudeca3\/files\/2023\/02\/21_22-24x5.png 24w, https:\/\/blogsaverroes.juntadeandalucia.es\/hudeca3\/files\/2023\/02\/21_22-36x7.png 36w, https:\/\/blogsaverroes.juntadeandalucia.es\/hudeca3\/files\/2023\/02\/21_22-48x9.png 48w\" sizes=\"(max-width: 767px) 89vw, (max-width: 1000px) 54vw, (max-width: 1071px) 543px, 580px\" \/><\/a><\/p>\n<section class=\"content\">\n<div class=\"pad group\">\n<article class=\"group post-38 page type-page status-publish hentry\">\n<div class=\"entry themeform\">\n<p><strong>CURSO 2020- 2021<\/strong><\/p>\n<article class=\"group post-38 page type-page status-publish hentry\">\n<div class=\"entry themeform\"><a href=\"https:\/\/sites.google.com\/hudeca.site\/educacin-fisica\/p%C3%A1gina-principal\" target=\"_blank\" rel=\"noopener noreferrer\">EDUCACI\u00d3N F\u00cdSICA EN \u00c9POCA DE PANDEMIA<\/a><\/div>\n<\/article>\n<\/div>\n<\/article>\n<\/div>\n<\/section>\n<p style=\"text-align: left\"><a href=\"https:\/\/sites.google.com\/hudeca.site\/wisibilizalas8m\/inicio\" target=\"_blank\" rel=\"noopener noreferrer\">HUDECA 8 DE MARZO<\/a><\/p>\n<p><a href=\"https:\/\/sites.google.com\/hudeca.site\/reto\/inicio\" target=\"_blank\" rel=\"noopener noreferrer\">RETO TECH<\/a><\/p>\n<p style=\"text-align: left\"><strong>CURSO 2019- 2020<\/strong><\/p>\n<p style=\"text-align: left\"><a href=\"https:\/\/sites.google.com\/site\/educacionfisicahdc\/home\" target=\"_blank\" rel=\"noopener noreferrer\">EDUCACI\u00d3N F\u00cdSICA<\/a><\/p>\n<p style=\"text-align: left\"><a href=\"https:\/\/sites.google.com\/site\/culturaypracticadigitalhudeca\/\" target=\"_blank\" rel=\"noopener noreferrer\">CULTURA Y PR\u00c1CTICA DIGITAL<\/a><\/p>\n<p style=\"text-align: left\"><strong>CURSOS 2015- 2018<\/strong><\/p>\n<p style=\"text-align: left\"><a href=\"https:\/\/sites.google.com\/site\/emocionariohudeca\/prinero\/septiembre\" target=\"_blank\" rel=\"noopener noreferrer\">EMOCIONES<\/a><\/p>\n<p style=\"text-align: left\"><span class=\"titulo\"><a href=\"https:\/\/sites.google.com\/site\/educacionfisicahudeca\/\" target=\"_blank\" rel=\"noopener noreferrer\">EDUCACI\u00d3N F\u00cdSICA CURSO 2015\/ 18<\/a><\/span><\/p>\n<p style=\"text-align: left\"><a href=\"https:\/\/sites.google.com\/site\/culturaypracticadigital\/\" target=\"_blank\" rel=\"noopener noreferrer\">CULTURA Y PR\u00c1CTICA DIGITAL<\/a><\/p>\n<p style=\"text-align: left\"><strong>CURSO 2014- 2015<\/strong><\/p>\n<p style=\"text-align: left\"><span class=\"titulo\"><a href=\"https:\/\/sites.google.com\/site\/nuestraslecturaspreferidas\/\" target=\"_blank\" rel=\"noopener noreferrer\">NUESTRAS LECTURAS<\/a><\/span><\/p>\n<p style=\"text-align: left\"><span class=\"titulo\"><a href=\"https:\/\/sites.google.com\/site\/desconectamosjugando\/home\" target=\"_blank\" rel=\"noopener noreferrer\">DESCONECTAMOS JUGANDO<\/a><\/span><\/p>\n<p style=\"text-align: left\"><strong>CURSO 2013- 2014<\/strong><\/p>\n<p style=\"text-align: left\"><span class=\"titulo\"><a href=\"https:\/\/sites.google.com\/site\/comunicaccionhuerta\/\" target=\"_blank\" rel=\"noopener noreferrer\">COMUNICACCI\u00d3N<\/a><\/span><\/p>\n<p style=\"text-align: left\"><strong>CURSO 2012- 2013<\/strong><\/p>\n<p style=\"text-align: left\"><a href=\"https:\/\/sites.google.com\/site\/viajandoconelcirco\/home\" target=\"_blank\" rel=\"noopener noreferrer\"><span class=\"titulo\">VIAJANDO CON EL CIRCO<\/span><\/a><\/p>\n<p style=\"text-align: left\"><span class=\"titulo\"><a title=\"PLAN DE AUTOPROTECCI\u00d3N DEL CENTRO \" href=\"https:\/\/sites.google.com\/site\/socorrismohuertacarmen\/plan-de-autoproteccion\" target=\"_blank\" rel=\"noopener noreferrer\">PLAN DE AUTOPROTECCI\u00d3N DEL CENTRO<\/a><\/span><\/p>\n<p style=\"text-align: left\"><a title=\"ROMA EN EL CEIP HUERTA DEL CARMEN\" href=\"https:\/\/sites.google.com\/site\/proyectoromahuerta\/home\" target=\"_blank\" rel=\"noopener noreferrer\">ROMA EN EL CEIP HUERTA DEL CARMEN<\/a><\/p>\n<p style=\"text-align: left\"><strong>CURSO 2011- 2012<\/strong><\/p>\n<p style=\"text-align: left\"><span class=\"titulo\"><a title=\"LECTURAS DEL HUERTA \" href=\"https:\/\/sites.google.com\/site\/lecturasdelhuerta\/\" target=\"_blank\" rel=\"noopener noreferrer\">LECTURAS DEL HUERTA&nbsp;<\/a><\/span><\/p>\n<p style=\"text-align: left\"><span class=\"titulo\"><a title=\"EDUCACI\u00d3N F\u00cdSICA DEL HUERTA\" href=\"https:\/\/sites.google.com\/site\/educacionfisicadelhuerta\/infantil\" target=\"_blank\" rel=\"noopener noreferrer\">EDUCACI\u00d3N F\u00cdSICA DEL HUERTA<\/a><\/span><\/p>\n<p style=\"text-align: left\"><span class=\"titulo\"><a title=\"TRABAJOS DE PRIMER CURSO\" href=\"https:\/\/sites.google.com\/site\/proyectosprimerocurso201213\/mapa-conceptual\" target=\"_blank\" rel=\"noopener noreferrer\">TRABAJOS DE PRIMER CURSO<\/a><\/span><\/p>\n<p style=\"text-align: left\">&nbsp;<\/p>\n<p style=\"text-align: left\">&nbsp;<\/p>\n<p style=\"text-align: left\">&nbsp;<\/p>\n<p style=\"text-align: left\">&nbsp;<\/p>\n<p style=\"text-align: left\">&nbsp;<\/p>\n<\/div>\n<\/article>\n<\/div>\n<\/section>\n<p>&nbsp;<\/p>\n<p>&nbsp;<\/p>\n<p>&nbsp;<\/p>\n","protected":false},"excerpt":{"rendered":"<p>&nbsp; NUESTRO BLOG: WISIBIL\u00cdZALAS: NUESTRAS WEBS: CURSO 2022- 2023 CURSO 2021- 2022 CURSO 2020- 2021 EDUCACI\u00d3N F\u00cdSICA EN \u00c9POCA DE PANDEMIA HUDECA 8 DE MARZO RETO TECH CURSO 2019- 2020 EDUCACI\u00d3N F\u00cdSICA CULTURA Y PR\u00c1CTICA DIGITAL CURSOS 2015- 2018 EMOCIONES EDUCACI\u00d3N F\u00cdSICA CURSO 2015\/ 18 CULTURA Y PR\u00c1CTICA DIGITAL CURSO 2014- 2015 NUESTRAS LECTURAS DESCONECTAMOS &hellip; <\/p>\n<p class=\"link-more\"><a href=\"https:\/\/blogsaverroes.juntadeandalucia.es\/hudeca3\/profesorado-2\/\" class=\"more-link\">Continuar leyendo<span class=\"screen-reader-text\"> \u00abNuestras P\u00e1ginas\u00bb<\/span><\/a><\/p>\n","protected":false},"author":5309,"featured_media":0,"parent":0,"menu_order":0,"comment_status":"closed","ping_status":"closed","template":"","meta":{"ngg_post_thumbnail":0,"footnotes":""},"aioseo_notices":[],"_links":{"self":[{"href":"https:\/\/blogsaverroes.juntadeandalucia.es\/hudeca3\/wp-json\/wp\/v2\/pages\/99"}],"collection":[{"href":"https:\/\/blogsaverroes.juntadeandalucia.es\/hudeca3\/wp-json\/wp\/v2\/pages"}],"about":[{"href":"https:\/\/blogsaverroes.juntadeandalucia.es\/hudeca3\/wp-json\/wp\/v2\/types\/page"}],"author":[{"embeddable":true,"href":"https:\/\/blogsaverroes.juntadeandalucia.es\/hudeca3\/wp-json\/wp\/v2\/users\/5309"}],"replies":[{"embeddable":true,"href":"https:\/\/blogsaverroes.juntadeandalucia.es\/hudeca3\/wp-json\/wp\/v2\/comments?post=99"}],"version-history":[{"count":9,"href":"https:\/\/blogsaverroes.juntadeandalucia.es\/hudeca3\/wp-json\/wp\/v2\/pages\/99\/revisions"}],"predecessor-version":[{"id":1831,"href":"https:\/\/blogsaverroes.juntadeandalucia.es\/hudeca3\/wp-json\/wp\/v2\/pages\/99\/revisions\/1831"}],"wp:attachment":[{"href":"https:\/\/blogsaverroes.juntadeandalucia.es\/hudeca3\/wp-json\/wp\/v2\/media?parent=99"}],"curies":[{"name":"wp","href":"https:\/\/api.w.org\/{rel}","templated":true}]}}