{"id":5191,"date":"2021-05-24T16:10:13","date_gmt":"2021-05-24T16:10:13","guid":{"rendered":"https:\/\/blogsaverroes.juntadeandalucia.es\/iesacci\/?page_id=5191"},"modified":"2021-06-29T06:48:23","modified_gmt":"2021-06-29T06:48:23","slug":"madrono","status":"publish","type":"page","link":"https:\/\/blogsaverroes.juntadeandalucia.es\/iesacci\/madrono\/","title":{"rendered":"MADRO\u00d1O"},"content":{"rendered":"<p><strong>Madro\u00f1o. <em>Arbutus unedo.<\/em><\/strong><\/p>\n<p><strong>\u00bfSAB\u00cdAS QUE\u2026?<\/strong>Los frutos del madro\u00f1o al madurar fermentan y contienen cierta cantidad de alcohol, por lo que su consumo excesivo puede provocar borracheras o dolores de cabeza.<\/p>\n<p><strong>DESCRIPCI\u00d3N<\/strong><\/p>\n<p>El madro\u00f1o es un arbusto o peque\u00f1o arbolito que alcanza los 8 m de altura si se le deja crecer. Tiene una copa densa y globosa que genera mucha sombra. La corteza es pardo-rojiza, agrietada y escamosa, que se desprende en plaquitas, y las ramillas j\u00f3venes son rojizas, si bien al madurar se tornan gris\u00e1ceas. Las hojas son persistentes, simples, alternas, lanceoladas, de color verde intenso, brillantes por el haz y mates por el env\u00e9s, de 8-10 cm de largo por 3-4 de ancho y de margen serrado. Las flores son blancas o rosado-claras, aparecen en grupos colgantes al final del oto\u00f1o o a comienzos del invierno y tienen forma de campanita cerrada. Los frutos al madurar tienen un aspecto granulado, carecen de piel, son carnosos, redondeados, de 2-3 cm, rojos o de naranja intenso en el exterior \u2014de ah\u00ed el dicho popular \u00abM\u00e1s colorado que un madro\u00f1o\u00bb\u2014 y amarillo-anaranjados por dentro. Por lo tanto, en invierno se puede ver al madro\u00f1o con flores y frutos maduros a la vez.<\/p>\n<p><strong>ECOLOG\u00cdA<\/strong><\/p>\n<p>Es una planta que aparece como acompa\u00f1ante de los bosques de hoja persistente y plana del \u00e1mbito mediterr\u00e1neo. Crece sobre todo asociada a los alcornocales, con los que comparte \u00e1rea de distribuci\u00f3n en las zonas de sustrato \u00e1cido, si bien el madro\u00f1o adem\u00e1s se distribuye por los terrenos b\u00e1sicos. La encontramos desde el nivel del mar hasta los 1200 m, siempre que las heladas no sean excesivas. Aunque prefiere los suelos bien desarrollados y frescos, a veces aparece en terrenos pedregosos. Por otro lado, la protecci\u00f3n que ofrece el dosel de su copa y sus frutos en invierno, hacen del madro\u00f1o una planta muy importante en los ecosistemas como refugio y alimento para diversas especies de fauna.<\/p>\n<p><strong>DISTRIBUCI\u00d3N<\/strong><\/p>\n<p>El madro\u00f1o es una especie fundamentalmente mediterr\u00e1nea que tambi\u00e9n se distribuye por las islas atl\u00e1nticas de Irlanda, Canarias, Azores, Madeira y Cabo Verde. En la Pen\u00ednsula y Baleares aparece en casi todas la provincias, pero escasea o falta en las zonas m\u00e1s continentales y fr\u00edas del interior.<\/p>\n","protected":false},"excerpt":{"rendered":"<p>Madro\u00f1o. Arbutus unedo. \u00bfSAB\u00cdAS QUE\u2026?Los frutos del madro\u00f1o al madurar fermentan y contienen cierta cantidad de alcohol, por lo que su consumo excesivo puede provocar borracheras o dolores de cabeza. DESCRIPCI\u00d3N El madro\u00f1o es&#46;&#46;&#46;<\/p>\n","protected":false},"author":2064,"featured_media":0,"parent":0,"menu_order":0,"comment_status":"closed","ping_status":"closed","template":"","meta":{"ngg_post_thumbnail":0,"footnotes":"","_mc_calendar":[]},"aioseo_notices":[],"_links":{"self":[{"href":"https:\/\/blogsaverroes.juntadeandalucia.es\/iesacci\/wp-json\/wp\/v2\/pages\/5191"}],"collection":[{"href":"https:\/\/blogsaverroes.juntadeandalucia.es\/iesacci\/wp-json\/wp\/v2\/pages"}],"about":[{"href":"https:\/\/blogsaverroes.juntadeandalucia.es\/iesacci\/wp-json\/wp\/v2\/types\/page"}],"author":[{"embeddable":true,"href":"https:\/\/blogsaverroes.juntadeandalucia.es\/iesacci\/wp-json\/wp\/v2\/users\/2064"}],"replies":[{"embeddable":true,"href":"https:\/\/blogsaverroes.juntadeandalucia.es\/iesacci\/wp-json\/wp\/v2\/comments?post=5191"}],"version-history":[{"count":2,"href":"https:\/\/blogsaverroes.juntadeandalucia.es\/iesacci\/wp-json\/wp\/v2\/pages\/5191\/revisions"}],"predecessor-version":[{"id":5310,"href":"https:\/\/blogsaverroes.juntadeandalucia.es\/iesacci\/wp-json\/wp\/v2\/pages\/5191\/revisions\/5310"}],"wp:attachment":[{"href":"https:\/\/blogsaverroes.juntadeandalucia.es\/iesacci\/wp-json\/wp\/v2\/media?parent=5191"}],"curies":[{"name":"wp","href":"https:\/\/api.w.org\/{rel}","templated":true}]}}