{"id":1151,"date":"2022-03-25T13:55:31","date_gmt":"2022-03-25T12:55:31","guid":{"rendered":"https:\/\/blogsaverroes.juntadeandalucia.es\/iesalbaytar\/?page_id=1151"},"modified":"2024-05-03T13:14:18","modified_gmt":"2024-05-03T11:14:18","slug":"becas-curso-2022-2023","status":"publish","type":"page","link":"https:\/\/blogsaverroes.juntadeandalucia.es\/iesalbaytar\/becas-curso-2022-2023\/","title":{"rendered":"BECAS CURSO 2024-2025"},"content":{"rendered":"<p style=\"text-align: center\"><span style=\"color: #008000\"><strong>Curso 2024\/2025 el plazo para solicitar las Becas para estudiantes:<\/strong><\/span><\/p>\n<ul style=\"list-style-type: square\">\n<li><span style=\"color: #0000ff\"><em><strong>Segunda oportunidad:&nbsp;<span style=\"color: #ff0000\"><a style=\"color: #ff0000\" href=\"https:\/\/www.juntadeandalucia.es\/educacion\/secretariavirtual\/accesoTramite\/798\/\" target=\"_blank\" rel=\"noopener noreferrer\">BECA SEGUNDA OPORTUNIDAD enlace a la secretar\u00eda virtual (haga CLICK AQU\u00cd) (POR ACTUALIZAR)<\/a> <\/span><\/strong><\/em><\/span><\/li>\n<li><em style=\"color: #0000ff\"><strong>Adriano: BECA ADRIANO (<a href=\"https:\/\/www.juntadeandalucia.es\/educacion\/portals\/web\/becas-y-ayudas\/beca-adriano\">haga CLICK AQUI<\/a>) (POR ACTUALIZAR)<\/strong><\/em><\/li>\n<li><span style=\"color: #0000ff\"><em><strong>Beca 6000:&nbsp;<span style=\"color: #ff0000\"><a style=\"color: #ff0000\" href=\"https:\/\/www.juntadeandalucia.es\/educacion\/secretariavirtual\/accesoTramite\/800\/\" target=\"_blank\" rel=\"noopener noreferrer\">BECA 6000 enlace a la secretar\u00eda virtual (haga CLICK AQU\u00cd) (POR ACTUALIZAR)<\/a><\/span><\/strong><\/em><\/span><\/li>\n<li><span style=\"color: #0000ff\"><em><strong>Ayudas al transporte escolar:&nbsp;<a href=\"https:\/\/www.juntadeandalucia.es\/educacion\/secretariavirtual\/accesoTramite\/606\/\" target=\"_blank\" rel=\"noopener noreferrer\"><span style=\"color: #ff0000\">BECA AYUDAS AL TRANSPORTE ESCOLAR enlace a la secretar\u00eda virtual (haga CLICK AQU\u00cd)<\/span><\/a><\/strong><\/em><\/span><\/li>\n<\/ul>\n<p><span style=\"font-size: 18pt\"><b style=\"color: #ff0000\">desde el 6 de <\/b><span style=\"color: #ff0000\"><b>diciembre<\/b><\/span><b style=\"color: #ff0000\"> de 2023 al 5 de enero de 2024. (<em>POR ACTUALIZAR<\/em>)<\/b><\/span><br \/>\nPara m\u00e1s informaci\u00f3n puede consultarse el Portal de Becas de la web de la Consejer\u00eda de Educaci\u00f3n y Deporte de la Junta de Andaluc\u00eda en los siguientes enlaces:<\/p>\n<p><img decoding=\"async\" class=\"wp-image-542 alignleft\" src=\"https:\/\/blogsaverroes.juntadeandalucia.es\/iesalbaytar\/files\/2021\/02\/dedo-se\u00f1al.jpg\" alt=\"\" width=\"38\" height=\"30\"><\/p>\n<p><span style=\"color: #0000ff\"><a style=\"color: #0000ff\" href=\"https:\/\/www.juntadeandalucia.es\/educacion\/portals\/web\/becas-y-ayudas\" target=\"_blank\" rel=\"noopener noreferrer\">https:\/\/www.juntadeandalucia.es\/educacion\/portals\/web\/becas-y-ayudas<\/a><\/span><\/p>\n<p><img decoding=\"async\" class=\"wp-image-542 alignleft\" src=\"https:\/\/blogsaverroes.juntadeandalucia.es\/iesalbaytar\/files\/2021\/02\/dedo-se\u00f1al.jpg\" alt=\"\" width=\"38\" height=\"30\"><span style=\"color: #0000ff\"><a style=\"color: #0000ff\" href=\"https:\/\/www.juntadeandalucia.es\/educacion\/portals\/web\/becas-y-ayudas\/tu-beca-en-nueve-pasos-andalucia-\" target=\"_blank\" rel=\"noopener noreferrer\">https:\/\/www.juntadeandalucia.es\/educacion\/portals\/web\/becas-y-ayudas\/tu-beca-en-nueve-pasos-andalucia-<\/a><\/span><\/p>\n<p><span style=\"color: #0000ff\"><strong><a style=\"color: #0000ff\" href=\"https:\/\/blogsaverroes.juntadeandalucia.es\/iesalbaytar\/files\/2022\/03\/beca-general-22-23.pdf\" target=\"_blank\" rel=\"noopener noreferrer\"><span style=\"font-size: 12pt\"><em><\/em><\/span><\/a><em><a href=\"https:\/\/blogsaverroes.juntadeandalucia.es\/iesalbaytar\/files\/2024\/05\/ACCESO-A-BECAS-DE-NECESIDADES-EDUCATIVAS-ESPECIALES-204.pdf\">ACCESO A BECAS NEAE&nbsp; DE ALUMNADO CON NECESIDADES ESPEC\u00cdFICA DE APOYO EDUCATIVO 2024<\/a><\/em><\/strong><\/span><strong><img decoding=\"async\" class=\"wp-image-542 alignleft\" src=\"https:\/\/blogsaverroes.juntadeandalucia.es\/iesalbaytar\/files\/2021\/02\/dedo-se\u00f1al.jpg\" alt=\"\" width=\"38\" height=\"30\"><\/strong><\/p>\n<p><img fetchpriority=\"high\" fetchpriority=\"high\" decoding=\"async\" class=\"aligncenter wp-image-1470 size-large\" src=\"https:\/\/blogsaverroes.juntadeandalucia.es\/iesalbaytar\/files\/2024\/05\/ACCESO-A-BECAS-DE-NECESIDADES-EDUCATIVAS-ESPECIALES-204_page-0001-1-808x1024.jpg\" alt=\"\" width=\"808\" height=\"1024\"><\/p>\n<p><span style=\"color: #0000ff\"><strong><a style=\"color: #0000ff\" href=\"https:\/\/blogsaverroes.juntadeandalucia.es\/iesalbaytar\/files\/2022\/03\/beca-general-22-23.pdf\" target=\"_blank\" rel=\"noopener noreferrer\"><span style=\"font-size: 14pt\">beca general 24-25<\/span><\/a><\/strong><\/span><\/p>\n<p><span style=\"color: #0000ff\"><strong><a style=\"color: #0000ff\" href=\"https:\/\/blogsaverroes.juntadeandalucia.es\/iesalbaytar\/files\/2022\/03\/beca-general-22-23.pdf\" target=\"_blank\" rel=\"noopener noreferrer\"><span style=\"font-size: 14pt\"><img decoding=\"async\" class=\"aligncenter wp-image-1466 size-large\" src=\"https:\/\/blogsaverroes.juntadeandalucia.es\/iesalbaytar\/files\/2024\/05\/Infografia-AE-con-pie-del-2023Bueno_page-0001-1024x951.jpg\" alt=\"\" width=\"1024\" height=\"951\" srcset=\"https:\/\/blogsaverroes.juntadeandalucia.es\/iesalbaytar\/files\/2024\/05\/Infografia-AE-con-pie-del-2023Bueno_page-0001-1024x951.jpg 1024w, https:\/\/blogsaverroes.juntadeandalucia.es\/iesalbaytar\/files\/2024\/05\/Infografia-AE-con-pie-del-2023Bueno_page-0001-980x910.jpg 980w, https:\/\/blogsaverroes.juntadeandalucia.es\/iesalbaytar\/files\/2024\/05\/Infografia-AE-con-pie-del-2023Bueno_page-0001-480x446.jpg 480w\" sizes=\"(min-width: 0px) and (max-width: 480px) 480px, (min-width: 481px) and (max-width: 980px) 980px, (min-width: 981px) 1024px, 100vw\" \/><\/span><\/a><\/strong><\/span><\/p>\n","protected":false},"excerpt":{"rendered":"<p>Curso 2024\/2025 el plazo para solicitar las Becas para estudiantes: Segunda oportunidad:&nbsp;BECA SEGUNDA OPORTUNIDAD enlace a la secretar\u00eda virtual (haga CLICK AQU\u00cd) (POR ACTUALIZAR) Adriano: BECA ADRIANO (haga CLICK AQUI) (POR ACTUALIZAR) Beca 6000:&nbsp;BECA 6000 enlace a la secretar\u00eda virtual (haga CLICK AQU\u00cd) (POR ACTUALIZAR) Ayudas al transporte escolar:&nbsp;BECA AYUDAS AL TRANSPORTE ESCOLAR enlace a [&hellip;]<\/p>\n","protected":false},"author":12088,"featured_media":0,"parent":0,"menu_order":0,"comment_status":"closed","ping_status":"closed","template":"","meta":{"_et_pb_use_builder":"","_et_pb_old_content":"","_et_gb_content_width":"","ngg_post_thumbnail":0,"footnotes":""},"aioseo_notices":[],"_links":{"self":[{"href":"https:\/\/blogsaverroes.juntadeandalucia.es\/iesalbaytar\/wp-json\/wp\/v2\/pages\/1151"}],"collection":[{"href":"https:\/\/blogsaverroes.juntadeandalucia.es\/iesalbaytar\/wp-json\/wp\/v2\/pages"}],"about":[{"href":"https:\/\/blogsaverroes.juntadeandalucia.es\/iesalbaytar\/wp-json\/wp\/v2\/types\/page"}],"author":[{"embeddable":true,"href":"https:\/\/blogsaverroes.juntadeandalucia.es\/iesalbaytar\/wp-json\/wp\/v2\/users\/12088"}],"replies":[{"embeddable":true,"href":"https:\/\/blogsaverroes.juntadeandalucia.es\/iesalbaytar\/wp-json\/wp\/v2\/comments?post=1151"}],"version-history":[{"count":19,"href":"https:\/\/blogsaverroes.juntadeandalucia.es\/iesalbaytar\/wp-json\/wp\/v2\/pages\/1151\/revisions"}],"predecessor-version":[{"id":1471,"href":"https:\/\/blogsaverroes.juntadeandalucia.es\/iesalbaytar\/wp-json\/wp\/v2\/pages\/1151\/revisions\/1471"}],"wp:attachment":[{"href":"https:\/\/blogsaverroes.juntadeandalucia.es\/iesalbaytar\/wp-json\/wp\/v2\/media?parent=1151"}],"curies":[{"name":"wp","href":"https:\/\/api.w.org\/{rel}","templated":true}]}}