{"id":164,"date":"2015-03-17T07:52:28","date_gmt":"2015-03-17T07:52:28","guid":{"rendered":"http:\/\/blogsaverroes.juntadeandalucia.es\/pre\/ceip\/?page_id=164"},"modified":"2025-12-15T13:21:30","modified_gmt":"2025-12-15T13:21:30","slug":"ingles-2","status":"publish","type":"page","link":"https:\/\/blogsaverroes.juntadeandalucia.es\/iesalfonsoxi\/ingles-2\/","title":{"rendered":"Ingl\u00e9s"},"content":{"rendered":"<table class=\" aligncenter\" style=\"width: 99.885%;height: 852px\">\n<tbody>\n<tr style=\"height: 66px\">\n<td style=\"width: 60.8584%;height: 66px\" colspan=\"2\">&nbsp;<\/td>\n<td style=\"width: 37.2834%;height: 66px\" colspan=\"2\" bgcolor=\"#E3CEF6\">\n<h6><span style=\"color: #993366\"><strong>Puesto o Especialidad<\/strong><\/span><\/h6>\n<\/td>\n<\/tr>\n<tr style=\"height: 111px\">\n<td style=\"width: 21.5286%;height: 121px\" bgcolor=\"#E3CEF6\">\n<h6><span style=\"color: #993366\"><strong>Jefatura de departamento<\/strong><\/span><\/h6>\n<\/td>\n<td style=\"width: 39.3298%;height: 121px\"><span style=\"color: #993366\"><strong>Pe\u00f1a Mart\u00edn, Juan Antonio<\/strong><\/span><\/td>\n<td style=\"width: 14.3343%;height: 121px\"><a href=\"https:\/\/blogsaverroes.juntadeandalucia.es\/iesalfonsoxi\/files\/2018\/10\/JUAN-ANTONIO-PE\u00d1A.jpg\"><img decoding=\"async\" class=\"wp-image-3004 aligncenter\" src=\"https:\/\/blogsaverroes.juntadeandalucia.es\/iesalfonsoxi\/files\/2018\/10\/JUAN-ANTONIO-PE\u00d1A-240x300.jpg\" alt=\"\" width=\"80\" height=\"100\" srcset=\"https:\/\/blogsaverroes.juntadeandalucia.es\/iesalfonsoxi\/files\/2018\/10\/JUAN-ANTONIO-PE\u00d1A-240x300.jpg 240w, https:\/\/blogsaverroes.juntadeandalucia.es\/iesalfonsoxi\/files\/2018\/10\/JUAN-ANTONIO-PE\u00d1A-19x24.jpg 19w, https:\/\/blogsaverroes.juntadeandalucia.es\/iesalfonsoxi\/files\/2018\/10\/JUAN-ANTONIO-PE\u00d1A-29x36.jpg 29w, https:\/\/blogsaverroes.juntadeandalucia.es\/iesalfonsoxi\/files\/2018\/10\/JUAN-ANTONIO-PE\u00d1A-38x48.jpg 38w, https:\/\/blogsaverroes.juntadeandalucia.es\/iesalfonsoxi\/files\/2018\/10\/JUAN-ANTONIO-PE\u00d1A.jpg 315w\" sizes=\"(max-width: 80px) 100vw, 80px\" \/><\/a><\/td>\n<td style=\"width: 22.9491%;height: 121px\"><strong><span style=\"color: #993366\">Ingl\u00e9s P.E.S.<\/span><\/strong><\/td>\n<\/tr>\n<tr style=\"height: 107px\">\n<td style=\"width: 21.5286%;height: 480px\" rowspan=\"5\" bgcolor=\"#E3CEF6\">\n<h6><span style=\"color: #993366\"><strong>Componentes<\/strong><\/span><\/h6>\n<h6><strong>&nbsp;<\/strong><\/h6>\n<h6><span style=\"color: #993366\"><strong>&nbsp;<\/strong><\/span><\/h6>\n<\/td>\n<td style=\"width: 39.3298%;height: 128px\"><span style=\"color: #993366\"><strong>Ortega Mesa, M.\u00aa Bel\u00e9n<\/strong><\/span><\/td>\n<td style=\"width: 14.3343%;height: 128px\">&nbsp;<\/td>\n<td style=\"width: 22.9491%;height: 128px\"><strong><span style=\"color: #993366\">Ingl\u00e9s P.E.S.<\/span><\/strong><\/td>\n<\/tr>\n<tr style=\"height: 120px\">\n<td style=\"width: 39.3298%;height: 120px\"><strong><span style=\"color: #993366\">Vallecillos Siles, Elena<br \/>\n<\/span><\/strong><\/td>\n<td style=\"width: 14.3343%;height: 120px\"><a href=\"https:\/\/blogsaverroes.juntadeandalucia.es\/iesalfonsoxi\/files\/2018\/10\/IMG_0332-e1539098725810.jpg\"><img decoding=\"async\" class=\"wp-image-3007 aligncenter\" src=\"https:\/\/blogsaverroes.juntadeandalucia.es\/iesalfonsoxi\/files\/2018\/10\/IMG_0332-e1539098725810-200x300.jpg\" alt=\"\" width=\"74\" height=\"111\" srcset=\"https:\/\/blogsaverroes.juntadeandalucia.es\/iesalfonsoxi\/files\/2018\/10\/IMG_0332-e1539098725810-200x300.jpg 200w, https:\/\/blogsaverroes.juntadeandalucia.es\/iesalfonsoxi\/files\/2018\/10\/IMG_0332-e1539098725810-768x1152.jpg 768w, https:\/\/blogsaverroes.juntadeandalucia.es\/iesalfonsoxi\/files\/2018\/10\/IMG_0332-e1539098725810-683x1024.jpg 683w, https:\/\/blogsaverroes.juntadeandalucia.es\/iesalfonsoxi\/files\/2018\/10\/IMG_0332-e1539098725810-16x24.jpg 16w, https:\/\/blogsaverroes.juntadeandalucia.es\/iesalfonsoxi\/files\/2018\/10\/IMG_0332-e1539098725810-24x36.jpg 24w, https:\/\/blogsaverroes.juntadeandalucia.es\/iesalfonsoxi\/files\/2018\/10\/IMG_0332-e1539098725810-32x48.jpg 32w, https:\/\/blogsaverroes.juntadeandalucia.es\/iesalfonsoxi\/files\/2018\/10\/IMG_0332-e1539098725810.jpg 1067w\" sizes=\"(max-width: 74px) 100vw, 74px\" \/><\/a><\/td>\n<td style=\"width: 22.9491%;height: 120px\"><strong><span style=\"color: #993366\">Ingl\u00e9s P.E.S.<\/span><\/strong><\/td>\n<\/tr>\n<tr style=\"height: 24px\">\n<td style=\"width: 39.3298%;height: 24px\"><strong><span style=\"color: #993366\">Leal Figueroa, Eleuterio<\/span><\/strong><\/td>\n<td style=\"width: 14.3343%;height: 24px\"><a href=\"https:\/\/blogsaverroes.juntadeandalucia.es\/iesalfonsoxi\/files\/2018\/10\/ELEUTERIO-LEAL.jpg\"><img decoding=\"async\" class=\"wp-image-3005 aligncenter\" src=\"https:\/\/blogsaverroes.juntadeandalucia.es\/iesalfonsoxi\/files\/2018\/10\/ELEUTERIO-LEAL-240x300.jpg\" alt=\"\" width=\"88\" height=\"111\" srcset=\"https:\/\/blogsaverroes.juntadeandalucia.es\/iesalfonsoxi\/files\/2018\/10\/ELEUTERIO-LEAL-240x300.jpg 240w, https:\/\/blogsaverroes.juntadeandalucia.es\/iesalfonsoxi\/files\/2018\/10\/ELEUTERIO-LEAL-19x24.jpg 19w, https:\/\/blogsaverroes.juntadeandalucia.es\/iesalfonsoxi\/files\/2018\/10\/ELEUTERIO-LEAL-29x36.jpg 29w, https:\/\/blogsaverroes.juntadeandalucia.es\/iesalfonsoxi\/files\/2018\/10\/ELEUTERIO-LEAL-38x48.jpg 38w, https:\/\/blogsaverroes.juntadeandalucia.es\/iesalfonsoxi\/files\/2018\/10\/ELEUTERIO-LEAL.jpg 315w\" sizes=\"(max-width: 88px) 100vw, 88px\" \/><\/a><\/td>\n<td style=\"width: 22.9491%;height: 24px\"><strong><span style=\"color: #993366\">Ingl\u00e9s P.E.S.<\/span><\/strong><\/td>\n<\/tr>\n<tr style=\"height: 115px\">\n<td style=\"width: 39.3298%;height: 115px\"><strong><span style=\"color: #993366\">Lizana Esteo, Aurora<\/span><\/strong><\/td>\n<td style=\"width: 14.3343%;height: 115px\"><a href=\"https:\/\/blogsaverroes.juntadeandalucia.es\/iesalfonsoxi\/files\/2021\/09\/InglesAuroraLizanaEsteo-scaled.jpg\"><img loading=\"lazy\" decoding=\"async\" class=\"aligncenter wp-image-11051\" src=\"https:\/\/blogsaverroes.juntadeandalucia.es\/iesalfonsoxi\/files\/2021\/09\/InglesAuroraLizanaEsteo-scaled.jpg\" alt=\"\" width=\"69\" height=\"104\" srcset=\"https:\/\/blogsaverroes.juntadeandalucia.es\/iesalfonsoxi\/files\/2021\/09\/InglesAuroraLizanaEsteo-scaled.jpg 1067w, https:\/\/blogsaverroes.juntadeandalucia.es\/iesalfonsoxi\/files\/2021\/09\/InglesAuroraLizanaEsteo-200x300.jpg 200w, https:\/\/blogsaverroes.juntadeandalucia.es\/iesalfonsoxi\/files\/2021\/09\/InglesAuroraLizanaEsteo-683x1024.jpg 683w, https:\/\/blogsaverroes.juntadeandalucia.es\/iesalfonsoxi\/files\/2021\/09\/InglesAuroraLizanaEsteo-768x1152.jpg 768w, https:\/\/blogsaverroes.juntadeandalucia.es\/iesalfonsoxi\/files\/2021\/09\/InglesAuroraLizanaEsteo-1024x1536.jpg 1024w, https:\/\/blogsaverroes.juntadeandalucia.es\/iesalfonsoxi\/files\/2021\/09\/InglesAuroraLizanaEsteo-1366x2048.jpg 1366w\" sizes=\"(max-width: 69px) 100vw, 69px\" \/><\/a><\/td>\n<td style=\"width: 22.9491%;height: 115px\"><strong><span style=\"color: #993366\">Ingl\u00e9s P.E.S.<\/span><\/strong><\/td>\n<\/tr>\n<tr>\n<td style=\"width: 39.3298%\"><span style=\"color: #993366\"><b>L\u00f3pez-Arg\u00fceta Pinto, Santiago<\/b><\/span><\/td>\n<td style=\"width: 14.3343%\">&nbsp;<\/p>\n<p>&nbsp;<\/p>\n<p>&nbsp;<\/td>\n<td style=\"width: 22.9491%\"><strong><span style=\"color: #993366\">Ingl\u00e9s P.E.S.<\/span><\/strong><\/td>\n<\/tr>\n<\/tbody>\n<\/table>\n<p>&nbsp;<\/p>\n<p><img loading=\"lazy\" decoding=\"async\" class=\"aligncenter size-medium wp-image-2116\" src=\"http:\/\/blogsaverroes.juntadeandalucia.es\/temafrontieries\/files\/2015\/03\/ingles-300x80.png\" alt=\"ingles\" width=\"300\" height=\"80\" srcset=\"https:\/\/blogsaverroes.juntadeandalucia.es\/iesalfonsoxi\/files\/2015\/03\/ingles-300x80.png 300w, https:\/\/blogsaverroes.juntadeandalucia.es\/iesalfonsoxi\/files\/2015\/03\/ingles.png 640w\" sizes=\"(max-width: 300px) 100vw, 300px\" \/><\/p>\n<p><strong>Programaciones del Departamento (Curso 2025-26):&nbsp;<\/strong><\/p>\n<p><a href=\"https:\/\/blogsaverroes.juntadeandalucia.es\/iesalfonsoxi\/files\/2025\/12\/PROGRAMACION-Dpto-Ingles-25-26.pdf\">PROGRAMACI\u00d3N Dpto Ingl\u00e9s 25-26<\/a><\/p>\n<p>&nbsp;<\/p>\n<p><strong><span style=\"font-family: sans-serif\"><span style=\"font-size: medium\">Primera Lengua Extranjera <\/span><\/span><\/strong><\/p>\n<p><span style=\"font-family: sans-serif\"><span style=\"font-size: medium\">La lengua es el instrumento por excelencia del aprendizaje y la comunicaci\u00f3n. Tanto las lenguas primeras como las lenguas extranjeras forman parte en la actualidad, y cada vez lo har\u00e1n m\u00e1s en el futuro, del bagaje vital de las personas en un mundo en continua expansi\u00f3n en el que, a la vez, las relaciones entre individuos, pa\u00edses, organismos y corporaciones se hacen m\u00e1s frecuentes y m\u00e1s estrechas. En la medida en que ese bagaje comprende diversos conocimientos, destrezas y actitudes en diversas lenguas, es decir un perfil pluriling\u00fce e intercultural, el individuo est\u00e1 mejor preparado para integrarse y participar en una variedad de contextos y de situaciones que suponen un est\u00edmulo para su desarrollo, y mejores oportunidades, en los \u00e1mbitos personal, p\u00fablico, educativo o acad\u00e9mico, ocupacional y profesional. <\/span><\/span><\/p>\n","protected":false},"excerpt":{"rendered":"<p>&nbsp; Puesto o Especialidad Jefatura de departamento Pe\u00f1a Mart\u00edn, Juan Antonio Ingl\u00e9s P.E.S. Componentes &nbsp; &nbsp; Ortega Mesa, M.\u00aa Bel\u00e9n &nbsp; Ingl\u00e9s P.E.S. Vallecillos Siles, Elena Ingl\u00e9s P.E.S. Leal Figueroa, Eleuterio Ingl\u00e9s P.E.S. Lizana Esteo, Aurora Ingl\u00e9s P.E.S. L\u00f3pez-Arg\u00fceta Pinto, Santiago &nbsp; &nbsp; &nbsp; Ingl\u00e9s P.E.S. &nbsp; Programaciones del Departamento (Curso 2025-26):&nbsp; PROGRAMACI\u00d3N Dpto Ingl\u00e9s &hellip; <\/p>\n<p><a class=\"more-link btn\" href=\"https:\/\/blogsaverroes.juntadeandalucia.es\/iesalfonsoxi\/ingles-2\/\">Seguir leyendo<\/a><\/p>\n","protected":false},"author":1,"featured_media":0,"parent":0,"menu_order":0,"comment_status":"closed","ping_status":"open","template":"","meta":{"ngg_post_thumbnail":0,"footnotes":"","_mc_calendar":[]},"aioseo_notices":[],"_links":{"self":[{"href":"https:\/\/blogsaverroes.juntadeandalucia.es\/iesalfonsoxi\/wp-json\/wp\/v2\/pages\/164"}],"collection":[{"href":"https:\/\/blogsaverroes.juntadeandalucia.es\/iesalfonsoxi\/wp-json\/wp\/v2\/pages"}],"about":[{"href":"https:\/\/blogsaverroes.juntadeandalucia.es\/iesalfonsoxi\/wp-json\/wp\/v2\/types\/page"}],"author":[{"embeddable":true,"href":"https:\/\/blogsaverroes.juntadeandalucia.es\/iesalfonsoxi\/wp-json\/wp\/v2\/users\/1"}],"replies":[{"embeddable":true,"href":"https:\/\/blogsaverroes.juntadeandalucia.es\/iesalfonsoxi\/wp-json\/wp\/v2\/comments?post=164"}],"version-history":[{"count":40,"href":"https:\/\/blogsaverroes.juntadeandalucia.es\/iesalfonsoxi\/wp-json\/wp\/v2\/pages\/164\/revisions"}],"predecessor-version":[{"id":17765,"href":"https:\/\/blogsaverroes.juntadeandalucia.es\/iesalfonsoxi\/wp-json\/wp\/v2\/pages\/164\/revisions\/17765"}],"wp:attachment":[{"href":"https:\/\/blogsaverroes.juntadeandalucia.es\/iesalfonsoxi\/wp-json\/wp\/v2\/media?parent=164"}],"curies":[{"name":"wp","href":"https:\/\/api.w.org\/{rel}","templated":true}]}}