{"id":168,"date":"2015-03-17T07:54:01","date_gmt":"2015-03-17T07:54:01","guid":{"rendered":"http:\/\/blogsaverroes.juntadeandalucia.es\/pre\/ceip\/?page_id=168"},"modified":"2025-12-15T12:41:28","modified_gmt":"2025-12-15T12:41:28","slug":"filosofia-2","status":"publish","type":"page","link":"https:\/\/blogsaverroes.juntadeandalucia.es\/iesalfonsoxi\/filosofia-2\/","title":{"rendered":"Filosof\u00eda"},"content":{"rendered":"<p>&nbsp;<\/p>\n<table class=\" aligncenter\" style=\"height: 211px;width: 93.9687%\">\n<tbody>\n<tr style=\"height: 22px\">\n<td style=\"width: 56.7852%;height: 22px\" colspan=\"2\">&nbsp;<strong><a href=\"http:\/\/departamentodefilosofiaiesalfonsoxi.blogspot.com\/\">Blog del departamento<\/a><\/strong><\/td>\n<td style=\"width: 41.4996%;background-color: #dcc4ff;height: 22px\" colspan=\"2\" bgcolor=\"#E3CEF6\">\n<h6><span style=\"color: #993366\"><strong> Puesto o Especialidad<\/strong><\/span><\/h6>\n<\/td>\n<\/tr>\n<tr style=\"height: 84px\">\n<td style=\"width: 19.8971%;background-color: #dcc4ff;height: 84px\" bgcolor=\"#E3CEF6\">\n<h6>&nbsp;<\/h6>\n<h6>&nbsp;<\/h6>\n<h6><span style=\"color: #993366\"><strong>Componente<\/strong><\/span><\/h6>\n<h6><span style=\"color: #993366\"><strong>&nbsp;<\/strong><\/span><\/h6>\n<\/td>\n<td style=\"width: 36.8881%;height: 84px\">&nbsp;<\/p>\n<p><span style=\"color: #993366\"><strong>Su\u00e1rez G\u00e1lvez, Silvia<\/strong><\/span><\/td>\n<td style=\"width: 16.9713%;height: 84px\">&nbsp;<\/td>\n<td style=\"width: 24.5283%;height: 84px\"><strong><span style=\"color: #993366\">Filosof\u00eda P.E.S.<\/span><\/strong><\/td>\n<\/tr>\n<tr style=\"height: 105px\">\n<td style=\"width: 19.8971%;background-color: #dcc4ff;height: 105px\" bgcolor=\"#E3CEF6\">\n<h6>&nbsp;<\/h6>\n<h6><span style=\"color: #993366\"><strong>Jefatura de departamento<\/strong><\/span><\/h6>\n<h6>&nbsp;<\/h6>\n<h6><span style=\"color: #993366\"><strong>&nbsp;<\/strong><\/span><\/h6>\n<\/td>\n<td style=\"width: 36.8881%;height: 105px\"><strong><span style=\"color: #993366\"> Esp\u00ednola Valenzuela, M.\u00aa Olalla<\/span><\/strong><\/td>\n<td style=\"width: 16.9713%;height: 105px\">&nbsp;<\/td>\n<td style=\"width: 24.5283%;height: 105px\"><strong><span style=\"color: #993366\">Filosof\u00eda P.E.S.<\/span><\/strong><\/td>\n<\/tr>\n<\/tbody>\n<\/table>\n<p>&nbsp;<\/p>\n<p>&nbsp;<\/p>\n<p><span style=\"color: #993366\">&nbsp; &nbsp; &nbsp; &nbsp; &nbsp; &nbsp; &nbsp; &nbsp; &nbsp; &nbsp; &nbsp; &nbsp; &nbsp; &nbsp; &nbsp; &nbsp; &nbsp; &nbsp; &nbsp; &nbsp; &nbsp; &nbsp; &nbsp; &nbsp; &nbsp;&nbsp;<\/span><\/p>\n<p>&nbsp;<\/p>\n<p>&nbsp;<\/p>\n<p><strong>Programaciones del Departamento<\/strong> <strong>(curso 2025-26)<\/strong>:<\/p>\n<p><a href=\"https:\/\/blogsaverroes.juntadeandalucia.es\/iesalfonsoxi\/files\/2025\/12\/PROGRAMACION-Dpto-.-VALORES-CIVICO-ETICOS-25-26.pdf\">PROGRAMACI\u00d3N Dpto &#8230; VALORES CIVICO ETICOS 25-26<\/a><\/p>\n<p><a href=\"https:\/\/blogsaverroes.juntadeandalucia.es\/iesalfonsoxi\/files\/2025\/12\/PROGRAMACION-Dpto-Filosofia-25-26.pdf\">PROGRAMACI\u00d3N Dpto Filosof\u00eda 25-26<\/a><\/p>\n<p><img fetchpriority=\"high\" decoding=\"async\" class=\"size-medium wp-image-2068 alignleft\" src=\"http:\/\/blogsaverroes.juntadeandalucia.es\/temafrontieries\/files\/2015\/03\/filosofia-199x300.jpg\" alt=\"filosofia\" width=\"199\" height=\"300\" srcset=\"https:\/\/blogsaverroes.juntadeandalucia.es\/iesalfonsoxi\/files\/2015\/03\/filosofia-199x300.jpg 199w, https:\/\/blogsaverroes.juntadeandalucia.es\/iesalfonsoxi\/files\/2015\/03\/filosofia-680x1024.jpg 680w, https:\/\/blogsaverroes.juntadeandalucia.es\/iesalfonsoxi\/files\/2015\/03\/filosofia.jpg 1063w\" sizes=\"(max-width: 199px) 100vw, 199px\" \/><\/p>\n<p><strong><span style=\"font-family: sans-serif\"><span style=\"font-size: medium\">Filosof\u00eda <\/span><\/span><\/strong><\/p>\n<p style=\"text-align: justify\"><span style=\"font-family: sans-serif\"><span style=\"font-size: medium\">La materia Filosof\u00eda persigue que el alumnado sea capaz de pensar y comprender, abstray\u00e9ndose racionalmente del campo concreto estudiado en cada una de las otras materias, para centrarse en aquello que caracteriza espec\u00edficamente a la filosof\u00eda, esto es, reflexionar, razonar, criticar y argumentar, utilizando el modo de preguntar radical y \u00faltimo que le es propio, sobre los problemas referidos a la totalidad de la vivencia humana, y ello sin dejar de lado su capacidad de transformaci\u00f3n y cambio tanto del individuo como de la sociedad. <\/span><\/span><\/p>\n<p style=\"text-align: justify\"><span style=\"font-family: sans-serif\"><span style=\"font-size: medium\">La Filosof\u00eda es un modo especial de preguntar y de saber, una manera de entender y de enfrentarse a la realidad que nos rodea, a las circunstancias en las que vivimos y que, en gran medida, nos hacen ser y comprender como somos. <\/span><\/span><\/p>\n","protected":false},"excerpt":{"rendered":"<p>&nbsp; &nbsp;Blog del departamento Puesto o Especialidad &nbsp; &nbsp; Componente &nbsp; &nbsp; Su\u00e1rez G\u00e1lvez, Silvia &nbsp; Filosof\u00eda P.E.S. &nbsp; Jefatura de departamento &nbsp; &nbsp; Esp\u00ednola Valenzuela, M.\u00aa Olalla &nbsp; Filosof\u00eda P.E.S. &nbsp; &nbsp; &nbsp; &nbsp; &nbsp; &nbsp; &nbsp; &nbsp; &nbsp; &nbsp; &nbsp; &nbsp; &nbsp; &nbsp; &nbsp; &nbsp; &nbsp; &nbsp; &nbsp; &nbsp; &nbsp; &nbsp; &nbsp; &nbsp; &hellip; <\/p>\n<p><a class=\"more-link btn\" href=\"https:\/\/blogsaverroes.juntadeandalucia.es\/iesalfonsoxi\/filosofia-2\/\">Seguir leyendo<\/a><\/p>\n","protected":false},"author":1,"featured_media":0,"parent":0,"menu_order":0,"comment_status":"closed","ping_status":"open","template":"","meta":{"ngg_post_thumbnail":0,"footnotes":"","_mc_calendar":[]},"aioseo_notices":[],"_links":{"self":[{"href":"https:\/\/blogsaverroes.juntadeandalucia.es\/iesalfonsoxi\/wp-json\/wp\/v2\/pages\/168"}],"collection":[{"href":"https:\/\/blogsaverroes.juntadeandalucia.es\/iesalfonsoxi\/wp-json\/wp\/v2\/pages"}],"about":[{"href":"https:\/\/blogsaverroes.juntadeandalucia.es\/iesalfonsoxi\/wp-json\/wp\/v2\/types\/page"}],"author":[{"embeddable":true,"href":"https:\/\/blogsaverroes.juntadeandalucia.es\/iesalfonsoxi\/wp-json\/wp\/v2\/users\/1"}],"replies":[{"embeddable":true,"href":"https:\/\/blogsaverroes.juntadeandalucia.es\/iesalfonsoxi\/wp-json\/wp\/v2\/comments?post=168"}],"version-history":[{"count":47,"href":"https:\/\/blogsaverroes.juntadeandalucia.es\/iesalfonsoxi\/wp-json\/wp\/v2\/pages\/168\/revisions"}],"predecessor-version":[{"id":17739,"href":"https:\/\/blogsaverroes.juntadeandalucia.es\/iesalfonsoxi\/wp-json\/wp\/v2\/pages\/168\/revisions\/17739"}],"wp:attachment":[{"href":"https:\/\/blogsaverroes.juntadeandalucia.es\/iesalfonsoxi\/wp-json\/wp\/v2\/media?parent=168"}],"curies":[{"name":"wp","href":"https:\/\/api.w.org\/{rel}","templated":true}]}}