{"id":2621,"date":"2018-07-17T19:42:14","date_gmt":"2018-07-17T19:42:14","guid":{"rendered":"https:\/\/blogsaverroes.juntadeandalucia.es\/iesalfonsoxi\/?page_id=2621"},"modified":"2024-07-11T10:24:22","modified_gmt":"2024-07-11T10:24:22","slug":"bachillerato","status":"publish","type":"page","link":"https:\/\/blogsaverroes.juntadeandalucia.es\/iesalfonsoxi\/bachillerato\/","title":{"rendered":"Bachillerato"},"content":{"rendered":"\t\t<div data-elementor-type=\"wp-page\" data-elementor-id=\"2621\" class=\"elementor elementor-2621\">\n\t\t\t\t\t\t<section class=\"elementor-section elementor-top-section elementor-element elementor-element-956f99c elementor-section-boxed elementor-section-height-default elementor-section-height-default\" data-id=\"956f99c\" data-element_type=\"section\">\n\t\t\t\t\t\t<div class=\"elementor-container elementor-column-gap-default\">\n\t\t\t\t\t<div class=\"elementor-column elementor-col-100 elementor-top-column elementor-element elementor-element-dbb18f5\" data-id=\"dbb18f5\" data-element_type=\"column\">\n\t\t\t<div class=\"elementor-widget-wrap elementor-element-populated\">\n\t\t\t\t\t\t<div class=\"elementor-element elementor-element-2034754b elementor-widget elementor-widget-text-editor\" data-id=\"2034754b\" data-element_type=\"widget\" data-widget_type=\"text-editor.default\">\n\t\t\t\t<div class=\"elementor-widget-container\">\n\t\t\t\t\t\t\t\t\t<p>El Bachillerato pertenece a la educaci\u00f3n secundaria postobligatoria y comprende dos cursos acad\u00e9micos. Esta etapa se organiza en diferentes <strong>modalidades<\/strong>, de las cuales el IES Alfonso XI ofrece cuatro:<\/p><ol><li>Artes<\/li><li>Ciencias y Tecnolog\u00eda<\/li><li>Humanidades y Ciencias Sociales<\/li><li>General<\/li><\/ol><p>Independientemente de la modalidad escogida, el alumnado podr\u00e1 decidir si cursar sus estudios en <strong>modalidad biling\u00fce o no biling\u00fce<\/strong>, siendo el IES Alfonso XI el \u00fanico centro de la localidad que ofrece esta posibilidad en Bachillerato.\u00a0\u00a0<\/p>\t\t\t\t\t\t\t\t<\/div>\n\t\t\t\t<\/div>\n\t\t\t\t<div class=\"elementor-element elementor-element-aa31308 elementor-widget__width-initial elementor-tabs-view-horizontal elementor-widget elementor-widget-tabs\" data-id=\"aa31308\" data-element_type=\"widget\" data-widget_type=\"tabs.default\">\n\t\t\t\t<div class=\"elementor-widget-container\">\n\t\t\t\t\t\t\t<div class=\"elementor-tabs\">\n\t\t\t<div class=\"elementor-tabs-wrapper\" role=\"tablist\" >\n\t\t\t\t\t\t\t\t\t<div id=\"elementor-tab-title-1781\" class=\"elementor-tab-title elementor-tab-desktop-title\" aria-selected=\"true\" data-tab=\"1\" role=\"tab\" tabindex=\"0\" aria-controls=\"elementor-tab-content-1781\" aria-expanded=\"false\">Bachillerato de Artes<\/div>\n\t\t\t\t\t\t\t\t\t<div id=\"elementor-tab-title-1782\" class=\"elementor-tab-title elementor-tab-desktop-title\" aria-selected=\"false\" data-tab=\"2\" role=\"tab\" tabindex=\"-1\" aria-controls=\"elementor-tab-content-1782\" aria-expanded=\"false\">Bachillerato de Ciencias y Tecnolog\u00eda<\/div>\n\t\t\t\t\t\t\t\t\t<div id=\"elementor-tab-title-1783\" class=\"elementor-tab-title elementor-tab-desktop-title\" aria-selected=\"false\" data-tab=\"3\" role=\"tab\" tabindex=\"-1\" aria-controls=\"elementor-tab-content-1783\" aria-expanded=\"false\">Bachillerato de Humanidades y Ciencias Sociales<\/div>\n\t\t\t\t\t\t\t\t\t<div id=\"elementor-tab-title-1784\" class=\"elementor-tab-title elementor-tab-desktop-title\" aria-selected=\"false\" data-tab=\"4\" role=\"tab\" tabindex=\"-1\" aria-controls=\"elementor-tab-content-1784\" aria-expanded=\"false\">Bachillerato General<\/div>\n\t\t\t\t\t\t\t<\/div>\n\t\t\t<div class=\"elementor-tabs-content-wrapper\" role=\"tablist\" aria-orientation=\"vertical\">\n\t\t\t\t\t\t\t\t\t<div class=\"elementor-tab-title elementor-tab-mobile-title\" aria-selected=\"true\" data-tab=\"1\" role=\"tab\" tabindex=\"0\" aria-controls=\"elementor-tab-content-1781\" aria-expanded=\"false\">Bachillerato de Artes<\/div>\n\t\t\t\t\t<div id=\"elementor-tab-content-1781\" class=\"elementor-tab-content elementor-clearfix\" data-tab=\"1\" role=\"tabpanel\" aria-labelledby=\"elementor-tab-title-1781\" tabindex=\"0\" hidden=\"false\"><h5 style=\"text-align: center\"><strong>Bachillerato de Artes<\/strong><\/h5><p style=\"text-align: justify\">Por segundo a\u00f1o consecutivo, el IES Alfonso XI es el \u00fanico centro de la comarca que oferta el Bachillerato de Artes (v\u00eda Artes Pl\u00e1sticas, Imagen y Dise\u00f1o).<\/p><p style=\"text-align: justify\">En <strong>1\u00ba de Bachillerato de Artes<\/strong> cada estudiante tendr\u00e1 que cursar una serie de materias comunes, otras espec\u00edficas de la modalidad, dos propias (una por bloque) de la comunidad y, por \u00faltimo, escoger entre Religi\u00f3n o Proyectos Transversales de Educaci\u00f3n en Valores. \u00a0<\/p><table style=\"height: 1%;width: 98%\"><tbody><tr style=\"height: 1%\"><td style=\"background-color: #6583bf;width: 100%\" colspan=\"4\" width=\"566\"><p style=\"text-align: center\"><span style=\"color: #ffffff\"><strong>Comunes<\/strong><\/span><\/p><\/td><\/tr><tr style=\"height: auto\"><td style=\"background-color: #eeedf0;width: 25.2205%;text-align: center\" width=\"142\"><p>Lengua Castellana y Literatura I<\/p><\/td><td style=\"background-color: #eeedf0;width: 24.515%;text-align: center\" width=\"142\"><p>Filosof\u00eda<\/p><\/td><td style=\"background-color: #eeedf0;width: 25.0441%;text-align: center\" width=\"142\"><p>Primera Lengua Extranjera I (Ingl\u00e9s o Franc\u00e9s)<\/p><\/td><td style=\"background-color: #eeedf0;width: 25.2205%;text-align: center\" width=\"142\"><p>Educaci\u00f3n F\u00edsica<\/p><\/td><\/tr><\/tbody><\/table><table style=\"background-color: #6583bf;width: 98%;height: 117px\"><tbody><tr style=\"height: 36px\"><td style=\"text-align: center;height: 36px\" colspan=\"3\" width=\"566\"><p><span style=\"color: #ffffff\"><strong>Modalidad<\/strong><\/span><\/p><\/td><\/tr><tr style=\"height: 81px\"><td style=\"text-align: center;height: 81px;background-color: #eeedf0\" width=\"189\"><p>Dibujo Art\u00edstico I<\/p><\/td><td style=\"text-align: center;height: 81px;background-color: #eeedf0\" width=\"189\"><p>Proyectos Art\u00edsticos<\/p><\/td><td style=\"text-align: center;height: 81px;background-color: #eeedf0\" width=\"189\"><p>Dibujo T\u00e9cnico Aplicado a las Artes Pl\u00e1sticas y al Dise\u00f1o I<\/p><\/td><\/tr><\/tbody><\/table><table style=\"background-color: #eeedf0;width: 98%;height: 179px\"><tbody><tr style=\"height: 14px\"><td style=\"background-color: #6583bf;width: 566px;height: 14px\" colspan=\"2\" width=\"566\"><p style=\"text-align: center\"><span style=\"color: #ffffff\"><strong>Materias propias de la comunidad<\/strong><\/span><\/p><\/td><\/tr><tr style=\"height: 10px\"><td style=\"text-align: center;height: 10px\" width=\"283\"><p><strong>Bloque 1<\/strong><\/p><\/td><td style=\"text-align: center;height: 10px\" width=\"283\"><p><strong>Bloque 2<\/strong><\/p><\/td><\/tr><tr style=\"height: 155px\"><td style=\"text-align: center;height: 155px\" width=\"283\"><p>Introducci\u00f3n a la Historia del Arte I<\/p><p>Segunda Lengua Extranjera (diferente a la primera)<\/p><p>TIC I<\/p><\/td><td style=\"text-align: center;height: 155px\" width=\"283\"><p>Anatom\u00eda Aplicada<\/p><p>Certificaci\u00f3n Ingl\u00e9s B2 EOI<\/p><p>Elaboraci\u00f3n y Presentaci\u00f3n de Trabajos Acad\u00e9micos<\/p><p>Patrimonio Cultural de Andaluc\u00eda<\/p><\/td><\/tr><\/tbody><\/table><p style=\"text-align: justify\">En <strong>2\u00ba de Bachillerato de Artes<\/strong>, de manera similar a 1\u00ba, cada estudiante tendr\u00e1 que cursar una serie de materias comunes, otras espec\u00edficas de la modalidad, dos propias (una por bloque) de la comunidad y, por \u00faltimo, escoger entre Religi\u00f3n o Proyectos Transversales de Educaci\u00f3n en Valores.\u00a0<\/p><table style=\"background-color: #eeedf0\"><tbody><tr><td style=\"background-color: #6583bf;width: 566px\" colspan=\"4\" width=\"566\"><p style=\"text-align: center\"><span style=\"color: #ffffff\"><strong>Comunes<\/strong><\/span><\/p><\/td><\/tr><tr><td style=\"text-align: center\" width=\"142\"><p>Lengua Castellana y Literatura I<\/p><\/td><td style=\"text-align: center\" width=\"142\"><p>Historia de la Filosof\u00eda<\/p><\/td><td style=\"text-align: center\" width=\"142\"><p>Primera Lengua Extranjera II (Ingl\u00e9s o Franc\u00e9s)<\/p><\/td><td style=\"text-align: center\" width=\"142\"><p>Historia de Espa\u00f1a<\/p><\/td><\/tr><\/tbody><\/table><table><tbody><tr><td style=\"background-color: #6583bf;width: 566px\" colspan=\"3\" width=\"566\"><p style=\"text-align: center\"><span style=\"color: #ffffff\"><strong>Modalidad<\/strong><\/span><\/p><\/td><\/tr><tr><td style=\"text-align: center;background-color: #eeedf0\" width=\"189\"><p>Dibujo Art\u00edstico II<\/p><\/td><td style=\"text-align: center;background-color: #eeedf0\" width=\"189\"><p>T\u00e9cnicas de Expresi\u00f3n Gr\u00e1fico-Pl\u00e1sticas<\/p><\/td><td style=\"text-align: center;background-color: #eeedf0\" width=\"189\"><p>Dibujo T\u00e9cnico Aplicado a las Artes Pl\u00e1sticas y al Dise\u00f1o II<\/p><\/td><\/tr><\/tbody><\/table><table style=\"width: 98%;height: 201px\"><tbody><tr style=\"height: 36px\"><td style=\"background-color: #6583bf;width: 100%;height: 36px\" colspan=\"2\" width=\"566\"><p style=\"text-align: center\"><span style=\"color: #ffffff\"><strong>Materias propias de la comunidad<\/strong><\/span><\/p><\/td><\/tr><tr style=\"height: 10px\"><td style=\"text-align: center;width: 49.7354%;background-color: #eeedf0;height: 10px\" width=\"283\"><p><strong>Bloque 1<\/strong><\/p><\/td><td style=\"text-align: center;width: 50.2646%;background-color: #eeedf0;height: 10px\" width=\"283\"><p><strong>Bloque 2<\/strong><\/p><\/td><\/tr><tr style=\"height: 155px\"><td style=\"width: 49.7354%;text-align: center;background-color: #eeedf0;height: 155px\" width=\"283\"><p>Actividad F\u00edsica, Salud y Sociedad<\/p><p>Dibujo Cient\u00edfico<\/p><p>Segunda Lengua Extranjera (diferente a la primera)<\/p><p>TIC II (debe haberse cursado TIC I)<\/p><\/td><td style=\"width: 50.2646%;text-align: center;background-color: #eeedf0;height: 155px\" width=\"283\"><p>Comentario de Texto<\/p><p>Fundamentos de Administraci\u00f3n y Gesti\u00f3n<\/p><p style=\"text-align: center\">Mitolog\u00eda Cl\u00e1sica<\/p><\/td><\/tr><\/tbody><\/table><\/div>\n\t\t\t\t\t\t\t\t\t<div class=\"elementor-tab-title elementor-tab-mobile-title\" aria-selected=\"false\" data-tab=\"2\" role=\"tab\" tabindex=\"-1\" aria-controls=\"elementor-tab-content-1782\" aria-expanded=\"false\">Bachillerato de Ciencias y Tecnolog\u00eda<\/div>\n\t\t\t\t\t<div id=\"elementor-tab-content-1782\" class=\"elementor-tab-content elementor-clearfix\" data-tab=\"2\" role=\"tabpanel\" aria-labelledby=\"elementor-tab-title-1782\" tabindex=\"0\" hidden=\"hidden\"><h5 style=\"text-align: center\">Bachillerato de Ciencias y Tecnolog\u00eda<\/h5><p>Dentro del Bachillerato de Ciencias y Tecnolog\u00eda se encuentran dos itinerarios, el de Tecnolog\u00eda y el de Salud.<\/p><p>En <strong>1\u00ba Bachillerato de Ciencias y Tecnolog\u00eda<\/strong>, tanto el itinerario de Tecnolog\u00eda como el de Salud tendr\u00e1n una serie de materias comunes.<\/p><table style=\"width: 98%;height: 161px\"><tbody><tr style=\"height: 36px\"><td style=\"width: 99.7807%;height: 36px;background-color: #6583bf;text-align: center\" colspan=\"4\" width=\"566\"><p><span style=\"color: #ffffff\"><strong>Comunes<\/strong><\/span><\/p><\/td><\/tr><tr style=\"height: 125px\"><td style=\"text-align: center;width: 25.4386%;height: 125px;background-color: #eeedf0\" width=\"142\"><p>Lengua Castellana y Literatura I<\/p><\/td><td style=\"text-align: center;width: 23.6842%;height: 125px;background-color: #eeedf0\" width=\"142\"><p>Filosof\u00eda<\/p><\/td><td style=\"text-align: center;width: 25.2193%;height: 125px;background-color: #eeedf0\" width=\"142\"><p>Primera Lengua Extranjera I (Ingl\u00e9s o Franc\u00e9s)<\/p><\/td><td style=\"text-align: center;width: 25.4386%;height: 125px;background-color: #eeedf0\" width=\"142\"><p>Educaci\u00f3n F\u00edsica<\/p><\/td><\/tr><\/tbody><\/table><p>Adem\u00e1s, en funci\u00f3n del itinerario cada estudiante deber\u00e1 cursar una serie de <strong>materias de modalidad<\/strong>:<\/p><table><tbody><tr><td style=\"text-align: center;border-color: #6583bf;background-color: #6583bf\" width=\"283\"><p><span style=\"color: #ffffff\"><strong>Modalidad del itinerario Tecnolog\u00eda<\/strong><\/span><\/p><\/td><td style=\"text-align: center;border-color: #6583bf;background-color: #6583bf\" width=\"283\"><p><span style=\"color: #ffffff\"><strong>Modalidad del itinerario Salud<\/strong><\/span><\/p><\/td><\/tr><tr><td style=\"text-align: center;background-color: #eeedf0\" width=\"283\"><p>Matem\u00e1ticas I<\/p><p>F\u00edsica y Qu\u00edmica<\/p><p>Dibujo T\u00e9cnico I o Tecnolog\u00eda e Ingenier\u00eda I<\/p><\/td><td style=\"text-align: center;background-color: #eeedf0\" width=\"283\"><p>Matem\u00e1ticas I<\/p><p>F\u00edsica y Qu\u00edmica<\/p><p>Biolog\u00eda y Geolog\u00eda<\/p><\/td><\/tr><\/tbody><\/table><p>En cuanto a las <strong>materias propias de la comunidad<\/strong>, cada estudiante tambi\u00e9n tendr\u00e1 que completar su matr\u00edcula con una materia de cada bloque en funci\u00f3n de su itinerario:<\/p><table><tbody><tr><td style=\"text-align: center;background-color: #6583bf\" colspan=\"2\" width=\"283\"><p><span style=\"color: #ffffff\"><strong>Materias propias itinerario Tecnolog\u00eda<\/strong><\/span><\/p><\/td><td style=\"text-align: center;background-color: #6583bf\" colspan=\"2\" width=\"283\"><p><span style=\"color: #ffffff\"><strong>Materias propias itinerario Salud<\/strong><\/span><\/p><\/td><\/tr><tr><td style=\"text-align: center;background-color: #eeedf0\" width=\"133\"><p><strong>Bloque 1<\/strong><\/p><\/td><td style=\"text-align: center;background-color: #eeedf0\" width=\"150\"><p><strong>Bloque 2<\/strong><\/p><\/td><td style=\"text-align: center;background-color: #eeedf0\" width=\"141\"><p><strong>Bloque 1<\/strong><\/p><\/td><td style=\"text-align: center;background-color: #eeedf0\" width=\"142\"><p><strong>Bloque 2<\/strong><\/p><\/td><\/tr><tr><td style=\"text-align: center;background-color: #eeedf0\" width=\"133\"><p>Introducci\u00f3n a la Historia del Arte I<\/p><p>Rob\u00f3tica y automatismos<\/p><p>Segunda Lengua Extranjera (diferente a la primera)<\/p><p>TIC I<\/p><\/td><td style=\"text-align: center;background-color: #eeedf0\" width=\"150\"><p>Certificaci\u00f3n Ingl\u00e9s B2 EOI<\/p><p>Creaci\u00f3n Digital y Pensamiento Computacional<\/p><p>Elaboraci\u00f3n y Presentaci\u00f3n de Trabajos Acad\u00e9micos<\/p><\/td><td style=\"text-align: center;background-color: #eeedf0\" rowspan=\"2\" width=\"141\"><p>Antropolog\u00eda y Sociolog\u00eda<\/p><p>Segunda Lengua Extranjera (diferente de la primera)<\/p><p>TIC I<\/p><\/td><td style=\"text-align: center;background-color: #eeedf0\" rowspan=\"2\" width=\"142\"><p>Anatom\u00eda Aplicada<\/p><p>Certificaci\u00f3n Ingl\u00e9s B2 EOI<\/p><p>Creaci\u00f3n Digital y Pensamiento Computacional<\/p><p>Elaboraci\u00f3n y Presentaci\u00f3n de Trabajos Acad\u00e9micos<\/p><\/td><\/tr><tr><td style=\"text-align: center;background-color: #eeedf0\" colspan=\"2\" width=\"283\"><p>Materia de modalidad no elegida (Dibujo T\u00e9cnico o Tecnolog\u00eda e Ingenier\u00eda I)<\/p><\/td><\/tr><\/tbody><\/table><p>Por \u00faltimo, cada estudiante tendr\u00e1 que elegir entre la materia de Religi\u00f3n o la materia Proyectos Transversales de Educaci\u00f3n en Valores.<\/p><p>En <strong>2\u00ba Bachillerato de Ciencias y Tecnolog\u00eda<\/strong>, de manera similar al 1\u00ba, cada alumno\/a tendr\u00e1 que cursar una serie de materias comunes independientemente de su itinerario:<\/p><table><tbody><tr><td style=\"background-color: #6583bf;width: 566px\" colspan=\"4\" width=\"566\"><p style=\"text-align: center\"><span style=\"color: #ffffff\"><strong>Comunes<\/strong><\/span><\/p><\/td><\/tr><tr><td style=\"text-align: center;background-color: #eeedf0\" width=\"142\"><p>Lengua Castellana y Literatura II<\/p><\/td><td style=\"text-align: center;background-color: #eeedf0\" width=\"142\"><p>Historia de la Filosof\u00eda<\/p><\/td><td style=\"text-align: center;background-color: #eeedf0\" width=\"142\"><p>Primera Lengua Extranjera II (Ingl\u00e9s o Franc\u00e9s)<\/p><\/td><td style=\"text-align: center;background-color: #eeedf0\" width=\"142\"><p>Educaci\u00f3n F\u00edsica<\/p><\/td><\/tr><\/tbody><\/table><p>Posteriormente, en funci\u00f3n del itinerario, cada estudiante tendr\u00e1 que cursar las siguientes materias de <strong>modalidad<\/strong>.<\/p><table><tbody><tr><td style=\"text-align: center;background-color: #6583bf\" width=\"283\"><p><span style=\"color: #ffffff\"><strong>Modalidad del itinerario Tecnolog\u00eda<\/strong><\/span><\/p><\/td><td style=\"text-align: center;background-color: #6583bf\" width=\"283\"><p><span style=\"color: #ffffff\"><strong>Modalidad del itinerario Salud<\/strong><\/span><\/p><\/td><\/tr><tr><td style=\"text-align: center;background-color: #eeedf0\" width=\"283\"><p>Matem\u00e1ticas II<\/p><p>F\u00edsica<\/p><p>Dibujo T\u00e9cnico II o Tecnolog\u00eda e Ingenier\u00eda II<\/p><\/td><td style=\"text-align: center;background-color: #eeedf0\" width=\"283\"><p>Matem\u00e1ticas II o Matem\u00e1ticas CSSII<\/p><p>Qu\u00edmica<\/p><p>Biolog\u00eda o Geolog\u00eda y Ciencias Ambientales<\/p><\/td><\/tr><\/tbody><\/table><p>En cuanto a las <strong>materias propias de la comunidad<\/strong>, cada estudiante tambi\u00e9n tendr\u00e1 que completar su matr\u00edcula con una materia de cada bloque en funci\u00f3n de su itinerario o una de modalidad no elegida anteriormente:<\/p><table><tbody><tr><td style=\"text-align: center;background-color: #6583bf\" colspan=\"2\" width=\"283\"><p><span style=\"color: #ffffff\"><strong>Materias propias itinerario Tecnolog\u00eda<\/strong><\/span><\/p><\/td><td style=\"text-align: center;background-color: #6583bf\" colspan=\"2\" width=\"283\"><p><span style=\"color: #ffffff\"><strong>Materias propias itinerario Salud<\/strong><\/span><\/p><\/td><\/tr><tr><td style=\"text-align: center;background-color: #eeedf0\" width=\"133\"><p><strong>Bloque 1<\/strong><\/p><\/td><td style=\"text-align: center;background-color: #eeedf0\" width=\"150\"><p><strong>Bloque 2<\/strong><\/p><\/td><td style=\"text-align: center;background-color: #eeedf0\" width=\"141\"><p><strong>Bloque 1<\/strong><\/p><\/td><td style=\"text-align: center;background-color: #eeedf0\" width=\"142\"><p><strong>Bloque 2<\/strong><\/p><\/td><\/tr><tr><td style=\"text-align: center;background-color: #eeedf0\" width=\"133\"><p>Actividad F\u00edsica, Salud y Sociedad<\/p><p>Segunda Lengua Extranjera (diferente de la primera)<\/p><p>TIC II (debe haberse cursado TIC I)<\/p><\/td><td style=\"text-align: center;background-color: #eeedf0\" width=\"150\"><p>Comentario de Texto<\/p><p>Electrotecnia<\/p><p>T\u00e9cnicas de Laboratorio<\/p><p>Programaci\u00f3n y Computaci\u00f3n<\/p><\/td><td style=\"text-align: center;background-color: #eeedf0\" width=\"141\"><p>Actividad F\u00edsica, Salud y Sociedad<\/p><p>Dibujo Cient\u00edfico<\/p><p>Segunda Lengua Extranjera (diferente de la primera)<\/p><p>TIC II (debe haberse cursado TIC I)<\/p><\/td><td style=\"text-align: center;background-color: #eeedf0\" width=\"142\"><p>Comentario de Textos<\/p><p>M\u00e9todos Estad\u00edsticos<\/p><p>Psicolog\u00eda<\/p><p>T\u00e9cnicas de Laboratorio<\/p><\/td><\/tr><tr><td style=\"text-align: center;background-color: #eeedf0\" colspan=\"2\" width=\"283\"><p>Materia de modalidad no elegida (Qu\u00edmica, Dibujo T\u00e9cnico II o Tecnolog\u00eda e Ingenier\u00eda II)<\/p><\/td><td style=\"text-align: center;background-color: #eeedf0\" colspan=\"2\" width=\"283\"><p>Materia de modalidad no elegida (F\u00edsica)<\/p><\/td><\/tr><\/tbody><\/table><p>Por \u00faltimo, cada estudiante tendr\u00e1 que elegir entre la materia de Religi\u00f3n o la materia Proyectos Transversales de Educaci\u00f3n en Valores.<\/p><\/div>\n\t\t\t\t\t\t\t\t\t<div class=\"elementor-tab-title elementor-tab-mobile-title\" aria-selected=\"false\" data-tab=\"3\" role=\"tab\" tabindex=\"-1\" aria-controls=\"elementor-tab-content-1783\" aria-expanded=\"false\">Bachillerato de Humanidades y Ciencias Sociales<\/div>\n\t\t\t\t\t<div id=\"elementor-tab-content-1783\" class=\"elementor-tab-content elementor-clearfix\" data-tab=\"3\" role=\"tabpanel\" aria-labelledby=\"elementor-tab-title-1783\" tabindex=\"0\" hidden=\"hidden\"><h5 style=\"text-align: center\">Bachillerato de Humanidades y Ciencias Sociales<\/h5><p>Dentro del Bachillerato de Humanidades y Ciencias Sociales existen dos itinerarios, el de Humanidades y el de Ciencias Sociales.<\/p><p>En <strong>1\u00ba Bachillerato de Humanidades<\/strong> <strong>y Ciencias Sociales <\/strong>se deber\u00e1n cursar las siguientes <strong>materias comunes<\/strong> independientemente del itinerario escogido:<\/p><table><tbody><tr><td style=\"background-color: #6583bf;width: 566px\" colspan=\"4\" width=\"566\"><p style=\"text-align: center\"><span style=\"color: #ffffff\"><strong>Comunes<\/strong><\/span><\/p><\/td><\/tr><tr><td style=\"text-align: center;background-color: #eeedf0\" width=\"142\"><p>Lengua Castellana y Literatura I<\/p><\/td><td style=\"text-align: center;background-color: #eeedf0\" width=\"142\"><p>Filosof\u00eda<\/p><\/td><td style=\"text-align: center;background-color: #eeedf0\" width=\"142\"><p>Primera Lengua Extranjera I (Ingl\u00e9s o Franc\u00e9s)<\/p><\/td><td style=\"text-align: center;background-color: #eeedf0\" width=\"142\"><p>Educaci\u00f3n F\u00edsica<\/p><\/td><\/tr><\/tbody><\/table><p>Despu\u00e9s, en funci\u00f3n del itinerario escogido, cada alumno\/a tendr\u00e1 que cursar las siguientes <strong>materias de modalidad<\/strong>:<\/p><table><tbody><tr><td style=\"text-align: center;background-color: #6583bf\" width=\"283\"><p><span style=\"color: #ffffff\"><strong>Modalidad del itinerario Humanidades<\/strong><\/span><\/p><\/td><td style=\"text-align: center;background-color: #6583bf\" width=\"283\"><p><span style=\"color: #ffffff\"><strong>Modalidad del itinerario CCSS<\/strong><\/span><\/p><\/td><\/tr><tr><td style=\"background-color: #eeedf0;text-align: center\" width=\"283\"><p>Lat\u00edn I<\/p><p>Griego I<\/p><p>H\u00aa del Mundo Contempor\u00e1neo o Literatura Universal<\/p><\/td><td style=\"background-color: #eeedf0;text-align: center\" width=\"283\"><p>Matem\u00e1ticas II o Matem\u00e1ticas CSS I<\/p><p>Econom\u00eda<\/p><p>H\u00aa del Mundo Contempor\u00e1neo o Literatura Universal<\/p><\/td><\/tr><\/tbody><\/table><p>Adem\u00e1s, tanto los alumnos del itinerario de Humanidades como el de CCSS, tendr\u00e1n que completar su elecci\u00f3n con una <strong>asignatura propia de la comunidad<\/strong> de cada uno de los siguientes bloques:<\/p><table><tbody><tr><td style=\"text-align: center;background-color: #6583bf\" width=\"283\"><p><span style=\"color: #ffffff\"><strong>Bloque I<\/strong><\/span><\/p><\/td><td style=\"text-align: center;background-color: #6583bf\" width=\"283\"><p><span style=\"color: #ffffff\"><strong>Bloque II<\/strong><\/span><\/p><\/td><\/tr><tr><td style=\"text-align: center;background-color: #eeedf0\" width=\"283\"><p>Antropolog\u00eda y Sociolog\u00eda I<\/p><p>Segunda Lengua Extranjera (diferente de la primera)<\/p><p>TIC I<\/p><\/td><td style=\"text-align: center;background-color: #eeedf0\" width=\"283\"><p>Certificaci\u00f3n Ingl\u00e9s B2 EOI<\/p><p>Elaboraci\u00f3n y Presentaci\u00f3n de Trabajos Acad\u00e9micos<\/p><p>Cultura Emprendedora y Empresarial<\/p><p>Patrimonio Cultural de Andaluc\u00eda<\/p><\/td><\/tr><\/tbody><\/table><p><strong>\u00a0<\/strong><\/p><p>Por \u00faltimo, cada estudiante tendr\u00e1 que elegir entre la materia de Religi\u00f3n o la materia Proyectos Transversales de Educaci\u00f3n en Valores.<\/p><p>En <strong>2\u00ba Bachillerato de Humanidades y Ciencias Sociales<\/strong> se deber\u00e1n cursar las siguientes <strong>materias comunes<\/strong> independientemente del itinerario escogido:<\/p><table><tbody><tr><td style=\"background-color: #6583bf;width: 566px\" colspan=\"4\" width=\"566\"><p style=\"text-align: center\"><span style=\"color: #ffffff\"><strong>Comunes<\/strong><\/span><\/p><\/td><\/tr><tr><td style=\"text-align: center;background-color: #eeedf0\" width=\"142\"><p>Lengua Castellana y Literatura II<\/p><\/td><td style=\"text-align: center;background-color: #eeedf0\" width=\"142\"><p>Historia de la Filosof\u00eda<\/p><\/td><td style=\"text-align: center;background-color: #eeedf0\" width=\"142\"><p>Primera Lengua Extranjera II (Ingl\u00e9s o Franc\u00e9s)<\/p><\/td><td style=\"text-align: center;background-color: #eeedf0\" width=\"142\"><p>Educaci\u00f3n F\u00edsica<\/p><\/td><\/tr><\/tbody><\/table><p>Despu\u00e9s, en funci\u00f3n del itinerario escogido, cada alumno\/a tendr\u00e1 que cursar las siguientes <strong>materias de modalidad<\/strong>:<\/p><table><tbody><tr><td style=\"background-color: #6583bf;width: 283px\" width=\"283\"><p style=\"text-align: center\"><span style=\"color: #ffffff\"><strong>Modalidad del itinerario Humanidades<\/strong><\/span><\/p><\/td><td style=\"background-color: #6583bf;width: 283px\" width=\"283\"><p style=\"text-align: center\"><span style=\"color: #ffffff\"><strong>Modalidad del itinerario CCSS<\/strong><\/span><\/p><\/td><\/tr><tr><td style=\"text-align: center;background-color: #eeedf0\" width=\"283\"><p>Lat\u00edn II<\/p><p>Griego II, Historia del Arte, Geograf\u00eda (elegir dos)<\/p><\/td><td style=\"text-align: center;background-color: #eeedf0\" width=\"283\"><p>Matem\u00e1ticas II o Matem\u00e1ticas CSS II<\/p><p>Empresa y Dise\u00f1o de Modelos de Negocio, Historia del Arte, Geograf\u00eda (elegir dos).<\/p><\/td><\/tr><\/tbody><\/table><p>Adem\u00e1s, tanto los alumnos del itinerario de Humanidades como el de CCSS, tendr\u00e1n que completar su elecci\u00f3n con una <strong>asignatura propia de la comunidad<\/strong> de cada uno de los siguientes bloques:<\/p><table><tbody><tr><td style=\"text-align: center;background-color: #6583bf\" width=\"283\"><p><span style=\"color: #ffffff\"><strong>Bloque I<\/strong><\/span><\/p><\/td><td style=\"text-align: center;background-color: #6583bf\" width=\"283\"><p><span style=\"color: #ffffff\"><strong>Bloque II<\/strong><\/span><\/p><\/td><\/tr><tr><td style=\"background-color: #eeedf0;text-align: center\" width=\"283\"><p>Actividad F\u00edsica, Salud y Sociedad<\/p><p>Segunda Lengua Extranjera (diferente de la primera)<\/p><p>TIC II (debe haberse cursado TIC I)<\/p><\/td><td style=\"background-color: #eeedf0;text-align: center\" width=\"283\"><p>Comentario de Texto<\/p><p>Fundamentos de Administraci\u00f3n y Gesti\u00f3n<\/p><p>Mitolog\u00eda Cl\u00e1sica<\/p><p>Psicolog\u00eda<\/p><\/td><\/tr><\/tbody><\/table><p>Por \u00faltimo, cada estudiante tendr\u00e1 que elegir entre la materia de Religi\u00f3n o la materia Proyectos Transversales de Educaci\u00f3n en Valores.<\/p><\/div>\n\t\t\t\t\t\t\t\t\t<div class=\"elementor-tab-title elementor-tab-mobile-title\" aria-selected=\"false\" data-tab=\"4\" role=\"tab\" tabindex=\"-1\" aria-controls=\"elementor-tab-content-1784\" aria-expanded=\"false\">Bachillerato General<\/div>\n\t\t\t\t\t<div id=\"elementor-tab-content-1784\" class=\"elementor-tab-content elementor-clearfix\" data-tab=\"4\" role=\"tabpanel\" aria-labelledby=\"elementor-tab-title-1784\" tabindex=\"0\" hidden=\"hidden\"><h5 style=\"text-align: center\"><strong>Bachillerato General<\/strong><\/h5><p>El Bachillerato General es una nueva modalidad introducida con la Ley LOMLOE. Est\u00e1 pensada para estudiantes que a\u00fan no tienen decidido qu\u00e9 estudiar despu\u00e9s de la ESO o para aquellas personas que ven en la Formaci\u00f3n Profesional la continuidad de sus estudios y el acceso al mercado laboral. Si a\u00fan no tienes claro\u00a0cu\u00e1l es tu vocaci\u00f3n, o qu\u00e9 quieres hacer, es posible que esta opci\u00f3n sea la que m\u00e1s te convenga.<\/p><p>En <strong>1\u00ba Bachillerato de la modalidad general<\/strong> se cursan una serie de asignaturas comunes al resto de bachilleratos, otras espec\u00edficas de modalidad, dos propias (una por bloque) de la comunidad y, por \u00faltimo, escogen entre Religi\u00f3n o Proyectos Transversales de Educaci\u00f3n en Valores.\u00a0<\/p><table><tbody><tr><td style=\"background-color: #6583bf;width: 566px;text-align: center\" colspan=\"4\" width=\"566\"><p><span style=\"color: #ffffff\"><strong>Comunes<\/strong><\/span><\/p><\/td><\/tr><tr><td style=\"text-align: center;background-color: #eeedf0\" width=\"142\"><p>Lengua Castellana y Literatura I<\/p><\/td><td style=\"text-align: center;background-color: #eeedf0\" width=\"142\"><p>Filosof\u00eda<\/p><\/td><td style=\"text-align: center;background-color: #eeedf0\" width=\"142\"><p>Primera Lengua Extranjera I (Ingl\u00e9s o Franc\u00e9s)<\/p><\/td><td style=\"text-align: center;background-color: #eeedf0\" width=\"142\"><p>Educaci\u00f3n F\u00edsica<\/p><\/td><\/tr><\/tbody><\/table><table><tbody><tr><td style=\"background-color: #6583bf;width: 566px;text-align: center\" colspan=\"3\" width=\"566\"><p><span style=\"color: #ffffff\"><strong>Modalidad<\/strong><\/span><\/p><\/td><\/tr><tr><td style=\"text-align: center;background-color: #eeedf0\" width=\"189\"><p>Matem\u00e1ticas Generales<\/p><\/td><td style=\"text-align: center;background-color: #eeedf0\" width=\"189\"><p>Econom\u00eda, Emprendimiento y Actividad Empresarial<\/p><\/td><td style=\"text-align: center;background-color: #eeedf0\" width=\"189\"><p>Materia de otras modalidades de primer curso ofertada en el centro<\/p><\/td><\/tr><\/tbody><\/table><table><tbody><tr><td style=\"background-color: #6583bf;width: 566px;text-align: center\" colspan=\"2\" width=\"566\"><p><span style=\"color: #ffffff\"><strong>Materias propias de la comunidad<\/strong><\/span><\/p><\/td><\/tr><tr><td style=\"text-align: center;background-color: #eeedf0\" width=\"283\"><p><strong>Bloque 1<\/strong><\/p><\/td><td style=\"text-align: center;background-color: #eeedf0\" width=\"283\"><p><strong>Bloque 2<\/strong><\/p><\/td><\/tr><tr><td style=\"text-align: center;background-color: #eeedf0\" width=\"283\"><p>Segunda Lengua Extranjera (diferente a la primera)<\/p><p>TIC I<\/p><\/td><td style=\"text-align: center;background-color: #eeedf0\" width=\"283\"><p>Certificaci\u00f3n Ingl\u00e9s B2 EOI<\/p><p>Elaboraci\u00f3n y Presentaci\u00f3n de Trabajos Acad\u00e9micos<\/p><\/td><\/tr><\/tbody><\/table><p>En <strong>2\u00ba Bachillerato de la modalidad general<\/strong>, de manera similar a primero, los estudiantes cursar\u00e1n una serie de asignaturas comunes a otros bachilleratos, otras espec\u00edficas de modalidad, dos propias (una por bloque) de la comunidad y, por \u00faltimo, escoger\u00e1n entre Religi\u00f3n o Proyectos Transversales de Educaci\u00f3n en Valores.<\/p><table><tbody><tr><td style=\"background-color: #6583bf;width: 566px;text-align: center\" colspan=\"4\" width=\"566\"><p><span style=\"color: #ffffff\"><strong>Comunes<\/strong><\/span><\/p><\/td><\/tr><tr><td style=\"text-align: center;background-color: #eeedf0\" width=\"142\"><p>Lengua Castellana y Literatura II<\/p><\/td><td style=\"text-align: center;background-color: #eeedf0\" width=\"142\"><p>Historia de la Filosof\u00eda<\/p><\/td><td style=\"text-align: center;background-color: #eeedf0\" width=\"142\"><p>Primera Lengua Extranjera II (Ingl\u00e9s o Franc\u00e9s)<\/p><\/td><td style=\"text-align: center;background-color: #eeedf0\" width=\"142\"><p>Educaci\u00f3n F\u00edsica<\/p><\/td><\/tr><\/tbody><\/table><table style=\"width: 98%;height: 117px\"><tbody><tr style=\"height: 36px\"><td style=\"background-color: #6583bf;width: 100%;text-align: center;height: 36px\" colspan=\"3\" width=\"566\"><p><span style=\"color: #ffffff\"><strong>Modalidad<\/strong><\/span><\/p><\/td><\/tr><tr style=\"height: 81px\"><td style=\"text-align: center;height: 81px;width: 32.9806%;background-color: #eeedf0\" width=\"189\"><p>Ciencias Generales<\/p><\/td><td style=\"text-align: center;height: 81px;width: 33.5097%;background-color: #eeedf0\" width=\"189\"><p>Movimientos culturales y art\u00edsticos<\/p><\/td><td style=\"text-align: center;height: 81px;width: 33.5097%;background-color: #eeedf0\" width=\"189\"><p>Materia de otras modalidades de primer curso ofertada en el centro<\/p><\/td><\/tr><\/tbody><\/table><table style=\"background-color: #6583bf\"><tbody><tr><td style=\"text-align: center\" colspan=\"2\" width=\"566\"><p><span style=\"color: #ffffff\"><strong>Materias propias de la comunidad<\/strong><\/span><\/p><\/td><\/tr><tr><td style=\"text-align: center;background-color: #eeedf0\" width=\"283\"><p><strong>Bloque 1<\/strong><\/p><\/td><td style=\"text-align: center;background-color: #eeedf0\" width=\"283\"><p><strong>Bloque 2<\/strong><\/p><\/td><\/tr><tr><td style=\"text-align: center;background-color: #eeedf0\" width=\"283\"><p>Actividad F\u00edsica, Salud y Sociedad<\/p><p>Segunda Lengua Extranjera (diferente a la primera)<\/p><p>TIC II (debe haberse cursado TIC I)<\/p><\/td><td style=\"text-align: center;background-color: #eeedf0\" width=\"283\"><p>Comentario de Textos<\/p><p>Fundamentos de Administraci\u00f3n y Gesti\u00f3n<\/p><\/td><\/tr><\/tbody><\/table><\/div>\n\t\t\t\t\t\t\t<\/div>\n\t\t<\/div>\n\t\t\t\t\t\t<\/div>\n\t\t\t\t<\/div>\n\t\t\t\t\t<\/div>\n\t\t<\/div>\n\t\t\t\t\t<\/div>\n\t\t<\/section>\n\t\t\t\t<\/div>\n\t\t","protected":false},"excerpt":{"rendered":"<p>El Bachillerato pertenece a la educaci\u00f3n secundaria postobligatoria y comprende dos cursos acad\u00e9micos. Esta etapa se organiza en diferentes modalidades, de las cuales el IES Alfonso XI ofrece cuatro: Artes Ciencias y Tecnolog\u00eda Humanidades y Ciencias Sociales General Independientemente de la modalidad escogida, el alumnado podr\u00e1 decidir si cursar sus estudios en modalidad biling\u00fce o &hellip; <\/p>\n<p><a class=\"more-link btn\" href=\"https:\/\/blogsaverroes.juntadeandalucia.es\/iesalfonsoxi\/bachillerato\/\">Seguir leyendo<\/a><\/p>\n","protected":false},"author":6379,"featured_media":0,"parent":0,"menu_order":0,"comment_status":"closed","ping_status":"closed","template":"page-c.php","meta":{"ngg_post_thumbnail":0,"footnotes":"","_mc_calendar":[]},"aioseo_notices":[],"_links":{"self":[{"href":"https:\/\/blogsaverroes.juntadeandalucia.es\/iesalfonsoxi\/wp-json\/wp\/v2\/pages\/2621"}],"collection":[{"href":"https:\/\/blogsaverroes.juntadeandalucia.es\/iesalfonsoxi\/wp-json\/wp\/v2\/pages"}],"about":[{"href":"https:\/\/blogsaverroes.juntadeandalucia.es\/iesalfonsoxi\/wp-json\/wp\/v2\/types\/page"}],"author":[{"embeddable":true,"href":"https:\/\/blogsaverroes.juntadeandalucia.es\/iesalfonsoxi\/wp-json\/wp\/v2\/users\/6379"}],"replies":[{"embeddable":true,"href":"https:\/\/blogsaverroes.juntadeandalucia.es\/iesalfonsoxi\/wp-json\/wp\/v2\/comments?post=2621"}],"version-history":[{"count":65,"href":"https:\/\/blogsaverroes.juntadeandalucia.es\/iesalfonsoxi\/wp-json\/wp\/v2\/pages\/2621\/revisions"}],"predecessor-version":[{"id":16217,"href":"https:\/\/blogsaverroes.juntadeandalucia.es\/iesalfonsoxi\/wp-json\/wp\/v2\/pages\/2621\/revisions\/16217"}],"wp:attachment":[{"href":"https:\/\/blogsaverroes.juntadeandalucia.es\/iesalfonsoxi\/wp-json\/wp\/v2\/media?parent=2621"}],"curies":[{"name":"wp","href":"https:\/\/api.w.org\/{rel}","templated":true}]}}