{"id":2757,"date":"2019-03-19T13:30:37","date_gmt":"2019-03-19T13:30:37","guid":{"rendered":"https:\/\/blogsaverroes.juntadeandalucia.es\/iesalfonsoxi\/?page_id=2757"},"modified":"2024-07-08T10:51:30","modified_gmt":"2024-07-08T10:51:30","slug":"esoweb","status":"publish","type":"page","link":"https:\/\/blogsaverroes.juntadeandalucia.es\/iesalfonsoxi\/esoweb\/","title":{"rendered":"ESO"},"content":{"rendered":"<p>La Educaci\u00f3n Secundaria Obligatoria (ESO) es una etapa educativa que normalmente tiene una duraci\u00f3n de cuatro cursos acad\u00e9micos, entre los 12 y 16 a\u00f1os. Se compone de dos ciclos:&nbsp;<\/p>\n<h5 style=\"text-align: center\"><strong>Primer ciclo de ESO<\/strong><\/h5>\n<p>Incluye los cursos de 1\u00ba, 2\u00ba y 3\u00ba de la ESO en el que los estudiantes tendr\u00e1n que cursar una serie de asignaturas <strong>troncales<\/strong>:<\/p>\n<table>\n<tbody>\n<tr style=\"background-color: #0711a6\">\n<td style=\"text-align: center;background-color: #6583bf\" width=\"189\"><span style=\"color: #ffffff\"><strong>1\u00ba ESO<\/strong><\/span><\/td>\n<td style=\"text-align: center;background-color: #6583bf\" width=\"189\"><span style=\"color: #ffffff\"><strong>2\u00ba ESO<\/strong><\/span><\/td>\n<td style=\"text-align: center;background-color: #6583bf\" width=\"189\"><span style=\"color: #ffffff\"><strong>3\u00ba ESO<\/strong><\/span><\/td>\n<\/tr>\n<tr style=\"background-color: #f7f7f7\">\n<td style=\"text-align: center\" width=\"189\">Lengua Castellana y Literatura<\/p>\n<p>Matem\u00e1ticas<\/p>\n<p>Primera Lengua Extranjera (Ingl\u00e9s)<\/p>\n<p>Educaci\u00f3n Pl\u00e1stica, Visual y Audiovisual<\/p>\n<p>Biolog\u00eda y Geolog\u00eda<\/p>\n<p>Geograf\u00eda e Historia<\/p>\n<p>Educaci\u00f3n F\u00edsica<\/p>\n<p>Segunda Lengua Extranjera (Franc\u00e9s) o \u00c1rea Ling\u00fc\u00edstica de Car\u00e1cter Transversal<\/p>\n<p>M\u00fasica<\/td>\n<td style=\"text-align: center\" width=\"189\">Lengua Castellana y Literatura<\/p>\n<p>Matem\u00e1ticas<\/p>\n<p>Primera Lengua Extranjera (Ingl\u00e9s)<\/p>\n<p>Geograf\u00eda e Historia<\/p>\n<p>Educaci\u00f3n F\u00edsica<\/p>\n<p>F\u00edsica y Qu\u00edmica<\/p>\n<p>Educaci\u00f3n en Valores C\u00edvicos y \u00c9ticos<\/p>\n<p>Tecnolog\u00eda y Digitalizaci\u00f3n<\/p>\n<p>M\u00fasica<\/p>\n<p>Religi\u00f3n o Atenci\u00f3n Educativa<\/td>\n<td style=\"text-align: center\" width=\"189\">&nbsp;<\/p>\n<p>Lengua Castellana y Literatura<\/p>\n<p>Matem\u00e1ticas<\/p>\n<p>Primera Lengua Extranjera (Ingl\u00e9s)<\/p>\n<p>Educaci\u00f3n Pl\u00e1stica, Visual y Audiovisual<\/p>\n<p>Geograf\u00eda e Historia<\/p>\n<p>Educaci\u00f3n F\u00edsica<\/p>\n<p>F\u00edsica y Qu\u00edmica<\/p>\n<p>Biolog\u00eda y Geolog\u00eda<\/p>\n<p>Tecnolog\u00eda y Digitalizaci\u00f3n<\/td>\n<\/tr>\n<\/tbody>\n<\/table>\n<p>&nbsp;<\/p>\n<p>Adem\u00e1s, en el IES Alfonso XI se apuesta por una amplia oferta de asignaturas <strong>optativas<\/strong> cercana a los intereses de los alumnos:<\/p>\n<table>\n<tbody>\n<tr style=\"background-color: #0711a6\">\n<td style=\"text-align: center;background-color: #6583bf\" width=\"189\"><span style=\"color: #ffffff\"><strong>1\u00ba ESO<\/strong><\/span><\/td>\n<td style=\"text-align: center;background-color: #6583bf\" width=\"189\"><span style=\"color: #ffffff\"><strong>2\u00ba ESO<\/strong><\/span><\/td>\n<td style=\"text-align: center;background-color: #6583bf\" width=\"189\"><span style=\"color: #ffffff\"><strong>3\u00ba ESO<\/strong><\/span><\/td>\n<\/tr>\n<tr style=\"background-color: #f7f7f7\">\n<td style=\"text-align: center\" width=\"189\">Cantas, tocas y bailas<\/p>\n<p>Computaci\u00f3n y Rob\u00f3tica<\/p>\n<p>Cultura Cl\u00e1sica<\/p>\n<p>Laboratorio de Ciencias Naturales<\/p>\n<p>Oratoria y Debate<\/p>\n<p>Taller de Ajedrez<\/td>\n<td style=\"text-align: center\" width=\"189\">Actividad F\u00edsica, Salud y Calidad de Vida<\/p>\n<p>Cantas, tocas y bailas<\/p>\n<p>Computaci\u00f3n y Rob\u00f3tica<\/p>\n<p>Cultura Cl\u00e1sica<\/p>\n<p>Oratoria y Debate<\/p>\n<p>Proyecto de Educaci\u00f3n Pl\u00e1stica y Visual<\/p>\n<p>Segunda Lengua Extranjera (Franc\u00e9s)<\/td>\n<td style=\"text-align: center\" width=\"189\">Actividad F\u00edsica, Salud y Calidad de Vida<\/p>\n<p>Computaci\u00f3n y Rob\u00f3tica<\/p>\n<p>Cultura Cl\u00e1sica<\/p>\n<p>Cultura del Flamenco<\/p>\n<p>Inic. a la Act. Emprendedora y Empresarial<\/p>\n<p>Oratoria y debate<\/p>\n<p>Segunda Lengua extranjera (Franc\u00e9s)<\/td>\n<\/tr>\n<\/tbody>\n<\/table>\n<p>&nbsp;<\/p>\n<p>Por \u00faltimo, los estudiantes que cursen cualquiera de estos tres cursos podr\u00e1n elegir entre Religi\u00f3n o Atenci\u00f3n Educativa como <strong>materia espec\u00edfica<\/strong>.<\/p>\n<h5 style=\"text-align: center\"><strong>Segundo ciclo de ESO<\/strong><\/h5>\n<p>El segundo ciclo de la Ense\u00f1anza Secundaria Obligatoria est\u00e1 compuesto por 4\u00ba de ESO. Al tratarse de un curso que prepara al alumnado para una posterior educaci\u00f3n (Bachillerato o Formaci\u00f3n Profesional). Las asignaturas <strong>troncales<\/strong> que todos los estudiantes deben cursar son las siguientes:<\/p>\n<table>\n<tbody>\n<tr style=\"background-color: #0711a6\">\n<td style=\"background-color: #6583bf;width: 566px;text-align: center\" colspan=\"4\" width=\"566\"><span style=\"color: #ffffff\"><strong>4\u00ba ESO<\/strong><\/span><\/td>\n<\/tr>\n<tr style=\"background-color: #f7f7f7\">\n<td style=\"text-align: center\" width=\"142\">Lengua Castellana y Literatura<\/td>\n<td style=\"text-align: center\" width=\"142\">Primera Lengua Extranjera (Ingl\u00e9s)<\/td>\n<td style=\"text-align: center\" width=\"142\">Geograf\u00eda e Historia<\/td>\n<td style=\"text-align: center\" width=\"142\">Educaci\u00f3n F\u00edsica<\/td>\n<\/tr>\n<\/tbody>\n<\/table>\n<p>&nbsp;<\/p>\n<p>En cuanto a los posibles<strong> itinerarios<\/strong> de especializaci\u00f3n, en el IES Alfonso XI se ofertan las siguientes opciones:<\/p>\n<table style=\"background-color: #f7f7f7\">\n<tbody>\n<tr style=\"background-color: #0711a6\">\n<td style=\"text-align: center;background-color: #6583bf\" width=\"142\"><span style=\"color: #ffffff\"><strong>Opci\u00f3n 1<\/strong><\/span><\/td>\n<td style=\"text-align: center;background-color: #6583bf\" width=\"142\"><span style=\"color: #ffffff\"><strong>Opci\u00f3n 2<\/strong><\/span><\/td>\n<td style=\"text-align: center;background-color: #6583bf\" width=\"142\"><span style=\"color: #ffffff\"><strong>Opci\u00f3n 3<\/strong><\/span><\/td>\n<td style=\"text-align: center;background-color: #6583bf\" width=\"142\"><span style=\"color: #ffffff\"><strong>Opci\u00f3n 4<\/strong><\/span><\/td>\n<\/tr>\n<tr>\n<td style=\"text-align: center\" width=\"142\">Matem\u00e1ticas B<\/p>\n<p>F\u00edsica y Qu\u00edmica<\/td>\n<td style=\"text-align: center\" width=\"142\">Matem\u00e1ticas B<\/p>\n<p>Econom\u00eda y Emprendimiento<\/td>\n<td style=\"text-align: center\" width=\"142\">Matem\u00e1ticas A<\/p>\n<p>Econom\u00eda y Emprendimiento<\/td>\n<td style=\"text-align: center\" width=\"142\">Matem\u00e1ticas A<\/p>\n<p>Formaci\u00f3n y Orientaci\u00f3n Personal y Profesional<\/td>\n<\/tr>\n<\/tbody>\n<\/table>\n<p>&nbsp;<\/p>\n<p>Adem\u00e1s, en 4\u00ba de ESO cada estudiante tendr\u00e1 que elegir tres materias <strong>optativas<\/strong>, una de cada uno de los siguientes bloques:<\/p>\n<table style=\"background-color: #f7f7f7\">\n<tbody>\n<tr style=\"background-color: #0711a6\">\n<td style=\"text-align: center;background-color: #6583bf\" width=\"189\"><span style=\"color: #ffffff\"><strong>Bloque 1<\/strong><\/span><\/td>\n<td style=\"text-align: center;background-color: #6583bf\" width=\"189\"><span style=\"color: #ffffff\"><strong>Bloque 2<\/strong><\/span><\/td>\n<td style=\"text-align: center;background-color: #6583bf\" width=\"189\"><span style=\"color: #ffffff\"><strong>Bloque 3<\/strong><\/span><\/td>\n<\/tr>\n<tr>\n<td style=\"text-align: center\" width=\"189\">Biolog\u00eda y Geolog\u00eda<\/p>\n<p>Lat\u00edn<\/p>\n<p>M\u00fasica<\/p>\n<p>Tecnolog\u00eda<\/td>\n<td style=\"text-align: center\" width=\"189\">Digitalizaci\u00f3n<\/p>\n<p>Expresi\u00f3n Art\u00edstica<\/p>\n<p>Segunda Lengua Extranjera (Franc\u00e9s)<\/td>\n<td style=\"text-align: center\" width=\"189\">Aprendizaje Social y Emocional<\/p>\n<p>Ampliaci\u00f3n de Cultura Cl\u00e1sica<\/p>\n<p>Cultura Cient\u00edfica<\/p>\n<p>Dibujo T\u00e9cnico<\/p>\n<p>Filosof\u00eda<\/p>\n<p>Preparaci\u00f3n DELF<\/td>\n<\/tr>\n<\/tbody>\n<\/table>\n<p>&nbsp;<\/p>\n<p>Por \u00faltimo, los estudiantes que cursen 4\u00ba de ESO cursos podr\u00e1n elegir entre Religi\u00f3n o Atenci\u00f3n Educativa como <strong>materia espec\u00edfica<\/strong>.<\/p>\n","protected":false},"excerpt":{"rendered":"<p>La Educaci\u00f3n Secundaria Obligatoria (ESO) es una etapa educativa que normalmente tiene una duraci\u00f3n de cuatro cursos acad\u00e9micos, entre los 12 y 16 a\u00f1os. Se compone de dos ciclos:&nbsp; Primer ciclo de ESO Incluye los cursos de 1\u00ba, 2\u00ba y 3\u00ba de la ESO en el que los estudiantes tendr\u00e1n que cursar una serie de &hellip; <\/p>\n<p><a class=\"more-link btn\" href=\"https:\/\/blogsaverroes.juntadeandalucia.es\/iesalfonsoxi\/esoweb\/\">Seguir leyendo<\/a><\/p>\n","protected":false},"author":6379,"featured_media":0,"parent":0,"menu_order":0,"comment_status":"closed","ping_status":"closed","template":"page-c.php","meta":{"ngg_post_thumbnail":0,"footnotes":"","_mc_calendar":[]},"aioseo_notices":[],"_links":{"self":[{"href":"https:\/\/blogsaverroes.juntadeandalucia.es\/iesalfonsoxi\/wp-json\/wp\/v2\/pages\/2757"}],"collection":[{"href":"https:\/\/blogsaverroes.juntadeandalucia.es\/iesalfonsoxi\/wp-json\/wp\/v2\/pages"}],"about":[{"href":"https:\/\/blogsaverroes.juntadeandalucia.es\/iesalfonsoxi\/wp-json\/wp\/v2\/types\/page"}],"author":[{"embeddable":true,"href":"https:\/\/blogsaverroes.juntadeandalucia.es\/iesalfonsoxi\/wp-json\/wp\/v2\/users\/6379"}],"replies":[{"embeddable":true,"href":"https:\/\/blogsaverroes.juntadeandalucia.es\/iesalfonsoxi\/wp-json\/wp\/v2\/comments?post=2757"}],"version-history":[{"count":39,"href":"https:\/\/blogsaverroes.juntadeandalucia.es\/iesalfonsoxi\/wp-json\/wp\/v2\/pages\/2757\/revisions"}],"predecessor-version":[{"id":16156,"href":"https:\/\/blogsaverroes.juntadeandalucia.es\/iesalfonsoxi\/wp-json\/wp\/v2\/pages\/2757\/revisions\/16156"}],"wp:attachment":[{"href":"https:\/\/blogsaverroes.juntadeandalucia.es\/iesalfonsoxi\/wp-json\/wp\/v2\/media?parent=2757"}],"curies":[{"name":"wp","href":"https:\/\/api.w.org\/{rel}","templated":true}]}}