{"id":2762,"date":"2019-03-19T18:31:22","date_gmt":"2019-03-19T18:31:22","guid":{"rendered":"https:\/\/blogsaverroes.juntadeandalucia.es\/iesalfonsoxi\/?page_id=2762"},"modified":"2024-07-08T10:24:48","modified_gmt":"2024-07-08T10:24:48","slug":"ciclosweb","status":"publish","type":"page","link":"https:\/\/blogsaverroes.juntadeandalucia.es\/iesalfonsoxi\/ciclosweb\/","title":{"rendered":"Ciclos Formativos"},"content":{"rendered":"<p style=\"text-align: justify\">En el IES Alfonso XI disponemos de dos ciclos formativos, uno de grado medio (Sistemas Microinform\u00e1ticos y Redes) y otro de grado superior (Desarrollo de Aplicaciones Web). Desde el centro entendemos la Formaci\u00f3n Profesional como una herramienta esencial para aumentar la empleabilidad y adaptabilidad de los trabajadores, contribuyendo al desarrollo econ\u00f3mico y la competitividad empresarial. Al proporcionar una educaci\u00f3n pr\u00e1ctica y accesible, se reduce el desempleo juvenil y se fomenta el desarrollo de habilidades tanto t\u00e9cnicas como blandas. Adem\u00e1s, gracias a la Formaci\u00f3n Profesional se establece una estrecha relaci\u00f3n con el tejido empresarial, facilitando la innovaci\u00f3n y ofreciendo v\u00edas para la inserci\u00f3n laboral, respondiendo as\u00ed a las necesidades cambiantes del mercado laboral y la sociedad.<\/p>\n<p style=\"text-align: justify\">En el <strong>Ciclo Formativo de Grado Media en Sistemas Microinform\u00e1ticos y Redes<\/strong> el alumnado se debe matricular en los siguientes m\u00f3dulos profesionales:<\/p>\n<table style=\"background-color: #6583bf;width: 98%;height: 275px\">\n<tbody>\n<tr style=\"height: 12px\">\n<td style=\"text-align: center;height: 22px\" width=\"283\"><span style=\"color: #ffffff\"><strong>Primer curso<\/strong><\/span><\/td>\n<td style=\"text-align: center;height: 22px\" width=\"283\"><span style=\"color: #ffffff\"><strong>Segundo Curso<\/strong><\/span><\/td>\n<\/tr>\n<tr style=\"height: auto\">\n<td style=\"text-align: center;background-color: #eeedf0;height: 253px\" width=\"283\">Sistemas Operativos Monopuestos<\/p>\n<p>Aplicaciones Ofim\u00e1ticas<\/p>\n<p>Redes Locales<\/p>\n<p>Montaje y Mantenimiento de Equipos<\/p>\n<p>Formaci\u00f3n y Orientaci\u00f3n Laboral<\/p>\n<p>&nbsp;<\/td>\n<td style=\"text-align: center;background-color: #eeedf0;height: 253px\" width=\"283\">Sistemas Operativos en Web<\/p>\n<p>Aplicaciones Web<\/p>\n<p>Servicios en Red<\/p>\n<p>Seguridad Inform\u00e1tica<\/p>\n<p>Empresa e Iniciativa Emprendedora<\/p>\n<p>Horas de Libre Configuraci\u00f3n (Asociadas a Aplicaciones Web)<\/p>\n<p>Formaci\u00f3n en Centros de Trabajo<\/td>\n<\/tr>\n<\/tbody>\n<\/table>\n<p>&nbsp;<\/p>\n<p style=\"text-align: justify\">En el<strong> Ciclo Formativo de Grado Superior en Desarrollo de Aplicaciones Web<\/strong> el alumnado se debe matricular en los siguientes m\u00f3dulos profesionales:<\/p>\n<table>\n<tbody>\n<tr style=\"background-color: #6583bf\">\n<td style=\"text-align: center\" width=\"283\"><span style=\"color: #ffffff\"><strong>Primer curso<\/strong><\/span><\/td>\n<td style=\"text-align: center\" width=\"283\"><span style=\"color: #ffffff\"><strong>Segundo Curso<\/strong><\/span><\/td>\n<\/tr>\n<tr>\n<td style=\"text-align: center;background-color: #eeedf0\" width=\"283\">Bases de Datos<\/p>\n<p>Entornos de Desarrollo<\/p>\n<p>Formaci\u00f3n y Orientaci\u00f3n Laboral<\/p>\n<p>Lenguajes de Marcas y Sistemas de Gesti\u00f3n de Informaci\u00f3n<\/p>\n<p>Programaci\u00f3n<\/td>\n<td style=\"text-align: center;background-color: #eeedf0\" width=\"283\">Desarrollo Web en Entorno Cliente<\/p>\n<p>Desarrollo Web en Entorno Servidor<\/p>\n<p>Despliegue de Aplicaciones Web<\/p>\n<p>Empresa e Iniciativa Emprendedora<\/p>\n<p>Horas de Libre Configuraci\u00f3n<\/p>\n<p>Proyecto de Desarrollo de Aplicaciones Web<\/p>\n<p>Formaci\u00f3n en Centros de Trabajo<\/td>\n<\/tr>\n<\/tbody>\n<\/table>\n","protected":false},"excerpt":{"rendered":"<p>En el IES Alfonso XI disponemos de dos ciclos formativos, uno de grado medio (Sistemas Microinform\u00e1ticos y Redes) y otro de grado superior (Desarrollo de Aplicaciones Web). Desde el centro entendemos la Formaci\u00f3n Profesional como una herramienta esencial para aumentar la empleabilidad y adaptabilidad de los trabajadores, contribuyendo al desarrollo econ\u00f3mico y la competitividad empresarial. &hellip; <\/p>\n<p><a class=\"more-link btn\" href=\"https:\/\/blogsaverroes.juntadeandalucia.es\/iesalfonsoxi\/ciclosweb\/\">Seguir leyendo<\/a><\/p>\n","protected":false},"author":6379,"featured_media":0,"parent":0,"menu_order":0,"comment_status":"closed","ping_status":"closed","template":"page-c.php","meta":{"ngg_post_thumbnail":0,"footnotes":"","_mc_calendar":[]},"aioseo_notices":[],"_links":{"self":[{"href":"https:\/\/blogsaverroes.juntadeandalucia.es\/iesalfonsoxi\/wp-json\/wp\/v2\/pages\/2762"}],"collection":[{"href":"https:\/\/blogsaverroes.juntadeandalucia.es\/iesalfonsoxi\/wp-json\/wp\/v2\/pages"}],"about":[{"href":"https:\/\/blogsaverroes.juntadeandalucia.es\/iesalfonsoxi\/wp-json\/wp\/v2\/types\/page"}],"author":[{"embeddable":true,"href":"https:\/\/blogsaverroes.juntadeandalucia.es\/iesalfonsoxi\/wp-json\/wp\/v2\/users\/6379"}],"replies":[{"embeddable":true,"href":"https:\/\/blogsaverroes.juntadeandalucia.es\/iesalfonsoxi\/wp-json\/wp\/v2\/comments?post=2762"}],"version-history":[{"count":15,"href":"https:\/\/blogsaverroes.juntadeandalucia.es\/iesalfonsoxi\/wp-json\/wp\/v2\/pages\/2762\/revisions"}],"predecessor-version":[{"id":16139,"href":"https:\/\/blogsaverroes.juntadeandalucia.es\/iesalfonsoxi\/wp-json\/wp\/v2\/pages\/2762\/revisions\/16139"}],"wp:attachment":[{"href":"https:\/\/blogsaverroes.juntadeandalucia.es\/iesalfonsoxi\/wp-json\/wp\/v2\/media?parent=2762"}],"curies":[{"name":"wp","href":"https:\/\/api.w.org\/{rel}","templated":true}]}}