{"id":2946,"date":"2018-10-28T12:06:37","date_gmt":"2018-10-28T12:06:37","guid":{"rendered":"https:\/\/blogsaverroes.juntadeandalucia.es\/iesalfonsoxi\/?page_id=2946"},"modified":"2025-12-15T13:00:34","modified_gmt":"2025-12-15T13:00:34","slug":"frances-2","status":"publish","type":"page","link":"https:\/\/blogsaverroes.juntadeandalucia.es\/iesalfonsoxi\/frances-2\/","title":{"rendered":"Franc\u00e9s"},"content":{"rendered":"<p>&nbsp;<\/p>\n<table style=\"height: 342px;width: 94.2037%\" width=\"656\">\n<tbody>\n<tr>\n<td style=\"width: 384.033px\" colspan=\"2\">\n<h6 style=\"text-align: center\"><strong>&nbsp;<a href=\"http:\/\/alfonsoxifrances.blogspot.com\/\"><span style=\"color: #800080\">Blog del depart. de Franc\u00e9s<\/span><\/a><\/strong><\/h6>\n<\/td>\n<td style=\"width: 95.4px\" colspan=\"2\" bgcolor=\"#E3CEF6\">\n<h6 style=\"text-align: center\"><span style=\"color: #993366\"><strong>Puesto o Especialidad<\/strong><\/span><\/h6>\n<\/td>\n<\/tr>\n<tr>\n<td style=\"width: 113.767px\" bgcolor=\"#E3CEF6\">\n<h6><span style=\"color: #993366\"><strong>Componentes<\/strong><\/span><\/h6>\n<\/td>\n<td style=\"width: 249.6px\"><strong><span style=\"color: #993366\">Arco Veret, Antonia<\/span><\/strong><\/td>\n<td style=\"width: 95.4px\"><a href=\"https:\/\/blogsaverroes.juntadeandalucia.es\/iesalfonsoxi\/files\/2018\/10\/TO\u00d1I-ARCO.jpg\"><img decoding=\"async\" class=\"wp-image-3016 aligncenter\" src=\"https:\/\/blogsaverroes.juntadeandalucia.es\/iesalfonsoxi\/files\/2018\/10\/TO\u00d1I-ARCO-240x300.jpg\" alt=\"\" width=\"86\" height=\"108\" srcset=\"https:\/\/blogsaverroes.juntadeandalucia.es\/iesalfonsoxi\/files\/2018\/10\/TO\u00d1I-ARCO-240x300.jpg 240w, https:\/\/blogsaverroes.juntadeandalucia.es\/iesalfonsoxi\/files\/2018\/10\/TO\u00d1I-ARCO-19x24.jpg 19w, https:\/\/blogsaverroes.juntadeandalucia.es\/iesalfonsoxi\/files\/2018\/10\/TO\u00d1I-ARCO-29x36.jpg 29w, https:\/\/blogsaverroes.juntadeandalucia.es\/iesalfonsoxi\/files\/2018\/10\/TO\u00d1I-ARCO-38x48.jpg 38w, https:\/\/blogsaverroes.juntadeandalucia.es\/iesalfonsoxi\/files\/2018\/10\/TO\u00d1I-ARCO.jpg 315w\" sizes=\"(max-width: 86px) 100vw, 86px\" \/><\/a><\/td>\n<td style=\"width: 124.3px\"><strong><span style=\"color: #993366\">Franc\u00e9s P.E.S.<\/span><\/strong><\/td>\n<\/tr>\n<tr>\n<td style=\"width: 113.767px\" bgcolor=\"#E3CEF6\">\n<h6><span style=\"color: #993366\"><strong>Jefatura de departamento<\/strong><\/span><\/h6>\n<\/td>\n<td style=\"width: 249.6px\"><span style=\"color: #993366\"><strong>Moya Rosales, Mar\u00eda Victoria<\/strong><\/span><\/td>\n<td style=\"width: 95.4px\"><a href=\"https:\/\/blogsaverroes.juntadeandalucia.es\/iesalfonsoxi\/files\/2022\/09\/fotoweb-scaled.jpg\"><img decoding=\"async\" class=\"aligncenter wp-image-12889\" src=\"https:\/\/blogsaverroes.juntadeandalucia.es\/iesalfonsoxi\/files\/2022\/09\/fotoweb-scaled.jpg\" alt=\"\" width=\"68\" height=\"91\" srcset=\"https:\/\/blogsaverroes.juntadeandalucia.es\/iesalfonsoxi\/files\/2022\/09\/fotoweb-scaled.jpg 1200w, https:\/\/blogsaverroes.juntadeandalucia.es\/iesalfonsoxi\/files\/2022\/09\/fotoweb-225x300.jpg 225w, https:\/\/blogsaverroes.juntadeandalucia.es\/iesalfonsoxi\/files\/2022\/09\/fotoweb-768x1024.jpg 768w, https:\/\/blogsaverroes.juntadeandalucia.es\/iesalfonsoxi\/files\/2022\/09\/fotoweb-1152x1536.jpg 1152w, https:\/\/blogsaverroes.juntadeandalucia.es\/iesalfonsoxi\/files\/2022\/09\/fotoweb-1536x2048.jpg 1536w\" sizes=\"(max-width: 68px) 100vw, 68px\" \/><\/a><\/td>\n<td style=\"width: 124.3px\"><strong><span style=\"color: #993366\">Franc\u00e9s P.E.S.<\/span><\/strong><\/td>\n<\/tr>\n<\/tbody>\n<\/table>\n<p>&nbsp;<\/p>\n<p><strong>Programaciones del Departamento (curso 2025-26):<\/strong><\/p>\n<p><a href=\"https:\/\/blogsaverroes.juntadeandalucia.es\/iesalfonsoxi\/files\/2025\/12\/PROGRAMACION-Dpto-Frances-25-26.pdf\">PROGRAMACI\u00d3N Dpto Franc\u00e9s 25-26<\/a><\/p>\n<p><a href=\"https:\/\/blogsaverroes.juntadeandalucia.es\/iesalfonsoxi\/files\/2015\/03\/frances.jpg\"><img decoding=\"async\" class=\"alignnone size-medium wp-image-2099\" src=\"https:\/\/blogsaverroes.juntadeandalucia.es\/iesalfonsoxi\/files\/2015\/03\/frances-300x160.jpg\" alt=\"\" width=\"300\" height=\"160\" srcset=\"https:\/\/blogsaverroes.juntadeandalucia.es\/iesalfonsoxi\/files\/2015\/03\/frances-300x160.jpg 300w, https:\/\/blogsaverroes.juntadeandalucia.es\/iesalfonsoxi\/files\/2015\/03\/frances.jpg 640w\" sizes=\"(max-width: 300px) 100vw, 300px\" \/><\/a><\/p>\n<p><strong>Segunda Lengua Extranjera <\/strong><\/p>\n<p>El pluriling\u00fcismo es una de las se\u00f1as de identidad de la ciudadan\u00eda en una Europa multiling\u00fce y multicultural, cuya diversidad no debe suponer un obst\u00e1culo a la movilidad y la cooperaci\u00f3n sino constituir una fuente de riqueza personal, social y cultural y un factor de progreso. A este fin, el Consejo Europeo reunido en Barcelona en 2002 recoge entre sus conclusiones la necesidad de coordinar esfuerzos en pos de una econom\u00eda competitiva basada en el conocimiento, e insta a los Estados miembros de la Uni\u00f3n Europea a desarrollar acciones educativas conducentes a la mejora del dominio de las competencias clave, en particular mediante la ense\u00f1anza de al menos dos lenguas extranjeras desde una edad muy temprana.<\/p>\n<p>&nbsp;<\/p>\n","protected":false},"excerpt":{"rendered":"<p>&nbsp; &nbsp;Blog del depart. de Franc\u00e9s Puesto o Especialidad Componentes Arco Veret, Antonia Franc\u00e9s P.E.S. Jefatura de departamento Moya Rosales, Mar\u00eda Victoria Franc\u00e9s P.E.S. &nbsp; Programaciones del Departamento (curso 2025-26): PROGRAMACI\u00d3N Dpto Franc\u00e9s 25-26 Segunda Lengua Extranjera El pluriling\u00fcismo es una de las se\u00f1as de identidad de la ciudadan\u00eda en una Europa multiling\u00fce y multicultural, &hellip; <\/p>\n<p><a class=\"more-link btn\" href=\"https:\/\/blogsaverroes.juntadeandalucia.es\/iesalfonsoxi\/frances-2\/\">Seguir leyendo<\/a><\/p>\n","protected":false},"author":6379,"featured_media":0,"parent":0,"menu_order":0,"comment_status":"closed","ping_status":"closed","template":"","meta":{"ngg_post_thumbnail":0,"footnotes":"","_mc_calendar":[]},"aioseo_notices":[],"_links":{"self":[{"href":"https:\/\/blogsaverroes.juntadeandalucia.es\/iesalfonsoxi\/wp-json\/wp\/v2\/pages\/2946"}],"collection":[{"href":"https:\/\/blogsaverroes.juntadeandalucia.es\/iesalfonsoxi\/wp-json\/wp\/v2\/pages"}],"about":[{"href":"https:\/\/blogsaverroes.juntadeandalucia.es\/iesalfonsoxi\/wp-json\/wp\/v2\/types\/page"}],"author":[{"embeddable":true,"href":"https:\/\/blogsaverroes.juntadeandalucia.es\/iesalfonsoxi\/wp-json\/wp\/v2\/users\/6379"}],"replies":[{"embeddable":true,"href":"https:\/\/blogsaverroes.juntadeandalucia.es\/iesalfonsoxi\/wp-json\/wp\/v2\/comments?post=2946"}],"version-history":[{"count":31,"href":"https:\/\/blogsaverroes.juntadeandalucia.es\/iesalfonsoxi\/wp-json\/wp\/v2\/pages\/2946\/revisions"}],"predecessor-version":[{"id":17754,"href":"https:\/\/blogsaverroes.juntadeandalucia.es\/iesalfonsoxi\/wp-json\/wp\/v2\/pages\/2946\/revisions\/17754"}],"wp:attachment":[{"href":"https:\/\/blogsaverroes.juntadeandalucia.es\/iesalfonsoxi\/wp-json\/wp\/v2\/media?parent=2946"}],"curies":[{"name":"wp","href":"https:\/\/api.w.org\/{rel}","templated":true}]}}