{"id":5043,"date":"2019-03-19T13:21:16","date_gmt":"2019-03-19T13:21:16","guid":{"rendered":"https:\/\/blogsaverroes.juntadeandalucia.es\/iesalfonsoxi\/?page_id=5043"},"modified":"2026-01-27T00:13:45","modified_gmt":"2026-01-27T00:13:45","slug":"pad","status":"publish","type":"page","link":"https:\/\/blogsaverroes.juntadeandalucia.es\/iesalfonsoxi\/documentos\/pad\/","title":{"rendered":"PLAN ACTUACI\u00d3N DIGITAL"},"content":{"rendered":"<p style=\"text-align: justify\">El PAD es la herramienta de planificaci\u00f3n para el desarrollo del proceso de transformaci\u00f3n digital. Tiene como objetivo general planificar y desarrollar capacidades digitales eficaces para mejorar la calidad de la ense\u00f1anza en relaci\u00f3n con las tecnolog\u00edas digitales y favorecer el uso y dise\u00f1o de herramientas digitales aplicadas a diferentes metodolog\u00edas did\u00e1cticas.<\/p>\n<p style=\"text-align: justify\">Para ello se estructura en tres \u00e1mbitos de actuaci\u00f3n: <strong>organizaci\u00f3n y gesti\u00f3n de los centros docentes,<\/strong> <strong>procesos de ense\u00f1anza-aprendizaje<\/strong> e <strong>informaci\u00f3n y comunicaci\u00f3n<\/strong>, tanto interna como externa (tabla 1). Estos \u00e1mbitos toman como referente el Marco de Competencia Digital para Organizaciones Educativas, #DigCompOrg, regulado en la Orden de 29 de marzo de 2021, por la que se establecen los marcos de la Competencia Digital en el sistema educativo no universitario de la Comunidad Aut\u00f3noma de Andaluc\u00eda (Junta de Andaluc\u00eda, 2021).<\/p>\n<p><a href=\"https:\/\/drive.google.com\/file\/d\/11i7CsNAqE4Fc4fOBu3FGW4KRYsFSHLiX\/view?usp=sharing\">Enlace de referencia<\/a><\/p>\n","protected":false},"excerpt":{"rendered":"<p>El PAD es la herramienta de planificaci\u00f3n para el desarrollo del proceso de transformaci\u00f3n digital. Tiene como objetivo general planificar y desarrollar capacidades digitales eficaces para mejorar la calidad de la ense\u00f1anza en relaci\u00f3n con las tecnolog\u00edas digitales y favorecer el uso y dise\u00f1o de herramientas digitales aplicadas a diferentes metodolog\u00edas did\u00e1cticas. Para ello se &hellip; <\/p>\n<p><a class=\"more-link btn\" href=\"https:\/\/blogsaverroes.juntadeandalucia.es\/iesalfonsoxi\/documentos\/pad\/\">Seguir leyendo<\/a><\/p>\n","protected":false},"author":6379,"featured_media":0,"parent":5017,"menu_order":0,"comment_status":"closed","ping_status":"closed","template":"","meta":{"ngg_post_thumbnail":0,"footnotes":"","_mc_calendar":[]},"aioseo_notices":[],"_links":{"self":[{"href":"https:\/\/blogsaverroes.juntadeandalucia.es\/iesalfonsoxi\/wp-json\/wp\/v2\/pages\/5043"}],"collection":[{"href":"https:\/\/blogsaverroes.juntadeandalucia.es\/iesalfonsoxi\/wp-json\/wp\/v2\/pages"}],"about":[{"href":"https:\/\/blogsaverroes.juntadeandalucia.es\/iesalfonsoxi\/wp-json\/wp\/v2\/types\/page"}],"author":[{"embeddable":true,"href":"https:\/\/blogsaverroes.juntadeandalucia.es\/iesalfonsoxi\/wp-json\/wp\/v2\/users\/6379"}],"replies":[{"embeddable":true,"href":"https:\/\/blogsaverroes.juntadeandalucia.es\/iesalfonsoxi\/wp-json\/wp\/v2\/comments?post=5043"}],"version-history":[{"count":22,"href":"https:\/\/blogsaverroes.juntadeandalucia.es\/iesalfonsoxi\/wp-json\/wp\/v2\/pages\/5043\/revisions"}],"predecessor-version":[{"id":17940,"href":"https:\/\/blogsaverroes.juntadeandalucia.es\/iesalfonsoxi\/wp-json\/wp\/v2\/pages\/5043\/revisions\/17940"}],"up":[{"embeddable":true,"href":"https:\/\/blogsaverroes.juntadeandalucia.es\/iesalfonsoxi\/wp-json\/wp\/v2\/pages\/5017"}],"wp:attachment":[{"href":"https:\/\/blogsaverroes.juntadeandalucia.es\/iesalfonsoxi\/wp-json\/wp\/v2\/media?parent=5043"}],"curies":[{"name":"wp","href":"https:\/\/api.w.org\/{rel}","templated":true}]}}