{"id":42,"date":"2015-03-13T08:40:47","date_gmt":"2015-03-13T08:40:47","guid":{"rendered":"http:\/\/blogsaverroes.juntadeandalucia.es\/pre\/ceip\/?page_id=42"},"modified":"2023-09-06T11:48:21","modified_gmt":"2023-09-06T11:48:21","slug":"equipo-directivo","status":"publish","type":"page","link":"https:\/\/blogsaverroes.juntadeandalucia.es\/iesaljanadic\/equipo-directivo\/","title":{"rendered":"Oferta educativa"},"content":{"rendered":"<h1 style=\"text-align: left\"><a href=\"https:\/\/blogsaverroes.juntadeandalucia.es\/iesaljanadic\/centro-bilingue\/\"><img decoding=\"async\" src=\"https:\/\/blogsaverroes.juntadeandalucia.es\/iesaljanadic\/files\/2021\/04\/bandera-bilin.png\" alt=\"Biling\u00fce\" width=\"84\" height=\"43\"><\/a><a href=\"https:\/\/blogsaverroes.juntadeandalucia.es\/iesaljanadic\/centro-bilingue\/\">CENTRO BILING\u00dcE (Espa\u00f1ol-Ingl\u00e9s)<\/a><\/h1>\n<hr>\n<h1><a href=\"https:\/\/blogsaverroes.juntadeandalucia.es\/iesaljanadic\/secundaria-obligatoria-eso\/\"><img decoding=\"async\" src=\"https:\/\/blogsaverroes.juntadeandalucia.es\/iesaljanadic\/files\/2021\/04\/eso1.jpeg\" alt=\"eso\" width=\"71\" height=\"71\"><\/a><\/h1>\n<h1><a href=\"https:\/\/blogsaverroes.juntadeandalucia.es\/iesaljanadic\/secundaria-obligatoria-eso\/\">EDUCACI\u00d3N SECUNDARIA OBLIGATORIA (ESO)<\/a><\/h1>\n<hr>\n<h1><a href=\"https:\/\/blogsaverroes.juntadeandalucia.es\/iesaljanadic\/bachillerato-de-ciencias\/\"><img decoding=\"async\" src=\"https:\/\/blogsaverroes.juntadeandalucia.es\/iesaljanadic\/files\/2021\/04\/bacdeciencias.png\" alt=\"Bac de ciencias\" width=\"139\" height=\"44\">&nbsp; BACHILLERATO DE CIENCIAS<\/a><\/h1>\n<hr>\n<h1 style=\"text-align: left\"><a href=\"https:\/\/blogsaverroes.juntadeandalucia.es\/iesaljanadic\/bachillerato-de-humanidades-y-ciencias-sociales\/\"><img loading=\"lazy\" decoding=\"async\" src=\"https:\/\/blogsaverroes.juntadeandalucia.es\/iesaljanadic\/files\/2021\/04\/BACHLET.png\" alt=\"BACH DE LETRAS\" width=\"114\" height=\"41\">BACHILLERATO DE HUMANIDADES Y CIENCIAS SOCIALES<\/a>.<\/h1>\n<hr>\n<h1 style=\"text-align: left\"><a href=\"https:\/\/blogsaverroes.juntadeandalucia.es\/iesaljanadic\/ensenanza-secundaria-para-adultos-espa\/\"><img loading=\"lazy\" decoding=\"async\" src=\"https:\/\/blogsaverroes.juntadeandalucia.es\/iesaljanadic\/files\/2021\/03\/ESPA.png\" alt=\"\" width=\"56\" height=\"58\">ENSE\u00d1ANZA SECUNDARIA PARA ADULTOS (ESPA)<\/a><\/h1>\n<hr>\n<h1 style=\"text-align: left\"><a href=\"https:\/\/blogsaverroes.juntadeandalucia.es\/iesaljanadic\/ciclo-de-grado-medio-aprovechamiento-y-conservacion-del-medio-natural\/\"><img loading=\"lazy\" decoding=\"async\" src=\"https:\/\/blogsaverroes.juntadeandalucia.es\/iesaljanadic\/files\/2021\/04\/forres-tal.jpeg\" alt=\"forres tal\" width=\"68\" height=\"46\">CICLO FORMATIVO DE GRADO MEDIO \u00abAPROVECHAMIENTO Y CONSERVACI\u00d3N DEL MEDIO NATURAL\u00bb<\/a><\/h1>\n<hr>\n<h1 style=\"text-align: left\"><a href=\"https:\/\/blogsaverroes.juntadeandalucia.es\/iesaljanadic\/ciclo-de-grado-superior-gestion-forestal-y-del-medio-natural\/\"><img loading=\"lazy\" decoding=\"async\" src=\"https:\/\/blogsaverroes.juntadeandalucia.es\/iesaljanadic\/files\/2021\/04\/conservaciomedionat.jpeg\" alt=\"fores sup\" width=\"74\" height=\"51\">CICLO FORMATIVO DE GRADO SUPERIOR \u00abGESTI\u00d3N FORESTAL Y DEL MEDIO NATURAL\u00bb<\/a><\/h1>\n<hr>\n<h1 style=\"text-align: left\"><a href=\"https:\/\/blogsaverroes.juntadeandalucia.es\/iesaljanadic\/formacion-profesional-basica-agrojardineria-y-composiciones-florales\/\"><img loading=\"lazy\" decoding=\"async\" src=\"https:\/\/blogsaverroes.juntadeandalucia.es\/iesaljanadic\/files\/2021\/04\/agrojardinero.jpeg\" alt=\"jardinero\" width=\"91\" height=\"54\">FORMACI\u00d3N PROFESIONAL B\u00c1SICA DE AGROJARDINER\u00cdA Y COMPOSICIONES FLORALES&nbsp;<\/a><\/h1>\n<p><a href=\"https:\/\/www.juntadeandalucia.es\/educacion\/acredita\/\" target=\"_blank\" rel=\"noopener noreferrer\"><img loading=\"lazy\" decoding=\"async\" class=\"wp-image-5321 alignleft\" src=\"https:\/\/blogsaverroes.juntadeandalucia.es\/iesaljanadic\/files\/2023\/09\/acredita.jpeg\" alt=\"\" width=\"93\" height=\"127\"><\/a><\/p>\n<h1>&nbsp;<\/h1>\n<h1 style=\"text-align: left\"><a href=\"https:\/\/www.juntadeandalucia.es\/educacion\/acredita\/\" target=\"_blank\" rel=\"noopener noreferrer\">ACREDITACIONES PROFESIONALES<\/a><\/h1>\n<p>&nbsp;<\/p>\n","protected":false},"excerpt":{"rendered":"<p>CENTRO BILING\u00dcE (Espa\u00f1ol-Ingl\u00e9s) EDUCACI\u00d3N SECUNDARIA OBLIGATORIA (ESO) &nbsp; BACHILLERATO DE CIENCIAS BACHILLERATO DE HUMANIDADES Y CIENCIAS SOCIALES. ENSE\u00d1ANZA SECUNDARIA PARA ADULTOS (ESPA) CICLO FORMATIVO DE GRADO MEDIO \u00abAPROVECHAMIENTO Y CONSERVACI\u00d3N DEL MEDIO NATURAL\u00bb CICLO&#46;&#46;&#46;<\/p>\n","protected":false},"author":1,"featured_media":0,"parent":0,"menu_order":0,"comment_status":"closed","ping_status":"open","template":"template-full-width.php","meta":{"ngg_post_thumbnail":0,"footnotes":"","_mc_calendar":[]},"aioseo_notices":[],"_links":{"self":[{"href":"https:\/\/blogsaverroes.juntadeandalucia.es\/iesaljanadic\/wp-json\/wp\/v2\/pages\/42"}],"collection":[{"href":"https:\/\/blogsaverroes.juntadeandalucia.es\/iesaljanadic\/wp-json\/wp\/v2\/pages"}],"about":[{"href":"https:\/\/blogsaverroes.juntadeandalucia.es\/iesaljanadic\/wp-json\/wp\/v2\/types\/page"}],"author":[{"embeddable":true,"href":"https:\/\/blogsaverroes.juntadeandalucia.es\/iesaljanadic\/wp-json\/wp\/v2\/users\/1"}],"replies":[{"embeddable":true,"href":"https:\/\/blogsaverroes.juntadeandalucia.es\/iesaljanadic\/wp-json\/wp\/v2\/comments?post=42"}],"version-history":[{"count":58,"href":"https:\/\/blogsaverroes.juntadeandalucia.es\/iesaljanadic\/wp-json\/wp\/v2\/pages\/42\/revisions"}],"predecessor-version":[{"id":5333,"href":"https:\/\/blogsaverroes.juntadeandalucia.es\/iesaljanadic\/wp-json\/wp\/v2\/pages\/42\/revisions\/5333"}],"wp:attachment":[{"href":"https:\/\/blogsaverroes.juntadeandalucia.es\/iesaljanadic\/wp-json\/wp\/v2\/media?parent=42"}],"curies":[{"name":"wp","href":"https:\/\/api.w.org\/{rel}","templated":true}]}}