{"id":4521,"date":"2022-04-01T08:25:56","date_gmt":"2022-04-01T08:25:56","guid":{"rendered":"https:\/\/blogsaverroes.juntadeandalucia.es\/iesaljanadic\/?page_id=4521"},"modified":"2022-04-22T09:53:24","modified_gmt":"2022-04-22T09:53:24","slug":"el-bilinguismo-en-nuestro-centro","status":"publish","type":"page","link":"https:\/\/blogsaverroes.juntadeandalucia.es\/iesaljanadic\/el-bilinguismo-en-nuestro-centro\/","title":{"rendered":"El biling\u00fcismo en nuestro centro"},"content":{"rendered":"<p align=\"justify\"><span lang=\"es-ES\">Nuestro centro comienza la andadura del Biling\u00fcismo en el curso 2006\/2007 con la implantaci\u00f3n de un grupo biling\u00fce en 1.\u00ba de la ESO. En los sucesivos cursos acad\u00e9micos, el biling\u00fcismo se ha ido asentando en los distintos cursos acad\u00e9micos.<\/span><\/p>\n<p align=\"justify\"><span lang=\"es-ES\">Actualmente, el IES Aljanadic cuenta con una implantaci\u00f3n del biling\u00fcismo en toda la ense\u00f1anza secundaria en las siguientes materias:<\/span><\/p>\n<table width=\"775\" cellspacing=\"0\" cellpadding=\"10\">\n<colgroup>\n<col width=\"194\">\n<col width=\"539\"> <\/colgroup>\n<tbody>\n<tr valign=\"top\">\n<td width=\"194\">\n<p lang=\"es-ES\" align=\"center\"><span style=\"font-family: Calibri, serif\"><span style=\"font-size: medium\"><b>CURSO ACAD\u00c9MICO<\/b><\/span><\/span><\/p>\n<\/td>\n<td width=\"539\">\n<p lang=\"es-ES\" align=\"center\"><span style=\"font-family: Calibri, serif\"><span style=\"font-size: medium\"><b>ASIGNATURAS<\/b><\/span><\/span><\/p>\n<\/td>\n<\/tr>\n<tr valign=\"top\">\n<td width=\"194\">\n<p lang=\"es-ES\" align=\"center\"><span style=\"font-family: Calibri, serif\"><span style=\"font-size: medium\">1.\u00ba ESO<\/span><\/span><\/p>\n<\/td>\n<td width=\"539\">\n<p lang=\"es-ES\" align=\"justify\"><span style=\"font-family: Calibri, serif\"><span style=\"font-size: medium\">Matem\u00e1ticas; Biolog\u00eda y Geolog\u00eda; Geograf\u00eda e Historia; M\u00fasica<\/span><\/span><\/p>\n<\/td>\n<\/tr>\n<tr valign=\"top\">\n<td width=\"194\">\n<p lang=\"es-ES\" align=\"center\"><span style=\"font-family: Calibri, serif\"><span style=\"font-size: medium\">2.\u00ba ESO<\/span><\/span><\/p>\n<\/td>\n<td width=\"539\">\n<p lang=\"es-ES\" align=\"justify\"><span style=\"font-family: Calibri, serif\"><span style=\"font-size: medium\">Educaci\u00f3n F\u00edsica; Matem\u00e1ticas; Geograf\u00eda e Historia; Tecnolog\u00eda<\/span><\/span><\/p>\n<\/td>\n<\/tr>\n<tr valign=\"top\">\n<td width=\"194\">\n<p lang=\"es-ES\" align=\"center\"><span style=\"font-family: Calibri, serif\"><span style=\"font-size: medium\">3.\u00ba ESO<\/span><\/span><\/p>\n<\/td>\n<td width=\"539\">\n<p lang=\"es-ES\" align=\"justify\"><span style=\"font-family: Calibri, serif\"><span style=\"font-size: medium\">Tecnolog\u00eda; Biolog\u00eda y Geolog\u00eda<\/span><\/span><\/p>\n<\/td>\n<\/tr>\n<tr valign=\"top\">\n<td width=\"194\">\n<p lang=\"es-ES\" align=\"center\"><span style=\"font-family: Calibri, serif\"><span style=\"font-size: medium\">4.\u00ba ESO<\/span><\/span><\/p>\n<\/td>\n<td width=\"539\">\n<p lang=\"es-ES\" align=\"justify\"><span style=\"font-family: Calibri, serif\"><span style=\"font-size: medium\">Geograf\u00eda e Historia; Educaci\u00f3n F\u00edsica<\/span><\/span><\/p>\n<\/td>\n<\/tr>\n<\/tbody>\n<\/table>\n<p align=\"justify\"><span lang=\"es-ES\">Asimismo, disponemos de forma regular de un\/a lector\/a proveniente de pa\u00edses de habla inglesa que durante el curso acad\u00e9mico presta apoyo a estas asignatura biling\u00fces lo que refuerza la calidad de dichas ense\u00f1anzas.<\/span><\/p>\n<p align=\"center\"><a href=\"https:\/\/blogsaverroes.juntadeandalucia.es\/iesaljanadic\/files\/2022\/04\/andaluciabil.png\"><img fetchpriority=\"high\" decoding=\"async\" class=\"alignnone size-full wp-image-4581\" src=\"https:\/\/blogsaverroes.juntadeandalucia.es\/iesaljanadic\/files\/2022\/04\/andaluciabil.png\" alt=\"bilin\" width=\"600\" height=\"350\" srcset=\"https:\/\/blogsaverroes.juntadeandalucia.es\/iesaljanadic\/files\/2022\/04\/andaluciabil.png 600w, https:\/\/blogsaverroes.juntadeandalucia.es\/iesaljanadic\/files\/2022\/04\/andaluciabil-300x175.png 300w\" sizes=\"(max-width: 600px) 100vw, 600px\" \/><\/a><\/p>\n","protected":false},"excerpt":{"rendered":"<p>Nuestro centro comienza la andadura del Biling\u00fcismo en el curso 2006\/2007 con la implantaci\u00f3n de un grupo biling\u00fce en 1.\u00ba de la ESO. En los sucesivos cursos acad\u00e9micos, el biling\u00fcismo se ha ido asentando&#46;&#46;&#46;<\/p>\n","protected":false},"author":2884,"featured_media":0,"parent":0,"menu_order":0,"comment_status":"closed","ping_status":"closed","template":"","meta":{"ngg_post_thumbnail":0,"footnotes":"","_mc_calendar":[]},"aioseo_notices":[],"_links":{"self":[{"href":"https:\/\/blogsaverroes.juntadeandalucia.es\/iesaljanadic\/wp-json\/wp\/v2\/pages\/4521"}],"collection":[{"href":"https:\/\/blogsaverroes.juntadeandalucia.es\/iesaljanadic\/wp-json\/wp\/v2\/pages"}],"about":[{"href":"https:\/\/blogsaverroes.juntadeandalucia.es\/iesaljanadic\/wp-json\/wp\/v2\/types\/page"}],"author":[{"embeddable":true,"href":"https:\/\/blogsaverroes.juntadeandalucia.es\/iesaljanadic\/wp-json\/wp\/v2\/users\/2884"}],"replies":[{"embeddable":true,"href":"https:\/\/blogsaverroes.juntadeandalucia.es\/iesaljanadic\/wp-json\/wp\/v2\/comments?post=4521"}],"version-history":[{"count":8,"href":"https:\/\/blogsaverroes.juntadeandalucia.es\/iesaljanadic\/wp-json\/wp\/v2\/pages\/4521\/revisions"}],"predecessor-version":[{"id":4602,"href":"https:\/\/blogsaverroes.juntadeandalucia.es\/iesaljanadic\/wp-json\/wp\/v2\/pages\/4521\/revisions\/4602"}],"wp:attachment":[{"href":"https:\/\/blogsaverroes.juntadeandalucia.es\/iesaljanadic\/wp-json\/wp\/v2\/media?parent=4521"}],"curies":[{"name":"wp","href":"https:\/\/api.w.org\/{rel}","templated":true}]}}