{"id":3015,"date":"2024-05-17T12:43:08","date_gmt":"2024-05-17T10:43:08","guid":{"rendered":"https:\/\/blogsaverroes.juntadeandalucia.es\/iesalmunia\/?page_id=3015"},"modified":"2024-06-07T20:27:47","modified_gmt":"2024-06-07T18:27:47","slug":"noticias","status":"publish","type":"page","link":"https:\/\/blogsaverroes.juntadeandalucia.es\/iesalmunia\/noticias\/","title":{"rendered":"Noticias"},"content":{"rendered":"<p>[et_pb_section fb_built=\u00bb1&#8243; module_class=\u00bbseccionPagina\u00bb _builder_version=\u00bb4.16&#8243; global_colors_info=\u00bb{}\u00bb][et_pb_row module_class=\u00bbfilaPagina\u00bb _builder_version=\u00bb4.16&#8243; global_colors_info=\u00bb{}\u00bb][et_pb_column type=\u00bb4_4&#8243; _builder_version=\u00bb4.16&#8243; custom_padding=\u00bb|||\u00bb global_colors_info=\u00bb{}\u00bb custom_padding__hover=\u00bb|||\u00bb][et_pb_text admin_label=\u00bbT\u00edtulo de p\u00e1gina\u00bb module_class=\u00bbtituloPagina\u00bb _builder_version=\u00bb4.24.2&#8243; _module_preset=\u00bbdefault\u00bb global_colors_info=\u00bb{%22gcid-3f1082d3-0d82-4692-ab84-48f5528af1ba%22:%91%22colorStart%22,%22colorEnd%22%93}\u00bb]<\/p>\n<h1>Noticias<\/h1>\n<p>[\/et_pb_text][et_pb_text _builder_version=\u00bb4.24.2&#8243; background_size=\u00bbinitial\u00bb background_position=\u00bbtop_left\u00bb background_repeat=\u00bbrepeat\u00bb hover_enabled=\u00bb0&#8243; global_colors_info=\u00bb{}\u00bb sticky_enabled=\u00bb0&#8243;]<\/p>\n<div class=\"pt-cv-wrapper et_smooth_scroll_disabled\"><div class=\"pt-cv-view pt-cv-blockgrid iscvblock iscvhybrid grid1 layout1\" id=\"pt-cv-view-d65d6c1u0t\"><div data-id=\"pt-cv-page-1\" class=\"pt-cv-page\" data-cvc=\"3\"><div class=\" pt-cv-content-item pt-cv-1-col\" ><div class=\"pt-cv-thumb-wrapper  \"><a href=\"https:\/\/blogsaverroes.juntadeandalucia.es\/iesalmunia\/almunews-se-acaba-el-curso\/\" class=\"_self pt-cv-href-thumbnail pt-cv-thumb-default\" target=\"_self\" ><img loading=\"lazy\" decoding=\"async\" width=\"240\" height=\"300\" src=\"https:\/\/blogsaverroes.juntadeandalucia.es\/iesalmunia\/files\/2025\/06\/IMG_1795-240x300.jpeg\" class=\"pt-cv-thumbnail\" alt=\"\" \/><\/a><\/div>\n<h3 class=\"pt-cv-title\"><a href=\"https:\/\/blogsaverroes.juntadeandalucia.es\/iesalmunia\/almunews-se-acaba-el-curso\/\" class=\"_self\" target=\"_self\" >Almunews: Se acaba el curso<\/a><\/h3>\n<div class=\"pt-cv-content\">Ten\u00e9is disponible en formato digital el \u00faltimo n\u00famero de nuestro peri\u00f3dico escolar dirigido por nuestra compa\u00f1era, la profesora Nora Zarat, ...<br \/><div class=\"pt-cv-rmwrap\"><a href=\"https:\/\/blogsaverroes.juntadeandalucia.es\/iesalmunia\/almunews-se-acaba-el-curso\/\" class=\"_self pt-cv-readmore btn btn-success\" target=\"_self\">Leer m\u00e1s<\/a><\/div><\/div><\/div>\n<div class=\" pt-cv-content-item pt-cv-1-col\" ><div class=\"pt-cv-thumb-wrapper  \"><a href=\"https:\/\/blogsaverroes.juntadeandalucia.es\/iesalmunia\/graduacion-bachillerato-curso-24-25\/\" class=\"_self pt-cv-href-thumbnail pt-cv-thumb-default\" target=\"_self\" ><img loading=\"lazy\" decoding=\"async\" width=\"225\" height=\"300\" src=\"https:\/\/blogsaverroes.juntadeandalucia.es\/iesalmunia\/files\/2025\/06\/WhatsApp-Image-2025-06-12-at-09.38.01-2-225x300.jpeg\" class=\"pt-cv-thumbnail\" alt=\"\" \/><\/a><\/div>\n<h3 class=\"pt-cv-title\"><a href=\"https:\/\/blogsaverroes.juntadeandalucia.es\/iesalmunia\/graduacion-bachillerato-curso-24-25\/\" class=\"_self\" target=\"_self\" >Graduaci\u00f3n Bachillerato Curso 24-25<\/a><\/h3>\n<div class=\"pt-cv-content\">El pasado d\u00eda 6 de junio tuvo lugar el acto de graduaci\u00f3n del alumnado de 2\u00ba de bachillerato. En este ...<br \/><div class=\"pt-cv-rmwrap\"><a href=\"https:\/\/blogsaverroes.juntadeandalucia.es\/iesalmunia\/graduacion-bachillerato-curso-24-25\/\" class=\"_self pt-cv-readmore btn btn-success\" target=\"_self\">Leer m\u00e1s<\/a><\/div><\/div><\/div>\n<div class=\" pt-cv-content-item pt-cv-1-col\" ><div class=\"pt-cv-thumb-wrapper  \"><a href=\"https:\/\/blogsaverroes.juntadeandalucia.es\/iesalmunia\/liga-de-los-recreos-24-25\/\" class=\"_self pt-cv-href-thumbnail pt-cv-thumb-default\" target=\"_self\" ><img loading=\"lazy\" decoding=\"async\" width=\"240\" height=\"300\" src=\"https:\/\/blogsaverroes.juntadeandalucia.es\/iesalmunia\/files\/2025\/06\/nggallery_import\/5-1-240x300.png\" class=\"pt-cv-thumbnail\" alt=\"\" \/><\/a><\/div>\n<h3 class=\"pt-cv-title\"><a href=\"https:\/\/blogsaverroes.juntadeandalucia.es\/iesalmunia\/liga-de-los-recreos-24-25\/\" class=\"_self\" target=\"_self\" >Liga de los recreos 24-25<\/a><\/h3>\n<div class=\"pt-cv-content\">Esta semana ha tenido lugar la entrega de trofeos a los ganadores de la liga de los recreos 24\/25 en ...<br \/><div class=\"pt-cv-rmwrap\"><a href=\"https:\/\/blogsaverroes.juntadeandalucia.es\/iesalmunia\/liga-de-los-recreos-24-25\/\" class=\"_self pt-cv-readmore btn btn-success\" target=\"_self\">Leer m\u00e1s<\/a><\/div><\/div><\/div>\n<div class=\" pt-cv-content-item pt-cv-1-col\" ><div class=\"pt-cv-thumb-wrapper  \"><a href=\"https:\/\/blogsaverroes.juntadeandalucia.es\/iesalmunia\/manana-de-surf-en-la-playa-de-cortadura\/\" class=\"_self pt-cv-href-thumbnail pt-cv-thumb-default\" target=\"_self\" ><img loading=\"lazy\" decoding=\"async\" width=\"300\" height=\"225\" src=\"https:\/\/blogsaverroes.juntadeandalucia.es\/iesalmunia\/files\/2025\/05\/nggallery_import\/2-IMG_20250509_111132350_HDR-300x225.jpg\" class=\"pt-cv-thumbnail\" alt=\"\" \/><\/a><\/div>\n<h3 class=\"pt-cv-title\"><a href=\"https:\/\/blogsaverroes.juntadeandalucia.es\/iesalmunia\/manana-de-surf-en-la-playa-de-cortadura\/\" class=\"_self\" target=\"_self\" >Ma\u00f1ana de surf en la playa de Cortadura<\/a><\/h3>\n<div class=\"pt-cv-content\">El alumnado de 3\u00ba de ESO y 1\u00ba de Bachillerato disfrutaron de una magn\u00edfica ma\u00f1ana de pr\u00e1ctica de surf en ...<br \/><div class=\"pt-cv-rmwrap\"><a href=\"https:\/\/blogsaverroes.juntadeandalucia.es\/iesalmunia\/manana-de-surf-en-la-playa-de-cortadura\/\" class=\"_self pt-cv-readmore btn btn-success\" target=\"_self\">Leer m\u00e1s<\/a><\/div><\/div><\/div>\n<div class=\" pt-cv-content-item pt-cv-1-col\" ><div class=\"pt-cv-thumb-wrapper  \"><a href=\"https:\/\/blogsaverroes.juntadeandalucia.es\/iesalmunia\/torneo-escolar-de-ajedrez\/\" class=\"_self pt-cv-href-thumbnail pt-cv-thumb-default\" target=\"_self\" ><img loading=\"lazy\" decoding=\"async\" width=\"300\" height=\"225\" src=\"https:\/\/blogsaverroes.juntadeandalucia.es\/iesalmunia\/files\/2025\/05\/nggallery_import\/2-WhatsApp-Image-2025-05-08-at-13.05.10-300x225.jpeg\" class=\"pt-cv-thumbnail\" alt=\"\" \/><\/a><\/div>\n<h3 class=\"pt-cv-title\"><a href=\"https:\/\/blogsaverroes.juntadeandalucia.es\/iesalmunia\/torneo-escolar-de-ajedrez\/\" class=\"_self\" target=\"_self\" >Torneo escolar de ajedrez<\/a><\/h3>\n<div class=\"pt-cv-content\">El viernes 25 de abril, 6 alumnos de nuestro instituto (todos ellos de 2\u00b0 ESO) nos representaron de forma magn\u00edfica ...<br \/><div class=\"pt-cv-rmwrap\"><a href=\"https:\/\/blogsaverroes.juntadeandalucia.es\/iesalmunia\/torneo-escolar-de-ajedrez\/\" class=\"_self pt-cv-readmore btn btn-success\" target=\"_self\">Leer m\u00e1s<\/a><\/div><\/div><\/div>\n<div class=\" pt-cv-content-item pt-cv-1-col\" ><div class=\"pt-cv-thumb-wrapper  \"><a href=\"https:\/\/blogsaverroes.juntadeandalucia.es\/iesalmunia\/visita-a-gibraltar\/\" class=\"_self pt-cv-href-thumbnail pt-cv-thumb-default\" target=\"_self\" ><img loading=\"lazy\" decoding=\"async\" width=\"300\" height=\"225\" src=\"https:\/\/blogsaverroes.juntadeandalucia.es\/iesalmunia\/files\/2025\/04\/nggallery_import\/IMG_0211-300x225.jpg\" class=\"pt-cv-thumbnail\" alt=\"\" \/><\/a><\/div>\n<h3 class=\"pt-cv-title\"><a href=\"https:\/\/blogsaverroes.juntadeandalucia.es\/iesalmunia\/visita-a-gibraltar\/\" class=\"_self\" target=\"_self\" >Visita a Gibraltar<\/a><\/h3>\n<div class=\"pt-cv-content\">Nuestro alumnado de 3 de ESO disfrut\u00f3 de un d\u00eda estupendo en Gibraltar. Realizaron una gymkhana en la que el ...<br \/><div class=\"pt-cv-rmwrap\"><a href=\"https:\/\/blogsaverroes.juntadeandalucia.es\/iesalmunia\/visita-a-gibraltar\/\" class=\"_self pt-cv-readmore btn btn-success\" target=\"_self\">Leer m\u00e1s<\/a><\/div><\/div><\/div>\n<div class=\" pt-cv-content-item pt-cv-1-col\" ><div class=\"pt-cv-thumb-wrapper  \"><a href=\"https:\/\/blogsaverroes.juntadeandalucia.es\/iesalmunia\/descubriendo-el-pasado-en-el-museo-arqueologico-de-jerez\/\" class=\"_self pt-cv-href-thumbnail pt-cv-thumb-default\" target=\"_self\" ><img loading=\"lazy\" decoding=\"async\" width=\"300\" height=\"225\" src=\"https:\/\/blogsaverroes.juntadeandalucia.es\/iesalmunia\/files\/2025\/03\/nggallery_import\/WhatsApp-Image-2025-03-20-at-19.28.17-3-300x225.jpeg\" class=\"pt-cv-thumbnail\" alt=\"\" \/><\/a><\/div>\n<h3 class=\"pt-cv-title\"><a href=\"https:\/\/blogsaverroes.juntadeandalucia.es\/iesalmunia\/descubriendo-el-pasado-en-el-museo-arqueologico-de-jerez\/\" class=\"_self\" target=\"_self\" >Descubriendo el pasado en el Museo Arqueol\u00f3gico de Jerez<\/a><\/h3>\n<div class=\"pt-cv-content\">Hoy, nuestro alumnado de 1\u00ba ESO B ha viajado en el tiempo con una visita al Museo Arqueol\u00f3gico. A trav\u00e9s ...<br \/><div class=\"pt-cv-rmwrap\"><a href=\"https:\/\/blogsaverroes.juntadeandalucia.es\/iesalmunia\/descubriendo-el-pasado-en-el-museo-arqueologico-de-jerez\/\" class=\"_self pt-cv-readmore btn btn-success\" target=\"_self\">Leer m\u00e1s<\/a><\/div><\/div><\/div>\n<div class=\" pt-cv-content-item pt-cv-1-col\" ><div class=\"pt-cv-thumb-wrapper  \"><a href=\"https:\/\/blogsaverroes.juntadeandalucia.es\/iesalmunia\/exposicion-dia-internacional-de-las-matematicas-14-de-marzo\/\" class=\"_self pt-cv-href-thumbnail pt-cv-thumb-default\" target=\"_self\" ><img loading=\"lazy\" decoding=\"async\" width=\"231\" height=\"300\" src=\"https:\/\/blogsaverroes.juntadeandalucia.es\/iesalmunia\/files\/2025\/03\/nggallery_import\/2-Captura-2025-03-19-a-las-14.26.20-231x300.png\" class=\"pt-cv-thumbnail\" alt=\"\" \/><\/a><\/div>\n<h3 class=\"pt-cv-title\"><a href=\"https:\/\/blogsaverroes.juntadeandalucia.es\/iesalmunia\/exposicion-dia-internacional-de-las-matematicas-14-de-marzo\/\" class=\"_self\" target=\"_self\" >EXPOSICI\u00d3N DIA INTERNACIONAL DE LAS MATEM\u00c1TICAS &#8211; 14 DE MARZO<\/a><\/h3>\n<div class=\"pt-cv-content\">Exposici\u00f3n realizada por el alumnado de las asignaturas de EPVA de 3\u00ba de ESO y Dibujo T\u00e9cnico de 4\u00ba de ...<br \/><div class=\"pt-cv-rmwrap\"><a href=\"https:\/\/blogsaverroes.juntadeandalucia.es\/iesalmunia\/exposicion-dia-internacional-de-las-matematicas-14-de-marzo\/\" class=\"_self pt-cv-readmore btn btn-success\" target=\"_self\">Leer m\u00e1s<\/a><\/div><\/div><\/div>\n<div class=\" pt-cv-content-item pt-cv-1-col\" ><div class=\"pt-cv-thumb-wrapper  \"><a href=\"https:\/\/blogsaverroes.juntadeandalucia.es\/iesalmunia\/semana-de-prevencion-de-incendios\/\" class=\"_self pt-cv-href-thumbnail pt-cv-thumb-default\" target=\"_self\" ><img loading=\"lazy\" decoding=\"async\" width=\"225\" height=\"300\" src=\"https:\/\/blogsaverroes.juntadeandalucia.es\/iesalmunia\/files\/2025\/03\/WhatsApp-Image-2025-03-18-at-17.04.03-3-225x300.jpeg\" class=\"pt-cv-thumbnail\" alt=\"\" \/><\/a><\/div>\n<h3 class=\"pt-cv-title\"><a href=\"https:\/\/blogsaverroes.juntadeandalucia.es\/iesalmunia\/semana-de-prevencion-de-incendios\/\" class=\"_self\" target=\"_self\" >Semana de Prevenci\u00f3n de Incendios<\/a><\/h3>\n<div class=\"pt-cv-content\">Nuestro alumnado de 1\u00b0 ESO ha participado en la Semana de Prevenci\u00f3n de Incendios, promovida por la Asociaci\u00f3n de Profesionales ...<br \/><div class=\"pt-cv-rmwrap\"><a href=\"https:\/\/blogsaverroes.juntadeandalucia.es\/iesalmunia\/semana-de-prevencion-de-incendios\/\" class=\"_self pt-cv-readmore btn btn-success\" target=\"_self\">Leer m\u00e1s<\/a><\/div><\/div><\/div>\n<div class=\" pt-cv-content-item pt-cv-1-col\" ><div class=\"pt-cv-thumb-wrapper  \"><a href=\"https:\/\/blogsaverroes.juntadeandalucia.es\/iesalmunia\/geografia-poetica-de-andalucia\/\" class=\"_self pt-cv-href-thumbnail pt-cv-thumb-default\" target=\"_self\" ><img loading=\"lazy\" decoding=\"async\" width=\"300\" height=\"153\" src=\"https:\/\/blogsaverroes.juntadeandalucia.es\/iesalmunia\/files\/2025\/02\/WhatsApp-Image-2025-02-26-at-13.26.39-e1740574548277-300x153.jpeg\" class=\"pt-cv-thumbnail\" alt=\"\" \/><\/a><\/div>\n<h3 class=\"pt-cv-title\"><a href=\"https:\/\/blogsaverroes.juntadeandalucia.es\/iesalmunia\/geografia-poetica-de-andalucia\/\" class=\"_self\" target=\"_self\" >Geograf\u00eda po\u00e9tica de Andaluc\u00eda<\/a><\/h3>\n<div class=\"pt-cv-content\">El alumnado de 1\u00ba de E.S.O. ha realizado este mapa de \"Geograf\u00eda po\u00e9tica de Andaluc\u00eda\" donde puedes localizar poetas y ...<br \/><div class=\"pt-cv-rmwrap\"><a href=\"https:\/\/blogsaverroes.juntadeandalucia.es\/iesalmunia\/geografia-poetica-de-andalucia\/\" class=\"_self pt-cv-readmore btn btn-success\" target=\"_self\">Leer m\u00e1s<\/a><\/div><\/div><\/div>\n<div class=\" pt-cv-content-item pt-cv-1-col\" ><div class=\"pt-cv-thumb-wrapper  \"><a href=\"https:\/\/blogsaverroes.juntadeandalucia.es\/iesalmunia\/el-alumnado-de-2o-cfgm-actividades-comerciales-visita-una-inmobiliaria\/\" class=\"_self pt-cv-href-thumbnail pt-cv-thumb-default\" target=\"_self\" ><img loading=\"lazy\" decoding=\"async\" width=\"300\" height=\"225\" src=\"https:\/\/blogsaverroes.juntadeandalucia.es\/iesalmunia\/files\/2025\/02\/image-300x225.jpg\" class=\"pt-cv-thumbnail\" alt=\"\" \/><\/a><\/div>\n<h3 class=\"pt-cv-title\"><a href=\"https:\/\/blogsaverroes.juntadeandalucia.es\/iesalmunia\/el-alumnado-de-2o-cfgm-actividades-comerciales-visita-una-inmobiliaria\/\" class=\"_self\" target=\"_self\" >El alumnado de 2\u00ba CFGM Actividades Comerciales visita una inmobiliaria<\/a><\/h3>\n<div class=\"pt-cv-content\">El pasado 17 de febrero el alumnado de 2\u00ba Curso del Ciclo Formativo de Actividades Comerciales se desplaz\u00f3 hasta la ...<br \/><div class=\"pt-cv-rmwrap\"><a href=\"https:\/\/blogsaverroes.juntadeandalucia.es\/iesalmunia\/el-alumnado-de-2o-cfgm-actividades-comerciales-visita-una-inmobiliaria\/\" class=\"_self pt-cv-readmore btn btn-success\" target=\"_self\">Leer m\u00e1s<\/a><\/div><\/div><\/div>\n<div class=\" pt-cv-content-item pt-cv-1-col\" ><div class=\"pt-cv-thumb-wrapper  \"><a href=\"https:\/\/blogsaverroes.juntadeandalucia.es\/iesalmunia\/club-de-lectura\/\" class=\"_self pt-cv-href-thumbnail pt-cv-thumb-default\" target=\"_self\" ><img loading=\"lazy\" decoding=\"async\" width=\"213\" height=\"300\" src=\"https:\/\/blogsaverroes.juntadeandalucia.es\/iesalmunia\/files\/2024\/10\/Cartel.JPG-club-de-lectura--213x300.jpg\" class=\"pt-cv-thumbnail\" alt=\"\" \/><\/a><\/div>\n<h3 class=\"pt-cv-title\"><a href=\"https:\/\/blogsaverroes.juntadeandalucia.es\/iesalmunia\/club-de-lectura\/\" class=\"_self\" target=\"_self\" >Club de lectura<\/a><\/h3>\n<div class=\"pt-cv-content\">El pr\u00f3ximo d\u00eda 17 de octubre comenzamos con el club de lectura organizado por la biblioteca del I.E.S. Almunia. Acude ...<br \/><div class=\"pt-cv-rmwrap\"><a href=\"https:\/\/blogsaverroes.juntadeandalucia.es\/iesalmunia\/club-de-lectura\/\" class=\"_self pt-cv-readmore btn btn-success\" target=\"_self\">Leer m\u00e1s<\/a><\/div><\/div><\/div><\/div><\/div>\n<div class=\" pt-cv-pagination-wrapper\"><ul class=\"pt-cv-pagination pt-cv-ajax pagination\" data-totalpages=\"2\" data-currentpage=\"1\" data-sid=\"d65d6c1u0t\" data-unid=\"\" data-isblock=\"\" data-postid=\"\"><li class=\"active\"><a href=\"#\">1<\/a><\/li>\n\t<li ><a class=\"\" href=\"https:\/\/blogsaverroes.juntadeandalucia.es\/iesalmunia\/wp-json\/wp\/v2\/pages\/3015\/?_page=2\">2<\/a><\/li>\n\t<li ><a class=\" \" href=\"https:\/\/blogsaverroes.juntadeandalucia.es\/iesalmunia\/wp-json\/wp\/v2\/pages\/3015\/?_page=2\">&rsaquo;<\/a><\/li>\n\t<\/ul><img loading=\"lazy\" decoding=\"async\" width=\"15\" height=\"15\" class=\"pt-cv-spinner\" alt=\"Cargando...\" src=\"data:image\/gif;base64,R0lGODlhDwAPALMPAMrKygwMDJOTkz09PZWVla+vr3p6euTk5M7OzuXl5TMzMwAAAJmZmWZmZszMzP\/\/\/yH\/C05FVFNDQVBFMi4wAwEAAAAh+QQFCgAPACwAAAAADwAPAAAEQvDJaZaZOIcV8iQK8VRX4iTYoAwZ4iCYoAjZ4RxejhVNoT+mRGP4cyF4Pp0N98sBGIBMEMOotl6YZ3S61Bmbkm4mAgAh+QQFCgAPACwAAAAADQANAAAENPDJSRSZeA418itN8QiK8BiLITVsFiyBBIoYqnoewAD4xPw9iY4XLGYSjkQR4UAUD45DLwIAIfkEBQoADwAsAAAAAA8ACQAABC\/wyVlamTi3nSdgwFNdhEJgTJoNyoB9ISYoQmdjiZPcj7EYCAeCF1gEDo4Dz2eIAAAh+QQFCgAPACwCAAAADQANAAAEM\/DJBxiYeLKdX3IJZT1FU0iIg2RNKx3OkZVnZ98ToRD4MyiDnkAh6BkNC0MvsAj0kMpHBAAh+QQFCgAPACwGAAAACQAPAAAEMDC59KpFDll73HkAA2wVY5KgiK5b0RRoI6MuzG6EQqCDMlSGheEhUAgqgUUAFRySIgAh+QQFCgAPACwCAAIADQANAAAEM\/DJKZNLND\/kkKaHc3xk+QAMYDKsiaqmZCxGVjSFFCxB1vwy2oOgIDxuucxAMTAJFAJNBAAh+QQFCgAPACwAAAYADwAJAAAEMNAs86q1yaWwwv2Ig0jUZx3OYa4XoRAfwADXoAwfo1+CIjyFRuEho60aSNYlOPxEAAAh+QQFCgAPACwAAAIADQANAAAENPA9s4y8+IUVcqaWJ4qEQozSoAzoIyhCK2NFU2SJk0hNnyEOhKR2AzAAj4Pj4GE4W0bkJQIAOw==\" \/><div class=\"clear pt-cv-clear-pagination\"><\/div><\/div><\/div>\t\t\t<style type=\"text\/css\" id=\"pt-cv-inline-style-6463de3ksb\">\n#pt-cv-view-d65d6c1u0t .pt-cv-thumb-wrapper:not(.miniwrap) {  }#pt-cv-view-d65d6c1u0t .pt-cv-thumbnail:not(.pt-cv-thumbnailsm) { height: 250px; }#pt-cv-view-d65d6c1u0t > .pt-cv-page {grid-template-columns: repeat(3, 1fr);grid-gap: 15px;}\n@media all and (max-width: 1024px) { \n#pt-cv-view-d65d6c1u0t > .pt-cv-page {grid-template-columns: repeat(1, 1fr);}\n} \n@media all and (max-width: 767px) { \n#pt-cv-view-d65d6c1u0t > .pt-cv-page {grid-template-columns: repeat(1, 1fr);}\n} <\/style>\r\n\t\t\t\n<p>[\/et_pb_text][\/et_pb_column][\/et_pb_row][\/et_pb_section]<\/p>\n","protected":false},"excerpt":{"rendered":"<p>Noticias<div class=\"pt-cv-wrapper et_smooth_scroll_disabled\"><div class=\"pt-cv-view pt-cv-blockgrid iscvblock iscvhybrid grid1 layout1\" id=\"pt-cv-view-d65d6c1u0t\"><div data-id=\"pt-cv-page-1\" class=\"pt-cv-page\" data-cvc=\"3\"><div class=\" pt-cv-content-item pt-cv-1-col\" ><div class=\"pt-cv-thumb-wrapper  \"><a href=\"https:\/\/blogsaverroes.juntadeandalucia.es\/iesalmunia\/almunews-se-acaba-el-curso\/\" class=\"_self pt-cv-href-thumbnail pt-cv-thumb-default\" target=\"_self\" ><img width=\"240\" height=\"300\" src=\"https:\/\/blogsaverroes.juntadeandalucia.es\/iesalmunia\/files\/2025\/06\/IMG_1795-240x300.jpeg\" class=\"pt-cv-thumbnail\" alt=\"\" decoding=\"async\" loading=\"lazy\" \/><\/a><\/div>\n<h3 class=\"pt-cv-title\"><a href=\"https:\/\/blogsaverroes.juntadeandalucia.es\/iesalmunia\/almunews-se-acaba-el-curso\/\" class=\"_self\" target=\"_self\" >Almunews: Se acaba el curso<\/a><\/h3>\n<div class=\"pt-cv-content\">Ten\u00e9is disponible en formato digital el \u00faltimo n\u00famero de nuestro peri\u00f3dico escolar dirigido por nuestra compa\u00f1era, la profesora Nora Zarat, ...<br \/><div class=\"pt-cv-rmwrap\"><a href=\"https:\/\/blogsaverroes.juntadeandalucia.es\/iesalmunia\/almunews-se-acaba-el-curso\/\" class=\"_self pt-cv-readmore btn btn-success\" target=\"_self\">Leer m\u00e1s<\/a><\/div><\/div><\/div>\n<div class=\" pt-cv-content-item pt-cv-1-col\" ><div class=\"pt-cv-thumb-wrapper  \"><a href=\"https:\/\/blogsaverroes.juntadeandalucia.es\/iesalmunia\/graduacion-bachillerato-curso-24-25\/\" class=\"_self pt-cv-href-thumbnail pt-cv-thumb-default\" target=\"_self\" ><img width=\"225\" height=\"300\" src=\"https:\/\/blogsaverroes.juntadeandalucia.es\/iesalmunia\/files\/2025\/06\/WhatsApp-Image-2025-06-12-at-09.38.01-2-225x300.jpeg\" class=\"pt-cv-thumbnail\" alt=\"\" decoding=\"async\" loading=\"lazy\" \/><\/a><\/div>\n<h3 class=\"pt-cv-title\"><a href=\"https:\/\/blogsaverroes.juntadeandalucia.es\/iesalmunia\/graduacion-bachillerato-curso-24-25\/\" class=\"_self\" target=\"_self\" >Graduaci\u00f3n Bachillerato Curso 24-25<\/a><\/h3>\n<div class=\"pt-cv-content\">El pasado d\u00eda 6 de junio tuvo lugar el acto de graduaci\u00f3n del alumnado de 2\u00ba de bachillerato. En este ...<br \/><div class=\"pt-cv-rmwrap\"><a href=\"https:\/\/blogsaverroes.juntadeandalucia.es\/iesalmunia\/graduacion-bachillerato-curso-24-25\/\" class=\"_self pt-cv-readmore btn btn-success\" target=\"_self\">Leer m\u00e1s<\/a><\/div><\/div><\/div>\n<div class=\" pt-cv-content-item pt-cv-1-col\" ><div class=\"pt-cv-thumb-wrapper  \"><a href=\"https:\/\/blogsaverroes.juntadeandalucia.es\/iesalmunia\/liga-de-los-recreos-24-25\/\" class=\"_self pt-cv-href-thumbnail pt-cv-thumb-default\" target=\"_self\" ><img width=\"240\" height=\"300\" src=\"https:\/\/blogsaverroes.juntadeandalucia.es\/iesalmunia\/files\/2025\/06\/nggallery_import\/5-1-240x300.png\" class=\"pt-cv-thumbnail\" alt=\"\" decoding=\"async\" loading=\"lazy\" \/><\/a><\/div>\n<h3 class=\"pt-cv-title\"><a href=\"https:\/\/blogsaverroes.juntadeandalucia.es\/iesalmunia\/liga-de-los-recreos-24-25\/\" class=\"_self\" target=\"_self\" >Liga de los recreos 24-25<\/a><\/h3>\n<div class=\"pt-cv-content\">Esta semana ha tenido lugar la entrega de trofeos a los ganadores de la liga de los recreos 24\/25 en ...<br \/><div class=\"pt-cv-rmwrap\"><a href=\"https:\/\/blogsaverroes.juntadeandalucia.es\/iesalmunia\/liga-de-los-recreos-24-25\/\" class=\"_self pt-cv-readmore btn btn-success\" target=\"_self\">Leer m\u00e1s<\/a><\/div><\/div><\/div>\n<div class=\" pt-cv-content-item pt-cv-1-col\" ><div class=\"pt-cv-thumb-wrapper  \"><a href=\"https:\/\/blogsaverroes.juntadeandalucia.es\/iesalmunia\/manana-de-surf-en-la-playa-de-cortadura\/\" class=\"_self pt-cv-href-thumbnail pt-cv-thumb-default\" target=\"_self\" ><img width=\"300\" height=\"225\" src=\"https:\/\/blogsaverroes.juntadeandalucia.es\/iesalmunia\/files\/2025\/05\/nggallery_import\/2-IMG_20250509_111132350_HDR-300x225.jpg\" class=\"pt-cv-thumbnail\" alt=\"\" decoding=\"async\" loading=\"lazy\" \/><\/a><\/div>\n<h3 class=\"pt-cv-title\"><a href=\"https:\/\/blogsaverroes.juntadeandalucia.es\/iesalmunia\/manana-de-surf-en-la-playa-de-cortadura\/\" class=\"_self\" target=\"_self\" >Ma\u00f1ana de surf en la playa de Cortadura<\/a><\/h3>\n<div class=\"pt-cv-content\">El alumnado de 3\u00ba de ESO y 1\u00ba de Bachillerato disfrutaron de una magn\u00edfica ma\u00f1ana de pr\u00e1ctica de surf en ...<br \/><div class=\"pt-cv-rmwrap\"><a href=\"https:\/\/blogsaverroes.juntadeandalucia.es\/iesalmunia\/manana-de-surf-en-la-playa-de-cortadura\/\" class=\"_self pt-cv-readmore btn btn-success\" target=\"_self\">Leer m\u00e1s<\/a><\/div><\/div><\/div>\n<div class=\" pt-cv-content-item pt-cv-1-col\" ><div class=\"pt-cv-thumb-wrapper  \"><a href=\"https:\/\/blogsaverroes.juntadeandalucia.es\/iesalmunia\/torneo-escolar-de-ajedrez\/\" class=\"_self pt-cv-href-thumbnail pt-cv-thumb-default\" target=\"_self\" ><img width=\"300\" height=\"225\" src=\"https:\/\/blogsaverroes.juntadeandalucia.es\/iesalmunia\/files\/2025\/05\/nggallery_import\/2-WhatsApp-Image-2025-05-08-at-13.05.10-300x225.jpeg\" class=\"pt-cv-thumbnail\" alt=\"\" decoding=\"async\" loading=\"lazy\" \/><\/a><\/div>\n<h3 class=\"pt-cv-title\"><a href=\"https:\/\/blogsaverroes.juntadeandalucia.es\/iesalmunia\/torneo-escolar-de-ajedrez\/\" class=\"_self\" target=\"_self\" >Torneo escolar de ajedrez<\/a><\/h3>\n<div class=\"pt-cv-content\">El viernes 25 de abril, 6 alumnos de nuestro instituto (todos ellos de 2\u00b0 ESO) nos representaron de forma magn\u00edfica ...<br \/><div class=\"pt-cv-rmwrap\"><a href=\"https:\/\/blogsaverroes.juntadeandalucia.es\/iesalmunia\/torneo-escolar-de-ajedrez\/\" class=\"_self pt-cv-readmore btn btn-success\" target=\"_self\">Leer m\u00e1s<\/a><\/div><\/div><\/div>\n<div class=\" pt-cv-content-item pt-cv-1-col\" ><div class=\"pt-cv-thumb-wrapper  \"><a href=\"https:\/\/blogsaverroes.juntadeandalucia.es\/iesalmunia\/visita-a-gibraltar\/\" class=\"_self pt-cv-href-thumbnail pt-cv-thumb-default\" target=\"_self\" ><img width=\"300\" height=\"225\" src=\"https:\/\/blogsaverroes.juntadeandalucia.es\/iesalmunia\/files\/2025\/04\/nggallery_import\/IMG_0211-300x225.jpg\" class=\"pt-cv-thumbnail\" alt=\"\" decoding=\"async\" loading=\"lazy\" \/><\/a><\/div>\n<h3 class=\"pt-cv-title\"><a href=\"https:\/\/blogsaverroes.juntadeandalucia.es\/iesalmunia\/visita-a-gibraltar\/\" class=\"_self\" target=\"_self\" >Visita a Gibraltar<\/a><\/h3>\n<div class=\"pt-cv-content\">Nuestro alumnado de 3 de ESO disfrut\u00f3 de un d\u00eda estupendo en Gibraltar. Realizaron una gymkhana en la que el ...<br \/><div class=\"pt-cv-rmwrap\"><a href=\"https:\/\/blogsaverroes.juntadeandalucia.es\/iesalmunia\/visita-a-gibraltar\/\" class=\"_self pt-cv-readmore btn btn-success\" target=\"_self\">Leer m\u00e1s<\/a><\/div><\/div><\/div>\n<div class=\" pt-cv-content-item pt-cv-1-col\" ><div class=\"pt-cv-thumb-wrapper  \"><a href=\"https:\/\/blogsaverroes.juntadeandalucia.es\/iesalmunia\/descubriendo-el-pasado-en-el-museo-arqueologico-de-jerez\/\" class=\"_self pt-cv-href-thumbnail pt-cv-thumb-default\" target=\"_self\" ><img width=\"300\" height=\"225\" src=\"https:\/\/blogsaverroes.juntadeandalucia.es\/iesalmunia\/files\/2025\/03\/nggallery_import\/WhatsApp-Image-2025-03-20-at-19.28.17-3-300x225.jpeg\" class=\"pt-cv-thumbnail\" alt=\"\" decoding=\"async\" loading=\"lazy\" \/><\/a><\/div>\n<h3 class=\"pt-cv-title\"><a href=\"https:\/\/blogsaverroes.juntadeandalucia.es\/iesalmunia\/descubriendo-el-pasado-en-el-museo-arqueologico-de-jerez\/\" class=\"_self\" target=\"_self\" >Descubriendo el pasado en el Museo Arqueol\u00f3gico de Jerez<\/a><\/h3>\n<div class=\"pt-cv-content\">Hoy, nuestro alumnado de 1\u00ba ESO B ha viajado en el tiempo con una visita al Museo Arqueol\u00f3gico. A trav\u00e9s ...<br \/><div class=\"pt-cv-rmwrap\"><a href=\"https:\/\/blogsaverroes.juntadeandalucia.es\/iesalmunia\/descubriendo-el-pasado-en-el-museo-arqueologico-de-jerez\/\" class=\"_self pt-cv-readmore btn btn-success\" target=\"_self\">Leer m\u00e1s<\/a><\/div><\/div><\/div>\n<div class=\" pt-cv-content-item pt-cv-1-col\" ><div class=\"pt-cv-thumb-wrapper  \"><a href=\"https:\/\/blogsaverroes.juntadeandalucia.es\/iesalmunia\/exposicion-dia-internacional-de-las-matematicas-14-de-marzo\/\" class=\"_self pt-cv-href-thumbnail pt-cv-thumb-default\" target=\"_self\" ><img width=\"231\" height=\"300\" src=\"https:\/\/blogsaverroes.juntadeandalucia.es\/iesalmunia\/files\/2025\/03\/nggallery_import\/2-Captura-2025-03-19-a-las-14.26.20-231x300.png\" class=\"pt-cv-thumbnail\" alt=\"\" decoding=\"async\" loading=\"lazy\" \/><\/a><\/div>\n<h3 class=\"pt-cv-title\"><a href=\"https:\/\/blogsaverroes.juntadeandalucia.es\/iesalmunia\/exposicion-dia-internacional-de-las-matematicas-14-de-marzo\/\" class=\"_self\" target=\"_self\" >EXPOSICI\u00d3N DIA INTERNACIONAL DE LAS MATEM\u00c1TICAS &#8211; 14 DE MARZO<\/a><\/h3>\n<div class=\"pt-cv-content\">Exposici\u00f3n realizada por el alumnado de las asignaturas de EPVA de 3\u00ba de ESO y Dibujo T\u00e9cnico de 4\u00ba de ...<br \/><div class=\"pt-cv-rmwrap\"><a href=\"https:\/\/blogsaverroes.juntadeandalucia.es\/iesalmunia\/exposicion-dia-internacional-de-las-matematicas-14-de-marzo\/\" class=\"_self pt-cv-readmore btn btn-success\" target=\"_self\">Leer m\u00e1s<\/a><\/div><\/div><\/div>\n<div class=\" pt-cv-content-item pt-cv-1-col\" ><div class=\"pt-cv-thumb-wrapper  \"><a href=\"https:\/\/blogsaverroes.juntadeandalucia.es\/iesalmunia\/semana-de-prevencion-de-incendios\/\" class=\"_self pt-cv-href-thumbnail pt-cv-thumb-default\" target=\"_self\" ><img width=\"225\" height=\"300\" src=\"https:\/\/blogsaverroes.juntadeandalucia.es\/iesalmunia\/files\/2025\/03\/WhatsApp-Image-2025-03-18-at-17.04.03-3-225x300.jpeg\" class=\"pt-cv-thumbnail\" alt=\"\" decoding=\"async\" loading=\"lazy\" \/><\/a><\/div>\n<h3 class=\"pt-cv-title\"><a href=\"https:\/\/blogsaverroes.juntadeandalucia.es\/iesalmunia\/semana-de-prevencion-de-incendios\/\" class=\"_self\" target=\"_self\" >Semana de Prevenci\u00f3n de Incendios<\/a><\/h3>\n<div class=\"pt-cv-content\">Nuestro alumnado de 1\u00b0 ESO ha participado en la Semana de Prevenci\u00f3n de Incendios, promovida por la Asociaci\u00f3n de Profesionales ...<br \/><div class=\"pt-cv-rmwrap\"><a href=\"https:\/\/blogsaverroes.juntadeandalucia.es\/iesalmunia\/semana-de-prevencion-de-incendios\/\" class=\"_self pt-cv-readmore btn btn-success\" target=\"_self\">Leer m\u00e1s<\/a><\/div><\/div><\/div>\n<div class=\" pt-cv-content-item pt-cv-1-col\" ><div class=\"pt-cv-thumb-wrapper  \"><a href=\"https:\/\/blogsaverroes.juntadeandalucia.es\/iesalmunia\/geografia-poetica-de-andalucia\/\" class=\"_self pt-cv-href-thumbnail pt-cv-thumb-default\" target=\"_self\" ><img width=\"300\" height=\"153\" src=\"https:\/\/blogsaverroes.juntadeandalucia.es\/iesalmunia\/files\/2025\/02\/WhatsApp-Image-2025-02-26-at-13.26.39-e1740574548277-300x153.jpeg\" class=\"pt-cv-thumbnail\" alt=\"\" decoding=\"async\" loading=\"lazy\" \/><\/a><\/div>\n<h3 class=\"pt-cv-title\"><a href=\"https:\/\/blogsaverroes.juntadeandalucia.es\/iesalmunia\/geografia-poetica-de-andalucia\/\" class=\"_self\" target=\"_self\" >Geograf\u00eda po\u00e9tica de Andaluc\u00eda<\/a><\/h3>\n<div class=\"pt-cv-content\">El alumnado de 1\u00ba de E.S.O. ha realizado este mapa de \"Geograf\u00eda po\u00e9tica de Andaluc\u00eda\" donde puedes localizar poetas y ...<br \/><div class=\"pt-cv-rmwrap\"><a href=\"https:\/\/blogsaverroes.juntadeandalucia.es\/iesalmunia\/geografia-poetica-de-andalucia\/\" class=\"_self pt-cv-readmore btn btn-success\" target=\"_self\">Leer m\u00e1s<\/a><\/div><\/div><\/div>\n<div class=\" pt-cv-content-item pt-cv-1-col\" ><div class=\"pt-cv-thumb-wrapper  \"><a href=\"https:\/\/blogsaverroes.juntadeandalucia.es\/iesalmunia\/el-alumnado-de-2o-cfgm-actividades-comerciales-visita-una-inmobiliaria\/\" class=\"_self pt-cv-href-thumbnail pt-cv-thumb-default\" target=\"_self\" ><img width=\"300\" height=\"225\" src=\"https:\/\/blogsaverroes.juntadeandalucia.es\/iesalmunia\/files\/2025\/02\/image-300x225.jpg\" class=\"pt-cv-thumbnail\" alt=\"\" decoding=\"async\" loading=\"lazy\" \/><\/a><\/div>\n<h3 class=\"pt-cv-title\"><a href=\"https:\/\/blogsaverroes.juntadeandalucia.es\/iesalmunia\/el-alumnado-de-2o-cfgm-actividades-comerciales-visita-una-inmobiliaria\/\" class=\"_self\" target=\"_self\" >El alumnado de 2\u00ba CFGM Actividades Comerciales visita una inmobiliaria<\/a><\/h3>\n<div class=\"pt-cv-content\">El pasado 17 de febrero el alumnado de 2\u00ba Curso del Ciclo Formativo de Actividades Comerciales se desplaz\u00f3 hasta la ...<br \/><div class=\"pt-cv-rmwrap\"><a href=\"https:\/\/blogsaverroes.juntadeandalucia.es\/iesalmunia\/el-alumnado-de-2o-cfgm-actividades-comerciales-visita-una-inmobiliaria\/\" class=\"_self pt-cv-readmore btn btn-success\" target=\"_self\">Leer m\u00e1s<\/a><\/div><\/div><\/div>\n<div class=\" pt-cv-content-item pt-cv-1-col\" ><div class=\"pt-cv-thumb-wrapper  \"><a href=\"https:\/\/blogsaverroes.juntadeandalucia.es\/iesalmunia\/club-de-lectura\/\" class=\"_self pt-cv-href-thumbnail pt-cv-thumb-default\" target=\"_self\" ><img width=\"213\" height=\"300\" src=\"https:\/\/blogsaverroes.juntadeandalucia.es\/iesalmunia\/files\/2024\/10\/Cartel.JPG-club-de-lectura--213x300.jpg\" class=\"pt-cv-thumbnail\" alt=\"\" decoding=\"async\" loading=\"lazy\" \/><\/a><\/div>\n<h3 class=\"pt-cv-title\"><a href=\"https:\/\/blogsaverroes.juntadeandalucia.es\/iesalmunia\/club-de-lectura\/\" class=\"_self\" target=\"_self\" >Club de lectura<\/a><\/h3>\n<div class=\"pt-cv-content\">El pr\u00f3ximo d\u00eda 17 de octubre comenzamos con el club de lectura organizado por la biblioteca del I.E.S. Almunia. Acude ...<br \/><div class=\"pt-cv-rmwrap\"><a href=\"https:\/\/blogsaverroes.juntadeandalucia.es\/iesalmunia\/club-de-lectura\/\" class=\"_self pt-cv-readmore btn btn-success\" target=\"_self\">Leer m\u00e1s<\/a><\/div><\/div><\/div><\/div><\/div>\n<div class=\" pt-cv-pagination-wrapper\"><ul class=\"pt-cv-pagination pt-cv-ajax pagination\" data-totalpages=\"2\" data-currentpage=\"1\" data-sid=\"d65d6c1u0t\" data-unid=\"\" data-isblock=\"\" data-postid=\"\"><li class=\"active\"><a href=\"#\">1<\/a><\/li>\n\t<li ><a class=\"\" href=\"https:\/\/blogsaverroes.juntadeandalucia.es\/iesalmunia\/wp-json\/wp\/v2\/pages\/3015\/?_page=2\">2<\/a><\/li>\n\t<li ><a class=\" \" href=\"https:\/\/blogsaverroes.juntadeandalucia.es\/iesalmunia\/wp-json\/wp\/v2\/pages\/3015\/?_page=2\">&rsaquo;<\/a><\/li>\n\t<\/ul><img loading=\"lazy\" decoding=\"async\" width=\"15\" height=\"15\" class=\"pt-cv-spinner\" alt=\"Cargando...\" src=\"data:image\/gif;base64,R0lGODlhDwAPALMPAMrKygwMDJOTkz09PZWVla+vr3p6euTk5M7OzuXl5TMzMwAAAJmZmWZmZszMzP\/\/\/yH\/C05FVFNDQVBFMi4wAwEAAAAh+QQFCgAPACwAAAAADwAPAAAEQvDJaZaZOIcV8iQK8VRX4iTYoAwZ4iCYoAjZ4RxejhVNoT+mRGP4cyF4Pp0N98sBGIBMEMOotl6YZ3S61Bmbkm4mAgAh+QQFCgAPACwAAAAADQANAAAENPDJSRSZeA418itN8QiK8BiLITVsFiyBBIoYqnoewAD4xPw9iY4XLGYSjkQR4UAUD45DLwIAIfkEBQoADwAsAAAAAA8ACQAABC\/wyVlamTi3nSdgwFNdhEJgTJoNyoB9ISYoQmdjiZPcj7EYCAeCF1gEDo4Dz2eIAAAh+QQFCgAPACwCAAAADQANAAAEM\/DJBxiYeLKdX3IJZT1FU0iIg2RNKx3OkZVnZ98ToRD4MyiDnkAh6BkNC0MvsAj0kMpHBAAh+QQFCgAPACwGAAAACQAPAAAEMDC59KpFDll73HkAA2wVY5KgiK5b0RRoI6MuzG6EQqCDMlSGheEhUAgqgUUAFRySIgAh+QQFCgAPACwCAAIADQANAAAEM\/DJKZNLND\/kkKaHc3xk+QAMYDKsiaqmZCxGVjSFFCxB1vwy2oOgIDxuucxAMTAJFAJNBAAh+QQFCgAPACwAAAYADwAJAAAEMNAs86q1yaWwwv2Ig0jUZx3OYa4XoRAfwADXoAwfo1+CIjyFRuEho60aSNYlOPxEAAAh+QQFCgAPACwAAAIADQANAAAENPA9s4y8+IUVcqaWJ4qEQozSoAzoIyhCK2NFU2SJk0hNnyEOhKR2AzAAj4Pj4GE4W0bkJQIAOw==\" \/><div class=\"clear pt-cv-clear-pagination\"><\/div><\/div><\/div>\t\t\t<style type=\"text\/css\" id=\"pt-cv-inline-style-4c4560fpi9\">\n#pt-cv-view-d65d6c1u0t .pt-cv-thumb-wrapper:not(.miniwrap) {  }#pt-cv-view-d65d6c1u0t .pt-cv-thumbnail:not(.pt-cv-thumbnailsm) { height: 250px; }#pt-cv-view-d65d6c1u0t > .pt-cv-page {grid-template-columns: repeat(3, 1fr);grid-gap: 15px;}\n@media all and (max-width: 1024px) { \n#pt-cv-view-d65d6c1u0t > .pt-cv-page {grid-template-columns: repeat(1, 1fr);}\n} \n@media all and (max-width: 767px) { \n#pt-cv-view-d65d6c1u0t > .pt-cv-page {grid-template-columns: repeat(1, 1fr);}\n} <\/style>\r\n\t\t\t<\/p>\n","protected":false},"author":2253,"featured_media":0,"parent":0,"menu_order":0,"comment_status":"closed","ping_status":"closed","template":"","meta":{"_et_pb_use_builder":"on","_et_pb_old_content":"","_et_gb_content_width":"","ngg_post_thumbnail":0,"footnotes":""},"aioseo_notices":[],"_links":{"self":[{"href":"https:\/\/blogsaverroes.juntadeandalucia.es\/iesalmunia\/wp-json\/wp\/v2\/pages\/3015"}],"collection":[{"href":"https:\/\/blogsaverroes.juntadeandalucia.es\/iesalmunia\/wp-json\/wp\/v2\/pages"}],"about":[{"href":"https:\/\/blogsaverroes.juntadeandalucia.es\/iesalmunia\/wp-json\/wp\/v2\/types\/page"}],"author":[{"embeddable":true,"href":"https:\/\/blogsaverroes.juntadeandalucia.es\/iesalmunia\/wp-json\/wp\/v2\/users\/2253"}],"replies":[{"embeddable":true,"href":"https:\/\/blogsaverroes.juntadeandalucia.es\/iesalmunia\/wp-json\/wp\/v2\/comments?post=3015"}],"version-history":[{"count":5,"href":"https:\/\/blogsaverroes.juntadeandalucia.es\/iesalmunia\/wp-json\/wp\/v2\/pages\/3015\/revisions"}],"predecessor-version":[{"id":3163,"href":"https:\/\/blogsaverroes.juntadeandalucia.es\/iesalmunia\/wp-json\/wp\/v2\/pages\/3015\/revisions\/3163"}],"wp:attachment":[{"href":"https:\/\/blogsaverroes.juntadeandalucia.es\/iesalmunia\/wp-json\/wp\/v2\/media?parent=3015"}],"curies":[{"name":"wp","href":"https:\/\/api.w.org\/{rel}","templated":true}]}}