{"id":144,"date":"2015-03-17T07:46:28","date_gmt":"2015-03-17T07:46:28","guid":{"rendered":"http:\/\/blogsaverroes.juntadeandalucia.es\/pre\/ceip\/?page_id=144"},"modified":"2025-06-04T18:23:09","modified_gmt":"2025-06-04T18:23:09","slug":"orientacion","status":"publish","type":"page","link":"https:\/\/blogsaverroes.juntadeandalucia.es\/iesalquivira\/orientacion\/","title":{"rendered":"Ciclo Formativo de Instalaci\u00f3n de Telecomunicaciones"},"content":{"rendered":"<p style=\"text-align: center\">&nbsp;<\/p>\n<div class=\"grado\">\n<div class=\"izq\"><img decoding=\"async\" src=\"https:\/\/www.todofp.es\/.imaging\/mte\/todofp-theme\/ficha-superior-familia\/dam\/todofp\/comunes\/familias-new\/ilustraciones-familias\/150px\/ele\/jcr:content\/ele.png.png\" alt=\"Logotipo Electricidad y Electr\u00f3nica\"><\/p>\n<div class=\"intro\">\n<div class=\"titulo\">\n<h1>T\u00e9cnico en Instalaciones de Telecomunicaciones<\/h1>\n<p>Electricidad y Electr\u00f3nica<\/p>\n<\/div>\n<div class=\"info\">\n<p class=\"etiqueta fpgm\">Grado Medio<\/p>\n<p class=\"horas\">2000h<\/p>\n<\/div>\n<\/div>\n<\/div>\n<div class=\"dcha\"><img decoding=\"async\" src=\"https:\/\/www.todofp.es\/.imaging\/mte\/todofp-theme\/ficha-superior-imagen\/dam\/todofp\/que-estudiar\/fotos-ciclos\/electricidad-y-electronica\/t-cnico-en-instalaciones-de-telecomunicaciones\/jcr:content\/t-cnico-en-instalaciones-de-telecomunicaciones.jpg.jpg\" alt=\"\"><\/div>\n<\/div>\n<div class=\"contenido-inferior\">\n<div class=\"listado-dsp\">\n<div class=\"cdsp abierto\">\n<h2 aria-expanded=\"true\">Requisitos de acceso<\/h2>\n<div class=\"desplegable\">\n<div class=\"cte\">\n<p>&nbsp;<\/p>\n<p>Debes cumplir&nbsp;<strong>alguno<\/strong>&nbsp;de los siguientes requisitos:<\/p>\n<ul>\n<li>Tener alguno de los siguientes t\u00edtulos:\n<ul>\n<li>T\u00edtulo de&nbsp;<strong>Graduado\/a en Educaci\u00f3n Secundaria Obligatoria<\/strong>&nbsp;o de un nivel acad\u00e9mico superior.<\/li>\n<li>T\u00edtulo Profesional B\u00e1sico (Formaci\u00f3n Profesional de Grado B\u00e1sico).<\/li>\n<li>T\u00edtulo de T\u00e9cnico\/a o de T\u00e9cnico\/a Auxiliar o equivalente a efectos acad\u00e9micos.<\/li>\n<\/ul>\n<\/li>\n<li>Haber superado:\n<ul>\n<li>2\u00ba curso del Bachillerato Unificado y Polivalente (BUP).<\/li>\n<li><a href=\"https:\/\/www.todofp.es\/como-cuando-y-donde-estudiar\/acceso-fp-desde-fp\/ciclos-grado-medio.html\">Prueba de acceso a ciclos formativos de grado medio<\/a>&nbsp;(se requerir\u00e1 tener, al menos, diecisiete a\u00f1os, cumplidos en el a\u00f1o de realizaci\u00f3n de la prueba).<\/li>\n<li>Prueba de acceso a la Universidad para mayores de 25 a\u00f1os (la superaci\u00f3n de las pruebas de acceso a la Universidad para mayores de 40 y 45 a\u00f1os no es un requisito v\u00e1lido para acceder a FP).<\/li>\n<li>Una oferta formativa de Grado C incluida en el ciclo formativo.<\/li>\n<\/ul>\n<\/li>\n<\/ul>\n<p>&nbsp;<\/p>\n<\/div>\n<\/div>\n<\/div>\n<div class=\"cdsp abierto\">\n<h2 aria-expanded=\"true\">Salidas profesionales<\/h2>\n<div class=\"desplegable\">\n<div class=\"cte\">\n<p><a title=\"Externo, se abre en ventana nueva.\" href=\"https:\/\/www.todofp.es\/dam\/jcr:16710326-498b-4e4c-aa34-f89b4a9d05cf\/t-cnico-en-instalaciones-de-telecomunicaciones.pdf\" target=\"_blank\" rel=\"external noopener\">Perfiles Profesionales&nbsp;<img decoding=\"async\" src=\"https:\/\/www.todofp.es\/.resources\/templating\/base\/img\/iconos\/13\/ico-nv.gif\" alt=\"Nueva ventana\"><\/a><\/p>\n<p><a title=\"Externo, se abre en ventana nueva.\" href=\"https:\/\/www.todofp.es\/dam\/jcr:da59452b-c7d3-468e-8142-048dcc645292\/loe-t-instalaciones-telecomunicaciones.pdf\" target=\"_blank\" rel=\"external noopener\">Ficha de inserci\u00f3n laboral&nbsp;<img decoding=\"async\" src=\"https:\/\/www.todofp.es\/.resources\/templating\/base\/img\/iconos\/13\/ico-nv.gif\" alt=\"Nueva ventana\"><\/a><\/p>\n<p>&nbsp;<\/p>\n<p><strong>Trabajar como:<\/strong><\/p>\n<ul>\n<li>Instalador \/ instaladora de telecomunicaciones en edificios de viviendas.<\/li>\n<li>Instalador \/ instaladora de antenas.<\/li>\n<li>Instalador \/ instaladora de sistemas de seguridad.<\/li>\n<li>T\u00e9cnica \/ t\u00e9cnico en redes locales y telem\u00e1tica.<\/li>\n<li>T\u00e9cnica \/ t\u00e9cnico en instalaci\u00f3n y mantenimiento de redes locales.<\/li>\n<li>Instalador \/ instaladora de telefon\u00eda.<\/li>\n<li>Instalador-montador \/ instaladora-montadora de equipos telef\u00f3nicos y telem\u00e1ticos.<\/li>\n<li>T\u00e9cnica \/ t\u00e9cnico en instalaciones de sonido.<\/li>\n<li>Instalador \/ instaladora de megafon\u00eda.<\/li>\n<li>Instalador-mantenedor \/ instaladora-mantenedora de sistemas dom\u00f3ticos.<\/li>\n<li>T\u00e9cnica instaladora-mantenedora \/ t\u00e9cnico instalador-mantenedor de equipos inform\u00e1ticos.<\/li>\n<li>T\u00e9cnica \/ t\u00e9cnico en montaje y mantenimiento de sistemas de radiodifusi\u00f3n<\/li>\n<\/ul>\n<p class=\"ta-justify\">Puedes trabajar en empresas, mayoritariamente privadas, en las \u00e1reas de montaje y mantenimiento de infraestructuras de telecomunicaci\u00f3n, instalaciones de circuito cerrado de televisi\u00f3n y seguridad electr\u00f3nica, centralitas telef\u00f3nicas, redes de voz y datos, sonorizaci\u00f3n y megafon\u00eda, instalaciones de radiocomunicaciones, sistemas dom\u00f3ticos y equipos inform\u00e1ticos, tanto por cuenta propia como ajena.<\/p>\n<p>&nbsp;<\/p>\n<\/div>\n<\/div>\n<\/div>\n<div class=\"cdsp abierto\">\n<h2 aria-expanded=\"true\">Qu\u00e9 voy a aprender<\/h2>\n<div class=\"desplegable\">\n<div class=\"cte\">\n<p>&nbsp;<\/p>\n<ul>\n<li class=\"ta-justify\">Acopiar los recursos y medios para acometer la ejecuci\u00f3n del montaje o mantenimiento de las instalaciones y equipos.<\/li>\n<li class=\"ta-justify\">Replantear la instalaci\u00f3n de acuerdo a la documentaci\u00f3n t\u00e9cnica, resolviendo los problemas de su competencia e informando de otras contingencias, para asegurar la viabilidad del montaje.<\/li>\n<li class=\"ta-justify\">Montar o ampliar equipos inform\u00e1ticos y perif\u00e9ricos, configur\u00e1ndolos, asegurando y verificando su funcionamiento, en condiciones de calidad y seguridad.<\/li>\n<li class=\"ta-justify\">Instalar y configurar software base, sistemas operativos y aplicaciones asegurando y verificando su funcionamiento, en condiciones de calidad y seguridad.<\/li>\n<li class=\"ta-justify\">Montar los elementos componentes de las infraestructuras e instalaciones (canalizaciones, cableado, armarios, soportes, entre otros) utilizando t\u00e9cnicas de montaje, en condiciones de calidad, seguridad y respeto al medio ambiente.<\/li>\n<\/ul>\n<p>Consulta el resto de competencias en el&nbsp;<a title=\"Externo, se abre en ventana nueva.\" href=\"https:\/\/www.boe.es\/diario_boe\/txt.php?id=BOE-A-2009-18404\" target=\"_blank\" rel=\"external noopener\">Real Decreto de establecimiento de este t\u00edtulo.<img loading=\"lazy\" decoding=\"async\" src=\"https:\/\/www.todofp.es\/docroot\/img\/iconos\/13\/ico-nv.gif\" alt=\"Nueva ventana\" width=\"16\" height=\"14\"><\/a><\/p>\n<p>&nbsp;<\/p>\n<\/div>\n<\/div>\n<\/div>\n<div class=\"cdsp abierto\">\n<h2 aria-expanded=\"true\">Plan de formaci\u00f3n<\/h2>\n<div class=\"desplegable\">\n<div class=\"cte\">\n<p>&nbsp;<\/p>\n<p>Si estudias 1\u00ba del ciclo formativo en el curso 24-25, vas a cursar:<\/p>\n<ul>\n<li class=\"ta-justify\">Infraestructuras comunes de telecomunicaci\u00f3n en viviendas y edificios.<\/li>\n<li class=\"ta-justify\">Instalaciones dom\u00f3ticas.<\/li>\n<li class=\"ta-justify\">Electr\u00f3nica aplicada.<\/li>\n<li class=\"ta-justify\">Equipos microinform\u00e1ticos.<\/li>\n<li class=\"ta-justify\">Infraestructuras de redes de datos y sistemas de telefon\u00eda.<\/li>\n<li class=\"ta-justify\">Instalaciones el\u00e9ctricas b\u00e1sicas.<\/li>\n<li class=\"ta-justify\">Instalaciones de megafon\u00eda y sonorizaci\u00f3n.<\/li>\n<li class=\"ta-justify\">Circuito cerrado de televisi\u00f3n y seguridad electr\u00f3nica.<\/li>\n<li class=\"ta-justify\">Instalaciones de radiocomunicaciones<\/li>\n<li class=\"ta-justify\">0156. Ingl\u00e9s Profesional (Grado Medio).<\/li>\n<li class=\"ta-justify\">1709. Itinerario personal para la empleabilidad I.<\/li>\n<li class=\"ta-justify\">1710. Itinerario personal para la empleabilidad II.<\/li>\n<li class=\"ta-justify\">1664. Digitalizaci\u00f3n aplicada a los sectores productivos (Grado Medio).<\/li>\n<li class=\"ta-justify\">1708. Sostenibilidad aplicada al sistema productivo.<\/li>\n<li class=\"ta-justify\">1713. Proyecto intermodular.<\/li>\n<li class=\"ta-justify\">M\u00f3dulo profesional optativo (competencia de cada Comunidad Aut\u00f3noma).<\/li>\n<li class=\"ta-justify\">Incluye una fase de formaci\u00f3n en empresa u organismo equiparado como parte integrada del curr\u00edculo del ciclo formativo.<\/li>\n<\/ul>\n<p>Si estudias 2\u00ba del ciclo formativo en el curso 24-25 no cambiar\u00e1 tu plan de formaci\u00f3n.<\/p>\n<p>&nbsp;<\/p>\n<\/div>\n<\/div>\n<\/div>\n<div class=\"cdsp abierto\">\n<h2 aria-expanded=\"true\">D\u00f3nde estudiar<\/h2>\n<div class=\"desplegable\">\n<div class=\"cte\">\n<p><a title=\"Externo, se abre en ventana nueva.\" href=\"https:\/\/www.educacion.gob.es\/centros\/buscarCentros?ensenanzaFP=121_1002\" target=\"_blank\" rel=\"external noopener\">Centros que imparten este ciclo&nbsp;<img decoding=\"async\" src=\"https:\/\/www.todofp.es\/.resources\/templating\/base\/img\/iconos\/13\/ico-nv.gif\" alt=\"Nueva ventana\"><\/a><\/p>\n<p>&nbsp;<\/p>\n<\/div>\n<\/div>\n<\/div>\n<div class=\"cdsp abierto\">\n<h2 aria-expanded=\"true\">Seguir estudiando<\/h2>\n<div class=\"desplegable\">\n<div class=\"cte\">\n<p>&nbsp;<\/p>\n<p class=\"ta-justify\"><strong>Seguir estudiando:<\/strong><\/p>\n<ul>\n<li class=\"ta-justify\"><a href=\"https:\/\/www.todofp.es\/que-estudiar\/familias-profesionales\/electricidad-electronica\/ce-implementacion-redes-5g.html\">Curso de Especializaci\u00f3n en Implementaci\u00f3n de redes 5G (Acceso GM)<\/a><\/li>\n<li class=\"ta-justify\"><a href=\"https:\/\/www.todofp.es\/que-estudiar\/familias-profesionales\/electricidad-electronica\/ce-instalacion-mto-sitemas-conectados-internet.html\">Curso de Especializaci\u00f3n en Instalaci\u00f3n y mantenimiento de sistemas conectados a internet (IoT) (Acceso GM)<\/a><\/li>\n<li class=\"ta-justify\">Otro ciclo de Formaci\u00f3n Profesional con la posibilidad de establecer convalidaciones de m\u00f3dulos profesionales de acuerdo a la normativa vigente.<\/li>\n<li class=\"ta-justify\">El Bachillerato en cualquiera de sus modalidades<\/li>\n<\/ul>\n<p>&nbsp;<\/p>\n<\/div>\n<\/div>\n<\/div>\n<div class=\"cdsp abierto\">\n<h2 aria-expanded=\"true\">Tus estudios en Europa<\/h2>\n<div class=\"desplegable\">\n<div class=\"cte\">\n<p><a title=\"Externo, se abre en ventana nueva.\" href=\"https:\/\/www.todofp.es\/dam\/jcr:0b5266a5-ff51-48aa-af41-83c23960632c\/n-tinstalacionestelecomunicacioneses-pdf.pdf\" target=\"_blank\" rel=\"external noopener\">Suplemento Europass Espa\u00f1ol&nbsp;<img decoding=\"async\" src=\"https:\/\/www.todofp.es\/.resources\/templating\/base\/img\/iconos\/13\/ico-nv.gif\" alt=\"Nueva ventana\"><\/a><\/p>\n<p><a title=\"Externo, se abre en ventana nueva.\" href=\"https:\/\/www.todofp.es\/dam\/jcr:b22fc8a2-a83b-4d92-9082-73f7be2e71b4\/n-tinstalacionestelecomunicacionesen-pdf.pdf\" target=\"_blank\" rel=\"external noopener\">Suplemento Europass Ingl\u00e9s&nbsp;<img decoding=\"async\" src=\"https:\/\/www.todofp.es\/.resources\/templating\/base\/img\/iconos\/13\/ico-nv.gif\" alt=\"Nueva ventana\"><\/a><\/p>\n<p>&nbsp;<\/p>\n<h3>Niveles<\/h3>\n<p>Esta formaci\u00f3n se corresponde con:<\/p>\n<ul>\n<li>Marco Espa\u00f1ol de Cualificaciones para el Aprendizaje Permanente (MECU): Nivel 4A<\/li>\n<li>Clasificaci\u00f3n Internacional Normalizada de la Educaci\u00f3n 2011 (CINE-11): Nivel P-3.5.4<\/li>\n<\/ul>\n<p>&nbsp;<\/p>\n<\/div>\n<\/div>\n<\/div>\n<div class=\"cdsp abierto\">\n<h2 aria-expanded=\"true\">M\u00e1s informaci\u00f3n<\/h2>\n<div class=\"desplegable\">\n<div class=\"cte\">\n<p><a title=\"Externo, se abre en ventana nueva.\" href=\"https:\/\/www.boe.es\/diario_boe\/txt.php?id=BOE-A-2009-18404\" target=\"_blank\" rel=\"external noopener\">Real Decreto&nbsp;<img decoding=\"async\" src=\"https:\/\/www.todofp.es\/.resources\/templating\/base\/img\/iconos\/13\/ico-nv.gif\" alt=\"Nueva ventana\"><\/a><\/p>\n<p><a title=\"Externo, se abre en ventana nueva.\" href=\"https:\/\/www.boe.es\/eli\/es\/rd\/2024\/05\/21\/499\" target=\"_blank\" rel=\"external noopener\">Modificaci\u00f3n Real Decreto&nbsp;<img decoding=\"async\" src=\"https:\/\/www.todofp.es\/.resources\/templating\/base\/img\/iconos\/13\/ico-nv.gif\" alt=\"Nueva ventana\"><\/a><\/p>\n<p><a title=\"Externo, se abre en ventana nueva.\" href=\"https:\/\/www.boe.es\/diario_boe\/txt.php?id=BOE-A-2010-3027\" target=\"_blank\" rel=\"external noopener\">Curr\u00edculo Ministerio&nbsp;<img decoding=\"async\" src=\"https:\/\/www.todofp.es\/.resources\/templating\/base\/img\/iconos\/13\/ico-nv.gif\" alt=\"Nueva ventana\"><\/a><\/p>\n<p><a href=\"https:\/\/www.todofp.es\/que-estudiar\/familias-profesionales\/electricidad-electronica\/instalaciones-telecomunicaciones\/curriculos-ccaa.html\">Curr\u00edculos CCAA<\/a><\/p>\n<p>&nbsp;<\/p>\n<\/div>\n<\/div>\n<\/div>\n<\/div>\n<div class=\"coldcha\">\n<div class=\"cfrase\">\n<p>Si quieres trabajar&nbsp;<span class=\"marcado amarillo\">instalando<\/span>&nbsp;antenas,sistemas de seguridad, telefon\u00eda, etc.,esta es tu titulaci\u00f3n.<\/p>\n<\/div>\n<div class=\"enlaces-interes\">\n<div class=\"elemento europasses\"><a href=\"https:\/\/www.todofp.es\/dam\/jcr:0b5266a5-ff51-48aa-af41-83c23960632c\/n-tinstalacionestelecomunicacioneses-pdf.pdf\">Suplemento Europass Espa\u00f1ol<\/a><\/div>\n<div class=\"elemento europassen\"><a href=\"https:\/\/www.todofp.es\/dam\/jcr:b22fc8a2-a83b-4d92-9082-73f7be2e71b4\/n-tinstalacionestelecomunicacionesen-pdf.pdf\">Suplemento Europass Ingl\u00e9s<\/a><\/div>\n<div class=\"elemento atribuciondoc\"><a href=\"https:\/\/www.todofp.es\/que-estudiar\/familias-profesionales\/electricidad-electronica\/instalaciones-telecomunicaciones\/atribucion-docente.html\">Atribuci\u00f3n docente del profesorado<\/a><\/div>\n<\/div>\n<\/div>\n<div>\n<h2>&nbsp;<\/h2>\n<p style=\"text-align: center\"><a href=\"https:\/\/blogsaverroes.juntadeandalucia.es\/iesalquivira\/files\/2015\/03\/Circuito.jpg\"><img loading=\"lazy\" decoding=\"async\" class=\"alignnone wp-image-3244\" src=\"https:\/\/blogsaverroes.juntadeandalucia.es\/iesalquivira\/files\/2015\/03\/Circuito-300x194.jpg\" alt=\"\" width=\"318\" height=\"205\" srcset=\"https:\/\/blogsaverroes.juntadeandalucia.es\/iesalquivira\/files\/2015\/03\/Circuito-300x194.jpg 300w, https:\/\/blogsaverroes.juntadeandalucia.es\/iesalquivira\/files\/2015\/03\/Circuito-280x180.jpg 280w, https:\/\/blogsaverroes.juntadeandalucia.es\/iesalquivira\/files\/2015\/03\/Circuito-24x16.jpg 24w, https:\/\/blogsaverroes.juntadeandalucia.es\/iesalquivira\/files\/2015\/03\/Circuito-36x23.jpg 36w, https:\/\/blogsaverroes.juntadeandalucia.es\/iesalquivira\/files\/2015\/03\/Circuito-48x31.jpg 48w, https:\/\/blogsaverroes.juntadeandalucia.es\/iesalquivira\/files\/2015\/03\/Circuito.jpg 323w\" sizes=\"(max-width: 318px) 100vw, 318px\" \/><\/a><\/p>\n<\/div>\n<\/div>\n","protected":false},"excerpt":{"rendered":"<p>&nbsp; T\u00e9cnico en Instalaciones de Telecomunicaciones Electricidad y Electr\u00f3nica Grado Medio 2000h Requisitos de acceso &nbsp; Debes cumplir&nbsp;alguno&nbsp;de los siguientes requisitos: Tener alguno de los&hellip;<\/p>\n","protected":false},"author":1,"featured_media":0,"parent":0,"menu_order":0,"comment_status":"closed","ping_status":"open","template":"","meta":{"ngg_post_thumbnail":0,"footnotes":"","_mc_calendar":[]},"aioseo_notices":[],"_links":{"self":[{"href":"https:\/\/blogsaverroes.juntadeandalucia.es\/iesalquivira\/wp-json\/wp\/v2\/pages\/144"}],"collection":[{"href":"https:\/\/blogsaverroes.juntadeandalucia.es\/iesalquivira\/wp-json\/wp\/v2\/pages"}],"about":[{"href":"https:\/\/blogsaverroes.juntadeandalucia.es\/iesalquivira\/wp-json\/wp\/v2\/types\/page"}],"author":[{"embeddable":true,"href":"https:\/\/blogsaverroes.juntadeandalucia.es\/iesalquivira\/wp-json\/wp\/v2\/users\/1"}],"replies":[{"embeddable":true,"href":"https:\/\/blogsaverroes.juntadeandalucia.es\/iesalquivira\/wp-json\/wp\/v2\/comments?post=144"}],"version-history":[{"count":19,"href":"https:\/\/blogsaverroes.juntadeandalucia.es\/iesalquivira\/wp-json\/wp\/v2\/pages\/144\/revisions"}],"predecessor-version":[{"id":4239,"href":"https:\/\/blogsaverroes.juntadeandalucia.es\/iesalquivira\/wp-json\/wp\/v2\/pages\/144\/revisions\/4239"}],"wp:attachment":[{"href":"https:\/\/blogsaverroes.juntadeandalucia.es\/iesalquivira\/wp-json\/wp\/v2\/media?parent=144"}],"curies":[{"name":"wp","href":"https:\/\/api.w.org\/{rel}","templated":true}]}}