{"id":28,"date":"2020-10-03T19:05:58","date_gmt":"2020-10-03T19:05:58","guid":{"rendered":"https:\/\/blogsaverroes.juntadeandalucia.es\/iesaltoalmanzora\/?page_id=28"},"modified":"2024-10-11T09:36:50","modified_gmt":"2024-10-11T09:36:50","slug":"oferta-educativa","status":"publish","type":"page","link":"https:\/\/blogsaverroes.juntadeandalucia.es\/iesaltoalmanzora\/oferta-educativa\/","title":{"rendered":"Oferta educativa"},"content":{"rendered":"<h2>Oferta educativa<\/h2>\n<hr size=\"1\">\n<p><b>Ciclo Formativo de Grado B\u00e1sico<\/b><\/p>\n<p><img decoding=\"async\" src=\"https:\/\/www.juntadeandalucia.es\/educacion\/vscripts\/centros\/datoscuract\/archivos\/bullet03.gif\" alt=\"\">&nbsp;Servicios administrativos<\/p>\n<p><b>Educaci\u00f3n Secundaria Obligatoria<\/b><\/p>\n<p><b>Primer y Segundo cursos de Educaci\u00f3n Secundaria Obligatoria<\/b><\/p>\n<p><b>Tercer y Cuarto cursos de Educaci\u00f3n Secundaria Obligatoria<\/b><\/p>\n<p><b>Formaci\u00f3n Profesional Inicial de Grado Medio<\/b><\/p>\n<p><img decoding=\"async\" src=\"https:\/\/www.juntadeandalucia.es\/educacion\/vscripts\/centros\/datoscuract\/archivos\/bullet03.gif\" alt=\"\">&nbsp;Atenci\u00f3n a personas en situaci\u00f3n de dependencia<\/p>\n<p><b>Bachillerato<\/b><\/p>\n<p><img decoding=\"async\" src=\"https:\/\/www.juntadeandalucia.es\/educacion\/vscripts\/centros\/datoscuract\/archivos\/bullet03.gif\" alt=\"\">&nbsp;Ciencias y Tecnolog\u00eda<\/p>\n<p><img decoding=\"async\" src=\"https:\/\/www.juntadeandalucia.es\/educacion\/vscripts\/centros\/datoscuract\/archivos\/bullet03.gif\" alt=\"\">&nbsp;Humanidades y Ciencias Sociales<\/p>\n<p><b>Formaci\u00f3n Profesional Inicial de Grado Superior<\/b><\/p>\n<p><img decoding=\"async\" src=\"https:\/\/www.juntadeandalucia.es\/educacion\/vscripts\/centros\/datoscuract\/archivos\/bullet03.gif\" alt=\"\">&nbsp;Administraci\u00f3n y finanzas<\/p>\n<p><img decoding=\"async\" src=\"https:\/\/www.juntadeandalucia.es\/educacion\/vscripts\/centros\/datoscuract\/archivos\/bullet03.gif\" alt=\"\">&nbsp;Integraci\u00f3n social<\/p>\n<p><b>Grado D. C.F. de G.B.<\/b><\/p>\n<p><img decoding=\"async\" src=\"https:\/\/www.juntadeandalucia.es\/educacion\/vscripts\/centros\/datoscuract\/archivos\/bullet03.gif\" alt=\"\">&nbsp;Servicios administrativos<\/p>\n<p><b>Grado D. C.F. de G.M.<\/b><\/p>\n<p><img decoding=\"async\" src=\"https:\/\/www.juntadeandalucia.es\/educacion\/vscripts\/centros\/datoscuract\/archivos\/bullet03.gif\" alt=\"\">&nbsp;Atenci\u00f3n a personas en situaci\u00f3n de dependencia<\/p>\n<p><b>Grado D. C.F. de G.S.<\/b><\/p>\n<p><img decoding=\"async\" src=\"https:\/\/www.juntadeandalucia.es\/educacion\/vscripts\/centros\/datoscuract\/archivos\/bullet03.gif\" alt=\"\">&nbsp;Administraci\u00f3n y finanzas<\/p>\n<p><img decoding=\"async\" src=\"https:\/\/www.juntadeandalucia.es\/educacion\/vscripts\/centros\/datoscuract\/archivos\/bullet03.gif\" alt=\"\">&nbsp;Integraci\u00f3n social<\/p>\n","protected":false},"excerpt":{"rendered":"<p>Oferta educativa Ciclo Formativo de Grado B\u00e1sico &nbsp;Servicios administrativos Educaci\u00f3n Secundaria Obligatoria Primer y Segundo cursos de Educaci\u00f3n Secundaria Obligatoria Tercer y Cuarto cursos de Educaci\u00f3n Secundaria Obligatoria Formaci\u00f3n Profesional Inicial de Grado Medio&#46;&#46;&#46;<\/p>\n","protected":false},"author":10541,"featured_media":0,"parent":0,"menu_order":0,"comment_status":"closed","ping_status":"closed","template":"","meta":{"ngg_post_thumbnail":0,"footnotes":""},"aioseo_notices":[],"_links":{"self":[{"href":"https:\/\/blogsaverroes.juntadeandalucia.es\/iesaltoalmanzora\/wp-json\/wp\/v2\/pages\/28"}],"collection":[{"href":"https:\/\/blogsaverroes.juntadeandalucia.es\/iesaltoalmanzora\/wp-json\/wp\/v2\/pages"}],"about":[{"href":"https:\/\/blogsaverroes.juntadeandalucia.es\/iesaltoalmanzora\/wp-json\/wp\/v2\/types\/page"}],"author":[{"embeddable":true,"href":"https:\/\/blogsaverroes.juntadeandalucia.es\/iesaltoalmanzora\/wp-json\/wp\/v2\/users\/10541"}],"replies":[{"embeddable":true,"href":"https:\/\/blogsaverroes.juntadeandalucia.es\/iesaltoalmanzora\/wp-json\/wp\/v2\/comments?post=28"}],"version-history":[{"count":2,"href":"https:\/\/blogsaverroes.juntadeandalucia.es\/iesaltoalmanzora\/wp-json\/wp\/v2\/pages\/28\/revisions"}],"predecessor-version":[{"id":1892,"href":"https:\/\/blogsaverroes.juntadeandalucia.es\/iesaltoalmanzora\/wp-json\/wp\/v2\/pages\/28\/revisions\/1892"}],"wp:attachment":[{"href":"https:\/\/blogsaverroes.juntadeandalucia.es\/iesaltoalmanzora\/wp-json\/wp\/v2\/media?parent=28"}],"curies":[{"name":"wp","href":"https:\/\/api.w.org\/{rel}","templated":true}]}}