{"id":347,"date":"2021-01-19T20:23:41","date_gmt":"2021-01-19T20:23:41","guid":{"rendered":"https:\/\/blogsaverroes.juntadeandalucia.es\/iesaltoalmanzora\/?page_id=347"},"modified":"2021-06-10T08:16:23","modified_gmt":"2021-06-10T08:16:23","slug":"atencion-a-las-personas-en-situacion-de-dependencia","status":"publish","type":"page","link":"https:\/\/blogsaverroes.juntadeandalucia.es\/iesaltoalmanzora\/ciclos-formativos\/atencion-a-las-personas-en-situacion-de-dependencia\/","title":{"rendered":"Atenci\u00f3n a las personas en situaci\u00f3n de dependencia"},"content":{"rendered":"<p><strong>CICLO DE GRADO MEDIO DE ATENCI\u00d3N A PERSONAS EN SITUACI\u00d3N DE DEPENDENCIA<\/strong><\/p>\n<p><iframe loading=\"lazy\" src=\"\/\/www.youtube.com\/embed\/2eN4INU5htQ\" width=\"560\" height=\"314\"><\/iframe><\/p>\n<p><strong>\u00bf QU\u00c9 OCUPACIONES PUEDES DESEMPE\u0147AR ?<\/strong><\/p>\n<ul>\n<li>Cuidador o cuidadora de personas en situaci\u00f3n de dependencia en diferentes instituciones y\/o domicilios.<\/li>\n<li>Cuidador o cuidadora en centros de atenci\u00f3n psiqui\u00e1trica.<\/li>\n<li>Gerocultor o gerocultora.<\/li>\n<li>Gobernante y subgobernante de personas en situaci\u00f3n de dependencia en instituciones.<\/li>\n<li>Auxiliar responsable de planta de residencias de mayores y personas con discapacidad.<\/li>\n<li>Auxiliar de ayuda a domicilio.<\/li>\n<li>Asistente de atenci\u00f3n domiciliaria.<\/li>\n<li>Trabajador o trabajadora familiar.<\/li>\n<li>Auxiliar de educaci\u00f3n especial.<\/li>\n<li>Asistente personal.<\/li>\n<li>Teleoperador\/a de teleasistencia.<\/li>\n<\/ul>\n<p><strong>DURACI\u00d3N: 2000 horas<\/strong><\/p>\n<p><strong>M\u00d3DULOS PROFESIONALES<\/strong><\/p>\n<p><strong>Primer curso:<\/strong><\/p>\n<ul>\n<li>Organizaci\u00f3n de la atenci\u00f3n a las personas en situaci\u00f3n de dependencia.<\/li>\n<li>Caracter\u00edsticas y necesidades de las personas en situaci\u00f3n de dependencia.<\/li>\n<li>Atenci\u00f3n y apoyo psicosocial.<\/li>\n<li>Apoyo domiciliario.<\/li>\n<li>Atenci\u00f3n higi\u00e9nica.<\/li>\n<li>Primeros auxilios.<\/li>\n<li>Formaci\u00f3n y orientaci\u00f3n laboral.<\/li>\n<\/ul>\n<p><strong>Segundo curso:<\/strong><\/p>\n<ul>\n<li>Destrezas sociales.<\/li>\n<li>Apoyo a la comunicaci\u00f3n.<\/li>\n<li>Atenci\u00f3n sanitaria.<\/li>\n<li>Teleasistencia.<\/li>\n<li>Empresa e iniciativa emprendedora.<\/li>\n<li>Formaci\u00f3n en Centros de Trabajo.<\/li>\n<\/ul>\n<p><strong>\u00bf C\u00d3MO SE ACCEDE ?<\/strong><\/p>\n<p><strong>Acceso directo:<\/strong><\/p>\n<ul>\n<li>Graduados en Educaci\u00f3n Secundaria Obligatoria.<\/li>\n<li>Titulados de Formaci\u00f3n Profesional de primer grado (T\u00e9cnico Auxiliar).<\/li>\n<li>Titulados de Formaci\u00f3n Profesional de grado medio (T\u00e9cnico).<\/li>\n<li>Tener 2.\u00ba de BUP aprobado.<\/li>\n<li>Haber superado el segundo curso del primer ciclo experimental de reforma de las ense\u00f1anzas medias.<\/li>\n<\/ul>\n<p><strong>Acceso mediante prueba:<\/strong><\/p>\n<p style=\"padding-left: 40px\">Sin cumplir ninguno de los requisitos acad\u00e9micos de acceso directo, tener diecisiete a\u00f1os de edad o cumplirlos durante el a\u00f1o en curso, y superar la correspondiente prueba de acceso.<\/p>\n<p><strong>TITULACI\u00d3N QUE SE OBTIENE: <em>T\u00c9CNICO EN ATENCI\u00d3N A PERSONAS EN SITUACI\u00d3N DE DEPENDENCIA.<\/em><\/strong><br \/>\nEl alumnado que obtenga la titulaci\u00f3n podr\u00e1 acceder a los estudios de Bachillerato.<br \/>\nO continuar otros estudios de Formaci\u00f3n Profesional.<\/p>\n<p><strong>TITULACIONES EQUIVALENTES<\/strong><br \/>\nConforme la norma vigente, tienen los mismos efectos profesionales y acad\u00e9micos las siguientes titulaciones:<br \/>\nT\u00e9cnico en Atenci\u00f3n Sociosanitaria.(LOGSE)<\/p>\n","protected":false},"excerpt":{"rendered":"<p>CICLO DE GRADO MEDIO DE ATENCI\u00d3N A PERSONAS EN SITUACI\u00d3N DE DEPENDENCIA \u00bf QU\u00c9 OCUPACIONES PUEDES DESEMPE\u0147AR ? Cuidador o cuidadora de personas en situaci\u00f3n de dependencia en diferentes instituciones y\/o domicilios. Cuidador o&#46;&#46;&#46;<\/p>\n","protected":false},"author":10541,"featured_media":0,"parent":115,"menu_order":0,"comment_status":"closed","ping_status":"closed","template":"","meta":{"ngg_post_thumbnail":0,"footnotes":""},"aioseo_notices":[],"_links":{"self":[{"href":"https:\/\/blogsaverroes.juntadeandalucia.es\/iesaltoalmanzora\/wp-json\/wp\/v2\/pages\/347"}],"collection":[{"href":"https:\/\/blogsaverroes.juntadeandalucia.es\/iesaltoalmanzora\/wp-json\/wp\/v2\/pages"}],"about":[{"href":"https:\/\/blogsaverroes.juntadeandalucia.es\/iesaltoalmanzora\/wp-json\/wp\/v2\/types\/page"}],"author":[{"embeddable":true,"href":"https:\/\/blogsaverroes.juntadeandalucia.es\/iesaltoalmanzora\/wp-json\/wp\/v2\/users\/10541"}],"replies":[{"embeddable":true,"href":"https:\/\/blogsaverroes.juntadeandalucia.es\/iesaltoalmanzora\/wp-json\/wp\/v2\/comments?post=347"}],"version-history":[{"count":2,"href":"https:\/\/blogsaverroes.juntadeandalucia.es\/iesaltoalmanzora\/wp-json\/wp\/v2\/pages\/347\/revisions"}],"predecessor-version":[{"id":641,"href":"https:\/\/blogsaverroes.juntadeandalucia.es\/iesaltoalmanzora\/wp-json\/wp\/v2\/pages\/347\/revisions\/641"}],"up":[{"embeddable":true,"href":"https:\/\/blogsaverroes.juntadeandalucia.es\/iesaltoalmanzora\/wp-json\/wp\/v2\/pages\/115"}],"wp:attachment":[{"href":"https:\/\/blogsaverroes.juntadeandalucia.es\/iesaltoalmanzora\/wp-json\/wp\/v2\/media?parent=347"}],"curies":[{"name":"wp","href":"https:\/\/api.w.org\/{rel}","templated":true}]}}