{"id":3975,"date":"2021-03-06T20:32:12","date_gmt":"2021-03-06T19:32:12","guid":{"rendered":"https:\/\/blogsaverroes.juntadeandalucia.es\/iesalvarnunez\/?page_id=3975"},"modified":"2025-06-12T10:18:48","modified_gmt":"2025-06-12T08:18:48","slug":"novedades","status":"publish","type":"page","link":"https:\/\/blogsaverroes.juntadeandalucia.es\/iesalvarnunez\/novedades\/","title":{"rendered":"Novedades"},"content":{"rendered":"\t\t<div data-elementor-type=\"wp-page\" data-elementor-id=\"3975\" class=\"elementor elementor-3975\">\n\t\t\t\t\t\t<section class=\"elementor-section elementor-top-section elementor-element elementor-element-965b0bd elementor-section-boxed elementor-section-height-default elementor-section-height-default\" data-id=\"965b0bd\" data-element_type=\"section\">\n\t\t\t\t\t\t<div class=\"elementor-container elementor-column-gap-default\">\n\t\t\t\t\t<div class=\"elementor-column elementor-col-100 elementor-top-column elementor-element elementor-element-8f85764\" data-id=\"8f85764\" data-element_type=\"column\">\n\t\t\t<div class=\"elementor-widget-wrap elementor-element-populated\">\n\t\t\t\t\t\t<div class=\"elementor-element elementor-element-3f31f94 elementor-widget elementor-widget-accordion\" data-id=\"3f31f94\" data-element_type=\"widget\" data-widget_type=\"accordion.default\">\n\t\t\t\t<div class=\"elementor-widget-container\">\n\t\t\t\t\t\t\t<div class=\"elementor-accordion\">\n\t\t\t\t\t\t\t<div class=\"elementor-accordion-item\">\n\t\t\t\t\t<div id=\"elementor-tab-title-6621\" class=\"elementor-tab-title\" data-tab=\"1\" role=\"button\" aria-controls=\"elementor-tab-content-6621\" aria-expanded=\"false\">\n\t\t\t\t\t\t\t\t\t\t\t\t\t<span class=\"elementor-accordion-icon elementor-accordion-icon-left\" aria-hidden=\"true\">\n\t\t\t\t\t\t\t\t\t\t\t\t\t\t\t<span class=\"elementor-accordion-icon-closed\"><i class=\"fas fa-plus\"><\/i><\/span>\n\t\t\t\t\t\t\t\t<span class=\"elementor-accordion-icon-opened\"><i class=\"fas fa-minus\"><\/i><\/span>\n\t\t\t\t\t\t\t\t\t\t\t\t\t\t<\/span>\n\t\t\t\t\t\t\t\t\t\t\t\t<a class=\"elementor-accordion-title\" tabindex=\"0\">Convocatoria a las pruebas extraordinarias para la obtenci\u00f3n del T\u00edtulo de Graduado\/a en Educaci\u00f3n Secundaria Obligatoria, para el alumnado que finaliz\u00f3 la etapa sin haber conseguido el t\u00edtulo<\/a>\n\t\t\t\t\t<\/div>\n\t\t\t\t\t<div id=\"elementor-tab-content-6621\" class=\"elementor-tab-content elementor-clearfix\" data-tab=\"1\" role=\"region\" aria-labelledby=\"elementor-tab-title-6621\"><p><strong>Procedimiento para solicitar la participaci\u00f3n en las pruebas:<\/strong><\/p>\n<p style=\"padding-left: 40px\">\u2022 Cumplimentar y entregar la solicitud en la secretar\u00eda del centro.<br>\u2022 Una vez admitidos, los solicitantes podr\u00e1n retirar de la jefatura de estudios los programas de recuperaci\u00f3n de cada una de las materias o \u00e1mbitos a las que se presente.<br>\u2022 La informaci\u00f3n con la relaci\u00f3n de admitidos a las pruebas, as\u00ed como el calendario de realizaci\u00f3n de las diferentes pruebas, se publicar\u00e1 en el tabl\u00f3n de anuncios del centro por la jefatura de estudios.<\/p>\n<p><strong>Plazo de entrega de la solicitud<\/strong>.<\/p>\n<p style=\"padding-left: 40px\">\u2022 Del 20 al 30 del mes de junio.<\/p>\n<p><strong>Requisitos:<\/strong><\/p>\n<p style=\"padding-left: 40px\">\u2022 Tener m\u00e1s de 18 a\u00f1os o cumplirlos en el a\u00f1o en curso.<br>\u2022 Haber cursado 4\u00ba ESO en el IES Alvar N\u00fa\u00f1ez en los dos a\u00f1os acad\u00e9micos inmediatamente anteriores al actual.<\/p>\n<p><strong>Realizaci\u00f3n de las Pruebas: <\/strong><\/p>\n<p style=\"padding-left: 40px\">\u2022 Las pruebas se realizar\u00e1n los en los primeros cinco d\u00edas del mes de septiembre.<\/p>\n<p><a href=\"https:\/\/blogsaverroes.juntadeandalucia.es\/iesalvarnunez\/files\/2025\/06\/solicitud_pruebas_extraordinarias_4eso.pdf\" target=\"_blank\">Descarga de la solicitud<\/a><\/p><\/div>\n\t\t\t\t<\/div>\n\t\t\t\t\t\t\t\t<\/div>\n\t\t\t\t\t\t<\/div>\n\t\t\t\t<\/div>\n\t\t\t\t\t<\/div>\n\t\t<\/div>\n\t\t\t\t\t<\/div>\n\t\t<\/section>\n\t\t\t\t<section class=\"elementor-section elementor-top-section elementor-element elementor-element-cd99578 elementor-section-boxed elementor-section-height-default elementor-section-height-default\" data-id=\"cd99578\" data-element_type=\"section\">\n\t\t\t\t\t\t<div class=\"elementor-container elementor-column-gap-default\">\n\t\t\t\t\t<div class=\"elementor-column elementor-col-50 elementor-top-column elementor-element elementor-element-432389f\" data-id=\"432389f\" data-element_type=\"column\">\n\t\t\t<div class=\"elementor-widget-wrap elementor-element-populated\">\n\t\t\t\t\t\t<div class=\"elementor-element elementor-element-4b14c29 elementor-widget elementor-widget-accordion\" data-id=\"4b14c29\" data-element_type=\"widget\" data-widget_type=\"accordion.default\">\n\t\t\t\t<div class=\"elementor-widget-container\">\n\t\t\t\t\t\t\t<div class=\"elementor-accordion\">\n\t\t\t\t\t\t\t<div class=\"elementor-accordion-item\">\n\t\t\t\t\t<h5 id=\"elementor-tab-title-7871\" class=\"elementor-tab-title\" data-tab=\"1\" role=\"button\" aria-controls=\"elementor-tab-content-7871\" aria-expanded=\"false\">\n\t\t\t\t\t\t\t\t\t\t\t\t\t<span class=\"elementor-accordion-icon elementor-accordion-icon-left\" aria-hidden=\"true\">\n\t\t\t\t\t\t\t\t\t\t\t\t\t\t\t<span class=\"elementor-accordion-icon-closed\"><i class=\"fas fa-plus\"><\/i><\/span>\n\t\t\t\t\t\t\t\t<span class=\"elementor-accordion-icon-opened\"><i class=\"fas fa-minus\"><\/i><\/span>\n\t\t\t\t\t\t\t\t\t\t\t\t\t\t<\/span>\n\t\t\t\t\t\t\t\t\t\t\t\t<a class=\"elementor-accordion-title\" tabindex=\"0\">Contrataci\u00f3n<\/a>\n\t\t\t\t\t<\/h5>\n\t\t\t\t\t<div id=\"elementor-tab-content-7871\" class=\"elementor-tab-content elementor-clearfix\" data-tab=\"1\" role=\"region\" aria-labelledby=\"elementor-tab-title-7871\"><p>Presentaci\u00f3n de ofertas y presupuestos desde el 5 de septiembre hasta el 25 de septiembre de 2023.<\/p><ul><li><a href=\"https:\/\/blogsaverroes.juntadeandalucia.es\/iesalvarnunez\/files\/2023\/09\/anuncio_contratacion.pdf\" target=\"_blank\" rel=\"noopener\"><em>Ver anuncio de necesidades de contrataci\u00f3n del centro para e curso 2023\/24.<\/em><\/a><\/li><li><a href=\"https:\/\/blogsaverroes.juntadeandalucia.es\/iesalvarnunez\/novedades\/contratos\/\" target=\"_blank\" rel=\"noopener\"><em>Ver documentos descriptivos.<\/em><\/a><\/li><\/ul><\/div>\n\t\t\t\t<\/div>\n\t\t\t\t\t\t\t\t<\/div>\n\t\t\t\t\t\t<\/div>\n\t\t\t\t<\/div>\n\t\t\t\t<div class=\"elementor-element elementor-element-226a566 elementor-widget elementor-widget-accordion\" data-id=\"226a566\" data-element_type=\"widget\" data-widget_type=\"accordion.default\">\n\t\t\t\t<div class=\"elementor-widget-container\">\n\t\t\t\t\t\t\t<div class=\"elementor-accordion\">\n\t\t\t\t\t\t\t<div class=\"elementor-accordion-item\">\n\t\t\t\t\t<h5 id=\"elementor-tab-title-3601\" class=\"elementor-tab-title\" data-tab=\"1\" role=\"button\" aria-controls=\"elementor-tab-content-3601\" aria-expanded=\"false\">\n\t\t\t\t\t\t\t\t\t\t\t\t\t<span class=\"elementor-accordion-icon elementor-accordion-icon-left\" aria-hidden=\"true\">\n\t\t\t\t\t\t\t\t\t\t\t\t\t\t\t<span class=\"elementor-accordion-icon-closed\"><i class=\"fas fa-plus\"><\/i><\/span>\n\t\t\t\t\t\t\t\t<span class=\"elementor-accordion-icon-opened\"><i class=\"fas fa-minus\"><\/i><\/span>\n\t\t\t\t\t\t\t\t\t\t\t\t\t\t<\/span>\n\t\t\t\t\t\t\t\t\t\t\t\t<a class=\"elementor-accordion-title\" tabindex=\"0\">Otros tr\u00e1mites.<\/a>\n\t\t\t\t\t<\/h5>\n\t\t\t\t\t<div id=\"elementor-tab-content-3601\" class=\"elementor-tab-content elementor-clearfix\" data-tab=\"1\" role=\"region\" aria-labelledby=\"elementor-tab-title-3601\"><ul><li><a href=\"https:\/\/blogsaverroes.juntadeandalucia.es\/iesalvarnunez\/solicitud-de-certificados-academicos\/\" target=\"_blank\" rel=\"noopener\">Solicitar un certificado de expediente.<\/a><\/li><li><a href=\"https:\/\/blogsaverroes.juntadeandalucia.es\/iesalvarnunez\/tramites-administrativos\/titulos-2\/\" target=\"_blank\" rel=\"noopener\">Solicitar el T\u00edtulo de Bachillerato.<\/a><\/li><li><a href=\"https:\/\/blogsaverroes.juntadeandalucia.es\/iesalvarnunez\/files\/2024\/06\/anuncio_pruebas_extraordinarias_titulo_eso.pdf\" target=\"_blank\" rel=\"noopener\">Solicitar la participaci\u00f3n en las pruebas extraordinarias para la obtenci\u00f3n del T\u00edtulo en Graduado en ESO<\/a><\/li><\/ul><\/div>\n\t\t\t\t<\/div>\n\t\t\t\t\t\t\t\t<\/div>\n\t\t\t\t\t\t<\/div>\n\t\t\t\t<\/div>\n\t\t\t\t\t<\/div>\n\t\t<\/div>\n\t\t\t\t<div class=\"elementor-column elementor-col-50 elementor-top-column elementor-element elementor-element-2c3888d\" data-id=\"2c3888d\" data-element_type=\"column\">\n\t\t\t<div class=\"elementor-widget-wrap elementor-element-populated\">\n\t\t\t\t\t\t<div class=\"elementor-element elementor-element-19c017c elementor-widget elementor-widget-accordion\" data-id=\"19c017c\" data-element_type=\"widget\" data-widget_type=\"accordion.default\">\n\t\t\t\t<div class=\"elementor-widget-container\">\n\t\t\t\t\t\t\t<div class=\"elementor-accordion\">\n\t\t\t\t\t\t\t<div class=\"elementor-accordion-item\">\n\t\t\t\t\t<h5 id=\"elementor-tab-title-2701\" class=\"elementor-tab-title\" data-tab=\"1\" role=\"button\" aria-controls=\"elementor-tab-content-2701\" aria-expanded=\"false\">\n\t\t\t\t\t\t\t\t\t\t\t\t\t<span class=\"elementor-accordion-icon elementor-accordion-icon-left\" aria-hidden=\"true\">\n\t\t\t\t\t\t\t\t\t\t\t\t\t\t\t<span class=\"elementor-accordion-icon-closed\"><i class=\"fas fa-plus\"><\/i><\/span>\n\t\t\t\t\t\t\t\t<span class=\"elementor-accordion-icon-opened\"><i class=\"fas fa-minus\"><\/i><\/span>\n\t\t\t\t\t\t\t\t\t\t\t\t\t\t<\/span>\n\t\t\t\t\t\t\t\t\t\t\t\t<a class=\"elementor-accordion-title\" tabindex=\"0\">Solicitud de plaza en el centro en periodo extraordinario<\/a>\n\t\t\t\t\t<\/h5>\n\t\t\t\t\t<div id=\"elementor-tab-content-2701\" class=\"elementor-tab-content elementor-clearfix\" data-tab=\"1\" role=\"region\" aria-labelledby=\"elementor-tab-title-2701\"><p>El per\u00edodo ordinario para solicitar plaza en el centro es del 1 de marzo al 31 de marzo de cada a\u00f1o. Fuera de este periodo se puede solicitar plaza escolar en el centro mediante presentaci\u00f3n en la secretar\u00eda de un <a href=\"https:\/\/blogsaverroes.juntadeandalucia.es\/iesalvarnunez\/files\/2023\/09\/anexo_IX.pdf\" target=\"_blank\" rel=\"noopener\"><em>anexo IX<\/em><\/a>, si se cumple alguno de los siguientes requisitos:<span style=\"font-size: small\"><br \/><\/span><\/p><ul><li><span style=\"font-size: small\">Cambio de domicilio que la familia.<\/span><\/li><li><span style=\"font-size: small\">Discapacidad sobrevenida.<\/span><\/li><li><span style=\"font-size: small\">Violencia de g\u00e9nero.<\/span><\/li><li><span style=\"font-size: small\">Acoso escolar.<\/span><\/li><li><span style=\"font-size: small\">Enfermedad grave.<\/span><\/li><\/ul><\/div>\n\t\t\t\t<\/div>\n\t\t\t\t\t\t\t\t<\/div>\n\t\t\t\t\t\t<\/div>\n\t\t\t\t<\/div>\n\t\t\t\t\t<\/div>\n\t\t<\/div>\n\t\t\t\t\t<\/div>\n\t\t<\/section>\n\t\t\t\t<section class=\"elementor-section elementor-top-section elementor-element elementor-element-72217d0 elementor-section-boxed elementor-section-height-default elementor-section-height-default\" data-id=\"72217d0\" data-element_type=\"section\">\n\t\t\t\t\t\t<div class=\"elementor-container elementor-column-gap-default\">\n\t\t\t\t\t<div class=\"elementor-column elementor-col-100 elementor-top-column elementor-element elementor-element-f54ad32\" data-id=\"f54ad32\" data-element_type=\"column\">\n\t\t\t<div class=\"elementor-widget-wrap elementor-element-populated\">\n\t\t\t\t\t\t<div class=\"elementor-element elementor-element-8068e51 elementor-widget elementor-widget-accordion\" data-id=\"8068e51\" data-element_type=\"widget\" data-widget_type=\"accordion.default\">\n\t\t\t\t<div class=\"elementor-widget-container\">\n\t\t\t\t\t\t\t<div class=\"elementor-accordion\">\n\t\t\t\t\t\t\t<div class=\"elementor-accordion-item\">\n\t\t\t\t\t<h5 id=\"elementor-tab-title-1341\" class=\"elementor-tab-title\" data-tab=\"1\" role=\"button\" aria-controls=\"elementor-tab-content-1341\" aria-expanded=\"false\">\n\t\t\t\t\t\t\t\t\t\t\t\t\t<span class=\"elementor-accordion-icon elementor-accordion-icon-left\" aria-hidden=\"true\">\n\t\t\t\t\t\t\t\t\t\t\t\t\t\t\t<span class=\"elementor-accordion-icon-closed\"><i class=\"fas fa-plus\"><\/i><\/span>\n\t\t\t\t\t\t\t\t<span class=\"elementor-accordion-icon-opened\"><i class=\"fas fa-minus\"><\/i><\/span>\n\t\t\t\t\t\t\t\t\t\t\t\t\t\t<\/span>\n\t\t\t\t\t\t\t\t\t\t\t\t<a class=\"elementor-accordion-title\" tabindex=\"0\">Sugerencias y reclamaciones<\/a>\n\t\t\t\t\t<\/h5>\n\t\t\t\t\t<div id=\"elementor-tab-content-1341\" class=\"elementor-tab-content elementor-clearfix\" data-tab=\"1\" role=\"region\" aria-labelledby=\"elementor-tab-title-1341\"><ul style=\"list-style-type: circle\"><li><span style=\"text-decoration: underline\"><a href=\"https:\/\/www.juntadeandalucia.es\/lsr\/lsr\/inicio.jsp\" target=\"_blank\" rel=\"noopener\"><em>Acceso al libro de sugerencias y reclamaciones de la Junta de Andaluc\u00eda<\/em><\/a><\/span><\/li><\/ul><\/div>\n\t\t\t\t<\/div>\n\t\t\t\t\t\t\t\t<\/div>\n\t\t\t\t\t\t<\/div>\n\t\t\t\t<\/div>\n\t\t\t\t\t<\/div>\n\t\t<\/div>\n\t\t\t\t\t<\/div>\n\t\t<\/section>\n\t\t\t\t<\/div>\n\t\t","protected":false},"excerpt":{"rendered":"<p>Convocatoria a las pruebas extraordinarias para la obtenci\u00f3n del T\u00edtulo de Graduado\/a en Educaci\u00f3n Secundaria Obligatoria, para el alumnado que finaliz\u00f3 la etapa sin haber conseguido el t\u00edtulo Procedimiento para solicitar la participaci\u00f3n en las pruebas: \u2022 Cumplimentar y entregar la solicitud en la secretar\u00eda del centro.\u2022 Una vez admitidos, los solicitantes podr\u00e1n retirar de [&hellip;]<\/p>\n","protected":false},"author":10499,"featured_media":0,"parent":0,"menu_order":0,"comment_status":"closed","ping_status":"closed","template":"","meta":{"ngg_post_thumbnail":0,"footnotes":"","_mc_calendar":[]},"aioseo_notices":[],"_links":{"self":[{"href":"https:\/\/blogsaverroes.juntadeandalucia.es\/iesalvarnunez\/wp-json\/wp\/v2\/pages\/3975"}],"collection":[{"href":"https:\/\/blogsaverroes.juntadeandalucia.es\/iesalvarnunez\/wp-json\/wp\/v2\/pages"}],"about":[{"href":"https:\/\/blogsaverroes.juntadeandalucia.es\/iesalvarnunez\/wp-json\/wp\/v2\/types\/page"}],"author":[{"embeddable":true,"href":"https:\/\/blogsaverroes.juntadeandalucia.es\/iesalvarnunez\/wp-json\/wp\/v2\/users\/10499"}],"replies":[{"embeddable":true,"href":"https:\/\/blogsaverroes.juntadeandalucia.es\/iesalvarnunez\/wp-json\/wp\/v2\/comments?post=3975"}],"version-history":[{"count":285,"href":"https:\/\/blogsaverroes.juntadeandalucia.es\/iesalvarnunez\/wp-json\/wp\/v2\/pages\/3975\/revisions"}],"predecessor-version":[{"id":5933,"href":"https:\/\/blogsaverroes.juntadeandalucia.es\/iesalvarnunez\/wp-json\/wp\/v2\/pages\/3975\/revisions\/5933"}],"wp:attachment":[{"href":"https:\/\/blogsaverroes.juntadeandalucia.es\/iesalvarnunez\/wp-json\/wp\/v2\/media?parent=3975"}],"curies":[{"name":"wp","href":"https:\/\/api.w.org\/{rel}","templated":true}]}}