{"id":101,"date":"2021-06-29T08:50:37","date_gmt":"2021-06-29T08:50:37","guid":{"rendered":"https:\/\/blogsaverroes.juntadeandalucia.es\/iesantonioalvarezlopez\/?page_id=101"},"modified":"2025-04-12T09:15:05","modified_gmt":"2025-04-12T07:15:05","slug":"premio-feria-del-libro-2019","status":"publish","type":"page","link":"https:\/\/blogsaverroes.juntadeandalucia.es\/iesantonioalvarezlopez\/premio-feria-del-libro-2019\/","title":{"rendered":"Premio Feria del Libro 2019"},"content":{"rendered":"<table style=\"width: 100%\" border=\"0\" align=\"center\">\n<tbody>\n<tr>\n<td style=\"font-family: Georgia, 'Times New Roman', Times, serif;font-size: larger;text-align: center;background-color: #d5edf4\"><span style=\"font-size: 18pt\">Premio de la Feria del Libro de Sevilla 2019 al IES Gelves por su fomento de la lectura<\/span><\/td>\n<\/tr>\n<\/tbody>\n<\/table>\n<p><a href=\"https:\/\/blogsaverroes.juntadeandalucia.es\/iesantonioalvarezlopez\/files\/2021\/01\/CartelPremioFLS.jpg\"><img loading=\"lazy\" decoding=\"async\" class=\"wp-image-3401 aligncenter\" src=\"https:\/\/blogsaverroes.juntadeandalucia.es\/iesantonioalvarezlopez\/files\/2021\/01\/CartelPremioFLS-1024x689.jpg\" alt=\"\" width=\"416\" height=\"280\" srcset=\"https:\/\/blogsaverroes.juntadeandalucia.es\/iesantonioalvarezlopez\/files\/2021\/01\/CartelPremioFLS-1024x689.jpg 1024w, https:\/\/blogsaverroes.juntadeandalucia.es\/iesantonioalvarezlopez\/files\/2021\/01\/CartelPremioFLS-300x202.jpg 300w, https:\/\/blogsaverroes.juntadeandalucia.es\/iesantonioalvarezlopez\/files\/2021\/01\/CartelPremioFLS-768x517.jpg 768w, https:\/\/blogsaverroes.juntadeandalucia.es\/iesantonioalvarezlopez\/files\/2021\/01\/CartelPremioFLS.jpg 1080w\" sizes=\"(max-width: 416px) 100vw, 416px\" \/><\/a><\/p>\n<div>\n<p>Nuestro Proyecto&#8230;<\/p>\n<p style=\"text-align: center\"><a href=\"https:\/\/blogsaverroes.juntadeandalucia.es\/iesantonioalvarezlopez\/files\/2021\/01\/Proyecto.pdf\"><img loading=\"lazy\" decoding=\"async\" class=\"alignnone wp-image-3402\" src=\"https:\/\/blogsaverroes.juntadeandalucia.es\/iesantonioalvarezlopez\/files\/2021\/01\/Plan_FLS.png\" alt=\"\" width=\"202\" height=\"263\" srcset=\"https:\/\/blogsaverroes.juntadeandalucia.es\/iesantonioalvarezlopez\/files\/2021\/01\/Plan_FLS.png 290w, https:\/\/blogsaverroes.juntadeandalucia.es\/iesantonioalvarezlopez\/files\/2021\/01\/Plan_FLS-230x300.png 230w\" sizes=\"(max-width: 202px) 100vw, 202px\" \/><\/a><\/p>\n<\/div>\n<p style=\"text-align: center\"><span style=\"color: #0585bc;font-family: terminal, monaco\"><span style=\"font-size: 18.6667px\"><strong>Entrega del Premio al Fomento de la Lectura en la Feria del Libro de Sevilla al IES Gelves<\/strong><\/span><\/span><\/p>\n<p>El momento central de la entrega del Premio al Fomento de la Lectura en la Feria del Libro de Sevilla al IES Gelves: la intervenci\u00f3n de Antonio \u00c1lvarez L\u00f3pez. A los presentes no se nos olvidar\u00e1n f\u00e1cilmente sus palabras.<\/p>\n<p style=\"text-align: center\"><iframe loading=\"lazy\" src=\"https:\/\/www.youtube.com\/embed\/nxz8mPI3rd8?si=CfRxD1Pj-R4IoWoQ\" width=\"560\" height=\"315\" frameborder=\"0\"><\/iframe><\/p>\n<p>Como dice Antonio \u00c1lvarez L\u00f3pez, nuestro director, un honor y un est\u00edmulo para todos recibir el Premio al Fomento de la Lectura por parte de la Feria del Libro de Sevilla. Hoy ha sido una verdadera jornada festiva, bonita y emotiva, que comenz\u00f3 con el encuentro de nuestros j\u00f3venes con el escritor Daniel Ojeda. Felicidades a todos los que lo hac\u00e9is realidad cada d\u00eda en el IES Gelves.<\/p>\n","protected":false},"excerpt":{"rendered":"<p>Premio de la Feria del Libro de Sevilla 2019 al IES Gelves por su fomento de la lectura Nuestro Proyecto&#8230; Entrega del Premio al Fomento de la Lectura en la Feria del Libro de&#46;&#46;&#46;<\/p>\n","protected":false},"author":10111,"featured_media":0,"parent":0,"menu_order":0,"comment_status":"closed","ping_status":"closed","template":"","meta":{"ngg_post_thumbnail":0,"footnotes":""},"aioseo_notices":[],"_links":{"self":[{"href":"https:\/\/blogsaverroes.juntadeandalucia.es\/iesantonioalvarezlopez\/wp-json\/wp\/v2\/pages\/101"}],"collection":[{"href":"https:\/\/blogsaverroes.juntadeandalucia.es\/iesantonioalvarezlopez\/wp-json\/wp\/v2\/pages"}],"about":[{"href":"https:\/\/blogsaverroes.juntadeandalucia.es\/iesantonioalvarezlopez\/wp-json\/wp\/v2\/types\/page"}],"author":[{"embeddable":true,"href":"https:\/\/blogsaverroes.juntadeandalucia.es\/iesantonioalvarezlopez\/wp-json\/wp\/v2\/users\/10111"}],"replies":[{"embeddable":true,"href":"https:\/\/blogsaverroes.juntadeandalucia.es\/iesantonioalvarezlopez\/wp-json\/wp\/v2\/comments?post=101"}],"version-history":[{"count":2,"href":"https:\/\/blogsaverroes.juntadeandalucia.es\/iesantonioalvarezlopez\/wp-json\/wp\/v2\/pages\/101\/revisions"}],"predecessor-version":[{"id":10859,"href":"https:\/\/blogsaverroes.juntadeandalucia.es\/iesantonioalvarezlopez\/wp-json\/wp\/v2\/pages\/101\/revisions\/10859"}],"wp:attachment":[{"href":"https:\/\/blogsaverroes.juntadeandalucia.es\/iesantonioalvarezlopez\/wp-json\/wp\/v2\/media?parent=101"}],"curies":[{"name":"wp","href":"https:\/\/api.w.org\/{rel}","templated":true}]}}