{"id":153,"date":"2015-03-17T07:48:56","date_gmt":"2015-03-17T07:48:56","guid":{"rendered":"http:\/\/blogsaverroes.juntadeandalucia.es\/pre\/ceip\/?page_id=153"},"modified":"2025-11-27T18:57:47","modified_gmt":"2025-11-27T16:57:47","slug":"geografia-e-historia-2","status":"publish","type":"page","link":"https:\/\/blogsaverroes.juntadeandalucia.es\/iesantonioalvarezlopez\/geografia-e-historia-2\/","title":{"rendered":"Geograf\u00eda e Historia"},"content":{"rendered":"<p><img loading=\"lazy\" decoding=\"async\" class=\"aligncenter size-medium wp-image-2109\" src=\"http:\/\/blogsaverroes.juntadeandalucia.es\/temafrontieries\/files\/2015\/03\/geografia_historia-300x225.png\" alt=\"geografia_historia\" width=\"300\" height=\"225\" srcset=\"https:\/\/blogsaverroes.juntadeandalucia.es\/iesantonioalvarezlopez\/files\/2015\/03\/geografia_historia-300x225.png 300w, https:\/\/blogsaverroes.juntadeandalucia.es\/iesantonioalvarezlopez\/files\/2015\/03\/geografia_historia.png 640w\" sizes=\"(max-width: 300px) 100vw, 300px\" \/><\/p>\n<table style=\"width: 100%\" border=\"0\" align=\"center\">\n<tbody>\n<tr>\n<td style=\"font-family: Georgia, 'Times New Roman', Times, serif;font-size: larger;text-align: center;background-color: #d5edf4\"><span style=\"font-size: 18pt\">Departamento de Geograf\u00eda e Historia<\/span><\/td>\n<\/tr>\n<\/tbody>\n<\/table>\n<p>En esta programaci\u00f3n se encuentran incluidos los Criterios de Evaluaci\u00f3n y los programas de refuerzo al alumnado repetidor y con materias pendientes.<\/p>\n<ul>\n<li><a href=\"https:\/\/blogsaverroes.juntadeandalucia.es\/iesantonioalvarezlopez\/files\/2025\/11\/Geografia-e-Historia.pdf\" target=\"_blank\" rel=\"noopener\">Programaci\u00f3n 2025\/26<\/a><\/li>\n<li><a href=\"https:\/\/blogsaverroes.juntadeandalucia.es\/iesantonioalvarezlopez\/files\/2024\/07\/Memoria-del-Departamento-de-Geografia-e-Historia.pdf\">Memoria 2023\/24<\/a><\/li>\n<\/ul>\n<p>&nbsp;<\/p>\n<address style=\"color: #333333;font-family: 'Trebuchet MS', Calibri, sans-serif;font-size: 14px\">\n<table style=\"width: 520px\" border=\"0\" align=\"center\">\n<tbody>\n<tr>\n<td style=\"font-family: Georgia, 'Times New Roman', Times, serif;font-size: larger;text-align: center;background-color: #d5edf4\"><span style=\"font-size: 20px\">Recursos educativos<\/span><\/td>\n<\/tr>\n<\/tbody>\n<\/table>\n<\/address>\n<p>Puri Astorga<br \/>\n<a href=\"https:\/\/sites.google.com\/site\/encuartodesociales\/\">Web de Ciencias Sociales (Historia) 4\u00ba ESO<\/a><\/p>\n<p>Puri Astorga<br \/>\n<a href=\"https:\/\/sites.google.com\/site\/economiaparacuarto\/home\">Web de Econom\u00eda 4\u00ba ESO<\/a><\/p>\n<p>Antonio \u00c1lvarez<br \/>\n<a href=\"https:\/\/antonioalvarez2008.wordpress.com\/\">Antonioalvarez2008&#8217;s Weblog<\/a><\/p>\n<pre style=\"color: #333333;font-family: 'Trebuchet MS', Calibri, sans-serif;font-size: 14px\">&nbsp;<\/pre>\n","protected":false},"excerpt":{"rendered":"<p>Departamento de Geograf\u00eda e Historia En esta programaci\u00f3n se encuentran incluidos los Criterios de Evaluaci\u00f3n y los programas de refuerzo al alumnado repetidor y con materias pendientes. Programaci\u00f3n 2025\/26 Memoria 2023\/24 &nbsp; Recursos educativos&#46;&#46;&#46;<\/p>\n","protected":false},"author":10111,"featured_media":0,"parent":0,"menu_order":0,"comment_status":"closed","ping_status":"open","template":"","meta":{"ngg_post_thumbnail":0,"footnotes":""},"aioseo_notices":[],"_links":{"self":[{"href":"https:\/\/blogsaverroes.juntadeandalucia.es\/iesantonioalvarezlopez\/wp-json\/wp\/v2\/pages\/153"}],"collection":[{"href":"https:\/\/blogsaverroes.juntadeandalucia.es\/iesantonioalvarezlopez\/wp-json\/wp\/v2\/pages"}],"about":[{"href":"https:\/\/blogsaverroes.juntadeandalucia.es\/iesantonioalvarezlopez\/wp-json\/wp\/v2\/types\/page"}],"author":[{"embeddable":true,"href":"https:\/\/blogsaverroes.juntadeandalucia.es\/iesantonioalvarezlopez\/wp-json\/wp\/v2\/users\/10111"}],"replies":[{"embeddable":true,"href":"https:\/\/blogsaverroes.juntadeandalucia.es\/iesantonioalvarezlopez\/wp-json\/wp\/v2\/comments?post=153"}],"version-history":[{"count":10,"href":"https:\/\/blogsaverroes.juntadeandalucia.es\/iesantonioalvarezlopez\/wp-json\/wp\/v2\/pages\/153\/revisions"}],"predecessor-version":[{"id":11896,"href":"https:\/\/blogsaverroes.juntadeandalucia.es\/iesantonioalvarezlopez\/wp-json\/wp\/v2\/pages\/153\/revisions\/11896"}],"wp:attachment":[{"href":"https:\/\/blogsaverroes.juntadeandalucia.es\/iesantonioalvarezlopez\/wp-json\/wp\/v2\/media?parent=153"}],"curies":[{"name":"wp","href":"https:\/\/api.w.org\/{rel}","templated":true}]}}