{"id":2647,"date":"2022-01-24T15:13:28","date_gmt":"2022-01-24T15:13:28","guid":{"rendered":"https:\/\/blogsaverroes.juntadeandalucia.es\/iesantorre\/?page_id=2647"},"modified":"2023-10-24T18:24:55","modified_gmt":"2023-10-24T18:24:55","slug":"mecanizado-y-mto-de-maquinas","status":"publish","type":"page","link":"https:\/\/blogsaverroes.juntadeandalucia.es\/iesantorre\/mecanizado-y-mto-de-maquinas\/","title":{"rendered":"Mecanizado y mantenimiento de m\u00e1quinas"},"content":{"rendered":"\t\t<div data-elementor-type=\"wp-page\" data-elementor-id=\"2647\" class=\"elementor elementor-2647\">\n\t\t\t\t\t\t<section class=\"elementor-section elementor-top-section elementor-element elementor-element-5ae11b0 elementor-section-boxed elementor-section-height-default elementor-section-height-default\" data-id=\"5ae11b0\" data-element_type=\"section\">\n\t\t\t\t\t\t<div class=\"elementor-container elementor-column-gap-default\">\n\t\t\t\t\t<div class=\"elementor-column elementor-col-100 elementor-top-column elementor-element elementor-element-55ae8c73\" data-id=\"55ae8c73\" data-element_type=\"column\">\n\t\t\t<div class=\"elementor-widget-wrap elementor-element-populated\">\n\t\t\t\t\t\t<div class=\"elementor-element elementor-element-d9cc91f elementor-widget elementor-widget-text-editor\" data-id=\"d9cc91f\" data-element_type=\"widget\" data-widget_type=\"text-editor.default\">\n\t\t\t\t<div class=\"elementor-widget-container\">\n\t\t\t\t\t\t\t\t\t<p style=\"text-align: center\"><a href=\"https:\/\/blogsaverroes.juntadeandalucia.es\/iesantorre\/files\/2022\/01\/MECANIZADO.jpg\"><img decoding=\"async\" class=\"alignnone size-medium wp-image-2568\" src=\"https:\/\/blogsaverroes.juntadeandalucia.es\/iesantorre\/files\/2022\/01\/MECANIZADO-300x126.jpg\" alt=\"MECANIZADO\" width=\"300\" height=\"126\" srcset=\"https:\/\/blogsaverroes.juntadeandalucia.es\/iesantorre\/files\/2022\/01\/MECANIZADO-300x126.jpg 300w, https:\/\/blogsaverroes.juntadeandalucia.es\/iesantorre\/files\/2022\/01\/MECANIZADO.jpg 432w\" sizes=\"(max-width: 300px) 100vw, 300px\" \/><\/a><\/p>\n<p style=\"text-align: justify\">La competencia general de este t\u00edtulo consiste en realizar operaciones b\u00e1sicas de mecanizado y montaje para la fabricaci\u00f3n mec\u00e1nica con materiales f\u00e9rricos, no f\u00e9rricos y tecno-pl\u00e1sticos as\u00ed como para la instalaci\u00f3n y mantenimiento de elementos de redes de fontaner\u00eda, calefacci\u00f3n y climatizaci\u00f3n, operando con la calidad indicada, observando las normas de prevenci\u00f3n de riesgos laborales y protecci\u00f3n medioambiental correspondientes.<\/p>\n<p>Las ocupaciones y puestos de trabajo m\u00e1s relevantes son los siguientes:<\/p>\n<p>&#8211; Peones de industrias manufactureras.<br>&#8211; Auxiliares de procesos automatizados.<br>&#8211; Fontanero\/a.<br>&#8211; Montador\/a de equipos de calefacci\u00f3n.<br>&#8211; Mantenedor\/a de equipos de calefacci\u00f3n.<br>&#8211; Montador\/a de equipos de climatizaci\u00f3n.<br>&#8211; Mantenedor\/a de equipos de climatizaci\u00f3n<br>&#8211; Instalador\/a de redes de suministro y distribuci\u00f3n de agua.<\/p>\n<p>Con un ciclo formativo de&nbsp;Formaci\u00f3n Profesional B\u00e1sica obtendr\u00e1s una formaci\u00f3n que me preparar\u00e1 para iniciarme en el aprendizaje de un oficio y realizar actividades profesionales (seg\u00fan el ciclo formativo que curse)<\/p>\n<p style=\"text-align: justify\"><strong>El T\u00edtulo Profesional B\u00e1sico<\/strong>, <strong>permitir\u00e1 el acceso a ciclos de grado medio<\/strong> y\/o lograr el t\u00edtulo de Graduado en Educaci\u00f3n Secundaria Obligatoria, present\u00e1ndome a las pruebas de evaluaci\u00f3n final de la ESO. En el \u00e1mbito laboral tendr\u00e1 los mismos efectos que el t\u00edtulo de Educaci\u00f3n Secundaria Obligatoria para el acceso a empleos p\u00fablicos y privados.<\/p>\n<p style=\"text-align: justify\">Estos ciclos son de&nbsp;2000 horas, son de dos cursos acad\u00e9micos de 1000 horas cada uno. Cada ciclo formativo est\u00e1 organizado en m\u00f3dulos profesionales de duraci\u00f3n variable, constituidos por \u00e1reas de conocimiento te\u00f3rico-pr\u00e1cticas cuyo objeto es la adquisici\u00f3n de las competencias profesionales, personales y sociales y de las competencias del aprendizaje permanente a lo largo de la vida.<\/p>\n<h4><span style=\"text-decoration: underline\">MIEMBROS DEL DEPARTAMENTO<\/span><\/h4>\n<p>Jos\u00e9 Barriga Bernab\u00e9<\/p>\n<p><strong>Francisco Javier Espada P\u00e9rez<\/strong> (Jefe de Departamento)<\/p>\t\t\t\t\t\t\t\t<\/div>\n\t\t\t\t<\/div>\n\t\t\t\t\t<\/div>\n\t\t<\/div>\n\t\t\t\t\t<\/div>\n\t\t<\/section>\n\t\t\t\t<section class=\"elementor-section elementor-top-section elementor-element elementor-element-49e15c9 elementor-section-boxed elementor-section-height-default elementor-section-height-default\" data-id=\"49e15c9\" data-element_type=\"section\">\n\t\t\t\t\t\t<div class=\"elementor-container elementor-column-gap-default\">\n\t\t\t\t\t<div class=\"elementor-column elementor-col-100 elementor-top-column elementor-element elementor-element-f957278\" data-id=\"f957278\" data-element_type=\"column\">\n\t\t\t<div class=\"elementor-widget-wrap elementor-element-populated\">\n\t\t\t\t\t\t<div class=\"elementor-element elementor-element-273ddb2 elementor-align-right elementor-widget elementor-widget-button\" data-id=\"273ddb2\" data-element_type=\"widget\" data-widget_type=\"button.default\">\n\t\t\t\t<div class=\"elementor-widget-container\">\n\t\t\t\t\t\t\t\t\t<div class=\"elementor-button-wrapper\">\n\t\t\t\t\t<a class=\"elementor-button elementor-button-link elementor-size-sm\" href=\"https:\/\/blogsaverroes.juntadeandalucia.es\/iesantorre\/mecanizado-y-mantenimiento-de-maquinas\/\">\n\t\t\t\t\t\t<span class=\"elementor-button-content-wrapper\">\n\t\t\t\t\t\t\t\t\t<span class=\"elementor-button-text\">ACTIVIDADES REALIZADAS<\/span>\n\t\t\t\t\t<\/span>\n\t\t\t\t\t<\/a>\n\t\t\t\t<\/div>\n\t\t\t\t\t\t\t\t<\/div>\n\t\t\t\t<\/div>\n\t\t\t\t\t<\/div>\n\t\t<\/div>\n\t\t\t\t\t<\/div>\n\t\t<\/section>\n\t\t\t\t<\/div>\n\t\t","protected":false},"excerpt":{"rendered":"<p>La competencia general de este t\u00edtulo consiste en realizar operaciones b\u00e1sicas de mecanizado y montaje para la fabricaci\u00f3n mec\u00e1nica con materiales f\u00e9rricos, no f\u00e9rricos y tecno-pl\u00e1sticos as\u00ed como para la instalaci\u00f3n y mantenimiento de&#46;&#46;&#46;<\/p>\n","protected":false},"author":10241,"featured_media":0,"parent":0,"menu_order":0,"comment_status":"closed","ping_status":"closed","template":"","meta":{"ngg_post_thumbnail":0,"footnotes":"","_mc_calendar":[]},"aioseo_notices":[],"_links":{"self":[{"href":"https:\/\/blogsaverroes.juntadeandalucia.es\/iesantorre\/wp-json\/wp\/v2\/pages\/2647"}],"collection":[{"href":"https:\/\/blogsaverroes.juntadeandalucia.es\/iesantorre\/wp-json\/wp\/v2\/pages"}],"about":[{"href":"https:\/\/blogsaverroes.juntadeandalucia.es\/iesantorre\/wp-json\/wp\/v2\/types\/page"}],"author":[{"embeddable":true,"href":"https:\/\/blogsaverroes.juntadeandalucia.es\/iesantorre\/wp-json\/wp\/v2\/users\/10241"}],"replies":[{"embeddable":true,"href":"https:\/\/blogsaverroes.juntadeandalucia.es\/iesantorre\/wp-json\/wp\/v2\/comments?post=2647"}],"version-history":[{"count":20,"href":"https:\/\/blogsaverroes.juntadeandalucia.es\/iesantorre\/wp-json\/wp\/v2\/pages\/2647\/revisions"}],"predecessor-version":[{"id":4183,"href":"https:\/\/blogsaverroes.juntadeandalucia.es\/iesantorre\/wp-json\/wp\/v2\/pages\/2647\/revisions\/4183"}],"wp:attachment":[{"href":"https:\/\/blogsaverroes.juntadeandalucia.es\/iesantorre\/wp-json\/wp\/v2\/media?parent=2647"}],"curies":[{"name":"wp","href":"https:\/\/api.w.org\/{rel}","templated":true}]}}