{"id":5477,"date":"2021-05-16T17:39:56","date_gmt":"2021-05-16T17:39:56","guid":{"rendered":"https:\/\/blogsaverroes.juntadeandalucia.es\/iesarroyodelamiel\/?page_id=5477"},"modified":"2021-05-16T17:39:56","modified_gmt":"2021-05-16T17:39:56","slug":"erasmus-fct-giat","status":"publish","type":"page","link":"https:\/\/blogsaverroes.juntadeandalucia.es\/iesarroyodelamiel\/erasmus-fct-giat\/","title":{"rendered":"Erasmus FCT GIAT"},"content":{"rendered":"<article class=\"post-3946 post type-post status-publish format-standard hentry category-erasmus category-erasmus-general\">\n<header>\n<h1 class=\"entry-title\">Erasmus 19\/20<\/h1>\n<div class=\"subhead\"><span class=\"postauthortop author vcard\"><i class=\"icon-user\"><\/i>&nbsp;por&nbsp;<a class=\"fn\" href=\"http:\/\/www.iesarroyodelamiel.es\/author\/turismo-tu\/\" rel=\"author\">Turismo TU<\/a>&nbsp;|<\/span>&nbsp;<span class=\"postedintop\"><i class=\"icon-folder-open\"><\/i>&nbsp;publicado en:&nbsp;<a href=\"http:\/\/www.iesarroyodelamiel.es\/category\/proyectos\/erasmus\/\" rel=\"category tag\">Erasmus<\/a>,&nbsp;<a href=\"http:\/\/www.iesarroyodelamiel.es\/category\/proyectos\/erasmus\/erasmus-general\/\" rel=\"category tag\">Erasmus General<\/a><\/span>&nbsp;<span class=\"kad-hidepostedin\">|<\/span>&nbsp;<span class=\"postcommentscount\"><i class=\"icon-comments-alt\"><\/i>&nbsp;0<\/span><\/div>\n<\/header>\n<div class=\"entry-content\">\n<figure class=\"aligncenter\"><\/figure>\n<p><a href=\"https:\/\/blogsaverroes.juntadeandalucia.es\/iesarroyodelamiel\/files\/2021\/05\/Erasmus-logo-oficial-1.png\"><img loading=\"lazy\" decoding=\"async\" class=\"aligncenter size-medium wp-image-5478\" src=\"https:\/\/blogsaverroes.juntadeandalucia.es\/iesarroyodelamiel\/files\/2021\/05\/Erasmus-logo-oficial-1-300x160.png\" alt=\"\" width=\"300\" height=\"160\" srcset=\"https:\/\/blogsaverroes.juntadeandalucia.es\/iesarroyodelamiel\/files\/2021\/05\/Erasmus-logo-oficial-1-300x160.png 300w, https:\/\/blogsaverroes.juntadeandalucia.es\/iesarroyodelamiel\/files\/2021\/05\/Erasmus-logo-oficial-1.png 307w\" sizes=\"(max-width: 300px) 100vw, 300px\" \/><\/a><\/p>\n<p>Como viene siendo habitual desde 2004 el Ciclo Formativo de Grado Superior de Gu\u00eda, Informaci\u00f3n y Asistencia tur\u00edstica del IES Arroyo de la Miel participa en el programa Erasmus Plus de movilidad de su alumnado de 2\u00ba curso para la realizaci\u00f3n del m\u00f3dulo de Formaci\u00f3n en Centros de Trabajo en pa\u00edses de la UE.<br \/>\nDurante los meses de noviembre y diciembre se llevar\u00e1 a cabo, a trav\u00e9s del departamento de Turismo, el proceso de selecci\u00f3n de los alumnos y alumnas con inter\u00e9s en el programa.<\/p>\n<\/div>\n<footer class=\"single-footer clearfix\">\n<div>\n<div>&nbsp;<\/div>\n<\/div>\n<\/footer>\n<\/article>\n<article class=\"post-3536 post type-post status-publish format-standard hentry category-erasmus category-erasmus-general\">\n<div class=\"postmeta updated color_gray\">\n<div class=\"postdate bg-lightgray headerfont\"><span class=\"postday\">16<\/span>NOV 2018<\/div>\n<\/div>\n<header>\n<h1 class=\"entry-title\">ERASMUS 18-19<\/h1>\n<div class=\"subhead\"><span class=\"postauthortop author vcard\"><i class=\"icon-user\"><\/i>&nbsp;por&nbsp;<a class=\"fn\" href=\"http:\/\/www.iesarroyodelamiel.es\/author\/turismo-tu\/\" rel=\"author\">Turismo TU<\/a>&nbsp;|<\/span>&nbsp;<span class=\"postedintop\"><i class=\"icon-folder-open\"><\/i>&nbsp;publicado en:&nbsp;<a href=\"http:\/\/www.iesarroyodelamiel.es\/category\/proyectos\/erasmus\/\" rel=\"category tag\">Erasmus<\/a>,&nbsp;<a href=\"http:\/\/www.iesarroyodelamiel.es\/category\/proyectos\/erasmus\/erasmus-general\/\" rel=\"category tag\">Erasmus General<\/a><\/span>&nbsp;<span class=\"kad-hidepostedin\">|<\/span>&nbsp;<span class=\"postcommentscount\"><i class=\"icon-comments-alt\"><\/i>&nbsp;0<\/span><\/div>\n<\/header>\n<div class=\"entry-content\">\n<div id=\"page\" class=\"hfeed site\">\n<div class=\"site-inner\">\n<div id=\"content\" class=\"site-content\">\n<article id=\"post-148\" class=\"post-148 post type-post status-publish format-standard has-post-thumbnail hentry category-erasmus-giat tag-erasmus\">\n<div class=\"entry-inner\">\n<div class=\"entry-content\">\n<p><a href=\"https:\/\/blogsaverroes.juntadeandalucia.es\/iesarroyodelamiel\/files\/2021\/05\/Erasmus-300x200-1.jpg\"><img loading=\"lazy\" decoding=\"async\" class=\"aligncenter size-full wp-image-5479\" src=\"https:\/\/blogsaverroes.juntadeandalucia.es\/iesarroyodelamiel\/files\/2021\/05\/Erasmus-300x200-1.jpg\" alt=\"\" width=\"300\" height=\"200\"><\/a><\/p>\n<p>&nbsp;<\/p>\n<p>Durante el presente mes de noviembre los alumnos y alumnas de 2\u00ba curso de GIAT han pasado por el proceso selectivo para aspirar a una plaza ERASMUS y realizar el m\u00f3dulo de FCT en empresas de pa\u00edses de la UE.<br \/>\nTras unas pruebas de idiomas donde pasaron, entre otros cuestionarios una entrevista real de trabajo, y un informe psicol\u00f3gico de nuestro departamento de orientaci\u00f3n, las alumnas que optan a ser alumnas ERASMUS son Cibeles Alberca y Laura Trujillo.<br \/>\nAhora queda una dura fase de b\u00fasqueda de empresas y ser seleccionadas entre el resto de alumnado andaluz.<\/p>\n<p>\u00a1Enhorabuena y mucha suerte!<\/p>\n<p><a href=\"https:\/\/blogsaverroes.juntadeandalucia.es\/iesarroyodelamiel\/files\/2021\/05\/Alumnas-Erasmus-GIAT.jpg\"><img loading=\"lazy\" decoding=\"async\" class=\"aligncenter size-full wp-image-5480\" src=\"https:\/\/blogsaverroes.juntadeandalucia.es\/iesarroyodelamiel\/files\/2021\/05\/Alumnas-Erasmus-GIAT.jpg\" alt=\"\" width=\"225\" height=\"300\"><\/a><\/p>\n<div id=\"atatags-370373-5beef62d6c4b3\">&nbsp;<\/div>\n<div class=\"wpcnt\">\n<div class=\"wpa wpmrec\">\n<div class=\"u\">\n<div>\n<div id=\"atatags-26942-5beef62d6c4de\">&nbsp;<\/div>\n<\/div>\n<div>\n<div id=\"atatags-114160-5beef62d6c4e0\">\n<div>&nbsp;<\/div>\n<\/div>\n<\/div>\n<\/div>\n<\/div>\n<\/div>\n<\/div>\n<\/div>\n<\/article>\n<\/div>\n<\/div>\n<\/div>\n<div class=\"widget widget_eu_cookie_law_widget\">\n<div id=\"eu-cookie-law\" class=\"hide-on-button ads-active\">&nbsp;<\/div>\n<\/div>\n<\/div>\n<footer class=\"single-footer clearfix\">\n<div>\n<div>&nbsp;<\/div>\n<\/div>\n<\/footer>\n<\/article>\n<article class=\"post-3486 post type-post status-publish format-standard hentry category-erasmus-general tag-erasmus\">\n<div class=\"postmeta updated color_gray\">\n<div class=\"postdate bg-lightgray headerfont\"><span class=\"postday\">23<\/span>OCT 2018<\/div>\n<\/div>\n<header>\n<h1 class=\"entry-title\">Erasmus curso 2018\/2019<\/h1>\n<div class=\"subhead\"><span class=\"postauthortop author vcard\"><i class=\"icon-user\"><\/i>&nbsp;por&nbsp;<a class=\"fn\" href=\"http:\/\/www.iesarroyodelamiel.es\/author\/turismo-tu\/\" rel=\"author\">Turismo TU<\/a>&nbsp;|<\/span>&nbsp;<span class=\"postedintop\"><i class=\"icon-folder-open\"><\/i>&nbsp;publicado en:&nbsp;<a href=\"http:\/\/www.iesarroyodelamiel.es\/category\/proyectos\/erasmus\/erasmus-general\/\" rel=\"category tag\">Erasmus General<\/a><\/span>&nbsp;<span class=\"kad-hidepostedin\">|<\/span>&nbsp;<span class=\"postcommentscount\"><i class=\"icon-comments-alt\"><\/i>&nbsp;0<\/span><\/div>\n<\/header>\n<div class=\"entry-content\">\n<p>Durante el mes de octubre y hasta el pr\u00f3ximo 12 de noviembre se llevar\u00e1 a cabo el proceso selectivo para elegir al alumnado que participar\u00e1 en&nbsp; el&nbsp;<b>Proyecto de Consorcio FCT-Erasmus+ XII 2018-1-ES01-KA103-047078&nbsp;<\/b>del que forma parte el IES Arroyo de la Miel.<\/p>\n<p>El proceso selectivo se har\u00e1 teniendo en cuenta los siguientes criterios:<\/p>\n<ul>\n<li><b>Requisitos acad\u00e9mico<\/b>s: todo el alumnado seleccionado deber\u00e1 estar en disposici\u00f3n de realizar el m\u00f3dulo de Formaci\u00f3n en Centros de Trabajo&nbsp;al momento de su salida.Para ello en el momento de la selecci\u00f3n deben tener aprobados todos los m\u00f3dulos te\u00f3ricos de primer curso. Adem\u00e1s se tendr\u00e1 en cuenta la responsabilidad, motivaci\u00f3n y&nbsp; trayectoria acad\u00e9mica mostrada durante&nbsp;el curso anterior.<\/li>\n<\/ul>\n<ul>\n<li><b>Criterios de idiomas<\/b>: el Departamento de Idiomas del centro realizar\u00e1 una prueba de comprensi\u00f3n y expresi\u00f3n oral en ingl\u00e9s dentro de los contenidos expresados en la tabla de autoevaluci\u00f3n de los Niveles Europeos del Marco Europeo de Referencia relativas&nbsp;<b>al nivel B1.<\/b>&nbsp;Esta prueba ha de realizarse incluso si tiene el nivel acreditado oficialmente.<br \/>\nLa prueba incluir\u00e1 un cuestionario con car\u00e1cter general para medir los intereses y motivaciones del alumnado al solicitar la plaza as\u00ed como con preguntas espec\u00edficas al ciclo formativo que est\u00e1 cursando, reproduciendo el modelo de una entrevista profesional.<br \/>\nEl Departamento de idiomas realizar\u00e1 un certificado&nbsp;<u>individualizado<\/u>&nbsp;sobre la competencia ling\u00fc\u00edstica de cada&nbsp; solicitante.&nbsp;<\/li>\n<\/ul>\n<ul>\n<li><b>Criterios de idoneidad<\/b>: el Departamento de Orientaci\u00f3n&nbsp; realizar\u00e1 entrevistas individualizadas a cada solicitante y emitir\u00e1 un certificado de idoneidad para la realizaci\u00f3n de la fase de pr\u00e1cticas en otros pa\u00edses de la Uni\u00f3n Europea. Las pruebas ser\u00e1n objetivas apoy\u00e1ndose en elementos como los cuestionarios de Afrontamiento de Lewis y Frydenberg, \u201cACS Escalas de Afrontamiento\u201d, \u201cTest de capacidad para adaptaci\u00f3n a cambios culturales\u201d, etc.<\/li>\n<\/ul>\n<ul>\n<li>En el caso de que participe alumnado extracomunitario, es imprescindible contar con el permiso de residencia en vigor durante todo el per\u00edodo de la estancia y confirmar el protocolo de visados necesarios de su pa\u00eds de origen y en el pa\u00eds de acogida.<\/li>\n<\/ul>\n<p>Para recibir m\u00e1s informaci\u00f3n sobre el proceso selectivo pueden dirigirse al&nbsp;<a href=\"https:\/\/ciclosuperiorgiat.wordpress.com\/?ref=spelling\">Departamento de Turismo<\/a>&nbsp;del centro.<\/p>\n<\/div>\n<footer class=\"single-footer clearfix\"><span class=\"posttags\"><i class=\"icon-tag\"><\/i><a href=\"http:\/\/www.iesarroyodelamiel.es\/tag\/erasmus\/\" rel=\"tag\">ERASMUS<\/a><\/span><\/p>\n<div>\n<div>&nbsp;<\/div>\n<\/div>\n<\/footer>\n<\/article>\n<article class=\"post-1717 post type-post status-publish format-standard hentry category-erasmus category-erasmus-general\">\n<div class=\"postmeta updated color_gray\">\n<div class=\"postdate bg-lightgray headerfont\"><span class=\"postday\">22<\/span>SEP 2017<\/div>\n<\/div>\n<header>\n<h1 class=\"entry-title\">Erasmus<\/h1>\n<div class=\"subhead\"><span class=\"postauthortop author vcard\"><i class=\"icon-user\"><\/i>&nbsp;por&nbsp;<a class=\"fn\" href=\"http:\/\/www.iesarroyodelamiel.es\/author\/alumnos2eso\/\" rel=\"author\">desde Inform\u00e1tica<\/a>&nbsp;|<\/span>&nbsp;<span class=\"postedintop\"><i class=\"icon-folder-open\"><\/i>&nbsp;publicado en:&nbsp;<a href=\"http:\/\/www.iesarroyodelamiel.es\/category\/proyectos\/erasmus\/\" rel=\"category tag\">Erasmus<\/a>,&nbsp;<a href=\"http:\/\/www.iesarroyodelamiel.es\/category\/proyectos\/erasmus\/erasmus-general\/\" rel=\"category tag\">Erasmus General<\/a><\/span>&nbsp;<span class=\"kad-hidepostedin\">|<\/span>&nbsp;<span class=\"postcommentscount\"><i class=\"icon-comments-alt\"><\/i>&nbsp;0<\/span><\/div>\n<\/header>\n<div class=\"entry-content\">\n<p><a href=\"https:\/\/blogsaverroes.juntadeandalucia.es\/iesarroyodelamiel\/files\/2021\/05\/erasmus1-300x211-1.jpg\"><img loading=\"lazy\" decoding=\"async\" class=\"aligncenter size-full wp-image-5481\" src=\"https:\/\/blogsaverroes.juntadeandalucia.es\/iesarroyodelamiel\/files\/2021\/05\/erasmus1-300x211-1.jpg\" alt=\"\" width=\"300\" height=\"211\"><\/a><\/p>\n<p>&nbsp;<\/p>\n<p>&nbsp;<\/p>\n<p>El programa Erasmus tiene como objetivo atender a las necesidades de ense\u00f1anza y aprendizaje de todos los participantes en educaci\u00f3n superior formal y en formaci\u00f3n profesional de grado superior, cualquiera que sea la duraci\u00f3n de la carrera o cualificaci\u00f3n, as\u00ed como a las instituciones que imparten este tipo de formaci\u00f3n.<br \/>\nEl centro educativo Arroyo de la Miel cuenta con la Carta Universitaria ERASMUS para el per\u00edodo 2014-2020 lo cual permite que se puedan realizar los siguientes tipos de movilidad:<\/p>\n<p><a href=\"http:\/\/www.oapee.es\/oapee\/inicio\/pap\/erasmus\/estudiantes-para-practicas.html\">Movilidad de estudiantes para pr\u00e1cticas&nbsp;<\/a>Realizaci\u00f3n de un per\u00edodo de pr\u00e1cticas de 3 meses, de marzo a junio, &nbsp;en una empresa u organizaci\u00f3n de un pa\u00eds europeo.<\/p>\n<p><strong>Curso 2017\/2018<\/strong><\/p>\n<p>En el mes de octubre comenzar\u00e1 el proceso de selecci\u00f3n para los alumnos de ciclos formativos interesados en realizar las pr\u00e1cticas en un pa\u00eds de la UE.<\/p>\n<p>La selecci\u00f3n se har\u00e1 teniendo en cuenta los siguientes criterios:<\/p>\n<p>*Expediente acad\u00e9mico. Teniendo como requisito para iniciar el proceso haber superado los m\u00f3dulos del 1\u00ba curso.<\/p>\n<p>*Valoraci\u00f3n ling\u00fc\u00edstica del idioma del pa\u00eds de destino o en su defecto ingl\u00e9s a partir de B1.<\/p>\n<p>*Idoneidad y madurez. Prueba realizada por el Dpto. de Orientaci\u00f3n.<\/p>\n<p>Para m\u00e1s informaci\u00f3n y asesoramiento: Dpto. de Turismo Luis Bueno Conejo<\/p>\n<p>&nbsp;<\/p>\n<p><a href=\"http:\/\/www.oapee.es\/oapee\/inicio\/pap\/erasmus\/personal-para-docencia.html\">Movilidad de personal para docencia&nbsp;<\/a>Movilidad del personal docente de las instituciones de educaci\u00f3n superior y empresas para impartir docencia.<\/p>\n<p><a href=\"http:\/\/www.oapee.es\/oapee\/inicio\/pap\/erasmus\/personal-para-formacion.html\">Movilidad de personal para formaci\u00f3n<\/a>&nbsp;Movilidad del personal docente y dem\u00e1s personal de instituciones de educaci\u00f3n superior para recibir formaci\u00f3n.<\/p>\n<p>Desde el a\u00f1o acad\u00e9mico 2005\/2006 el IES Arroyo de la Miel realiza actividades dentro del programa ERASMUS, en concreto para la movilidad del alumnado de los ciclos formativos de grado superior.<\/p>\n<p>Gracias a ello un gran n\u00famero de alumnos y alumnas han realizado el m\u00f3dulo de Formaci\u00f3n en Centros de Trabajo en diversos pa\u00edses de la Uni\u00f3n Europea como Francia, Italia, Reino Unido, Alemania o Grecia, entre otros.<\/p>\n<p>&nbsp;<\/p>\n<\/div>\n<\/article>\n","protected":false},"excerpt":{"rendered":"<p>Erasmus 19\/20 &nbsp;por&nbsp;Turismo TU&nbsp;|&nbsp;&nbsp;publicado en:&nbsp;Erasmus,&nbsp;Erasmus General&nbsp;|&nbsp;&nbsp;0 Como viene siendo habitual desde 2004 el Ciclo Formativo de Grado Superior de Gu\u00eda, Informaci\u00f3n y Asistencia tur\u00edstica del IES Arroyo de la Miel participa en el programa&#46;&#46;&#46;<\/p>\n","protected":false},"author":10424,"featured_media":0,"parent":0,"menu_order":0,"comment_status":"closed","ping_status":"closed","template":"","meta":{"ngg_post_thumbnail":0,"footnotes":"","_mc_calendar":[]},"aioseo_notices":[],"_links":{"self":[{"href":"https:\/\/blogsaverroes.juntadeandalucia.es\/iesarroyodelamiel\/wp-json\/wp\/v2\/pages\/5477"}],"collection":[{"href":"https:\/\/blogsaverroes.juntadeandalucia.es\/iesarroyodelamiel\/wp-json\/wp\/v2\/pages"}],"about":[{"href":"https:\/\/blogsaverroes.juntadeandalucia.es\/iesarroyodelamiel\/wp-json\/wp\/v2\/types\/page"}],"author":[{"embeddable":true,"href":"https:\/\/blogsaverroes.juntadeandalucia.es\/iesarroyodelamiel\/wp-json\/wp\/v2\/users\/10424"}],"replies":[{"embeddable":true,"href":"https:\/\/blogsaverroes.juntadeandalucia.es\/iesarroyodelamiel\/wp-json\/wp\/v2\/comments?post=5477"}],"version-history":[{"count":1,"href":"https:\/\/blogsaverroes.juntadeandalucia.es\/iesarroyodelamiel\/wp-json\/wp\/v2\/pages\/5477\/revisions"}],"predecessor-version":[{"id":5482,"href":"https:\/\/blogsaverroes.juntadeandalucia.es\/iesarroyodelamiel\/wp-json\/wp\/v2\/pages\/5477\/revisions\/5482"}],"wp:attachment":[{"href":"https:\/\/blogsaverroes.juntadeandalucia.es\/iesarroyodelamiel\/wp-json\/wp\/v2\/media?parent=5477"}],"curies":[{"name":"wp","href":"https:\/\/api.w.org\/{rel}","templated":true}]}}