{"id":6577,"date":"2021-12-21T18:44:05","date_gmt":"2021-12-21T18:44:05","guid":{"rendered":"https:\/\/blogsaverroes.juntadeandalucia.es\/iesateguacastrodelrio\/?page_id=6577"},"modified":"2023-05-08T12:02:07","modified_gmt":"2023-05-08T10:02:07","slug":"erasmus","status":"publish","type":"page","link":"https:\/\/blogsaverroes.juntadeandalucia.es\/iesategua\/erasmus\/","title":{"rendered":"Erasmus +"},"content":{"rendered":"\t\t<div data-elementor-type=\"wp-page\" data-elementor-id=\"6577\" class=\"elementor elementor-6577\">\n\t\t\t\t\t\t<section class=\"elementor-section elementor-top-section elementor-element elementor-element-3476238d elementor-section-full_width elementor-section-stretched elementor-section-height-default elementor-section-height-default\" data-id=\"3476238d\" data-element_type=\"section\" data-settings=\"{&quot;background_background&quot;:&quot;classic&quot;,&quot;stretch_section&quot;:&quot;section-stretched&quot;}\">\n\t\t\t\t\t\t<div class=\"elementor-container elementor-column-gap-default\">\n\t\t\t\t\t<div class=\"elementor-column elementor-col-100 elementor-top-column elementor-element elementor-element-7da97c5a\" data-id=\"7da97c5a\" data-element_type=\"column\">\n\t\t\t<div class=\"elementor-widget-wrap\">\n\t\t\t\t\t\t\t<\/div>\n\t\t<\/div>\n\t\t\t\t\t<\/div>\n\t\t<\/section>\n\t\t\t\t<section class=\"elementor-section elementor-top-section elementor-element elementor-element-1917aab9 elementor-section-boxed elementor-section-height-default elementor-section-height-default\" data-id=\"1917aab9\" data-element_type=\"section\">\n\t\t\t\t\t\t<div class=\"elementor-container elementor-column-gap-default\">\n\t\t\t\t\t<div class=\"elementor-column elementor-col-100 elementor-top-column elementor-element elementor-element-6ef523f4\" data-id=\"6ef523f4\" data-element_type=\"column\">\n\t\t\t<div class=\"elementor-widget-wrap elementor-element-populated\">\n\t\t\t\t\t\t<div class=\"elementor-element elementor-element-4454e70b elementor-widget elementor-widget-text-editor\" data-id=\"4454e70b\" data-element_type=\"widget\" data-widget_type=\"text-editor.default\">\n\t\t\t\t<div class=\"elementor-widget-container\">\n\t\t\t\t\t\t\t\t\t<h3 style=\"text-align: center\">ERASMUS +<br><\/h3><h2 style=\"text-align: center\"><\/h2>\t\t\t\t\t\t\t\t<\/div>\n\t\t\t\t<\/div>\n\t\t\t\t<div class=\"elementor-element elementor-element-a7836f2 elementor-widget elementor-widget-text-editor\" data-id=\"a7836f2\" data-element_type=\"widget\" data-widget_type=\"text-editor.default\">\n\t\t\t\t<div class=\"elementor-widget-container\">\n\t\t\t\t\t\t\t\t\t<h3 style=\"text-align: center\">Publicaciones<\/h3>\t\t\t\t\t\t\t\t<\/div>\n\t\t\t\t<\/div>\n\t\t\t\t\t<\/div>\n\t\t<\/div>\n\t\t\t\t\t<\/div>\n\t\t<\/section>\n\t\t\t\t<section class=\"elementor-section elementor-top-section elementor-element elementor-element-4e759627 elementor-section-boxed elementor-section-height-default elementor-section-height-default\" data-id=\"4e759627\" data-element_type=\"section\">\n\t\t\t\t\t\t<div class=\"elementor-container elementor-column-gap-default\">\n\t\t\t\t\t<div class=\"elementor-column elementor-col-100 elementor-top-column elementor-element elementor-element-521486df\" data-id=\"521486df\" data-element_type=\"column\">\n\t\t\t<div class=\"elementor-widget-wrap elementor-element-populated\">\n\t\t\t\t\t\t<div class=\"elementor-element elementor-element-44d841b8 elementor-widget elementor-widget-text-editor\" data-id=\"44d841b8\" data-element_type=\"widget\" data-widget_type=\"text-editor.default\">\n\t\t\t\t<div class=\"elementor-widget-container\">\n\t\t\t\t\t\t\t\t\t<p><div class=\"pt-cv-wrapper\"><div class=\"pt-cv-view pt-cv-grid pt-cv-colsys\" id=\"pt-cv-view-0c7dd1605o\"><div data-id=\"pt-cv-page-1\" class=\"pt-cv-page\" data-cvc=\"4\"><div class=\"col-md-3 col-sm-6 col-xs-12 pt-cv-content-item pt-cv-1-col\" ><div class='pt-cv-ifield'><a href=\"https:\/\/blogsaverroes.juntadeandalucia.es\/iesategua\/buscando-el-cautivo-el-ies-ategua-redescubre-a-amenabar-en-tres-idiomas\/\" class=\"_self pt-cv-href-thumbnail pt-cv-thumb-default\" target=\"_self\" ><img fetchpriority=\"high\" decoding=\"async\" width=\"209\" height=\"300\" src=\"https:\/\/blogsaverroes.juntadeandalucia.es\/iesategua\/files\/2026\/01\/Tesis-Francisco-Javier-Bravo-Carretero-209x300.jpg\" class=\"pt-cv-thumbnail\" alt=\"\" srcset=\"https:\/\/blogsaverroes.juntadeandalucia.es\/iesategua\/files\/2026\/01\/Tesis-Francisco-Javier-Bravo-Carretero-209x300.jpg 209w, https:\/\/blogsaverroes.juntadeandalucia.es\/iesategua\/files\/2026\/01\/Tesis-Francisco-Javier-Bravo-Carretero.jpg 593w\" sizes=\"(max-width: 209px) 100vw, 209px\" \/><\/a>\n<h4 class=\"pt-cv-title\"><a href=\"https:\/\/blogsaverroes.juntadeandalucia.es\/iesategua\/buscando-el-cautivo-el-ies-ategua-redescubre-a-amenabar-en-tres-idiomas\/\" class=\"_self\" target=\"_self\" >Buscando &#8220;El Cautivo&#8221;: El IES Ategua redescubre a Amen\u00e1bar en tres idiomas<\/a><\/h4>\n<div class=\"pt-cv-content\">\u00a1Estamos listos para el &#8220;Acci\u00f3n&#8221;! Nuestro alumnado de 1\u00ba de Bachillerato Biling\u00fce se embarca en una aventura cinematogr\u00e1fica fascinante a &#8230;<br \/><div class=\"pt-cv-rmwrap\"><a href=\"https:\/\/blogsaverroes.juntadeandalucia.es\/iesategua\/buscando-el-cautivo-el-ies-ategua-redescubre-a-amenabar-en-tres-idiomas\/\" class=\"_self pt-cv-readmore btn btn-success\" target=\"_self\">Leer M\u00e1s<\/a><\/div><\/div><\/div><\/div>\n<div class=\"col-md-3 col-sm-6 col-xs-12 pt-cv-content-item pt-cv-1-col\" ><div class='pt-cv-ifield'><a href=\"https:\/\/blogsaverroes.juntadeandalucia.es\/iesategua\/brilando-con-luz-propia-ya-tenemos-a-nuestros-star-students-del-1o-trimestre\/\" class=\"_self pt-cv-href-thumbnail pt-cv-thumb-default\" target=\"_self\" ><img decoding=\"async\" width=\"300\" height=\"300\" src=\"https:\/\/blogsaverroes.juntadeandalucia.es\/iesategua\/files\/2026\/01\/Gemini_Generated_Image_hqj203hqj203hqj2-Francisco-Javier-Bravo-Carretero-300x300.png\" class=\"pt-cv-thumbnail\" alt=\"\" srcset=\"https:\/\/blogsaverroes.juntadeandalucia.es\/iesategua\/files\/2026\/01\/Gemini_Generated_Image_hqj203hqj203hqj2-Francisco-Javier-Bravo-Carretero-300x300.png 300w, https:\/\/blogsaverroes.juntadeandalucia.es\/iesategua\/files\/2026\/01\/Gemini_Generated_Image_hqj203hqj203hqj2-Francisco-Javier-Bravo-Carretero-150x150.png 150w, https:\/\/blogsaverroes.juntadeandalucia.es\/iesategua\/files\/2026\/01\/Gemini_Generated_Image_hqj203hqj203hqj2-Francisco-Javier-Bravo-Carretero-768x768.png 768w, https:\/\/blogsaverroes.juntadeandalucia.es\/iesategua\/files\/2026\/01\/Gemini_Generated_Image_hqj203hqj203hqj2-Francisco-Javier-Bravo-Carretero-700x700.png 700w, https:\/\/blogsaverroes.juntadeandalucia.es\/iesategua\/files\/2026\/01\/Gemini_Generated_Image_hqj203hqj203hqj2-Francisco-Javier-Bravo-Carretero.png 1024w\" sizes=\"(max-width: 300px) 100vw, 300px\" \/><\/a>\n<h4 class=\"pt-cv-title\"><a href=\"https:\/\/blogsaverroes.juntadeandalucia.es\/iesategua\/brilando-con-luz-propia-ya-tenemos-a-nuestros-star-students-del-1o-trimestre\/\" class=\"_self\" target=\"_self\" >Brilando con Luz Propia: \u00a1Ya tenemos a nuestros &#8220;Star Students&#8221; del 1\u00ba Trimestre!<\/a><\/h4>\n<div class=\"pt-cv-content\">En el IES Ategua, creemos que aprender un idioma va mucho m\u00e1s all\u00e1 de los libros; se trata de actitud, &#8230;<br \/><div class=\"pt-cv-rmwrap\"><a href=\"https:\/\/blogsaverroes.juntadeandalucia.es\/iesategua\/brilando-con-luz-propia-ya-tenemos-a-nuestros-star-students-del-1o-trimestre\/\" class=\"_self pt-cv-readmore btn btn-success\" target=\"_self\">Leer M\u00e1s<\/a><\/div><\/div><\/div><\/div>\n<div class=\"col-md-3 col-sm-6 col-xs-12 pt-cv-content-item pt-cv-1-col\" ><div class='pt-cv-ifield'><a href=\"https:\/\/blogsaverroes.juntadeandalucia.es\/iesategua\/ebook-la-union-europea-y-los-mayores-visionarios-de-la-idea-europea\/\" class=\"_self pt-cv-href-thumbnail pt-cv-thumb-default\" target=\"_self\" ><img decoding=\"async\" width=\"300\" height=\"225\" src=\"https:\/\/blogsaverroes.juntadeandalucia.es\/iesategua\/files\/2025\/12\/IMG_5991-Francisco-Javier-Bravo-Carretero-300x225.jpg\" class=\"pt-cv-thumbnail\" alt=\"\" srcset=\"https:\/\/blogsaverroes.juntadeandalucia.es\/iesategua\/files\/2025\/12\/IMG_5991-Francisco-Javier-Bravo-Carretero-300x225.jpg 300w, https:\/\/blogsaverroes.juntadeandalucia.es\/iesategua\/files\/2025\/12\/IMG_5991-Francisco-Javier-Bravo-Carretero-768x576.jpg 768w, https:\/\/blogsaverroes.juntadeandalucia.es\/iesategua\/files\/2025\/12\/IMG_5991-Francisco-Javier-Bravo-Carretero.jpg 869w\" sizes=\"(max-width: 300px) 100vw, 300px\" \/><\/a>\n<h4 class=\"pt-cv-title\"><a href=\"https:\/\/blogsaverroes.juntadeandalucia.es\/iesategua\/ebook-la-union-europea-y-los-mayores-visionarios-de-la-idea-europea\/\" class=\"_self\" target=\"_self\" >Ebook: La Uni\u00f3n Europea y los mayores visionarios de la idea Europea<\/a><\/h4>\n<div class=\"pt-cv-content\">Estamos orgullosos de presentar nuestro nuevo Ebook, una gu\u00eda concisa sobre la Uni\u00f3n Europea y los grandes visionarios que forjaron &#8230;<br \/><div class=\"pt-cv-rmwrap\"><a href=\"https:\/\/blogsaverroes.juntadeandalucia.es\/iesategua\/ebook-la-union-europea-y-los-mayores-visionarios-de-la-idea-europea\/\" class=\"_self pt-cv-readmore btn btn-success\" target=\"_self\">Leer M\u00e1s<\/a><\/div><\/div><\/div><\/div>\n<div class=\"col-md-3 col-sm-6 col-xs-12 pt-cv-content-item pt-cv-1-col\" ><div class='pt-cv-ifield'><a href=\"https:\/\/blogsaverroes.juntadeandalucia.es\/iesategua\/abriendo-puertas-a-europa-sesion-informativa-erasmus\/\" class=\"_self pt-cv-href-thumbnail pt-cv-thumb-default\" target=\"_self\" ><img loading=\"lazy\" decoding=\"async\" width=\"300\" height=\"225\" src=\"https:\/\/blogsaverroes.juntadeandalucia.es\/iesategua\/files\/2025\/11\/IMG_5626-Francisco-Javier-Bravo-Carretero-300x225.jpeg\" class=\"pt-cv-thumbnail\" alt=\"\" srcset=\"https:\/\/blogsaverroes.juntadeandalucia.es\/iesategua\/files\/2025\/11\/IMG_5626-Francisco-Javier-Bravo-Carretero-300x225.jpeg 300w, https:\/\/blogsaverroes.juntadeandalucia.es\/iesategua\/files\/2025\/11\/IMG_5626-Francisco-Javier-Bravo-Carretero-1024x768.jpeg 1024w, https:\/\/blogsaverroes.juntadeandalucia.es\/iesategua\/files\/2025\/11\/IMG_5626-Francisco-Javier-Bravo-Carretero-768x576.jpeg 768w, https:\/\/blogsaverroes.juntadeandalucia.es\/iesategua\/files\/2025\/11\/IMG_5626-Francisco-Javier-Bravo-Carretero-1536x1152.jpeg 1536w, https:\/\/blogsaverroes.juntadeandalucia.es\/iesategua\/files\/2025\/11\/IMG_5626-Francisco-Javier-Bravo-Carretero-2048x1536.jpeg 2048w, https:\/\/blogsaverroes.juntadeandalucia.es\/iesategua\/files\/2025\/11\/IMG_5626-Francisco-Javier-Bravo-Carretero.jpeg 1600w\" sizes=\"(max-width: 300px) 100vw, 300px\" \/><\/a>\n<h4 class=\"pt-cv-title\"><a href=\"https:\/\/blogsaverroes.juntadeandalucia.es\/iesategua\/abriendo-puertas-a-europa-sesion-informativa-erasmus\/\" class=\"_self\" target=\"_self\" >Abriendo puertas a Europa: Sesi\u00f3n informativa Erasmus+<\/a><\/h4>\n<div class=\"pt-cv-content\">El alumnado de 1\u00ba de Bachillerato ha participado hoy en una interesante charla sobre oportunidades de movilidad juvenil dentro del &#8230;<br \/><div class=\"pt-cv-rmwrap\"><a href=\"https:\/\/blogsaverroes.juntadeandalucia.es\/iesategua\/abriendo-puertas-a-europa-sesion-informativa-erasmus\/\" class=\"_self pt-cv-readmore btn btn-success\" target=\"_self\">Leer M\u00e1s<\/a><\/div><\/div><\/div><\/div>\n<div class=\"col-md-3 col-sm-6 col-xs-12 pt-cv-content-item pt-cv-1-col\" ><div class='pt-cv-ifield'><a href=\"https:\/\/blogsaverroes.juntadeandalucia.es\/iesategua\/el-ies-ategua-despega-hacia-europa-inmersos-en-el-erasmus-por-la-democracia-y-el-planeta\/\" class=\"_self pt-cv-href-thumbnail pt-cv-thumb-default\" target=\"_self\" ><img loading=\"lazy\" decoding=\"async\" width=\"300\" height=\"287\" src=\"https:\/\/blogsaverroes.juntadeandalucia.es\/iesategua\/files\/2025\/11\/PHOTO-2025-01-10-11-26-01-Francisco-Javier-Bravo-Carretero-300x287.jpg\" class=\"pt-cv-thumbnail\" alt=\"\" srcset=\"https:\/\/blogsaverroes.juntadeandalucia.es\/iesategua\/files\/2025\/11\/PHOTO-2025-01-10-11-26-01-Francisco-Javier-Bravo-Carretero-300x287.jpg 300w, https:\/\/blogsaverroes.juntadeandalucia.es\/iesategua\/files\/2025\/11\/PHOTO-2025-01-10-11-26-01-Francisco-Javier-Bravo-Carretero-1024x981.jpg 1024w, https:\/\/blogsaverroes.juntadeandalucia.es\/iesategua\/files\/2025\/11\/PHOTO-2025-01-10-11-26-01-Francisco-Javier-Bravo-Carretero-768x736.jpg 768w, https:\/\/blogsaverroes.juntadeandalucia.es\/iesategua\/files\/2025\/11\/PHOTO-2025-01-10-11-26-01-Francisco-Javier-Bravo-Carretero.jpg 1220w\" sizes=\"(max-width: 300px) 100vw, 300px\" \/><\/a>\n<h4 class=\"pt-cv-title\"><a href=\"https:\/\/blogsaverroes.juntadeandalucia.es\/iesategua\/el-ies-ategua-despega-hacia-europa-inmersos-en-el-erasmus-por-la-democracia-y-el-planeta\/\" class=\"_self\" target=\"_self\" >El IES Ategua despega hacia Europa: \u00a1Inmersos en el Erasmus+ por la Democracia y el Planeta!<\/a><\/h4>\n<div class=\"pt-cv-content\">\u00a1El IES Ategua, Inmerso en el Proyecto Erasmus+! \ud83c\udf0d El IES Ategua de Castro del R\u00edo se encuentra activamente participando &#8230;<br \/><div class=\"pt-cv-rmwrap\"><a href=\"https:\/\/blogsaverroes.juntadeandalucia.es\/iesategua\/el-ies-ategua-despega-hacia-europa-inmersos-en-el-erasmus-por-la-democracia-y-el-planeta\/\" class=\"_self pt-cv-readmore btn btn-success\" target=\"_self\">Leer M\u00e1s<\/a><\/div><\/div><\/div><\/div>\n<div class=\"col-md-3 col-sm-6 col-xs-12 pt-cv-content-item pt-cv-1-col\" ><div class='pt-cv-ifield'><a href=\"https:\/\/blogsaverroes.juntadeandalucia.es\/iesategua\/movilidades-staff-formacion-profesional-2026\/\" class=\"_self pt-cv-href-thumbnail pt-cv-thumb-default\" target=\"_self\" ><img loading=\"lazy\" decoding=\"async\" width=\"216\" height=\"300\" src=\"https:\/\/blogsaverroes.juntadeandalucia.es\/iesategua\/files\/2025\/10\/1761129848458-Maria-Jesus-Perez-Villegas-216x300.jpg\" class=\"pt-cv-thumbnail\" alt=\"\" srcset=\"https:\/\/blogsaverroes.juntadeandalucia.es\/iesategua\/files\/2025\/10\/1761129848458-Maria-Jesus-Perez-Villegas-216x300.jpg 216w, https:\/\/blogsaverroes.juntadeandalucia.es\/iesategua\/files\/2025\/10\/1761129848458-Maria-Jesus-Perez-Villegas-739x1024.jpg 739w, https:\/\/blogsaverroes.juntadeandalucia.es\/iesategua\/files\/2025\/10\/1761129848458-Maria-Jesus-Perez-Villegas-768x1065.jpg 768w, https:\/\/blogsaverroes.juntadeandalucia.es\/iesategua\/files\/2025\/10\/1761129848458-Maria-Jesus-Perez-Villegas-1108x1536.jpg 1108w, https:\/\/blogsaverroes.juntadeandalucia.es\/iesategua\/files\/2025\/10\/1761129848458-Maria-Jesus-Perez-Villegas-1477x2048.jpg 1477w, https:\/\/blogsaverroes.juntadeandalucia.es\/iesategua\/files\/2025\/10\/1761129848458-Maria-Jesus-Perez-Villegas.jpg 1154w\" sizes=\"(max-width: 216px) 100vw, 216px\" \/><\/a>\n<h4 class=\"pt-cv-title\"><a href=\"https:\/\/blogsaverroes.juntadeandalucia.es\/iesategua\/movilidades-staff-formacion-profesional-2026\/\" class=\"_self\" target=\"_self\" >MOVILIDADES STAFF FORMACI\u00d3N PROFESIONAL 2026<\/a><\/h4>\n<div class=\"pt-cv-content\">PROYECTO OLIVE TRAIN TO EUROPE- Del 24 de octubre al 7 de noviembre de 2025 abierto plazo de solicitudes de &#8230;<br \/><div class=\"pt-cv-rmwrap\"><a href=\"https:\/\/blogsaverroes.juntadeandalucia.es\/iesategua\/movilidades-staff-formacion-profesional-2026\/\" class=\"_self pt-cv-readmore btn btn-success\" target=\"_self\">Leer M\u00e1s<\/a><\/div><\/div><\/div><\/div>\n<div class=\"col-md-3 col-sm-6 col-xs-12 pt-cv-content-item pt-cv-1-col\" ><div class='pt-cv-ifield'><a href=\"https:\/\/blogsaverroes.juntadeandalucia.es\/iesategua\/convocatoria-erasmus-staff-formacion-profesional\/\" class=\"_self pt-cv-href-thumbnail pt-cv-thumb-default\" target=\"_self\" ><img loading=\"lazy\" decoding=\"async\" width=\"217\" height=\"300\" src=\"https:\/\/blogsaverroes.juntadeandalucia.es\/iesategua\/files\/2024\/10\/1729594315212-Maria-Jesus-Perez-Villegas-217x300.jpg\" class=\"pt-cv-thumbnail\" alt=\"\" srcset=\"https:\/\/blogsaverroes.juntadeandalucia.es\/iesategua\/files\/2024\/10\/1729594315212-Maria-Jesus-Perez-Villegas-217x300.jpg 217w, https:\/\/blogsaverroes.juntadeandalucia.es\/iesategua\/files\/2024\/10\/1729594315212-Maria-Jesus-Perez-Villegas-740x1024.jpg 740w, https:\/\/blogsaverroes.juntadeandalucia.es\/iesategua\/files\/2024\/10\/1729594315212-Maria-Jesus-Perez-Villegas-768x1063.jpg 768w, https:\/\/blogsaverroes.juntadeandalucia.es\/iesategua\/files\/2024\/10\/1729594315212-Maria-Jesus-Perez-Villegas.jpg 1007w\" sizes=\"(max-width: 217px) 100vw, 217px\" \/><\/a>\n<h4 class=\"pt-cv-title\"><a href=\"https:\/\/blogsaverroes.juntadeandalucia.es\/iesategua\/convocatoria-erasmus-staff-formacion-profesional\/\" class=\"_self\" target=\"_self\" >CONVOCATORIA ERASMUS STAFF FORMACI\u00d3N PROFESIONAL<\/a><\/h4>\n<div class=\"pt-cv-content\">Abierto plazo solicitudes para movilidades de profesorado de Formaci\u00f3n Profesional (jobshadowing) del 25 de octubre el 8 de noviembre de &#8230;<br \/><div class=\"pt-cv-rmwrap\"><a href=\"https:\/\/blogsaverroes.juntadeandalucia.es\/iesategua\/convocatoria-erasmus-staff-formacion-profesional\/\" class=\"_self pt-cv-readmore btn btn-success\" target=\"_self\">Leer M\u00e1s<\/a><\/div><\/div><\/div><\/div>\n<div class=\"col-md-3 col-sm-6 col-xs-12 pt-cv-content-item pt-cv-1-col\" ><div class='pt-cv-ifield'><a href=\"https:\/\/blogsaverroes.juntadeandalucia.es\/iesategua\/convocatoria-movilidades-erasmus-fp-corta-duracion\/\" class=\"_self pt-cv-href-thumbnail pt-cv-thumb-default\" target=\"_self\" ><img loading=\"lazy\" decoding=\"async\" width=\"263\" height=\"300\" src=\"https:\/\/blogsaverroes.juntadeandalucia.es\/iesategua\/files\/2023\/12\/IMG_20231212_0806171-263x300.jpg\" class=\"pt-cv-thumbnail\" alt=\"\" srcset=\"https:\/\/blogsaverroes.juntadeandalucia.es\/iesategua\/files\/2023\/12\/IMG_20231212_0806171-263x300.jpg 263w, https:\/\/blogsaverroes.juntadeandalucia.es\/iesategua\/files\/2023\/12\/IMG_20231212_0806171-898x1024.jpg 898w, https:\/\/blogsaverroes.juntadeandalucia.es\/iesategua\/files\/2023\/12\/IMG_20231212_0806171-768x876.jpg 768w, https:\/\/blogsaverroes.juntadeandalucia.es\/iesategua\/files\/2023\/12\/IMG_20231212_0806171.jpg 1080w\" sizes=\"(max-width: 263px) 100vw, 263px\" \/><\/a>\n<h4 class=\"pt-cv-title\"><a href=\"https:\/\/blogsaverroes.juntadeandalucia.es\/iesategua\/convocatoria-movilidades-erasmus-fp-corta-duracion\/\" class=\"_self\" target=\"_self\" >CONVOCATORIA MOVILIDADES  ERASMUS FP CORTA DURACI\u00d3N<\/a><\/h4>\n<div class=\"pt-cv-content\">PROYECTO OLIVE TRAIN TO EUROPE. Abierto el plazo de solicitudes para movilidades de corta duraci\u00f3n (15 d\u00edas) a Italia \u00f3 &#8230;<br \/><div class=\"pt-cv-rmwrap\"><a href=\"https:\/\/blogsaverroes.juntadeandalucia.es\/iesategua\/convocatoria-movilidades-erasmus-fp-corta-duracion\/\" class=\"_self pt-cv-readmore btn btn-success\" target=\"_self\">Leer M\u00e1s<\/a><\/div><\/div><\/div><\/div><\/div><\/div>\n<div class=\" pt-cv-pagination-wrapper\"><ul class=\"pt-cv-pagination pt-cv-ajax pagination\" data-totalpages=\"5\" data-currentpage=\"1\" data-sid=\"0c7dd1605o\" data-unid=\"\" data-isblock=\"\" data-postid=\"\"><li class=\"active\"><a href=\"#\">1<\/a><\/li>\n\t<li ><a class=\"\" href=\"https:\/\/blogsaverroes.juntadeandalucia.es\/iesategua\/wp-json\/wp\/v2\/pages\/6577\/?_page=2\">2<\/a><\/li>\n\t<li ><a class=\"\" href=\"https:\/\/blogsaverroes.juntadeandalucia.es\/iesategua\/wp-json\/wp\/v2\/pages\/6577\/?_page=3\">3<\/a><\/li>\n\t<li ><a href=\"#\">&hellip;<\/a><\/li>\n\t<li ><a class=\"\" href=\"https:\/\/blogsaverroes.juntadeandalucia.es\/iesategua\/wp-json\/wp\/v2\/pages\/6577\/?_page=5\">5<\/a><\/li>\n\t<li ><a class=\" \" href=\"https:\/\/blogsaverroes.juntadeandalucia.es\/iesategua\/wp-json\/wp\/v2\/pages\/6577\/?_page=2\">&rsaquo;<\/a><\/li>\n\t<\/ul><img loading=\"lazy\" decoding=\"async\" width=\"15\" height=\"15\" class=\"pt-cv-spinner\" alt=\"Cargando...\" src=\"data:image\/gif;base64,R0lGODlhDwAPALMPAMrKygwMDJOTkz09PZWVla+vr3p6euTk5M7OzuXl5TMzMwAAAJmZmWZmZszMzP\/\/\/yH\/C05FVFNDQVBFMi4wAwEAAAAh+QQFCgAPACwAAAAADwAPAAAEQvDJaZaZOIcV8iQK8VRX4iTYoAwZ4iCYoAjZ4RxejhVNoT+mRGP4cyF4Pp0N98sBGIBMEMOotl6YZ3S61Bmbkm4mAgAh+QQFCgAPACwAAAAADQANAAAENPDJSRSZeA418itN8QiK8BiLITVsFiyBBIoYqnoewAD4xPw9iY4XLGYSjkQR4UAUD45DLwIAIfkEBQoADwAsAAAAAA8ACQAABC\/wyVlamTi3nSdgwFNdhEJgTJoNyoB9ISYoQmdjiZPcj7EYCAeCF1gEDo4Dz2eIAAAh+QQFCgAPACwCAAAADQANAAAEM\/DJBxiYeLKdX3IJZT1FU0iIg2RNKx3OkZVnZ98ToRD4MyiDnkAh6BkNC0MvsAj0kMpHBAAh+QQFCgAPACwGAAAACQAPAAAEMDC59KpFDll73HkAA2wVY5KgiK5b0RRoI6MuzG6EQqCDMlSGheEhUAgqgUUAFRySIgAh+QQFCgAPACwCAAIADQANAAAEM\/DJKZNLND\/kkKaHc3xk+QAMYDKsiaqmZCxGVjSFFCxB1vwy2oOgIDxuucxAMTAJFAJNBAAh+QQFCgAPACwAAAYADwAJAAAEMNAs86q1yaWwwv2Ig0jUZx3OYa4XoRAfwADXoAwfo1+CIjyFRuEho60aSNYlOPxEAAAh+QQFCgAPACwAAAIADQANAAAENPA9s4y8+IUVcqaWJ4qEQozSoAzoIyhCK2NFU2SJk0hNnyEOhKR2AzAAj4Pj4GE4W0bkJQIAOw==\" \/><div class=\"clear pt-cv-clear-pagination\"><\/div><\/div><\/div><\/p>\t\t\t\t\t\t\t\t<\/div>\n\t\t\t\t<\/div>\n\t\t\t\t\t<\/div>\n\t\t<\/div>\n\t\t\t\t\t<\/div>\n\t\t<\/section>\n\t\t\t\t<\/div>\n\t\t","protected":false},"excerpt":{"rendered":"<p>ERASMUS + Publicaciones<\/p>\n","protected":false},"author":1805,"featured_media":0,"parent":0,"menu_order":0,"comment_status":"closed","ping_status":"closed","template":"","meta":{"ngg_post_thumbnail":0,"footnotes":""},"aioseo_notices":[],"_links":{"self":[{"href":"https:\/\/blogsaverroes.juntadeandalucia.es\/iesategua\/wp-json\/wp\/v2\/pages\/6577"}],"collection":[{"href":"https:\/\/blogsaverroes.juntadeandalucia.es\/iesategua\/wp-json\/wp\/v2\/pages"}],"about":[{"href":"https:\/\/blogsaverroes.juntadeandalucia.es\/iesategua\/wp-json\/wp\/v2\/types\/page"}],"author":[{"embeddable":true,"href":"https:\/\/blogsaverroes.juntadeandalucia.es\/iesategua\/wp-json\/wp\/v2\/users\/1805"}],"replies":[{"embeddable":true,"href":"https:\/\/blogsaverroes.juntadeandalucia.es\/iesategua\/wp-json\/wp\/v2\/comments?post=6577"}],"version-history":[{"count":3,"href":"https:\/\/blogsaverroes.juntadeandalucia.es\/iesategua\/wp-json\/wp\/v2\/pages\/6577\/revisions"}],"predecessor-version":[{"id":8146,"href":"https:\/\/blogsaverroes.juntadeandalucia.es\/iesategua\/wp-json\/wp\/v2\/pages\/6577\/revisions\/8146"}],"wp:attachment":[{"href":"https:\/\/blogsaverroes.juntadeandalucia.es\/iesategua\/wp-json\/wp\/v2\/media?parent=6577"}],"curies":[{"name":"wp","href":"https:\/\/api.w.org\/{rel}","templated":true}]}}