{"id":9551,"date":"2024-11-15T12:34:26","date_gmt":"2024-11-15T11:34:26","guid":{"rendered":"https:\/\/blogsaverroes.juntadeandalucia.es\/iesategua\/?page_id=9551"},"modified":"2024-12-19T10:48:39","modified_gmt":"2024-12-19T09:48:39","slug":"aula-ateca","status":"publish","type":"page","link":"https:\/\/blogsaverroes.juntadeandalucia.es\/iesategua\/aula-ateca\/","title":{"rendered":"Aula Ateca"},"content":{"rendered":"\t\t<div data-elementor-type=\"wp-page\" data-elementor-id=\"9551\" class=\"elementor elementor-9551\">\n\t\t\t\t\t\t<section class=\"elementor-section elementor-top-section elementor-element elementor-element-40a5e31 elementor-section-boxed elementor-section-height-default elementor-section-height-default\" data-id=\"40a5e31\" data-element_type=\"section\">\n\t\t\t\t\t\t<div class=\"elementor-container elementor-column-gap-default\">\n\t\t\t\t\t<div class=\"elementor-column elementor-col-100 elementor-top-column elementor-element elementor-element-83f246f\" data-id=\"83f246f\" data-element_type=\"column\">\n\t\t\t<div class=\"elementor-widget-wrap elementor-element-populated\">\n\t\t\t\t\t\t<div class=\"elementor-element elementor-element-758c958 elementor-widget elementor-widget-image\" data-id=\"758c958\" data-element_type=\"widget\" data-widget_type=\"image.default\">\n\t\t\t\t<div class=\"elementor-widget-container\">\n\t\t\t\t\t\t\t\t\t\t\t\t\t\t\t<img fetchpriority=\"high\" decoding=\"async\" width=\"843\" height=\"324\" src=\"https:\/\/blogsaverroes.juntadeandalucia.es\/iesategua\/files\/2024\/12\/Aula-ATECA_CabeceraWEB-1024x394.jpg\" class=\"attachment-large size-large wp-image-9798\" alt=\"\" srcset=\"https:\/\/blogsaverroes.juntadeandalucia.es\/iesategua\/files\/2024\/12\/Aula-ATECA_CabeceraWEB-1024x394.jpg 1024w, https:\/\/blogsaverroes.juntadeandalucia.es\/iesategua\/files\/2024\/12\/Aula-ATECA_CabeceraWEB-300x115.jpg 300w, https:\/\/blogsaverroes.juntadeandalucia.es\/iesategua\/files\/2024\/12\/Aula-ATECA_CabeceraWEB-768x296.jpg 768w, https:\/\/blogsaverroes.juntadeandalucia.es\/iesategua\/files\/2024\/12\/Aula-ATECA_CabeceraWEB-1536x591.jpg 1536w, https:\/\/blogsaverroes.juntadeandalucia.es\/iesategua\/files\/2024\/12\/Aula-ATECA_CabeceraWEB-2048x788.jpg 2048w, https:\/\/blogsaverroes.juntadeandalucia.es\/iesategua\/files\/2024\/12\/Aula-ATECA_CabeceraWEB.jpg 1600w\" sizes=\"(max-width: 843px) 100vw, 843px\" \/>\t\t\t\t\t\t\t\t\t\t\t\t\t\t\t<\/div>\n\t\t\t\t<\/div>\n\t\t\t\t<div class=\"elementor-element elementor-element-b0e1ad8 elementor-widget elementor-widget-text-editor\" data-id=\"b0e1ad8\" data-element_type=\"widget\" data-widget_type=\"text-editor.default\">\n\t\t\t\t<div class=\"elementor-widget-container\">\n\t\t\t\t\t\t\t\t\t<h2 style=\"text-align: center\"><strong><span style=\"color: #ff00ff\">Aula AtecA. Aula de Tecnolog\u00eda Aplicada.<\/span><br \/><\/strong><\/h2><div class=\"inner_cuerpo\"><p style=\"text-align: justify\">La creaci\u00f3n de aulas de tecnolog\u00eda aplicada, denominadas como \u201c<strong>aula Ateca<\/strong>\u201d, en Formaci\u00f3n Profesional es una de las actuaciones de car\u00e1cter estrat\u00e9gico para la modernizaci\u00f3n del sistema de Formaci\u00f3n Profesional actual, con la incorporaci\u00f3n de la digitalizaci\u00f3n, la innovaci\u00f3n y el emprendimiento a las que se asigna un conjunto de recursos que se distribuye en el marco de cooperaci\u00f3n territorial para la formaci\u00f3n, el crecimiento econ\u00f3mico y social y la empleabilidad.<\/p><p style=\"text-align: justify\">En esta gu\u00eda encontrar\u00e1s mayor informaci\u00f3n acerca de estas<strong> Aulas AtecA<\/strong>, espacios destinados al alumnado de Formaci\u00f3n Profesional, en los que se pondr\u00e1n en pr\u00e1ctica las acciones encaminadas al desarrollo de las redes de aulas, desarrollo del aprendizaje activo y colaborativo, desarrollo del aprendizaje entre equipos intercentro, desarrollo de los retos compartidos, desarrollo de los repositorio de informaci\u00f3n, desarrollo de la sostenibilidad en el aula, desarrollo de los sistemas de reuni\u00f3n con la MR (realidad mixta) o VR (realidad virtual), y el desarrollo de la conectividad entre equipos.<\/p><\/div>\t\t\t\t\t\t\t\t<\/div>\n\t\t\t\t<\/div>\n\t\t\t\t<div class=\"elementor-element elementor-element-5684b50 elementor-widget elementor-widget-heading\" data-id=\"5684b50\" data-element_type=\"widget\" data-widget_type=\"heading.default\">\n\t\t\t\t<div class=\"elementor-widget-container\">\n\t\t\t\t\t<h2 class=\"elementor-heading-title elementor-size-default\">Fotograf\u00edas<\/h2>\t\t\t\t<\/div>\n\t\t\t\t<\/div>\n\t\t\t\t\t<\/div>\n\t\t<\/div>\n\t\t\t\t\t<\/div>\n\t\t<\/section>\n\t\t\t\t<section class=\"elementor-section elementor-top-section elementor-element elementor-element-de3d7e8 elementor-section-boxed elementor-section-height-default elementor-section-height-default\" data-id=\"de3d7e8\" data-element_type=\"section\">\n\t\t\t\t\t\t<div class=\"elementor-container elementor-column-gap-default\">\n\t\t\t\t\t<div class=\"elementor-column elementor-col-100 elementor-top-column elementor-element elementor-element-b6dab5f\" data-id=\"b6dab5f\" data-element_type=\"column\">\n\t\t\t<div class=\"elementor-widget-wrap elementor-element-populated\">\n\t\t\t\t\t\t<div class=\"elementor-element elementor-element-2d87eb0 gallery-spacing-custom elementor-widget elementor-widget-image-gallery\" data-id=\"2d87eb0\" data-element_type=\"widget\" data-widget_type=\"image-gallery.default\">\n\t\t\t\t<div class=\"elementor-widget-container\">\n\t\t\t\t\t\t\t<div class=\"elementor-image-gallery\">\n\t\t\t<div id='gallery-1' class='gallery galleryid-9551 gallery-columns-3 gallery-size-thumbnail'><figure class='gallery-item'>\n\t\t\t<div class='gallery-icon landscape'>\n\t\t\t\t<a data-elementor-open-lightbox=\"yes\" data-elementor-lightbox-slideshow=\"2d87eb0\" data-elementor-lightbox-title=\"croma - Mar\u00eda Jes\u00fas P\u00e9rez Villegas\" data-e-action-hash=\"#elementor-action%3Aaction%3Dlightbox%26settings%3DeyJpZCI6OTcyNywidXJsIjoiaHR0cHM6XC9cL2Jsb2dzYXZlcnJvZXMuanVudGFkZWFuZGFsdWNpYS5lc1wvaWVzYXRlZ3VhXC9maWxlc1wvMjAyNFwvMTJcL2Nyb21hLU1hcmlhLUplc3VzLVBlcmV6LVZpbGxlZ2FzLmpwZyIsInNsaWRlc2hvdyI6IjJkODdlYjAifQ%3D%3D\" href='https:\/\/blogsaverroes.juntadeandalucia.es\/iesategua\/croma-maria-jesus-perez-villegas\/'><img decoding=\"async\" width=\"150\" height=\"150\" src=\"https:\/\/blogsaverroes.juntadeandalucia.es\/iesategua\/files\/2024\/12\/croma-Maria-Jesus-Perez-Villegas-150x150.jpg\" class=\"attachment-thumbnail size-thumbnail\" alt=\"\" srcset=\"https:\/\/blogsaverroes.juntadeandalucia.es\/iesategua\/files\/2024\/12\/croma-Maria-Jesus-Perez-Villegas-150x150.jpg 150w, https:\/\/blogsaverroes.juntadeandalucia.es\/iesategua\/files\/2024\/12\/croma-Maria-Jesus-Perez-Villegas-700x700.jpg 700w\" sizes=\"(max-width: 150px) 100vw, 150px\" \/><\/a>\n\t\t\t<\/div><\/figure><figure class='gallery-item'>\n\t\t\t<div class='gallery-icon landscape'>\n\t\t\t\t<a data-elementor-open-lightbox=\"yes\" data-elementor-lightbox-slideshow=\"2d87eb0\" data-elementor-lightbox-title=\"MESAS ALTAS - Mar\u00eda Jes\u00fas P\u00e9rez Villegas\" data-e-action-hash=\"#elementor-action%3Aaction%3Dlightbox%26settings%3DeyJpZCI6OTcyNSwidXJsIjoiaHR0cHM6XC9cL2Jsb2dzYXZlcnJvZXMuanVudGFkZWFuZGFsdWNpYS5lc1wvaWVzYXRlZ3VhXC9maWxlc1wvMjAyNFwvMTJcL01FU0FTLUFMVEFTLU1hcmlhLUplc3VzLVBlcmV6LVZpbGxlZ2FzLmpwZyIsInNsaWRlc2hvdyI6IjJkODdlYjAifQ%3D%3D\" href='https:\/\/blogsaverroes.juntadeandalucia.es\/iesategua\/mesas-altas-maria-jesus-perez-villegas\/'><img decoding=\"async\" width=\"150\" height=\"150\" src=\"https:\/\/blogsaverroes.juntadeandalucia.es\/iesategua\/files\/2024\/12\/MESAS-ALTAS-Maria-Jesus-Perez-Villegas-150x150.jpg\" class=\"attachment-thumbnail size-thumbnail\" alt=\"\" srcset=\"https:\/\/blogsaverroes.juntadeandalucia.es\/iesategua\/files\/2024\/12\/MESAS-ALTAS-Maria-Jesus-Perez-Villegas-150x150.jpg 150w, https:\/\/blogsaverroes.juntadeandalucia.es\/iesategua\/files\/2024\/12\/MESAS-ALTAS-Maria-Jesus-Perez-Villegas-700x700.jpg 700w\" sizes=\"(max-width: 150px) 100vw, 150px\" \/><\/a>\n\t\t\t<\/div><\/figure><figure class='gallery-item'>\n\t\t\t<div class='gallery-icon landscape'>\n\t\t\t\t<a data-elementor-open-lightbox=\"yes\" data-elementor-lightbox-slideshow=\"2d87eb0\" data-elementor-lightbox-title=\"foto aula - Mar\u00eda Jes\u00fas P\u00e9rez Villegas(1)\" data-e-action-hash=\"#elementor-action%3Aaction%3Dlightbox%26settings%3DeyJpZCI6OTcyMywidXJsIjoiaHR0cHM6XC9cL2Jsb2dzYXZlcnJvZXMuanVudGFkZWFuZGFsdWNpYS5lc1wvaWVzYXRlZ3VhXC9maWxlc1wvMjAyNFwvMTJcL2ZvdG8tYXVsYS1NYXJpYS1KZXN1cy1QZXJlei1WaWxsZWdhczEuanBnIiwic2xpZGVzaG93IjoiMmQ4N2ViMCJ9\" href='https:\/\/blogsaverroes.juntadeandalucia.es\/iesategua\/foto-aula-maria-jesus-perez-villegas1\/'><img loading=\"lazy\" decoding=\"async\" width=\"150\" height=\"150\" src=\"https:\/\/blogsaverroes.juntadeandalucia.es\/iesategua\/files\/2024\/12\/foto-aula-Maria-Jesus-Perez-Villegas1-150x150.jpg\" class=\"attachment-thumbnail size-thumbnail\" alt=\"\" srcset=\"https:\/\/blogsaverroes.juntadeandalucia.es\/iesategua\/files\/2024\/12\/foto-aula-Maria-Jesus-Perez-Villegas1-150x150.jpg 150w, https:\/\/blogsaverroes.juntadeandalucia.es\/iesategua\/files\/2024\/12\/foto-aula-Maria-Jesus-Perez-Villegas1-700x700.jpg 700w\" sizes=\"(max-width: 150px) 100vw, 150px\" \/><\/a>\n\t\t\t<\/div><\/figure><figure class='gallery-item'>\n\t\t\t<div class='gallery-icon landscape'>\n\t\t\t\t<a data-elementor-open-lightbox=\"yes\" data-elementor-lightbox-slideshow=\"2d87eb0\" data-elementor-lightbox-title=\"foto aula(1) - Mar\u00eda Jes\u00fas P\u00e9rez Villegas\" data-e-action-hash=\"#elementor-action%3Aaction%3Dlightbox%26settings%3DeyJpZCI6OTcyNCwidXJsIjoiaHR0cHM6XC9cL2Jsb2dzYXZlcnJvZXMuanVudGFkZWFuZGFsdWNpYS5lc1wvaWVzYXRlZ3VhXC9maWxlc1wvMjAyNFwvMTJcL2ZvdG8tYXVsYTEtTWFyaWEtSmVzdXMtUGVyZXotVmlsbGVnYXMuanBnIiwic2xpZGVzaG93IjoiMmQ4N2ViMCJ9\" href='https:\/\/blogsaverroes.juntadeandalucia.es\/iesategua\/foto-aula1-maria-jesus-perez-villegas\/'><img loading=\"lazy\" decoding=\"async\" width=\"150\" height=\"150\" src=\"https:\/\/blogsaverroes.juntadeandalucia.es\/iesategua\/files\/2024\/12\/foto-aula1-Maria-Jesus-Perez-Villegas-150x150.jpg\" class=\"attachment-thumbnail size-thumbnail\" alt=\"\" srcset=\"https:\/\/blogsaverroes.juntadeandalucia.es\/iesategua\/files\/2024\/12\/foto-aula1-Maria-Jesus-Perez-Villegas-150x150.jpg 150w, https:\/\/blogsaverroes.juntadeandalucia.es\/iesategua\/files\/2024\/12\/foto-aula1-Maria-Jesus-Perez-Villegas-700x700.jpg 700w\" sizes=\"(max-width: 150px) 100vw, 150px\" \/><\/a>\n\t\t\t<\/div><\/figure><figure class='gallery-item'>\n\t\t\t<div class='gallery-icon landscape'>\n\t\t\t\t<a data-elementor-open-lightbox=\"yes\" data-elementor-lightbox-slideshow=\"2d87eb0\" data-elementor-lightbox-title=\"aula sillones - Mar\u00eda Jes\u00fas P\u00e9rez Villegas\" data-e-action-hash=\"#elementor-action%3Aaction%3Dlightbox%26settings%3DeyJpZCI6OTcyNiwidXJsIjoiaHR0cHM6XC9cL2Jsb2dzYXZlcnJvZXMuanVudGFkZWFuZGFsdWNpYS5lc1wvaWVzYXRlZ3VhXC9maWxlc1wvMjAyNFwvMTJcL2F1bGEtc2lsbG9uZXMtTWFyaWEtSmVzdXMtUGVyZXotVmlsbGVnYXMuanBnIiwic2xpZGVzaG93IjoiMmQ4N2ViMCJ9\" href='https:\/\/blogsaverroes.juntadeandalucia.es\/iesategua\/aula-sillones-maria-jesus-perez-villegas\/'><img loading=\"lazy\" decoding=\"async\" width=\"150\" height=\"150\" src=\"https:\/\/blogsaverroes.juntadeandalucia.es\/iesategua\/files\/2024\/12\/aula-sillones-Maria-Jesus-Perez-Villegas-150x150.jpg\" class=\"attachment-thumbnail size-thumbnail\" alt=\"\" srcset=\"https:\/\/blogsaverroes.juntadeandalucia.es\/iesategua\/files\/2024\/12\/aula-sillones-Maria-Jesus-Perez-Villegas-150x150.jpg 150w, https:\/\/blogsaverroes.juntadeandalucia.es\/iesategua\/files\/2024\/12\/aula-sillones-Maria-Jesus-Perez-Villegas-700x700.jpg 700w\" sizes=\"(max-width: 150px) 100vw, 150px\" \/><\/a>\n\t\t\t<\/div><\/figure>\n\t\t<\/div>\n\t\t<\/div>\n\t\t\t\t\t\t<\/div>\n\t\t\t\t<\/div>\n\t\t\t\t\t<\/div>\n\t\t<\/div>\n\t\t\t\t\t<\/div>\n\t\t<\/section>\n\t\t\t\t<section class=\"elementor-section elementor-top-section elementor-element elementor-element-19cdc51 elementor-section-boxed elementor-section-height-default elementor-section-height-default\" data-id=\"19cdc51\" data-element_type=\"section\">\n\t\t\t\t\t\t<div class=\"elementor-container elementor-column-gap-default\">\n\t\t\t\t\t<div class=\"elementor-column elementor-col-100 elementor-top-column elementor-element elementor-element-b4118d8\" data-id=\"b4118d8\" data-element_type=\"column\">\n\t\t\t<div class=\"elementor-widget-wrap elementor-element-populated\">\n\t\t\t\t\t\t<div class=\"elementor-element elementor-element-901c72a elementor-widget elementor-widget-contentviews_widget_grid1\" data-id=\"901c72a\" data-element_type=\"widget\" data-widget_type=\"contentviews_widget_grid1.default\">\n\t\t\t\t<div class=\"elementor-widget-container\">\n\t\t\t\t\t<div class='pt-cv-wrapper'> <h2 class='pt-cv-heading-container heading1' data-blockid='901c72a'><span class='pt-cv-heading'> Actividades del aula <\/span><\/h2><div class=\"pt-cv-view pt-cv-blockgrid iscvblock iscvelementor grid1 layout1\" id=\"pt-cv-view-901c72a\"><div data-id=\"pt-cv-page-1\" class=\"pt-cv-page\" data-cvc=\"4\"><div class=\" pt-cv-content-item pt-cv-1-col\" ><div class=\"pt-cv-thumb-wrapper  \"><a href=\"https:\/\/blogsaverroes.juntadeandalucia.es\/iesategua\/aula-ateca-creacion-catalogo-productos\/\" class=\"_blank pt-cv-href-thumbnail pt-cv-thumb-default\" target=\"_blank\" ><img loading=\"lazy\" decoding=\"async\" width=\"843\" height=\"537\" src=\"https:\/\/blogsaverroes.juntadeandalucia.es\/iesategua\/files\/2024\/12\/foto-catalogo-con-logos-Maria-Jesus-Perez-Villegas.jpg\" class=\"pt-cv-thumbnail\" alt=\"\" \/><\/a><\/div>\n<h4 class=\"pt-cv-title\"><a href=\"https:\/\/blogsaverroes.juntadeandalucia.es\/iesategua\/aula-ateca-creacion-catalogo-productos\/\" class=\"_blank\" target=\"_blank\" >Actividad de creaci\u00f3n de un cat\u00e1logo de productos<\/a><\/h4>\n<div class=\"pt-cv-content\">El alumnado de 2\u00baCFGM de Gesti\u00f3n Administrativa en el m\u00f3dulo Empresa en el Aula est\u00e1 desarrollando un cat\u00e1logo de productos ...<\/div>\n<div class=\"pt-cv-rmwrap\"><a href=\"https:\/\/blogsaverroes.juntadeandalucia.es\/iesategua\/aula-ateca-creacion-catalogo-productos\/\" class=\"_blank pt-cv-readmore btn btn-success\" target=\"_blank\" >Leer M\u00e1s<\/a><\/div>\n<div class=\"pt-cv-meta-fields\"><span class=\"entry-date\"> <time datetime=\"2024-12-17T12:27:57+01:00\">17 diciembre, 2024<\/time><\/span><\/div><\/div>\n<div class=\" pt-cv-content-item pt-cv-1-col\" ><div class=\"pt-cv-thumb-wrapper  \"><a href=\"https:\/\/blogsaverroes.juntadeandalucia.es\/iesategua\/taller-financiacion-y-elevator-pich\/\" class=\"_blank pt-cv-href-thumbnail pt-cv-thumb-default\" target=\"_blank\" ><img loading=\"lazy\" decoding=\"async\" width=\"774\" height=\"568\" src=\"https:\/\/blogsaverroes.juntadeandalucia.es\/iesategua\/files\/2024\/12\/1734078070944-Maria-Jesus-Perez-Villegas.jpg\" class=\"pt-cv-thumbnail\" alt=\"\" \/><\/a><\/div>\n<h4 class=\"pt-cv-title\"><a href=\"https:\/\/blogsaverroes.juntadeandalucia.es\/iesategua\/taller-financiacion-y-elevator-pich\/\" class=\"_blank\" target=\"_blank\" >Taller financiaci\u00f3n y elevator Pich<\/a><\/h4>\n<div class=\"pt-cv-content\">El d\u00eda 19 y 21 de noviembre de 2024 el alumnado de los CFGM de Gesti\u00f3n Administrativa y de Atenci\u00f3n ...<\/div>\n<div class=\"pt-cv-rmwrap\"><a href=\"https:\/\/blogsaverroes.juntadeandalucia.es\/iesategua\/taller-financiacion-y-elevator-pich\/\" class=\"_blank pt-cv-readmore btn btn-success\" target=\"_blank\" >Leer M\u00e1s<\/a><\/div>\n<div class=\"pt-cv-meta-fields\"><span class=\"entry-date\"> <time datetime=\"2024-12-17T12:26:43+01:00\">17 diciembre, 2024<\/time><\/span><\/div><\/div>\n<div class=\" pt-cv-content-item pt-cv-1-col\" ><div class=\"pt-cv-thumb-wrapper  \"><a href=\"https:\/\/blogsaverroes.juntadeandalucia.es\/iesategua\/aula-ateca-proyecto-primeros-auxilios\/\" class=\"_blank pt-cv-href-thumbnail pt-cv-thumb-default\" target=\"_blank\" ><img loading=\"lazy\" decoding=\"async\" width=\"810\" height=\"437\" src=\"https:\/\/blogsaverroes.juntadeandalucia.es\/iesategua\/files\/2024\/12\/logo-primeros-auxilios-Maria-Jesus-Perez-Villegas.jpg\" class=\"pt-cv-thumbnail\" alt=\"\" \/><\/a><\/div>\n<h4 class=\"pt-cv-title\"><a href=\"https:\/\/blogsaverroes.juntadeandalucia.es\/iesategua\/aula-ateca-proyecto-primeros-auxilios\/\" class=\"_blank\" target=\"_blank\" >PROYECTO PRIMEROS AUXILIOS<\/a><\/h4>\n<div class=\"pt-cv-content\">El alumnado de 1\u00ba CFGM Atenci\u00f3n a Personas en Situaci\u00f3n de Dependencia ha desarrollado un proyecto en el m\u00f3dulo de ...<\/div>\n<div class=\"pt-cv-rmwrap\"><a href=\"https:\/\/blogsaverroes.juntadeandalucia.es\/iesategua\/aula-ateca-proyecto-primeros-auxilios\/\" class=\"_blank pt-cv-readmore btn btn-success\" target=\"_blank\" >Leer M\u00e1s<\/a><\/div>\n<div class=\"pt-cv-meta-fields\"><span class=\"entry-date\"> <time datetime=\"2024-12-17T12:23:54+01:00\">17 diciembre, 2024<\/time><\/span><\/div><\/div>\n<div class=\" pt-cv-content-item pt-cv-1-col\" ><div class=\"pt-cv-thumb-wrapper  \"><a href=\"https:\/\/blogsaverroes.juntadeandalucia.es\/iesategua\/aula-ateca-plan-de-empresa\/\" class=\"_blank pt-cv-href-thumbnail pt-cv-thumb-default\" target=\"_blank\" ><img loading=\"lazy\" decoding=\"async\" width=\"843\" height=\"492\" src=\"https:\/\/blogsaverroes.juntadeandalucia.es\/iesategua\/files\/2024\/12\/principal-Maria-Jesus-Perez-Villegas.jpg\" class=\"pt-cv-thumbnail\" alt=\"\" \/><\/a><\/div>\n<h4 class=\"pt-cv-title\"><a href=\"https:\/\/blogsaverroes.juntadeandalucia.es\/iesategua\/aula-ateca-plan-de-empresa\/\" class=\"_blank\" target=\"_blank\" >CREACI\u00d3N DE UN PLAN DE EMPRESA<\/a><\/h4>\n<div class=\"pt-cv-content\">El alumnado de 1\u00ba CFGM Gesti\u00f3n Administrativa ha realizado la creaci\u00f3n de un plan de empresa en parejas y posteriormente ...<\/div>\n<div class=\"pt-cv-rmwrap\"><a href=\"https:\/\/blogsaverroes.juntadeandalucia.es\/iesategua\/aula-ateca-plan-de-empresa\/\" class=\"_blank pt-cv-readmore btn btn-success\" target=\"_blank\" >Leer M\u00e1s<\/a><\/div>\n<div class=\"pt-cv-meta-fields\"><span class=\"entry-date\"> <time datetime=\"2024-12-10T12:58:49+01:00\">10 diciembre, 2024<\/time><\/span><\/div><\/div>\n<div class=\" pt-cv-content-item pt-cv-1-col\" ><div class=\"pt-cv-thumb-wrapper  \"><a href=\"https:\/\/blogsaverroes.juntadeandalucia.es\/iesategua\/gemelo-digital-proyecto-fomento-espiritu-emprendedor-en-formacion-profesional\/\" class=\"_blank pt-cv-href-thumbnail pt-cv-thumb-default\" target=\"_blank\" ><img loading=\"lazy\" decoding=\"async\" width=\"755\" height=\"508\" src=\"https:\/\/blogsaverroes.juntadeandalucia.es\/iesategua\/files\/2024\/12\/dependencia-logo-Maria-Jesus-Perez-Villegas.jpg\" class=\"pt-cv-thumbnail\" alt=\"\" \/><\/a><\/div>\n<h4 class=\"pt-cv-title\"><a href=\"https:\/\/blogsaverroes.juntadeandalucia.es\/iesategua\/gemelo-digital-proyecto-fomento-espiritu-emprendedor-en-formacion-profesional\/\" class=\"_blank\" target=\"_blank\" >GEMELO DIGITAL-Proyecto fomento esp\u00edritu emprendedor en formaci\u00f3n profesional<\/a><\/h4>\n<div class=\"pt-cv-content\">El alumnado de CFGM Gesti\u00f3n Administrativa y Atenci\u00f3n a Personas en Situaci\u00f3n de Dependencia ha participado en la actividad \"GEMELO ...<\/div>\n<div class=\"pt-cv-rmwrap\"><a href=\"https:\/\/blogsaverroes.juntadeandalucia.es\/iesategua\/gemelo-digital-proyecto-fomento-espiritu-emprendedor-en-formacion-profesional\/\" class=\"_blank pt-cv-readmore btn btn-success\" target=\"_blank\" >Leer M\u00e1s<\/a><\/div>\n<div class=\"pt-cv-meta-fields\"><span class=\"entry-date\"> <time datetime=\"2024-12-10T12:57:24+01:00\">10 diciembre, 2024<\/time><\/span><\/div><\/div>\n<div class=\" pt-cv-content-item pt-cv-1-col\" ><div class=\"pt-cv-thumb-wrapper  \"><a href=\"https:\/\/blogsaverroes.juntadeandalucia.es\/iesategua\/aula-ateca-simulador-tapsd\/\" class=\"_blank pt-cv-href-thumbnail pt-cv-thumb-default\" target=\"_blank\" ><img loading=\"lazy\" decoding=\"async\" width=\"843\" height=\"632\" src=\"https:\/\/blogsaverroes.juntadeandalucia.es\/iesategua\/files\/2024\/11\/1732278482669-Maria-Jesus-Perez-Villegas-1024x768.jpg\" class=\"pt-cv-thumbnail\" alt=\"\" \/><\/a><\/div>\n<h4 class=\"pt-cv-title\"><a href=\"https:\/\/blogsaverroes.juntadeandalucia.es\/iesategua\/aula-ateca-simulador-tapsd\/\" class=\"_blank\" target=\"_blank\" >ACTIVIDAD SIMULADOR TAPSD<\/a><\/h4>\n<div class=\"pt-cv-content\">Se ha planteado una actividad interdisciplinar entre el m\u00f3dulo de atenci\u00f3n sanitaria (1\u00bacurso) y atenci\u00f3n higi\u00e9nica (2\u00ba curso) del ciclo ...<\/div>\n<div class=\"pt-cv-rmwrap\"><a href=\"https:\/\/blogsaverroes.juntadeandalucia.es\/iesategua\/aula-ateca-simulador-tapsd\/\" class=\"_blank pt-cv-readmore btn btn-success\" target=\"_blank\" >Leer M\u00e1s<\/a><\/div>\n<div class=\"pt-cv-meta-fields\"><span class=\"entry-date\"> <time datetime=\"2024-11-26T11:09:21+01:00\">26 noviembre, 2024<\/time><\/span><\/div><\/div><\/div><\/div> <\/div> \t\t\t\t<\/div>\n\t\t\t\t<\/div>\n\t\t\t\t\t<\/div>\n\t\t<\/div>\n\t\t\t\t\t<\/div>\n\t\t<\/section>\n\t\t\t\t<section class=\"elementor-section elementor-top-section elementor-element elementor-element-2e9c978 elementor-section-boxed elementor-section-height-default elementor-section-height-default\" data-id=\"2e9c978\" data-element_type=\"section\">\n\t\t\t\t\t\t<div class=\"elementor-container elementor-column-gap-default\">\n\t\t\t\t\t<div class=\"elementor-column elementor-col-100 elementor-top-column elementor-element elementor-element-78da651\" data-id=\"78da651\" data-element_type=\"column\">\n\t\t\t<div class=\"elementor-widget-wrap elementor-element-populated\">\n\t\t\t\t\t\t<div class=\"elementor-element elementor-element-6b354ee elementor-widget elementor-widget-image\" data-id=\"6b354ee\" data-element_type=\"widget\" data-widget_type=\"image.default\">\n\t\t\t\t<div class=\"elementor-widget-container\">\n\t\t\t\t\t\t\t\t\t\t\t\t\t\t\t<img loading=\"lazy\" decoding=\"async\" width=\"768\" height=\"212\" src=\"https:\/\/blogsaverroes.juntadeandalucia.es\/iesategua\/files\/2024\/12\/WhatsApp-Image-2024-12-19-at-09.13.56-768x212.jpeg\" class=\"attachment-medium_large size-medium_large wp-image-9776\" alt=\"\" srcset=\"https:\/\/blogsaverroes.juntadeandalucia.es\/iesategua\/files\/2024\/12\/WhatsApp-Image-2024-12-19-at-09.13.56-768x212.jpeg 768w, https:\/\/blogsaverroes.juntadeandalucia.es\/iesategua\/files\/2024\/12\/WhatsApp-Image-2024-12-19-at-09.13.56-300x83.jpeg 300w, https:\/\/blogsaverroes.juntadeandalucia.es\/iesategua\/files\/2024\/12\/WhatsApp-Image-2024-12-19-at-09.13.56-1024x283.jpeg 1024w, https:\/\/blogsaverroes.juntadeandalucia.es\/iesategua\/files\/2024\/12\/WhatsApp-Image-2024-12-19-at-09.13.56.jpeg 1080w\" sizes=\"(max-width: 768px) 100vw, 768px\" \/>\t\t\t\t\t\t\t\t\t\t\t\t\t\t\t<\/div>\n\t\t\t\t<\/div>\n\t\t\t\t\t<\/div>\n\t\t<\/div>\n\t\t\t\t\t<\/div>\n\t\t<\/section>\n\t\t\t\t<\/div>\n\t\t","protected":false},"excerpt":{"rendered":"<p>Aula AtecA. Aula de Tecnolog\u00eda Aplicada. La creaci\u00f3n de aulas de tecnolog\u00eda aplicada, denominadas como \u201caula Ateca\u201d, en Formaci\u00f3n Profesional es una de las actuaciones&hellip;<\/p>\n","protected":false},"author":1805,"featured_media":0,"parent":0,"menu_order":0,"comment_status":"closed","ping_status":"closed","template":"","meta":{"ngg_post_thumbnail":0,"footnotes":""},"aioseo_notices":[],"_links":{"self":[{"href":"https:\/\/blogsaverroes.juntadeandalucia.es\/iesategua\/wp-json\/wp\/v2\/pages\/9551"}],"collection":[{"href":"https:\/\/blogsaverroes.juntadeandalucia.es\/iesategua\/wp-json\/wp\/v2\/pages"}],"about":[{"href":"https:\/\/blogsaverroes.juntadeandalucia.es\/iesategua\/wp-json\/wp\/v2\/types\/page"}],"author":[{"embeddable":true,"href":"https:\/\/blogsaverroes.juntadeandalucia.es\/iesategua\/wp-json\/wp\/v2\/users\/1805"}],"replies":[{"embeddable":true,"href":"https:\/\/blogsaverroes.juntadeandalucia.es\/iesategua\/wp-json\/wp\/v2\/comments?post=9551"}],"version-history":[{"count":46,"href":"https:\/\/blogsaverroes.juntadeandalucia.es\/iesategua\/wp-json\/wp\/v2\/pages\/9551\/revisions"}],"predecessor-version":[{"id":9807,"href":"https:\/\/blogsaverroes.juntadeandalucia.es\/iesategua\/wp-json\/wp\/v2\/pages\/9551\/revisions\/9807"}],"wp:attachment":[{"href":"https:\/\/blogsaverroes.juntadeandalucia.es\/iesategua\/wp-json\/wp\/v2\/media?parent=9551"}],"curies":[{"name":"wp","href":"https:\/\/api.w.org\/{rel}","templated":true}]}}