{"id":162,"date":"2015-03-17T07:51:10","date_gmt":"2015-03-17T07:51:10","guid":{"rendered":"http:\/\/blogsaverroes.juntadeandalucia.es\/pre\/ceip\/?page_id=162"},"modified":"2025-09-01T22:46:24","modified_gmt":"2025-09-01T22:46:24","slug":"tecnologia","status":"publish","type":"page","link":"https:\/\/blogsaverroes.juntadeandalucia.es\/iesavenmoriel\/tecnologia\/","title":{"rendered":"Tecnolog\u00eda"},"content":{"rendered":"<p style=\"text-align: center\"><strong>Miembros del Departamento curso 25\/26<\/strong><\/p>\n<p style=\"padding-left: 40px\"><strong>&nbsp;&nbsp;&nbsp; &#8211;<\/strong> Juan Carlos Garc\u00eda Egea (Secretario)<\/p>\n<p style=\"padding-left: 40px\">&nbsp; &nbsp; &#8211; Ortega Mart\u00ednez, Carlos (Jefe de Departamento)<\/p>\n<table style=\"border-collapse: collapse;width: 100%\">\n<tbody>\n<tr>\n<td style=\"width: 33.3333%;border-style: double;border-color: #030000;text-align: center;vertical-align: top\"><a href=\"https:\/\/blogsaverroes.juntadeandalucia.es\/iesavenmoriel\/files\/2021\/09\/examenes.jpg\"><img loading=\"lazy\" decoding=\"async\" class=\"alignnone size-full wp-image-2602\" src=\"https:\/\/blogsaverroes.juntadeandalucia.es\/iesavenmoriel\/files\/2021\/09\/examenes.jpg\" alt=\"\" width=\"136\" height=\"88\"><\/a><\/p>\n<p>Ex\u00e1menes<\/td>\n<td style=\"width: 33.3333%;border-style: double;border-color: #030000;text-align: center;vertical-align: top\"><a href=\"https:\/\/www.dropbox.com\/s\/rma1egals3u4eg0\/PROGRAMACI%C3%93N%20TECNOLOG%C3%8DA%202021-22.docx?dl=0\"><img loading=\"lazy\" decoding=\"async\" class=\"alignnone size-full wp-image-2601\" src=\"https:\/\/blogsaverroes.juntadeandalucia.es\/iesavenmoriel\/files\/2021\/09\/programaciones.jpg\" alt=\"\" width=\"116\" height=\"105\"><\/a><\/p>\n<p><a href=\"https:\/\/www.dropbox.com\/s\/rma1egals3u4eg0\/PROGRAMACI%C3%93N%20TECNOLOG%C3%8DA%202021-22.docx?dl=0\">Programaci\u00f3n<\/a><\/td>\n<td style=\"width: 33.3333%;border-style: double;border-color: #030000;text-align: center;vertical-align: top\"><a href=\"https:\/\/blogsaverroes.juntadeandalucia.es\/iesavenmoriel\/files\/2021\/09\/recursos.jpg\"><img loading=\"lazy\" decoding=\"async\" class=\"alignnone size-full wp-image-2600\" src=\"https:\/\/blogsaverroes.juntadeandalucia.es\/iesavenmoriel\/files\/2021\/09\/recursos.jpg\" alt=\"\" width=\"116\" height=\"116\" srcset=\"https:\/\/blogsaverroes.juntadeandalucia.es\/iesavenmoriel\/files\/2021\/09\/recursos.jpg 116w, https:\/\/blogsaverroes.juntadeandalucia.es\/iesavenmoriel\/files\/2021\/09\/recursos-80x80.jpg 80w\" sizes=\"(max-width: 116px) 100vw, 116px\" \/><\/a><\/p>\n<p>Recursos<\/td>\n<\/tr>\n<\/tbody>\n<\/table>\n","protected":false},"excerpt":{"rendered":"<p>Miembros del Departamento curso 25\/26 &nbsp;&nbsp;&nbsp; &#8211; Juan Carlos Garc\u00eda Egea (Secretario) &nbsp; &nbsp; &#8211; Ortega Mart\u00ednez, Carlos (Jefe de Departamento) Ex\u00e1menes Programaci\u00f3n Recursos<\/p>\n","protected":false},"author":1,"featured_media":0,"parent":0,"menu_order":0,"comment_status":"open","ping_status":"open","template":"page-templates\/child-menu.php","meta":{"ngg_post_thumbnail":0,"footnotes":"","_mc_calendar":[]},"aioseo_notices":[],"_links":{"self":[{"href":"https:\/\/blogsaverroes.juntadeandalucia.es\/iesavenmoriel\/wp-json\/wp\/v2\/pages\/162"}],"collection":[{"href":"https:\/\/blogsaverroes.juntadeandalucia.es\/iesavenmoriel\/wp-json\/wp\/v2\/pages"}],"about":[{"href":"https:\/\/blogsaverroes.juntadeandalucia.es\/iesavenmoriel\/wp-json\/wp\/v2\/types\/page"}],"author":[{"embeddable":true,"href":"https:\/\/blogsaverroes.juntadeandalucia.es\/iesavenmoriel\/wp-json\/wp\/v2\/users\/1"}],"replies":[{"embeddable":true,"href":"https:\/\/blogsaverroes.juntadeandalucia.es\/iesavenmoriel\/wp-json\/wp\/v2\/comments?post=162"}],"version-history":[{"count":11,"href":"https:\/\/blogsaverroes.juntadeandalucia.es\/iesavenmoriel\/wp-json\/wp\/v2\/pages\/162\/revisions"}],"predecessor-version":[{"id":7044,"href":"https:\/\/blogsaverroes.juntadeandalucia.es\/iesavenmoriel\/wp-json\/wp\/v2\/pages\/162\/revisions\/7044"}],"wp:attachment":[{"href":"https:\/\/blogsaverroes.juntadeandalucia.es\/iesavenmoriel\/wp-json\/wp\/v2\/media?parent=162"}],"curies":[{"name":"wp","href":"https:\/\/api.w.org\/{rel}","templated":true}]}}