{"id":2477,"date":"2021-09-19T14:45:00","date_gmt":"2021-09-19T14:45:00","guid":{"rendered":"https:\/\/blogsaverroes.juntadeandalucia.es\/iesavenmoriel\/?page_id=2477"},"modified":"2024-12-16T18:16:49","modified_gmt":"2024-12-16T18:16:49","slug":"comisiones-del-consejo-escolar","status":"publish","type":"page","link":"https:\/\/blogsaverroes.juntadeandalucia.es\/iesavenmoriel\/comisiones-del-consejo-escolar\/","title":{"rendered":"Comisiones del Consejo Escolar"},"content":{"rendered":"<table style=\"background-color: #f734ee\" border=\"0\" align=\"center\">\n<tbody>\n<tr>\n<td style=\"border-color: #000000\">\n<h3>COMISI\u00d3N PERMANENTE<\/h3>\n<\/td>\n<\/tr>\n<\/tbody>\n<\/table>\n<table style=\"border-style: solid;border-color: #000000\" border=\"0\" align=\"center\">\n<tbody>\n<tr>\n<td align=\"center\" valign=\"middle\">Directora<\/td>\n<td align=\"center\" valign=\"middle\">M\u00aa Carmen Gil Beltr\u00e1n<\/td>\n<\/tr>\n<tr>\n<td align=\"center\" valign=\"middle\">Jefe de Estudios<\/td>\n<td align=\"center\" valign=\"middle\">Anselmo Bedmar L\u00f3pez<\/td>\n<\/tr>\n<tr>\n<td align=\"center\" valign=\"middle\">S. Profesorado<\/td>\n<td align=\"center\" valign=\"middle\">&nbsp;Bellot Rubio, Jes\u00fas<\/td>\n<\/tr>\n<tr>\n<td align=\"center\" valign=\"middle\">S. Padres\/Madres<\/td>\n<td align=\"center\" valign=\"middle\">Tamara Izquierdo Puertas<\/td>\n<\/tr>\n<tr>\n<td align=\"center\" valign=\"middle\">S. Alumnado<\/td>\n<td align=\"center\" valign=\"middle\">Mario Arredondo Jord\u00e1n<\/td>\n<\/tr>\n<tr>\n<td>&nbsp;<\/td>\n<td>&nbsp;<\/td>\n<\/tr>\n<\/tbody>\n<\/table>\n<table style=\"background-color: #52f2ed\" border=\"0\" align=\"center\">\n<tbody>\n<tr>\n<td>\n<h3>COMISI\u00d3N DE CONVIVENCIA<\/h3>\n<\/td>\n<\/tr>\n<\/tbody>\n<\/table>\n<table border=\"0\" align=\"center\">\n<tbody>\n<tr>\n<td style=\"border-color: #000000\" align=\"center\" valign=\"middle\">Directora<\/td>\n<td style=\"border-color: #000000\" align=\"center\" valign=\"middle\">M\u00aa Carmen Gil Beltr\u00e1n<\/td>\n<\/tr>\n<tr>\n<td style=\"border-color: #000000\" align=\"center\" valign=\"middle\">Jefe de Estudios<\/td>\n<td style=\"border-color: #000000\" align=\"center\" valign=\"middle\">Anselmo Bedmar L\u00f3pez<\/td>\n<\/tr>\n<tr>\n<td style=\"border-color: #000000\" align=\"center\" valign=\"middle\">S. Profesorado<\/td>\n<td style=\"border-color: #000000\" align=\"center\" valign=\"middle\">Rebeca Lozano Novi<\/td>\n<\/tr>\n<tr>\n<td style=\"border-color: #000000\" align=\"center\" valign=\"middle\">S. Profesorado<\/td>\n<td style=\"border-color: #000000\" align=\"center\" valign=\"middle\">Lorena Mart\u00ednez Garc\u00eda<\/td>\n<\/tr>\n<tr>\n<td style=\"border-color: #000000\" align=\"center\" valign=\"middle\">S. Padres\/Madres<\/td>\n<td style=\"border-color: #000000\" align=\"center\" valign=\"middle\">Esther S\u00e1nchez Garc\u00eda<\/td>\n<\/tr>\n<tr>\n<td style=\"border-color: #000000\" align=\"center\" valign=\"middle\">S. Padres\/Madres<\/td>\n<td style=\"border-color: #000000\" align=\"center\" valign=\"middle\">Susana Moreno Caravaca<\/td>\n<\/tr>\n<tr>\n<td style=\"border-color: #000000\" align=\"center\" valign=\"middle\">S. Alumnado<\/td>\n<td style=\"border-color: #000000\" align=\"center\" valign=\"middle\">Luc\u00eda Mar\u00edn M\u00e1rquez<\/td>\n<\/tr>\n<tr>\n<td style=\"border-color: #000000\" align=\"center\" valign=\"middle\">S. Alumnado<\/td>\n<td style=\"border-color: #000000\" align=\"center\" valign=\"middle\">Aroa Mart\u00ednez Mancebo<\/td>\n<\/tr>\n<\/tbody>\n<\/table>\n<table border=\"0\" align=\"center\">\n<tbody>\n<tr>\n<td style=\"background-color: #caf08d\">\n<h3>EQUIPO DE EVALUACI\u00d3N<\/h3>\n<\/td>\n<\/tr>\n<\/tbody>\n<\/table>\n<table style=\"width: 43.8221%;height: 149px\" border=\"0\" width=\"213\" align=\"center\">\n<tbody>\n<tr style=\"height: 31px\">\n<td style=\"text-align: center;height: 31px\">Directora<\/td>\n<td style=\"text-align: center;height: 31px\">M\u00aa Carmen Gil Beltr\u00e1n<\/td>\n<\/tr>\n<tr style=\"height: 36px\">\n<td style=\"text-align: center;height: 36px\">Jefe de Estudios<\/td>\n<td style=\"text-align: center;height: 36px\">Anselmo Bedmar L\u00f3pez<\/td>\n<\/tr>\n<tr style=\"height: 24px\">\n<td style=\"height: 24px\" align=\"center\" valign=\"middle\">S. Profesorado<\/td>\n<td style=\"height: 24px\" align=\"center\" valign=\"middle\">Castillero Ortiz, M\u00f3nica<\/td>\n<\/tr>\n<tr style=\"height: 24px\">\n<td style=\"height: 24px\" align=\"center\" valign=\"middle\">S. Padres\/Madres<\/td>\n<td style=\"height: 24px\" align=\"center\" valign=\"middle\">Mu\u00f1oz Mart\u00ednez, Ana Bel\u00e9n<\/td>\n<\/tr>\n<tr style=\"height: 24px\">\n<td style=\"height: 24px\" align=\"center\" valign=\"middle\">S. Alumnado<\/td>\n<td style=\"height: 24px\" align=\"center\" valign=\"middle\">Mario Arredondo Jord\u00e1n<\/td>\n<\/tr>\n<tr style=\"height: 10px\">\n<td style=\"height: 10px\" align=\"center\" valign=\"middle\">S. PAS<\/td>\n<td style=\"height: 10px\" align=\"center\" valign=\"middle\">Pilar S\u00e1nchez<\/td>\n<\/tr>\n<\/tbody>\n<\/table>\n<table class=\" aligncenter\" style=\"height: 52px;width: 36.5169%\" border=\"0\" width=\"39.6322%\" align=\"center\">\n<tbody>\n<tr style=\"height: 65px\">\n<td style=\"width: 100%;background-color: #f7ed92;height: 65px\">\n<h3>&nbsp;PROGRAMA DE GRATUIDAD DE LIBROS<\/h3>\n<\/td>\n<\/tr>\n<\/tbody>\n<\/table>\n<table class=\" aligncenter\" style=\"height: 176px;width: 47.4556%\" border=\"0\" align=\"center\">\n<tbody>\n<tr style=\"height: 24px\">\n<td style=\"height: 24px;width: 42.9448%\" align=\"center\" valign=\"middle\">Directora<\/td>\n<td style=\"height: 24px;width: 113.679%\" align=\"center\" valign=\"middle\">M\u00aa Carmen Gil Beltr\u00e1n<\/td>\n<\/tr>\n<tr style=\"height: 24px\">\n<td style=\"height: 24px;width: 42.9448%\" align=\"center\" valign=\"middle\">S. Profesorado<\/td>\n<td style=\"height: 24px;width: 113.679%\" align=\"center\" valign=\"middle\">Jennifer M. Gallardo<\/td>\n<\/tr>\n<tr style=\"height: 48px\">\n<td style=\"height: 32px;width: 42.9448%\" align=\"center\" valign=\"middle\">S. Padres\/Madres<\/td>\n<td style=\"height: 32px;width: 113.679%\" align=\"center\" valign=\"middle\">Tamara Izquierdo Puertas<\/td>\n<\/tr>\n<tr style=\"height: 24px\">\n<td style=\"height: 24px;width: 42.9448%\" align=\"center\" valign=\"middle\">S. Alumnado<\/td>\n<td style=\"height: 24px;width: 113.679%\" align=\"center\" valign=\"middle\">Luc\u00eda Mar\u00edn M\u00e1rquez<\/td>\n<\/tr>\n<tr style=\"height: 48px\">\n<td style=\"height: 48px;width: 42.9448%\" align=\"center\" valign=\"middle\">Tutores (consultivo)<\/td>\n<td style=\"height: 48px;width: 113.679%\" align=\"center\" valign=\"middle\">&nbsp;Tutores<\/td>\n<\/tr>\n<tr style=\"height: 24px\">\n<td style=\"height: 24px;width: 42.9448%\">&nbsp;<\/td>\n<td style=\"height: 24px;width: 113.679%\">&nbsp;<\/td>\n<\/tr>\n<\/tbody>\n<\/table>\n<table border=\"0\" align=\"center\">\n<tbody>\n<tr>\n<td style=\"background-color: #f2cbdc\">\n<h3>COMISI\u00d3N DE SALUD Y PREVENCI\u00d3N DE RIESGOS LABORALES<\/h3>\n<\/td>\n<\/tr>\n<\/tbody>\n<\/table>\n<table border=\"0\" align=\"center\">\n<tbody>\n<tr>\n<td align=\"center\" valign=\"middle\">Directora<\/td>\n<td align=\"center\" valign=\"middle\">M\u00aa Carmen Gil Beltr\u00e1n<\/td>\n<\/tr>\n<tr>\n<td align=\"center\" valign=\"middle\">S. Profesorado<\/td>\n<td align=\"center\" valign=\"middle\">Garc\u00eda Egea, Juan Carlos<\/td>\n<\/tr>\n<tr>\n<td align=\"center\" valign=\"middle\">S. Padres\/Madres<\/td>\n<td align=\"center\" valign=\"middle\">Esther S\u00e1nchez Garc\u00eda<\/td>\n<\/tr>\n<tr>\n<td align=\"center\" valign=\"middle\">S. Alumnado<\/td>\n<td align=\"center\" valign=\"middle\">Aroa Mart\u00ednez Mancebo<\/td>\n<\/tr>\n<tr>\n<td align=\"center\" valign=\"middle\">&nbsp;<\/td>\n<td align=\"center\" valign=\"middle\">&nbsp;<\/td>\n<\/tr>\n<\/tbody>\n<\/table>\n<table style=\"background-color: #f09c78\" border=\"0\" align=\"center\">\n<tbody>\n<tr>\n<td>\n<h3>REPRESENTANTE DE IGUALDAD EN EL CONSEJO ESCOLAR<\/h3>\n<\/td>\n<\/tr>\n<\/tbody>\n<\/table>\n<table border=\"0\" align=\"center\">\n<tbody>\n<tr>\n<td>&nbsp;&nbsp;&nbsp;&nbsp;&nbsp;&nbsp;&nbsp;&nbsp;&nbsp;&nbsp;&nbsp;&nbsp;&nbsp;&nbsp;&nbsp;&nbsp;&nbsp;&nbsp;&nbsp;&nbsp;&nbsp;&nbsp;&nbsp;&nbsp;&nbsp;&nbsp;&nbsp;&nbsp;&nbsp;&nbsp;&nbsp;&nbsp;&nbsp;&nbsp;&nbsp;&nbsp;&nbsp;&nbsp;&nbsp;&nbsp; Mart\u00ednez Garc\u00eda, Lorena &nbsp;&nbsp;&nbsp;&nbsp;&nbsp;&nbsp;&nbsp;&nbsp;&nbsp;&nbsp;&nbsp;&nbsp;&nbsp;&nbsp;&nbsp;&nbsp;&nbsp;&nbsp;&nbsp;&nbsp;&nbsp;&nbsp;&nbsp;&nbsp;&nbsp;&nbsp;&nbsp;<\/td>\n<\/tr>\n<\/tbody>\n<\/table>\n<p>&nbsp;<\/p>\n","protected":false},"excerpt":{"rendered":"<p>COMISI\u00d3N PERMANENTE Directora M\u00aa Carmen Gil Beltr\u00e1n Jefe de Estudios Anselmo Bedmar L\u00f3pez S. Profesorado &nbsp;Bellot Rubio, Jes\u00fas S. Padres\/Madres Tamara Izquierdo Puertas S. Alumnado Mario Arredondo Jord\u00e1n &nbsp; &nbsp; COMISI\u00d3N DE CONVIVENCIA Directora&#46;&#46;&#46;<\/p>\n","protected":false},"author":9440,"featured_media":0,"parent":0,"menu_order":0,"comment_status":"closed","ping_status":"closed","template":"","meta":{"ngg_post_thumbnail":0,"footnotes":"","_mc_calendar":[]},"aioseo_notices":[],"_links":{"self":[{"href":"https:\/\/blogsaverroes.juntadeandalucia.es\/iesavenmoriel\/wp-json\/wp\/v2\/pages\/2477"}],"collection":[{"href":"https:\/\/blogsaverroes.juntadeandalucia.es\/iesavenmoriel\/wp-json\/wp\/v2\/pages"}],"about":[{"href":"https:\/\/blogsaverroes.juntadeandalucia.es\/iesavenmoriel\/wp-json\/wp\/v2\/types\/page"}],"author":[{"embeddable":true,"href":"https:\/\/blogsaverroes.juntadeandalucia.es\/iesavenmoriel\/wp-json\/wp\/v2\/users\/9440"}],"replies":[{"embeddable":true,"href":"https:\/\/blogsaverroes.juntadeandalucia.es\/iesavenmoriel\/wp-json\/wp\/v2\/comments?post=2477"}],"version-history":[{"count":12,"href":"https:\/\/blogsaverroes.juntadeandalucia.es\/iesavenmoriel\/wp-json\/wp\/v2\/pages\/2477\/revisions"}],"predecessor-version":[{"id":6699,"href":"https:\/\/blogsaverroes.juntadeandalucia.es\/iesavenmoriel\/wp-json\/wp\/v2\/pages\/2477\/revisions\/6699"}],"wp:attachment":[{"href":"https:\/\/blogsaverroes.juntadeandalucia.es\/iesavenmoriel\/wp-json\/wp\/v2\/media?parent=2477"}],"curies":[{"name":"wp","href":"https:\/\/api.w.org\/{rel}","templated":true}]}}